{"id":4703,"date":"2021-09-12T09:59:37","date_gmt":"2021-09-12T07:59:37","guid":{"rendered":"https:\/\/edublog.educastur.es\/corredoria3\/?page_id=4703"},"modified":"2021-09-13T22:55:17","modified_gmt":"2021-09-13T20:55:17","slug":"curso-20-21","status":"publish","type":"page","link":"https:\/\/edublog.educastur.es\/corredoria3\/cultura\/curso-20-21\/","title":{"rendered":"Curso 2020-2021"},"content":{"rendered":"<p style=\"text-align: center\"><a href=\"https:\/\/edublog.educastur.es\/corredoria3\/cultura\/curso-20-21\/\"><img loading=\"lazy\" decoding=\"async\" class=\"aligncenter wp-image-367\" src=\"http:\/\/edublog.educastur.es\/corredoria3\/files\/2020\/08\/07_cultura.png\" alt=\"\" width=\"158\" height=\"135\" srcset=\"https:\/\/edublog.educastur.es\/corredoria3\/files\/2020\/08\/07_cultura.png 406w, https:\/\/edublog.educastur.es\/corredoria3\/files\/2020\/08\/07_cultura-300x256.png 300w\" sizes=\"auto, (max-width: 158px) 100vw, 158px\" \/><\/a><\/p>\n<p style=\"text-align: center\"><em><span style=\"color: #008080;font-size: 14pt\">Resumen de<strong><span style=\"text-decoration: underline\"> Sesiones impartidas durante el curso 2020-2021<\/span><br \/>\npor los profes de Cultura y Llingua Asturiana en la misma clase.<br \/>\n<\/strong><span style=\"text-decoration: underline\"><span style=\"color: #808080;text-decoration: underline\">Si\u00a0 el enlace est\u00e1 vac\u00edo, significa que est\u00e1 \u00abpendiente\u00bb<\/span><br \/>\n<strong>o que hay que buscar en el enlace y en la p\u00e1gina la informaci\u00f3n.<\/strong><\/span><strong><br \/>\n<\/strong><\/span><\/em><\/p>\n<ul>\n<li><strong><em><span style=\"color: #800080\">Descarga Documentos:<\/span> <span style=\"color: #800080\"><a href=\"https:\/\/educastur-my.sharepoint.com\/:u:\/g\/personal\/isabellh_educastur_org\/EeIycJrdYfdIntWRjOZKIJkBIJgOEavPMfZ2yTEn2Bnp2A?e=uLg1xt\">1\u00ba EP<\/a> \/<a href=\"https:\/\/educastur-my.sharepoint.com\/:u:\/g\/personal\/isabellh_educastur_org\/EQ-YEMVkcyNPtMp3-JKggxgBR-JGMfihVBxjWMWPC7iLdQ?e=cp0pCl\"> 2\u00ba EP<\/a> \/ <a href=\"https:\/\/educastur-my.sharepoint.com\/:u:\/g\/personal\/isabellh_educastur_org\/EahEWo8wEahErVChMQjE0OMBNesujcnh4U7UObJLFEl6zw?e=Ke8kYk\">3\u00ba EP<\/a> \/ <a href=\"https:\/\/educastur-my.sharepoint.com\/:u:\/g\/personal\/isabellh_educastur_org\/EWcI7YNSll5MnOOmA_Igf7EBs-5CiyP81LwSvGT4FRQPzQ?e=SbQixi\">4\u00ba EP<\/a> \/ <a href=\"https:\/\/educastur-my.sharepoint.com\/:u:\/g\/personal\/isabellh_educastur_org\/EQAV2uRmRGZBraCQQj5J7uQBApbYg5i21t-T0v4t0HWj4Q?e=DGTUfZ\">5\u00ba EP<\/a> \/ <a href=\"https:\/\/educastur-my.sharepoint.com\/:u:\/g\/personal\/isabellh_educastur_org\/ERvWrIVa5FFDls7_4Azpp54BAj-2E787SUUXa2bzcmzARw?e=yLqKfJ\">6\u00ba EP<\/a>.<\/span><\/em><\/strong><\/li>\n<li>Blog: Algunas im\u00e1genes no aparecer\u00e1n en las sesiones; estaban alojadas en el servidor <strong>imgbox.es<\/strong>, <span style=\"text-decoration: underline\">que cerr\u00f3 por su uso fraudulento y se perdieron. <a href=\"https:\/\/edublog.educastur.es\/ixuxu\/files\/2021\/06\/imgbox_cierre.jpg\"><strong>NOTA<\/strong><\/a><br \/>\n<\/span><\/li>\n<\/ul>\n<p style=\"text-align: center\"><span style=\"color: #800080;font-size: 18pt\"><strong><em>ESTA P\u00c1GINA DEL BLOG SERVIR\u00c1 DE GU\u00cdA Y DE ACCESO<\/em><\/strong><\/span><br \/>\n<span style=\"color: #800080;font-size: 18pt\"><strong><em>A TODAS LAS SESIONES PROGRAMADAS.<\/em><\/strong><\/span><\/p>\n<p style=\"text-align: center\"><span style=\"color: #808080\"><strong><em><span style=\"font-size: 14pt\">EN CADA SESI\u00d3N SE ENCUENTRAN ENLAZADAS,<br \/>\n<\/span><\/em><\/strong><span style=\"text-decoration: underline\"><em><span style=\"font-size: 14pt\">AL PRINCIPIO Y PARA <\/span><\/em><\/span><\/span><span style=\"color: #808080\"><span style=\"text-decoration: underline\"><em><span style=\"font-size: 14pt\">DESCARGAR EN PDF, <\/span><\/em><\/span><strong><em><span style=\"font-size: 14pt\"><br \/>\nLAS ACTIVIDADES\/FICHAS D<\/span><\/em><\/strong><\/span><span style=\"color: #808080\"><strong><em><span style=\"font-size: 14pt\">EL ALUMNADO&#8230;<\/span><\/em><\/strong><\/span><\/p>\n<hr \/>\n<p><a href=\"https:\/\/educastur-my.sharepoint.com\/:f:\/g\/personal\/isabellh_educastur_org\/EtQmnmWzG-ZMnPrzNEVEa2sBPXkjqlAY05xfb3pdNURp0w?e=QsG0OL\"><img loading=\"lazy\" decoding=\"async\" class=\"aligncenter wp-image-374\" src=\"http:\/\/edublog.educastur.es\/corredoria3\/files\/2020\/08\/20_primero.png\" alt=\"\" width=\"120\" height=\"98\" srcset=\"https:\/\/edublog.educastur.es\/corredoria3\/files\/2020\/08\/20_primero.png 424w, https:\/\/edublog.educastur.es\/corredoria3\/files\/2020\/08\/20_primero-300x246.png 300w\" sizes=\"auto, (max-width: 120px) 100vw, 120px\" \/><\/a><\/p>\n<ul>\n<li><a href=\"https:\/\/educastur-my.sharepoint.com\/:u:\/g\/personal\/isabellh_educastur_org\/EeIycJrdYfdIntWRjOZKIJkBIJgOEavPMfZ2yTEn2Bnp2A?e=uLg1xt\"><strong><span style=\"color: #000080\">DOCUMENTOS COMPRIMIDOS EN ZIP<\/span><\/strong><span style=\"text-decoration: underline\"><span style=\"color: #000080;text-decoration: underline\"> (tarda en descargar)<\/span><\/span><\/a><\/li>\n<li><strong><span style=\"color: #800000\">* <\/span><\/strong><span style=\"color: #800000\"><strong>Pendiente de hacer p\u00e1gina<\/strong> blog con contenido multimedia&#8230;<\/span><\/li>\n<li><a href=\"https:\/\/edublog.educastur.es\/corredoria3\/1o-pri\/cultura-asturiana\/\"><span style=\"font-size: 14pt\"><strong>Cultura Asturiana<\/strong><\/span><\/a>\n<ul class=\"children\">\n<li class=\"page_item page-item-1431 page_item_has_children\"><a href=\"https:\/\/edublog.educastur.es\/corredoria3\/1o-pri\/cultura-asturiana\/primer-trimestre\/\"><strong>PRIMER TRIMESTRE<\/strong><\/a><\/li>\n<li class=\"page_item page-item-1431 page_item_has_children\"><a href=\"https:\/\/educastur-my.sharepoint.com\/:f:\/g\/personal\/isabellh_educastur_org\/EtGAwIod8wJCsFYPPYfYnRkBHMiT0_IMi66aNLEEM7DeNg?e=iHdgck\"><strong>DOCUMENTOS DEL PRIMER TRIMESTRE<\/strong><\/a>\n<ul class=\"children\">\n<li class=\"page_item page-item-1507\"><em><a href=\"https:\/\/edublog.educastur.es\/corredoria3\/1o-pri\/cultura-asturiana\/primer-trimestre\/sesion-1\/\">Sesi\u00f3n 01: Portada, intro y presentaci\u00f3n&#8230;<\/a><\/em><\/li>\n<li class=\"page_item page-item-1509\"><em><a href=\"https:\/\/edublog.educastur.es\/corredoria3\/1o-pri\/cultura-asturiana\/primer-trimestre\/sesion-2\/\">Sesi\u00f3n 02: Seronda\/oto\u00f1o, colores y premios Princesa de Asturias<\/a><\/em><\/li>\n<li class=\"page_item page-item-1511\"><em><a href=\"https:\/\/edublog.educastur.es\/corredoria3\/1o-pri\/cultura-asturiana\/primer-trimestre\/sesion-03\/\">Sesi\u00f3n 03: Las estaciones del a\u00f1o en Asturias<\/a><\/em><\/li>\n<li class=\"page_item page-item-1513\"><em><a href=\"https:\/\/edublog.educastur.es\/corredoria3\/1o-pri\/cultura-asturiana\/primer-trimestre\/sesion-04\/\">Sesi\u00f3n 04: Sama\u00edn y mitolog\u00eda asturiana<\/a><\/em><\/li>\n<li class=\"page_item page-item-1515\"><em><a href=\"https:\/\/edublog.educastur.es\/corredoria3\/1o-pri\/cultura-asturiana\/primer-trimestre\/sesion-05\/\">Sesi\u00f3n 05: Casta\u00f1as, La casta\u00f1a que revent\u00f3 de risa<\/a><\/em><\/li>\n<li class=\"page_item page-item-1517\"><a href=\"https:\/\/edublog.educastur.es\/corredoria3\/1o-pri\/cultura-asturiana\/primer-trimestre\/sesion-06\/\"><em>Sesi\u00f3n 06: Samart\u00edn y la matanza en Asturias<\/em><\/a><\/li>\n<li class=\"page_item page-item-1525\"><\/li>\n<\/ul>\n<\/li>\n<li class=\"page_item page-item-2519\"><strong><a href=\"https:\/\/edublog.educastur.es\/corredoria3\/1o-pri\/cultura-asturiana\/segundo-trimestre\/\">SEGUNDO TRIMESTRE<\/a><\/strong><\/li>\n<li><a href=\"https:\/\/educastur-my.sharepoint.com\/:f:\/g\/personal\/isabellh_educastur_org\/EvPIPleDdPlMrKQZpzL0FTYB8YsYlslQ1IDX47kaSEmAnQ?e=0Aeyjj\">NO HAY PARTE MULTIMEDIA, <strong>SOLO ARCHIVOS<\/strong><\/a><\/li>\n<li><em>Sesi\u00f3n 01: Mascaradas de invierno<span style=\"color: #800000\"><strong>*<\/strong><\/span><\/em><\/li>\n<li><em>Sesi\u00f3n 02: Juegos en Asturias<span style=\"color: #800000\"><strong>*<\/strong><\/span><\/em><\/li>\n<li><em>Sesi\u00f3n 03: Juguetes tradicionales<span style=\"color: #800000\"><strong>*<\/strong><\/span><\/em><\/li>\n<li><em>Sesi\u00f3n 04: Antroxu y frixuelos<span style=\"color: #800000\"><strong>*<\/strong><\/span><\/em><\/li>\n<li><em>Sesi\u00f3n 05: Gastronom\u00eda asturiana<span style=\"color: #800000\"><strong>*<\/strong><\/span><\/em><\/li>\n<li><em>Sesi\u00f3n 06: Postres t\u00edpicos<span style=\"color: #800000\"><strong>*<\/strong><\/span><\/em><\/li>\n<li><em>Sesi\u00f3n 07: Las ciudades de Asturias<strong><span style=\"color: #800000\">*<\/span><\/strong><\/em><\/li>\n<li><\/li>\n<li class=\"page_item page-item-3873\"><a href=\"https:\/\/edublog.educastur.es\/corredoria3\/1o-pri\/cultura-asturiana\/tercer-trimestre\/\"><strong>TERCER TRIMESTRE<\/strong><\/a><\/li>\n<li><a href=\"https:\/\/educastur-my.sharepoint.com\/:f:\/g\/personal\/isabellh_educastur_org\/Evj2xh4t-h1IlvITNrXsEI4B2O9VkhjV0UHkKxKIYsfM0Q?e=2af1gw\">NO HAY PARTE MULTIMEDIA, <strong>SOLO ARCHIVOS<\/strong><\/a><\/li>\n<li><em>Sesi\u00f3n 01: Traje tradiconal<span style=\"color: #800000\"><strong> *<\/strong><\/span><\/em><\/li>\n<li><em>Sesi\u00f3n 02: Selmana de les Lletres asturianes<strong><span style=\"font-size: 14pt;color: #800000\">*<\/span><\/strong><\/em><\/li>\n<li><em>Sesi\u00f3n 03: Martes de Campo<span style=\"color: #800000;font-size: 14pt\"><strong>*<\/strong><\/span><\/em><\/li>\n<\/ul>\n<\/li>\n<\/ul>\n<hr \/>\n<p><a href=\"https:\/\/educastur-my.sharepoint.com\/:f:\/g\/personal\/isabellh_educastur_org\/EqdvnLDt30pBuoQZFvAnVSYB0zY_hh9E7OHbyNlUreUXWg?e=R60CGf\"><img loading=\"lazy\" decoding=\"async\" class=\"aligncenter wp-image-375\" src=\"http:\/\/edublog.educastur.es\/corredoria3\/files\/2020\/08\/21_segundo.png\" alt=\"\" width=\"120\" height=\"98\" srcset=\"https:\/\/edublog.educastur.es\/corredoria3\/files\/2020\/08\/21_segundo.png 424w, https:\/\/edublog.educastur.es\/corredoria3\/files\/2020\/08\/21_segundo-300x246.png 300w\" sizes=\"auto, (max-width: 120px) 100vw, 120px\" \/><\/a><\/p>\n<ul>\n<li><a href=\"https:\/\/educastur-my.sharepoint.com\/:u:\/g\/personal\/isabellh_educastur_org\/EQ-YEMVkcyNPtMp3-JKggxgBR-JGMfihVBxjWMWPC7iLdQ?e=cp0pCl\"><span style=\"color: #000080\"><strong>DOCUMENTOS COMPRIMIDOS EN ZIP<\/strong> (tarda en descargar)<\/span><\/a><\/li>\n<li class=\"page_item page-item-1042 page_item_has_children\"><a href=\"https:\/\/edublog.educastur.es\/corredoria3\/2o-pri\/cultura-asturiana\/\"><span style=\"font-size: 14pt\"><strong>Cultura Asturiana<\/strong><\/span><\/a>\n<ul class=\"children\">\n<li class=\"page_item page-item-1433 page_item_has_children\"><a href=\"https:\/\/edublog.educastur.es\/corredoria3\/2o-pri\/cultura-asturiana\/primer-trimestre\/\"><strong>PRIMER TRIMESTRE<\/strong><\/a>\n<ul class=\"children\">\n<li class=\"page_item page-item-1541\"><em><a href=\"https:\/\/edublog.educastur.es\/corredoria3\/2o-pri\/cultura-asturiana\/primer-trimestre\/sesion-01\/\">Sesi\u00f3n 01: Portadas y de qu\u00e9 vamos a hablar&#8230;<\/a><\/em><\/li>\n<li class=\"page_item page-item-1543\"><em><a href=\"https:\/\/edublog.educastur.es\/corredoria3\/2o-pri\/cultura-asturiana\/primer-trimestre\/sesion-02\/\">Sesi\u00f3n 02: \u00c1rboles del bosque<\/a><\/em><\/li>\n<li class=\"page_item page-item-1545\"><em><a href=\"https:\/\/edublog.educastur.es\/corredoria3\/2o-pri\/cultura-asturiana\/primer-trimestre\/sesion-03\/\">Sesi\u00f3n 03: Animales en peligro de extinci\u00f3n<\/a><\/em><\/li>\n<li class=\"page_item page-item-1547\"><em><a href=\"https:\/\/edublog.educastur.es\/corredoria3\/2o-pri\/cultura-asturiana\/primer-trimestre\/sesion-04\/\">Sesi\u00f3n 04: La caser\u00eda asturiana<\/a><\/em><\/li>\n<li class=\"page_item page-item-1549\"><em><a href=\"https:\/\/edublog.educastur.es\/corredoria3\/2o-pri\/cultura-asturiana\/primer-trimestre\/sesion-05\/\">Sesi\u00f3n 05: H\u00f3rreos y paneras<\/a><\/em><\/li>\n<li class=\"page_item page-item-1551\"><em><a href=\"https:\/\/edublog.educastur.es\/corredoria3\/2o-pri\/cultura-asturiana\/primer-trimestre\/sesion-06\/\">Sesi\u00f3n 06: Amag\u00fcestu y Sama\u00edn (Halloween)<\/a><\/em><\/li>\n<li class=\"page_item page-item-1553\"><em><a href=\"https:\/\/edublog.educastur.es\/corredoria3\/2o-pri\/cultura-asturiana\/primer-trimestre\/sesion-07\/\">Sesi\u00f3n 07: El colegio y el maestro<\/a><\/em><\/li>\n<li class=\"page_item page-item-1555\"><em><a href=\"https:\/\/edublog.educastur.es\/corredoria3\/2o-pri\/cultura-asturiana\/primer-trimestre\/sesion-08\/\">Sesi\u00f3n 08: Cuento: Men\u00fa de versos<\/a><\/em><\/li>\n<li class=\"page_item page-item-1561\"><\/li>\n<\/ul>\n<\/li>\n<li class=\"page_item page-item-2523 page_item_has_children\"><a href=\"https:\/\/edublog.educastur.es\/corredoria3\/2o-pri\/cultura-asturiana\/segundo-trimestre\/\"><strong>SEGUNDO TRIMESTRE<\/strong><\/a>\n<ul class=\"children\">\n<li><em><a href=\"https:\/\/edublog.educastur.es\/corredoria3\/6o-pri\/cultura-asturiana\/segundo-trimestre\/sesion-01\/\">Sesi\u00f3n 1: Mazcaradas de invierno<\/a><\/em><\/li>\n<li class=\"page_item page-item-2742\"><em><a href=\"https:\/\/edublog.educastur.es\/corredoria3\/2o-pri\/cultura-asturiana\/segundo-trimestre\/sesion-02-03\/\">Sesi\u00f3n 02-03 Mitolog\u00eda asturiana<\/a><\/em><\/li>\n<li class=\"page_item page-item-3027\"><em><a href=\"https:\/\/edublog.educastur.es\/corredoria3\/2o-pri\/cultura-asturiana\/segundo-trimestre\/sesion-04\/\">Sesi\u00f3n 04: Asturias<\/a><\/em><\/li>\n<li class=\"page_item page-item-3189\"><em><a href=\"https:\/\/edublog.educastur.es\/corredoria3\/2o-pri\/cultura-asturiana\/segundo-trimestre\/sesion_05\/\">Sesi\u00f3n 05: Antoxu y postres<\/a><\/em><\/li>\n<li class=\"page_item page-item-3295\"><em><a href=\"https:\/\/edublog.educastur.es\/corredoria3\/2o-pri\/cultura-asturiana\/segundo-trimestre\/sesion-06\/\">Sesi\u00f3n 06: Ciudades importantes<\/a><\/em><\/li>\n<li class=\"page_item page-item-3489\"><em><a href=\"https:\/\/edublog.educastur.es\/corredoria3\/2o-pri\/cultura-asturiana\/segundo-trimestre\/sesion-7\/\">Sesi\u00f3n 07: La costa asturiana<\/a><\/em><\/li>\n<li class=\"page_item page-item-3491\"><em><a href=\"https:\/\/edublog.educastur.es\/corredoria3\/2o-pri\/cultura-asturiana\/segundo-trimestre\/sesion-08\/\">Sesi\u00f3n 08: Quesos de Asturias<\/a><\/em><\/li>\n<li class=\"page_item page-item-3716\"><a href=\"https:\/\/edublog.educastur.es\/corredoria3\/2o-pri\/cultura-asturiana\/segundo-trimestre\/sesion-09\/\"><em>Sesi\u00f3n 09: Relieve de Asturias<\/em><\/a><\/li>\n<\/ul>\n<\/li>\n<li class=\"page_item page-item-3875 page_item_has_children\"><a href=\"https:\/\/edublog.educastur.es\/corredoria3\/2o-pri\/cultura-asturiana\/tercer-trimestre\/\"><strong>TERCER TRIMESTRE<\/strong><\/a>\n<ul class=\"children\">\n<li class=\"page_item page-item-3914\"><em><a href=\"https:\/\/edublog.educastur.es\/corredoria3\/2o-pri\/cultura-asturiana\/tercer-trimestre\/sesion-01\/\">Sesi\u00f3n 01: D\u00eda del libro<\/a><\/em><\/li>\n<li class=\"page_item page-item-3922\"><em><a href=\"https:\/\/edublog.educastur.es\/corredoria3\/2o-pri\/cultura-asturiana\/tercer-trimestre\/sesion-02\/\">Sesi\u00f3n 02: \u00c1rboles y flora aut\u00f3ctona<\/a><\/em><\/li>\n<li class=\"page_item page-item-3932\"><a href=\"https:\/\/edublog.educastur.es\/corredoria3\/2o-pri\/cultura-asturiana\/tercer-trimestre\/sesion-03\/\"><em>Sesi\u00f3n 03: Martes de campo<\/em><\/a><\/li>\n<\/ul>\n<\/li>\n<\/ul>\n<\/li>\n<\/ul>\n<hr \/>\n<p><a href=\"https:\/\/educastur-my.sharepoint.com\/:f:\/g\/personal\/isabellh_educastur_org\/Eq5_Z2zXAPFPlSEAHO6gh3gBt9oli2Lz44xFQx6gnRHJOA?e=UMhPBH\"><img loading=\"lazy\" decoding=\"async\" class=\"aligncenter wp-image-376\" src=\"http:\/\/edublog.educastur.es\/corredoria3\/files\/2020\/08\/22_tercero.png\" alt=\"\" width=\"120\" height=\"98\" srcset=\"https:\/\/edublog.educastur.es\/corredoria3\/files\/2020\/08\/22_tercero.png 424w, https:\/\/edublog.educastur.es\/corredoria3\/files\/2020\/08\/22_tercero-300x246.png 300w\" sizes=\"auto, (max-width: 120px) 100vw, 120px\" \/><\/a><\/p>\n<ul>\n<li><a href=\"https:\/\/educastur-my.sharepoint.com\/:u:\/g\/personal\/isabellh_educastur_org\/EahEWo8wEahErVChMQjE0OMBNesujcnh4U7UObJLFEl6zw?e=Ke8kYk\"><span style=\"color: #000080\"><strong>DOCUMENTOS COMPRIMIDOS EN ZIP<\/strong> (tarda en descargar)<\/span><\/a><\/li>\n<\/ul>\n<ul class=\"children\">\n<li class=\"page_item page-item-1052 page_item_has_children\"><a href=\"https:\/\/edublog.educastur.es\/corredoria3\/3o-pri\/cultura-asturiana\/\"><strong><span style=\"font-size: 14pt\">Cultura Asturiana<\/span><\/strong><\/a>\n<ul class=\"children\">\n<li class=\"page_item page-item-1435 page_item_has_children\"><a href=\"https:\/\/edublog.educastur.es\/corredoria3\/3o-pri\/cultura-asturiana\/primer-trimestre\/\"><strong>PRIMER TRIMESTRE<\/strong><\/a>\n<ul class=\"children\">\n<li class=\"page_item page-item-1650\"><em><a href=\"https:\/\/edublog.educastur.es\/corredoria3\/3o-pri\/cultura-asturiana\/primer-trimestre\/sesion-01\/\">Sesi\u00f3n 01: Seronda I, la avellana<\/a><\/em><\/li>\n<li class=\"page_item page-item-1666\"><em><a href=\"https:\/\/edublog.educastur.es\/corredoria3\/3o-pri\/cultura-asturiana\/primer-trimestre\/sesion-02\/\">Sesi\u00f3n 02: Seronda II, bosque o viesca asturiana<\/a><\/em><\/li>\n<li class=\"page_item page-item-1673\"><em><a href=\"https:\/\/edublog.educastur.es\/corredoria3\/3o-pri\/cultura-asturiana\/primer-trimestre\/sesion-03\/\">Sesi\u00f3n 03: Elementos del paisaje: Costa asturiana<\/a><\/em><\/li>\n<li class=\"page_item page-item-1757\"><em><a href=\"https:\/\/edublog.educastur.es\/corredoria3\/3o-pri\/cultura-asturiana\/primer-trimestre\/sesion-04\/\">Sesi\u00f3n 04: Sama\u00edn \/ La caser\u00eda o quintana asturiana<\/a><\/em><\/li>\n<li class=\"page_item page-item-1759\"><em><a href=\"https:\/\/edublog.educastur.es\/corredoria3\/3o-pri\/cultura-asturiana\/primer-trimestre\/sesion-05\/\">Sesi\u00f3n 05: H\u00f3rreos, paneras y cabazos<\/a><\/em><\/li>\n<li class=\"page_item page-item-1761\"><em><a href=\"https:\/\/edublog.educastur.es\/corredoria3\/3o-pri\/cultura-asturiana\/primer-trimestre\/sesion-06\/\">Sesi\u00f3n 06: Relieve de Asturias: Cordillera y Picos de Europa<\/a><\/em><\/li>\n<li class=\"page_item page-item-1763\"><em><a href=\"https:\/\/edublog.educastur.es\/corredoria3\/3o-pri\/cultura-asturiana\/primer-trimestre\/sesion-07\/\">Sesi\u00f3n 07: Samart\u00edn y matanza del cerdo<\/a><\/em><\/li>\n<li class=\"page_item page-item-1765\"><em><a href=\"https:\/\/edublog.educastur.es\/corredoria3\/3o-pri\/cultura-asturiana\/primer-trimestre\/sesion-08\/\">Sesi\u00f3n 08: La familia tradicional asturiana<\/a><\/em><\/li>\n<li class=\"page_item page-item-1767\"><a href=\"https:\/\/edublog.educastur.es\/corredoria3\/3o-pri\/cultura-asturiana\/primer-trimestre\/sesion-09\/\"><em>Sesi\u00f3n 09: La miner\u00eda en Asturias<\/em><\/a><\/li>\n<\/ul>\n<\/li>\n<li class=\"page_item page-item-2521 page_item_has_children\"><a href=\"https:\/\/edublog.educastur.es\/corredoria3\/3o-pri\/cultura-asturiana\/segundo-trimestre\/\"><strong>SEGUNDO TRIMESTRE<\/strong><\/a>\n<ul class=\"children\">\n<li class=\"page_item page-item-2842\"><em><span style=\"font-size: 12pt\"><a href=\"https:\/\/edublog.educastur.es\/corredoria3\/3o-pri\/cultura-asturiana\/segundo-trimestre\/razas-autoctonas\/\">Razas Aut\u00f3ctonas<\/a><\/span><\/em><\/li>\n<li class=\"page_item page-item-2598 page_item_has_children\"><em><span style=\"font-size: 12pt\"><a href=\"https:\/\/edublog.educastur.es\/corredoria3\/3o-pri\/cultura-asturiana\/segundo-trimestre\/sesion-02\/\">Sesi\u00f3n 02: La vaca asturiana<\/a><\/span><\/em>\n<ul class=\"children\">\n<li class=\"page_item page-item-2640\"><em><span style=\"font-size: 12pt\"><a href=\"https:\/\/edublog.educastur.es\/corredoria3\/3o-pri\/cultura-asturiana\/segundo-trimestre\/sesion-02\/la-ternera-asturiana\/\">La ternera asturiana<\/a><\/span><\/em><\/li>\n<li class=\"page_item page-item-2644\"><em><span style=\"font-size: 12pt\"><a href=\"https:\/\/edublog.educastur.es\/corredoria3\/3o-pri\/cultura-asturiana\/segundo-trimestre\/sesion-02\/vaqueira_ada\/\">Vaqueira_ada<\/a><\/span><\/em><\/li>\n<\/ul>\n<\/li>\n<li class=\"page_item page-item-2827\"><em><span style=\"font-size: 12pt\"><a href=\"https:\/\/edublog.educastur.es\/corredoria3\/3o-pri\/cultura-asturiana\/segundo-trimestre\/sesion-03\/\">Sesi\u00f3n 03: La oveja xalda<\/a><\/span><\/em><\/li>\n<li class=\"page_item page-item-2991 page_item_has_children\"><em><span style=\"font-size: 12pt\"><a href=\"https:\/\/edublog.educastur.es\/corredoria3\/3o-pri\/cultura-asturiana\/segundo-trimestre\/sesion-04\/\">Sesi\u00f3n 04: La cabra bermeya<\/a><\/span><\/em>\n<ul class=\"children\">\n<li class=\"page_item page-item-3010\"><em><span style=\"font-size: 12pt\"><a href=\"https:\/\/edublog.educastur.es\/corredoria3\/3o-pri\/cultura-asturiana\/segundo-trimestre\/sesion-04\/cabra-bermeya\/\">Cabra bermeya<\/a><\/span><\/em><\/li>\n<\/ul>\n<\/li>\n<li class=\"page_item page-item-3219\"><em><span style=\"font-size: 12pt\"><a href=\"https:\/\/edublog.educastur.es\/corredoria3\/3o-pri\/cultura-asturiana\/segundo-trimestre\/sesion-05\/\">Sesi\u00f3n 05: Asturias: Concejos y comarcas<\/a><\/span><\/em><\/li>\n<li class=\"page_item page-item-3223\"><em><span style=\"font-size: 12pt\"><a href=\"https:\/\/edublog.educastur.es\/corredoria3\/3o-pri\/cultura-asturiana\/segundo-trimestre\/sesion-06\/\">Sesi\u00f3n 06: Alimentacion: Quesos asturianos<\/a><\/span><\/em><\/li>\n<li class=\"page_item page-item-3229\"><a href=\"https:\/\/edublog.educastur.es\/corredoria3\/3o-pri\/cultura-asturiana\/segundo-trimestre\/sesion-07\/\"><em><span style=\"font-size: 12pt\">Sesi\u00f3n 07: La apicultura y la miel en Asturias<\/span><\/em><\/a><\/li>\n<\/ul>\n<\/li>\n<li class=\"page_item page-item-3877 page_item_has_children\"><a href=\"https:\/\/edublog.educastur.es\/corredoria3\/3o-pri\/cultura-asturiana\/tercer-trimestre\/\"><strong>TERCER TRIMESTRE<\/strong><\/a>\n<ul class=\"children\">\n<li class=\"page_item page-item-3885\"><em><a href=\"https:\/\/edublog.educastur.es\/corredoria3\/3o-pri\/cultura-asturiana\/tercer-trimestre\/anexo-plantas\/\">Anexo: PLANTAS<\/a><\/em><\/li>\n<li class=\"page_item page-item-4285\"><em><a href=\"https:\/\/edublog.educastur.es\/corredoria3\/3o-pri\/cultura-asturiana\/tercer-trimestre\/espoxiga\/\">Canciones: Espoxiga y Bichos fuera..<\/a><\/em><\/li>\n<li class=\"page_item page-item-3900\"><em><a href=\"https:\/\/edublog.educastur.es\/corredoria3\/3o-pri\/cultura-asturiana\/tercer-trimestre\/sesion-01\/\">Sesi\u00f3n 01: Instrumentos tradicionales asturianos<\/a><\/em><\/li>\n<li class=\"page_item page-item-3924\"><em><a href=\"https:\/\/edublog.educastur.es\/corredoria3\/3o-pri\/cultura-asturiana\/tercer-trimestre\/sesion-02\/\">Sesi\u00f3n 02: D\u00eda del libro, \u00bfC\u00f3mo se hace?<\/a><\/em><\/li>\n<li class=\"page_item page-item-3938\"><em><a href=\"https:\/\/edublog.educastur.es\/corredoria3\/3o-pri\/cultura-asturiana\/tercer-trimestre\/sesion-03\/\">Sesi\u00f3n 03: Asturias, paisajes de costa e interior<\/a><\/em><\/li>\n<li class=\"page_item page-item-3944\"><em><a href=\"https:\/\/edublog.educastur.es\/corredoria3\/3o-pri\/cultura-asturiana\/tercer-trimestre\/sesion-04\/\">Sesi\u00f3n 04: Huerto: andecha y sestaferia<\/a><\/em><\/li>\n<li class=\"page_item page-item-3954\"><em><a href=\"https:\/\/edublog.educastur.es\/corredoria3\/3o-pri\/cultura-asturiana\/tercer-trimestre\/sesion-05\/\">Sesi\u00f3n 05: Museos y castros<\/a><\/em><\/li>\n<li class=\"page_item page-item-3964\"><a href=\"https:\/\/edublog.educastur.es\/corredoria3\/3o-pri\/cultura-asturiana\/tercer-trimestre\/sesion-06\/\"><em>Sesi\u00f3n 06. Organizaci\u00f3n territorial de Asturias<\/em><\/a><\/li>\n<\/ul>\n<\/li>\n<\/ul>\n<\/li>\n<\/ul>\n<hr \/>\n<p style=\"text-align: left\"><a href=\"https:\/\/educastur-my.sharepoint.com\/:f:\/g\/personal\/isabellh_educastur_org\/EsMooUrsPKhJjdtkb0HZTAcB7050uV-n9iGIl8p88jk9ow?e=yIJKPY\"><img loading=\"lazy\" decoding=\"async\" class=\"aligncenter wp-image-377\" src=\"http:\/\/edublog.educastur.es\/corredoria3\/files\/2020\/08\/23_cuarto.png\" alt=\"\" width=\"120\" height=\"98\" srcset=\"https:\/\/edublog.educastur.es\/corredoria3\/files\/2020\/08\/23_cuarto.png 424w, https:\/\/edublog.educastur.es\/corredoria3\/files\/2020\/08\/23_cuarto-300x246.png 300w\" sizes=\"auto, (max-width: 120px) 100vw, 120px\" \/><\/a><\/p>\n<ul>\n<li><a href=\"https:\/\/educastur-my.sharepoint.com\/:u:\/g\/personal\/isabellh_educastur_org\/EWcI7YNSll5MnOOmA_Igf7EBs-5CiyP81LwSvGT4FRQPzQ?e=SbQixi\"><span style=\"color: #000080\"><strong>DOCUMENTOS COMPRIMIDOS EN ZIP<\/strong> (tarda en descargar)<\/span><\/a><\/li>\n<\/ul>\n<ul class=\"children\">\n<li class=\"page_item page-item-1054 page_item_has_children\"><a href=\"https:\/\/edublog.educastur.es\/corredoria3\/4o-pri\/cultura-asturiana\/\"><strong>Cultura Asturiana<\/strong><\/a>\n<ul class=\"children\">\n<li class=\"page_item page-item-1422 page_item_has_children\"><a href=\"https:\/\/edublog.educastur.es\/corredoria3\/4o-pri\/cultura-asturiana\/primer-trimestre\/\"><strong>PRIMER TRIMESTRE<\/strong><\/a>\n<ul class=\"children\">\n<li class=\"page_item page-item-1367\"><em><a href=\"https:\/\/edublog.educastur.es\/corredoria3\/4o-pri\/cultura-asturiana\/primer-trimestre\/sesion_01\/\">Sesi\u00f3n 01: Fiesta vendimia en Cangas del Narcea<\/a><\/em><\/li>\n<li class=\"page_item page-item-1467\"><em><a href=\"https:\/\/edublog.educastur.es\/corredoria3\/4o-pri\/cultura-asturiana\/primer-trimestre\/sesion-02\/\">Sesi\u00f3n 02: Cereales en Asturias: boro\u00f1a y bollo pre\u00f1ao<\/a><\/em><\/li>\n<li class=\"page_item page-item-1452\"><em><a href=\"https:\/\/edublog.educastur.es\/corredoria3\/4o-pri\/cultura-asturiana\/primer-trimestre\/sesion-03\/\">Sesi\u00f3n 03: Premios Princesa de Asturias 2020<\/a><\/em><br \/>\n<em><span style=\"text-decoration: underline\"><span style=\"color: #800000;text-decoration: underline\"><a href=\"https:\/\/www.fpa.es\/es\/premios\/\">Hay que actualizar doc con la info de Premios 2021<\/a><br \/>\nen la web Fundaci\u00f3n Princesa de Asturias<br \/>\n<\/span><\/span><\/em><\/li>\n<li class=\"page_item page-item-2020\"><em><a href=\"https:\/\/edublog.educastur.es\/corredoria3\/4o-pri\/cultura-asturiana\/primer-trimestre\/sesion-03b_samain\/\">Sesi\u00f3n 03b_Sama\u00edn<\/a><\/em><\/li>\n<li class=\"page_item page-item-1472\"><em><a href=\"https:\/\/edublog.educastur.es\/corredoria3\/4o-pri\/cultura-asturiana\/primer-trimestre\/sesion-04\/\">Sesi\u00f3n 04: Molinos de r\u00edo y batanes<\/a><\/em><\/li>\n<li class=\"page_item page-item-2163\"><em><a href=\"https:\/\/edublog.educastur.es\/corredoria3\/4o-pri\/cultura-asturiana\/primer-trimestre\/sesion-05\/\">Sesi\u00f3n 05: La sidra asturiana<\/a><\/em><\/li>\n<li class=\"page_item page-item-2331\"><em><a href=\"https:\/\/edublog.educastur.es\/corredoria3\/4o-pri\/cultura-asturiana\/primer-trimestre\/sesion-06\/\">Sesi\u00f3n 06: La familia tradicional asturiana<\/a><\/em><\/li>\n<li class=\"page_item page-item-2456\"><a href=\"https:\/\/edublog.educastur.es\/corredoria3\/4o-pri\/cultura-asturiana\/primer-trimestre\/sesion-07\/\"><em>Sesi\u00f3n 07: La miner\u00eda en Asturias<\/em><\/a><\/li>\n<\/ul>\n<\/li>\n<li class=\"page_item page-item-2493 page_item_has_children\"><a href=\"https:\/\/edublog.educastur.es\/corredoria3\/4o-pri\/cultura-asturiana\/segundo-trimestre\/\"><strong>Segundo Trimestre<\/strong><\/a>\n<ul class=\"children\">\n<li class=\"page_item page-item-2495\"><em><a href=\"https:\/\/edublog.educastur.es\/corredoria3\/4o-pri\/cultura-asturiana\/segundo-trimestre\/sesion-01\/\">Sesi\u00f3n 01: Guirrios o sidros<\/a><\/em><\/li>\n<li class=\"page_item page-item-2497\"><em><a href=\"https:\/\/edublog.educastur.es\/corredoria3\/4o-pri\/cultura-asturiana\/segundo-trimestre\/sesion-02\/\">Sesi\u00f3n 02: Andecha y sestaferia<\/a><\/em><\/li>\n<li class=\"page_item page-item-2499\"><em><a href=\"https:\/\/edublog.educastur.es\/corredoria3\/4o-pri\/cultura-asturiana\/segundo-trimestre\/sesion-03\/\">Sesi\u00f3n 03: S\u00edmbolos de Asturias<\/a><\/em><\/li>\n<li class=\"page_item page-item-2501\"><em><a href=\"https:\/\/edublog.educastur.es\/corredoria3\/4o-pri\/cultura-asturiana\/segundo-trimestre\/sesion-04\/\">Sesi\u00f3n 04: Asturias y sus concejos<\/a><\/em><\/li>\n<li class=\"page_item page-item-2503\"><em><a href=\"https:\/\/edublog.educastur.es\/corredoria3\/4o-pri\/cultura-asturiana\/segundo-trimestre\/sesion-05\/\">Sesi\u00f3n 05: Antroxu en Asturias<\/a><\/em><\/li>\n<li class=\"page_item page-item-2505\"><em><a href=\"https:\/\/edublog.educastur.es\/corredoria3\/4o-pri\/cultura-asturiana\/segundo-trimestre\/sesion-06\/\">Sesi\u00f3n 06: R\u00edos de Asturias<\/a><\/em><\/li>\n<li class=\"page_item page-item-2507\"><em><a href=\"https:\/\/edublog.educastur.es\/corredoria3\/4o-pri\/cultura-asturiana\/segundo-trimestre\/sesion-07\/\">Sesi\u00f3n 07: Costas y playas<\/a><\/em><\/li>\n<li class=\"page_item page-item-2509\"><a href=\"https:\/\/edublog.educastur.es\/corredoria3\/4o-pri\/cultura-asturiana\/segundo-trimestre\/sesion-08\/\"><em>Sesi\u00f3n 08: Parques Naturales<\/em><\/a><\/li>\n<\/ul>\n<\/li>\n<li class=\"page_item page-item-3879 page_item_has_children\"><a href=\"https:\/\/edublog.educastur.es\/corredoria3\/4o-pri\/cultura-asturiana\/tercer-trimestre\/\"><strong>TERCER TRIMESTRE<\/strong><\/a>\n<ul class=\"children\">\n<li class=\"page_item page-item-3916\"><a href=\"https:\/\/edublog.educastur.es\/corredoria3\/4o-pri\/cultura-asturiana\/tercer-trimestre\/sesion-01\/\"><em>Sesi\u00f3n 01: Mitolog\u00eda asturiana<br \/>\n(trabajo extenso de varias semanas&#8230;)<\/em><\/a><\/li>\n<\/ul>\n<\/li>\n<\/ul>\n<\/li>\n<\/ul>\n<hr \/>\n<p style=\"text-align: left\"><a href=\"https:\/\/educastur-my.sharepoint.com\/:f:\/g\/personal\/isabellh_educastur_org\/EsphFrSC71xHjqV8f9mxNtgBpT1fZud39OjsOeAB3V1_5Q?e=hMYf2v\"><img loading=\"lazy\" decoding=\"async\" class=\"aligncenter wp-image-378\" src=\"http:\/\/edublog.educastur.es\/corredoria3\/files\/2020\/08\/24_quinto.png\" alt=\"\" width=\"119\" height=\"97\" srcset=\"https:\/\/edublog.educastur.es\/corredoria3\/files\/2020\/08\/24_quinto.png 424w, https:\/\/edublog.educastur.es\/corredoria3\/files\/2020\/08\/24_quinto-300x246.png 300w\" sizes=\"auto, (max-width: 119px) 100vw, 119px\" \/><\/a><\/p>\n<ul>\n<li><a href=\"https:\/\/educastur-my.sharepoint.com\/:u:\/g\/personal\/isabellh_educastur_org\/EQAV2uRmRGZBraCQQj5J7uQBApbYg5i21t-T0v4t0HWj4Q?e=DGTUfZ\"><span style=\"color: #000080\"><strong>DOCUMENTOS COMPRIMIDOS EN ZIP<\/strong> (tarda en descargar)<\/span><\/a><\/li>\n<li><a href=\"https:\/\/edublog.educastur.es\/corredoria3\/5o-pri\/cultura-asturiana\/\"><strong>Cultura Asturiana<\/strong><\/a>\n<ul class=\"children\">\n<li class=\"page_item page-item-1437 page_item_has_children\"><a href=\"https:\/\/edublog.educastur.es\/corredoria3\/5o-pri\/cultura-asturiana\/primer-trimestre\/\"><strong>PRIMER TRIMESTRE<\/strong><\/a>\n<ul class=\"children\">\n<li class=\"page_item page-item-1565\"><em><a href=\"https:\/\/edublog.educastur.es\/corredoria3\/5o-pri\/cultura-asturiana\/primer-trimestre\/sesion-01\/\">Sesi\u00f3n 01: Indumentaria y Traxe del pa\u00eds<\/a><\/em><\/li>\n<li><em><span style=\"text-decoration: underline\"><strong>Hay que actualizar info en este p\u00e1gina:<\/strong><\/span><\/em><\/li>\n<li><strong><a href=\"https:\/\/edublog.educastur.es\/ixuxu\/2021\/09\/dial-traxel-pais-2021-domingu-26-de-setiembre\/?preview_id=9356&amp;preview_nonce=15e740ed96&amp;post_format=standard&amp;_thumbnail_id=-1&amp;preview=true\">VER Art\u00edculo Indumentaria 2021<\/a><\/strong><br \/>\n<a href=\"https:\/\/indumentaria.com.es\/\">Web oficial<\/a> \/ <a href=\"https:\/\/www.facebook.com\/concursuindumentaria\/\">P\u00e1gina Facebook de Indumentaria<\/a><\/li>\n<li><a href=\"https:\/\/edublog.educastur.es\/corredoria3\/5o-pri\/cultura-asturiana\/primer-trimestre\/sesion-01\/\"><em>Repasu del traxe tradicional asturianu<\/em><\/a><\/li>\n<li class=\"page_item page-item-1568\"><em><a href=\"https:\/\/edublog.educastur.es\/corredoria3\/5o-pri\/cultura-asturiana\/primer-trimestre\/sesion-02\/\">Sesi\u00f3n 02: Mapa dialectal de Asturias y<br \/>\nALLA: Academia de la Llingua Asturina<\/a><\/em><\/li>\n<li class=\"page_item page-item-1570\"><em><a href=\"https:\/\/edublog.educastur.es\/corredoria3\/5o-pri\/cultura-asturiana\/primer-trimestre\/sesion-03\/\">Sesi\u00f3n 03: La casa asturiana: tipos&#8230;<\/a><\/em><\/li>\n<li class=\"page_item page-item-1572\"><em><a href=\"https:\/\/edublog.educastur.es\/corredoria3\/5o-pri\/cultura-asturiana\/primer-trimestre\/sesion-04\/\">Sesi\u00f3n 04: Sama\u00edn y oficio tradicional: Ferreru (herrero)<\/a><\/em><\/li>\n<li class=\"page_item page-item-1574\"><em><a href=\"https:\/\/edublog.educastur.es\/corredoria3\/5o-pri\/cultura-asturiana\/primer-trimestre\/sesion-05\/\">Sesi\u00f3n 05: La madera y oficio: Carpintero de Ribera<\/a><\/em><\/li>\n<li class=\"page_item page-item-2263\"><em><a href=\"https:\/\/edublog.educastur.es\/corredoria3\/5o-pri\/cultura-asturiana\/primer-trimestre\/sesion-05b\/\">Sesi\u00f3n 05b: Oficio: madre\u00f1eru<\/a><\/em><\/li>\n<li class=\"page_item page-item-1576\"><em><a href=\"https:\/\/edublog.educastur.es\/corredoria3\/5o-pri\/cultura-asturiana\/primer-trimestre\/sesion-06\/\">Sesi\u00f3n 06: La gaita asturiana<\/a><\/em><\/li>\n<li class=\"page_item page-item-1578\"><em><a href=\"https:\/\/edublog.educastur.es\/corredoria3\/5o-pri\/cultura-asturiana\/primer-trimestre\/sesion-07\/\">Sesi\u00f3n 07: La miner\u00eda asturiana<\/a><\/em><\/li>\n<li class=\"page_item page-item-1580\"><em><a href=\"https:\/\/edublog.educastur.es\/corredoria3\/5o-pri\/cultura-asturiana\/primer-trimestre\/sesion-08\/\">Sesi\u00f3n 08: Oficio: azabachero<\/a><\/em><\/li>\n<li><a href=\"https:\/\/edublog.educastur.es\/ixuxullingua\/5-quintu\/2-2020-setiembre\/sesion-09\/\"><em>Sesi\u00f3n 09: Navidad\/Nadal, Anguleru, Villancicos&#8230;<\/em><\/a><\/li>\n<\/ul>\n<\/li>\n<\/ul>\n<\/li>\n<\/ul>\n<ul>\n<li style=\"list-style-type: none\">\n<ul class=\"children\">\n<li class=\"page_item page-item-2527 page_item_has_children\"><a href=\"https:\/\/edublog.educastur.es\/corredoria3\/5o-pri\/cultura-asturiana\/segundo-trimestre\/\"><strong>SEGUNDO TRIMESTRE<\/strong><\/a>\n<ul class=\"children\">\n<li class=\"page_item page-item-2763\"><em><a href=\"https:\/\/edublog.educastur.es\/corredoria3\/5o-pri\/cultura-asturiana\/segundo-trimestre\/sesion-01\/\">Sesi\u00f3n 01: Mazcaraes de Inviernu y Aguinaldos<\/a><\/em><\/li>\n<li class=\"page_item page-item-2765\"><em><a href=\"https:\/\/edublog.educastur.es\/corredoria3\/5o-pri\/cultura-asturiana\/segundo-trimestre\/sesion-02\/\">Sesi\u00f3n 02: La poblaci\u00f3n de Asturias<\/a><\/em><\/li>\n<li class=\"page_item page-item-2767\"><em><a href=\"https:\/\/edublog.educastur.es\/corredoria3\/5o-pri\/cultura-asturiana\/segundo-trimestre\/sesion-03\/\">Sesi\u00f3n 03: La emigraci\u00f3n<\/a><\/em><\/li>\n<li class=\"page_item page-item-2769\"><em><a href=\"https:\/\/edublog.educastur.es\/corredoria3\/5o-pri\/cultura-asturiana\/segundo-trimestre\/sesion-04\/\">Sesi\u00f3n 04: Antroxu en Asturies: frixuelos y Descenso Galiana<\/a><\/em><\/li>\n<li class=\"page_item page-item-2771\"><em><a href=\"https:\/\/edublog.educastur.es\/corredoria3\/5o-pri\/cultura-asturiana\/segundo-trimestre\/sesion-05\/\">Sesi\u00f3n 05: Arte prehist\u00f3rico: Museo Prehistoria y Cueva T. Bustillo<\/a><\/em><\/li>\n<li class=\"page_item page-item-3568\"><em><a href=\"https:\/\/edublog.educastur.es\/corredoria3\/5o-pri\/cultura-asturiana\/segundo-trimestre\/sesion-05a\/\">Sesi\u00f3n 05a: Cueva El Sidr\u00f3n<\/a><\/em><\/li>\n<li class=\"page_item page-item-3536\"><em><a href=\"https:\/\/edublog.educastur.es\/corredoria3\/5o-pri\/cultura-asturiana\/segundo-trimestre\/sesion-05b-2\/\">Sesi\u00f3n 05b: Castros y Ruta de los castros<\/a><\/em><\/li>\n<li class=\"page_item page-item-3544\"><em><a href=\"https:\/\/edublog.educastur.es\/corredoria3\/5o-pri\/cultura-asturiana\/segundo-trimestre\/sesion-05c\/\">Sesi\u00f3n 05c: Cultura castre\u00f1a<\/a><\/em><\/li>\n<li class=\"page_item page-item-2773\"><em><a href=\"https:\/\/edublog.educastur.es\/corredoria3\/5o-pri\/cultura-asturiana\/segundo-trimestre\/sesion-06\/\">Sesi\u00f3n 06: Pueblos prerromanos, romanos y su herencia<\/a><\/em><\/li>\n<li class=\"page_item page-item-2775\"><em><a href=\"https:\/\/edublog.educastur.es\/corredoria3\/5o-pri\/cultura-asturiana\/segundo-trimestre\/sesion-07\/\">Sesi\u00f3n 07: La caza en Asturias<\/a><\/em><\/li>\n<li class=\"page_item page-item-2777\"><em><a href=\"https:\/\/edublog.educastur.es\/corredoria3\/5o-pri\/cultura-asturiana\/segundo-trimestre\/sesion-08\/\">Sesi\u00f3n 08: Arte en Asturias (SIN HACER)<\/a><\/em><\/li>\n<li class=\"page_item page-item-2779\"><a href=\"https:\/\/edublog.educastur.es\/corredoria3\/5o-pri\/cultura-asturiana\/segundo-trimestre\/sesion-09\/\"><em>Sesi\u00f3n 09: Poes\u00eda: Xosefa de Xovellanos<\/em><\/a><\/li>\n<\/ul>\n<\/li>\n<li class=\"page_item page-item-3881 page_item_has_children\"><a href=\"https:\/\/edublog.educastur.es\/corredoria3\/5o-pri\/cultura-asturiana\/tercer-trimestre\/\"><strong>TERCER TRIMESTRE<\/strong><\/a>\n<ul class=\"children\">\n<li class=\"page_item page-item-3918\"><a href=\"https:\/\/edublog.educastur.es\/corredoria3\/6o-pri\/cultura-asturiana\/3o-trimestre\/sesion-02\/\"><strong><em>Sesi\u00f3n 01: Deportes tradicionales en Asturias<\/em><\/strong><\/a><\/li>\n<li><span style=\"color: #800080\"><em><strong>Para complementar se dieron\u00a0<\/strong><\/em><\/span><span style=\"color: #800080\"><em><strong> sesiones de 6\u00ba de E. P.<br \/>\n<\/strong><\/em><\/span><\/li>\n<\/ul>\n<\/li>\n<\/ul>\n<\/li>\n<\/ul>\n<ul>\n<li class=\"page_item page-item-3883 page_item_has_children\"><strong><em><a href=\"https:\/\/edublog.educastur.es\/corredoria3\/6o-pri\/cultura-asturiana\/3o-trimestre\/\">3\u00ba TRIMESTRE<\/a><\/em><\/strong>\n<ul class=\"children\">\n<li class=\"page_item page-item-3920\"><em><a href=\"https:\/\/edublog.educastur.es\/corredoria3\/6o-pri\/cultura-asturiana\/3o-trimestre\/sesion-01\/\">Sesi\u00f3n 01:<\/a><\/em><strong><em><a href=\"https:\/\/edublog.educastur.es\/corredoria3\/6o-pri\/cultura-asturiana\/3o-trimestre\/sesion-01\/\"> El C\u00f3mic en Asturias<\/a><\/em><\/strong><em><a href=\"https:\/\/edublog.educastur.es\/corredoria3\/6o-pri\/cultura-asturiana\/3o-trimestre\/sesion-01\/\"> (Ruma Barbero, Efr\u00e9n d Andr\u00e9s)<\/a><\/em><\/li>\n<li><a href=\"https:\/\/edublog.educastur.es\/corredoria3\/6o-pri\/cultura-asturiana\/3o-trimestre\/sesion-01b\/\"><em>Sesi\u00f3n 01b :<strong> La caricatura<\/strong><\/em><\/a><\/li>\n<li class=\"page_item page-item-3930\"><strong><em><a href=\"https:\/\/edublog.educastur.es\/corredoria3\/6o-pri\/cultura-asturiana\/3o-trimestre\/sesion-02\/\">Sesi\u00f3n 02: Deportes tradicionales asturianos<\/a><\/em><\/strong><\/li>\n<li class=\"page_item page-item-3940\"><strong><em><a href=\"https:\/\/edublog.educastur.es\/corredoria3\/6o-pri\/cultura-asturiana\/3o-trimestre\/sesion-03\/\">Sesi\u00f3n 03: Red Etnogr\u00e1fica de Museos Asturianos<\/a><\/em><\/strong><\/li>\n<li><a href=\"https:\/\/edublog.educastur.es\/corredoria3\/6o-pri\/cultura-asturiana\/3o-trimestre\/atlas-sonoru-ll-a\"><em>Atlas Sonoru de la Llingua Asturiana<\/em><\/a><\/li>\n<li class=\"page_item page-item-3950\"><strong><em><a href=\"https:\/\/edublog.educastur.es\/corredoria3\/6o-pri\/cultura-asturiana\/3o-trimestre\/sesion-04\/\">Sesi\u00f3n 04: Asina ye l mio cuartu<\/a><\/em><\/strong><\/li>\n<li><a href=\"https:\/\/edublog.educastur.es\/corredoria3\/6o-pri\/cultura-asturiana\/3o-trimestre\/canciu-los-fayeos\"><em>Canciu: <\/em><strong><em>Los fayeos de mayo<\/em><\/strong><\/a><\/li>\n<li class=\"page_item page-item-3960\"><strong><em><a href=\"https:\/\/edublog.educastur.es\/corredoria3\/6o-pri\/cultura-asturiana\/3o-trimestre\/sesion-05\/\">Sesi\u00f3n 05: Selmana de les lletres Asturianes<\/a><\/em><\/strong><\/li>\n<li class=\"page_item page-item-3970\"><strong><em><a href=\"https:\/\/edublog.educastur.es\/corredoria3\/6o-pri\/cultura-asturiana\/3o-trimestre\/sesion-06\/\">Sesi\u00f3n 06: La familia tradicional asturiana<\/a><\/em><\/strong><\/li>\n<li class=\"page_item page-item-3980\"><strong><em><a href=\"https:\/\/edublog.educastur.es\/corredoria3\/6o-pri\/cultura-asturiana\/3o-trimestre\/sesion-07\/\">Sesi\u00f3n 07: La canci\u00f3n vaqueira<\/a><\/em><\/strong><\/li>\n<li class=\"page_item page-item-3990\"><strong><em><a href=\"https:\/\/edublog.educastur.es\/corredoria3\/6o-pri\/cultura-asturiana\/3o-trimestre\/sesion-08\/\">Sesi\u00f3n 08: M\u00fasica hecha en Asturias<\/a><\/em><\/strong><\/li>\n<li class=\"page_item page-item-4000\"><a href=\"https:\/\/edublog.educastur.es\/corredoria3\/6o-pri\/cultura-asturiana\/3o-trimestre\/sesion-09\/\"><strong><em>Sesi\u00f3n 09: Melchor Gaspar de Xovellanos<\/em><\/strong><\/a><\/li>\n<\/ul>\n<\/li>\n<\/ul>\n<hr \/>\n<p style=\"text-align: left\"><a href=\"https:\/\/educastur-my.sharepoint.com\/:f:\/g\/personal\/isabellh_educastur_org\/EqJLulmq071GqXIK2DOPvN0BJyM_lU0UYQIGHURfjPNIxw?e=qz9ht5\"><img loading=\"lazy\" decoding=\"async\" class=\"aligncenter wp-image-379\" src=\"http:\/\/edublog.educastur.es\/corredoria3\/files\/2020\/08\/25_sexto.png\" alt=\"\" width=\"119\" height=\"97\" srcset=\"https:\/\/edublog.educastur.es\/corredoria3\/files\/2020\/08\/25_sexto.png 424w, https:\/\/edublog.educastur.es\/corredoria3\/files\/2020\/08\/25_sexto-300x246.png 300w\" sizes=\"auto, (max-width: 119px) 100vw, 119px\" \/><\/a><\/p>\n<ul>\n<li><a href=\"https:\/\/educastur-my.sharepoint.com\/:u:\/g\/personal\/isabellh_educastur_org\/ERvWrIVa5FFDls7_4Azpp54BAj-2E787SUUXa2bzcmzARw?e=yLqKfJ\"><span style=\"color: #000080\"><strong>DOCUMENTOS COMPRIMIDOS EN ZIP<\/strong> (tarda en descargar)<\/span><\/a><\/li>\n<\/ul>\n<ul class=\"children\">\n<li class=\"page_item page-item-1058 page_item_has_children\"><a href=\"https:\/\/edublog.educastur.es\/corredoria3\/6o-pri\/cultura-asturiana\/\"><strong>Cultura Asturiana<\/strong><\/a>\n<ul class=\"children\">\n<li class=\"page_item page-item-1439 page_item_has_children\"><a href=\"https:\/\/edublog.educastur.es\/corredoria3\/6o-pri\/cultura-asturiana\/1otrimestre\/\"><strong>1\u00ba TRIMESTRE<\/strong><\/a>\n<ul class=\"children\">\n<li class=\"page_item page-item-1365\"><em><a href=\"https:\/\/edublog.educastur.es\/corredoria3\/6o-pri\/cultura-asturiana\/1otrimestre\/sesion_01\/\">Sesi\u00f3n 01: Fiesta vendimia en Cangas del Narcea<\/a><\/em><\/li>\n<li class=\"page_item page-item-1389\"><em><a href=\"https:\/\/edublog.educastur.es\/corredoria3\/6o-pri\/cultura-asturiana\/1otrimestre\/sesion-02\/\">Sesi\u00f3n 02: Arquitectura urbana de Asturias<\/a><\/em><\/li>\n<li class=\"page_item page-item-1701\"><em><a href=\"https:\/\/edublog.educastur.es\/corredoria3\/6o-pri\/cultura-asturiana\/1otrimestre\/sesion-02-el-desarme-de-oviedo\/\">Sesi\u00f3n 02 El desarme de Oviedo<\/a><\/em><\/li>\n<li class=\"page_item page-item-1391\"><em><a href=\"https:\/\/edublog.educastur.es\/corredoria3\/6o-pri\/cultura-asturiana\/1otrimestre\/sesion-03\/\">Sesi\u00f3n 03: Oviedo como sede institucional del Principado<\/a><\/em><\/li>\n<li class=\"page_item page-item-1393\"><em><a href=\"https:\/\/edublog.educastur.es\/corredoria3\/6o-pri\/cultura-asturiana\/1otrimestre\/sesion-04\/\">Sesi\u00f3n 04: Medios de comunicaci\u00f3n en Asturias<\/a><\/em><\/li>\n<li class=\"page_item page-item-1395\"><em><a href=\"https:\/\/edublog.educastur.es\/corredoria3\/6o-pri\/cultura-asturiana\/1otrimestre\/sesion-05\/\">Sesi\u00f3n 05: Personajes relevantes: S. Ochoa y Margarita Salas<\/a><\/em><\/li>\n<li class=\"page_item page-item-1397\"><em><a href=\"https:\/\/edublog.educastur.es\/corredoria3\/6o-pri\/cultura-asturiana\/1otrimestre\/sesion-06\/\">Sesi\u00f3n 06: Samart\u00edn (Matanza del gochu) en Asturias<\/a><\/em><\/li>\n<li class=\"page_item page-item-2152\"><em><a href=\"https:\/\/edublog.educastur.es\/corredoria3\/6o-pri\/cultura-asturiana\/1otrimestre\/sesion-06b\/\">Sesi\u00f3n 07: La gaita asturiana<\/a><\/em><\/li>\n<li class=\"page_item page-item-1400\"><em><a href=\"https:\/\/edublog.educastur.es\/corredoria3\/6o-pri\/cultura-asturiana\/1otrimestre\/sesion-07\/\">Sesi\u00f3n 08: La miner\u00eda asturiana<\/a><\/em><\/li>\n<li class=\"page_item page-item-1404\"><em><a href=\"https:\/\/edublog.educastur.es\/corredoria3\/6o-pri\/cultura-asturiana\/1otrimestre\/sesion-09\/\">Sesi\u00f3n 09: Mitolog\u00eda asturiana (Lecturas)<\/a><\/em><\/li>\n<li class=\"page_item page-item-2058\"><a href=\"https:\/\/edublog.educastur.es\/corredoria3\/6o-pri\/cultura-asturiana\/1otrimestre\/sesion-4a-samain\/\"><em>Sesi\u00f3n 4A Sama\u00edn<\/em><\/a><\/li>\n<\/ul>\n<\/li>\n<li class=\"page_item page-item-2525 page_item_has_children\"><a href=\"https:\/\/edublog.educastur.es\/corredoria3\/6o-pri\/cultura-asturiana\/segundo-trimestre\/\"><strong>2\u00ba TRIMESTRE<\/strong><\/a>\n<ul class=\"children\">\n<li class=\"page_item page-item-2672\"><em><a href=\"https:\/\/edublog.educastur.es\/corredoria3\/6o-pri\/cultura-asturiana\/segundo-trimestre\/sesion-01\/\">Sesi\u00f3n 01: Mazcar\u00e1es de Invierno<\/a><\/em><\/li>\n<li class=\"page_item page-item-2675\"><em><a href=\"https:\/\/edublog.educastur.es\/corredoria3\/6o-pri\/cultura-asturiana\/segundo-trimestre\/sesion-02\/\">Sesi\u00f3n 02: La poblaci\u00f3n de Asturias<\/a><\/em><\/li>\n<li class=\"page_item page-item-2677\"><em><a href=\"https:\/\/edublog.educastur.es\/corredoria3\/6o-pri\/cultura-asturiana\/segundo-trimestre\/sesion-03\/\">Sesi\u00f3n 03:\u00a0<\/a><a href=\"https:\/\/edublog.educastur.es\/corredoria3\/6o-pri\/cultura-asturiana\/segundo-trimestre\/sesion-03\/\">Asturias Rural, oriental y Occidental, las Villas asturianas<\/a><\/em><\/li>\n<li class=\"page_item page-item-2679\"><em><a href=\"https:\/\/edublog.educastur.es\/corredoria3\/6o-pri\/cultura-asturiana\/segundo-trimestre\/sesion-04\/\">Sesi\u00f3n 04: H\u00aa Edad Contempor\u00e1nea: Econom\u00eda&#8230;<\/a><\/em><\/li>\n<li class=\"page_item page-item-2681\"><em><a href=\"https:\/\/edublog.educastur.es\/corredoria3\/6o-pri\/cultura-asturiana\/segundo-trimestre\/sesion-05\/\">Sesi\u00f3n 05: H\u00aa E. Contempor\u00e1nea: Pol\u00edtica, y sociedad, emigraci\u00f3n&#8230;<\/a><\/em><\/li>\n<li class=\"page_item page-item-2683\"><em><a href=\"https:\/\/edublog.educastur.es\/corredoria3\/6o-pri\/cultura-asturiana\/segundo-trimestre\/sesion-06\/\">Sesi\u00f3n 06: Naturaleza de Asturias: Monta\u00f1as y valles<\/a><\/em><\/li>\n<li class=\"page_item page-item-2685\"><em><a href=\"https:\/\/edublog.educastur.es\/corredoria3\/6o-pri\/cultura-asturiana\/segundo-trimestre\/sesion-07\/\">Sesi\u00f3n 07: La pesca en Asturias<\/a><\/em><\/li>\n<li class=\"page_item page-item-3670\"><em><a href=\"https:\/\/edublog.educastur.es\/corredoria3\/6o-pri\/cultura-asturiana\/segundo-trimestre\/sesion-07b\/\">Sesi\u00f3n 07b: El poema que cay\u00f3 a la mar<\/a><\/em><\/li>\n<li class=\"page_item page-item-2687\"><em><a href=\"https:\/\/edublog.educastur.es\/corredoria3\/6o-pri\/cultura-asturiana\/segundo-trimestre\/sesion-08\/\">Sesi\u00f3n 08: La caza en Asturias<\/a><\/em><\/li>\n<li class=\"page_item page-item-2689\"><em><a href=\"https:\/\/edublog.educastur.es\/corredoria3\/6o-pri\/cultura-asturiana\/segundo-trimestre\/sesion-09\/\">Sesi\u00f3n 09: Poes\u00eda = Xosefa de Xovellanos<\/a><\/em><\/li>\n<li class=\"page_item page-item-2691\"><em><a href=\"https:\/\/edublog.educastur.es\/corredoria3\/6o-pri\/cultura-asturiana\/segundo-trimestre\/sesion-10\/\">Sesi\u00f3n 10: D\u00eda Mundial de la Poes\u00eda<\/a><\/em><\/li>\n<li class=\"page_item page-item-2821\"><a href=\"https:\/\/edublog.educastur.es\/corredoria3\/6o-pri\/cultura-asturiana\/segundo-trimestre\/sesion-3b\/\"><em>Sesi\u00f3n 03b: La Asturias delectal, el asturiano&#8230;<\/em><\/a><\/li>\n<\/ul>\n<\/li>\n<li class=\"page_item page-item-3883 page_item_has_children\"><a href=\"https:\/\/edublog.educastur.es\/corredoria3\/6o-pri\/cultura-asturiana\/3o-trimestre\/\"><strong>3\u00ba TRIMESTRE<\/strong><\/a>\n<ul class=\"children\">\n<li class=\"page_item page-item-4205\"><em><a href=\"https:\/\/edublog.educastur.es\/corredoria3\/6o-pri\/cultura-asturiana\/3o-trimestre\/atlas-sonoru-ll-a\/\">Atlas Sonoru Ll. A.<\/a><\/em><\/li>\n<li class=\"page_item page-item-4295\"><em><a href=\"https:\/\/edublog.educastur.es\/corredoria3\/6o-pri\/cultura-asturiana\/3o-trimestre\/canciu-los-fayeos\/\">Canciu: los fayeos\u2026<\/a><\/em><\/li>\n<li class=\"page_item page-item-3920\"><em><a href=\"https:\/\/edublog.educastur.es\/corredoria3\/6o-pri\/cultura-asturiana\/3o-trimestre\/sesion-01\/\">Sesi\u00f3n 01: El c\u00f3mic en Asturias (Ruma barbero, Efr\u00e9n d&#8217;Andr\u00e9s)<\/a><\/em><\/li>\n<li class=\"page_item page-item-4035\"><em><a href=\"https:\/\/edublog.educastur.es\/corredoria3\/6o-pri\/cultura-asturiana\/3o-trimestre\/sesion-01b\/\">Sesi\u00f3n 01b: La caricatura<\/a><\/em><\/li>\n<li class=\"page_item page-item-3930\"><em><a href=\"https:\/\/edublog.educastur.es\/corredoria3\/6o-pri\/cultura-asturiana\/3o-trimestre\/sesion-02\/\">Sesi\u00f3n 02: Deportes tradicionales asturianos<\/a><\/em><\/li>\n<li class=\"page_item page-item-3940\"><em><a href=\"https:\/\/edublog.educastur.es\/corredoria3\/6o-pri\/cultura-asturiana\/3o-trimestre\/sesion-03\/\">Sesi\u00f3n 03: Red Etnogr\u00e1fica de Museos Asturianos<\/a><\/em><\/li>\n<li><em><a href=\"https:\/\/edublog.educastur.es\/corredoria3\/6o-pri\/cultura-asturiana\/3o-trimestre\/atlas-sonoru-ll-a\">Atlas Sonoru de la Llingua Asturiana<\/a><\/em><\/li>\n<li class=\"page_item page-item-3950\"><em><a href=\"https:\/\/edublog.educastur.es\/corredoria3\/6o-pri\/cultura-asturiana\/3o-trimestre\/sesion-04\/\">Sesi\u00f3n 04: Llingua = Asina ye&#8217;l mio cuartu<\/a><\/em><\/li>\n<li><em><a href=\"https:\/\/edublog.educastur.es\/corredoria3\/6o-pri\/cultura-asturiana\/3o-trimestre\/canciu-los-fayeos\">Canciu: <strong>Los fayeos de mayo<\/strong><\/a><\/em><\/li>\n<li class=\"page_item page-item-3960\"><em><a href=\"https:\/\/edublog.educastur.es\/corredoria3\/6o-pri\/cultura-asturiana\/3o-trimestre\/sesion-05\/\">Sesi\u00f3n 05: Selmana de les Lletres asturianes: Nel Amaro<\/a><\/em><\/li>\n<li class=\"page_item page-item-3970\"><em><a href=\"https:\/\/edublog.educastur.es\/corredoria3\/6o-pri\/cultura-asturiana\/3o-trimestre\/sesion-06\/\">Sesi\u00f3n 06: La familia tradicional asturiana<\/a><\/em><\/li>\n<li class=\"page_item page-item-3980\"><em><a href=\"https:\/\/edublog.educastur.es\/corredoria3\/6o-pri\/cultura-asturiana\/3o-trimestre\/sesion-07\/\">Sesi\u00f3n 07: La canci\u00f3n vaqueira<\/a><\/em><\/li>\n<li class=\"page_item page-item-3990\"><em><a href=\"https:\/\/edublog.educastur.es\/corredoria3\/6o-pri\/cultura-asturiana\/3o-trimestre\/sesion-08\/\">Sesi\u00f3n 08: M\u00fasica hecha en Asturias<\/a><\/em><\/li>\n<li class=\"page_item page-item-4000\"><a href=\"https:\/\/edublog.educastur.es\/corredoria3\/6o-pri\/cultura-asturiana\/3o-trimestre\/sesion-09\/\"><em>Sesi\u00f3n 09: Melchor Gaspar de Xovellanos<\/em><\/a><\/li>\n<\/ul>\n<\/li>\n<\/ul>\n<\/li>\n<\/ul>\n<p><img loading=\"lazy\" decoding=\"async\" class=\"aligncenter\" src=\"https:\/\/encrypted-tbn0.gstatic.com\/images?q=tbn:ANd9GcTR28kVyfgd3qwCkn2ICP6JNBpKea-RZS3fF5sLEuFyAkmWuml3Qyn-alg-FidZmJD8Ug&amp;usqp=CAU\" width=\"347\" height=\"37\" \/><\/p>\n<hr \/>\n<p style=\"text-align: center\"><em><span style=\"color: #800080;font-size: 18pt\"><strong>AUTOR\u00cdA\u00a0 DE\u00a0 ESTOS\u00a0 MATERIALES:<br \/>\n<span style=\"text-decoration: underline\"><span style=\"color: #008080;font-size: 14pt;text-decoration: underline\">Profesorado 2020-21<\/span><\/span><\/strong><\/span><\/em><em><span style=\"color: #800080;font-size: 18pt\"><span style=\"text-decoration: underline\"><span style=\"font-size: 14pt\"><strong><span style=\"color: #008080;text-decoration: underline\">\u00a0 C. P. Carmen Ruiz-Tilve de Oviedo:<\/span><\/strong><\/span><\/span><br \/>\n<strong><span style=\"font-size: 12pt\">luisair@educastur.org \/ susanapla@educastur.org \/ sheilagb@educastur.org \/ iosebaepd@educastur.org \/ rociomb@educastur.org \/ arianesf@educastur.org \/ belenrma@educastur.org \/ veronicafal@educastur.org \/ mariazal@educastur.org \/ elisagfe@educastur.org \/ estefaniafp@educastur.org \/ rociotm@educastur.org \/ ricardoas@educastur.org \/ mirianad@educastur.org \/ joseva@educastur.org\u00a0 \/evabgg@educastur.org \/ rociovg@educastur.org \/ mcristinga@educastur.org \/ mmfs@educastur.org \/ sarahm@educastur.org \/ lorenadm@educastur.org \/ ibelyserg@educastur.org \/ mafl@educastur.org \/ montserrlc@educastur.org \/ isabellh@educastur.org <\/span><\/strong><\/span><\/em><\/p>\n<p>&nbsp;<\/p>\n<p style=\"text-align: center\"><span style=\"text-decoration: underline;color: #008080\"><strong>INSTRUCCIONES\u00a0 IMPORTANTES:<\/strong> <\/span><\/p>\n<ul>\n<li><em><span style=\"color: #008080\"><strong>POR FAVOR, NO\u00a0 BORRAR\u00a0 ENLACES WEB NI ARCHIVOS<br \/>\nA LOS QUE SE TENGA ACCESO (queda rastro digital).<br \/>\n<\/strong><\/span><\/em><\/li>\n<li>DESCARGAR <span style=\"color: #000080\"><strong>DOCUMENTOS COMPRIMIDOS EN ZIP<\/strong><br \/>\n(tarda en descargar, dependiendo de su peso) <span style=\"text-decoration: underline\"><em>PACIENCIA!!<\/em><\/span><br \/>\n<\/span><\/li>\n<li><em>Si no se localiza algo en la carpeta, <\/em><em>buscar<br \/>\nen el enclace web \/ misma carpeta otro curso<\/em><\/li>\n<li><span style=\"color: #808080\"><em><span style=\"font-size: 14pt\">Recordad que si no se ven las im\u00e1genes es por la repentina<\/span><\/em><\/span><br \/>\n<span style=\"color: #808080\"><em><span style=\"font-size: 14pt\">desaparici\u00f3n del repositorio online imgbox.es<\/span><\/em><\/span><\/li>\n<li><em><span style=\"color: #008080\"><strong>LOS\/AS AUTORAS DE LOS MATERIALES SON RESPONSABLES<br \/>\nDE SU COPIA \/ DISTRIBUCI\u00d3N A TERCERAS PERSONAS<br \/>\n<\/strong><\/span><\/em><\/li>\n<li><span style=\"text-decoration: underline;font-size: 14pt\"><em>Si se mejora o ampl\u00eda alg\u00fan material, <strong>se agradece se comparta<br \/>\ncon el grupo, envi\u00e1ndolo por mail a isabellh@educastur.org<\/strong><\/em><\/span><\/li>\n<\/ul>\n<p style=\"text-align: center\"><em><span style=\"color: #800080;font-size: 14pt\"><strong>Gracias a todos y a todas por sumar al equipo, compartir vuestro trabajo <\/strong><br \/>\n<strong>y por haber dedicado tiempo y esfuerzo en preparar estos fant\u00e1sticos recursos.<\/strong><br \/>\n<\/span><\/em><\/p>\n<p style=\"text-align: center\"><img loading=\"lazy\" decoding=\"async\" class=\"alignnone \" src=\"https:\/\/edublog.educastur.es\/corredoria3\/files\/2020\/08\/kisspng-round-table-removebg-preview.png\" width=\"351\" height=\"288\" \/><\/p>\n<p style=\"text-align: center\"><span style=\"color: #800080\"><em><span style=\"font-size: 14pt\">Buen curso!!!<\/span><\/em><\/span><\/p>\n","protected":false},"excerpt":{"rendered":"<p>Resumen de Sesiones impartidas durante el curso 2020-2021 por los profes de Cultura y Llingua Asturiana en la misma clase. Si\u00a0 el enlace est\u00e1 vac\u00edo, significa que est\u00e1 \u00abpendiente\u00bb o que hay que buscar en el enlace y en la p\u00e1gina la informaci\u00f3n. Descarga Documentos: 1\u00ba EP \/ 2\u00ba EP \/ 3\u00ba EP \/ 4\u00ba [&hellip;]<\/p>\n","protected":false},"author":117,"featured_media":0,"parent":20,"menu_order":0,"comment_status":"closed","ping_status":"closed","template":"","meta":{"footnotes":""},"class_list":["post-4703","page","type-page","status-publish","hentry","post-preview"],"_links":{"self":[{"href":"https:\/\/edublog.educastur.es\/corredoria3\/wp-json\/wp\/v2\/pages\/4703","targetHints":{"allow":["GET"]}}],"collection":[{"href":"https:\/\/edublog.educastur.es\/corredoria3\/wp-json\/wp\/v2\/pages"}],"about":[{"href":"https:\/\/edublog.educastur.es\/corredoria3\/wp-json\/wp\/v2\/types\/page"}],"author":[{"embeddable":true,"href":"https:\/\/edublog.educastur.es\/corredoria3\/wp-json\/wp\/v2\/users\/117"}],"replies":[{"embeddable":true,"href":"https:\/\/edublog.educastur.es\/corredoria3\/wp-json\/wp\/v2\/comments?post=4703"}],"version-history":[{"count":42,"href":"https:\/\/edublog.educastur.es\/corredoria3\/wp-json\/wp\/v2\/pages\/4703\/revisions"}],"predecessor-version":[{"id":4825,"href":"https:\/\/edublog.educastur.es\/corredoria3\/wp-json\/wp\/v2\/pages\/4703\/revisions\/4825"}],"up":[{"embeddable":true,"href":"https:\/\/edublog.educastur.es\/corredoria3\/wp-json\/wp\/v2\/pages\/20"}],"wp:attachment":[{"href":"https:\/\/edublog.educastur.es\/corredoria3\/wp-json\/wp\/v2\/media?parent=4703"}],"curies":[{"name":"wp","href":"https:\/\/api.w.org\/{rel}","templated":true}]}}