{"id":4926,"date":"2021-10-05T17:52:49","date_gmt":"2021-10-05T15:52:49","guid":{"rendered":"https:\/\/edublog.educastur.es\/corredoria3\/?page_id=4926"},"modified":"2021-10-21T19:05:22","modified_gmt":"2021-10-21T17:05:22","slug":"instrucciones-cpr","status":"publish","type":"page","link":"https:\/\/edublog.educastur.es\/corredoria3\/profes_cursos\/instrucciones-cpr\/","title":{"rendered":"Instrucciones CPR"},"content":{"rendered":"<p style=\"text-align: center\"><a href=\"http:\/\/cproviedo.es\/documentacion-proyectos\"><img loading=\"lazy\" decoding=\"async\" class=\"alignnone\" src=\"http:\/\/cproviedo.es\/wp-content\/uploads\/2017\/01\/proyectos-centros-lapiz-azul.png\" alt=\"\" width=\"433\" height=\"236\" \/><\/a><\/p>\n<p style=\"text-align: center\"><a href=\"http:\/\/cproviedo.es\/documentacion-proyectos\"><img loading=\"lazy\" decoding=\"async\" class=\"alignnone\" src=\"http:\/\/cproviedo.es\/wp-content\/uploads\/2016\/10\/documentacion-600x150.jpg\" alt=\"\" width=\"428\" height=\"107\" \/><\/a><\/p>\n<p style=\"text-align: center\"><span style=\"color: #800080\"><strong>2020-2021<\/strong><\/span><\/p>\n<div class=\"media-body\">\n<div class=\"media\">\n<div class=\"mr-3 img-48\"><\/div>\n<div class=\"media-body\">\n<ul>\n<li class=\"package-title\"><a href=\"http:\/\/cproviedo.es\/download\/modelo-de-acta-de-reunion\">Modelo de Acta de reuni\u00f3n 2020-2021<\/a><\/li>\n<\/ul>\n<\/div>\n<\/div>\n<\/div>\n<div class=\"w3eden\">\n<div class=\"link-template-default card mb-2\">\n<div class=\"card-body\">\n<div class=\"media stack-xs\">\n<div class=\"media-body\">\n<div class=\"media\">\n<div class=\"mr-3 img-48\"><\/div>\n<div class=\"media-body\">\n<ul>\n<li class=\"package-title\"><a href=\"http:\/\/cproviedo.es\/download\/modelo-de-acta-con-informe-intermedio\">Modelo de acta con Informe de progreso 2020-2021<\/a><\/li>\n<\/ul>\n<\/div>\n<\/div>\n<\/div>\n<\/div>\n<\/div>\n<\/div>\n<\/div>\n<div class=\"w3eden\">\n<div class=\"link-template-default card mb-2\">\n<div class=\"card-body\">\n<div class=\"media stack-xs\">\n<div class=\"media-body\">\n<div class=\"media\">\n<div class=\"media-body\">\n<ul>\n<li class=\"package-title\"><a href=\"http:\/\/cproviedo.es\/download\/modelo-informe-tiempo-no-presencial\">Modelo informe tiempo no presencial<\/a><\/li>\n<\/ul>\n<\/div>\n<\/div>\n<\/div>\n<\/div>\n<\/div>\n<\/div>\n<\/div>\n<div class=\"w3eden\">\n<div class=\"link-template-default card mb-2\">\n<div class=\"card-body\">\n<div class=\"media stack-xs\">\n<div class=\"media-body\">\n<div class=\"media\">\n<div class=\"mr-3 img-48\"><\/div>\n<div class=\"media-body\">\n<ul>\n<li class=\"package-title\"><a href=\"http:\/\/cproviedo.es\/download\/modelo-de-memoria-grupo-de-trabajo\">Memoria final Proyectos de formaci\u00f3n en centros 2020-2021<\/a><\/li>\n<\/ul>\n<\/div>\n<\/div>\n<\/div>\n<\/div>\n<\/div>\n<\/div>\n<\/div>\n<div class=\"w3eden\">\n<div class=\"link-template-default card mb-2\">\n<div class=\"card-body\">\n<div class=\"media stack-xs\">\n<div class=\"media-body\">\n<div class=\"media\">\n<div class=\"mr-3 img-48\"><\/div>\n<div class=\"media-body\">\n<ul>\n<li class=\"package-title\"><a href=\"http:\/\/cproviedo.es\/download\/memoria-final-proyecto-formacion-en-centros-contrato-programa-equidad-fase-i\">Memoria final PFC contrato-programa centros promotores equidad Fase II y III 2020-2021<\/a><\/li>\n<\/ul>\n<\/div>\n<\/div>\n<\/div>\n<\/div>\n<\/div>\n<\/div>\n<\/div>\n<div class=\"w3eden\">\n<div class=\"link-template-default card mb-2\">\n<div class=\"card-body\">\n<div class=\"media stack-xs\">\n<div class=\"media-body\">\n<div class=\"media\">\n<div class=\"mr-3 img-48\"><\/div>\n<div class=\"media-body\">\n<ul>\n<li class=\"package-title\"><a href=\"http:\/\/cproviedo.es\/download\/memoria-final-proyecto-formacion-en-centros-contrato-programa-fase-iii-y-iv\">Memoria final Proyecto Formaci\u00f3n en centros Contrato Programa Fase IV<\/a><\/li>\n<\/ul>\n<\/div>\n<\/div>\n<\/div>\n<\/div>\n<\/div>\n<\/div>\n<\/div>\n<div class=\"fusion-layout-column fusion_builder_column fusion_builder_column_1_4 fusion-builder-column-2 fusion-one-fourth fusion-column-last .fusion-title-size-four, h4 { margin-top: 0.5em; margin-bottom: 0.5em; } 1_4\">\n<div class=\"fusion-column-wrapper\" data-bg-url=\"\">\n<div class=\"fusion-clearfix\">\n<hr \/>\n<\/div>\n<\/div>\n<\/div>\n<p><a href=\"https:\/\/www.educastur.es\/-\/instrucciones-y-convocatoria-de-proyectos-de-formacion-en-centros-educativos?redirect=https%3A%2F%2Fwww.educastur.es%2Finicio%3Fp_p_id%3D101_INSTANCE_QSFUm4QpFZ6Q%26p_p_lifecycle%3D0%26p_p_state%3Dnormal%26p_p_mode%3Dview%26p_p_col_id%3Dcolumn-1%26p_p_col_pos%3D4%26p_p_col_count%3D24\"><span style=\"color: #800080\"><strong>Noticia publicada en Educastur 29\/09\/2021<\/strong><\/span><\/a><\/p>\n<p><strong>INSTRUCCIONES <\/strong>de la Direcci\u00f3n General de Ordenaci\u00f3n, evaluaci\u00f3n y equidad educativa para la organizaci\u00f3n de los Proyectos de formaci\u00f3n en centros en los centros educativos p\u00fablicos y con ense\u00f1anzas sostenidas con fondos p\u00fablicos\u00a0de niveles no universitarios del Principado de Asturias.<\/p>\n<ul>\n<li><a href=\"https:\/\/www.educastur.es\/documents\/10531\/40404\/2021-09-pro-forma-proy-formacion-centros-21-22.pdf\/82796c92-6f6d-4fb0-bc6e-db1a85d2a21a\" target=\"_blank\" rel=\"noopener noreferrer\">Instrucciones y convocatoria de Proyectos de Formaci\u00f3n en centros<\/a> (pdf)<\/li>\n<li><a href=\"https:\/\/www.educastur.es\/documents\/10531\/40404\/2021-09-pro-forma-formacion-centros-Anexos-I-II.doc\/e5f2f85d-b047-4c22-b55f-027f63a0a63d\">Anexos I y II. Solicitud y guion del proyecto<\/a>\u00a0(doc)<\/li>\n<\/ul>\n<p><img loading=\"lazy\" decoding=\"async\" class=\" aligncenter\" src=\"https:\/\/encrypted-tbn0.gstatic.com\/images?q=tbn:ANd9GcTR28kVyfgd3qwCkn2ICP6JNBpKea-RZS3fF5sLEuFyAkmWuml3Qyn-alg-FidZmJD8Ug&amp;usqp=CAU\" width=\"328\" height=\"35\" \/><\/p>\n<p style=\"text-align: center\"><em><span style=\"font-size: 14pt\"><strong><span style=\"color: #800080\">Mi\u00e9rcoles 20\/10\/2021<\/span><\/strong><\/span><\/em><\/p>\n<p style=\"text-align: center\"><a href=\"https:\/\/tinypix.top\/images\/2021\/10\/20\/voPLT.jpg\"><img loading=\"lazy\" decoding=\"async\" class=\"alignnone\" src=\"https:\/\/tinypix.top\/images\/2021\/10\/20\/voPLT.jpg\" alt=\"\" width=\"1442\" height=\"788\" \/><\/a><\/p>\n<p style=\"text-align: center\">Funciones de la<strong> representante de Formaci\u00f3n en el CPR,<br \/>\nprincipalmente servir de Comunicaci\u00f3n Cole-CPR<br \/>\n<\/strong><\/p>\n<ul>\n<li><span style=\"color: #008080\">Ya les hice llegar las propuestas que me envi\u00e1steis v\u00eda email.<\/span><\/li>\n<li><strong><span style=\"color: #008080\"><span style=\"color: #800080\">Este a\u00f1o habr\u00e1 Cursos presenciales<\/span>, en unos d\u00edas colgar\u00e1n propuestas!!!<\/span><\/strong><\/li>\n<\/ul>\n<p style=\"text-align: center\"><a href=\"https:\/\/tinypix.top\/images\/2021\/10\/20\/voNA9.jpg\"><img loading=\"lazy\" decoding=\"async\" class=\"alignnone\" src=\"https:\/\/tinypix.top\/images\/2021\/10\/20\/voNA9.jpg\" alt=\"\" width=\"1467\" height=\"808\" \/><\/a><\/p>\n<p style=\"text-align: center\"><strong>\u00bfQu\u00e9 nos van a ofrecer?<\/strong><\/p>\n<p style=\"text-align: center\"><a href=\"https:\/\/tinypix.top\/images\/2021\/10\/20\/vofap.jpg\"><img loading=\"lazy\" decoding=\"async\" class=\"alignnone\" src=\"https:\/\/tinypix.top\/images\/2021\/10\/20\/vofap.jpg\" alt=\"\" width=\"1433\" height=\"798\" \/><\/a><\/p>\n<p style=\"text-align: center\"><span style=\"color: #008080\">El objetivo es <strong>trabajar por una transformaci\u00f3n pedagogica en centros:<br \/>\n<\/strong> + Innovadores + Inclusivos + Sostenibles y + Digitales<\/span><\/p>\n<p style=\"text-align: center\"><img loading=\"lazy\" decoding=\"async\" class=\"alignnone \" src=\"https:\/\/encrypted-tbn0.gstatic.com\/images?q=tbn:ANd9GcTR28kVyfgd3qwCkn2ICP6JNBpKea-RZS3fF5sLEuFyAkmWuml3Qyn-alg-FidZmJD8Ug&amp;usqp=CAU\" width=\"253\" height=\"27\" \/><\/p>\n<p style=\"text-align: center\"><strong>Tenemos hasta el 28 de octubre para <span style=\"color: #008080\">presentar nuestro Plan de Formaci\u00f3n<\/span><\/strong><\/p>\n<p style=\"text-align: center\"><a href=\"https:\/\/tinypix.top\/images\/2021\/10\/20\/vovJg.jpg\"><img loading=\"lazy\" decoding=\"async\" class=\"alignnone\" src=\"https:\/\/tinypix.top\/images\/2021\/10\/20\/vovJg.jpg\" alt=\"\" width=\"1398\" height=\"781\" \/><\/a><\/p>\n<p style=\"text-align: center\"><strong>\u00a0<\/strong><\/p>\n<p><a href=\"https:\/\/tinypix.top\/images\/2021\/10\/20\/voi0y.jpg\"><img loading=\"lazy\" decoding=\"async\" class=\"alignnone\" src=\"https:\/\/tinypix.top\/images\/2021\/10\/20\/voi0y.jpg\" alt=\"\" width=\"1447\" height=\"806\" \/><\/a><\/p>\n<p style=\"text-align: center\"><span style=\"text-decoration: underline\"><span style=\"font-size: 14pt\"><strong>Estoy redactando la solicitud!<\/strong><\/span><\/span><br \/>\n<strong><span style=\"color: #800080\"><em>Avisadme si alguien m\u00e1s quiere \u00abinvertir\u00bb esas 20 horas, para incluirla!<\/em><\/span><\/strong><\/p>\n","protected":false},"excerpt":{"rendered":"<p>2020-2021 Modelo de Acta de reuni\u00f3n 2020-2021 Modelo de acta con Informe de progreso 2020-2021 Modelo informe tiempo no presencial Memoria final Proyectos de formaci\u00f3n en centros 2020-2021 Memoria final PFC contrato-programa centros promotores equidad Fase II y III 2020-2021 Memoria final Proyecto Formaci\u00f3n en centros Contrato Programa Fase IV Noticia publicada en Educastur 29\/09\/2021 [&hellip;]<\/p>\n","protected":false},"author":117,"featured_media":0,"parent":4660,"menu_order":0,"comment_status":"closed","ping_status":"closed","template":"","meta":{"footnotes":""},"class_list":["post-4926","page","type-page","status-publish","hentry","post-preview"],"_links":{"self":[{"href":"https:\/\/edublog.educastur.es\/corredoria3\/wp-json\/wp\/v2\/pages\/4926","targetHints":{"allow":["GET"]}}],"collection":[{"href":"https:\/\/edublog.educastur.es\/corredoria3\/wp-json\/wp\/v2\/pages"}],"about":[{"href":"https:\/\/edublog.educastur.es\/corredoria3\/wp-json\/wp\/v2\/types\/page"}],"author":[{"embeddable":true,"href":"https:\/\/edublog.educastur.es\/corredoria3\/wp-json\/wp\/v2\/users\/117"}],"replies":[{"embeddable":true,"href":"https:\/\/edublog.educastur.es\/corredoria3\/wp-json\/wp\/v2\/comments?post=4926"}],"version-history":[{"count":10,"href":"https:\/\/edublog.educastur.es\/corredoria3\/wp-json\/wp\/v2\/pages\/4926\/revisions"}],"predecessor-version":[{"id":5012,"href":"https:\/\/edublog.educastur.es\/corredoria3\/wp-json\/wp\/v2\/pages\/4926\/revisions\/5012"}],"up":[{"embeddable":true,"href":"https:\/\/edublog.educastur.es\/corredoria3\/wp-json\/wp\/v2\/pages\/4660"}],"wp:attachment":[{"href":"https:\/\/edublog.educastur.es\/corredoria3\/wp-json\/wp\/v2\/media?parent=4926"}],"curies":[{"name":"wp","href":"https:\/\/api.w.org\/{rel}","templated":true}]}}