{"id":4969,"date":"2021-10-16T10:28:12","date_gmt":"2021-10-16T08:28:12","guid":{"rendered":"https:\/\/edublog.educastur.es\/corredoria3\/?page_id=4969"},"modified":"2021-10-27T12:32:26","modified_gmt":"2021-10-27T10:32:26","slug":"octubre","status":"publish","type":"page","link":"https:\/\/edublog.educastur.es\/corredoria3\/profes_cursos\/2021-2\/octubre\/","title":{"rendered":"Octubre"},"content":{"rendered":"<ul>\n<li><a title=\"https:\/\/www.incibe.es\/\" href=\"https:\/\/www.incibe.es\/\"><strong><span style=\"font-size: 14pt\">INCIBE<\/span><\/strong><\/a><\/li>\n<li>\n<div class=\"caption\">\n<h3><a title=\"Recomendaciones para las familias ante el \u00e9xito de El juego del calamar\" href=\"https:\/\/www.incibe.es\/sala-prensa\/notas-prensa\/recomendaciones-las-familias-el-exito-el-juego-del-calamar\">Recomendaciones para las familias ante el \u00e9xito de \u2018El juego del calamar\u2019<\/a> <small>22\/10\/2021<\/small><\/h3>\n<p><em><span style=\"font-size: 14pt\">Ya puedes consultar nuestro \u00abBolet\u00edn de Ciberseguridad\u00bb con toda la actualidad en ciberseguridad en INCIBE y nuestros portales del 18 al 22 de octubre de 2021.<\/span><\/em><\/p>\n<h2><img loading=\"lazy\" decoding=\"async\" class=\"alignnone aligncenter\" src=\"https:\/\/encrypted-tbn0.gstatic.com\/images?q=tbn:ANd9GcTR28kVyfgd3qwCkn2ICP6JNBpKea-RZS3fF5sLEuFyAkmWuml3Qyn-alg-FidZmJD8Ug&amp;usqp=CAU\" width=\"291\" height=\"31\" \/><\/h2>\n<\/div>\n<\/li>\n<\/ul>\n<h2><\/h2>\n<h2 style=\"text-align: center\"><img loading=\"lazy\" decoding=\"async\" class=\"alignnone size-medium\" src=\"https:\/\/enlinea.intef.es\/static\/enlinea\/images\/logo.c8a9a49212ef.png\" width=\"600\" height=\"87\" \/><\/h2>\n<ul>\n<li><a href=\"https:\/\/enlinea.intef.es\/courses\"><span style=\"font-size: 14pt\">M\u00e1s cursos del INTEF<\/span><\/a><\/li>\n<\/ul>\n<h2><img loading=\"lazy\" decoding=\"async\" class=\"alignnone aligncenter\" src=\"https:\/\/encrypted-tbn0.gstatic.com\/images?q=tbn:ANd9GcTR28kVyfgd3qwCkn2ICP6JNBpKea-RZS3fF5sLEuFyAkmWuml3Qyn-alg-FidZmJD8Ug&amp;usqp=CAU\" width=\"338\" height=\"36\" \/><\/h2>\n<h1 style=\"text-align: center\"><span style=\"font-size: 18pt\">Familias digitales: qu\u00e9 hacer si falla tu ordenador FAD<\/span><\/h1>\n<p style=\"text-align: center\"><a href=\"https:\/\/enlinea.intef.es\/courses\/course-v1:FAD+FamiliasDig1+2021_ED1\/about\"><img loading=\"lazy\" decoding=\"async\" class=\"alignnone\" src=\"https:\/\/enlinea.intef.es\/asset-v1:FAD+FamiliasDig1+2021_ED1+type@asset+block@caja_inscripcio_n_1.png\" alt=\"\" width=\"234\" height=\"200\" \/><\/a><\/p>\n<ul>\n<li><a href=\"https:\/\/enlinea.intef.es\/courses\/course-v1:FAD+FamiliasDig1+2021_ED1\/about\"><span style=\"font-size: 14pt\">Informaci\u00f3n<\/span><\/a><\/li>\n<\/ul>\n<h2><img loading=\"lazy\" decoding=\"async\" class=\"alignnone aligncenter\" src=\"https:\/\/encrypted-tbn0.gstatic.com\/images?q=tbn:ANd9GcTR28kVyfgd3qwCkn2ICP6JNBpKea-RZS3fF5sLEuFyAkmWuml3Qyn-alg-FidZmJD8Ug&amp;usqp=CAU\" width=\"338\" height=\"36\" \/><\/h2>\n<h2 class=\"entry-title fusion-post-title\">CPR Cuencas<\/h2>\n<p style=\"text-align: center\"><a href=\"https:\/\/www.educastur.es\/-\/curso-cpr-cuencas.-desarrollo-de-la-funci%C3%B3n-directiva?redirect=%2Fnoticias%3Fp_p_id%3Dcom_liferay_asset_publisher_web_portlet_AssetPublisherPortlet_INSTANCE_N10UevhIblO3%26p_p_lifecycle%3D0%26p_p_state%3Dnormal%26p_p_mode%3Dview%26_com_liferay_asset_publisher_web_portlet_AssetPublisherPortlet_INSTANCE_N10UevhIblO3_delta%3D12%26p_r_p_resetCur%3Dfalse%26_com_liferay_asset_publisher_web_portlet_AssetPublisherPortlet_INSTANCE_N10UevhIblO3_cur%3D2\"><img loading=\"lazy\" decoding=\"async\" class=\"alignnone\" src=\"https:\/\/www.educastur.es\/documents\/34868\/37707\/2021-10-forma-CPRCuencas-curso-direccion-1060.jpg\/d80b7ac7-aeb2-266c-aa00-f477e41f33d4?t=1634888822351\" alt=\"\" width=\"191\" height=\"191\" \/><\/a><\/p>\n<ul>\n<li><a href=\"https:\/\/www.educastur.es\/-\/curso-cpr-cuencas.-desarrollo-de-la-funci%C3%B3n-directiva?redirect=%2Fnoticias%3Fp_p_id%3Dcom_liferay_asset_publisher_web_portlet_AssetPublisherPortlet_INSTANCE_N10UevhIblO3%26p_p_lifecycle%3D0%26p_p_state%3Dnormal%26p_p_mode%3Dview%26_com_liferay_asset_publisher_web_portlet_AssetPublisherPortlet_INSTANCE_N10UevhIblO3_delta%3D12%26p_r_p_resetCur%3Dfalse%26_com_liferay_asset_publisher_web_portlet_AssetPublisherPortlet_INSTANCE_N10UevhIblO3_cur%3D2\">Curso semipresencial \u00abDesarrollo de la Funci\u00f3n Directiva\u00bb<\/a><\/li>\n<li><a href=\"https:\/\/www.educastur.es\/documents\/34868\/38583\/2021-10-forma-CPRCuencas-curso-funcion-directiva.pdf\/24bca8db-6fb5-ffbb-e83d-facb7ef6a728?t=1634888863822\">PDF informativo<\/a><\/li>\n<li>\n<ul>\n<li><strong>Calendario: <\/strong>del 16 de noviembre de 2021 al 4 de marzo de 2022.<\/li>\n<li><strong>Sesiones presenciales: <\/strong>CPR Cuencas Mineras. Sede Mieres (IES Bernaldo de Quir\u00f3s).<\/li>\n<li><strong>Inscripci\u00f3n<\/strong><\/li>\n<li><strong>Plazo: <\/strong>del 21 de octubre al 9 de noviembre de 2021.<\/li>\n<li><strong>Procedimiento:<\/strong> <a href=\"https:\/\/forms.office.com\/pages\/responsepage.aspx?id=O26jiJ_XK0qNtkwG0Jc4IUzKlt3i2PhEn9kB85On2SlUQkRONDhIUDAwMFROU1NLNVQyUFFTRFhJSC4u\" target=\"_blank\" rel=\"noopener\">formulario<\/a><\/li>\n<li><strong>M\u00e1s informaci\u00f3n: \u00a0<\/strong><a href=\"https:\/\/www.educastur.es\/documents\/34868\/38583\/2021-10-forma-CPRCuencas-curso-funcion-directiva.pdf\/24bca8db-6fb5-ffbb-e83d-facb7ef6a728?t=1634888863822\" target=\"_blank\" rel=\"noopener\">Ficha informativa del curso<\/a> (pdf)<\/li>\n<\/ul>\n<\/li>\n<\/ul>\n<p><img loading=\"lazy\" decoding=\"async\" class=\"alignnone aligncenter\" src=\"https:\/\/encrypted-tbn0.gstatic.com\/images?q=tbn:ANd9GcTR28kVyfgd3qwCkn2ICP6JNBpKea-RZS3fF5sLEuFyAkmWuml3Qyn-alg-FidZmJD8Ug&amp;usqp=CAU\" width=\"338\" height=\"36\" \/><\/p>\n<div class=\"post-content\">\n<p>El viernes 29 de octubre termina el plazo para inscribirse en el curso<span style=\"color: #008080;font-size: 14pt\"> <strong>Espresi\u00f3n oral n\u2019asturiano. Ortolox\u00eda: dicci\u00f3n y entonaci\u00f3n<\/strong><\/span> en el CPR Avil\u00e9s- Occidente.<\/p>\n<ul>\n<li><a href=\"https:\/\/educastur-my.sharepoint.com\/personal\/isabelvm_educastur_org\/_layouts\/15\/onedrive.aspx?id=%2Fpersonal%2Fisabelvm%5Feducastur%5Forg%2FDocuments%2FTR%C3%8DPTICOS%2FCURSU%20D%C3%81STURIANU%2Epdf&amp;parent=%2Fpersonal%2Fisabelvm%5Feducastur%5Forg%2FDocuments%2FTR%C3%8DPTICOS&amp;originalPath=aHR0cHM6Ly9lZHVjYXN0dXItbXkuc2hhcmVwb2ludC5jb20vOmI6L2cvcGVyc29uYWwvaXNhYmVsdm1fZWR1Y2FzdHVyX29yZy9FY1FYbEZBT3hPTkxsak43NUdzaXJQRUJKQnNHTTAycjhvNmprdlM5NndfWU9nP3J0aW1lPUlQRy1DaUtaMlVn\" target=\"_blank\" rel=\"noopener noreferrer\">Tr\u00edptico del curso<\/a><\/li>\n<li><a href=\"https:\/\/forms.office.com\/Pages\/ResponsePage.aspx?id=O26jiJ_XK0qNtkwG0Jc4IXv-iBGJgX5Oj8Hzc29Q8ghUNzVMMDdMRUU2VEVDNEtIV1BYMTBFUkdNUC4u\" target=\"_blank\" rel=\"noopener noreferrer\">Acceso al formulario de inscripci\u00f3n<\/a><\/li>\n<\/ul>\n<\/div>\n<p><img loading=\"lazy\" decoding=\"async\" class=\"alignnone aligncenter\" src=\"https:\/\/encrypted-tbn0.gstatic.com\/images?q=tbn:ANd9GcTR28kVyfgd3qwCkn2ICP6JNBpKea-RZS3fF5sLEuFyAkmWuml3Qyn-alg-FidZmJD8Ug&amp;usqp=CAU\" width=\"338\" height=\"36\" \/><\/p>\n<p style=\"text-align: center\"><a href=\"https:\/\/cprcuencasmineras.es\/cursos\/show\/viii-jornadas-de-educacion-para-la-igualdad-espacios-para-coeducar-2\"><img loading=\"lazy\" decoding=\"async\" class=\"alignnone\" src=\"https:\/\/tinypix.top\/images\/2021\/10\/21\/voESA.jpg\" alt=\"\" width=\"743\" height=\"525\" \/><\/a><\/p>\n<ul>\n<li><a href=\"https:\/\/cprcuencasmineras.es\">CPR Cuencas<\/a><\/li>\n<li><a href=\"https:\/\/cprcuencasmineras.es\/cursos\/show\/viii-jornadas-de-educacion-para-la-igualdad-espacios-para-coeducar-2\">Actividad: VIII JORNADAS DE EDUCACI\u00d3N PARA LA IGUALDAD: ESPACIOS PARA COEDUCAR<\/a><\/li>\n<li><strong>Horario: <\/strong>Viernes 19 de Noviembre: de 16.00 a 19.30 horas. \/ S\u00e1bado 20 de Noviembre: de 10.00 a 14.00 horas.<\/li>\n<li><a href=\"https:\/\/www.instagram.com\/p\/CVSqYNtsEqY\/\">Visto en Instagram<\/a><\/li>\n<\/ul>\n<p><img loading=\"lazy\" decoding=\"async\" class=\"alignnone aligncenter\" src=\"https:\/\/encrypted-tbn0.gstatic.com\/images?q=tbn:ANd9GcTR28kVyfgd3qwCkn2ICP6JNBpKea-RZS3fF5sLEuFyAkmWuml3Qyn-alg-FidZmJD8Ug&amp;usqp=CAU\" width=\"338\" height=\"36\" \/><\/p>\n<div class=\"row-fluid un-curso odd\">\n<ul>\n<li class=\"span25 nombre-curso\"><strong><a class=\"curso\" title=\"ESTRATEGIAS INCLUSIVAS DE PREVENCI\u00d3N Y ESTIMULACI\u00d3N COMUNICATIVA PARA EL PROFESORADO DE AUDICI\u00d3N Y LENGUAJE\" href=\"https:\/\/cprcuencasmineras.es\/cursos\/show\/estrategias-inclusivasde-prevencion-y-estimulacion-comunicativa-para-el-profesorado-de-audicion-y-lenguaje\">ESTRATEGIAS INCLUSIVAS DE PREVENCI\u00d3N Y ESTIMULACI\u00d3N<br \/>\nCOMUNICATIVA PARA EL PROFESORADO DE AUDICI\u00d3N Y LENGUAJE<\/a><\/strong><\/li>\n<li class=\"span23 opciones\"><a class=\"mas-info\" title=\"M\u00e1s informaci\u00f3n\" href=\"https:\/\/cprcuencasmineras.es\/cursos\/show\/estrategias-inclusivasde-prevencion-y-estimulacion-comunicativa-para-el-profesorado-de-audicion-y-lenguaje\">M\u00e1s informaci\u00f3n<\/a><\/li>\n<li class=\"span23 opciones\"><a class=\"inscripcion\" title=\"Inscripci\u00f3n\" href=\"https:\/\/cprcuencasmineras.es\/cursos\/inscripcion\/estrategias-inclusivasde-prevencion-y-estimulacion-comunicativa-para-el-profesorado-de-audicion-y-lenguaje\">Inscripci\u00f3n<\/a><\/li>\n<\/ul>\n<p><img loading=\"lazy\" decoding=\"async\" class=\"alignnone aligncenter\" src=\"https:\/\/encrypted-tbn0.gstatic.com\/images?q=tbn:ANd9GcTR28kVyfgd3qwCkn2ICP6JNBpKea-RZS3fF5sLEuFyAkmWuml3Qyn-alg-FidZmJD8Ug&amp;usqp=CAU\" width=\"338\" height=\"36\" \/><\/p>\n<\/div>\n<div class=\"top_div clearfix\">\n<ul>\n<li class=\"top_titulo_apartado\"><a href=\"http:\/\/cproviedo.es\/formacion#actividadesconvocadas\">\u00daltimas actividades convocadas CPR Oviedo<\/a><\/li>\n<\/ul>\n<\/div>\n<div>\n<table class=\"tabla_actividad\">\n<tbody>\n<tr>\n<td class=\"celda\">\n<ul>\n<li><a href=\"http:\/\/www.cproviedo.es\/gestor\/admin\/lis_informe.php?id=2097\" target=\"_blank\" rel=\"noopener\">XXI SEMANA DE LA CIENCIA Y LA TECNOLOG\u00cdA<br \/>\nDE LA UNIVERSIDAD DE OVIEDO<strong> (8-12 Noviembre)<\/strong><\/a><\/li>\n<\/ul>\n<\/td>\n<td class=\"celda tit_nowrap\"><a href=\"http:\/\/www.cproviedo.es\/gestor\/admin\/lis_diptico.php?id=2097\" target=\"_blank\" rel=\"noopener\">D\u00edptico PDF<\/a><\/td>\n<td class=\"celda tit_nowrap\"><a href=\"http:\/\/www.cproviedo.es\/gestor\/inscri1.php?idAct=2097\">Inscribirse en<br \/>\nesta actividad<\/a><\/td>\n<\/tr>\n<\/tbody>\n<\/table>\n<\/div>\n<div class=\"top_div clearfix\">\n<div class=\"top_titulo_apartado\"><img loading=\"lazy\" decoding=\"async\" class=\"alignnone aligncenter\" src=\"https:\/\/encrypted-tbn0.gstatic.com\/images?q=tbn:ANd9GcTR28kVyfgd3qwCkn2ICP6JNBpKea-RZS3fF5sLEuFyAkmWuml3Qyn-alg-FidZmJD8Ug&amp;usqp=CAU\" width=\"338\" height=\"36\" \/><\/div>\n<\/div>\n<p style=\"text-align: center\"><a href=\"https:\/\/programaiaap.asturias.es\/programa-mensual?p_p_id=ViewerPortletIaap_INSTANCE_n1I9sp6U0amb&amp;p_p_lifecycle=0&amp;p_r_p_contentId=1569264\">Programa del IAAP de octubre<img loading=\"lazy\" decoding=\"async\" class=\"aligncenter\" src=\"https:\/\/programaiaap.asturias.es\/documents\/30735\/32527\/2021_10_portada.jpg\/d3c8b801-994e-5f5e-2cb3-38081314b88f?t=1631793820760\" alt=\"\" width=\"512\" height=\"242\" \/><\/a><\/p>\n","protected":false},"excerpt":{"rendered":"<p>INCIBE Recomendaciones para las familias ante el \u00e9xito de \u2018El juego del calamar\u2019 22\/10\/2021 Ya puedes consultar nuestro \u00abBolet\u00edn de Ciberseguridad\u00bb con toda la actualidad en ciberseguridad en INCIBE y nuestros portales del 18 al 22 de octubre de 2021. M\u00e1s cursos del INTEF Familias digitales: qu\u00e9 hacer si falla tu ordenador FAD Informaci\u00f3n CPR [&hellip;]<\/p>\n","protected":false},"author":117,"featured_media":0,"parent":4980,"menu_order":0,"comment_status":"closed","ping_status":"closed","template":"","meta":{"footnotes":""},"class_list":["post-4969","page","type-page","status-publish","hentry","post-preview"],"_links":{"self":[{"href":"https:\/\/edublog.educastur.es\/corredoria3\/wp-json\/wp\/v2\/pages\/4969","targetHints":{"allow":["GET"]}}],"collection":[{"href":"https:\/\/edublog.educastur.es\/corredoria3\/wp-json\/wp\/v2\/pages"}],"about":[{"href":"https:\/\/edublog.educastur.es\/corredoria3\/wp-json\/wp\/v2\/types\/page"}],"author":[{"embeddable":true,"href":"https:\/\/edublog.educastur.es\/corredoria3\/wp-json\/wp\/v2\/users\/117"}],"replies":[{"embeddable":true,"href":"https:\/\/edublog.educastur.es\/corredoria3\/wp-json\/wp\/v2\/comments?post=4969"}],"version-history":[{"count":14,"href":"https:\/\/edublog.educastur.es\/corredoria3\/wp-json\/wp\/v2\/pages\/4969\/revisions"}],"predecessor-version":[{"id":5029,"href":"https:\/\/edublog.educastur.es\/corredoria3\/wp-json\/wp\/v2\/pages\/4969\/revisions\/5029"}],"up":[{"embeddable":true,"href":"https:\/\/edublog.educastur.es\/corredoria3\/wp-json\/wp\/v2\/pages\/4980"}],"wp:attachment":[{"href":"https:\/\/edublog.educastur.es\/corredoria3\/wp-json\/wp\/v2\/media?parent=4969"}],"curies":[{"name":"wp","href":"https:\/\/api.w.org\/{rel}","templated":true}]}}