{"id":5006,"date":"2021-10-20T19:55:32","date_gmt":"2021-10-20T17:55:32","guid":{"rendered":"https:\/\/edublog.educastur.es\/corredoria3\/?page_id=5006"},"modified":"2021-12-28T20:29:36","modified_gmt":"2021-12-28T18:29:36","slug":"diciembre","status":"publish","type":"page","link":"https:\/\/edublog.educastur.es\/corredoria3\/profes_cursos\/2021-2\/diciembre\/","title":{"rendered":"Diciembre"},"content":{"rendered":"<div class=\"\" dir=\"auto\">\n<div class=\"\" dir=\"auto\">\n<div class=\"ecm0bbzt hv4rvrfc ihqw7lf3 dati1w0a\" data-ad-comet-preview=\"message\" data-ad-preview=\"message\">\n<div class=\"j83agx80 cbu4d94t ew0dbk1b irj2b8pg\">\n<div class=\"qzhwtbm6 knvmm38d\">\n<div class=\"kvgmc6g5 cxmmr5t8 oygrvhab hcukyx3x c1et5uql ii04i59q\">\n<div dir=\"auto\" style=\"text-align: center\"><a href=\"https:\/\/tinypix.top\/images\/2021\/12\/28\/SE5OZ.jpg\"><img loading=\"lazy\" decoding=\"async\" class=\"alignnone\" src=\"https:\/\/tinypix.top\/images\/2021\/12\/28\/SE5OZ.jpg\" alt=\"\" width=\"244\" height=\"244\" \/><\/a><\/div>\n<div dir=\"auto\"><\/div>\n<div dir=\"auto\" style=\"text-align: center\"><a href=\"http:\/\/www.cpravilesoccidente.es\/p\/actividades-de-formacion.html\"><strong><span style=\"font-size: 14pt\">CPR de Avil\u00e9s<\/span><\/strong><\/a><\/div>\n<div dir=\"auto\">\n<div class=\"top_div clearfix\">\n<div class=\"top_titulo_apartado\">\u00daltimas actividades convocadas en fase de<strong> inscripci\u00f3n hasta 11 de ENERO<\/strong><\/div>\n<\/div>\n<div>\n<table class=\"tabla_actividad\">\n<tbody>\n<tr>\n<td class=\"celda\">\n<ul>\n<li><a href=\"http:\/\/proyectoscprgijon.es\/gestoraviles\/admin\/lis_informe.php?id=6397\" target=\"_blank\" rel=\"noopener\">CURSO_ABP EN PRIMARIA Y SECUNDARIA: TEOR\u00cdA Y PR\u00c1CTICA<\/a><\/li>\n<\/ul>\n<\/td>\n<td class=\"celda tit_nowrap\"><a href=\"http:\/\/proyectoscprgijon.es\/gestoraviles\/admin\/lis_diptico.php?id=6397\" target=\"_blank\" rel=\"noopener\">D\u00edptico PDF<\/a><\/td>\n<td class=\"celda tit_nowrap\"><a href=\"http:\/\/proyectoscprgijon.es\/gestoraviles\/inscri1.php?idAct=6397\">Inscribirse en<br \/>\nesta actividad<\/a><\/td>\n<\/tr>\n<tr>\n<td class=\"celda\" style=\"text-align: center\"><strong><span style=\"color: #800080\"><em><span style=\"font-size: 12pt\">Recordad que pode\u00eds inscribiros,<br \/>\naunque no sea nuestro \u00e1mbito del CPR y,<br \/>\nsi sobran plazas, las adjudican por orden de inscripci\u00f3n.<br \/>\nAnimaros, si os interesa!!!<\/span><\/em><\/span><\/strong><\/td>\n<td class=\"celda tit_nowrap\"><\/td>\n<td class=\"celda tit_nowrap\"><\/td>\n<\/tr>\n<\/tbody>\n<\/table>\n<\/div>\n<\/div>\n<\/div>\n<div dir=\"auto\">\n<hr \/>\n<\/div>\n<div class=\"kvgmc6g5 cxmmr5t8 oygrvhab hcukyx3x c1et5uql ii04i59q\">\n<div dir=\"auto\" style=\"text-align: center\"><span style=\"font-size: 14pt\"><a href=\"https:\/\/cprcuencasmineras.es\/cursos\/index\/pag\/1\"><strong>CPR Cuencas Mineras<\/strong><\/a><\/span><\/div>\n<div dir=\"auto\">\n<div class=\"row-fluid un-curso odd\">\n<ul>\n<li class=\"span25 nombre-curso\"><a class=\"curso\" title=\"U.F 8: HERRAMIENTAS PARA LA AUTORREGULACI\u00d3N Y EL APRENDIZAJE\" href=\"https:\/\/cprcuencasmineras.es\/cursos\/show\/uf-herramientas-para-la-autorregulacion-y-el-aprendizaje\">U.F 8: <strong>HERRAMIENTAS PARA LA AUTORREGULACI\u00d3N Y EL APRENDIZAJE<\/strong><\/a><\/li>\n<\/ul>\n<div class=\"span23 opciones\"><a class=\"mas-info\" title=\"M\u00e1s informaci\u00f3n\" href=\"https:\/\/cprcuencasmineras.es\/cursos\/show\/uf-herramientas-para-la-autorregulacion-y-el-aprendizaje\">M\u00e1s informaci\u00f3n<\/a> <a class=\"inscripcion\" title=\"Inscripci\u00f3n\" href=\"https:\/\/cprcuencasmineras.es\/cursos\/inscripcion\/uf-herramientas-para-la-autorregulacion-y-el-aprendizaje\">Inscripci\u00f3n<\/a><\/div>\n<\/div>\n<div class=\"row-fluid un-curso even\">\n<ul>\n<li class=\"span25 nombre-curso\"><em><a class=\"curso\" title=\"U.F. 7: ABP, UNA PROPUESTA EFICAZ PARA EL DESARROLLO COMPETENCIAL\" href=\"https:\/\/cprcuencasmineras.es\/cursos\/show\/uf-abp-una-propuesta-eficaz-para-el-desarrollo-competencial\">U.F. 7: <strong>ABP, UNA PROPUESTA EFICAZ PARA EL DESARROLLO COMPETENCIAL<\/strong><\/a><\/em><\/li>\n<li><em><strong>Recomendable!!!<\/strong> <span class=\"campo\"><b><a href=\"https:\/\/fernandotrujillo.es\/sobre-mi\/\">\u00a0Fernando Trujillo S\u00e1ez.<\/a> <\/b>Profesor titular de la Universidad de Granada y socio fundador de Conecta 13. . <\/span><\/em><\/li>\n<li>\n<div class=\"row-fluid\"><span class=\"nombre-campo\"><strong>Material adicional<\/strong><\/span> <span class=\"campo\"><a title=\"Descargar D\u00cdPTICO TRUJILLO\" href=\"https:\/\/cprcuencasmineras.es\/cursos\/download_documento\/401\">D\u00cdPTICO TRUJILLO<\/a><\/span><\/div>\n<\/li>\n<li class=\"span23 opciones\"><em><a class=\"mas-info\" title=\"M\u00e1s informaci\u00f3n\" href=\"https:\/\/cprcuencasmineras.es\/cursos\/show\/uf-abp-una-propuesta-eficaz-para-el-desarrollo-competencial\">M\u00e1s informaci\u00f3n<\/a> <\/em><\/li>\n<li class=\"span23 opciones\"><a class=\"inscripcion\" title=\"Inscripci\u00f3n\" href=\"https:\/\/cprcuencasmineras.es\/cursos\/inscripcion\/uf-abp-una-propuesta-eficaz-para-el-desarrollo-competencial\"><em><strong>Inscripci\u00f3n: Ser\u00e1 el Mi\u00e9rcoles 26 Enero \/ 3 horas \/ TEAMS<\/strong><\/em><\/a><\/li>\n<\/ul>\n<\/div>\n<div class=\"row-fluid un-curso odd\">\n<ul>\n<li class=\"span25 nombre-curso\"><a class=\"curso\" title=\"U.F.4: LA BIBLIOTECA ESCOLAR: ESENCIA INNOVADORA DE LOS CENTROS EDUCATIVOS \" href=\"https:\/\/cprcuencasmineras.es\/cursos\/show\/uf-la-biblioteca-esolar-esencia-innovadora-de-los-centros-educativos\">U.F.4: <strong>LA BIBLIOTECA ESCOLAR: ESENCIA INNOVADORA DE LOS CENTROS EDUCATIVOS<\/strong> <\/a><\/li>\n<\/ul>\n<div class=\"span23 opciones\"><a class=\"mas-info\" title=\"M\u00e1s informaci\u00f3n\" href=\"https:\/\/cprcuencasmineras.es\/cursos\/show\/uf-la-biblioteca-esolar-esencia-innovadora-de-los-centros-educativos\">M\u00e1s informaci\u00f3n<\/a> <a class=\"inscripcion\" title=\"Inscripci\u00f3n\" href=\"https:\/\/cprcuencasmineras.es\/cursos\/inscripcion\/uf-la-biblioteca-esolar-esencia-innovadora-de-los-centros-educativos\">Inscripci\u00f3n<\/a><\/div>\n<div>\n<hr \/>\n<\/div>\n<\/div>\n<\/div>\n<div dir=\"auto\"><\/div>\n<div dir=\"auto\"><span style=\"color: #800080\"><strong><span class=\"pq6dq46d tbxw36s4 knj5qynh kvgmc6g5 ditlmg2l oygrvhab nvdbi5me sf5mxxl7 gl3lb2sf hhz5lgdu\"><img loading=\"lazy\" decoding=\"async\" src=\"https:\/\/static.xx.fbcdn.net\/images\/emoji.php\/v9\/tfe\/1.5\/16\/203c.png\" alt=\"\u203c\ufe0f\" width=\"16\" height=\"16\" \/><\/span>Fin plazo inscripci\u00f3n <span class=\"pq6dq46d tbxw36s4 knj5qynh kvgmc6g5 ditlmg2l oygrvhab nvdbi5me sf5mxxl7 gl3lb2sf hhz5lgdu\"><img loading=\"lazy\" decoding=\"async\" src=\"https:\/\/static.xx.fbcdn.net\/images\/emoji.php\/v9\/t58\/1.5\/16\/1f4c6.png\" alt=\"?\" width=\"16\" height=\"16\" \/><\/span><span class=\"pq6dq46d tbxw36s4 knj5qynh kvgmc6g5 ditlmg2l oygrvhab nvdbi5me sf5mxxl7 gl3lb2sf hhz5lgdu\"><img loading=\"lazy\" decoding=\"async\" src=\"https:\/\/static.xx.fbcdn.net\/images\/emoji.php\/v9\/td1\/1.5\/16\/33_20e3.png\" alt=\"3\u20e3\" width=\"16\" height=\"16\" \/><\/span><span class=\"pq6dq46d tbxw36s4 knj5qynh kvgmc6g5 ditlmg2l oygrvhab nvdbi5me sf5mxxl7 gl3lb2sf hhz5lgdu\"><img loading=\"lazy\" decoding=\"async\" src=\"https:\/\/static.xx.fbcdn.net\/images\/emoji.php\/v9\/t93\/1.5\/16\/31_20e3.png\" alt=\"1\u20e3\" width=\"16\" height=\"16\" \/><\/span> de diciembre finaliza el plazo de solicitud<\/strong><\/span>de la <strong><span style=\"color: #008080\">formaci\u00f3n que se realiza en enero y febrero<\/span><\/strong><\/div>\n<div dir=\"auto\"><span class=\"pq6dq46d tbxw36s4 knj5qynh kvgmc6g5 ditlmg2l oygrvhab nvdbi5me sf5mxxl7 gl3lb2sf hhz5lgdu\"><img loading=\"lazy\" decoding=\"async\" src=\"https:\/\/static.xx.fbcdn.net\/images\/emoji.php\/v9\/t9\/1.5\/16\/1f3af.png\" alt=\"?\" width=\"16\" height=\"16\" \/><\/span> Inscripciones en\u00a0<a class=\"oajrlxb2 g5ia77u1 qu0x051f esr5mh6w e9989ue4 r7d6kgcz rq0escxv nhd2j8a9 nc684nl6 p7hjln8o kvgmc6g5 cxmmr5t8 oygrvhab hcukyx3x jb3vyjys rz4wbd8a qt6c0cv9 a8nywdso i1ao9s8h esuyzwwr f1sip0of lzcic4wl gpro0wi8 py34i1dx\" role=\"link\" href=\"https:\/\/programaiaap.asturias.es\/programas-del-iaap?fbclid=IwAR1M25AJ8YJGKKusTEjGoi9wmn3jkZkXip5EAaPGqn-QoVI8a4DK5XxHdvg\" target=\"_blank\" rel=\"nofollow noopener\">https:\/\/programaiaap.asturias.es\/programas-del-iaap<\/a><\/div>\n<ul>\n<li><a href=\"https:\/\/programaiaap.asturias.es\/programa-mensual?p_r_p_contentId=1695677\">Programa Mes de Diciembre<\/a><\/li>\n<li><a title=\"Programa FG\" href=\"https:\/\/programaiaap.asturias.es\/documents\/30735\/1745560\/Formacion_General_1sem_2022.pdf\/82e85c85-0b5b-d706-e594-3aac313587fa\" target=\"_blank\" rel=\"noopener\">Puedes consultar el <strong>programa del semestre completo<\/strong> aqu\u00ed<\/a><\/li>\n<li><a href=\"https:\/\/programaiaap.asturias.es\/programa-mensual?p_p_id=ViewerPortletIaap_INSTANCE_ESrEB78dWsYy&amp;p_p_lifecycle=0&amp;p_p_state=normal&amp;p_p_mode=view&amp;p_r_p_contentId=1745738&amp;p_r_p_action=next\">\u00c1reas tem\u00e1ticas<\/a><\/li>\n<li>\n<div class=\"subtitulo-grupo\"><strong><span style=\"color: #800080\">APLICACIONES INFORM\u00c1TICAS DE OFICINA<\/span><\/strong><\/div>\n<div class=\"formacion-transversal-cursos\">\n<div class=\"formacion-transversal-curso row\">\n<div class=\"columna nuevo-curso col-md-1\"><\/div>\n<div class=\"columna accion-formativa col-md-5\"><a title=\"Ver m\u00e1s informaci\u00f3n sobre INTRODUCCI\u00d3N OFFICE 365 (TELEFORMACI\u00d3N)\" href=\"https:\/\/programaiaap.asturias.es\/detalle-de-curso?p_r_p_contentId=1743782\">INTRODUCCI\u00d3N OFFICE 365 (TELEFORMACI\u00d3N)<\/a><\/div>\n<div class=\"columna fecha-horas col-md-2\">\n<div class=\"clases metodologia\">1 DE FEBRERO A 1 DE MARZO DE 2022 \/ Horas:40 \/Teleformaci\u00f3n<\/div>\n<\/div>\n<\/div>\n<div class=\"formacion-transversal-curso row\">\n<div class=\"columna nuevo-curso col-md-1\"><\/div>\n<div class=\"columna accion-formativa col-md-5\"><a title=\"Ver m\u00e1s informaci\u00f3n sobre MICROSOFT OUTLOOK 2010 B\u00c1SICO (TELEFORMACI\u00d3N)\" href=\"https:\/\/programaiaap.asturias.es\/detalle-de-curso?p_r_p_contentId=1743798\">MICROSOFT OUTLOOK 2010 B\u00c1SICO (TELEFORMACI\u00d3N)<\/a><\/div>\n<div class=\"columna fecha-horas col-md-2\">\n<div class=\"clases metodologia\">1 DE FEBRERO A 1 DE MARZO DE 2022 \/ Horas:30 \/Teleformaci\u00f3n<\/div>\n<\/div>\n<\/div>\n<div class=\"formacion-transversal-curso row\">\n<div class=\"columna nuevo-curso col-md-1\"><\/div>\n<div class=\"columna accion-formativa col-md-5\"><a title=\"Ver m\u00e1s informaci\u00f3n sobre WORD 2010 B\u00c1SICO (TELEFORMACI\u00d3N)\" href=\"https:\/\/programaiaap.asturias.es\/detalle-de-curso?p_r_p_contentId=1743806\">WORD 2010 B\u00c1SICO (TELEFORMACI\u00d3N)<\/a><\/div>\n<div class=\"columna fecha-horas col-md-2\">\n<div class=\"clases metodologia\">1 DE FEBRERO A 8 DE MARZO DE 2022 \/ Horas:40 \/Teleformaci\u00f3n<\/div>\n<\/div>\n<\/div>\n<div class=\"formacion-transversal-curso row\">\n<div class=\"columna accion-formativa col-md-5\"><a title=\"Ver m\u00e1s informaci\u00f3n sobre WORD 2010 AVANZADO (TELEFORMACI\u00d3N)\" href=\"https:\/\/programaiaap.asturias.es\/detalle-de-curso?p_r_p_contentId=1743814\">WORD 2010 AVANZADO (TELEFORMACI\u00d3N)<\/a><\/div>\n<div class=\"columna fecha-horas col-md-2\">\n<div class=\"clases metodologia\">1 DE FEBRERO A 8 DE MARZO DE 2022 \/\u00a0 Horas:40 \/Teleformaci\u00f3n<\/div>\n<\/div>\n<\/div>\n<div class=\"formacion-transversal-curso row\">\n<div class=\"columna nuevo-curso col-md-1\"><\/div>\n<div class=\"columna accion-formativa col-md-5\"><a title=\"Ver m\u00e1s informaci\u00f3n sobre EXCEL 2010 AVANZADO (TELEFORMACI\u00d3N)\" href=\"https:\/\/programaiaap.asturias.es\/detalle-de-curso?p_r_p_contentId=1743822\">EXCEL 2010 AVANZADO (TELEFORMACI\u00d3N)<\/a><\/div>\n<div class=\"columna fecha-horas col-md-2\">\n<div class=\"clases metodologia\">1 DE FEBRERO A 8 DE MARZO DE 2022 \/\u00a0 Horas:40 \/Teleformaci\u00f3n<\/div>\n<\/div>\n<\/div>\n<div class=\"formacion-transversal-curso row\">\n<div class=\"columna nuevo-curso col-md-1\"><\/div>\n<div class=\"columna accion-formativa col-md-5\"><a title=\"Ver m\u00e1s informaci\u00f3n sobre WORD 2010 EXPERTO (TELEFORMACI\u00d3N)\" href=\"https:\/\/programaiaap.asturias.es\/detalle-de-curso?p_r_p_contentId=1743830\">WORD 2010 EXPERTO (TELEFORMACI\u00d3N)<\/a><\/div>\n<div class=\"columna fecha-horas col-md-2\">\n<div class=\"clases metodologia\">1 DE FEBRERO A 8 DE MARZO DE 2022 \/ Horas:40 \/Teleformaci\u00f3n<\/div>\n<\/div>\n<\/div>\n<div class=\"formacion-transversal-curso row\">\n<div class=\"columna nuevo-curso col-md-1\"><\/div>\n<div class=\"columna codigo-edicion col-md-2\">\n<div class=\"edicion\"><\/div>\n<\/div>\n<\/div>\n<div class=\"formacion-transversal-curso row\">\n<div class=\"columna accion-formativa col-md-5\"><a title=\"Ver m\u00e1s informaci\u00f3n sobre TALLER PARA LA CREACI\u00d3N DE ENCUESTAS Y CUESTIONARIOS CON FORMS EN OFFICE 365.\" href=\"https:\/\/programaiaap.asturias.es\/detalle-de-curso?p_r_p_contentId=1743846\">TALLER PARA LA CREACI\u00d3N DE ENCUESTAS Y CUESTIONARIOS CON FORMS EN OFFICE 365.<\/a><\/div>\n<div class=\"columna fecha-horas col-md-2\">\n<div class=\"destacado-nuevo\">10 A 24 DE FEBRERO DE 2022 VIDEOSESIONES 15 Y 22 \/ Horas:12 \/ En L\u00ednea \/Nuevo &#8211; tarde<\/div>\n<\/div>\n<\/div>\n<div class=\"formacion-transversal-curso row\">\n<div class=\"columna codigo-edicion col-md-2\">\n<div class=\"edicion\"><\/div>\n<\/div>\n<\/div>\n<div class=\"formacion-transversal-curso row\">\n<div class=\"columna accion-formativa col-md-5\"><a title=\"Ver m\u00e1s informaci\u00f3n sobre TALLER PARA REALIZAR INFORMES Y PRESENTACIONES INTERACTIVAS CON SWAY EN OFFICE 365\" href=\"https:\/\/programaiaap.asturias.es\/detalle-de-curso?p_r_p_contentId=1743862\">TALLER PARA REALIZAR INFORMES Y PRESENTACIONES INTERACTIVAS CON SWAY EN OFFICE 365<\/a><\/div>\n<div class=\"columna fecha-horas col-md-2\">\n<div class=\"destacado-nuevo\">7 A 21 DE FEBRERO DE 2021 VIDEOSESIONES 11 Y 18 DE FEBRERO \/ Horas:12 \/ En L\u00ednea \/Nuevo &#8211; tarde<\/div>\n<\/div>\n<\/div>\n<\/div>\n<\/li>\n<\/ul>\n<\/div>\n<\/div>\n<\/div>\n<\/div>\n<\/div>\n<div dir=\"auto\"><\/div>\n<\/div>\n<hr \/>\n<ul>\n<li><a href=\"https:\/\/cproviedo.es\/actividades-convocadas\">CPR de Oviedo Formaci\u00f3n: Actividades<\/a><\/li>\n<\/ul>\n<p><a href=\"https:\/\/cproviedo.es\/abierta-inscripcion-en-jornadas-de-bienestar-y-proteccion-de-nuestro-alumnado-en-contextos-de-igualdad-e-inclusion-prevencion-de-la-violencia-de-genero\"><img loading=\"lazy\" decoding=\"async\" class=\"aligncenter\" src=\"https:\/\/cproviedo.es\/wp-content\/uploads\/2021\/11\/Imagenparaweb-768x528.png\" alt=\"\" width=\"300\" height=\"206\" \/><\/a><\/p>\n<ul>\n<li>\n<h3 class=\"entry-title fusion-post-title\"><a href=\"https:\/\/cproviedo.es\/abierta-inscripcion-en-jornadas-de-bienestar-y-proteccion-de-nuestro-alumnado-en-contextos-de-igualdad-e-inclusion-prevencion-de-la-violencia-de-genero\"><span style=\"font-size: 14pt\">\u201cJornadas de Bienestar y Protecci\u00f3n de nuestro alumnado en contextos de Igualdad e Inclusi\u00f3n. Prevenci\u00f3n de la violencia de g\u00e9nero\u201d<\/span><\/a><\/h3>\n<\/li>\n<li>Inscripci\u00f3n hasta 9 de diciembre<\/li>\n<\/ul>\n","protected":false},"excerpt":{"rendered":"<p>CPR de Avil\u00e9s \u00daltimas actividades convocadas en fase de inscripci\u00f3n hasta 11 de ENERO CURSO_ABP EN PRIMARIA Y SECUNDARIA: TEOR\u00cdA Y PR\u00c1CTICA D\u00edptico PDF Inscribirse en esta actividad Recordad que pode\u00eds inscribiros, aunque no sea nuestro \u00e1mbito del CPR y, si sobran plazas, las adjudican por orden de inscripci\u00f3n. Animaros, si os interesa!!! CPR Cuencas [&hellip;]<\/p>\n","protected":false},"author":117,"featured_media":0,"parent":4980,"menu_order":0,"comment_status":"closed","ping_status":"closed","template":"","meta":{"footnotes":""},"class_list":["post-5006","page","type-page","status-publish","hentry","post-preview"],"_links":{"self":[{"href":"https:\/\/edublog.educastur.es\/corredoria3\/wp-json\/wp\/v2\/pages\/5006","targetHints":{"allow":["GET"]}}],"collection":[{"href":"https:\/\/edublog.educastur.es\/corredoria3\/wp-json\/wp\/v2\/pages"}],"about":[{"href":"https:\/\/edublog.educastur.es\/corredoria3\/wp-json\/wp\/v2\/types\/page"}],"author":[{"embeddable":true,"href":"https:\/\/edublog.educastur.es\/corredoria3\/wp-json\/wp\/v2\/users\/117"}],"replies":[{"embeddable":true,"href":"https:\/\/edublog.educastur.es\/corredoria3\/wp-json\/wp\/v2\/comments?post=5006"}],"version-history":[{"count":12,"href":"https:\/\/edublog.educastur.es\/corredoria3\/wp-json\/wp\/v2\/pages\/5006\/revisions"}],"predecessor-version":[{"id":5107,"href":"https:\/\/edublog.educastur.es\/corredoria3\/wp-json\/wp\/v2\/pages\/5006\/revisions\/5107"}],"up":[{"embeddable":true,"href":"https:\/\/edublog.educastur.es\/corredoria3\/wp-json\/wp\/v2\/pages\/4980"}],"wp:attachment":[{"href":"https:\/\/edublog.educastur.es\/corredoria3\/wp-json\/wp\/v2\/media?parent=5006"}],"curies":[{"name":"wp","href":"https:\/\/api.w.org\/{rel}","templated":true}]}}