{"id":5110,"date":"2022-01-10T19:16:32","date_gmt":"2022-01-10T17:16:32","guid":{"rendered":"https:\/\/edublog.educastur.es\/corredoria3\/?page_id=5110"},"modified":"2022-01-18T20:51:58","modified_gmt":"2022-01-18T18:51:58","slug":"enero","status":"publish","type":"page","link":"https:\/\/edublog.educastur.es\/corredoria3\/profes_cursos\/2022-2\/enero\/","title":{"rendered":"Enero"},"content":{"rendered":"<div class=\"l_c3pyo2v0u _5eit i_c3pynyi2f clearfix\">\n<div class=\"clearfix y_c3pyo2ta3\">\n<div class=\"clearfix _42ef\">\n<div class=\"u_c3pyo2ta4\">\n<div>\n<div class=\"_6a _5u5j\">\n<div class=\"_6a _5u5j _6b\">\n<div id=\"content\" class=\"site-content\">\n<div id=\"primary\" class=\"content-area\">\n<p><a title=\"https:\/\/cprcuencasmineras.es\/cursos\/index\/pag\/1\" href=\"https:\/\/cprcuencasmineras.es\/cursos\/index\/pag\/1\">CPR Cuencas<\/a><\/p>\n<div>\n<div class=\"row-fluid un-curso even\">\n<div class=\"span25 nombre-curso\">\n<ul>\n<li><strong><a class=\"curso\" title=\"U.F.10: DISE\u00d1O UNIVERSAR PARA EL APRENDIZAJE (DUA): LO QUE ESTAMOS HACIENDO Y LO QUE PODEMOS LLEGAR A HACER\" href=\"https:\/\/cprcuencasmineras.es\/cursos\/show\/u-f-10-diseno-universar-para-el-aprendizaje-dua-lo-que-estamos-haciendo-y-lo-que-podemos-llegar-a-hacer\">U.F.10: DISE\u00d1O UNIVERSAR PARA EL APRENDIZAJE (DUA): LO QUE ESTAMOS HACIENDO Y LO QUE PODEMOS LLEGAR A HACER<\/a><\/strong><\/li>\n<\/ul>\n<\/div>\n<div class=\"span23 opciones\"><a class=\"mas-info\" title=\"M\u00e1s informaci\u00f3n\" href=\"https:\/\/cprcuencasmineras.es\/cursos\/show\/u-f-10-diseno-universar-para-el-aprendizaje-dua-lo-que-estamos-haciendo-y-lo-que-podemos-llegar-a-hacer\">M\u00e1s informaci\u00f3n<\/a> <a class=\"inscripcion\" title=\"Inscripci\u00f3n\" href=\"https:\/\/cprcuencasmineras.es\/cursos\/inscripcion\/u-f-10-diseno-universar-para-el-aprendizaje-dua-lo-que-estamos-haciendo-y-lo-que-podemos-llegar-a-hacer\">Inscripci\u00f3n<\/a><\/div>\n<\/div>\n<div class=\"row-fluid un-curso odd\">\n<div class=\"span25 nombre-curso\">\n<ul>\n<li><strong><a class=\"curso\" title=\"U.F. 9: LA DOCENCIA COMPARTIDA, MUCHO M\u00c1S QUE DOS...Y OTRAS FORMAS DE APRENDIZAJE COOPERATIVO\" href=\"https:\/\/cprcuencasmineras.es\/cursos\/show\/u-f-9-la-docencia-compartida-mucho-mas-que-dos-y-otras-formas-de-aprendizaje-cooperativo\">U.F. 9: LA DOCENCIA COMPARTIDA, MUCHO M\u00c1S QUE DOS&#8230;Y OTRAS FORMAS DE APRENDIZAJE COOPERATIVO<\/a><\/strong><\/li>\n<\/ul>\n<\/div>\n<div class=\"span23 opciones\"><a class=\"mas-info\" title=\"M\u00e1s informaci\u00f3n\" href=\"https:\/\/cprcuencasmineras.es\/cursos\/show\/u-f-9-la-docencia-compartida-mucho-mas-que-dos-y-otras-formas-de-aprendizaje-cooperativo\">M\u00e1s informaci\u00f3n<\/a> <a class=\"inscripcion\" title=\"Inscripci\u00f3n\" href=\"https:\/\/cprcuencasmineras.es\/cursos\/inscripcion\/u-f-9-la-docencia-compartida-mucho-mas-que-dos-y-otras-formas-de-aprendizaje-cooperativo\">Inscripci\u00f3n<\/a><\/div>\n<\/div>\n<div class=\"row-fluid un-curso even\">\n<div class=\"span25 nombre-curso\">\n<ul>\n<li><strong><a class=\"curso\" title=\"U.F. 11: ESTACIONES DE APRENDIZAJE COMO ESTRATEGIA DINAMIZADORA DE AULA\" href=\"https:\/\/cprcuencasmineras.es\/cursos\/show\/u-f-11-estaciones-de-aprendizaje-como-estrategia-dinamizadora-de-aula\">U.F. 11: ESTACIONES DE APRENDIZAJE COMO ESTRATEGIA DINAMIZADORA DE AULA<\/a><\/strong><\/li>\n<\/ul>\n<\/div>\n<p><span class=\"span23 opciones\"><a class=\"mas-info\" title=\"M\u00e1s informaci\u00f3n\" href=\"https:\/\/cprcuencasmineras.es\/cursos\/show\/u-f-11-estaciones-de-aprendizaje-como-estrategia-dinamizadora-de-aula\">M\u00e1s informaci\u00f3n<\/a><\/span> <span class=\"span23 opciones\"><a class=\"inscripcion\" title=\"Inscripci\u00f3n\" href=\"https:\/\/cprcuencasmineras.es\/cursos\/inscripcion\/u-f-11-estaciones-de-aprendizaje-como-estrategia-dinamizadora-de-aula\">Inscripci\u00f3n<\/a> <\/span><\/p>\n<\/div>\n<\/div>\n<div><\/div>\n<div>\n<div class=\"row-fluid un-curso odd\">\n<div class=\"span25 nombre-curso\">\n<ul>\n<li><strong><a class=\"curso\" title=\"U.F. 12: MATEM\u00c1TICAS MONTESSORI PARA PRIMARIA\" href=\"https:\/\/cprcuencasmineras.es\/cursos\/show\/u-f-11-matematicas-montessori-para-primaria\">U.F. 12: MATEM\u00c1TICAS MONTESSORI PARA PRIMARIA<\/a><\/strong><\/li>\n<\/ul>\n<\/div>\n<div class=\"span23 opciones\"><a class=\"mas-info\" title=\"M\u00e1s informaci\u00f3n\" href=\"https:\/\/cprcuencasmineras.es\/cursos\/show\/u-f-11-matematicas-montessori-para-primaria\">M\u00e1s informaci\u00f3n<\/a> <a class=\"inscripcion\" title=\"Inscripci\u00f3n\" href=\"https:\/\/cprcuencasmineras.es\/cursos\/inscripcion\/u-f-11-matematicas-montessori-para-primaria\">Inscripci\u00f3n<\/a><\/div>\n<\/div>\n<div class=\"row-fluid un-curso even\">\n<div class=\"span25 nombre-curso\">\n<ul>\n<li><strong><a class=\"curso\" title=\"U.F. 13: LECTOESCRITURA Y GRAM\u00c1TICA MONTESSORI PARA PRIMARIA\" href=\"https:\/\/cprcuencasmineras.es\/cursos\/show\/u-f-13-lectoescritura-y-gramaticamontessori-para-primaria\">U.F. 13: LECTOESCRITURA Y GRAM\u00c1TICA MONTESSORI PARA PRIMARIA<\/a><\/strong><\/li>\n<\/ul>\n<\/div>\n<div class=\"span23 opciones\"><a class=\"mas-info\" title=\"M\u00e1s informaci\u00f3n\" href=\"https:\/\/cprcuencasmineras.es\/cursos\/show\/u-f-13-lectoescritura-y-gramaticamontessori-para-primaria\">M\u00e1s informaci\u00f3n<\/a> <a class=\"inscripcion\" title=\"Inscripci\u00f3n\" href=\"https:\/\/cprcuencasmineras.es\/cursos\/inscripcion\/u-f-13-lectoescritura-y-gramaticamontessori-para-primaria\">Inscripci\u00f3n<\/a><\/div>\n<\/div>\n<div class=\"row-fluid un-curso odd\">\n<div class=\"span25 nombre-curso\">\n<ul>\n<li><strong><a class=\"curso\" title=\"U.F. 14: INICIACI\u00d3N AL APRENDIZAJE COOPERATIVO\" href=\"https:\/\/cprcuencasmineras.es\/cursos\/show\/u-f-14-iniciacion-al-aprendizaje-cooperativo\">U.F. 14: INICIACI\u00d3N AL APRENDIZAJE COOPERATIVO<\/a><\/strong><\/li>\n<\/ul>\n<\/div>\n<div class=\"span23 opciones\"><a class=\"mas-info\" title=\"M\u00e1s informaci\u00f3n\" href=\"https:\/\/cprcuencasmineras.es\/cursos\/show\/u-f-14-iniciacion-al-aprendizaje-cooperativo\">M\u00e1s informaci\u00f3n<\/a> <a class=\"inscripcion\" title=\"Inscripci\u00f3n\" href=\"https:\/\/cprcuencasmineras.es\/cursos\/inscripcion\/u-f-14-iniciacion-al-aprendizaje-cooperativo\">Inscripci\u00f3n<\/a><\/div>\n<\/div>\n<div class=\"row-fluid un-curso even\">\n<div class=\"span25 nombre-curso\">\n<ul>\n<li><strong><a class=\"curso\" title=\"UF 15: PROMOVER MASCULINIDADES COMPROMETIDAS CON LA IGUALDAD EN LAS AULAS\" href=\"https:\/\/cprcuencasmineras.es\/cursos\/show\/uf-promover-masculinidades-comprometidas-con-la-igualdad-en-las-aulas\">UF 15: PROMOVER MASCULINIDADES COMPROMETIDAS CON LA IGUALDAD EN LAS AULAS<\/a><\/strong><\/li>\n<\/ul>\n<\/div>\n<p><span class=\"span23 opciones\"><a class=\"mas-info\" title=\"M\u00e1s informaci\u00f3n\" href=\"https:\/\/cprcuencasmineras.es\/cursos\/show\/uf-promover-masculinidades-comprometidas-con-la-igualdad-en-las-aulas\">M\u00e1s informaci\u00f3n<\/a><\/span> <span class=\"span23 opciones\"><a class=\"inscripcion\" title=\"Inscripci\u00f3n\" href=\"https:\/\/cprcuencasmineras.es\/cursos\/inscripcion\/uf-promover-masculinidades-comprometidas-con-la-igualdad-en-las-aulas\">Inscripci\u00f3n<\/a> <\/span><\/p>\n<\/div>\n<\/div>\n<div class=\"span23 opciones\"><img loading=\"lazy\" decoding=\"async\" class=\" aligncenter\" src=\"https:\/\/encrypted-tbn0.gstatic.com\/images?q=tbn:ANd9GcTR28kVyfgd3qwCkn2ICP6JNBpKea-RZS3fF5sLEuFyAkmWuml3Qyn-alg-FidZmJD8Ug&amp;usqp=CAU\" width=\"225\" height=\"24\" \/><span style=\"font-size: 16px\"><span style=\"color: #ff6600\"><a style=\"color: #ff6600\" href=\"https:\/\/cproviedo.es\/actividades-convocadas\">CPR Oviedo: Actividades convocadas<\/a><\/span><br \/>\n<\/span><\/div>\n<h2 class=\"entry-title fusion-post-title\" style=\"text-align: center\"><span style=\"font-size: 16px\"><img loading=\"lazy\" decoding=\"async\" class=\"alignnone \" src=\"http:\/\/cproviedo.es\/wp-content\/uploads\/2021\/01\/cabecera-curso.jpg\" width=\"556\" height=\"171\" \/><\/span><\/h2>\n<ul>\n<li class=\"entry-title fusion-post-title\" style=\"text-align: left\"><span style=\"font-size: 16px\">Curso a distancia:<strong><span style=\"color: #008080\"> Aprender haciendo un servicio para la sostenibilidad: \u00a1Reduce, reutiliza, recicla, reacciona!<\/span><\/strong><\/span><\/li>\n<\/ul>\n<div class=\"fusion-flexslider flexslider post-slideshow fusion-post-slideshow\">\n<ul class=\"slides\">\n<li class=\"flex-active-slide\"><a title=\"\" href=\"http:\/\/cproviedo.es\/wp-content\/uploads\/2021\/01\/cabecera-curso.jpg\" data-rel=\"iLightbox[gallery8563]\" data-title=\"cabecera-curso\" data-caption=\"\" aria-label=\"cabecera-curso\"> <span class=\"screen-reader-text\">Ver imagen m\u00e1s grande<\/span> <\/a><\/li>\n<\/ul>\n<\/div>\n<div class=\"fusion-flexslider flexslider post-slideshow fusion-post-slideshow\"><\/div>\n<div class=\"post-content\">\n<ul>\n<li><strong>Del 11 de enero al 25 de enero de 2022 est\u00e1 abierta la inscripci\u00f3n<\/strong><strong><br \/>\n<\/strong><\/li>\n<li>VER informaci\u00f3n en el siguiente <a href=\"http:\/\/www.cproviedo.es\/gestor\/admin\/lis_diptico.php?id=2201\">d\u00edptico<\/a><\/li>\n<\/ul>\n<ul>\n<li>Acceso a la<a href=\"http:\/\/www.cproviedo.es\/gestor\/inscri1.php?idAct=2201\"> inscripci\u00f3n<\/a><\/li>\n<\/ul>\n<p><img loading=\"lazy\" decoding=\"async\" class=\" aligncenter\" src=\"https:\/\/encrypted-tbn0.gstatic.com\/images?q=tbn:ANd9GcTR28kVyfgd3qwCkn2ICP6JNBpKea-RZS3fF5sLEuFyAkmWuml3Qyn-alg-FidZmJD8Ug&amp;usqp=CAU\" width=\"225\" height=\"24\" \/><\/p>\n<p style=\"text-align: center\"><a href=\"https:\/\/intef.es\/wp-content\/uploads\/2022\/01\/Cartel_1ed_2022-768x1087.jpg\"><img loading=\"lazy\" decoding=\"async\" class=\"alignnone\" src=\"https:\/\/intef.es\/wp-content\/uploads\/2022\/01\/Cartel_1ed_2022-768x1087.jpg\" alt=\"\" width=\"441\" height=\"624\" \/><\/a><\/p>\n<header class=\"entry-header\">\n<h1 class=\"entry-title-blog\" style=\"text-align: center\"><strong><span style=\"font-size: 20px;color: #008080\"><a href=\"https:\/\/intef.es\/Noticias\/convocatoria-de-cursos-tutorizados-de-formacion-en-linea-2022\/\">Convocatoria de cursos tutorizados de formaci\u00f3n en l\u00ednea 2022<\/a><br \/>\n<\/span><\/strong><\/h1>\n<\/header>\n<div class=\"entry-content\">\n<ul>\n<li>El Ministerio de Educaci\u00f3n y Formaci\u00f3n Profesional, a trav\u00e9s del INTEF,\u00a0<a href=\"https:\/\/www.educacionyfp.gob.es\/servicios-al-ciudadano\/catalogo\/profesorado\/profesorado-no-universitario\/cursos-y-jornadas\/formacion-en-red-profesorado.html\" target=\"_blank\" rel=\"noopener\">convoca 9.000 plazas<\/a>\u00a0para la realizaci\u00f3n de\u00a0<a href=\"https:\/\/intef.es\/Noticias\/convocatoria-de-cursos-tutorizados-de-formacion-en-linea-2022\/\"><span style=\"color: #800080\"><b>28<\/b>\u00a0<b>cursos de formaci\u00f3n en l\u00ednea para el\u00a0profesorado\u00a0<\/b>distribuidos\u00a0en\u00a0<b>dos ediciones<\/b>\u00a0(15\u00a0cursos en la primera edici\u00f3n\u00a0y\u00a013\u00a0en la segunda)\u00a0que se desarrollar\u00e1n a lo largo de 2022.<\/span><\/a><\/li>\n<li><b>Se certifican con 70 horas de formaci\u00f3n, salvo\u00a0\u201cEl desarrollo de la funci\u00f3n directiva\u201d, al que le corresponden 150 horas de certificaci\u00f3n<\/b>.<\/li>\n<li>A\u00a0continuaci\u00f3n,\u00a0se ofrece informaci\u00f3n concreta sobre los cursos de cada edici\u00f3n y los plazos de inscripci\u00f3n para su realizaci\u00f3n.<\/li>\n<\/ul>\n<p style=\"text-align: center\"><span style=\"color: #800080;font-size: 20px\"><a style=\"color: #800080\" href=\"https:\/\/intef.es\/wp-content\/uploads\/2022\/01\/Cartel_1ed_2022-768x1087.jpg\"><strong>PRIMERA\u00a0 EDICI\u00d3N\u00a0 2022\u00a0\u00a0 &#8211;\u00a0 INTEF<\/strong><\/a><\/span><\/p>\n<ul>\n<li><strong>1\u00aa Edici\u00f3n \/\u00a0 <\/strong><b>Plazas<\/b>:\u00a06300<\/li>\n<li><b>Plazo de <a href=\"https:\/\/www.educacionyfp.gob.es\/servicios-al-ciudadano\/catalogo\/profesorado\/profesorado-no-universitario\/cursos-y-jornadas\/formacion-en-red-profesorado.html\" target=\"_blank\" rel=\"noopener\">inscripci\u00f3n<\/a><\/b>: <strong><span style=\"color: #800080\">del 12 de enero al 31 de enero de 2022<\/span> <\/strong>(ambos inclusive).<\/li>\n<li><b>Fechas de realizaci\u00f3n<\/b>: <span style=\"color: #800080\"><strong>del 9 de marzo al 11 de mayo de 2022,<\/strong><\/span> excepto el curso \u201cEl desarrollo de la funci\u00f3n directiva\u201d, que finaliza el 16 de junio de 2022.<\/li>\n<\/ul>\n<p>La informaci\u00f3n necesaria para la inscripci\u00f3n se puede consultar en la <a href=\"https:\/\/www.educacionyfp.gob.es\/servicios-al-ciudadano\/catalogo\/profesorado\/profesorado-no-universitario\/cursos-y-jornadas\/formacion-en-red-profesorado.html\" target=\"_blank\" rel=\"noopener\">p\u00e1gina de la sede electr\u00f3nica del Ministerio de Educaci\u00f3n y Formaci\u00f3n Profesional<\/a>, en la que se ir\u00e1n publicando tambi\u00e9n las novedades relativas a los cursos.<\/p>\n<\/div>\n<p><b>Cursos convocados<\/b>:<\/p>\n<ul class=\"listado_generico\">\n<li><a title=\"Enlace externo, se abre en ventana nueva.\" href=\"https:\/\/www.educacionyfp.gob.es\/dam\/jcr:362d5d9d-16df-4863-92e4-c9bb63867b27\/01-ficha-intef-aprendizaje-servicio.pdf\" target=\"_blank\" rel=\"external noopener\">Aprendizaje-Servicio a trav\u00e9s de la programaci\u00f3n de apps<\/a><\/li>\n<li><a title=\"Enlace externo, se abre en ventana nueva.\" href=\"https:\/\/www.educacionyfp.gob.es\/dam\/jcr:780afdcf-080d-4971-ba5d-db5e7a25ded5\/02-ficha-intef-educacionafectivosexual.pdf\" target=\"_blank\" rel=\"external noopener\">Educaci\u00f3n afectivo sexual<\/a><\/li>\n<li><a title=\"Enlace externo, se abre en ventana nueva.\" href=\"https:\/\/www.educacionyfp.gob.es\/dam\/jcr:c313b21d-f670-4ef0-94b8-f30e6282f6f2\/03-ficha-intef--eds.pdf\" target=\"_blank\" rel=\"external noopener\">Educaci\u00f3n para un desarrollo y estilos de vida sostenibles<\/a><\/li>\n<li><a title=\"Enlace externo, se abre en ventana nueva.\" href=\"https:\/\/www.educacionyfp.gob.es\/dam\/jcr:85d7fc55-af91-4456-9eb4-38e63ff85736\/04-ficha-intef-mobile-learning.pdf\" target=\"_blank\" rel=\"external noopener\">Mobile Learning, realidad aumentada e \u201cinmersiva\u201d<\/a><\/li>\n<li><a title=\"Enlace externo, se abre en ventana nueva.\" href=\"https:\/\/www.educacionyfp.gob.es\/dam\/jcr:a3756f80-be0d-4abf-8d62-0bf8fdcef7bb\/05-ficha-intef-atencion-escolar-gitana.pdf\" target=\"_blank\" rel=\"external noopener\">Atenci\u00f3n a la poblaci\u00f3n escolar gitana<\/a><\/li>\n<li><a title=\"Enlace externo, se abre en ventana nueva.\" href=\"https:\/\/www.educacionyfp.gob.es\/dam\/jcr:0b26c539-b021-496d-8e0a-4b79322a9d3a\/06-ficha-intef-rea.pdf\" target=\"_blank\" rel=\"external noopener\">Creaci\u00f3n de Recursos Educativos Abiertos (REA) para la ense\u00f1anza<\/a><\/li>\n<li><a title=\"Enlace externo, se abre en ventana nueva.\" href=\"https:\/\/www.educacionyfp.gob.es\/dam\/jcr:44ed2f18-9077-49d4-a127-aaf5b819e769\/07-ficha-intef-dise-o-de-experiencias.pdf\" target=\"_blank\" rel=\"external noopener\">Dise\u00f1o de experiencias de aprendizaje para la educaci\u00f3n a distancia<\/a><\/li>\n<li><a title=\"Enlace externo, se abre en ventana nueva.\" href=\"https:\/\/www.educacionyfp.gob.es\/dam\/jcr:468a670b-2df0-464f-8885-d925ded0efe8\/08-ficha-intef-docencia-a-distancia.pdf\" target=\"_blank\" rel=\"external noopener\">Docencia a distancia<\/a><\/li>\n<li><a title=\"Enlace externo, se abre en ventana nueva.\" href=\"https:\/\/www.educacionyfp.gob.es\/dam\/jcr:930d4250-200a-4355-bd3c-600393d18d57\/09-ficha-intef-evaluaci-n-aprendizajes-distancia-.pdf\" target=\"_blank\" rel=\"external noopener\">Evaluaci\u00f3n de los aprendizajes en la modalidad de educaci\u00f3n a distancia<\/a><\/li>\n<li><a title=\"Enlace externo, se abre en ventana nueva.\" href=\"https:\/\/www.educacionyfp.gob.es\/dam\/jcr:2880e340-f584-4223-8667-340bd54f9360\/10-ficha-intef-estrategias-aprendizaje-idiomas.pdf\" target=\"_blank\" rel=\"external noopener\">Actualizaci\u00f3n de estrategias en el aprendizaje integrado de idiomas<\/a><\/li>\n<li><a title=\"Enlace externo, se abre en ventana nueva.\" href=\"https:\/\/www.educacionyfp.gob.es\/dam\/jcr:580d4d1d-9d03-477b-acc1-9e2408aa06e4\/11-ficha-intef-bibliotecas-escolares-abies-web.pdf\" target=\"_blank\" rel=\"external noopener\">Bibliotecas escolares y uso de AbiesWeb<\/a><\/li>\n<li><a title=\"Enlace externo, se abre en ventana nueva.\" href=\"https:\/\/www.educacionyfp.gob.es\/dam\/jcr:de91c9ae-4988-4e02-b150-39497dbef7af\/12-ficha-intef-desarrollo-de-la-funci-n-directiva.pdf\" target=\"_blank\" rel=\"external noopener\">El desarrollo de la funci\u00f3n directiva<\/a><\/li>\n<li><a title=\"Enlace externo, se abre en ventana nueva.\" href=\"https:\/\/www.educacionyfp.gob.es\/dam\/jcr:9bfb1234-ad86-46f3-97dd-fdbc3e9f5adf\/13-ficha-intef-embajada-etwinning.pdf\" target=\"_blank\" rel=\"external noopener\">Embajada eTwinning<\/a><\/li>\n<li><a title=\"Enlace externo, se abre en ventana nueva.\" href=\"https:\/\/www.educacionyfp.gob.es\/dam\/jcr:c0541ad8-e0e0-423f-94ff-5d45376d200f\/14-ficha-intef-laboratorios-virtuales.pdf\" target=\"_blank\" rel=\"external noopener\">Laboratorios Virtuales<\/a><\/li>\n<li><a title=\"Enlace externo, se abre en ventana nueva.\" href=\"https:\/\/www.educacionyfp.gob.es\/dam\/jcr:a4975aeb-7796-4d05-924c-e31939b378e1\/15-ficha-intef-metodo-abn.pdf\" target=\"_blank\" rel=\"external noopener\">M\u00e9todo ABN: c\u00e1lculo abierto basado en n\u00fameros en Educaci\u00f3n Infantil y Primaria<\/a><\/li>\n<\/ul>\n<p style=\"text-align: center\"><strong><span style=\"text-decoration: underline\"><span style=\"color: #800080;font-size: 20px;text-decoration: underline\">SEGUNDA EDICI\u00d3N\u00a0 2022\u00a0\u00a0 &#8211;\u00a0 INTEF<\/span><\/span><\/strong><\/p>\n<ul>\n<li><b>Plazas: <\/b>2700<\/li>\n<li><b>Plazo de inscripci\u00f3n<\/b>: del 19 de mayo al 7 de junio de 2022<\/li>\n<li><b>Fechas de realizaci\u00f3n<\/b>: a partir de septiembre de 2022<\/li>\n<\/ul>\n<p><b>Cursos convocados<\/b>:<\/p>\n<ul class=\"listado_generico\">\n<li><span style=\"color: #008080\">Aula del Futuro<\/span><\/li>\n<li><span style=\"color: #008080\">Ciudadan\u00eda e identidad digital<\/span><\/li>\n<li><span style=\"color: #008080\">Convivencia positiva para una educaci\u00f3n de calidad: participaci\u00f3n y ayuda entre iguales<\/span><\/li>\n<li><span style=\"color: #008080\">Dise\u00f1o\u00a0Universal de Aprendizaje<\/span><\/li>\n<li><span style=\"color: #008080\">Escritura creativa: de la teor\u00eda a la pr\u00e1ctica en el aula<\/span><\/li>\n<li><span style=\"color: #008080\">Integra\u00a0eTwinning\u00a0(Nivel avanzado)<\/span><\/li>\n<li><span style=\"color: #008080\">Liderazgo pedag\u00f3gico para el \u00e9xito educativo de todo el alumnado<\/span><\/li>\n<li><span style=\"color: #008080\">Protecci\u00f3n de datos personales en los centros educativos<\/span><\/li>\n<li><span style=\"color: #008080\">Proyecta\u00a0eTwinning\u00a0(nivel inicial)<\/span><\/li>\n<li><span style=\"color: #008080\">El tutor en red<\/span><\/li>\n<li><span style=\"color: #008080\">Dise\u00f1o\u00a0y utilizaci\u00f3n de REA en Educaci\u00f3n Infantil y Primaria<\/span><\/li>\n<li><span style=\"color: #008080\">Embajada\u00a0eTwinning<\/span><\/li>\n<li><span style=\"color: #008080\">La investigaci\u00f3n cient\u00edfica en el aula: de la transmisi\u00f3n a la creaci\u00f3n de conocimientos<\/span><\/li>\n<\/ul>\n<ul>\n<li>Los cursos se impartir\u00e1n \u00edntegramente en l\u00ednea en el\u00a0espacio de formaci\u00f3n en red\u00a0del INTEF\u00a0(<a href=\"https:\/\/formacion.intef.es\/tutorizados_2022\/\" target=\"_blank\" rel=\"noopener\">https:\/\/formacion.intef.es\/tutorizados<\/a><a href=\"https:\/\/formacion.intef.es\/tutorizados_2022\/\">\/<\/a>).<\/li>\n<li>Puedes dirigir tus dudas y consultas a\u00a0<a href=\"mailto:formacionenred@educacion.gob.es\" target=\"_blank\" rel=\"noopener\">formacionenred@educacion.gob.es<\/a><\/li>\n<\/ul>\n<p>&nbsp;<\/p>\n<p><img loading=\"lazy\" decoding=\"async\" class=\" aligncenter\" src=\"https:\/\/encrypted-tbn0.gstatic.com\/images?q=tbn:ANd9GcTR28kVyfgd3qwCkn2ICP6JNBpKea-RZS3fF5sLEuFyAkmWuml3Qyn-alg-FidZmJD8Ug&amp;usqp=CAU\" width=\"225\" height=\"24\" \/><\/p>\n<\/div>\n<div class=\"container-fluid\">\n<section class=\"cont_generico\">\n<div class=\"main_column \">\n<div id=\"breadcrumb\">\n<ul>\n<li><a href=\"https:\/\/intef.es\/Noticias\/apertura-del-plazo-de-inscripcion-para-los-cursos-aula-del-futuro-2022\/?fbclid=IwAR0TIwGCCLWu_7jEGL55vzR3siiAVIC_0q42NJM-SPkZAXCtCuyQ1DuYkkM\">Apertura del plazo de inscripci\u00f3n para los cursos<strong> Aula del Futuro 2022<\/strong><\/a><\/li>\n<\/ul>\n<\/div>\n<article id=\"post-27881\" class=\"post-27881 blog type-blog status-publish has-post-thumbnail hentry category-formacion-y-colaboracion category-noticias tag-aula-del-futuro tag-cursos tag-espacios-de-aprendizaje tag-formacion-del-profesorado tag-gestion-de-espacios tag-innovacion-educativa\">\n<div class=\"imagen_blog \">\n<figure class=\"imagen_generica\"><img decoding=\"async\" src=\"https:\/\/intef.es\/wp-content\/uploads\/2021\/12\/destacada_convocatoria2022_01.jpg\" alt=\"Apertura del plazo de inscripci\u00f3n para los cursos Aula del Futuro 2022\" \/><\/figure>\n<\/div>\n<header class=\"entry-header\">\n<p class=\"fecha\">11-01-2022<\/p>\n<\/header>\n<div class=\"entry-content\">\n<p>El Ministerio de Educaci\u00f3n y Formaci\u00f3n Profesional, a trav\u00e9s del INTEF, organiza la <strong>segunda convocatoria de 12 cursos Aula del Futuro<\/strong> para la formaci\u00f3n permanente del profesorado que ejerce en niveles anteriores al universitario. La convocatoria se ha anunciado en el BOE de hoy, 11 de enero de 2022, en la que se convocan 300 plazas distribuidas en 3 modalidades:<\/p>\n<ul class=\"listado_generico\">\n<li><strong>Modalidad A: 252 plazas <\/strong><\/li>\n<li><strong>Modalidad B: 24 plazas<\/strong><\/li>\n<li><strong>Modalidad C: 24 plazas<\/strong><\/li>\n<\/ul>\n<p>Los cursos convocados se pueden consultar en el Anexo I de la convocatoria y el baremo de m\u00e9ritos en el Anexo II. Si est\u00e1s interesado, puedes participar en el proceso de selecci\u00f3n mediante concurrencia competitiva. Encontrar\u00e1s toda la informaci\u00f3n y el acceso para gestionar tu solicitud en la web del <a href=\"https:\/\/www.educacionyfp.gob.es\/servicios-al-ciudadano\/catalogo\/profesorado\/profesorado-no-universitario\/becas-ayudas\/formacion\/cursos-aula-futuro.html\" target=\"_blank\" rel=\"noopener\"><strong><u>Ministerio de Educaci\u00f3n y Formaci\u00f3n Profesional.<\/u><\/strong><\/a><\/p>\n<p>El plazo de solicitud es de 20 d\u00edas naturales,\u00a0<strong>del 12 al 31 de enero de 2022<\/strong>\u00a0(ambos incluidos). En el siguiente enlace puedes\u00a0descargarte la\u00a0<a href=\"https:\/\/intef.es\/wp-content\/uploads\/2022\/01\/Convocatoria-Aula-del-Futuro-2022.pdf\"><strong><u>Convocatoria<\/u><\/strong><\/a>.<\/p>\n<p>Para realizar consultas sobre la convocatoria, puedes escribirnos a\u00a0<a href=\"mailto:asistencia.adf@educacion.gob.es\"><strong>asistencia.adf@educacion.gob.es<\/strong><\/a><\/p>\n<p><img loading=\"lazy\" decoding=\"async\" class=\"alignnone wp-image-27884 size-full\" src=\"https:\/\/intef.es\/wp-content\/uploads\/2021\/12\/Nueva_AdF_INTEF.jpg\" alt=\"Nuevo Aula del Futuro\" width=\"1650\" height=\"748\" \/><\/p>\n<\/div>\n<\/article>\n<\/div>\n<aside class=\"aside_right\">\n<div class=\"widget-area single-blog\">\n<ul>\n<li><a href=\"https:\/\/www.educacionyfp.gob.es\/servicios-al-ciudadano\/catalogo\/profesorado\/profesorado-no-universitario\/becas-ayudas\/formacion\/cursos-aula-futuro.html\"><strong>+ Info<\/strong><\/a><\/li>\n<\/ul>\n<h3 id=\"dg8\">M\u00e1s Informaci\u00f3n<\/h3>\n<div class=\"cte\">\n<p><a title=\"Enlace externo, se abre en ventana nueva.\" href=\"https:\/\/www.pap.hacienda.gob.es\/bdnstrans\/GE\/es\/convocatoria\/604407\" target=\"_blank\" rel=\"external noopener\">Informaci\u00f3n en la Base de Datos Nacional de Subvenciones<img loading=\"lazy\" decoding=\"async\" title=\"Base de datos nacionales\" src=\"https:\/\/www.educacionyfp.gob.es\/docroot\/img\/iconos\/13\/ico-bdns.gif\" alt=\"Base de datos nacionales\" width=\"12\" height=\"13\" \/><span class=\"ns\">Enlace externo, se abre en ventana nueva<\/span><\/a><\/p>\n<p><strong>P\u00e1gina<\/strong> <a title=\"Enlace externo, se abre en ventana nueva.\" href=\"http:\/\/intef.es\/Noticias\/apertura-del-plazo-de-inscripcion-para-los-cursos-aula-del-futuro-2022\" target=\"_blank\" rel=\"external noopener\">Web del INTEF<img loading=\"lazy\" decoding=\"async\" title=\"Nueva ventana\" src=\"https:\/\/www.educacionyfp.gob.es\/docroot\/img\/iconos\/13\/ico-nv.gif\" alt=\"Nueva ventana\" width=\"16\" height=\"14\" \/><span class=\"ns\">Enlace externo, se abre en ventana nueva<\/span><\/a>. <strong>P\u00e1gina<\/strong> <a title=\"Enlace externo, se abre en ventana nueva.\" href=\"http:\/\/auladelfuturo.intef.es\/noticias\/cursos-aula-del-futuro-2022-abierta-la-convocatoria-para-la-segunda-edicion\" target=\"_blank\" rel=\"external noopener\">Web Aula del Futuro<img loading=\"lazy\" decoding=\"async\" title=\"Nueva ventana\" src=\"https:\/\/www.educacionyfp.gob.es\/docroot\/img\/iconos\/13\/ico-nv.gif\" alt=\"Nueva ventana\" width=\"16\" height=\"14\" \/><span class=\"ns\">Enlace externo, se abre en ventana nueva<\/span><\/a>.<\/p>\n<p>&nbsp;<\/p>\n<ol>\n<li><a title=\"Enlace externo, se abre en ventana nueva.\" href=\"https:\/\/www.educacionyfp.gob.es\/dam\/jcr:eabd5e35-e43d-4e55-9020-9e74dc976a40\/01adfdisenoeimplementacion.pdf\" target=\"_blank\" rel=\"external noopener\"><strong>El Aula del Futuro en los centros educativos. Dise\u00f1o e implementaci\u00f3n<\/strong><img loading=\"lazy\" decoding=\"async\" title=\"PDF\" src=\"https:\/\/www.educacionyfp.gob.es\/docroot\/img\/iconos\/13\/ico-pdf.gif\" alt=\"PDF\" width=\"13\" height=\"13\" \/><span class=\"ns\">Enlace externo, se abre en ventana nueva<\/span><\/a><\/li>\n<li><a title=\"Enlace externo, se abre en ventana nueva.\" href=\"https:\/\/www.educacionyfp.gob.es\/dam\/jcr:c738f803-e750-4192-ac0f-bfe5c32f9f04\/02adfsyastem.pdf\" target=\"_blank\" rel=\"external noopener\"><strong>Situaciones de aprendizaje y actividades STEM para los espacios Aula del Futuro<\/strong><img loading=\"lazy\" decoding=\"async\" title=\"PDF\" src=\"https:\/\/www.educacionyfp.gob.es\/docroot\/img\/iconos\/13\/ico-pdf.gif\" alt=\"PDF\" width=\"13\" height=\"13\" \/><span class=\"ns\">Enlace externo, se abre en ventana nueva<\/span><\/a><\/li>\n<li><a title=\"Enlace externo, se abre en ventana nueva.\" href=\"https:\/\/www.educacionyfp.gob.es\/dam\/jcr:1a96b964-a64f-49bb-ada9-defeb2671ef3\/03adfabproyectos.pdf\" target=\"_blank\" rel=\"external noopener\"><strong>Las zonas del Aula del Futuro para el Aprendizaje Basado en Proyectos<\/strong><img loading=\"lazy\" decoding=\"async\" title=\"PDF\" src=\"https:\/\/www.educacionyfp.gob.es\/docroot\/img\/iconos\/13\/ico-pdf.gif\" alt=\"PDF\" width=\"13\" height=\"13\" \/><span class=\"ns\">Enlace externo, se abre en ventana nueva<\/span><\/a><\/li>\n<li><a title=\"Enlace externo, se abre en ventana nueva.\" href=\"https:\/\/www.educacionyfp.gob.es\/dam\/jcr:cb4280b3-c15e-484c-b045-76171d829833\/04adfcompetenciadd.pdf\" target=\"_blank\" rel=\"external noopener\"><strong>Competencia Digital Docente para el Aula del Futuro<\/strong><img loading=\"lazy\" decoding=\"async\" title=\"PDF\" src=\"https:\/\/www.educacionyfp.gob.es\/docroot\/img\/iconos\/13\/ico-pdf.gif\" alt=\"PDF\" width=\"13\" height=\"13\" \/><span class=\"ns\">Enlace externo, se abre en ventana nueva<\/span><\/a><\/li>\n<li><a title=\"Enlace externo, se abre en ventana nueva.\" href=\"https:\/\/www.educacionyfp.gob.es\/dam\/jcr:90de7167-98a8-4810-aa65-66be54539040\/05adfcdapcomputacional.pdf\" target=\"_blank\" rel=\"external noopener\"><strong>Competencias digitales avanzadas para el Aula del Futuro: pensamiento computacional<\/strong><img loading=\"lazy\" decoding=\"async\" title=\"PDF\" src=\"https:\/\/www.educacionyfp.gob.es\/docroot\/img\/iconos\/13\/ico-pdf.gif\" alt=\"PDF\" width=\"13\" height=\"13\" \/><span class=\"ns\">Enlace externo, se abre en ventana nueva<\/span><\/a><\/li>\n<li><a title=\"Enlace externo, se abre en ventana nueva.\" href=\"https:\/\/www.educacionyfp.gob.es\/dam\/jcr:513d24d2-bb04-45fd-a5b0-ba83667e9e49\/06adfapersonalizado.pdf\" target=\"_blank\" rel=\"external noopener\"><strong>Aprendizaje personalizado en el Aula del Futuro<\/strong><img loading=\"lazy\" decoding=\"async\" title=\"PDF\" src=\"https:\/\/www.educacionyfp.gob.es\/docroot\/img\/iconos\/13\/ico-pdf.gif\" alt=\"PDF\" width=\"13\" height=\"13\" \/><span class=\"ns\">Enlace externo, se abre en ventana nueva<\/span><\/a><\/li>\n<li><a title=\"Enlace externo, se abre en ventana nueva.\" href=\"https:\/\/www.educacionyfp.gob.es\/dam\/jcr:33f0758b-bbdb-4ed5-8373-4cc2e5b8bd9a\/07adfentornosdigitales.pdf\" target=\"_blank\" rel=\"external noopener\"><strong>Los entornos digitales y los espacios f\u00edsicos para la educaci\u00f3n inclusiva<\/strong><img loading=\"lazy\" decoding=\"async\" title=\"PDF\" src=\"https:\/\/www.educacionyfp.gob.es\/docroot\/img\/iconos\/13\/ico-pdf.gif\" alt=\"PDF\" width=\"13\" height=\"13\" \/><span class=\"ns\">Enlace externo, se abre en ventana nueva<\/span><\/a><\/li>\n<li><a title=\"Enlace externo, se abre en ventana nueva.\" href=\"https:\/\/www.educacionyfp.gob.es\/dam\/jcr:be348129-e46e-4aca-86dd-fd406f9bb633\/08adfevaluacion.pdf\" target=\"_blank\" rel=\"external noopener\"><strong>La evaluaci\u00f3n formativa digital y las zonas de actividad del Aula del Futuro<\/strong><img loading=\"lazy\" decoding=\"async\" title=\"PDF\" src=\"https:\/\/www.educacionyfp.gob.es\/docroot\/img\/iconos\/13\/ico-pdf.gif\" alt=\"PDF\" width=\"13\" height=\"13\" \/><span class=\"ns\">Enlace externo, se abre en ventana nueva<\/span><\/a><\/li>\n<li><a title=\"Enlace externo, se abre en ventana nueva.\" href=\"https:\/\/www.educacionyfp.gob.es\/dam\/jcr:bb321b42-37e1-4cdc-905e-12784d7d1c17\/09adfmetodologiasact.pdf\" target=\"_blank\" rel=\"external noopener\"><strong>Metodolog\u00edas activas en espacios innovadores de aprendizaje<\/strong><img loading=\"lazy\" decoding=\"async\" title=\"PDF\" src=\"https:\/\/www.educacionyfp.gob.es\/docroot\/img\/iconos\/13\/ico-pdf.gif\" alt=\"PDF\" width=\"13\" height=\"13\" \/><span class=\"ns\">Enlace externo, se abre en ventana nueva<\/span><\/a><\/li>\n<li><a title=\"Enlace externo, se abre en ventana nueva.\" href=\"https:\/\/www.educacionyfp.gob.es\/dam\/jcr:e42886f2-f58b-4b37-b461-00204fa42100\/10adfapmovil.pdf\" target=\"_blank\" rel=\"external noopener\"><strong>Aprendizaje m\u00f3vil en el Aula del Futuro<\/strong><img loading=\"lazy\" decoding=\"async\" title=\"PDF\" src=\"https:\/\/www.educacionyfp.gob.es\/docroot\/img\/iconos\/13\/ico-pdf.gif\" alt=\"PDF\" width=\"13\" height=\"13\" \/><span class=\"ns\">Enlace externo, se abre en ventana nueva<\/span><\/a><\/li>\n<li><a title=\"Enlace externo, se abre en ventana nueva.\" href=\"https:\/\/www.educacionyfp.gob.es\/dam\/jcr:ca388e49-5722-460d-87e6-6545622489a5\/11adfrvirtualyaumentada.pdf\" target=\"_blank\" rel=\"external noopener\"><strong>Ampliaci\u00f3n de los espacios f\u00edsicos de aprendizaje con la realidad virtual y la realidad aumentada<\/strong><img loading=\"lazy\" decoding=\"async\" title=\"PDF\" src=\"https:\/\/www.educacionyfp.gob.es\/docroot\/img\/iconos\/13\/ico-pdf.gif\" alt=\"PDF\" width=\"13\" height=\"13\" \/><span class=\"ns\">Enlace externo, se abre en ventana nueva<\/span><\/a><\/li>\n<li><a title=\"Enlace externo, se abre en ventana nueva.\" href=\"https:\/\/www.educacionyfp.gob.es\/dam\/jcr:afbce214-b538-4ce5-9aec-6b9eed76871e\/12adfrobotica.pdf\" target=\"_blank\" rel=\"external noopener\"><strong>Rob\u00f3tica para el aprendizaje activo en las zonas del Aula del Futuro<\/strong><\/a><\/li>\n<\/ol>\n<\/div>\n<\/div>\n<\/aside>\n<\/section>\n<\/div>\n<\/div>\n<\/div>\n<footer class=\"prefooter\">\n<div class=\"container-fluid\" style=\"text-align: center\"><\/div>\n<\/footer>\n<h5 data-ft=\"{&quot;tn&quot;:&quot;C&quot;}\"><span style=\"color: #0f0f0f\"><span style=\"font-size: xx-small\"><strong><span style=\"color: #000000;font-family: Times New Roman;font-size: medium\"><img loading=\"lazy\" decoding=\"async\" class=\"aligncenter\" src=\"https:\/\/encrypted-tbn0.gstatic.com\/images?q=tbn:ANd9GcTR28kVyfgd3qwCkn2ICP6JNBpKea-RZS3fF5sLEuFyAkmWuml3Qyn-alg-FidZmJD8Ug&amp;usqp=CAU\" width=\"263\" height=\"28\" \/>\u00a0\u00a0\u00a0\u00a0\u00a0\u00a0\u00a0\u00a0\u00a0\u00a0\u00a0\u00a0\u00a0\u00a0\u00a0\u00a0\u00a0\u00a0\u00a0\u00a0\u00a0\u00a0\u00a0\u00a0\u00a0\u00a0\u00a0\u00a0\u00a0\u00a0\u00a0\u00a0 \u00a0\u00a0\u00a0\u00a0\u00a0\u00a0\u00a0\u00a0\u00a0\u00a0\u00a0\u00a0\u00a0\u00a0\u00a0\u00a0\u00a0\u00a0\u00a0\u00a0\u00a0\u00a0\u00a0\u00a0\u00a0\u00a0\u00a0\u00a0\u00a0\u00a0\u00a0\u00a0\u00a0\u00a0\u00a0\u00a0\u00a0\u00a0\u00a0\u00a0\u00a0\u00a0\u00a0\u00a0\u00a0\u00a0\u00a0\u00a0\u00a0\u00a0\u00a0\u00a0\u00a0\u00a0<\/span><\/strong><\/span><\/span><\/h5>\n<h5 id=\"js_0\" class=\"_7tae _14f3 _14f5 _5pbw _5vra\" data-ft=\"{&quot;tn&quot;:&quot;C&quot;}\"><span class=\"fwn fcg\"><span class=\"fwb fcg\" data-ft=\"{&quot;tn&quot;:&quot;k&quot;}\"><a href=\"https:\/\/www.facebook.com\/IAAPasturias?hc_ref=ARRXJ_0kiDUJO-hOZ_NdPXEivIsDDRkL5hemJMu0PkjiXdzf2hPwwpDBt0v_b3-Qk18&amp;fref=nf&amp;__xts__%5B0%5D=68.ARAJWdZ0zvN7Gmd4jg3lnh9UQcfz4w9w4AaC7SqY2kt0pj5Vpk-nQ15K6v2g-6u_ZeyRiPkQC8BMlLP8HAIPlhO5pmKJYD4OI2KGk_gArRdCbUf9iGzyZ1IRi2aWgx11i357_5uNGkpt4YK6R1R1_xoB7Baq3oRxzITneFW5e09M_h-JilzsVe2rIAa9xzqqoO8KsmlQmaI2i0JmSR8Sitzx8rZhNuPbIZCrkaX7ftN_Ybui2cB7QZFvR-AX5I-jEtT8EWP-BCP9fgOYzUc6Chw4kjjOpU0Lfznqdgg63QEWwwpmrREq-A&amp;__tn__=kC-R\">IAAP Asturias<\/a><\/span><\/span><\/h5>\n<\/div>\n<\/div>\n<\/div>\n<\/div>\n<\/div>\n<\/div>\n<\/div>\n<div id=\"js_2\" class=\"_5pbx userContent _3576\" data-testid=\"post_message\" data-ft=\"{&quot;tn&quot;:&quot;K&quot;}\">\n<p><span class=\"_5mfr\"><span class=\"_6qdm\">?<\/span><\/span>\u00a0Formaci\u00f3n para el autoaprendizaje y Certificaci\u00f3n de Equivalencia<br \/>\n<span class=\"_5mfr\"><span class=\"_6qdm\">?<\/span><\/span><a class=\"_58cn\" href=\"https:\/\/www.facebook.com\/hashtag\/ofertaiaap1semestre22?__eep__=6&amp;source=feed_text&amp;epa=HASHTAG&amp;__xts__%5B0%5D=68.ARAJWdZ0zvN7Gmd4jg3lnh9UQcfz4w9w4AaC7SqY2kt0pj5Vpk-nQ15K6v2g-6u_ZeyRiPkQC8BMlLP8HAIPlhO5pmKJYD4OI2KGk_gArRdCbUf9iGzyZ1IRi2aWgx11i357_5uNGkpt4YK6R1R1_xoB7Baq3oRxzITneFW5e09M_h-JilzsVe2rIAa9xzqqoO8KsmlQmaI2i0JmSR8Sitzx8rZhNuPbIZCrkaX7ftN_Ybui2cB7QZFvR-AX5I-jEtT8EWP-BCP9fgOYzUc6Chw4kjjOpU0Lfznqdgg63QEWwwpmrREq-A&amp;__tn__=%2ANK-R\" data-ft=\"{&quot;type&quot;:104,&quot;tn&quot;:&quot;*N&quot;}\"><span class=\"_5afx\"><span class=\"_58cl _5afz\" aria-label=\"hashtag\">#<\/span><span class=\"_58cm\">ofertaIAAP1semestre22<\/span><\/span><\/a><br \/>\n<span class=\"_5mfr\"><span class=\"_6qdm\">\u2795<\/span><\/span>de 200 cursos en abierto,\u00a0<span class=\"_5mfr\"><span class=\"_6qdm\">2\ufe0f\u20e3<\/span><\/span><span class=\"_5mfr\"><span class=\"_6qdm\">6\ufe0f\u20e3<\/span><\/span>\u00a0nuevos en\u00a0<span class=\"_5mfr\"><span class=\"_6qdm\">2\ufe0f\u20e3<\/span><\/span><span class=\"_5mfr\"><span class=\"_6qdm\">0\ufe0f\u20e3<\/span><\/span><span class=\"_5mfr\"><span class=\"_6qdm\">2\ufe0f\u20e3<\/span><\/span><span class=\"_5mfr\"><span class=\"_6qdm\">2\ufe0f\u20e3<\/span><\/span><br \/>\n<span class=\"_5mfr\"><span class=\"_6qdm\">?<\/span><\/span>Certificaci\u00f3n de aprendizajes con ex\u00e1menes en l\u00ednea<br \/>\n<span class=\"_5mfr\"><span class=\"_6qdm\">?<\/span><\/span>\u00a0Consulta el programa completo\u00a0<span class=\"_5mfr\"><span class=\"_6qdm\">?<\/span><\/span><a href=\"https:\/\/bit.ly\/3DLT9B3\" target=\"_blank\" rel=\"nofollow noopener\" data-ft=\"{&quot;tn&quot;:&quot;-U&quot;}\" data-lynx-mode=\"async\" data-lynx-uri=\"https:\/\/l.facebook.com\/l.php?u=https%3A%2F%2Fbit.ly%2F3DLT9B3&amp;h=AT32f-R8RrokYcu5ycYYDiJ9zzrBG24OQFh0MOLrVcVxPXOXJxAEK-vXyJqITpuFoXJmVOfYG1eYIMTR19-txmkRieipTg_T9leYCmGXGd3fJUHJ9v2Qku216EgBWMgVkGWYfaMcDwx18Lflw7xQuC7fsG71E6IWj2th9KHlhsVm442eg3S97q8c4ataTzOVF8JT15a4BBx7MNBNAJ7iQf7Xtq1Jk56D7QJlB6jD-ZegjA_WtDtAItq23gOjj1IsjrzBGs9NRbv_xYgcfc44t8OyzAg4h8zgombugwUMWFwD-qa0QEsdI3paVaT3cBeaDZJ1IgQvJO8vDlCKgRivD6LUZNxQmJJe3xgZOMz9AbwDXcsyoKYUgrVSSLOEFfrcp5envs3INmjR4uo1dbi6LcdrhOIBKZ8Qo5jVlX_XFDKMO2Ucv3RjiMGZTwhRJo4LdSXnP44dcZ_cJStZtwmCM3txvyuuQ4BawxQxdypEKnr6HJdKdUsFmWTq4PmpftUvJ_kzL2MvTQIhTGXUJBwDW6ZHkaXqSwOjeFwfBzknfI5hburqLt2u8BoPb4mZ9D1EbYi5Q2JUnG00bjyPT-7EtNfbDicYc_WyS4GZ\">https:\/\/bit.ly\/3DLT9B3<\/a><\/p>\n<\/div>\n<div class=\"_3x-2\" data-ft=\"{&quot;tn&quot;:&quot;H&quot;}\">\n<div data-ft=\"{&quot;tn&quot;:&quot;H&quot;}\">\n<div class=\"mtm\">\n<div id=\"u_0_1k_yU\" class=\"_6m2 _1zpr clearfix _dcs _4_w4 _6m4 _5cwb _23bq _2bf7 _64lx _3eqz _20pq _3eqw _2rk1\" data-ft=\"{&quot;tn&quot;:&quot;H&quot;}\">\n<div class=\"clearfix _2r3x\">\n<div class=\"_42ef\">\n<div class=\"_3ekx _29_4\">\n<div class=\"_6m3 _--6\">\n<div class=\"_3n1k\">\n<div class=\"mbs _6m6 _2cnj _5s6c\"><a href=\"https:\/\/l.facebook.com\/l.php?u=https%3A%2F%2Fbit.ly%2F3DLT9B3&amp;h=AT0rKyP7af9N036L-YA8qMz4UZqjbIfdHfLOSW6G4obBSuAaS_lf-y1dHQ2V6oHm9LF6aWuyz09VBj_k-VPpf5WX6jOyIpmI3aJK_NuqC0Xk_VnblvStG8Xk8n4V6ctOkWjbLm7L3TT7gyhIUv9kLWOQAsSmjaNbi3wefjHFa_rnCTpiv127K6ApbYBLxyxuVfQykXtmk6NWCx9qevtlihf7FQ8qlxKoJ7P2z79kYAuq2MDEQFF01W7pv5HGZodjOMvd5ie_I5Ab-kMVkBtpDee02Js-jJ5Eqh_apmTlruOXiOlYAZlIItlJrnKhuyjP-7nFlvn30lIgA_ofTciQNjKQ-D-_Z3hU3lrDWNj6MpHTy-UzhXyaRQHyZd0OHsXQrsnLbK89fW4C7Q6nx3nem3TOaZkzh2ookgDcIMssz2DTBF65G_BZ64d4aRmeuBBYqavnR79Mru_Zg9srgrwpKaGF8lksf0GT1hNwBzM8kOTcLsWqfa74ELwPYPpnTP2xZcSM-2MKpy2j5F8A7YAEWKcujsq2_hEG75EmIrYRuwQhCs5-3bH1Lyg6AfSmCqb4VRo2igri2QN6HUZFO3uxnGxjk1wf0BOwf03T_ikytgXBDQM\" target=\"_blank\" rel=\"nofollow noopener\" data-lynx-mode=\"async\">programaiaap.asturias.es<\/a><\/div>\n<div><img loading=\"lazy\" decoding=\"async\" class=\"aligncenter\" src=\"https:\/\/encrypted-tbn0.gstatic.com\/images?q=tbn:ANd9GcTR28kVyfgd3qwCkn2ICP6JNBpKea-RZS3fF5sLEuFyAkmWuml3Qyn-alg-FidZmJD8Ug&amp;usqp=CAU\" width=\"263\" height=\"28\" \/><\/div>\n<\/div>\n<\/div>\n<\/div>\n<\/div>\n<\/div>\n<\/div>\n<\/div>\n<\/div>\n<\/div>\n<p><a href=\"http:\/\/www.cpravilesoccidente.es\/p\/actividades-de-formacion.html\"><strong><span style=\"font-size: 16px\">CPR Avil\u00e9s<\/span><\/strong><\/a><\/p>\n<div class=\"top_div clearfix\">\n<div class=\"top_titulo_apartado\">\u00daltimas actividades convocadas en fase de inscripci\u00f3n<\/div>\n<\/div>\n<div>\n<table class=\"tabla_actividad\">\n<tbody>\n<tr>\n<td class=\"celda\">\n<ul>\n<li><a href=\"http:\/\/proyectoscprgijon.es\/gestoraviles\/admin\/lis_informe.php?id=6397\" target=\"_blank\" rel=\"noopener\"><strong>CURSO_ABP EN PRIMARIA Y SECUNDARIA: TEOR\u00cdA Y PR\u00c1CTICA<\/strong><\/a><\/li>\n<li>Segundo Fidalgo Fern\u00e1ndez\u00a0 Principios del ABP<br \/>\nFernando Fdez. Rguez &#8211; Experiencia ABP en Primaria. Dise\u00f1o de un proyecto ABP.<br \/>\nCoral Baz Blach &#8211; Experiencia ABP en Secundaria<\/li>\n<\/ul>\n<\/td>\n<td class=\"celda tit_nowrap\"><a href=\"http:\/\/proyectoscprgijon.es\/gestoraviles\/admin\/lis_diptico.php?id=6397\" target=\"_blank\" rel=\"noopener\">D\u00edptico PDF<\/a><\/td>\n<td class=\"celda tit_nowrap\"><a href=\"http:\/\/proyectoscprgijon.es\/gestoraviles\/inscri1.php?idAct=6397\">Inscribirse en<br \/>\nesta actividad<\/a><\/td>\n<\/tr>\n<tr>\n<td class=\"celda\"><\/td>\n<td class=\"celda tit_nowrap\"><\/td>\n<td class=\"celda tit_nowrap\"><\/td>\n<\/tr>\n<\/tbody>\n<\/table>\n<\/div>\n<p><img loading=\"lazy\" decoding=\"async\" class=\"aligncenter\" src=\"https:\/\/encrypted-tbn0.gstatic.com\/images?q=tbn:ANd9GcTR28kVyfgd3qwCkn2ICP6JNBpKea-RZS3fF5sLEuFyAkmWuml3Qyn-alg-FidZmJD8Ug&amp;usqp=CAU\" width=\"263\" height=\"28\" \/><\/p>\n<p><a href=\"https:\/\/cprcuencasmineras.es\/cursos\/\"><span style=\"font-size: 20px\"><strong>CPR. Cuencas<\/strong><\/span><\/a><\/p>\n<ul>\n<li><span style=\"font-size: 16px\"><a href=\"https:\/\/cprcuencasmineras.es\/cursos\/admitidos\">Listado admitidos<\/a><\/span><\/li>\n<li>\n<h1><span style=\"font-size: 16px\"><a href=\"https:\/\/cprcuencasmineras.es\/cursos\/show\/uf-herramientas-para-la-autorregulacion-y-el-aprendizaje\"><span style=\"color: #008080\">U.F 8: HERRAMIENTAS PARA LA AUTORREGULACI\u00d3N Y EL APRENDIZAJE<\/span><\/a>:<br \/>\n<a href=\"https:\/\/cprcuencasmineras.es\/cursos\/download_documento\/396\">Ponente: Oscar Casado (Actitudes)<\/a> \/<a href=\"https:\/\/cprcuencasmineras.es\/cursos\/download_documento\/398\">\u00a0 Publicidad<\/a> \/ <a href=\"https:\/\/cprcuencasmineras.es\/cursos\/inscripcion\/uf-herramientas-para-la-autorregulacion-y-el-aprendizaje\">Ficha inscripci\u00f3n<\/a> \/ Jueves 27 Enero \/\u00a0 Teams<\/span><\/h1>\n<\/li>\n<\/ul>\n<p><img loading=\"lazy\" decoding=\"async\" class=\"aligncenter\" src=\"https:\/\/encrypted-tbn0.gstatic.com\/images?q=tbn:ANd9GcTR28kVyfgd3qwCkn2ICP6JNBpKea-RZS3fF5sLEuFyAkmWuml3Qyn-alg-FidZmJD8Ug&amp;usqp=CAU\" width=\"263\" height=\"28\" \/><\/p>\n<p>&nbsp;<\/p>\n<p>&nbsp;<\/p>\n","protected":false},"excerpt":{"rendered":"<p>CPR Cuencas U.F.10: DISE\u00d1O UNIVERSAR PARA EL APRENDIZAJE (DUA): LO QUE ESTAMOS HACIENDO Y LO QUE PODEMOS LLEGAR A HACER M\u00e1s informaci\u00f3n Inscripci\u00f3n U.F. 9: LA DOCENCIA COMPARTIDA, MUCHO M\u00c1S QUE DOS&#8230;Y OTRAS FORMAS DE APRENDIZAJE COOPERATIVO M\u00e1s informaci\u00f3n Inscripci\u00f3n U.F. 11: ESTACIONES DE APRENDIZAJE COMO ESTRATEGIA DINAMIZADORA DE AULA M\u00e1s informaci\u00f3n Inscripci\u00f3n U.F. 12: [&hellip;]<\/p>\n","protected":false},"author":117,"featured_media":0,"parent":4983,"menu_order":0,"comment_status":"closed","ping_status":"closed","template":"","meta":{"footnotes":""},"class_list":["post-5110","page","type-page","status-publish","hentry","post-preview"],"_links":{"self":[{"href":"https:\/\/edublog.educastur.es\/corredoria3\/wp-json\/wp\/v2\/pages\/5110","targetHints":{"allow":["GET"]}}],"collection":[{"href":"https:\/\/edublog.educastur.es\/corredoria3\/wp-json\/wp\/v2\/pages"}],"about":[{"href":"https:\/\/edublog.educastur.es\/corredoria3\/wp-json\/wp\/v2\/types\/page"}],"author":[{"embeddable":true,"href":"https:\/\/edublog.educastur.es\/corredoria3\/wp-json\/wp\/v2\/users\/117"}],"replies":[{"embeddable":true,"href":"https:\/\/edublog.educastur.es\/corredoria3\/wp-json\/wp\/v2\/comments?post=5110"}],"version-history":[{"count":18,"href":"https:\/\/edublog.educastur.es\/corredoria3\/wp-json\/wp\/v2\/pages\/5110\/revisions"}],"predecessor-version":[{"id":5137,"href":"https:\/\/edublog.educastur.es\/corredoria3\/wp-json\/wp\/v2\/pages\/5110\/revisions\/5137"}],"up":[{"embeddable":true,"href":"https:\/\/edublog.educastur.es\/corredoria3\/wp-json\/wp\/v2\/pages\/4983"}],"wp:attachment":[{"href":"https:\/\/edublog.educastur.es\/corredoria3\/wp-json\/wp\/v2\/media?parent=5110"}],"curies":[{"name":"wp","href":"https:\/\/api.w.org\/{rel}","templated":true}]}}