{"id":5167,"date":"2022-02-02T22:07:18","date_gmt":"2022-02-02T20:07:18","guid":{"rendered":"https:\/\/edublog.educastur.es\/corredoria3\/?page_id=5167"},"modified":"2022-03-31T15:01:35","modified_gmt":"2022-03-31T13:01:35","slug":"marzo","status":"publish","type":"page","link":"https:\/\/edublog.educastur.es\/corredoria3\/profes_cursos\/2022-2\/marzo\/","title":{"rendered":"Marzo"},"content":{"rendered":"<p>&nbsp;<\/p>\n<ul>\n<li class=\"entry-title fusion-post-title\"><a href=\"https:\/\/cproviedo.es\/actividades-convocadas\">CPR Oviedo: Formaci\u00f3n<\/a><\/li>\n<li><a href=\"https:\/\/cproviedo.es\/ix-sestaferia-educativa-apertura-inscripcion\"><span style=\"font-size: 20px\">Sestaferia educativa de llingua<\/span><\/a><\/li>\n<li>\n<h2 class=\"entry-title fusion-post-title\"><a href=\"https:\/\/cproviedo.es\/abierta-la-inscripcion-al-curso-taller-de-tecnica-vocal\"><span style=\"font-size: 20px\">\u201cTaller de t\u00e9cnica vocal para mejorar la comunicaci\u00f3n en el aula\u201d<\/span><\/a><\/h2>\n<\/li>\n<li>\n<h2 class=\"entry-title fusion-post-title\"><a href=\"https:\/\/cproviedo.es\/abierta-la-inscripcion-al-curso-a-distancia-moodle-campus-educastur\"><span style=\"font-size: 16px\">Curso a distancia \u201cMoodle: Campus Educastur\u201d<\/span><\/a><\/h2>\n<\/li>\n<li>\n<h2 class=\"entry-title fusion-post-title\"><a href=\"https:\/\/cproviedo.es\/curso-online-aplicacion-de-la-agenda-2030-en-el-sector-educativo-a-traves-del-aprendizaje-servicio-aps\"><span style=\"font-size: 16px\">Curso online: \u201cAplicaci\u00f3n de la agenda 2030 en el sector educativo a traves del aprendizaje servicio (APS)\u201d<\/span><\/a><\/h2>\n<\/li>\n<li>\n<h2 class=\"entry-title fusion-post-title\"><a href=\"https:\/\/cproviedo.es\/curso-asma-y-alergias-en-la-escuela\"><span style=\"font-size: 16px\">Curso: Asma y alergias en la escuela<\/span><\/a><\/h2>\n<\/li>\n<li>\n<h2 class=\"entry-title fusion-post-title\"><a href=\"https:\/\/cproviedo.es\/cuso-edicion-de-textos-cientificos-con-latex\"><span style=\"font-size: 16px\">Edici\u00f3n de textos cient\u00edficos con LaTeX<\/span><\/a><\/h2>\n<\/li>\n<\/ul>\n<p><img loading=\"lazy\" decoding=\"async\" class=\"aligncenter\" src=\"https:\/\/encrypted-tbn0.gstatic.com\/images?q=tbn:ANd9GcTR28kVyfgd3qwCkn2ICP6JNBpKea-RZS3fF5sLEuFyAkmWuml3Qyn-alg-FidZmJD8Ug&amp;usqp=CAU\" width=\"337\" height=\"36\" \/><\/p>\n<ul>\n<li><strong><a href=\"https:\/\/cprcuencasmineras.es\/cursos\">CPR Cuencas: FORMACI\u00d3N<\/a><\/strong><\/li>\n<\/ul>\n<div class=\"row-fluid un-curso odd\">\n<ul>\n<li class=\"span25 nombre-curso\"><a class=\"curso\" title=\"UF 18: RECONOCER, VISIBILIZAR, DETECTAR: ESTRATEGIAS DE PREVENCI\u00d3N DE LAS VIOLENCIAS MACHISTAS\" href=\"https:\/\/cprcuencasmineras.es\/cursos\/show\/uf-18-reconocer-visibilizar-detectar-estrategias-de-prevencion-de-las-violencias-machistas\">UF 18: RECONOCER, VISIBILIZAR, DETECTAR: ESTRATEGIAS DE PREVENCI\u00d3N DE LAS VIOLENCIAS MACHISTAS<\/a><\/li>\n<\/ul>\n<div class=\"span23 opciones\"><a class=\"mas-info\" title=\"M\u00e1s informaci\u00f3n\" href=\"https:\/\/cprcuencasmineras.es\/cursos\/show\/uf-18-reconocer-visibilizar-detectar-estrategias-de-prevencion-de-las-violencias-machistas\">M\u00e1s informaci\u00f3n<\/a> <a class=\"inscripcion\" title=\"Inscripci\u00f3n\" href=\"https:\/\/cprcuencasmineras.es\/cursos\/inscripcion\/uf-18-reconocer-visibilizar-detectar-estrategias-de-prevencion-de-las-violencias-machistas\">Inscripci\u00f3n<\/a><\/div>\n<\/div>\n<div class=\"row-fluid un-curso even\">\n<ul>\n<li class=\"span25 nombre-curso\"><a class=\"curso\" title=\"UF 19: R\u00daBRICAS \u00daTILES DE APRENDIZAJE\" href=\"https:\/\/cprcuencasmineras.es\/cursos\/show\/rubricas-utiles-de-aprendizaje\">UF 19: R\u00daBRICAS \u00daTILES DE APRENDIZAJE<\/a><\/li>\n<\/ul>\n<div class=\"span23 opciones\"><a class=\"mas-info\" title=\"M\u00e1s informaci\u00f3n\" href=\"https:\/\/cprcuencasmineras.es\/cursos\/show\/rubricas-utiles-de-aprendizaje\">M\u00e1s informaci\u00f3n<\/a> <a class=\"inscripcion\" title=\"Inscripci\u00f3n\" href=\"https:\/\/cprcuencasmineras.es\/cursos\/inscripcion\/rubricas-utiles-de-aprendizaje\">Inscripci\u00f3n<\/a><\/div>\n<\/div>\n<div class=\"row-fluid un-curso odd\">\n<ul>\n<li class=\"span25 nombre-curso\"><a class=\"curso\" title=\"UF 21: TERTULIA CINEMATOGR\u00c1FICA DIAL\u00d3GICA\" href=\"https:\/\/cprcuencasmineras.es\/cursos\/show\/uf-21-tertulia-cinematografica-dialogica\">UF 21: TERTULIA CINEMATOGR\u00c1FICA DIAL\u00d3GICA<\/a><\/li>\n<\/ul>\n<div class=\"span23 opciones\"><a class=\"mas-info\" title=\"M\u00e1s informaci\u00f3n\" href=\"https:\/\/cprcuencasmineras.es\/cursos\/show\/uf-21-tertulia-cinematografica-dialogica\">M\u00e1s informaci\u00f3n<\/a> <a class=\"inscripcion\" title=\"Inscripci\u00f3n\" href=\"https:\/\/cprcuencasmineras.es\/cursos\/inscripcion\/uf-21-tertulia-cinematografica-dialogica\">Inscripci\u00f3n<\/a><\/div>\n<\/div>\n<div class=\"row-fluid un-curso even\">\n<ul>\n<li class=\"span25 nombre-curso\"><a class=\"curso\" title=\"UF 20: DEL DICHO AL HECHO \u00bfC\u00d3MO SE HACE COEDUCACI\u00d3N?\" href=\"https:\/\/cprcuencasmineras.es\/cursos\/show\/uf-20-del-dicho-al-hecho-como-se-hace-coeducacion\">UF 20: DEL DICHO AL HECHO \u00bfC\u00d3MO SE HACE COEDUCACI\u00d3N?<\/a><\/li>\n<\/ul>\n<div class=\"span23 opciones\"><a class=\"mas-info\" title=\"M\u00e1s informaci\u00f3n\" href=\"https:\/\/cprcuencasmineras.es\/cursos\/show\/uf-20-del-dicho-al-hecho-como-se-hace-coeducacion\">M\u00e1s informaci\u00f3n<\/a> <a class=\"inscripcion\" title=\"Inscripci\u00f3n\" href=\"https:\/\/cprcuencasmineras.es\/cursos\/inscripcion\/uf-20-del-dicho-al-hecho-como-se-hace-coeducacion\">Inscripci\u00f3n<\/a><\/div>\n<\/div>\n<div class=\"row-fluid un-curso odd\">\n<ul>\n<li class=\"span25 nombre-curso\"><a class=\"curso\" title=\"IX SESTAFERIA EDUCATIVA\" href=\"https:\/\/cprcuencasmineras.es\/cursos\/show\/ix-sestaferia-educativa\">IX SESTAFERIA EDUCATIVA<\/a><\/li>\n<\/ul>\n<div class=\"span23 opciones\"><a class=\"mas-info\" title=\"M\u00e1s informaci\u00f3n\" href=\"https:\/\/cprcuencasmineras.es\/cursos\/show\/ix-sestaferia-educativa\">M\u00e1s informaci\u00f3n<\/a> <a class=\"inscripcion\" title=\"Inscripci\u00f3n\" href=\"https:\/\/cprcuencasmineras.es\/cursos\/inscripcion\/ix-sestaferia-educativa\">Inscripci\u00f3n<\/a><\/div>\n<\/div>\n<div class=\"row-fluid un-curso even\">\n<ul>\n<li class=\"span25 nombre-curso\"><a class=\"curso\" title=\"CREACI\u00d3N DE ENTORNOS DE APRENDIZAJE CON MICROSOFT 365\" href=\"https:\/\/cprcuencasmineras.es\/cursos\/show\/creacion-de-entornos-de-aprendizaje-con-microsoft-365-2\">CREACI\u00d3N DE ENTORNOS DE APRENDIZAJE CON MICROSOFT 365<\/a><\/li>\n<\/ul>\n<div class=\"span23 opciones\"><a class=\"mas-info\" title=\"M\u00e1s informaci\u00f3n\" href=\"https:\/\/cprcuencasmineras.es\/cursos\/show\/creacion-de-entornos-de-aprendizaje-con-microsoft-365-2\">M\u00e1s informaci\u00f3n<\/a> <a class=\"inscripcion\" title=\"Inscripci\u00f3n\" href=\"https:\/\/cprcuencasmineras.es\/cursos\/inscripcion\/creacion-de-entornos-de-aprendizaje-con-microsoft-365-2\">Inscripci\u00f3n<\/a><\/div>\n<\/div>\n<div class=\"row-fluid un-curso odd\">\n<ul>\n<li class=\"span25 nombre-curso\"><a class=\"curso\" title=\"EL HUERTO ESCOLAR ECOL\u00d3GICO Y LAS  ESCUELAS VERDES, ACTIVAS E INCLUSIVAS\" href=\"https:\/\/cprcuencasmineras.es\/cursos\/show\/huerto-escolar-ecologico-y-las-escuelas-verdes-activas-e-inclusivas\">EL HUERTO ESCOLAR ECOL\u00d3GICO Y LAS ESCUELAS VERDES, ACTIVAS E INCLUSIVAS<\/a><\/li>\n<\/ul>\n<div class=\"span23 opciones\"><a class=\"mas-info\" title=\"M\u00e1s informaci\u00f3n\" href=\"https:\/\/cprcuencasmineras.es\/cursos\/show\/huerto-escolar-ecologico-y-las-escuelas-verdes-activas-e-inclusivas\">M\u00e1s informaci\u00f3n<\/a> <a class=\"inscripcion\" title=\"Inscripci\u00f3n\" href=\"https:\/\/cprcuencasmineras.es\/cursos\/inscripcion\/huerto-escolar-ecologico-y-las-escuelas-verdes-activas-e-inclusivas\">Inscripci\u00f3n<\/a><\/div>\n<\/div>\n<div class=\"row-fluid un-curso even\">\n<ul>\n<li class=\"span25 nombre-curso\"><a class=\"curso\" title=\"APLICACI\u00d3N DE LA AGENDA 2030 EN EL SECTOR EDUCATIVO A TRAV\u00c9S DEL APRENDIZAJE-SERVICIO\" href=\"https:\/\/cprcuencasmineras.es\/cursos\/show\/aplicacion-de-la-agenda-2030-en-el-sector-educativo-a-traves-del-aprendizaje-servicio\">APLICACI\u00d3N DE LA AGENDA 2030 EN EL SECTOR EDUCATIVO A TRAV\u00c9S DEL APRENDIZAJE-SERVICIO<\/a><\/li>\n<\/ul>\n<div class=\"span23 opciones\"><\/div>\n<\/div>\n<p>&nbsp;<\/p>\n<p style=\"text-align: center\"><img loading=\"lazy\" decoding=\"async\" class=\"alignnone \" src=\"https:\/\/encrypted-tbn0.gstatic.com\/images?q=tbn:ANd9GcTR28kVyfgd3qwCkn2ICP6JNBpKea-RZS3fF5sLEuFyAkmWuml3Qyn-alg-FidZmJD8Ug&amp;usqp=CAU\" width=\"337\" height=\"36\" \/><\/p>\n<ul>\n<li>\n<h2 class=\"entry-title fusion-post-title\"><a href=\"https:\/\/cproviedo.es\/actividades-convocadas\"><span style=\"font-size: 16px\">CPR Oviedo: Formaci\u00f3n<\/span><\/a><\/h2>\n<ul class=\"public-DraftStyleDefault-ul\">\n<li id=\"viewer-amceg\" class=\"iWv3d xVLwT _3Kjjs _78FBa public-DraftStyleDefault-unorderedListItem public-DraftStyleDefault-depth0 public-DraftStyleDefault-list-ltr fixed-tab-size _1FoOD _78FBa b+iTF iWv3d NSjbv\">\n<p class=\"_1j-51 _1FoOD _78FBa b+iTF iWv3d undefined\"><strong>Duraci\u00f3n:<\/strong> 30 horas. \/ <strong>Horario:<\/strong> 17:00 a 20:00 \/ <strong>inscripci\u00f3n<\/strong><strong>:<\/strong> 14- 27 de marzo.<\/p>\n<\/li>\n<li>\n<h2 class=\"entry-title fusion-post-title\"><a href=\"https:\/\/cproviedo.es\/curso-regional-el-aprendizaje-inspirado-en-juegos-como-estrategia-docente\"><span style=\"font-size: 16px\">Curso regional \u201cEl aprendizaje inspirado en juegos como estrategia docente\u201d<\/span><\/a><\/h2>\n<\/li>\n<\/ul>\n<\/li>\n<li>\n<h2 id=\"viewer-9kdvm\" class=\"mm8Nw _1j-51 iWv3d _1FoOD _1oG79 ykIOg iWv3d public-DraftStyleDefault-block-depth0 fixed-tab-size public-DraftStyleDefault-text-ltr\"><span class=\"_2PHJq public-DraftStyleDefault-ltr\" style=\"font-size: 14px\"><strong>1\u00aa<\/strong> <strong>Sesi\u00f3n:<\/strong> <strong>30<\/strong> <strong>marzo<\/strong> sesi\u00f3n plenaria com\u00fan presencial en el CPR Gij\u00f3n-Oriente. \/\u00a0 <\/span><span class=\"_2PHJq public-DraftStyleDefault-ltr\" style=\"font-size: 14px\"><strong>2\u00aa<\/strong> <strong>Sesi\u00f3n: <\/strong><\/span><span class=\"_2PHJq public-DraftStyleDefault-ltr\"><span style=\"font-size: 14px\"><strong>18<\/strong> <strong>abril<\/strong>\u00a0<\/span> <\/span><\/h2>\n<\/li>\n<\/ul>\n<hr \/>\n<ul>\n<li>\n<h3 class=\"post-title entry-title\"><span style=\"font-size: 20px\"><a href=\"https:\/\/cprcuencasmineras.es\/cursos\/show\/creacion-de-entornos-de-aprendizaje-con-microsoft-365-2\"> Curso \u00abCreaci\u00f3n de entornos de aprendizaje con Microsoft 365\u00bb<\/a> <\/span><\/h3>\n<div class=\"post-body entry-content\">\n<p><a href=\"https:\/\/cprcuencasmineras.es\/cursos\/inscripcion\/creacion-de-entornos-de-aprendizaje-con-microsoft-365-2\">Inscripci\u00f3n: Del 16 al 31 de marzo.<\/a> Destinado al conocimiento de las herramientas educativas de Microsoft 365 y su integraci\u00f3n dentro del aula para la planificaci\u00f3n de los aprendizajes y el dise\u00f1o de tareas.<\/p>\n<div><strong>Duraci\u00f3n: <\/strong>20 horas (2 cr\u00e9ditos)<\/div>\n<div>\n<p><strong>Calendario: <\/strong>20 abril &#8211; 27 mayo<\/p>\n<p>1\u00aa sesi\u00f3n online s\u00edncrona: <b>20 abril <\/b>de 17 a 19 horas<br \/>\n2\u00aa sesi\u00f3n online s\u00edncrona:<b> 27 abril <\/b>de 17 a 19 horas<br \/>\n3\u00aa sesi\u00f3n online s\u00edncrona:<b> 04 mayo <\/b>de 17 a 19 horas<br \/>\n4\u00aa sesi\u00f3n online s\u00edncrona: <b>11 mayo\u00a0<\/b>de<b> <\/b>17 a 19 horas<br \/>\n5\u00aa sesi\u00f3n online s\u00edncrona: <b>18 mayo <\/b>de<b> <\/b>17 a 19 horas<br \/>\n6\u00aa sesi\u00f3n online s\u00edncrona: <b>25 mayo\u00a0<\/b>de<b> <\/b>17 a 19 horas<\/p>\n<\/div>\n<div><strong>Lugar:\u00a0 <\/strong>TEAMS<\/div>\n<div><strong>Horario: <\/strong>Sesiones online s\u00edncronas de 17:00 a 19:00 horas (12 horas)<br \/>\nTrabajo personal y entrega de evidencias desde el 20 abril al 27 de mayo (8 horas)<\/div>\n<\/div>\n<\/li>\n<\/ul>\n<hr \/>\n<ul>\n<li><span style=\"color: #008080\"><a href=\"https:\/\/cpravilesoccidente.wixsite.com\/\">CPR de Avil\u00e9s<\/a>: <a href=\"https:\/\/cpravilesoccidente.wixsite.com\/cprao\/post\/get-to-know-your-teachers\">UF <strong>Experiencias Erasmus+ en infantil y Primaria<\/strong><\/a><\/span><\/li>\n<li><strong>Ruta Erasmus+: Ampliando Horizontes<\/strong>. \/ TEAMS \/ lunes 14 de marzo en horario de 16:30- 19:30 horas<\/li>\n<li><a href=\"https:\/\/34208f9d-e010-43c6-b99c-878bc510fdfb.usrfiles.com\/ugd\/34208f_622c357e02384aa882feffe6e019e94c.pdf\" target=\"_blank\" rel=\"noopener noreferrer\" data-auth=\"NotApplicable\" data-linkindex=\"1\"><strong><u>D\u00cdPTICO<\/u><\/strong><\/a>\u00a0 Inscripci\u00f3n<a href=\"https:\/\/forms.office.com\/Pages\/ResponsePage.aspx?id=O26jiJ_XK0qNtkwG0Jc4IaRXrNdlacpOg3mS_oDEr2xUQ0dWN0I1Mjg2UklGV01MTlhMWlRQNzBENy4u\" target=\"_blank\" rel=\"noopener noreferrer\" data-auth=\"NotApplicable\" data-linkindex=\"0\"><strong><u>INSCRIPCI\u00d3N<\/u><\/strong><\/a><\/li>\n<li>\n<div class=\"ZpV9q\">\n<div class=\"qL5op D4II4\" data-hook=\"post-title\">\n<h1 class=\"zn0o0 VwmRm blog-post-title-font blog-post-title-color blog-text-color post-title blog-hover-container-element-color Zk5w2 blog-post-page-title-font\" data-hook=\"post-title\"><span class=\"post-title__text blog-post-title-font blog-post-title-color\" style=\"font-size: 16px\"><span class=\"blog-post-title-font blog-post-title-color\">Curso: \u00abDise\u00f1o b\u00e1sico de la web de centro con Alojaweb\u00bb. Inscripci\u00f3n <\/span><\/span><span class=\"_2PHJq public-DraftStyleDefault-ltr\"><span style=\"font-size: 16px\">9- 18 marzo. INFO <\/span><a class=\"_3Bkfb _1lsz7\" href=\"https:\/\/cproviedo.es\/curso-diseno-basico-de-la-web-de-centro-con-alojaweb-2\" target=\"_blank\" rel=\"noopener noreferrer\" data-hook=\"linkViewer\"><u class=\"_3zM-5\"><span style=\"font-size: 16px\">aqu\u00ed<\/span><\/u><\/a><\/span><\/h1>\n<div>\n<p><strong><a title=\"https:\/\/cpravilesoccidente.wixsite.com\/cprao\/team-4-1\" href=\"https:\/\/cpravilesoccidente.wixsite.com\/cprao\/team-4-1\">CPR AVIL\u00c9S ver&#8230;<\/a><\/strong><\/p>\n<\/div>\n<div>\n<ul>\n<li>\n<h1 class=\"_2zPFV _3hhFM blog-post-title-font blog-post-title-color blog-text-color post-title blog-hover-container-element-color _3DFPj blog-post-page-title-font\" data-hook=\"post-title\"><span class=\"post-title__text blog-post-title-font blog-post-title-color\" style=\"font-size: 16px\"><span class=\"blog-post-title-font blog-post-title-color\"><a title=\"https:\/\/cpravilesoccidente.wixsite.com\/cprao\/post\/curso-aprendizaje-competencial-a-trav%C3%A9s-de-la-cultura-de-pensamiento-rutinas-y-destrezas\" href=\"https:\/\/cpravilesoccidente.wixsite.com\/cprao\/post\/curso-aprendizaje-competencial-a-trav%C3%A9s-de-la-cultura-de-pensamiento-rutinas-y-destrezas\">Curso: Aprendizaje competencial a trav\u00e9s de la cultura de pensamiento: rutinas y destrezas.<\/a><\/span><\/span><\/h1>\n<\/li>\n<li>\n<h1 class=\"_2zPFV _3hhFM blog-post-title-font blog-post-title-color blog-text-color post-title blog-hover-container-element-color _3DFPj blog-post-page-title-font\" data-hook=\"post-title\"><span class=\"post-title__text blog-post-title-font blog-post-title-color\" style=\"font-size: 16px\"><span class=\"blog-post-title-font blog-post-title-color\"><a title=\"https:\/\/cpravilesoccidente.wixsite.com\/cprao\/post\/student-council-election-updates\" href=\"https:\/\/cpravilesoccidente.wixsite.com\/cprao\/post\/student-council-election-updates\">CURSO SEMIPRESENCIAL_CIENCIA SURROUND<\/a><\/span><\/span><\/h1>\n<\/li>\n<li>\n<h1 class=\"_2zPFV _3hhFM blog-post-title-font blog-post-title-color blog-text-color post-title blog-hover-container-element-color _3DFPj blog-post-page-title-font\" data-hook=\"post-title\"><span class=\"post-title__text blog-post-title-font blog-post-title-color\"><span class=\"blog-post-title-font blog-post-title-color\"><a title=\"https:\/\/cpravilesoccidente.wixsite.com\/cprao\/post\/curso-entender-la-comunicaci%C3%B3n-aumentativa-y-alternativa-a-trav%C3%A9s-del-lenguaje-natural-asistido\" href=\"https:\/\/cpravilesoccidente.wixsite.com\/cprao\/post\/curso-entender-la-comunicaci%C3%B3n-aumentativa-y-alternativa-a-trav%C3%A9s-del-lenguaje-natural-asistido\"><span style=\"font-size: 16px\">Curso: Entender la comunicaci\u00f3n aumentativa y alternativa a trav\u00e9s del lenguaje natural asistido<\/span><\/a><\/span><\/span><\/h1>\n<\/li>\n<\/ul>\n<\/div>\n<\/div>\n<\/div>\n<\/li>\n<\/ul>\n<div>\n<hr \/>\n<\/div>\n<div><span style=\"font-size: 20px;color: #800080\"><b>Bolet\u00edn del CPR de Oviedo:<\/b><\/span><\/div>\n<div>\n<ul>\n<li><a title=\"http:\/\/cproviedo.es\/curso-como-entender-la-comunicacion-aumentativa-y-alternativa-a-traves-del-lenguaje-natural-asistido?utm_source=mailpoet&amp;utm_medium=email&amp;utm_campaign=boletin-centro-del-profesorado-y-recursos-de-oviedo_11\" href=\"http:\/\/cproviedo.es\/curso-como-entender-la-comunicacion-aumentativa-y-alternativa-a-traves-del-lenguaje-natural-asistido?utm_source=mailpoet&amp;utm_medium=email&amp;utm_campaign=boletin-centro-del-profesorado-y-recursos-de-oviedo_11\">Curso: C\u00f3mo entender la comunicaci\u00f3n aumentativa y alternativa a trav\u00e9s del lenguaje natural asistido<\/a><\/li>\n<li><a href=\"http:\/\/www.cproviedo.es\/gestor\/inscri1.php?idAct=2206\" target=\"_blank\" rel=\"noopener noreferrer\">Acceso a inscripci\u00f3n<\/a><\/li>\n<li><a href=\"http:\/\/cproviedo.es\/gestor\/admin\/lis_diptico.php?id=2206\" target=\"_blank\" rel=\"noopener noreferrer\">Acceso al d\u00edptico<\/a><\/li>\n<li>\n<h2 class=\"entry-title fusion-post-title\"><span style=\"font-size: 14px\"><a title=\"https:\/\/cproviedo.es\/convocado-el-curso-educastur-blog-crea-tu-blog-educativo-3\" href=\"https:\/\/cproviedo.es\/convocado-el-curso-educastur-blog-crea-tu-blog-educativo-3\">\u201cEducastur Blog. Crea tu blog educativo\u201d <\/a>Inscripci\u00f3n hasta el 7 de abril<\/span><\/h2>\n<\/li>\n<\/ul>\n<div>Os recuerdo tambi\u00e9n los enviados en el \u00faltimo bolet\u00edn CPR OVIEDO<\/div>\n<div>\n<ul>\n<li><a href=\"https:\/\/cproviedo.es\/actividades-convocadas\"><strong><span style=\"font-size: 20px;color: #800080\">CPR OVIEDO. Formaci\u00f3n<\/span><\/strong><\/a><\/li>\n<\/ul>\n<div class=\"fusion-post-content post-content\">\n<ul>\n<li class=\"blog-shortcode-post-title entry-title\"><a href=\"https:\/\/cproviedo.es\/curso-el-calentamiento-del-planeta-tierra-desde-una-perspectiva-steam\">Curso: El calentamiento del planeta Tierra desde una perspectiva STEAM<\/a><\/li>\n<\/ul>\n<div class=\"fusion-post-content-container\">\n<ul>\n<li><a href=\"https:\/\/cproviedo.es\/curso-el-calentamiento-del-planeta-tierra-desde-una-perspectiva-steam\">Curso presencial, con el equipo docente de El CSIC en la escuela. Profes de primaria. INFO<\/a><\/li>\n<\/ul>\n<div>\n<p><span style=\"font-size: 20px;color: #800080\"><strong>CPR CUENCAS<\/strong><\/span><\/p>\n<ul>\n<li><a title=\"https:\/\/cprcuencasmineras.es\/cursos\/show\/u-f-17-proyecto-documental-integrado\" href=\"https:\/\/cprcuencasmineras.es\/cursos\/show\/u-f-17-proyecto-documental-integrado\">U.F. 17: PROYECTO DOCUMENTAL INTEGRADO (10 marzo, v\u00eda Teams)<\/a><\/li>\n<\/ul>\n<\/div>\n<div><\/div>\n<div><\/div>\n<\/div>\n<\/div>\n<\/div>\n<\/div>\n","protected":false},"excerpt":{"rendered":"<p>&nbsp; CPR Oviedo: Formaci\u00f3n Sestaferia educativa de llingua \u201cTaller de t\u00e9cnica vocal para mejorar la comunicaci\u00f3n en el aula\u201d Curso a distancia \u201cMoodle: Campus Educastur\u201d Curso online: \u201cAplicaci\u00f3n de la agenda 2030 en el sector educativo a traves del aprendizaje servicio (APS)\u201d Curso: Asma y alergias en la escuela Edici\u00f3n de textos cient\u00edficos con LaTeX [&hellip;]<\/p>\n","protected":false},"author":117,"featured_media":0,"parent":4983,"menu_order":0,"comment_status":"closed","ping_status":"closed","template":"","meta":{"footnotes":""},"class_list":["post-5167","page","type-page","status-publish","hentry","post-preview"],"_links":{"self":[{"href":"https:\/\/edublog.educastur.es\/corredoria3\/wp-json\/wp\/v2\/pages\/5167","targetHints":{"allow":["GET"]}}],"collection":[{"href":"https:\/\/edublog.educastur.es\/corredoria3\/wp-json\/wp\/v2\/pages"}],"about":[{"href":"https:\/\/edublog.educastur.es\/corredoria3\/wp-json\/wp\/v2\/types\/page"}],"author":[{"embeddable":true,"href":"https:\/\/edublog.educastur.es\/corredoria3\/wp-json\/wp\/v2\/users\/117"}],"replies":[{"embeddable":true,"href":"https:\/\/edublog.educastur.es\/corredoria3\/wp-json\/wp\/v2\/comments?post=5167"}],"version-history":[{"count":11,"href":"https:\/\/edublog.educastur.es\/corredoria3\/wp-json\/wp\/v2\/pages\/5167\/revisions"}],"predecessor-version":[{"id":5197,"href":"https:\/\/edublog.educastur.es\/corredoria3\/wp-json\/wp\/v2\/pages\/5167\/revisions\/5197"}],"up":[{"embeddable":true,"href":"https:\/\/edublog.educastur.es\/corredoria3\/wp-json\/wp\/v2\/pages\/4983"}],"wp:attachment":[{"href":"https:\/\/edublog.educastur.es\/corredoria3\/wp-json\/wp\/v2\/media?parent=5167"}],"curies":[{"name":"wp","href":"https:\/\/api.w.org\/{rel}","templated":true}]}}