{"id":5202,"date":"2022-09-06T18:42:04","date_gmt":"2022-09-06T16:42:04","guid":{"rendered":"https:\/\/edublog.educastur.es\/corredoria3\/?page_id=5202"},"modified":"2022-09-16T20:18:56","modified_gmt":"2022-09-16T18:18:56","slug":"septiembre","status":"publish","type":"page","link":"https:\/\/edublog.educastur.es\/corredoria3\/profes_cursos\/2022-2\/septiembre\/","title":{"rendered":"Septiembre"},"content":{"rendered":"<p style=\"text-align: center\"><img loading=\"lazy\" decoding=\"async\" class=\"alignnone size-full\" src=\"https:\/\/iaap.asturias.es\/documents\/150386\/151141\/LogoIAAP_noticias.gif\/f93aa503-9715-3037-f3ac-64b5b1b84046?t=1592911229340\" width=\"208\" height=\"136\" \/><\/p>\n<ul>\n<li data-hook=\"post-title\"><strong><span style=\"color: #800000\">NOVEDAD:<\/span> nueva plataforma Cursos IAAP<br \/>\n<\/strong><\/li>\n<li data-hook=\"post-title\"><strong><a href=\"https:\/\/edublog.educastur.es\/corredoria3\/profes_cursos\/2022-2\/septiembre\/iaap-aulbiertaiaap\/\">P\u00e1gina de este Blog con resumen y cursos que ofertan este trimestre&#8230;<\/a><\/strong><\/li>\n<\/ul>\n<blockquote>\n<h3 class=\"titulo-articulo\" style=\"text-align: center\"><a href=\"https:\/\/programaiaap.asturias.es\/programa-mensual?p_p_id=ViewerPortletIaap_INSTANCE_ESrEB78dWsYy&amp;p_p_lifecycle=0&amp;p_p_state=normal&amp;p_p_mode=view&amp;p_r_p_contentId=2288169&amp;p_r_p_action=next\">Nueva plataforma de formaci\u00f3n aul@biertaiaap<\/a><\/h3>\n<\/blockquote>\n<h1 data-hook=\"post-title\"><img loading=\"lazy\" decoding=\"async\" class=\"aligncenter\" src=\"https:\/\/encrypted-tbn0.gstatic.com\/images?q=tbn:ANd9GcTR28kVyfgd3qwCkn2ICP6JNBpKea-RZS3fF5sLEuFyAkmWuml3Qyn-alg-FidZmJD8Ug&amp;usqp=CAU\" width=\"319\" height=\"34\" \/><\/h1>\n<h1 data-hook=\"post-title\"><span style=\"font-size: 24px\"><a href=\"https:\/\/cproviedo.es\/\">CPR Oviedo<\/a> \/ <\/span><a href=\"https:\/\/cproviedo.es\/actividades-convocadas\"><span style=\"font-size: 24px\">Formaci\u00f3n<\/span><\/a><\/h1>\n<blockquote>\n<p style=\"text-align: center\"><span style=\"color: #800000;font-size: 20px\"><strong>INTERESANTE!!!!<\/strong><\/span><\/p>\n<\/blockquote>\n<p><img loading=\"lazy\" decoding=\"async\" class=\"wp-image-9255 aligncenter\" src=\"http:\/\/cproviedo.es\/wp-content\/uploads\/2022\/09\/Cabecera_sway_V4.jpg\" alt=\"\" width=\"632\" height=\"243\" \/><\/p>\n<p><strong><a href=\"https:\/\/cproviedo.es\/curso-competencia-digital-docente-b1\">FICHA.<\/a> Duraci\u00f3n:<span style=\"color: #800000\"> 70 horas.<\/span><\/strong><br \/>\n<strong>Inicio:<\/strong>\u00a0 27 de septiembre.\u00a0 <strong>Finalizaci\u00f3n: <\/strong>7 de diciembre.<br \/>\n<strong>Inicio de inscripci\u00f3n<\/strong>:\u00a0 16 de septiembre.\u00a0 <strong>Fin:<\/strong>\u00a0 23 de septiembre<br \/>\n<strong>Publicaci\u00f3n lista de admisi\u00f3n<\/strong>: 26 de septiembre.<br \/>\n<strong>N\u00ba M\u00ednimo de plazas:<\/strong> 50\u00a0 <strong>N\u00ba M\u00e1ximo de plazas:<\/strong> 105<\/p>\n<ul>\n<li><a href=\"https:\/\/sway.office.com\/7vFlZgsrZECxSXfx?ref=Link\" target=\"_blank\" rel=\"noopener noreferrer\"><strong>M\u00e1s informaci\u00f3n <\/strong><\/a>(Sway)<strong><br \/>\n<\/strong><\/li>\n<li><a href=\"http:\/\/cproviedo.es\/wp-content\/uploads\/2022\/09\/Informacon_Curso_CDD_B1_V2.pdf\" target=\"_blank\" rel=\"noopener noreferrer\"><strong>M\u00e1s informaci\u00f3n<\/strong><\/a> (PDF)<\/li>\n<li><a href=\"http:\/\/www.cproviedo.es\/gestor\/inscri1.php?idAct=2233\" target=\"_blank\" rel=\"noopener noreferrer\"><strong>Acceso a la inscripci\u00f3n<\/strong><\/a><\/li>\n<\/ul>\n<h1 data-hook=\"post-title\"><img loading=\"lazy\" decoding=\"async\" class=\"aligncenter\" src=\"https:\/\/encrypted-tbn0.gstatic.com\/images?q=tbn:ANd9GcTR28kVyfgd3qwCkn2ICP6JNBpKea-RZS3fF5sLEuFyAkmWuml3Qyn-alg-FidZmJD8Ug&amp;usqp=CAU\" width=\"319\" height=\"34\" \/><\/h1>\n<blockquote>\n<h2 class=\"entry-title fusion-post-title\" style=\"text-align: center\"><span style=\"font-size: 24px\"><a href=\"https:\/\/cproviedo.es\/curso-de-formacion-ciclista-para-docentes\">Curso de Formaci\u00f3n Ciclista para docentes<\/a><\/span><\/h2>\n<\/blockquote>\n<p>Tendr\u00e1n prioridad en el proceso de admisi\u00f3n, las personas docentes en activo que presten sus servicios en Centros educativos adheridos al Plan 3S\/STARS.<\/p>\n<p>El curso es totalmente online, a trav\u00e9s del Campus Formaci\u00f3n, con una duraci\u00f3n de 30 horas, distribuidas como consideren los participantes, \u00a0unas tutor\u00edas en el foro y unas tareas a realizar para superar el curso. Se desarrollar\u00e1 entre los d\u00edas 26 de septiembre y 10 de octubre de 2022 (ambos inclusive).<\/p>\n<p><a href=\"http:\/\/www.cproviedo.es\/gestor\/admin\/lis_diptico.php?id=2234\" target=\"_blank\" rel=\"noopener noreferrer\">M\u00e1s informaci\u00f3n<\/a><\/p>\n<p><a href=\"http:\/\/www.cproviedo.es\/gestor\/inscri1.php?idAct=2234\" target=\"_blank\" rel=\"noopener noreferrer\">Inscripci\u00f3n\u00a0<\/a><\/p>\n<h1 data-hook=\"post-title\"><img loading=\"lazy\" decoding=\"async\" class=\"aligncenter\" src=\"https:\/\/encrypted-tbn0.gstatic.com\/images?q=tbn:ANd9GcTR28kVyfgd3qwCkn2ICP6JNBpKea-RZS3fF5sLEuFyAkmWuml3Qyn-alg-FidZmJD8Ug&amp;usqp=CAU\" width=\"319\" height=\"34\" \/><\/h1>\n<div class=\"jsn-article-content\">\n<p style=\"text-align: center\"><img loading=\"lazy\" decoding=\"async\" class=\"alignnone \" src=\"https:\/\/www.ugt-sp.es\/media\/k2\/items\/cache\/0866814445f210bf35d61d7290b487ff_L.jpg\" width=\"488\" height=\"244\" \/><\/p>\n<p><a href=\"https:\/\/www.ugt-sp.es\/sectores\/ensenanza\/item\/30886-nueva-convocatoria-de-cursos-online-de-formacion-permanente-del-profesorado-homologados-por-el-mefp\"><br \/>\nNueva convocatoria de cursos online de formaci\u00f3n permanente del profesorado homologados por el MEFP<\/a><\/p>\n<p>Durante el segundo semestre de 2022, se realizar\u00e1n tres cursos en modalidad online, con una duraci\u00f3n de cuatro semanas (40h). Dos de ellos tendr\u00e1n lugar en octubre y el tercero en noviembre.<\/p>\n<p>Para preinscribirse en los cursos, es necesario rellenar la hoja de preinscripci\u00f3n del curso seleccionado y enviarla a\u00a0 <span id=\"cloakfb5d04c8f7a0b7b05a0661502c8151b1\"><a href=\"mailto:n.federal@ugt-sp.eu\">formacion.federal@ugt-sp.eu<\/a><\/span>, junto con el recibo de la transferencia, copia del DNI y la cabecera de la n\u00f3mina.<\/p>\n<p><a href=\"https:\/\/www.ugt-sp.es\/images\/PDF\/ensenanza\/Formaci\u00f3n\/segundo-semestre-2022\/FORMACI\u00d3N_PERMANENTE_ONLINE_S2_22.pdf\" target=\"_blank\" rel=\"noopener\"><strong>INFORMACI\u00d3N GENERAL CURSOS ONLINE\u00a0 SEGUNDO SEMESTRE 2022<\/strong><\/a><\/p>\n<p>\u2022 <strong>Centros educativos promotores de la salud (40h)<br \/>\n<\/strong>&#8211; Fecha curso: del 3 al 30 octubre 2022 \/ &#8211; <a href=\"https:\/\/www.ugt-sp.es\/images\/PDF\/ensenanza\/Formaci\u00f3n\/segundo-semestre-2022\/FOLLETO_CENTROS_PROMO_S2_22.pdf\" target=\"_blank\" rel=\"noopener\">Folleto curso<\/a>\/ &#8211; <a href=\"https:\/\/www.ugt-sp.es\/images\/PDF\/ensenanza\/Formaci\u00f3n\/segundo-semestre-2022\/PREINSCRIPCIO\u0301N_CENTROS_S2_22-2.pdf\" target=\"_blank\" rel=\"noopener\">Ficha preinscripci\u00f3n curso<\/a><\/p>\n<p>\u2022 <strong>El \u00e1lbum ilustrado. Herramienta clave para la educaci\u00f3n emocional y social (40h)<\/strong><\/p>\n<p>&#8211; Fecha curso: del 3 al 30 octubre 2022. El curso adem\u00e1s incluye dos sesiones en directo con la tutora: el 3 y 17 de octubre, de 18h a 19h.<\/p>\n<p>\/ &#8211; <a href=\"https:\/\/www.ugt-sp.es\/images\/PDF\/ensenanza\/Formaci\u00f3n\/segundo-semestre-2022\/FOLLETO_ALBUM_S2_22.pdf\" target=\"_blank\" rel=\"noopener\">Folleto curso\u00a0<\/a>\/ &#8211; <a href=\"https:\/\/www.ugt-sp.es\/images\/PDF\/ensenanza\/Formaci\u00f3n\/segundo-semestre-2022\/PREINSCRIPCIO\u0301N_ALBUM_S2_22.pdf\" target=\"_blank\" rel=\"noopener\">Ficha preinscripci\u00f3n curso<\/a><\/p>\n<p>\u2022 <strong>Gamifica tu aula (40h) <\/strong>&#8211; Fecha curso: del 7 noviembre al 4 de diciembre 2022 \/ &#8211; <a href=\"https:\/\/www.ugt-sp.es\/images\/PDF\/ensenanza\/Formaci\u00f3n\/segundo-semestre-2022\/FOLLETO_GAMIFICA_S2_22.pdf\" target=\"_blank\" rel=\"noopener\">Folleto curso<\/a>\/ &#8211; <a href=\"https:\/\/www.ugt-sp.es\/images\/PDF\/ensenanza\/Formaci\u00f3n\/segundo-semestre-2022\/PREINSCRIPCIO\u0301N_GAMIFICA_S2_22_nv.pdf\" target=\"_blank\" rel=\"noopener\">Ficha preinscripci\u00f3n curso<\/a><\/p>\n<p>Una vez realizada la preinscripci\u00f3n, las condiciones de devoluci\u00f3n del importe del curso ser\u00e1n:<br \/>\n&#8211; En caso de que no se llegue a un m\u00ednimo de participantes en los cursos (30 participantes en curso En red)<br \/>\n&#8211; Por causa justificada por parte del solicitante (ej: justificante m\u00e9dico)<\/p>\n<\/div>\n<div class=\"addtoany_container\">\n<h1 data-hook=\"post-title\"><img loading=\"lazy\" decoding=\"async\" class=\"aligncenter\" src=\"https:\/\/encrypted-tbn0.gstatic.com\/images?q=tbn:ANd9GcTR28kVyfgd3qwCkn2ICP6JNBpKea-RZS3fF5sLEuFyAkmWuml3Qyn-alg-FidZmJD8Ug&amp;usqp=CAU\" width=\"319\" height=\"34\" \/><\/h1>\n<\/div>\n<blockquote>\n<div style=\"text-align: center\">El pr\u00f3ximo mi\u00e9rcoles d\u00eda 21 de septiembre, comienza el NOOC<br \/>\n<a href=\"http:\/\/enlinea.intef.es\/courses\/course-v1:FAD+FamiliasDig7+2022_ED1\/about\" target=\"_blank\" rel=\"noopener noreferrer\" data-auth=\"NotApplicable\" data-linkindex=\"1\"><strong>\u00abFAMILIAS DIGITALES: INTERACT\u00daA, COLABORA Y COMPARTE EN LA RED (NIVEL B\u00c1SICO)\u00bb<\/strong><\/a>.<\/div>\n<\/blockquote>\n<div>\n<p><strong><span style=\"color: #000000\">Este NOOC nace para apoyar a las familias en el uso de plataformas y\/o herramientas digitales que los centros escolares han puesto a su disposici\u00f3n.<\/span><\/strong> En este nano curso abierto conocer\u00e1s cu\u00e1l es el uso de la tecnolog\u00eda en diferentes \u00e1mbitos, aprender\u00e1s c\u00f3mo es la comunicaci\u00f3n y colaboraci\u00f3n que se da en los entornos digitales y qu\u00e9 herramientas podemos utilizar para comunicar, compartir y colaborar en la red. Se ofrecer\u00e1n, adem\u00e1s, una serie de consejos para hacer un uso correcto de las redes sociales, juegos en red, aplicaciones de comunicaci\u00f3n, etc.<\/p>\n<p><strong>Hasta el 30 de septiembre podr\u00e1s realizar este nano curso. La estimaci\u00f3n de carga horaria es de 180 minutos, si bien es orientativa, ya que no se certifican horas de formaci\u00f3n, sino que se espera que tu participaci\u00f3n en este NOOC tenga como principal motivaci\u00f3n tu desarrollo personal en el conocimiento de la educaci\u00f3n digital<\/strong>. <a href=\"http:\/\/enlinea.intef.es\/courses\/course-v1:FAD+FamiliasDig7+2022_ED1\/about\" target=\"_blank\" rel=\"noopener noreferrer\" data-auth=\"NotApplicable\" data-linkindex=\"2\">\u00a1Inscr\u00edbete!\u00a0<\/a><\/p>\n<\/div>\n<h1 data-hook=\"post-title\"><img loading=\"lazy\" decoding=\"async\" class=\"aligncenter\" src=\"https:\/\/encrypted-tbn0.gstatic.com\/images?q=tbn:ANd9GcTR28kVyfgd3qwCkn2ICP6JNBpKea-RZS3fF5sLEuFyAkmWuml3Qyn-alg-FidZmJD8Ug&amp;usqp=CAU\" width=\"319\" height=\"34\" \/><\/h1>\n<h1 class=\"UbhFJ7 nkqC0Q blog-post-title-font blog-post-title-color blog-text-color post-title blog-hover-container-element-color FG3qXk blog-post-page-title-font\" data-hook=\"post-title\"><span class=\"post-title__text blog-post-title-font blog-post-title-color\" style=\"font-size: 20px\"><span class=\"blog-post-title-font blog-post-title-color\">CPR Avil\u00e9s<\/span><\/span><\/h1>\n<blockquote>\n<h1 class=\"UbhFJ7 nkqC0Q blog-post-title-font blog-post-title-color blog-text-color post-title blog-hover-container-element-color FG3qXk blog-post-page-title-font\" style=\"text-align: center\" data-hook=\"post-title\"><span class=\"post-title__text blog-post-title-font blog-post-title-color\"><span class=\"blog-post-title-font blog-post-title-color\"><img loading=\"lazy\" decoding=\"async\" class=\"aligncenter\" src=\"https:\/\/static.wixstatic.com\/media\/2b8b78_ee17822632df475f83aef4d5cb4df12a~mv2.png\/v1\/fill\/w_450,h_450,al_c,q_85,usm_0.66_1.00_0.01,enc_auto\/2b8b78_ee17822632df475f83aef4d5cb4df12a~mv2.png\" width=\"186\" height=\"186\" \/><br \/>\n<span style=\"font-size: 20px\"><a href=\"https:\/\/cpravilesoccidente.wixsite.com\/cprao\/post\/experiencias-y-dise%C3%B1o-de-un-proyecto-integrado-en-infantil-y-primaria\">INFO CURSO: Experiencias y dise\u00f1o de un proyecto integrado en Infantil y Primaria<\/a><\/span><br \/>\n<\/span><\/span><\/h1>\n<\/blockquote>\n<p id=\"viewer-c5ir8\" class=\"mm8Nw _1j-51 roLFQS _1FoOD _3M0Fe Z63qyL roLFQS public-DraftStyleDefault-block-depth0 fixed-tab-size public-DraftStyleDefault-text-ltr\"><span class=\"_2PHJq public-DraftStyleDefault-ltr\"><strong>Inicio de inscripci\u00f3n<\/strong>: 5 de septiembre (a partir de las 12:00)<br \/>\n<\/span><span class=\"_2PHJq public-DraftStyleDefault-ltr\"><strong>Fin de inscripci\u00f3n<\/strong>: 11 de septiembre (hasta las 23:45)<br \/>\n<\/span><span class=\"_2PHJq public-DraftStyleDefault-ltr\"><strong>Horas<\/strong>: 24h <strong>Cr\u00e9ditos<\/strong>: 2,5<br \/>\n<\/span><span class=\"_2PHJq public-DraftStyleDefault-ltr\"><strong>Fecha de inicio<\/strong>: 14 de septiembre<br \/>\n<strong>Finalizaci\u00f3n<\/strong>: Semana del 24 de Abril<\/span><\/p>\n<p><img loading=\"lazy\" decoding=\"async\" class=\"aligncenter\" src=\"https:\/\/encrypted-tbn0.gstatic.com\/images?q=tbn:ANd9GcTR28kVyfgd3qwCkn2ICP6JNBpKea-RZS3fF5sLEuFyAkmWuml3Qyn-alg-FidZmJD8Ug&amp;usqp=CAU\" width=\"319\" height=\"34\" \/><\/p>\n<blockquote>\n<h1 style=\"text-align: center\" data-kb-block=\"kb-adv-heading_f0c994-80\"><a href=\"https:\/\/www.congresocitea.com\/\"><img loading=\"lazy\" decoding=\"async\" class=\"aligncenter\" src=\"https:\/\/www.congresocitea.com\/wp-content\/uploads\/2021\/02\/imagotipo_color.png\" width=\"144\" height=\"110\" \/><\/a><span style=\"color: #008080;font-size: 24px\"><em>II Congreso Internacional de Transformaci\u00f3n<br \/>\nDigital en Entornos de Aprendizaje<\/em><\/span><\/h1>\n<\/blockquote>\n<p style=\"text-align: center\">Congreso CITEA: <a href=\"https:\/\/www.congresocitea.com\/\"><strong>Web<\/strong><\/a> \/<a href=\"https:\/\/www.congresocitea.com\/\"> https:\/\/www.congresocitea.com\/<\/a><br \/>\n22 \u00b7 23 SEPTIEMBRE 2022 \u00b7 <span class=\"qubely-text-has-bgcolor\"><strong> 100 % ONLINE <\/strong><\/span><\/p>\n<p><img loading=\"lazy\" decoding=\"async\" class=\"aligncenter\" src=\"https:\/\/encrypted-tbn0.gstatic.com\/images?q=tbn:ANd9GcTR28kVyfgd3qwCkn2ICP6JNBpKea-RZS3fF5sLEuFyAkmWuml3Qyn-alg-FidZmJD8Ug&amp;usqp=CAU\" width=\"319\" height=\"34\" \/><\/p>\n<hr \/>\n<blockquote>\n<h1 style=\"text-align: center\" data-hook=\"post-title\"><span style=\"text-decoration: underline\"><span style=\"font-size: 24px;color: #008080;text-decoration: underline\">Competencia Digital Docente<\/span><\/span><br \/>\n<img loading=\"lazy\" decoding=\"async\" class=\"alignnone size-full\" src=\"https:\/\/encrypted-tbn0.gstatic.com\/images?q=tbn:ANd9GcSoWTaQxh3JQ8CbQNuw2_eVH5KdXxRhDFlZB_jtYl8ympWqkiEaUCiJsmZCczgCStqZrNo&amp;usqp=CAU\" width=\"300\" height=\"168\" \/><br \/>\n<a href=\"https:\/\/intef.es\/Noticias\/acuerdo-sobre-la-certificacion-acreditacion-y-reconocimiento-de-la-competencia-digital-docente\/\"><span style=\"font-size: 14px\">https:\/\/intef.es\/Noticias\/acuerdo-sobre-la-certificacion-acreditacion-y-reconocimiento-de-la-competencia-digital-docente\/<\/span><\/a><\/h1>\n<\/blockquote>\n<ul>\n<li><a href=\"https:\/\/intef.es\/Noticias\/acuerdo-sobre-la-certificacion-acreditacion-y-reconocimiento-de-la-competencia-digital-docente\/\">13-07-2022 ENLACE con INFO<\/a><\/li>\n<li><a href=\"https:\/\/intef.es\/formacion-y-colaboracion\/competencia-digital-educativa\/\">Competencia Digital Educativa<\/a><\/li>\n<li><a href=\"https:\/\/www3.gobiernodecanarias.org\/medusa\/edublog\/cprofestelde\/2022\/07\/14\/competencia-digital-docente-mrcdd-y-compdigedu\/\">+ INFO sobre Qu\u00e9 es la<strong> Competencia Digital Docente<\/strong><\/a><\/li>\n<\/ul>\n<div class=\"imagen_blog crop_5_3 \" style=\"text-align: center\">\n<figure class=\"imagen_generica auto_crop_item loaded vertical\"><a href=\"https:\/\/www.aonia.es\/wp-content\/uploads\/2018\/02\/areas-competenciadigital-01.jpg\"><img loading=\"lazy\" decoding=\"async\" class=\"alignnone\" src=\"https:\/\/www.aonia.es\/wp-content\/uploads\/2018\/02\/areas-competenciadigital-01.jpg\" alt=\"\" width=\"448\" height=\"235\" \/><\/a><\/figure>\n<\/div>\n<header class=\"entry-header\">\n<h1 class=\"entry-title-blog\" style=\"text-align: center\"><a href=\"https:\/\/intef.es\/Noticias\/acuerdo-sobre-la-certificacion-acreditacion-y-reconocimiento-de-la-competencia-digital-docente\/\"><span style=\"font-size: 16px\">Acuerdo sobre la certificaci\u00f3n, acreditaci\u00f3n y reconocimiento de la competencia digital docente<\/span><\/a><\/h1>\n<\/header>\n<div class=\"entry-content\">\n<p>Con fecha 12 de julio, se ha publicado en el BOE la Resoluci\u00f3n de la Direcci\u00f3n General de Evaluaci\u00f3n y Cooperaci\u00f3n Territorial, por la que se publica el Acuerdo de la Conferencia Sectorial de Educaci\u00f3n sobre la certificaci\u00f3n, acreditaci\u00f3n y reconocimiento de la competencia digital docente.<\/p>\n<p>El Acuerdo de certificaci\u00f3n, acreditaci\u00f3n y reconocimiento establece los procedimientos para la acreditaci\u00f3n de la competencia digital de los docentes. Supone un acuerdo com\u00fan para todas las Administraciones Educativas, para que posteriormente puedan desarrollar su propia normativa en los t\u00e9rminos recogidos en este Acuerdo.<\/p>\n<p>Dicha acreditaci\u00f3n se realizar\u00e1 en los siguientes niveles: A1, A2, B1, B2, C1 y C2, siendo equivalente y reconocida por todas las Administraciones educativas. Para ello, se tomar\u00e1 como referente el <a href=\"https:\/\/www.boe.es\/diario_boe\/txt.php?id=BOE-A-2022-8042\" target=\"_blank\" rel=\"noopener\">Marco de Referencia de la Competencia Digital Docente (MRCDD).<\/a><\/p>\n<\/div>\n<p style=\"text-align: center\"><a href=\"https:\/\/www3.gobiernodecanarias.org\/medusa\/edublog\/cprofestelde\/wp-content\/uploads\/sites\/269\/2022\/07\/areasbigs-768x546.png\"><img loading=\"lazy\" decoding=\"async\" class=\"alignnone\" src=\"https:\/\/www3.gobiernodecanarias.org\/medusa\/edublog\/cprofestelde\/wp-content\/uploads\/sites\/269\/2022\/07\/areasbigs-768x546.png\" alt=\"\" width=\"599\" height=\"426\" \/><\/a><\/p>\n<p><img loading=\"lazy\" decoding=\"async\" class=\"aligncenter\" src=\"https:\/\/encrypted-tbn0.gstatic.com\/images?q=tbn:ANd9GcTR28kVyfgd3qwCkn2ICP6JNBpKea-RZS3fF5sLEuFyAkmWuml3Qyn-alg-FidZmJD8Ug&amp;usqp=CAU\" width=\"319\" height=\"34\" \/><\/p>\n<p>&nbsp;<\/p>\n","protected":false},"excerpt":{"rendered":"<p>NOVEDAD: nueva plataforma Cursos IAAP P\u00e1gina de este Blog con resumen y cursos que ofertan este trimestre&#8230; Nueva plataforma de formaci\u00f3n aul@biertaiaap CPR Oviedo \/ Formaci\u00f3n INTERESANTE!!!! FICHA. Duraci\u00f3n: 70 horas. Inicio:\u00a0 27 de septiembre.\u00a0 Finalizaci\u00f3n: 7 de diciembre. Inicio de inscripci\u00f3n:\u00a0 16 de septiembre.\u00a0 Fin:\u00a0 23 de septiembre Publicaci\u00f3n lista de admisi\u00f3n: 26 de [&hellip;]<\/p>\n","protected":false},"author":117,"featured_media":0,"parent":4983,"menu_order":0,"comment_status":"closed","ping_status":"closed","template":"","meta":{"footnotes":""},"class_list":["post-5202","page","type-page","status-publish","hentry","post-preview"],"_links":{"self":[{"href":"https:\/\/edublog.educastur.es\/corredoria3\/wp-json\/wp\/v2\/pages\/5202","targetHints":{"allow":["GET"]}}],"collection":[{"href":"https:\/\/edublog.educastur.es\/corredoria3\/wp-json\/wp\/v2\/pages"}],"about":[{"href":"https:\/\/edublog.educastur.es\/corredoria3\/wp-json\/wp\/v2\/types\/page"}],"author":[{"embeddable":true,"href":"https:\/\/edublog.educastur.es\/corredoria3\/wp-json\/wp\/v2\/users\/117"}],"replies":[{"embeddable":true,"href":"https:\/\/edublog.educastur.es\/corredoria3\/wp-json\/wp\/v2\/comments?post=5202"}],"version-history":[{"count":13,"href":"https:\/\/edublog.educastur.es\/corredoria3\/wp-json\/wp\/v2\/pages\/5202\/revisions"}],"predecessor-version":[{"id":5238,"href":"https:\/\/edublog.educastur.es\/corredoria3\/wp-json\/wp\/v2\/pages\/5202\/revisions\/5238"}],"up":[{"embeddable":true,"href":"https:\/\/edublog.educastur.es\/corredoria3\/wp-json\/wp\/v2\/pages\/4983"}],"wp:attachment":[{"href":"https:\/\/edublog.educastur.es\/corredoria3\/wp-json\/wp\/v2\/media?parent=5202"}],"curies":[{"name":"wp","href":"https:\/\/api.w.org\/{rel}","templated":true}]}}