{"id":5206,"date":"2022-09-06T18:42:55","date_gmt":"2022-09-06T16:42:55","guid":{"rendered":"https:\/\/edublog.educastur.es\/corredoria3\/?page_id=5206"},"modified":"2022-11-23T15:50:12","modified_gmt":"2022-11-23T13:50:12","slug":"noviembre","status":"publish","type":"page","link":"https:\/\/edublog.educastur.es\/corredoria3\/profes_cursos\/2022-2\/noviembre\/","title":{"rendered":"Noviembre"},"content":{"rendered":"<div class=\"articulo-block-title\">\n<div class=\"row-fluid cabecera-interior\">\n<ul>\n<li><a href=\"https:\/\/cproviedo.es\/actividades-convocadas\">CPR de OVIEDO: ACTIVIDADES CONVOCADAS<\/a><\/li>\n<\/ul>\n<blockquote>\n<h2 class=\"entry-title fusion-post-title\" style=\"text-align: center\"><span style=\"color: #008080\">Ruta Formativa \u201cMetodolog\u00edas activas\u201d<br \/>\n<a href=\"http:\/\/cproviedo.es\/wp-content\/uploads\/2022\/11\/RutaMetodologiasActivas.pdf\" target=\"_blank\" rel=\"noopener noreferrer\">Presentaci\u00f3n en PDF<\/a><br \/>\n<\/span><\/h2>\n<\/blockquote>\n<\/div>\n<ul>\n<li><a href=\"http:\/\/cproviedo.es\/ruta-formativa-metodologias-activas?utm_source=mailpoet&amp;utm_medium=email&amp;utm_campaign=boletin-centro-del-profesorado-y-recursos-de-oviedo_11\">Ficha<\/a> \/\u00a0 <a href=\"http:\/\/www.cproviedo.es\/gestor\/inscri1.php?idAct=2324\" target=\"_blank\" rel=\"noopener noreferrer\">Acceso a la inscripci\u00f3n<\/a>\u00a0a la <strong>Ruta <span style=\"color: #800000\">desde el 21 al 24 de noviembre.<\/span><\/strong><\/li>\n<li><a href=\"http:\/\/cproviedo.es\/wp-content\/uploads\/2022\/11\/RutaMetodologiasActivas.pdf\" target=\"_blank\" rel=\"noopener noreferrer\">Presentaci\u00f3n en PDF<\/a><\/li>\n<li>El objetivo principal de la <strong>Ruta Formativa Metodolog\u00edas activas<\/strong> es dar a conocer los principios y elementos b\u00e1sicos de diversas metodolog\u00edas activas y participativas que favorecen los procesos de ense\u00f1anza y aprendizaje, tanto individuales como colectivos.<\/li>\n<li>Est\u00e1 compuesta de 5 Unidades Formativas de 3 horas de duraci\u00f3n cada una.<\/li>\n<li>Las Unidades Formativas consistir\u00e1n en ponencias online a trav\u00e9s de eventos en directo en TEAMS con una persona experta en la metodolog\u00eda que incluir\u00e1 una explicaci\u00f3n de las caracter\u00edsticas de la misma y una muestra de buenas pr\u00e1cticas que orienten sobre su puesta en pr\u00e1ctica. La inscripci\u00f3n en la Ruta fomativa ser\u00e1 \u00fanica, pero<strong><span style=\"color: #008080\"> las personas admitidas podr\u00e1n elegir la asistencia a 3, 4 o 5 Unidades Formativas.<\/span><\/strong><\/li>\n<\/ul>\n<p>&nbsp;<\/p>\n<ul>\n<li><strong>Ponentes:<\/strong> In\u00e9s Abella, Rosa Liarte, Le\u00f3nidas Arjona, M\u00aa Carmen D\u00edaz y Natalia Lavilla.<\/li>\n<li><strong>Inicio de la ruta:<\/strong>\u00a0 28 de noviembre (de 16:30 a 19:30).<\/li>\n<li><strong>Finalizaci\u00f3n de la ruta: <\/strong>25 de enero (de 16:30 a 19:30).<\/li>\n<li><strong>Publicaci\u00f3n lista de admisi\u00f3n<\/strong>: 25 de noviembre.<\/li>\n<li><strong>N\u00ba M\u00ednimo de plazas:<\/strong> 50.\u00a0\u00a0\u00a0 <strong>N\u00ba M\u00e1ximo de plazas:<\/strong> 500.<\/li>\n<\/ul>\n<ul>\n<li style=\"list-style-type: none\"><\/li>\n<\/ul>\n<p><img loading=\"lazy\" decoding=\"async\" class=\"aligncenter\" src=\"http:\/\/cproviedo.es\/wp-content\/uploads\/2022\/11\/Imagen-cabecera.jpg\" width=\"429\" height=\"231\" \/><\/p>\n<\/div>\n<hr \/>\n<blockquote>\n<h2 class=\"entry-title fusion-post-title\" style=\"text-align: center\"><span style=\"color: #008080\"><span style=\"font-size: 16px\">Curso regional<\/span> \u201cDise\u00f1o de instrumentos de evaluaci\u00f3n\u201d<\/span><\/h2>\n<\/blockquote>\n<ul>\n<li><a href=\"https:\/\/cproviedo.es\/curso-regional-diseno-de-instrumentos-de-evaluacion\">Ficha<\/a> \/<strong>\u00a0<a href=\"https:\/\/forms.office.com\/Pages\/ResponsePage.aspx?id=O26jiJ_XK0qNtkwG0Jc4Iaf9eK569nxEqcZfoYRAZtlUNUJZMzYySkIzRDVEV0lRVDVLTlJURkNIRS4u\" target=\"_blank\" rel=\"noopener noreferrer\">Inscripci\u00f3n<\/a><\/strong> del 23 al 29 Noviembre\/\u00a0 <a href=\"http:\/\/www.cprgijon.es\/2022\/11\/curso-regional-diseno-de-instrumentos.html\" target=\"_blank\" rel=\"noopener noreferrer\">Consultas e informaci\u00f3n<\/a> (Sitio web del CPR Gij\u00f3n-Oriente)<\/li>\n<li>N\u00fam. de participantes: M\u00cdN.: 50 M\u00c1X.: 400<\/li>\n<\/ul>\n<div>\n<div data-original-attrs=\"{&quot;style&quot;:&quot;&quot;}\">\n<p>Esta actividad formativa trata de poner claridad en los conceptos relativos a la evaluaci\u00f3n del aprendizaje del alumnado, al tiempo que ofrece estrategias para la puesta en pr\u00e1ctica de la misma de forma colegiada, aut\u00e9ntica, formativa, criterial, objetiva y transparente, dentro del nuevo marco normativo que proponen la LOMLOE y su desarrollo auton\u00f3mico para el Principado de Asturias.<\/p>\n<\/div>\n<ul>\n<li><b>Ponente: <\/b>Jose Antonio G\u00f3mez Alfonso<b><br \/>\n<\/b><\/li>\n<\/ul>\n<\/div>\n<ul>\n<li><b>Metodolog\u00eda:\u00a0 <\/b>sesiones s\u00edncronas por TEAMS.<\/li>\n<li><b>Calendario<\/b><br aria-hidden=\"true\" \/><span style=\"color: #008080\"><em>Sesi\u00f3n 1: <strong>1 diciembre<\/strong> de 16:30 a 19:30 h<\/em><\/span><br aria-hidden=\"true\" \/><span style=\"color: #008080\"><em>Sesi\u00f3n 2: <strong>9 de enero<\/strong> de 16:30 a 19:30 h<\/em><\/span><br aria-hidden=\"true\" \/><span style=\"color: #008080\"><em>Sesi\u00f3n 3: <strong>16 de enero<\/strong> de 16:30 a 19:30 h<\/em><\/span><img loading=\"lazy\" decoding=\"async\" class=\"alignnone \" src=\"https:\/\/cproviedo.es\/wp-content\/uploads\/2022\/11\/thumbnail_evaluacion2.jpg\" width=\"277\" height=\"179\" \/><\/li>\n<\/ul>\n<div>\n<div style=\"text-align: center\"><\/div>\n<\/div>\n<hr \/>\n<div class=\"articulo-block-title\">\n<div class=\"post-content\">\n<blockquote>\n<p style=\"text-align: center\"><strong><span style=\"color: #008080\">\u201cPrevenci\u00f3n de las adicciones : conceptos y habilidades <\/span><\/strong><br \/>\n<strong><span style=\"color: #008080\">para el trabajo en Educaci\u00f3n Infantil y Primaria\u201d.<\/span><\/strong><\/p>\n<\/blockquote>\n<ul>\n<li>El Centro del Profesorado y de recursos de Oviedo , en coordinaci\u00f3n con el Ayuntamiento de Oviedo<\/li>\n<li>El objetivo principal de esta formaci\u00f3n es facilitar informaci\u00f3n sobre la prevenci\u00f3n de las adicciones en el \u00e1mbito escolar. Adem\u00e1s, se dar\u00e1n a conocer los distintos programas y actividades que se ofrecen desde el Plan Municipal sobre Drogas.<\/li>\n<li>Este curso tendr\u00e1 una duraci\u00f3n total de 8 horas (1 cr\u00e9dito), distribuidas entre los d\u00edas 28 y 29 de noviembre\u00a0 de 2022, en horario de 16:00h. a 20:00 h., en el sal\u00f3n del actos del CPR de Oviedo.<\/li>\n<li><a href=\"http:\/\/www.cproviedo.es\/gestor\/inscri1.php?idAct=2241\">Inscripci\u00f3n al\u00a0 curso Prevenci\u00f3n Adicciones\u00a0 infantil y primaria<\/a><\/li>\n<li><a href=\"http:\/\/www.cproviedo.es\/gestor\/admin\/lis_diptico.php?id=2241\">D\u00edptico<\/a><\/li>\n<\/ul>\n<\/div>\n<\/div>\n<p style=\"text-align: center\"><img loading=\"lazy\" decoding=\"async\" class=\"alignnone \" src=\"https:\/\/cproviedo.es\/wp-content\/uploads\/2022\/04\/fotos-primaria-juego-de-llaves.jpg\" width=\"275\" height=\"247\" \/><\/p>\n<hr \/>\n<h2><\/h2>\n<p>&nbsp;<\/p>\n<div class=\"articulo-block-title\">\n<hr \/>\n<p>&nbsp;<\/p>\n<div class=\"row-fluid cabecera-interior\">\n<div class=\"container cabecera-interior-container\">\n<blockquote>\n<h1 style=\"text-align: center\"><span style=\"color: #008080\">DIVERSIFICANDO LAS AULAS <span class=\"campo\"><a title=\"Descargar D\u00edptico\" href=\"https:\/\/cprcuencasmineras.es\/cursos\/download_documento\/442\">D\u00edptico<\/a><\/span><br \/>\n<\/span><\/h1>\n<\/blockquote>\n<p style=\"text-align: center\"><a href=\"https:\/\/cprcuencasmineras.es\/cursos\/download_documento\/442\"><img loading=\"lazy\" decoding=\"async\" class=\"alignnone\" src=\"https:\/\/static.wixstatic.com\/media\/2b8b78_fa1c17fec91f4e3abf47800c9845763e~mv2.jpg\/v1\/fill\/w_679,h_681,al_c,q_85,enc_auto\/2b8b78_fa1c17fec91f4e3abf47800c9845763e~mv2.jpg\" alt=\"\" width=\"452\" height=\"453\" \/><\/a><\/p>\n<\/div>\n<\/div>\n<div class=\"row-fluid\">\n<div class=\"container interior\" style=\"text-align: center\"><span style=\"font-size: 20px\"><a href=\"https:\/\/cprcuencasmineras.es\/cursos\/show\/diversificando-las-aulas\">CPR Cuencas Mineras <span style=\"font-size: 24px\"><strong>+ INFO<\/strong><\/span><\/a><\/span><\/div>\n<\/div>\n<div class=\"row-fluid content-ficha-curso\">\n<div class=\"container interior\">\n<div class=\"span31 ficha-curso-izq\">\n<div class=\"row-fluid\">\n<ul>\n<li class=\"span6 primero\"><span style=\"font-size: 20px\"><span class=\"nombre-campo\"><strong>C\u00f3digo<\/strong><\/span> <span class=\"campo\">62\u00a0\u00a0\u00a0\u00a0\u00a0 <\/span><span class=\"nombre-campo\"><strong>Modalidad<\/strong><\/span> <span class=\"campo\">Curso a Distancia<\/span><\/span><\/li>\n<li class=\"span6 primero\"><span style=\"font-size: 20px\"><span class=\"nombre-campo\"><strong>Programa<\/strong><\/span> <span class=\"campo\">FORMACI\u00d3N PARA LA INCLUSI\u00d3N Y LA EQUIDAD<\/span><\/span><\/li>\n<li class=\"span6 primero\"><span style=\"font-size: 20px\"><span class=\"nombre-campo\"><strong>Dirigido a<\/strong><\/span> <span class=\"campo\">Todo el profesorado<\/span><\/span><\/li>\n<li>\n<div class=\"row-fluid\"><span style=\"font-size: 20px\"><span class=\"nombre-campo\"><strong>Metodolog\u00eda<\/strong><\/span> <span class=\"campo\">Se combinar\u00e1n sesiones s\u00edncronas telem\u00e1ticas con la realizaci\u00f3n de una evidencia.<\/span><\/span><\/div>\n<\/li>\n<li>\n<div><span style=\"font-size: 20px\"><strong>Duraci\u00f3n:\u00a0 <\/strong>12 horas<\/span><\/div>\n<\/li>\n<li>\n<div><span style=\"font-size: 20px\"><strong>Calendario:\u00a0 <\/strong>22 y 29 de noviembre,\u00a0 1 y 13 de diciembre<\/span><\/div>\n<div><span style=\"font-size: 20px\"><strong>Lugar:\u00a0 <\/strong>Telem\u00e1tico\u00a0\u00a0 <strong>Horario:\u00a0 <\/strong>17:00-19:00\u00a0\u00a0 <strong>Plazas:\u00a0 <\/strong>M\u00ednimo 20, m\u00e1ximo 400<\/span><\/div>\n<div><span style=\"font-size: 20px\"><strong>Inscripci\u00f3n:\u00a0 <\/strong><span style=\"color: #800080\">Del 08 de Noviembre de 2021 al 18 de Noviembre de 2021.<\/span><\/span><\/div>\n<div><span style=\"font-size: 20px\"><strong>Lista de personas admitidas:\u00a0 <\/strong>Se publicar\u00e1 en el tabl\u00f3n de anuncios del C.P.R. y en la p\u00e1gina Web, el d\u00eda 21 de noviembre de 2022.<\/span><\/div>\n<div>\n<p><span style=\"font-size: 20px\"><strong>Procedimiento de matr\u00edcula:\u00a0 <\/strong>Periodo de inscripci\u00f3n: del 9 de noviemb re al 18 de noviembre.<\/span><\/p>\n<div><span style=\"font-size: 20px\">Mediante la cumplimentaci\u00f3n del siguiente formulario<strong>:\u00a0<\/strong><\/span><a title=\"Ir a https:\/\/forms.office.com\/r\/UYCK98f7Xf\" href=\"https:\/\/forms.office.com\/r\/UYCK98f7Xf\" rel=\"external\"><strong><span style=\"font-size: 20px\">ENLACE\u00a0<\/span><\/strong><\/a><\/div>\n<div><\/div>\n<\/div>\n<div><\/div>\n<\/li>\n<\/ul>\n<hr \/>\n<\/div>\n<p style=\"text-align: center\"><a href=\"https:\/\/www.educastur.es\/profesorado\/formacion-e-innovacion\/actividades-de-formacion\/cursos\"><img loading=\"lazy\" decoding=\"async\" class=\"alignnone\" src=\"https:\/\/www.educastur.es\/documents\/34868\/37704\/2021-09-pro-forma-cursos-1060x190.jpg\/b0f4487f-6080-0e64-c79c-b44d7dacb105?t=1631449019634\" alt=\"\" width=\"832\" height=\"102\" \/><\/a><\/p>\n<p style=\"text-align: center\"><a href=\"https:\/\/www.educastur.es\/profesorado\/formacion-e-innovacion\/actividades-de-formacion\/cursos\"><strong><span style=\"font-size: 28px\">EDUCASTUR Formaci\u00f3n CURSOS<\/span><\/strong><\/a><\/p>\n<div class=\"row-fluid\">\n<hr \/>\n<\/div>\n<\/div>\n<\/div>\n<p style=\"text-align: center\"><img loading=\"lazy\" decoding=\"async\" class=\"alignnone \" src=\"https:\/\/www.educastur.es\/documents\/34868\/37707\/2022-11-formacion-curso-practicas-restaurativas-800.jpg\/b66dbdfe-af3a-c059-6259-13040b823c53?t=1668169820392\" width=\"579\" height=\"175\" \/><\/p>\n<ul>\n<li><a href=\"https:\/\/www.educastur.es\/-\/curso-regional.-las-pr%C3%A1cticas-restaurativas-como-estrategia-de-mejora-de-la-convivencia?redirect=%2F\">Ficha curso<\/a> \/\u00a0 <a href=\"https:\/\/educastur-my.sharepoint.com\/personal\/cprgijon_educastur_org\/_layouts\/15\/onedrive.aspx?id=%2Fpersonal%2Fcprgijon%5Feducastur%5Forg%2FDocuments%2F1%20CURSO%20ESCOLAR%2022%2D23%2F9%20FORMACI%C3%93N%2FCURSOS%2F56%5FLas%20pr%C3%A1cticas%20restaurativas%20como%20estrategia%20de%20mejora%20de%20la%20convivencia%2FTr%C3%ADptico%20curso%20Pr%C3%A1cticas%20restaurativas%2Epdf&amp;parent=%2Fpersonal%2Fcprgijon%5Feducastur%5Forg%2FDocuments%2F1%20CURSO%20ESCOLAR%2022%2D23%2F9%20FORMACI%C3%93N%2FCURSOS%2F56%5FLas%20pr%C3%A1cticas%20restaurativas%20como%20estrategia%20de%20mejora%20de%20la%20convivencia&amp;ga=1\" target=\"_blank\" rel=\"noopener\">Tr\u00edptico informativo<\/a> (pdf) \/ <a href=\"http:\/\/www.cprgijon.es\/2022\/11\/curso-las-practicas-restaurativas-como.html\" target=\"_blank\" rel=\"noopener\">Formulario de inscripci\u00f3n<\/a>\u00a0 \/<\/li>\n<\/ul>\n<p>La red de formaci\u00f3n del profesorado de Asturias, a trav\u00e9s del CPR de Gij\u00f3n-Oriente, ha dise\u00f1ado el curso <strong>Las pr\u00e1cticas restaurativas como estrategia de mejora de la convivencia. <\/strong>Su objetivo es introducir de forma pr\u00e1ctica la mirada y las herramientas que aportan las pr\u00e1cticas restaurativas para que puedan formar parte de la vida del centro.<\/p>\n<ul>\n<li><strong>Calendario:\u00a0<\/strong>30 de noviembre de 2022;\u00a016, 23, 24, 25 y 26 de enero\u00a0y 7 de febrero de 2023.<\/li>\n<li><strong>Duraci\u00f3n y acreditaci\u00f3n: <\/strong>20 horas, 2 cr\u00e9ditos.<\/li>\n<li><strong>Sede:\u00a0<\/strong>\u00a0varias sedes.<\/li>\n<li><strong>Inscripci\u00f3n<\/strong> del 9 al 23 de noviembre de 2022.<\/li>\n<\/ul>\n<div class=\"container interior\">\n<div class=\"span31 ficha-curso-izq\">\n<div class=\"row-fluid\">\n<hr \/>\n<\/div>\n<\/div>\n<\/div>\n<\/div>\n<\/div>\n<blockquote>\n<h1 style=\"text-align: center\"><span style=\"color: #008080;font-size: 28px\">GTI: <strong>ANOVACI\u00d3N METODOL\u00d3XICA <\/strong><br \/>\n<strong>NA CLASE DE LLINGUA ASTURIANA<\/strong><br \/>\n<\/span><\/h1>\n<\/blockquote>\n<ul>\n<li class=\"row-fluid inscripcion\"><span style=\"font-size: 20px\"><a class=\"inscripcion\" title=\"Inscripci\u00f3n\" href=\"https:\/\/cprcuencasmineras.es\/cursos\/inscripcion\/anovacion-metodoloxica-na-clase-de-llingua\">Inscripci\u00f3n<\/a><\/span><\/li>\n<\/ul>\n<div class=\"row-fluid info-der\">\n<div><span style=\"font-size: 20px\"><strong>Duraci\u00f3n: <\/strong>20 horas<\/span><\/div>\n<div><span style=\"font-size: 20px\"><strong>Calendario: <\/strong>Ensin determinar.\u00a0 Primera sesi\u00f3n: 21 de payares de 2022<\/span><\/div>\n<div><span style=\"font-size: 20px\"><strong>Lugar:\u00a0 <\/strong>CPR Cuenques Mineres, sede La Felguera<\/span><\/div>\n<div><span style=\"font-size: 20px\"><strong>Horario:\u00a0 <\/strong>De 16.30 a 19.30 horas\u00a0<\/span><\/div>\n<div><span style=\"font-size: 20px\"><strong>Plazas:\u00a0 <\/strong>M\u00ednimu 10, m\u00e1ximo 30<\/span><\/div>\n<div><span style=\"font-size: 20px\"><strong>Inscripci\u00f3n:\u00a0 <\/strong>Del 02 de Noviembre de 2022 al 16 de Noviembre de 2022.<\/span><\/div>\n<div><span style=\"font-size: 20px\"><strong>Lista de personas admitidas:\u00a0\u00a0 <\/strong>Va espublizase na p\u00e1xina web el d\u00eda 17 de payares de 2022.<\/span><\/div>\n<div><span style=\"font-size: 20px\"><strong>Procedimiento de matr\u00edcula:\u00a0 <\/strong>Na p\u00e1xina web del CPR Cuenques Mineres<\/span><\/div>\n<div>\n<div class=\"row-fluid\">\n<div class=\"span6 primero\"><span style=\"font-size: 20px\"><span class=\"nombre-campo\"><strong>C\u00f3digo<\/strong><\/span> <span class=\"campo\">46 <\/span><span class=\"nombre-campo\"><strong>Modalidad<\/strong><\/span> <span class=\"campo\">Grupo de Trabajo\u00a0\u00a0 <\/span><span class=\"nombre-campo\"><strong>\u00c1rea<\/strong><\/span> <span class=\"campo\">Actualizaci\u00f3n Profesional<\/span><\/span><\/div>\n<\/div>\n<div class=\"row-fluid\">\n<div class=\"span23 primero\"><span style=\"font-size: 20px\"><span class=\"nombre-campo\"><strong>Programa<\/strong><\/span> <span class=\"campo\">LENGUA ASTURIANA<\/span><\/span><\/div>\n<div class=\"span23\"><span style=\"font-size: 20px\"><span class=\"nombre-campo\"><strong>Dirigido a<\/strong><\/span> <span class=\"campo\">Profesorado de Llingua Asturiana y Gallego-Asturiano. Primaria, Secundaria y Bachillerato<\/span><\/span><\/div>\n<\/div>\n<div class=\"row-fluid\"><span style=\"font-size: 20px\"><span class=\"nombre-campo\"><strong>Contenidos<\/strong><\/span> <span class=\"campo\">. Ellaboraci\u00f3n de material did\u00e1utico pa la clase de Llingua Asturiana.<\/span><\/span><\/div>\n<\/div>\n<div><\/div>\n<\/div>\n<div class=\"articulo-block-title\">\n<hr \/>\n<h2 style=\"text-align: center\"><a href=\"https:\/\/cproviedo.es\/wp-content\/uploads\/2022\/11\/Incidencias-con-Abiesweb-1.png\"><img loading=\"lazy\" decoding=\"async\" class=\"alignnone\" src=\"https:\/\/cproviedo.es\/wp-content\/uploads\/2022\/11\/Incidencias-con-Abiesweb-1.png\" alt=\"\" width=\"347\" height=\"868\" \/><\/a><\/h2>\n<blockquote>\n<h2 class=\"entry-title fusion-post-title\" style=\"text-align: center\">Curso regional: <span style=\"color: #008080\">\u201cIniciaci\u00f3n a Abiesweb\u201d<\/span><\/h2>\n<\/blockquote>\n<p style=\"text-align: center\"><a href=\"https:\/\/cproviedo.es\/curso-abiesweb\"><img loading=\"lazy\" decoding=\"async\" class=\"alignnone\" src=\"https:\/\/cproviedo.es\/wp-content\/uploads\/2022\/11\/cartel-anunciador.jpg\" alt=\"\" width=\"332\" height=\"235\" \/><\/a><\/p>\n<div class=\"fusion-flexslider flexslider post-slideshow fusion-post-slideshow\">\n<p>&nbsp;<\/p>\n<\/div>\n<div class=\"fusion-flexslider flexslider post-slideshow fusion-post-slideshow\"><\/div>\n<div class=\"post-content\">\n<p><span style=\"font-size: 20px\">El CPR de Oviedo convoca el curso regional <strong>presencial<a href=\"https:\/\/cproviedo.es\/curso-abiesweb\"><span style=\"color: #008080\"> \u201cIniciaci\u00f3n a Abiesweb\u201d<\/span><\/a><\/strong>, con el fin de apoyar al profesorado responsable de bibliotecas escolares. El curso tiene una duraci\u00f3n de 9 horas y se realizar\u00e1 en 8 sedes diferentes (con un total de 11 ediciones), con el fin de llegar al mayor n\u00famero posible de centros. <a href=\"https:\/\/cproviedo.es\/curso-abiesweb\"><strong>+ INFO<\/strong><\/a><\/span><\/p>\n<ul>\n<li><span style=\"font-size: 20px\">Cr\u00e9ditos de formaci\u00f3n: 1<\/span><\/li>\n<li><span style=\"font-size: 20px\">Plazo de inscripci\u00f3n: del <strong>9 al 20 de noviembre<\/strong> de 2022, ambos inclusive.<\/span><\/li>\n<li><span style=\"font-size: 20px\">Es necesario para matricularse disponer del correo institucional @educastur.org<\/span><\/li>\n<li><a href=\"https:\/\/forms.office.com\/r\/EAif6dDCir\"><span style=\"font-size: 20px\">Enlace a la inscripci\u00f3n<\/span><\/a><\/li>\n<\/ul>\n<\/div>\n<hr \/>\n<blockquote>\n<h2 class=\"page-title\" style=\"text-align: center\"><a href=\"https:\/\/cpravilesoccidente.wixsite.com\/cprao\/post\/curso-prevenci%C3%B3n-del-ciberacoso\">Curso: Prevenci\u00f3n del ciberacoso (CPR Avil\u00e9s)\u00a0 <span style=\"font-size: 12px\">07\/11\/2022<\/span><\/a><\/h2>\n<\/blockquote>\n<\/div>\n<div class=\"articulo-block-content\">\n<p><span style=\"font-size: 20px\"><strong>Modalidad: <\/strong>H\u00edbrida. Una sesi\u00f3n inicial presencial y tres sesiones s\u00edncronas a trav\u00e9s de TEAMS.<\/span><br \/>\n<span style=\"font-size: 20px\"><strong>Dirigido a: <\/strong>docentes de Primaria, Secundaria, Bachillerato, FP y Ense\u00f1anzas especiales.<\/span><br \/>\n<span style=\"font-size: 20px\"><strong>Fechas: <\/strong>21 y 28 de noviembre, 12 y 19 de diciembre.<\/span><br \/>\n<span style=\"font-size: 20px\"><strong>Inscripci\u00f3n:<\/strong> 7 al 15 de noviembre de 2022.<\/span><\/p>\n<p><span style=\"font-size: 20px\"><a href=\"http:\/\/cpravilesoccidente.wixsite.com\/cprao\/post\/curso-prevenci%C3%B3n-del-ciberacoso\" target=\"_blank\" rel=\"noopener\">Curso: Prevenci\u00f3n del ciberacoso. Informaci\u00f3n e inscripci\u00f3n<\/a> (CPR Avil\u00e9s)<\/span><\/p>\n<p style=\"text-align: center\"><strong><em><a href=\"https:\/\/cpravilesoccidente.wixsite.com\/cprao\"><span style=\"font-size: 20px\">https:\/\/cpravilesoccidente.wixsite.com\/cprao<\/span><\/a><\/em><\/strong><\/p>\n<\/div>\n<blockquote>\n<h1 class=\"UbhFJ7 nkqC0Q blog-post-title-font blog-post-title-color blog-text-color post-title blog-hover-container-element-color FG3qXk blog-post-page-title-font\" style=\"text-align: center\" data-hook=\"post-title\"><span class=\"post-title__text blog-post-title-font blog-post-title-color\" style=\"font-size: 24px\"><span class=\"blog-post-title-font blog-post-title-color\">CURSO REGIONAL:<span style=\"color: #008080\"> <strong>LAS PR\u00c1CTICAS RESTAURATIVAS <\/strong><\/span><br \/>\n<span style=\"color: #008080\"><strong>COMO ESTRATEGIA PARA LA MEJORA DE LA CONVIVENCIA<\/strong><\/span><\/span><\/span><\/h1>\n<p style=\"text-align: center\"><img loading=\"lazy\" decoding=\"async\" class=\"alignnone \" src=\"https:\/\/static.wixstatic.com\/media\/2b8b78_2290a29308fe4581ba0d36163225b308~mv2.webp\" width=\"212\" height=\"213\" \/><\/p>\n<\/blockquote>\n<ul>\n<li><a href=\"https:\/\/cpravilesoccidente.wixsite.com\/cprao\/post\/curso-regional-las-pr%C3%A1cticas-restaurativas-como-estrategia-para-la-mejora-de-la-convivencia\">Ficha informativa<\/a> \/ <a href=\"https:\/\/2b8b781b-04f9-4c1a-adbb-6eee793de68c.usrfiles.com\/ugd\/2b8b78_8bb0f060e4af422882adbe9f7d005445.pdf\">Cronograma<\/a> \/ <a href=\"https:\/\/2b8b781b-04f9-4c1a-adbb-6eee793de68c.usrfiles.com\/ugd\/2b8b78_b84b922fbc094b97ae1093e5253d5696.pdf\">D\u00edptico<\/a> \/<a href=\"https:\/\/forms.office.com\/pages\/responsepage.aspx?id=O26jiJ_XK0qNtkwG0Jc4ISQokQnk-ypGkQYeKuNUbLhUM1ZTSjVORkIxTk03N0JWQ0lWTEMyVk5LRi4u\"> Inscripci\u00f3n<\/a><\/li>\n<\/ul>\n<p>&nbsp;<\/p>\n<div class=\"articulo-block-content\">\n<hr \/>\n<p>&nbsp;<\/p>\n<\/div>\n<p style=\"text-align: center\"><img loading=\"lazy\" decoding=\"async\" class=\"alignnone size-full\" src=\"http:\/\/cproviedo.es\/wp-content\/uploads\/2016\/12\/logo_cproviedo_trans_75.png\" width=\"83\" height=\"75\" \/><\/p>\n<ul>\n<li><a href=\"https:\/\/cproviedo.es\/\">CPR de OVIEDO<\/a><\/li>\n<li><a href=\"https:\/\/cproviedo.es\/actividades-convocadas\">Actividades convocadas<\/a><\/li>\n<\/ul>\n<hr \/>\n<blockquote>\n<p style=\"text-align: center\"><span style=\"color: #008080\"><strong><span style=\"font-size: 24px\">JORNADAS\u00a0 DE\u00a0 IGUALDAD<\/span><\/strong><\/span><\/p>\n<\/blockquote>\n<ul>\n<li><span style=\"font-size: 20px\"><strong><a href=\"https:\/\/cprcuencasmineras.es\/\">CPR CUENCAS<\/a><\/strong><\/span><\/li>\n<li><span style=\"font-size: 20px\"><strong><a href=\"https:\/\/cprcuencasmineras.es\/cursos\">CURSOS<\/a><\/strong><\/span><\/li>\n<li><a href=\"http:\/\/Jornada de Igualdad. D\u00edptico (pdf)\">DIPTICO<\/a>.pdf<\/li>\n<li><a href=\"https:\/\/cprcuencasmineras.es\/cursos\/show\/jornadas-de-igualdad\">INSCRIPCION<\/a><\/li>\n<\/ul>\n<p><a href=\"https:\/\/cproviedo.es\/jornada-de-igualdad-coordinadores-y-coordinadoras-de-igualdad-en-centros\"><img loading=\"lazy\" decoding=\"async\" class=\"aligncenter\" src=\"https:\/\/cproviedo.es\/wp-content\/uploads\/2022\/10\/igualdad2.jpg\" width=\"420\" height=\"206\" \/><\/a><\/p>\n<p><span style=\"font-size: 20px\"><strong>Dirigidas a:\u00a0<\/strong>coordinadores y coordinadoras de Igualdad en centros educativos.<\/span><br \/>\n<span style=\"font-size: 20px\"><strong>Metodolog\u00eda:\u00a0<\/strong>charlas y talleres.\u00a0 <strong>Duraci\u00f3n:\u00a0<\/strong>8 h (1 cr\u00e9dito).<\/span><br \/>\n<span style=\"font-size: 20px\"><strong>Calendario y horario:\u00a0<\/strong>22 y 23 de noviembre de 2022, de 16.00 a 20.00 horas.<\/span><br \/>\n<span style=\"font-size: 20px\"><strong>Lugar:\u00a0<\/strong>IES Bernaldo de Quir\u00f3s (Mieres).\u00a0 <strong><a href=\"https:\/\/www.educastur.es\/documents\/34868\/38580\/2022-10-pro-formacion-jornadas-igualdad-info.pdf\/1ab8f54d-a2f7-d7d1-d9c8-433a70384ff2?t=1666952182140\" target=\"_blank\" rel=\"noopener noreferrer\">D\u00edptico informativo<\/a><br \/>\n<\/strong><strong>Plazo:<\/strong> del 27 de octubre al 17 de noviembre \u00a0<\/span><a href=\"https:\/\/forms.office.com\/r\/kn4aTpH5Ja\" target=\"_blank\" rel=\"noopener noreferrer\"><span style=\"font-size: 20px\">formulario de inscripci\u00f3n<\/span><\/a><\/p>\n<hr \/>\n<p>La Semana de la Ciencia es el mayor evento de comunicaci\u00f3n social de la ciencia y la tecnolog\u00eda que se celebra en Espa\u00f1a.\u00a0EL CPR de Oviedo en colaboraci\u00f3n con La Universidad de Oviedo (Unidad de Cultura Cient\u00edfica y de la Innovaci\u00f3n) y cofinanciada parcialmente por la FECYT, ofrece al profesorado la posibilidad de realizar el curso de formaci\u00f3n<a href=\"https:\/\/cproviedo.es\/curso-xxii-semana-de-la-ciencia-y-la-innovacion-de-la-universidad-de-oviedo\">\u00a0<strong>\u201cXXII Semana de la Ciencia y la Innovaci\u00f3n de la Universidad de Oviedo\u201d<\/strong><\/a>que se desarrollar\u00e1 del 7 al 11 de noviembre de 2022.<\/p>\n<ul>\n<li><strong><a href=\"https:\/\/cproviedo.es\/curso-xxii-semana-de-la-ciencia-y-la-innovacion-de-la-universidad-de-oviedo\">+ INFO<\/a><\/strong><\/li>\n<\/ul>\n<hr \/>\n<ul>\n<li><span style=\"color: #800000;font-size: 20px\"><strong><a style=\"color: #800000\" href=\"https:\/\/cpravilesoccidente.wixsite.com\/\">CPR DE AVILES<\/a><\/strong><\/span><\/li>\n<li>\n<blockquote><p><a href=\"https:\/\/cpravilesoccidente.wixsite.com\/cprao\/post\/lomloe-itinerario-formativo-1-del-perfil-de-salida-a-la-situaci%C3%B3n-de-aprendizaje\"><strong>LOMLOE &#8211; ITINERARIO FORMATIVO 1: \u00abDEL PERFIL DE SALIDA A LA SITUACI\u00d3N DE APRENDIZAJE\u00bb<\/strong> (cpravilesoccidente.wixsite.com)<\/a><\/p><\/blockquote>\n<\/li>\n<li><a href=\"https:\/\/educastur-my.sharepoint.com\/personal\/cpravile_educastur_org\/_layouts\/15\/onedrive.aspx?id=%2Fpersonal%2Fcpravile%5Feducastur%5Forg%2FDocuments%2FCurso%202022%2D23%2FACTIVIDADES%20DE%20FORMACION%202022%2D23%2FOFERTA%20CPR%202022%2D23%2FCPRAO%5FFORMACI%C3%93N%5FLOMLOE%2FLOMLOE%20ITI%201%20DEL%20PERFIL%20DE%20SALIDA%20A%20LA%20SITUACI%C3%93N%20DE%20APRENDIZAJE%20%281%29%2Epdf&amp;parent=%2Fpersonal%2Fcpravile%5Feducastur%5Forg%2FDocuments%2FCurso%202022%2D23%2FACTIVIDADES%20DE%20FORMACION%202022%2D23%2FOFERTA%20CPR%202022%2D23%2FCPRAO%5FFORMACI%C3%93N%5FLOMLOE&amp;ga=1\">D\u00edptico con m\u00e1s informaci\u00f3n<\/a> \/<strong> INSCRIPCION cerrada Itinerario 1<br \/>\nEstar atentos\/as al resto de itinerarios&#8230;<\/strong><\/li>\n<\/ul>\n<p style=\"text-align: center\"><a href=\"https:\/\/cpravilesoccidente.wixsite.com\/cprao\/post\/lomloe-itinerario-formativo-1-del-perfil-de-salida-a-la-situaci%C3%B3n-de-aprendizaje\"><img loading=\"lazy\" decoding=\"async\" class=\"alignnone\" src=\"https:\/\/static.wixstatic.com\/media\/2b8b78_caef0c94ad7a43799ad9b1b7ecdfc79b~mv2.png\/v1\/fill\/w_610,h_283,al_c,q_85,usm_0.66_1.00_0.01,enc_auto\/2b8b78_caef0c94ad7a43799ad9b1b7ecdfc79b~mv2.png\" alt=\"\" width=\"610\" height=\"283\" \/><\/a><\/p>\n<p>L<span class=\"_2PHJq public-DraftStyleDefault-ltr\">os cursos que se han planteado desde la Red formativa LOMLOE se articulan en 4 itinerarios formativos:<\/span><\/p>\n<ul class=\"public-DraftStyleDefault-ul\">\n<li id=\"viewer-6tb4d\" class=\"roLFQS ULPWlI _3Kjjs public-DraftStyleDefault-unorderedListItem public-DraftStyleDefault-depth0 public-DraftStyleDefault-list-ltr fixed-tab-size public-DraftStyleDefault-reset _1FoOD _3M0Fe Z63qyL roLFQS\">\n<p class=\"_1j-51 _1FoOD _3M0Fe Z63qyL roLFQS\"><span style=\"color: #800000\"><strong>ITINERARIO 1 \u2022 Del perfil de salida a la situaci\u00f3n de aprendizaje<\/strong><\/span><\/p>\n<\/li>\n<li id=\"viewer-8miqc\" class=\"roLFQS ULPWlI _3Kjjs public-DraftStyleDefault-unorderedListItem public-DraftStyleDefault-depth0 public-DraftStyleDefault-list-ltr fixed-tab-size _1FoOD _3M0Fe Z63qyL roLFQS\">\n<p class=\"_1j-51 _1FoOD _3M0Fe Z63qyL roLFQS\"><span style=\"color: #008080\"><strong>ITINERARIO 2 \u2022 La programaci\u00f3n did\u00e1ctica: dise\u00f1o y funcionalidad<\/strong><\/span><\/p>\n<\/li>\n<li id=\"viewer-amsk5\" class=\"roLFQS ULPWlI _3Kjjs public-DraftStyleDefault-unorderedListItem public-DraftStyleDefault-depth0 public-DraftStyleDefault-list-ltr fixed-tab-size _1FoOD _3M0Fe Z63qyL roLFQS\">\n<p class=\"_1j-51 _1FoOD _3M0Fe Z63qyL roLFQS\"><span style=\"color: #008080\"><strong>ITINERARIO 3 \u2022 Equipos directivos: Liderazgo pedag\u00f3gico y concreciones curriculares de centro<\/strong><\/span><\/p>\n<\/li>\n<li id=\"viewer-ceq9c\" class=\"roLFQS ULPWlI _3Kjjs public-DraftStyleDefault-unorderedListItem public-DraftStyleDefault-depth0 public-DraftStyleDefault-list-ltr fixed-tab-size _1FoOD _3M0Fe Z63qyL roLFQS\">\n<p class=\"_1j-51 _1FoOD _3M0Fe Z63qyL roLFQS\"><span style=\"color: #008080\"><strong>ITINERARIO 4 \u2022 Gesti\u00f3n del aula<\/strong><\/span><\/p>\n<\/li>\n<li><a href=\"https:\/\/drive.google.com\/file\/d\/1wNwucncmsY06v6Fv7Hx6OUK8hTOEO1MI\/preview\">VER PDF informativo<\/a><\/li>\n<\/ul>\n<p style=\"text-align: center\">\n<!-- iframe plugin v.6.0 wordpress.org\/plugins\/iframe\/ -->\n<iframe loading=\"lazy\" src=\"https:\/\/drive.google.com\/file\/d\/1wNwucncmsY06v6Fv7Hx6OUK8hTOEO1MI\/preview\" width=\"640\" height=\"480\" allow=\"autoplay\" 0=\"\/iframe\" scrolling=\"yes\" class=\"iframe-class\" frameborder=\"0\"><\/iframe>\n<\/p>\n<hr \/>\n<p>&nbsp;<\/p>\n<p>&nbsp;<\/p>\n<p>&nbsp;<\/p>\n","protected":false},"excerpt":{"rendered":"<p>CPR de OVIEDO: ACTIVIDADES CONVOCADAS Ruta Formativa \u201cMetodolog\u00edas activas\u201d Presentaci\u00f3n en PDF Ficha \/\u00a0 Acceso a la inscripci\u00f3n\u00a0a la Ruta desde el 21 al 24 de noviembre. Presentaci\u00f3n en PDF El objetivo principal de la Ruta Formativa Metodolog\u00edas activas es dar a conocer los principios y elementos b\u00e1sicos de diversas metodolog\u00edas activas y participativas que [&hellip;]<\/p>\n","protected":false},"author":117,"featured_media":0,"parent":4983,"menu_order":0,"comment_status":"closed","ping_status":"closed","template":"","meta":{"footnotes":""},"class_list":["post-5206","page","type-page","status-publish","hentry","post-preview"],"_links":{"self":[{"href":"https:\/\/edublog.educastur.es\/corredoria3\/wp-json\/wp\/v2\/pages\/5206","targetHints":{"allow":["GET"]}}],"collection":[{"href":"https:\/\/edublog.educastur.es\/corredoria3\/wp-json\/wp\/v2\/pages"}],"about":[{"href":"https:\/\/edublog.educastur.es\/corredoria3\/wp-json\/wp\/v2\/types\/page"}],"author":[{"embeddable":true,"href":"https:\/\/edublog.educastur.es\/corredoria3\/wp-json\/wp\/v2\/users\/117"}],"replies":[{"embeddable":true,"href":"https:\/\/edublog.educastur.es\/corredoria3\/wp-json\/wp\/v2\/comments?post=5206"}],"version-history":[{"count":19,"href":"https:\/\/edublog.educastur.es\/corredoria3\/wp-json\/wp\/v2\/pages\/5206\/revisions"}],"predecessor-version":[{"id":5491,"href":"https:\/\/edublog.educastur.es\/corredoria3\/wp-json\/wp\/v2\/pages\/5206\/revisions\/5491"}],"up":[{"embeddable":true,"href":"https:\/\/edublog.educastur.es\/corredoria3\/wp-json\/wp\/v2\/pages\/4983"}],"wp:attachment":[{"href":"https:\/\/edublog.educastur.es\/corredoria3\/wp-json\/wp\/v2\/media?parent=5206"}],"curies":[{"name":"wp","href":"https:\/\/api.w.org\/{rel}","templated":true}]}}