{"id":5208,"date":"2022-09-06T18:43:10","date_gmt":"2022-09-06T16:43:10","guid":{"rendered":"https:\/\/edublog.educastur.es\/corredoria3\/?page_id=5208"},"modified":"2022-12-22T09:13:26","modified_gmt":"2022-12-22T07:13:26","slug":"diciembre","status":"publish","type":"page","link":"https:\/\/edublog.educastur.es\/corredoria3\/profes_cursos\/2022-2\/diciembre\/","title":{"rendered":"Diciembre"},"content":{"rendered":"<blockquote>\n<h2 class=\"entry-title fusion-post-title\" style=\"text-align: center\"><span style=\"color: #008080\">CURSO RED FORMATIVA LOMLOE: \u201cDUA,<br \/>\nSituaciones de Aprendizaje y Evaluaci\u00f3n Formativa\u201d<\/span><\/h2>\n<\/blockquote>\n<div class=\"post-content\">\n<p><img loading=\"lazy\" decoding=\"async\" class=\"size-medium wp-image-9777 aligncenter\" src=\"http:\/\/cproviedo.es\/wp-content\/uploads\/2022\/12\/lomloecaratulacurso-400x199.png\" alt=\"\" width=\"400\" height=\"199\" \/><\/p>\n<p id=\"viewer-6dqsu\" class=\"mm8Nw _1j-51 roLFQS _1FoOD _78FBa sk96G9 roLFQS public-DraftStyleDefault-block-depth0 fixed-tab-size public-DraftStyleDefault-text-ltr\"><span class=\"_2PHJq public-DraftStyleDefault-ltr\">El cambio pedag\u00f3gico y metodol\u00f3gico que pretende impulsar la nueva ley educativa (LOMLOE), es tan ilusionante como exigente a nivel t\u00e9cnico para nuestra comunidad educativa. La Red Formativa LOMLOE intenta dar respuesta a las necesidades formativas derivadas de este cambio normativo. En esta ocasi\u00f3n se propone esta acci\u00f3n formativa articulada en dos ediciones:<\/span><\/p>\n<ul class=\"public-DraftStyleDefault-ul\">\n<li id=\"viewer-dlr3r\" class=\"roLFQS ULPWlI _3Kjjs _78FBa public-DraftStyleDefault-unorderedListItem public-DraftStyleDefault-depth0 public-DraftStyleDefault-list-ltr fixed-tab-size public-DraftStyleDefault-reset _1FoOD _78FBa sk96G9 roLFQS\">\n<p class=\"_1j-51 _1FoOD _78FBa sk96G9 roLFQS undefined\"><strong>Edici\u00f3n 1<\/strong> dirigida a profesorado de Educaci\u00f3n Infantil y Primaria<\/p>\n<\/li>\n<\/ul>\n<p id=\"viewer-crhpm\" class=\"mm8Nw _1j-51 roLFQS _1FoOD _3M0Fe Z63qyL roLFQS public-DraftStyleDefault-block-depth0 fixed-tab-size public-DraftStyleDefault-text-ltr\" style=\"text-align: center\"><span class=\"_2PHJq public-DraftStyleDefault-ltr\" style=\"color: #008080\"><strong>EDICI\u00d3N 1: CURSO DIRIGIDO A PROFESORADO DE EDUCACI\u00d3N INFANTIL Y PRIMARIA<\/strong><\/span><\/p>\n<ul>\n<li id=\"viewer-7g6vv\" class=\"mm8Nw _1j-51 roLFQS _1FoOD _3M0Fe Z63qyL roLFQS public-DraftStyleDefault-block-depth0 fixed-tab-size public-DraftStyleDefault-text-ltr\"><span class=\"_2PHJq public-DraftStyleDefault-ltr\"><strong>Fecha inicio actividad:<\/strong> 30\u00a0 de enero de 2023 <\/span><\/li>\n<li id=\"viewer-hs5v\" class=\"mm8Nw _1j-51 roLFQS _1FoOD _3M0Fe Z63qyL roLFQS public-DraftStyleDefault-block-depth0 fixed-tab-size public-DraftStyleDefault-text-ltr\"><span class=\"_2PHJq public-DraftStyleDefault-ltr\"><strong>Fecha fin actividad:<\/strong> 6 de febrero de 2023 <\/span><\/li>\n<li id=\"viewer-aesu1\" class=\"mm8Nw _1j-51 roLFQS _1FoOD _3M0Fe Z63qyL roLFQS public-DraftStyleDefault-block-depth0 fixed-tab-size public-DraftStyleDefault-text-ltr\"><span class=\"_2PHJq public-DraftStyleDefault-ltr\"><strong>Dirigido a:<\/strong> direcciones de Educaci\u00f3n Infantil 0-3, profesorado de Ed. infantil y Primaria <\/span><\/li>\n<li id=\"viewer-5ngcb\" class=\"mm8Nw _1j-51 roLFQS _1FoOD _3M0Fe Z63qyL roLFQS public-DraftStyleDefault-block-depth0 fixed-tab-size public-DraftStyleDefault-text-ltr\"><span class=\"_2PHJq public-DraftStyleDefault-ltr\"><strong>Calendario y horarios: <\/strong><\/span><\/li>\n<li id=\"viewer-eddes\" class=\"mm8Nw _1j-51 roLFQS _1FoOD _3M0Fe Z63qyL roLFQS public-DraftStyleDefault-block-depth0 fixed-tab-size public-DraftStyleDefault-text-ltr\"><span class=\"_2PHJq public-DraftStyleDefault-ltr\">Sesiones s\u00edncronas a trav\u00e9s de EVENTO EN DIRECTO en TEAMS. <\/span><span class=\"_2PHJq public-DraftStyleDefault-ltr\">*Se facilitar\u00e1 un enlace a trav\u00e9s del correo electr\u00f3nico.<\/span><\/li>\n<\/ul>\n<ul class=\"public-DraftStyleDefault-ul\">\n<li style=\"list-style-type: none\">\n<ul class=\"public-DraftStyleDefault-ul\">\n<li id=\"viewer-bje5c\" class=\"roLFQS ULPWlI _3Kjjs public-DraftStyleDefault-unorderedListItem public-DraftStyleDefault-depth0 public-DraftStyleDefault-list-ltr fixed-tab-size public-DraftStyleDefault-reset _1FoOD _3M0Fe Z63qyL roLFQS\">\n<p class=\"_1j-51 _1FoOD _3M0Fe Z63qyL roLFQS\">30 de enero 16:00-19:00h<\/p>\n<\/li>\n<li id=\"viewer-15bnb\" class=\"roLFQS ULPWlI _3Kjjs public-DraftStyleDefault-unorderedListItem public-DraftStyleDefault-depth0 public-DraftStyleDefault-list-ltr fixed-tab-size _1FoOD _3M0Fe Z63qyL roLFQS\">\n<p class=\"_1j-51 _1FoOD _3M0Fe Z63qyL roLFQS\">01 de febrero 16:00-19:00h<\/p>\n<\/li>\n<li id=\"viewer-fmrke\" class=\"roLFQS ULPWlI _3Kjjs public-DraftStyleDefault-unorderedListItem public-DraftStyleDefault-depth0 public-DraftStyleDefault-list-ltr fixed-tab-size _1FoOD _3M0Fe Z63qyL roLFQS\">\n<p class=\"_1j-51 _1FoOD _3M0Fe Z63qyL roLFQS\">06 de febrero 16:00-19:00h<\/p>\n<\/li>\n<\/ul>\n<\/li>\n<li><a href=\"https:\/\/forms.office.com\/Pages\/ResponsePage.aspx?id=O26jiJ_XK0qNtkwG0Jc4IYHLaYNnhmNHh45jwISDXo1UMDJCSjY0MjJVVzBTRU1BVkxLMkhLSkhKTyQlQCNjPTEu\" target=\"_blank\" rel=\"noopener noreferrer\">Enlace a la inscripci\u00f3n.<\/a><\/li>\n<li><a href=\"https:\/\/www.canva.com\/design\/DAFVYFXUcwg\/NxmusBygibEU5EQLdOsgsQ\/view?utm_content=DAFVYFXUcwg&amp;utm_campaign=designshare&amp;utm_medium=link&amp;utm_source=homepage_design_menu\" target=\"_blank\" rel=\"noopener noreferrer\">M\u00e1s informaci\u00f3n.<\/a><\/li>\n<\/ul>\n<\/div>\n<p style=\"text-align: center\"><img loading=\"lazy\" decoding=\"async\" class=\"alignnone \" src=\"https:\/\/encrypted-tbn0.gstatic.com\/images?q=tbn:ANd9GcTR28kVyfgd3qwCkn2ICP6JNBpKea-RZS3fF5sLEuFyAkmWuml3Qyn-alg-FidZmJD8Ug&amp;usqp=CAU\" width=\"366\" height=\"39\" \/><\/p>\n<p style=\"text-align: center\"><img loading=\"lazy\" decoding=\"async\" class=\"alignnone \" src=\"https:\/\/cproviedo.es\/wp-content\/uploads\/2022\/12\/Image-2.jpg\" width=\"316\" height=\"172\" \/><\/p>\n<blockquote>\n<h2 class=\"entry-title fusion-post-title\" style=\"text-align: center\"><span style=\"font-size: 20px\">Curso:<\/span> <span style=\"color: #008080\">Iniciaci\u00f3n a la Lengua de Signos Espa\u00f1ola<\/span><\/h2>\n<\/blockquote>\n<div class=\"fusion-flexslider flexslider post-slideshow fusion-post-slideshow\">\n<ul class=\"slides\">\n<li class=\"flex-active-slide\"><a title=\"\" href=\"https:\/\/cproviedo.es\/wp-content\/uploads\/2022\/12\/Image-2.jpg\" data-rel=\"iLightbox[gallery9753]\" data-title=\"Image 2\" data-caption=\"\" aria-label=\"Image 2\"> <span class=\"screen-reader-text\">Ver imagen m\u00e1s grande<\/span> <\/a><\/li>\n<\/ul>\n<\/div>\n<div class=\"fusion-flexslider flexslider post-slideshow fusion-post-slideshow\">\n<ul class=\"slides\">\n<li class=\"flex-active-slide\"><a href=\"http:\/\/www.cproviedo.es\/gestor\/admin\/lis_diptico.php?id=2340\">M\u00e1s informaci\u00f3n<\/a><\/li>\n<\/ul>\n<blockquote>\n<ul class=\"flex-direction-nav\">\n<li class=\"flex-nav-prev\"><a href=\"http:\/\/www.cproviedo.es\/gestor\/inscri1.php?idAct=2340\">Inscripci\u00f3n<\/a><\/li>\n<li class=\"flex-nav-next\">Presencialmente en el CPR de Oviedo<\/li>\n<li class=\"flex-nav-next\">D\u00edas: 16,18,23,25 y 30 de enero de 2023\u00a0 desde las 16:00 a las 18:30 horas y la \u00faltima sesi\u00f3n hasta las 19:00 horas.<img loading=\"lazy\" decoding=\"async\" class=\"alignnone aligncenter\" src=\"https:\/\/encrypted-tbn0.gstatic.com\/images?q=tbn:ANd9GcTR28kVyfgd3qwCkn2ICP6JNBpKea-RZS3fF5sLEuFyAkmWuml3Qyn-alg-FidZmJD8Ug&amp;usqp=CAU\" width=\"188\" height=\"20\" \/>\n<div class=\"row-fluid cabecera-interior\">\n<div class=\"container cabecera-interior-container\">\n<h1 style=\"text-align: center\"><span style=\"font-size: 14px\"><a href=\"https:\/\/cprcuencasmineras.es\/cursos\/show\/actualizacion-lling-istica-situaciones-comunicatives-y-recursos-pa-ladquisicion-de-destreces-lling-istiques-orales-y-escrites-aplicables-al-aula\">ACTUALIZACI\u00d3N LLING\u00dc\u00cdSTICA: SITUACIONES COMUNICATIVES Y RECURSOS<br \/>\nPA L\u2019ADQUISICI\u00d3N DE DESTRECES LLING\u00dc\u00cdSTIQUES ORALES Y ESCRITES APLICABLES AL AULA<\/a><\/span><\/h1>\n<\/div>\n<\/div>\n<\/li>\n<\/ul>\n<\/blockquote>\n<\/div>\n<div>\n<p><span class=\"destacado-naranja\"><span class=\"destacado2\"><span class=\"destacado1\"><span class=\"fontstyle0\">30 hores\/ 3 creitos<\/span> <\/span><\/span><\/span><\/p>\n<ul>\n<li><span class=\"fontstyle0\">Xueves 12 y 19 de xineru: PRESENCIALES<\/span><\/li>\n<li><span class=\"fontstyle0\">Mi\u00e9rcoles 1, 8, 15 y 22 de febreru: PRESENCIALES<\/span><\/li>\n<li><span class=\"fontstyle0\">Mi\u00e9rcoles 15 de marzu: ONLINE<\/span><\/li>\n<\/ul>\n<\/div>\n<div><strong>Lugar:\u00a0 <\/strong><span class=\"fontstyle0\">CPR Cuencas Mineras (La Felguera)<\/span><\/div>\n<div><strong>Horario:\u00a0 <\/strong><span class=\"fontstyle0\">16:30 &#8211; 19:30 hores<\/span><\/div>\n<div class=\"row-fluid\"><strong>Inscripci\u00f3n<\/strong> <span class=\"fontstyle0\">Rellenando&#8217;l formulariu d&#8217;inscripci\u00f3n al travi\u00e9s del siguiente <a title=\"Ir a https:\/\/forms.office.com\/e\/jcjwadZaZc\" href=\"https:\/\/forms.office.com\/e\/jcjwadZaZc\" rel=\"external\">ENLLAZ<\/a><br \/>\n<\/span><\/p>\n<div>Periodu d&#8217;inscripci\u00f3n: <strong>dende&#8217;l 14 d&#8217;avientu de 2022 hasta&#8217;l 09 de xineru de 2023<\/strong><\/div>\n<p><span class=\"nombre-campo\"><strong>Material adicional<\/strong><\/span> <span class=\"campo\"><a title=\"Descargar D\u00edpticu_llingua\" href=\"https:\/\/cprcuencasmineras.es\/cursos\/download_documento\/456\">D\u00edpticu_llingua<\/a><\/span><\/p>\n<\/div>\n<p><img loading=\"lazy\" decoding=\"async\" class=\"alignnone aligncenter\" src=\"https:\/\/encrypted-tbn0.gstatic.com\/images?q=tbn:ANd9GcTR28kVyfgd3qwCkn2ICP6JNBpKea-RZS3fF5sLEuFyAkmWuml3Qyn-alg-FidZmJD8Ug&amp;usqp=CAU\" width=\"178\" height=\"19\" \/><\/p>\n<blockquote>\n<p id=\"viewer-arj5s\" class=\"mm8Nw _1j-51 roLFQS _1FoOD _3M0Fe Z63qyL roLFQS public-DraftStyleDefault-block-depth0 fixed-tab-size public-DraftStyleDefault-text-ltr\" style=\"text-align: center\"><span class=\"_2PHJq public-DraftStyleDefault-ltr\">CURSO<strong>: <span style=\"color: #008080\">EDUCACI\u00d3N SOCIO EMOCIONAL<\/span><br \/>\n<\/strong><\/span><\/p>\n<p class=\"mm8Nw _1j-51 roLFQS _1FoOD _3M0Fe Z63qyL roLFQS public-DraftStyleDefault-block-depth0 fixed-tab-size public-DraftStyleDefault-text-ltr\" style=\"text-align: center\"><span class=\"_2PHJq public-DraftStyleDefault-ltr\" style=\"color: #008080\"><strong>Y GESTI\u00d3N DE CONFLICTOS<\/strong><\/span><\/p>\n<\/blockquote>\n<div data-hook=\"rcv-block4\"><em><img loading=\"lazy\" decoding=\"async\" class=\"alignnone \" src=\"https:\/\/cproviedo.es\/wp-content\/uploads\/2022\/10\/lomloecaratulacurso.png\" width=\"410\" height=\"204\" \/><\/em><\/div>\n<div data-hook=\"rcv-block4\"><em>La aplicaci\u00f3n de la nueva Ley educativa, LOMLOE, responde a la necesidad de dar una respuesta ajustada e innovadora a nuestro alumnado que les garantice el \u00e9xito educativo. Desde este planteamiento exigente e ilusionante, la gesti\u00f3n de las emociones y los conflictos del aula ocupa un lugar importante en el camino al \u00e9xito escolar.<\/em><\/div>\n<ul>\n<li id=\"viewer-2dij\" class=\"mm8Nw _1j-51 roLFQS _1FoOD _3M0Fe Z63qyL roLFQS public-DraftStyleDefault-block-depth0 fixed-tab-size public-DraftStyleDefault-text-ltr\"><span class=\"_2PHJq public-DraftStyleDefault-ltr\"><strong>Sesiones s\u00edncronas (ONLINE, a trav\u00e9s de EVENTO EN DIRECTO) <\/strong><\/span><span class=\"_2PHJq public-DraftStyleDefault-ltr\"><strong>*Se facilitar\u00e1 un enlace a trav\u00e9s del correo electr\u00f3nico.<br \/>\n<\/strong><\/span><strong>Modalidad: <\/strong>Curso \u00a0 <a href=\"https:\/\/2b8b781b-04f9-4c1a-adbb-6eee793de68c.usrfiles.com\/ugd\/2b8b78_eda8913e3e524fb8a2a03be7039b223f.pdf\" target=\"_blank\" rel=\"noopener noreferrer\">M\u00e1s informaci\u00f3n<\/a><strong><br \/>\nAsesor\u00eda:<\/strong> Asesor\u00eda de Transformaci\u00f3n Pedag\u00f3gica del CPR de Avil\u00e9s<br \/>\n<strong>Programa: <\/strong>1.10 Actualizaci\u00f3n Profesional<br \/>\n<strong>Duraci\u00f3n:<\/strong> 9 horas\u00a0 <strong>Cr\u00e9ditos:<\/strong> 1.0<br \/>\n<strong>Fecha inicio actividad: 20 \/ 12 \/ 2022<br \/>\nFecha fin actividad:<\/strong> 24 \/ 01 \/ 2023<\/li>\n<li class=\"mm8Nw _1j-51 roLFQS _1FoOD _3M0Fe Z63qyL roLFQS public-DraftStyleDefault-block-depth0 fixed-tab-size public-DraftStyleDefault-text-ltr\"><strong>Sesi\u00f3n 1: 20 de diciembre <span class=\"_2PHJq public-DraftStyleDefault-ltr\">16:30-19:30h<\/span><\/strong><br \/>\n<strong><span class=\"_2PHJq public-DraftStyleDefault-ltr\">Sesi\u00f3n 2: 17 enero 16:30-19:30h<br \/>\n<\/span><\/strong><span class=\"_2PHJq public-DraftStyleDefault-ltr\"><strong>Sesi\u00f3n 3: 24 enero 16:30-19:30h<\/strong><br \/>\n<\/span><span class=\"_2PHJq public-DraftStyleDefault-ltr\"><strong>Periodo de inscripci\u00f3n<\/strong>:<\/span> \u00a0<a href=\"https:\/\/forms.office.com\/Pages\/ResponsePage.aspx?id=O26jiJ_XK0qNtkwG0Jc4IYHLaYNnhmNHh45jwISDXo1UNU1QTTBKU0JZS1Q3TVE5T09TMTdQRUlRQiQlQCNjPTEu\" target=\"_blank\" rel=\"noopener noreferrer\">Enlace a la inscripci\u00f3n<\/a><span class=\"_2PHJq public-DraftStyleDefault-ltr\">desde 02\/12\/22 hasta 14\/12\/22 (hasta las 12:00 h)<br \/>\n<\/span><span class=\"_2PHJq public-DraftStyleDefault-ltr\"><strong>Procedimiento de inscripci\u00f3n<\/strong>: a trav\u00e9s de la web del CPR Avil\u00e9s-Occidente<br \/>\n<\/span><span class=\"_2PHJq public-DraftStyleDefault-ltr\"><strong>Listado de admisi\u00f3n<\/strong>: jueves 15\/12\/22 CPR Avil\u00e9s-Occidente<br \/>\n<\/span><span class=\"_2PHJq public-DraftStyleDefault-ltr\"><strong>N\u00fam. de participantes<\/strong>: M\u00cdN.: 50 M\u00c1X.: 400<\/span><\/li>\n<\/ul>\n<div class=\"post-content\">\n<p>&nbsp;<\/p>\n<\/div>\n","protected":false},"excerpt":{"rendered":"<p>CURSO RED FORMATIVA LOMLOE: \u201cDUA, Situaciones de Aprendizaje y Evaluaci\u00f3n Formativa\u201d El cambio pedag\u00f3gico y metodol\u00f3gico que pretende impulsar la nueva ley educativa (LOMLOE), es tan ilusionante como exigente a nivel t\u00e9cnico para nuestra comunidad educativa. La Red Formativa LOMLOE intenta dar respuesta a las necesidades formativas derivadas de este cambio normativo. En esta ocasi\u00f3n [&hellip;]<\/p>\n","protected":false},"author":117,"featured_media":0,"parent":4983,"menu_order":0,"comment_status":"closed","ping_status":"closed","template":"","meta":{"footnotes":""},"class_list":["post-5208","page","type-page","status-publish","hentry","post-preview"],"_links":{"self":[{"href":"https:\/\/edublog.educastur.es\/corredoria3\/wp-json\/wp\/v2\/pages\/5208","targetHints":{"allow":["GET"]}}],"collection":[{"href":"https:\/\/edublog.educastur.es\/corredoria3\/wp-json\/wp\/v2\/pages"}],"about":[{"href":"https:\/\/edublog.educastur.es\/corredoria3\/wp-json\/wp\/v2\/types\/page"}],"author":[{"embeddable":true,"href":"https:\/\/edublog.educastur.es\/corredoria3\/wp-json\/wp\/v2\/users\/117"}],"replies":[{"embeddable":true,"href":"https:\/\/edublog.educastur.es\/corredoria3\/wp-json\/wp\/v2\/comments?post=5208"}],"version-history":[{"count":9,"href":"https:\/\/edublog.educastur.es\/corredoria3\/wp-json\/wp\/v2\/pages\/5208\/revisions"}],"predecessor-version":[{"id":5521,"href":"https:\/\/edublog.educastur.es\/corredoria3\/wp-json\/wp\/v2\/pages\/5208\/revisions\/5521"}],"up":[{"embeddable":true,"href":"https:\/\/edublog.educastur.es\/corredoria3\/wp-json\/wp\/v2\/pages\/4983"}],"wp:attachment":[{"href":"https:\/\/edublog.educastur.es\/corredoria3\/wp-json\/wp\/v2\/media?parent=5208"}],"curies":[{"name":"wp","href":"https:\/\/api.w.org\/{rel}","templated":true}]}}