{"id":5233,"date":"2022-09-16T20:01:57","date_gmt":"2022-09-16T18:01:57","guid":{"rendered":"https:\/\/edublog.educastur.es\/corredoria3\/?page_id=5233"},"modified":"2022-09-16T20:11:29","modified_gmt":"2022-09-16T18:11:29","slug":"iaap-aulbiertaiaap","status":"publish","type":"page","link":"https:\/\/edublog.educastur.es\/corredoria3\/profes_cursos\/2022-2\/septiembre\/iaap-aulbiertaiaap\/","title":{"rendered":"IAAP aul@biertaiaap"},"content":{"rendered":"<div class=\"contenido-articulo\">\n<h3 class=\"titulo-articulo\" style=\"text-align: center\"><a href=\"https:\/\/programaiaap.asturias.es\/programa-mensual?p_p_id=ViewerPortletIaap_INSTANCE_ESrEB78dWsYy&amp;p_p_lifecycle=0&amp;p_p_state=normal&amp;p_p_mode=view&amp;p_r_p_contentId=2288169&amp;p_r_p_action=next\"><span style=\"color: #008080\">Nueva plataforma de formaci\u00f3n aul@biertaiaap<\/span><\/a><\/h3>\n<p>La plataforma aul@biertaIAAP es el espacio virtual que te permite participar en procesos formativos y contribuir a la gesti\u00f3n del conocimiento en la organizaci\u00f3n.<\/p>\n<p>A partir del 1 de septiembre de 2022, cuando entres en aul@biertaiaap para realizar un curso en teleformaci\u00f3n o en l\u00ednea, te encontrar\u00e1s con una nueva plataforma: se trata de <strong>MOODLE 3.9<\/strong>, una versi\u00f3n actual de Moodle que sustituye a la que us\u00e1bamos hasta ahora y que se hab\u00eda ido quedando obsoleta.<\/p>\n<p>As\u00ed te aparecer\u00e1 la pantalla de inicio:<\/p>\n<p><img decoding=\"async\" src=\"https:\/\/programaiaap.asturias.es\/documents\/30735\/0\/2022-09-07+09_23_33-aul%40bierta+IAAP.jpg\/9927264e-da99-2168-fad2-3ee9c129a14e?t=1662538294108\" \/><\/p>\n<p>Como ves, tiene un aspecto distinto, pero como se trata de una nueva versi\u00f3n de la misma plataforma (Moodle) el <strong>funcionamiento es b\u00e1sicamente igual<\/strong>.<\/p>\n<p>Te resultar\u00e1 <strong>sencillo<\/strong> acostumbrarte a esta nueva Moodle 3.9 que, adem\u00e1s, es <strong>m\u00e1s clara, m\u00e1s intuitiva y ofrece ventajas y nuevas funcionalidades<\/strong>.<\/p>\n<p>En ella, encontrar\u00e1s formaci\u00f3n:<\/p>\n<ul>\n<li>En el bloque de <strong>Formaci\u00f3n Abierta<\/strong>: todo el programa de autoaprendizaje, cuyos cursos se est\u00e1n abriendo a lo largo del mes de septiembre.<\/li>\n<li>En el bloque <strong>Aprendizaje en teleformaci\u00f3n y en l\u00ednea<\/strong>: una vez que te hayas identificado, podr\u00e1s ver todos tus cursos en cualquiera de estas modalidades.<\/li>\n<li>En el bloque <strong>Gesti\u00f3n del conocimiento <\/strong>los materiales, actividades y recursos relacionados.<\/li>\n<\/ul>\n<p>Y encontrar\u00e1s tambi\u00e9n soporte t\u00e9cnico y ayuda:<\/p>\n<ul>\n<li>En el bloque <strong>\u00bfNecesitas ayuda?, <\/strong>puedes consultar manuales y las Preguntas m\u00e1s frecuentes<\/li>\n<li>En el bloque <strong>Atenci\u00f3n y soporte<\/strong>, te indicamos los tel\u00e9fonos y correos de contacto.<\/li>\n<\/ul>\n<p>Te recomendamos un poco de paciencia hasta acostumbrarte y, ante cualquier duda, consulta esta <a href=\"https:\/\/iaap.asturias.es\/documents\/150386\/1752275\/MOODLE_Guia_Navegacion_agosto2022.pdf\/d4db2a80-84bd-e26a-f037-3fa382022e5d?t=1662121779405\" target=\"_blank\" rel=\"noopener\"><strong>Gu\u00eda de navegaci\u00f3n<\/strong><\/a>, que te ayudar\u00e1 con los procedimientos y pasos necesarios para que puedas desarrollar tus cursos sin dificultad.<\/p>\n<\/div>\n<p style=\"text-align: center\"><a href=\"https:\/\/programaiaap.asturias.es\/programa-mensual?p_p_id=ViewerPortletIaap_INSTANCE_ESrEB78dWsYy&amp;p_p_lifecycle=0&amp;p_p_state=normal&amp;p_p_mode=view&amp;p_r_p_contentId=2288225&amp;p_r_p_action=next\"><span style=\"color: #008080\"><strong>CURSOS OFERTADOS SEPTIEMBRE A DICIEMBRE 2022\u00a0<\/strong><\/span><\/a><\/p>\n<p style=\"text-align: center\"><a href=\"https:\/\/programaiaap.asturias.es\/programa-mensual?p_p_id=ViewerPortletIaap_INSTANCE_ESrEB78dWsYy&amp;p_p_lifecycle=0&amp;p_p_state=normal&amp;p_p_mode=view&amp;p_r_p_contentId=2288225&amp;p_r_p_action=next\">https:\/\/programaiaap.asturias.es\/programa-mensual?p_p_id=ViewerPortletIaap_INSTANCE_ESrEB78dWsYy&amp;p_p_lifecycle=0&amp;p_p_state=normal&amp;p_p_mode=view&amp;p_r_p_contentId=2288225&amp;p_r_p_action=next<\/a><\/p>\n<div class=\"formacion-transversal-cursos\">\n<div class=\"formacion-transversal-curso row\">\n<div class=\"columna codigo-edicion col-md-2\">\n<div class=\"codigo\">C\u00f3digo0002\u00a0\u00a0 \/ Edici\u00f3n011<\/div>\n<\/div>\n<div class=\"columna accion-formativa col-md-5\"><a title=\"Ver m\u00e1s informaci\u00f3n sobre INTRODUCCI\u00d3N OFFICE 365 (TELEFORMACI\u00d3N)\" href=\"https:\/\/programaiaap.asturias.es\/detalle-de-curso?p_r_p_contentId=2290035\">INTRODUCCI\u00d3N OFFICE 365 (TELEFORMACI\u00d3N)<\/a><\/div>\n<div class=\"columna fecha-horas col-md-2\">\n<div class=\"fecha\">4 A 31 DE OCTUBRE DE 2022\u00a0\u00a0\u00a0\u00a0 Horas:40\u00a0\u00a0\u00a0 \/\u00a0\u00a0 Teleformaci\u00f3n<\/div>\n<\/div>\n<\/div>\n<div class=\"formacion-transversal-curso row\">\n<div class=\"columna nuevo-curso col-md-1\"><\/div>\n<div class=\"columna codigo-edicion col-md-2\">\n<div class=\"codigo\">C\u00f3digo0004\u00a0\u00a0 \/\u00a0 Edici\u00f3n003<\/div>\n<\/div>\n<div class=\"columna accion-formativa col-md-5\"><a title=\"Ver m\u00e1s informaci\u00f3n sobre SOFTWARE LIBRE EN OFIM\u00c1TICA (TELEFORMACI\u00d3N)\" href=\"https:\/\/programaiaap.asturias.es\/detalle-de-curso?p_r_p_contentId=2290043\">SOFTWARE LIBRE EN OFIM\u00c1TICA (TELEFORMACI\u00d3N)<\/a><\/div>\n<div class=\"columna fecha-horas col-md-2\">\n<div class=\"fecha\">4 DE OCTUBRE A 8 DE NOVIEMBRE DE 2022<\/div>\n<div class=\"clases metodologia\">Horas:30\u00a0\u00a0 \/Teleformaci\u00f3n<\/div>\n<\/div>\n<\/div>\n<div class=\"formacion-transversal-curso row\">\n<div class=\"columna nuevo-curso col-md-1\"><\/div>\n<div class=\"columna codigo-edicion col-md-2\">\n<div class=\"codigo\">C\u00f3digo0006\u00a0\u00a0 \/ Edici\u00f3n011<\/div>\n<\/div>\n<div class=\"columna accion-formativa col-md-5\"><a title=\"Ver m\u00e1s informaci\u00f3n sobre WORD 2010 B\u00c1SICO (TELEFORMACI\u00d3N)\" href=\"https:\/\/programaiaap.asturias.es\/detalle-de-curso?p_r_p_contentId=2290059\">WORD 2010 B\u00c1SICO (TELEFORMACI\u00d3N)<\/a><\/div>\n<div class=\"columna fecha-horas col-md-2\">\n<div class=\"fecha\">4 DE OCTUBRE A 15 DE NOVIEMBRE DE 2022<\/div>\n<div class=\"clases metodologia\">Horas:40\u00a0\u00a0 \/ Teleformaci\u00f3n<\/div>\n<\/div>\n<\/div>\n<div class=\"formacion-transversal-curso row\">\n<div class=\"columna nuevo-curso col-md-1\"><\/div>\n<div class=\"columna codigo-edicion col-md-2\"><\/div>\n<\/div>\n<div class=\"formacion-transversal-curso row\">\n<div class=\"columna codigo-edicion col-md-2\">\n<div class=\"codigo\">C\u00f3digo0849\u00a0\u00a0 \/ Edici\u00f3n001<\/div>\n<\/div>\n<div class=\"columna accion-formativa col-md-5\"><a title=\"Ver m\u00e1s informaci\u00f3n sobre PLANNER Y SHAREPOINT EN OFFICE 365\" href=\"https:\/\/programaiaap.asturias.es\/detalle-de-curso?p_r_p_contentId=2290083\">PLANNER Y SHAREPOINT EN OFFICE 365<\/a><\/div>\n<div class=\"columna fecha-horas col-md-2\">\n<div class=\"fecha\">10 A 24 DE OCTUBRE DE 2022 VIDEOSESIONES 13 Y 20 DE OCTUBRE<\/div>\n<div class=\"subtitulo-grupo\">Horas:12\u00a0 \/ En L\u00ednea\u00a0\u00a0 \/GESTI\u00d3N INTELIGENTE DE DATOS<\/div>\n<\/div>\n<\/div>\n<\/div>\n<div class=\"formacion-transversal-cursos\">\n<div class=\"formacion-transversal-curso row\">\n<div class=\"columna nuevo-curso col-md-1\"><\/div>\n<div class=\"columna codigo-edicion col-md-2\">\n<div class=\"codigo\">C\u00f3digo0012\u00a0 \/\u00a0\u00a0 Edici\u00f3n006<\/div>\n<\/div>\n<div class=\"columna accion-formativa col-md-5\"><a title=\"Ver m\u00e1s informaci\u00f3n sobre TRABAJAR CON DOCUMENTOS EN FORMATO PDF (TELEFORMACI\u00d3N)\" href=\"https:\/\/programaiaap.asturias.es\/detalle-de-curso?p_r_p_contentId=2290123\">TRABAJAR CON DOCUMENTOS EN FORMATO PDF (TELEFORMACI\u00d3N)<\/a><\/div>\n<div class=\"columna fecha-horas col-md-2\">\n<div class=\"clases metodologia\">4 A 25 DE OCTUBRE DE 2022\u00a0\u00a0 \/\u00a0 Horas:15\u00a0 \/\u00a0 Teleformaci\u00f3n<\/div>\n<div><\/div>\n<\/div>\n<\/div>\n<\/div>\n<div>\n<div class=\"formacion-transversal-cursos\">\n<div class=\"formacion-transversal-curso row\">\n<div class=\"columna codigo-edicion col-md-2\">\n<div class=\"codigo\">C\u00f3digo0018\u00a0 \/ Edici\u00f3n005<\/div>\n<\/div>\n<div class=\"columna accion-formativa col-md-5\"><a title=\"Ver m\u00e1s informaci\u00f3n sobre CURSO DE REVISION Y ACTUALIZACION ORTOGRAFICA (TELEFORMACI\u00d3N)\" href=\"https:\/\/programaiaap.asturias.es\/detalle-de-curso?p_r_p_contentId=2289283\">CURSO DE REVISION Y ACTUALIZACION ORTOGRAFICA (TELEFORMACI\u00d3N)<\/a><\/div>\n<div class=\"columna fecha-horas col-md-2\">\n<div class=\"clases metodologia\">3 A 31 DE OCTUBRE DE 2022\u00a0 \/ Horas:20\u00a0 \/Teleformaci\u00f3n<\/div>\n<\/div>\n<\/div>\n<div class=\"formacion-transversal-curso row\">\n<div class=\"columna nuevo-curso col-md-1\"><\/div>\n<div class=\"columna codigo-edicion col-md-2\">\n<div class=\"codigo\">C\u00f3digo0091\u00a0 \/ Edici\u00f3n005<\/div>\n<\/div>\n<div class=\"columna accion-formativa col-md-5\"><a title=\"Ver m\u00e1s informaci\u00f3n sobre LENGUA ASTURIANA. NIVEL I (TELEFORMACI\u00d3N)\" href=\"https:\/\/programaiaap.asturias.es\/detalle-de-curso?p_r_p_contentId=2289291\">LENGUA ASTURIANA. NIVEL I (TELEFORMACI\u00d3N)<\/a><\/div>\n<div class=\"columna fecha-horas col-md-2\">\n<div class=\"fecha\">4 DE OCTUBRE A 29 DE NOVIEMBRE DE 2022<\/div>\n<div class=\"clases metodologia\">Horas:60\u00a0 \/Teleformaci\u00f3n<\/div>\n<\/div>\n<\/div>\n<div class=\"formacion-transversal-curso row\">\n<div class=\"columna nuevo-curso col-md-1\"><\/div>\n<\/div>\n<\/div>\n<div class=\"formacion-transversal-cursos\">\n<div class=\"formacion-transversal-curso row\">\n<div class=\"columna nuevo-curso col-md-1\">\n<div class=\"destacado-nuevo\"><\/div>\n<\/div>\n<div class=\"columna codigo-edicion col-md-2\">\n<div class=\"codigo\">C\u00f3digo1071\u00a0 \/ Edici\u00f3n001<\/div>\n<\/div>\n<div class=\"columna accion-formativa col-md-5\"><a title=\"Ver m\u00e1s informaci\u00f3n sobre LA COMUNICACI\u00d3N CON LAS PERSONAS CON TRASTORNOS DEL ESPECTRO DEL AUTISMO\" href=\"https:\/\/programaiaap.asturias.es\/detalle-de-curso?p_r_p_contentId=2289339\">LA COMUNICACI\u00d3N CON LAS PERSONAS CON TRASTORNOS DEL ESPECTRO DEL AUTISMO<\/a><\/div>\n<div class=\"columna fecha-horas col-md-2\">\n<div class=\"fecha\">19 A 31 DE OCTUBRE DE 2022 SESIONES PRESENCIALES: 27 Y 28 DE OCTUBRE<\/div>\n<div class=\"destacado-nuevo\">Horas:15\u00a0 \/ Mixta\u00a0 \/ Nuevo 2\u00ba Semestre &#8211; tarde<\/div>\n<div><\/div>\n<\/div>\n<\/div>\n<div class=\"formacion-transversal-curso row\">\n<div class=\"columna codigo-edicion col-md-2\">\n<div class=\"codigo\">C\u00f3digo1071 \/ Edici\u00f3n002<\/div>\n<\/div>\n<div class=\"columna accion-formativa col-md-5\"><a title=\"Ver m\u00e1s informaci\u00f3n sobre LA COMUNICACI\u00d3N CON LAS PERSONAS CON TRASTORNOS DEL ESPECTRO DEL AUTISMO\" href=\"https:\/\/programaiaap.asturias.es\/detalle-de-curso?p_r_p_contentId=2289347\">LA COMUNICACI\u00d3N CON LAS PERSONAS CON TRASTORNOS DEL ESPECTRO DEL AUTISMO<\/a><\/div>\n<div class=\"columna fecha-horas col-md-2\">\n<div class=\"fecha\">19 A 31 DE OCTUBRE DE 2022 SESIONES PRESENCIALES: 24, 25 Y 26 DE OCTUBRE<\/div>\n<div class=\"clases metodologia\">Horas:15\u00a0 \/Mixta<\/div>\n<\/div>\n<\/div>\n<\/div>\n<div><\/div>\n<div class=\"edicion\">C\u00f3digo0264\u00a0 \/ Edici\u00f3n003<\/div>\n<div class=\"formacion-transversal-cursos\">\n<div class=\"formacion-transversal-curso row\">\n<div class=\"columna accion-formativa col-md-5\"><a title=\"Ver m\u00e1s informaci\u00f3n sobre T\u00c9CNICAS DE RESOLUCI\u00d3N DE CONFLICTOS (TELEFORMACI\u00d3N)\" href=\"https:\/\/programaiaap.asturias.es\/detalle-de-curso?p_r_p_contentId=2289363\">T\u00c9CNICAS DE RESOLUCI\u00d3N DE CONFLICTOS (TELEFORMACI\u00d3N)<\/a><\/div>\n<div class=\"columna fecha-horas col-md-2\">\n<div class=\"clases metodologia\">3 A 31 DE OCTUBRE DE 2022\u00a0 \/ Horas:20\u00a0 \/Teleformaci\u00f3n<\/div>\n<\/div>\n<\/div>\n<div class=\"formacion-transversal-curso row\">\n<div class=\"columna nuevo-curso col-md-1\"><\/div>\n<div class=\"columna codigo-edicion col-md-2\">\n<div class=\"codigo\">C\u00f3digo0288\u00a0 \/ Edici\u00f3n005<\/div>\n<\/div>\n<div class=\"columna accion-formativa col-md-5\"><a title=\"Ver m\u00e1s informaci\u00f3n sobre INTRODUCCI\u00d3N AL DESARROLLO DE LA INTELIGENCIA EMOCIONAL (TELEFORMACI\u00d3N)\" href=\"https:\/\/programaiaap.asturias.es\/detalle-de-curso?p_r_p_contentId=2289371\">INTRODUCCI\u00d3N AL DESARROLLO DE LA INTELIGENCIA EMOCIONAL (TELEFORMACI\u00d3N)<\/a><\/div>\n<div class=\"columna fecha-horas col-md-2\">\n<div class=\"clases metodologia\">3 A 31 DE OCTUBRE DE 2022\u00a0 \/ Horas:30\u00a0 \/Teleformaci\u00f3n<\/div>\n<\/div>\n<\/div>\n<\/div>\n<\/div>\n","protected":false},"excerpt":{"rendered":"<p>Nueva plataforma de formaci\u00f3n aul@biertaiaap La plataforma aul@biertaIAAP es el espacio virtual que te permite participar en procesos formativos y contribuir a la gesti\u00f3n del conocimiento en la organizaci\u00f3n. A partir del 1 de septiembre de 2022, cuando entres en aul@biertaiaap para realizar un curso en teleformaci\u00f3n o en l\u00ednea, te encontrar\u00e1s con una nueva [&hellip;]<\/p>\n","protected":false},"author":117,"featured_media":0,"parent":5202,"menu_order":0,"comment_status":"closed","ping_status":"closed","template":"","meta":{"footnotes":""},"class_list":["post-5233","page","type-page","status-publish","hentry","post-preview"],"_links":{"self":[{"href":"https:\/\/edublog.educastur.es\/corredoria3\/wp-json\/wp\/v2\/pages\/5233","targetHints":{"allow":["GET"]}}],"collection":[{"href":"https:\/\/edublog.educastur.es\/corredoria3\/wp-json\/wp\/v2\/pages"}],"about":[{"href":"https:\/\/edublog.educastur.es\/corredoria3\/wp-json\/wp\/v2\/types\/page"}],"author":[{"embeddable":true,"href":"https:\/\/edublog.educastur.es\/corredoria3\/wp-json\/wp\/v2\/users\/117"}],"replies":[{"embeddable":true,"href":"https:\/\/edublog.educastur.es\/corredoria3\/wp-json\/wp\/v2\/comments?post=5233"}],"version-history":[{"count":3,"href":"https:\/\/edublog.educastur.es\/corredoria3\/wp-json\/wp\/v2\/pages\/5233\/revisions"}],"predecessor-version":[{"id":5236,"href":"https:\/\/edublog.educastur.es\/corredoria3\/wp-json\/wp\/v2\/pages\/5233\/revisions\/5236"}],"up":[{"embeddable":true,"href":"https:\/\/edublog.educastur.es\/corredoria3\/wp-json\/wp\/v2\/pages\/5202"}],"wp:attachment":[{"href":"https:\/\/edublog.educastur.es\/corredoria3\/wp-json\/wp\/v2\/media?parent=5233"}],"curies":[{"name":"wp","href":"https:\/\/api.w.org\/{rel}","templated":true}]}}