{"id":5244,"date":"2022-10-02T21:23:02","date_gmt":"2022-10-02T19:23:02","guid":{"rendered":"https:\/\/edublog.educastur.es\/corredoria3\/?page_id=5244"},"modified":"2022-10-02T23:28:44","modified_gmt":"2022-10-02T21:28:44","slug":"ses_1_2022","status":"publish","type":"page","link":"https:\/\/edublog.educastur.es\/corredoria3\/6o-pri\/cultura-asturiana\/1otrimestre\/ses_1_2022\/","title":{"rendered":"Ses_1_2022"},"content":{"rendered":"<p style=\"text-align: center\"><a href=\"https:\/\/ams3.digitaloceanspaces.com\/quefemos\/media\/events\/23973\/featured_L.jpg\"><img loading=\"lazy\" decoding=\"async\" class=\"alignnone\" src=\"https:\/\/ams3.digitaloceanspaces.com\/quefemos\/media\/events\/23973\/featured_L.jpg\" alt=\"\" width=\"377\" height=\"540\" \/><\/a><\/p>\n<p style=\"text-align: center\"><span style=\"font-size: 24px;color: #000080\"><strong>2022: Fiesta de la vendimia en Cangas del Narcea\u00a0 <a href=\"https:\/\/educastur-my.sharepoint.com\/:b:\/g\/personal\/isabellh_educastur_org\/EaJ4ph0IX0VLlni3Qbg0OQMByqriC9-VWoduEQVwpLzP0g?e=iLCGPT\"><span style=\"color: #800000\">ACTIVIDAD 2022<\/span><\/a><br \/>\n<\/strong><\/span><\/p>\n<p style=\"text-align: center\"><a href=\"https:\/\/www.ayto-cnarcea.es\/documents\/135908\/2999349\/Vendimia.JPG\/a7559d5e-345f-45da-bf6a-d5b1a477000d?t=1473065835866\"><img loading=\"lazy\" decoding=\"async\" class=\"alignnone\" src=\"https:\/\/www.ayto-cnarcea.es\/documents\/135908\/2999349\/Vendimia.JPG\/a7559d5e-345f-45da-bf6a-d5b1a477000d?t=1473065835866\" alt=\"\" width=\"800\" height=\"285\" \/><\/a><\/p>\n<div class=\"col-md-8\">\n<ul>\n<li><a href=\"https:\/\/edublog.educastur.es\/corredoria3\/6o-pri\/cultura-asturiana\/1otrimestre\/sesion_01\/\"><span style=\"font-size: 20px\"><strong>ACTIVIDAD DEL CURSO 2020 y 2021, para repasar contenido.<\/strong><\/span><\/a><\/li>\n<li>Noticias:<a href=\"https:\/\/asturias.com\/fiesta-de-la-vendimia-de-cangas-del-narcea\/\"> Asturias.com<\/a> \/ <a href=\"https:\/\/www.elcomercio.es\/asturias\/occidente\/pisada-uva-fiesta-vendimia-cangas-narcea-parque-fuejo-20220920002308-ntvo.html\">El comercio<\/a> \/ <a href=\"https:\/\/www.ayto-cnarcea.es\/programa-fiesta-de-la-vendimia-2022\">Ayto. Cangas<\/a> \/<\/li>\n<li><a href=\"https:\/\/www.ayto-cnarcea.es\/documents\/135908\/11742025\/PROGRAMA.pdf\/5ebdcda0-1af0-cd0e-afbe-150b9de9be70?t=1664446987024\" target=\"\" rel=\"noopener\"><span style=\"font-size: 20px\">Descargar el PROGRAMA COMPLETO PDF<\/span><\/a><\/li>\n<\/ul>\n<p><a href=\"https:\/\/www.jardineriaon.com\/wp-content\/uploads\/2017\/09\/uvas.jpg\"><img loading=\"lazy\" decoding=\"async\" class=\"aligncenter\" src=\"https:\/\/www.jardineriaon.com\/wp-content\/uploads\/2017\/09\/uvas.jpg\" alt=\"\" width=\"830\" height=\"466\" \/><\/a><\/p>\n<p style=\"text-align: center\"><a href=\"https:\/\/jardineria.top\/imagenes\/guia-para-cultivar-tu-vinedo-y-hacer-tu-propio-vino.jpg\"><img loading=\"lazy\" decoding=\"async\" class=\"alignnone\" src=\"https:\/\/jardineria.top\/imagenes\/guia-para-cultivar-tu-vinedo-y-hacer-tu-propio-vino.jpg\" alt=\"\" width=\"997\" height=\"647\" \/><\/a><\/p>\n<p>Cangas del Narcea acoge cada a\u00f1o la fiesta de la <span style=\"font-size: 20px\"><strong><span style=\"color: #000080\">Vendimia del Vino de Calidad de\u00a0Cangas<\/span><\/strong><\/span>. El centro de esta localidad de Asturias acoge una celebraci\u00f3n en honor a la tradici\u00f3n milenaria de la elaboraci\u00f3n del vino en esta regi\u00f3n. En esta <strong>Fiesta de Inter\u00e9s Tur\u00edstico del Principado de Asturias<\/strong> vamos a poder conocer de cerca la tradici\u00f3n y cultura del Vino de Cangas. <strong>Este 2022 ser\u00e1 del 7 al 12 de octubre.<\/strong><\/p>\n<p>La escenificaci\u00f3n del transporte de la uva en un carro del pa\u00eds y la tradicional pisada de uva son algunos de sus principales actos, que se complementa con catas, mercadillo, puestos de artesan\u00eda, venta de productos tradicionales, concurso de pintura y actividades para ni\u00f1os. Las calles se llenan de puestos de artesan\u00eda y productos tradicionales. El visitante puede asistir a algunos de sus principales actos festivos como la escenificaci\u00f3n del transporte de la uva en un carro t\u00edpico, la tradicional \u00abpisada de uva\u00bb o la visita a bodegas repartidas por toda la zona.<\/p>\n<p style=\"text-align: center\">\n<!-- iframe plugin v.6.0 wordpress.org\/plugins\/iframe\/ -->\n<iframe loading=\"lazy\" width=\"100%\" height=\"395\" src=\"https:\/\/www.youtube.com\/embed\/VGsLECMXvGM\" 0=\"\/iframe\" scrolling=\"yes\" class=\"iframe-class\" frameborder=\"0\"><\/iframe>\n<\/p>\n<h1 class=\"voc-title\">La pisada de la uva de la fiesta de la vendimia se har\u00e1 en el parque cangu\u00e9s del Fuejo.<\/h1>\n<p style=\"text-align: center\"><a href=\"https:\/\/static1.elcomercio.es\/www\/multimedia\/202209\/20\/media\/cortadas\/pisada-uva-cangas-narcea-U70880127299UVF--624x385@El%20Comercio-ElComercio.jpg\"><img loading=\"lazy\" decoding=\"async\" class=\"alignnone\" src=\"https:\/\/static1.elcomercio.es\/www\/multimedia\/202209\/20\/media\/cortadas\/pisada-uva-cangas-narcea-U70880127299UVF--624x385@El%20Comercio-ElComercio.jpg\" alt=\"\" width=\"624\" height=\"385\" \/><\/a><\/p>\n<p style=\"text-align: center\"><a href=\"https:\/\/asturias.com\/wp-content\/uploads\/2021\/09\/fiesta-vendimia-cangas-del-narcea.jpg\"><img loading=\"lazy\" decoding=\"async\" class=\"alignnone\" src=\"https:\/\/asturias.com\/wp-content\/uploads\/2021\/09\/fiesta-vendimia-cangas-del-narcea.jpg\" alt=\"\" width=\"800\" height=\"600\" \/><\/a><\/p>\n<div class=\"bbnx-module article-premium-header__headline\">\n<div class=\"headline-article\">\n<div class=\"headline-article__head\">\n<blockquote>\n<h1 class=\"h1 headline-article__text\" style=\"text-align: center\"><em><span style=\"font-size: 24px\">La vendimia se adelanta en Cangas del Narcea e Ibias por el calor del verano. <\/span><\/em><span style=\"font-size: 24px\"><em>Algunas bodegas cosechar\u00e1n ya la pr\u00f3xima semana tras un est\u00edo dif\u00edcil: la lluvia de junio favoreci\u00f3 los hongos, que mermar\u00e1n la producci\u00f3n. <\/em><a href=\"https:\/\/www.lne.es\/occidente\/2022\/09\/02\/vendimia-adelanta-cangas-narcea-ibias-74913083.html\"><em>LNE<\/em><\/a><\/span><\/h1>\n<\/blockquote>\n<\/div>\n<p style=\"text-align: center\"><span style=\"font-size: 20px\"><a href=\"https:\/\/www.ayto-cnarcea.es\/documents\/135908\/11742025\/PROGRAMA.pdf\/5ebdcda0-1af0-cd0e-afbe-150b9de9be70?t=1664446987024\" target=\"\" rel=\"noopener\">Pinche aqu\u00ed para descargar el PROGRAMA COMPLETO EN PDF (900 KB)<\/a><\/span><\/p>\n<\/div>\n<\/div>\n<p style=\"text-align: center\"><a href=\"https:\/\/www.ayto-cnarcea.es\/documents\/135908\/11742025\/1.jpg\/74da0e52-8776-0efd-ddb4-5565f1d778a0?t=1664439130015\"><img loading=\"lazy\" decoding=\"async\" class=\"alignnone\" src=\"https:\/\/www.ayto-cnarcea.es\/documents\/135908\/11742025\/1.jpg\/74da0e52-8776-0efd-ddb4-5565f1d778a0?t=1664439130015\" alt=\"\" width=\"800\" height=\"1142\" \/><\/a><\/p>\n<p style=\"text-align: center\"><a href=\"https:\/\/www.ayto-cnarcea.es\/documents\/135908\/11742025\/2.jpg\/b7a18d17-67d7-9f90-34fb-f8833c818c03?t=1664439154654\"><img loading=\"lazy\" decoding=\"async\" class=\"alignnone\" src=\"https:\/\/www.ayto-cnarcea.es\/documents\/135908\/11742025\/2.jpg\/b7a18d17-67d7-9f90-34fb-f8833c818c03?t=1664439154654\" alt=\"\" width=\"800\" height=\"1142\" \/><\/a><\/p>\n<p style=\"text-align: center\"><a href=\"https:\/\/www.ayto-cnarcea.es\/documents\/135908\/11742025\/3.jpg\/7a4c90ca-fb11-b670-bae7-ba8ecad5fe53?t=1664439171216\"><img loading=\"lazy\" decoding=\"async\" class=\"alignnone\" src=\"https:\/\/www.ayto-cnarcea.es\/documents\/135908\/11742025\/3.jpg\/7a4c90ca-fb11-b670-bae7-ba8ecad5fe53?t=1664439171216\" alt=\"\" width=\"800\" height=\"1142\" \/><\/a><\/p>\n<p>&nbsp;<\/p>\n<p style=\"text-align: center\"><a href=\"https:\/\/www.ayto-cnarcea.es\/documents\/135908\/11742025\/4.jpg\/3fd17a42-40bb-155f-eec7-ecc11029dff6?t=1664439188894\"><img loading=\"lazy\" decoding=\"async\" class=\"alignnone\" src=\"https:\/\/www.ayto-cnarcea.es\/documents\/135908\/11742025\/4.jpg\/3fd17a42-40bb-155f-eec7-ecc11029dff6?t=1664439188894\" alt=\"\" width=\"800\" height=\"1142\" \/><\/a><\/p>\n<p style=\"text-align: center\"><a href=\"https:\/\/www.ayto-cnarcea.es\/documents\/135908\/11742025\/5.jpg\/3fec076b-3070-4387-86ed-25607ea2eb47?t=1664439203323\"><img loading=\"lazy\" decoding=\"async\" class=\"alignnone\" src=\"https:\/\/www.ayto-cnarcea.es\/documents\/135908\/11742025\/5.jpg\/3fec076b-3070-4387-86ed-25607ea2eb47?t=1664439203323\" alt=\"\" width=\"800\" height=\"1142\" \/><\/a><\/p>\n<p>&nbsp;<\/p>\n<p>&nbsp;<\/p>\n<\/div>\n","protected":false},"excerpt":{"rendered":"<p>2022: Fiesta de la vendimia en Cangas del Narcea\u00a0 ACTIVIDAD 2022 ACTIVIDAD DEL CURSO 2020 y 2021, para repasar contenido. Noticias: Asturias.com \/ El comercio \/ Ayto. Cangas \/ Descargar el PROGRAMA COMPLETO PDF Cangas del Narcea acoge cada a\u00f1o la fiesta de la Vendimia del Vino de Calidad de\u00a0Cangas. El centro de esta localidad [&hellip;]<\/p>\n","protected":false},"author":117,"featured_media":0,"parent":1439,"menu_order":0,"comment_status":"closed","ping_status":"closed","template":"","meta":{"footnotes":""},"class_list":["post-5244","page","type-page","status-publish","hentry","post-preview"],"_links":{"self":[{"href":"https:\/\/edublog.educastur.es\/corredoria3\/wp-json\/wp\/v2\/pages\/5244","targetHints":{"allow":["GET"]}}],"collection":[{"href":"https:\/\/edublog.educastur.es\/corredoria3\/wp-json\/wp\/v2\/pages"}],"about":[{"href":"https:\/\/edublog.educastur.es\/corredoria3\/wp-json\/wp\/v2\/types\/page"}],"author":[{"embeddable":true,"href":"https:\/\/edublog.educastur.es\/corredoria3\/wp-json\/wp\/v2\/users\/117"}],"replies":[{"embeddable":true,"href":"https:\/\/edublog.educastur.es\/corredoria3\/wp-json\/wp\/v2\/comments?post=5244"}],"version-history":[{"count":8,"href":"https:\/\/edublog.educastur.es\/corredoria3\/wp-json\/wp\/v2\/pages\/5244\/revisions"}],"predecessor-version":[{"id":5246,"href":"https:\/\/edublog.educastur.es\/corredoria3\/wp-json\/wp\/v2\/pages\/5244\/revisions\/5246"}],"up":[{"embeddable":true,"href":"https:\/\/edublog.educastur.es\/corredoria3\/wp-json\/wp\/v2\/pages\/1439"}],"wp:attachment":[{"href":"https:\/\/edublog.educastur.es\/corredoria3\/wp-json\/wp\/v2\/media?parent=5244"}],"curies":[{"name":"wp","href":"https:\/\/api.w.org\/{rel}","templated":true}]}}