{"id":5354,"date":"2022-11-08T20:11:11","date_gmt":"2022-11-08T18:11:11","guid":{"rendered":"https:\/\/edublog.educastur.es\/corredoria3\/?page_id=5354"},"modified":"2022-11-08T20:21:03","modified_gmt":"2022-11-08T18:21:03","slug":"puntos-clave","status":"publish","type":"page","link":"https:\/\/edublog.educastur.es\/corredoria3\/lomloe\/puntos-clave\/","title":{"rendered":"Puntos clave"},"content":{"rendered":"<h1 class=\"entry-title\" style=\"text-align: center\"><a href=\"https:\/\/efcompetencial.com\/2022\/08\/10\/puntos-clave-del-rd-157-2022-lomloe-y-su-concrecion-autonomica\/\"><span style=\"color: #008080\">Puntos clave del RD 157\/2022 (LOMLOE) <\/span><\/a><br \/>\n<span style=\"color: #008080\">y su concreci\u00f3n\u00a0auton\u00f3mica<\/span><\/h1>\n<div class=\"entry-content\">\n<p data-adtags-visited=\"true\">El <a href=\"https:\/\/www.boe.es\/buscar\/act.php?id=BOE-A-2022-3296\" target=\"_blank\" rel=\"noopener\">Real Decreto 157\/2022<\/a> aboga por un cambio estructural en los planteamientos educativos. Lejos de ser un mero cambio de terminolog\u00eda para continuar con lo que se hac\u00eda anteriormente, el RD <strong>apuesta por un cambio en los elementos curriculares y en el planteamiento de las sesiones<\/strong>. Tras un an\u00e1lisis del mismo, extraigo algunas conclusiones asociadas a los elementos curriculares que me gustar\u00eda compartir con la comunidad educativa de forma esquem\u00e1tica <strong><span style=\"font-size: 20px\">(pdf <a href=\"https:\/\/miefblog.files.wordpress.com\/2022\/08\/resumen-rd-1572022.pdf\" target=\"_blank\" rel=\"noopener\">aqu\u00ed<\/a>).<\/span><\/strong><\/p>\n<p data-adtags-visited=\"true\"><a href=\"https:\/\/miefblog.files.wordpress.com\/2022\/08\/captura-de-pantalla-2022-08-10-a-las-10.20.12.png?w=723\"><img loading=\"lazy\" decoding=\"async\" class=\"aligncenter wp-image-3836 size-full\" src=\"https:\/\/miefblog.files.wordpress.com\/2022\/08\/captura-de-pantalla-2022-08-10-a-las-10.20.12.png?w=723\" alt=\"Captura de Pantalla 2022-08-10 a las 10.20.12.png\" width=\"722\" height=\"540\" data-attachment-id=\"3836\" data-permalink=\"https:\/\/efcompetencial.com\/2022\/08\/10\/puntos-clave-del-rd-157-2022-lomloe-y-su-concrecion-autonomica\/captura-de-pantalla-2022-08-10-a-las-10-20-12\/\" data-orig-file=\"https:\/\/miefblog.files.wordpress.com\/2022\/08\/captura-de-pantalla-2022-08-10-a-las-10.20.12.png\" data-orig-size=\"1980,1481\" data-comments-opened=\"1\" data-image-meta=\"{&quot;aperture&quot;:&quot;0&quot;,&quot;credit&quot;:&quot;&quot;,&quot;camera&quot;:&quot;&quot;,&quot;caption&quot;:&quot;&quot;,&quot;created_timestamp&quot;:&quot;0&quot;,&quot;copyright&quot;:&quot;&quot;,&quot;focal_length&quot;:&quot;0&quot;,&quot;iso&quot;:&quot;0&quot;,&quot;shutter_speed&quot;:&quot;0&quot;,&quot;title&quot;:&quot;&quot;,&quot;orientation&quot;:&quot;0&quot;}\" data-image-title=\"Captura de Pantalla 2022-08-10 a las 10.20.12\" data-image-description=\"\" data-image-caption=\"\" data-medium-file=\"https:\/\/miefblog.files.wordpress.com\/2022\/08\/captura-de-pantalla-2022-08-10-a-las-10.20.12.png?w=300\" data-large-file=\"https:\/\/miefblog.files.wordpress.com\/2022\/08\/captura-de-pantalla-2022-08-10-a-las-10.20.12.png?w=723\" \/><\/a><\/p>\n<blockquote><p><strong>LOMLOE<\/strong><\/p><\/blockquote>\n<p class=\"p1\" data-adtags-visited=\"true\">Pretende adaptar el sistema educativo a los retos y desaf\u00edos del s.XXI de acuerdo con los objetivos de la Uni\u00f3n Europea y UNESCO 2020-30. Para ello cambia el sistema hacia un marcado <em>enfoque competencial<\/em>.<\/p>\n<blockquote><p><strong>OBJETIVOS<\/strong><\/p><\/blockquote>\n<p class=\"p1\" data-adtags-visited=\"true\">Lo que se espera que el alumnado haya alcanzado al <b>finalizar etapa<\/b>, vinculado con las competencias clave.<\/p>\n<blockquote><p><strong>COMPETENCIAS CLAVE y PERFIL DE SALIDA<\/strong><\/p><\/blockquote>\n<p data-adtags-visited=\"true\">Las competencias clave son los desempe\u00f1os imprescindibles para el \u00e9xito en su itinerario formativo y afrontar los retos y desaf\u00edos globales y locales.<\/p>\n<p data-adtags-visited=\"true\">El perfil de salida concreta las competencias clave mediante unos <b>descriptores operativos<\/b> para cada una. Muestra los descriptores relativos a la finalizaci\u00f3n de la <em>educaci\u00f3n primaria<\/em> y de la <em>ense\u00f1anza b\u00e1sica<\/em>.<span class=\"Apple-converted-space\">\u00a0 Todo ello se puede observar en el Anexo I.<\/span><\/p>\n<p data-adtags-visited=\"true\">Ejemplo: Competencia en Comunicaci\u00f3n Ling\u00fc\u00edstica (CCL)<\/p>\n<p data-adtags-visited=\"true\"><img loading=\"lazy\" decoding=\"async\" class=\"alignnone wp-image-3845 aligncenter\" src=\"https:\/\/miefblog.files.wordpress.com\/2022\/08\/captura-de-pantalla-2022-08-10-a-las-11.14.34.png?w=548&amp;h=279\" alt=\"Captura de Pantalla 2022-08-10 a las 11.14.34.png\" width=\"548\" height=\"279\" data-attachment-id=\"3845\" data-permalink=\"https:\/\/efcompetencial.com\/2022\/08\/10\/puntos-clave-del-rd-157-2022-lomloe-y-su-concrecion-autonomica\/captura-de-pantalla-2022-08-10-a-las-11-14-34\/\" data-orig-file=\"https:\/\/miefblog.files.wordpress.com\/2022\/08\/captura-de-pantalla-2022-08-10-a-las-11.14.34.png\" data-orig-size=\"1047,532\" data-comments-opened=\"1\" data-image-meta=\"{&quot;aperture&quot;:&quot;0&quot;,&quot;credit&quot;:&quot;&quot;,&quot;camera&quot;:&quot;&quot;,&quot;caption&quot;:&quot;&quot;,&quot;created_timestamp&quot;:&quot;0&quot;,&quot;copyright&quot;:&quot;&quot;,&quot;focal_length&quot;:&quot;0&quot;,&quot;iso&quot;:&quot;0&quot;,&quot;shutter_speed&quot;:&quot;0&quot;,&quot;title&quot;:&quot;&quot;,&quot;orientation&quot;:&quot;0&quot;}\" data-image-title=\"Captura de Pantalla 2022-08-10 a las 11.14.34\" data-image-description=\"\" data-image-caption=\"\" data-medium-file=\"https:\/\/miefblog.files.wordpress.com\/2022\/08\/captura-de-pantalla-2022-08-10-a-las-11.14.34.png?w=300\" data-large-file=\"https:\/\/miefblog.files.wordpress.com\/2022\/08\/captura-de-pantalla-2022-08-10-a-las-11.14.34.png?w=723\" \/><\/p>\n<blockquote><p><strong><span class=\"Apple-converted-space\">COMPETENCIAS ESPEC\u00cdFICAS\u00a0<\/span><\/strong><\/p><\/blockquote>\n<p class=\"p1\" data-adtags-visited=\"true\">Desempe\u00f1os que el alumno debe poder desplegar en actividades o situaciones cuyo abordaje requiere de los saberes b\u00e1sicos de cada \u00e1rea. Constituyen un elemento de conexi\u00f3n entre:<span class=\"Apple-converted-space\">\u00a0saberes b\u00e1sicos, perfil de salida y criterios de evaluaci\u00f3n.\u00a0<\/span><\/p>\n<p data-adtags-visited=\"true\">Dentro de cada \u00e1rea, <strong>las competencias espec\u00edficas vienen asociadas a los descriptores operativos de competencias clave (perfil de salida)<\/strong>. Por tanto, con la superaci\u00f3n de una competencia espec\u00edfica (que se concreta a trav\u00e9s de criterios de evaluaci\u00f3n), se superar\u00eda tambi\u00e9n el descriptor operativo asociado.<\/p>\n<p data-adtags-visited=\"true\">Ejemplo: competencia espec\u00edfica 1 para el \u00e1rea de Educaci\u00f3n F\u00edsica.<\/p>\n<p data-adtags-visited=\"true\"><img loading=\"lazy\" decoding=\"async\" class=\" wp-image-3846 aligncenter\" src=\"https:\/\/miefblog.files.wordpress.com\/2022\/08\/captura-de-pantalla-2022-08-10-a-las-11.17.41.png?w=610&amp;h=476\" alt=\"Captura de Pantalla 2022-08-10 a las 11.17.41.png\" width=\"610\" height=\"476\" data-attachment-id=\"3846\" data-permalink=\"https:\/\/efcompetencial.com\/2022\/08\/10\/puntos-clave-del-rd-157-2022-lomloe-y-su-concrecion-autonomica\/captura-de-pantalla-2022-08-10-a-las-11-17-41\/\" data-orig-file=\"https:\/\/miefblog.files.wordpress.com\/2022\/08\/captura-de-pantalla-2022-08-10-a-las-11.17.41.png\" data-orig-size=\"954,745\" data-comments-opened=\"1\" data-image-meta=\"{&quot;aperture&quot;:&quot;0&quot;,&quot;credit&quot;:&quot;&quot;,&quot;camera&quot;:&quot;&quot;,&quot;caption&quot;:&quot;&quot;,&quot;created_timestamp&quot;:&quot;0&quot;,&quot;copyright&quot;:&quot;&quot;,&quot;focal_length&quot;:&quot;0&quot;,&quot;iso&quot;:&quot;0&quot;,&quot;shutter_speed&quot;:&quot;0&quot;,&quot;title&quot;:&quot;&quot;,&quot;orientation&quot;:&quot;0&quot;}\" data-image-title=\"Captura de Pantalla 2022-08-10 a las 11.17.41\" data-image-description=\"\" data-image-caption=\"\" data-medium-file=\"https:\/\/miefblog.files.wordpress.com\/2022\/08\/captura-de-pantalla-2022-08-10-a-las-11.17.41.png?w=300\" data-large-file=\"https:\/\/miefblog.files.wordpress.com\/2022\/08\/captura-de-pantalla-2022-08-10-a-las-11.17.41.png?w=723\" \/><\/p>\n<blockquote><p><strong>CRITERIOS DE EVALUACI\u00d3N<\/strong><\/p><\/blockquote>\n<p class=\"p1\" data-adtags-visited=\"true\">Son los<b> referentes<\/b> que indican los niveles de desempe\u00f1o esperados en el alumnado en situaciones a las que refieren las <i>competencias espec\u00edficas\u00a0<\/i>de cada \u00e1rea en un momento del proceso de aprendizaje.<\/p>\n<p data-adtags-visited=\"true\">Constituyen el elemento clave para evaluar, de los mismos se podr\u00edan extraer indicadores de logro para la elaboraci\u00f3n de instrumentos de evaluaci\u00f3n.<\/p>\n<p data-adtags-visited=\"true\">Ejemplo: criterios de evaluaci\u00f3n que emanan de la competencia espec\u00edfica 1 para el primer ciclo.<\/p>\n<p data-adtags-visited=\"true\"><img loading=\"lazy\" decoding=\"async\" class=\" wp-image-3849 aligncenter\" src=\"https:\/\/miefblog.files.wordpress.com\/2022\/08\/captura-de-pantalla-2022-08-10-a-las-11.19.56.png?w=602&amp;h=276\" alt=\"Captura de Pantalla 2022-08-10 a las 11.19.56.png\" width=\"602\" height=\"276\" data-attachment-id=\"3849\" data-permalink=\"https:\/\/efcompetencial.com\/2022\/08\/10\/puntos-clave-del-rd-157-2022-lomloe-y-su-concrecion-autonomica\/captura-de-pantalla-2022-08-10-a-las-11-19-56\/\" data-orig-file=\"https:\/\/miefblog.files.wordpress.com\/2022\/08\/captura-de-pantalla-2022-08-10-a-las-11.19.56.png\" data-orig-size=\"973,446\" data-comments-opened=\"1\" data-image-meta=\"{&quot;aperture&quot;:&quot;0&quot;,&quot;credit&quot;:&quot;&quot;,&quot;camera&quot;:&quot;&quot;,&quot;caption&quot;:&quot;&quot;,&quot;created_timestamp&quot;:&quot;0&quot;,&quot;copyright&quot;:&quot;&quot;,&quot;focal_length&quot;:&quot;0&quot;,&quot;iso&quot;:&quot;0&quot;,&quot;shutter_speed&quot;:&quot;0&quot;,&quot;title&quot;:&quot;&quot;,&quot;orientation&quot;:&quot;0&quot;}\" data-image-title=\"Captura de Pantalla 2022-08-10 a las 11.19.56\" data-image-description=\"\" data-image-caption=\"\" data-medium-file=\"https:\/\/miefblog.files.wordpress.com\/2022\/08\/captura-de-pantalla-2022-08-10-a-las-11.19.56.png?w=300\" data-large-file=\"https:\/\/miefblog.files.wordpress.com\/2022\/08\/captura-de-pantalla-2022-08-10-a-las-11.19.56.png?w=723\" \/><\/p>\n<blockquote><p><strong>SABERES B\u00c1SICOS<\/strong><\/p><\/blockquote>\n<p class=\"p1\" data-adtags-visited=\"true\">Conocimientos, destrezas y actitudes que constituyen los <b>contenidos<\/b> propios de un \u00e1rea o \u00e1mbito y cuyo aprendizaje es <i>necesario para la adquisici\u00f3n de las competencias espec\u00edficas.\u00a0<\/i><\/p>\n<p data-adtags-visited=\"true\">Ejemplo: saberes b\u00e1sicos dentro del bloque A de Educaci\u00f3n F\u00edsica para primer ciclo.<\/p>\n<p data-adtags-visited=\"true\"><img loading=\"lazy\" decoding=\"async\" class=\" wp-image-3850 aligncenter\" src=\"https:\/\/miefblog.files.wordpress.com\/2022\/08\/captura-de-pantalla-2022-08-10-a-las-11.25.11.png?w=543&amp;h=179\" alt=\"Captura de Pantalla 2022-08-10 a las 11.25.11.png\" width=\"543\" height=\"179\" data-attachment-id=\"3850\" data-permalink=\"https:\/\/efcompetencial.com\/2022\/08\/10\/puntos-clave-del-rd-157-2022-lomloe-y-su-concrecion-autonomica\/captura-de-pantalla-2022-08-10-a-las-11-25-11\/\" data-orig-file=\"https:\/\/miefblog.files.wordpress.com\/2022\/08\/captura-de-pantalla-2022-08-10-a-las-11.25.11.png\" data-orig-size=\"992,327\" data-comments-opened=\"1\" data-image-meta=\"{&quot;aperture&quot;:&quot;0&quot;,&quot;credit&quot;:&quot;&quot;,&quot;camera&quot;:&quot;&quot;,&quot;caption&quot;:&quot;&quot;,&quot;created_timestamp&quot;:&quot;0&quot;,&quot;copyright&quot;:&quot;&quot;,&quot;focal_length&quot;:&quot;0&quot;,&quot;iso&quot;:&quot;0&quot;,&quot;shutter_speed&quot;:&quot;0&quot;,&quot;title&quot;:&quot;&quot;,&quot;orientation&quot;:&quot;0&quot;}\" data-image-title=\"Captura de Pantalla 2022-08-10 a las 11.25.11\" data-image-description=\"\" data-image-caption=\"\" data-medium-file=\"https:\/\/miefblog.files.wordpress.com\/2022\/08\/captura-de-pantalla-2022-08-10-a-las-11.25.11.png?w=300\" data-large-file=\"https:\/\/miefblog.files.wordpress.com\/2022\/08\/captura-de-pantalla-2022-08-10-a-las-11.25.11.png?w=723\" \/><\/p>\n<blockquote><p><strong>SITUACIONES DE APRENDIZAJE<\/strong><\/p><\/blockquote>\n<p class=\"p1\" data-adtags-visited=\"true\">Situaciones y actividades que implican el despliegue por parte del alumnado de actuaciones asociadas a competencias clave y espec\u00edficas, y que contribuyen a la adquisici\u00f3n de las mismas.<\/p>\n<p data-adtags-visited=\"true\">Constituyen el elemento m\u00e1s novedoso del RD, y para una mayor comprensi\u00f3n remiten al anexo III. Dicho elemento, tiene unas caracter\u00edsticas particulares y cambia de ra\u00edz el concepto estructural de unidad did\u00e1ctica. Lo concretar\u00e9 m\u00e1s adelante en otro post.<\/p>\n<h2>Concreci\u00f3n auton\u00f3mica, el caso de Andaluc\u00eda<\/h2>\n<p data-adtags-visited=\"true\">Para el curso 2022\/2023, algunas autonom\u00edas ya han especificado la concreci\u00f3n del RD 157\/2022, como es el caso de Andaluc\u00eda a trav\u00e9s de la <a href=\"https:\/\/www.juntadeandalucia.es\/educacion\/portals\/web\/ced\/novedades\/-\/novedades\/detalle\/ep332ikUb0dM\/instruccion-11-2022-de-23-de-junio-de-la-direccion-general-de-ordenacion-y-evaluacion-educativa-por-la-que-se-1pu6qvrhd3c0o\" target=\"_blank\" rel=\"noopener\">Instrucci\u00f3n 12\/2022, de 23 de junio.<\/a> A continuaci\u00f3n voy a exponer algunos aspectos clave que he detectado tras su lectura <span style=\"font-size: 20px\">(pdf <a href=\"https:\/\/miefblog.files.wordpress.com\/2022\/08\/concreciocc81n-de-la-instrucciocc81n-122022-andalucicc81a-y-el-rd-1572022.pdf\" target=\"_blank\" rel=\"noopener\">aqu\u00ed<\/a>).<\/span><\/p>\n<div id=\"inline-ad-3__controls\" class=\"ata-controls\"><\/div>\n<p style=\"text-align: center\" data-adtags-visited=\"true\"><a href=\"https:\/\/miefblog.files.wordpress.com\/2022\/08\/instrucciocc81n-122022.png?w=723\"><img loading=\"lazy\" decoding=\"async\" class=\"alignnone wp-image-3852 size-full\" src=\"https:\/\/miefblog.files.wordpress.com\/2022\/08\/instrucciocc81n-122022.png?w=723\" alt=\"Instruccio\u0301n 12:2022.png\" width=\"723\" height=\"538\" data-attachment-id=\"3852\" data-permalink=\"https:\/\/efcompetencial.com\/2022\/08\/10\/puntos-clave-del-rd-157-2022-lomloe-y-su-concrecion-autonomica\/instruccion-122022\/\" data-orig-file=\"https:\/\/miefblog.files.wordpress.com\/2022\/08\/instrucciocc81n-122022.png\" data-orig-size=\"2111,1573\" data-comments-opened=\"1\" data-image-meta=\"{&quot;aperture&quot;:&quot;0&quot;,&quot;credit&quot;:&quot;&quot;,&quot;camera&quot;:&quot;&quot;,&quot;caption&quot;:&quot;&quot;,&quot;created_timestamp&quot;:&quot;0&quot;,&quot;copyright&quot;:&quot;&quot;,&quot;focal_length&quot;:&quot;0&quot;,&quot;iso&quot;:&quot;0&quot;,&quot;shutter_speed&quot;:&quot;0&quot;,&quot;title&quot;:&quot;&quot;,&quot;orientation&quot;:&quot;0&quot;}\" data-image-title=\"Instruccio\u0301n 12:2022\" data-image-description=\"\" data-image-caption=\"\" data-medium-file=\"https:\/\/miefblog.files.wordpress.com\/2022\/08\/instrucciocc81n-122022.png?w=300\" data-large-file=\"https:\/\/miefblog.files.wordpress.com\/2022\/08\/instrucciocc81n-122022.png?w=723\" \/><\/a><\/p>\n<p data-adtags-visited=\"true\">A priori, <strong>la concreci\u00f3n del RD 157\/2022 por parte de las distintas autonom\u00edas<\/strong> presumo que ser\u00e1 similar:<\/p>\n<ul>\n<li>Se precisa que adapten los descriptores operativos del perfil de salida a primer y segundo ciclo.<\/li>\n<li>Algunas autonom\u00edas concretar\u00e1n o ampliar\u00e1n los saberes b\u00e1sicos. Tambi\u00e9n podr\u00e1n asociar los mismos al Criterio de Evaluaci\u00f3n con el que se deben evaluar.<\/li>\n<li>Algunas autonom\u00edas facilitar\u00e1n la creaci\u00f3n de situaciones de aprendizaje mediante directrices espec\u00edficas. Asimismo, tambi\u00e9n posibilitar\u00e1n la creaci\u00f3n de proyectos interdisciplinares.<\/li>\n<li>En evaluaci\u00f3n, instar\u00e1n a los docentes a elaborar indicadores de logro de los criterios de evaluaci\u00f3n y especificar\u00e1n el valor de los criterios de evaluaci\u00f3n para la consecuci\u00f3n de una competencia espec\u00edfica (en el caso de Andaluc\u00eda, todos valen lo mismo).<\/li>\n<\/ul>\n<p data-adtags-visited=\"true\">\n<\/div>\n","protected":false},"excerpt":{"rendered":"<p>Puntos clave del RD 157\/2022 (LOMLOE) y su concreci\u00f3n\u00a0auton\u00f3mica El Real Decreto 157\/2022 aboga por un cambio estructural en los planteamientos educativos. Lejos de ser un mero cambio de terminolog\u00eda para continuar con lo que se hac\u00eda anteriormente, el RD apuesta por un cambio en los elementos curriculares y en el planteamiento de las sesiones. [&hellip;]<\/p>\n","protected":false},"author":117,"featured_media":0,"parent":4089,"menu_order":0,"comment_status":"closed","ping_status":"closed","template":"","meta":{"footnotes":""},"class_list":["post-5354","page","type-page","status-publish","hentry","post-preview"],"_links":{"self":[{"href":"https:\/\/edublog.educastur.es\/corredoria3\/wp-json\/wp\/v2\/pages\/5354","targetHints":{"allow":["GET"]}}],"collection":[{"href":"https:\/\/edublog.educastur.es\/corredoria3\/wp-json\/wp\/v2\/pages"}],"about":[{"href":"https:\/\/edublog.educastur.es\/corredoria3\/wp-json\/wp\/v2\/types\/page"}],"author":[{"embeddable":true,"href":"https:\/\/edublog.educastur.es\/corredoria3\/wp-json\/wp\/v2\/users\/117"}],"replies":[{"embeddable":true,"href":"https:\/\/edublog.educastur.es\/corredoria3\/wp-json\/wp\/v2\/comments?post=5354"}],"version-history":[{"count":3,"href":"https:\/\/edublog.educastur.es\/corredoria3\/wp-json\/wp\/v2\/pages\/5354\/revisions"}],"predecessor-version":[{"id":5357,"href":"https:\/\/edublog.educastur.es\/corredoria3\/wp-json\/wp\/v2\/pages\/5354\/revisions\/5357"}],"up":[{"embeddable":true,"href":"https:\/\/edublog.educastur.es\/corredoria3\/wp-json\/wp\/v2\/pages\/4089"}],"wp:attachment":[{"href":"https:\/\/edublog.educastur.es\/corredoria3\/wp-json\/wp\/v2\/media?parent=5354"}],"curies":[{"name":"wp","href":"https:\/\/api.w.org\/{rel}","templated":true}]}}