{"id":5379,"date":"2022-11-10T09:28:37","date_gmt":"2022-11-10T07:28:37","guid":{"rendered":"https:\/\/edublog.educastur.es\/corredoria3\/?page_id=5379"},"modified":"2022-11-14T13:31:36","modified_gmt":"2022-11-14T11:31:36","slug":"2022-23","status":"publish","type":"page","link":"https:\/\/edublog.educastur.es\/corredoria3\/colegio\/fotos\/2022-23\/","title":{"rendered":"2022-23"},"content":{"rendered":"<p><a href=\"https:\/\/educastur-my.sharepoint.com\/:f:\/g\/personal\/isabellh_educastur_org\/El4ohCJJPWNElQEgmkFEoTIBcuuw-2o4mQiGsUgrVo01Yw?e=vQhOqS\"><img loading=\"lazy\" decoding=\"async\" class=\"aligncenter wp-image-5374 \" src=\"http:\/\/edublog.educastur.es\/corredoria3\/files\/2022\/11\/foto_1.jpg\" alt=\"\" width=\"246\" height=\"238\" srcset=\"https:\/\/edublog.educastur.es\/corredoria3\/files\/2022\/11\/foto_1.jpg 400w, https:\/\/edublog.educastur.es\/corredoria3\/files\/2022\/11\/foto_1-300x290.jpg 300w\" sizes=\"auto, (max-width: 246px) 100vw, 246px\" \/><\/a><\/p>\n<p style=\"text-align: center\"><em><span style=\"color: #008080;font-size: 24px\">En esta p\u00e1gina est\u00e1n enlazados<span style=\"text-decoration: underline\"><strong> REPOSITORIOS ONLINE<\/strong> <\/span><br \/>\n<span style=\"text-decoration: underline\"><strong>de fotograf\u00edas y videos, organizados por Cursos y actividades.<\/strong><\/span><\/span><\/em><\/p>\n<p style=\"text-align: center\"><span style=\"font-size: 24px\"><em><span style=\"color: #800080\">Servir\u00e1n de apoyo a la web, y se utilizar\u00e1n<\/span><\/em><\/span><em><span style=\"color: #800080;font-size: 20px\"><br \/>\n<span style=\"text-decoration: underline;font-size: 24px\">para graduaciones y recopilaciones en 6\u00ba curso.<\/span><\/span><\/em><\/p>\n<ul>\n<li style=\"text-align: center\">\n<blockquote><p><span style=\"font-size: 24px\"><a href=\"https:\/\/educastur-my.sharepoint.com\/:f:\/g\/personal\/isabellh_educastur_org\/EjuaqlIG98NBhVgK1NNfOYkBkALcvgzJwt9FmBxNwbX6NA?e=8VvNnw\"><span style=\"color: #008080\"><strong>enlace a FOTOS Curso 2022 &#8211; 2023<\/strong><\/span><\/a><\/span><\/p><\/blockquote>\n<\/li>\n<li style=\"text-align: center\"><a href=\"https:\/\/edublog.educastur.es\/corredoria3\/colegio\/fotos\/\"><span style=\"font-size: 20px\"><strong><span style=\"color: #800000\">INSTRUCCIONES para CARGAR las FOTOS<br \/>\ndesde el m\u00f3vil \/ ordenador a OneDrive<\/span><\/strong><\/span><\/a><\/li>\n<\/ul>\n<hr \/>\n<blockquote>\n<p style=\"text-align: center\"><span style=\"color: #800080\"><strong><span style=\"font-size: 24px\">Primer trimestre 2022 &#8211; 2023<\/span><\/strong><\/span><\/p>\n<\/blockquote>\n<ul>\n<li><span style=\"font-size: 24px\"><a href=\"https:\/\/educastur-my.sharepoint.com\/:f:\/g\/personal\/isabellh_educastur_org\/Eq1ql-cB-v5PhZZXWxNc5lcB8UbWbg_rlcd56hsFrl9oPA?e=DPFSE0\">22_10_11_<strong>6\u00ba_OPEN_Gij\u00f3n<\/strong><\/a><\/span><\/li>\n<li><span style=\"font-size: 24px\"><a href=\"https:\/\/educastur-my.sharepoint.com\/:f:\/g\/personal\/isabellh_educastur_org\/EoVhnI84v1hFnvGZQ9YhgOEBXgllbpDvevqSYAbGaWW-Cg?e=FfP9y0\">22_10_18_<strong>3\u00ba_Alimerka<\/strong><\/a><\/span><\/li>\n<li><span style=\"font-size: 24px\"><a href=\"https:\/\/educastur-my.sharepoint.com\/:f:\/g\/personal\/isabellh_educastur_org\/EuMLqDqfWiJBp1dyBBcmBicBtmq0qscDOwBdh8u3DT_azQ?e=8f9Iw0\">22_10_18_<strong>4\u00ba_Alimerka<\/strong><\/a><\/span><\/li>\n<li><span style=\"color: #008080;font-size: 24px\"><a style=\"color: #008080\" href=\"https:\/\/educastur-my.sharepoint.com\/:f:\/g\/personal\/isabellh_educastur_org\/EkI17dWHwLJFoE0PKn3-7LwBc8kjkRsuWT-Xf0lTrwYT2Q?e=xU5Szn\">22_10_21_<strong>5 a\u00f1os_Jard\u00edn Bot\u00e1nico, Gij\u00f3n<\/strong><\/a><\/span><\/li>\n<li><span style=\"font-size: 24px\"><a href=\"https:\/\/educastur-my.sharepoint.com\/:f:\/g\/personal\/isabellh_educastur_org\/EhXTVa3WJCZJutnmaveYnzQBSDt3kmD8NnepDCV4Wc4k4A?e=huggux\">22_10_28_<strong>Halloween &amp; Sama\u00edn<\/strong><\/a><\/span><\/li>\n<li><span style=\"font-size: 24px;color: #008080\"><a style=\"color: #008080\" href=\"https:\/\/educastur-my.sharepoint.com\/:f:\/g\/personal\/isabellh_educastur_org\/Ek54FhFA021EiTqbc_Mokc0BnrrwLnF-oF25yQR_OKWjLA?e=4l2cbD\">22_11_08_<strong>Amag\u00fcestu<\/strong><\/a><\/span><\/li>\n<li><a href=\"https:\/\/educastur-my.sharepoint.com\/:f:\/g\/personal\/isabellh_educastur_org\/Em31AM6t6C5Cuv2ffZP6CEwBTBC7kd47rUezeMMioCe-hg?e=HJh9nI\"><span style=\"font-size: 24px;color: #008080\">22_11_10_<strong>3\u00ba_MUJA<\/strong><\/span><\/a><\/li>\n<li><a href=\"https:\/\/educastur-my.sharepoint.com\/:f:\/g\/personal\/isabellh_educastur_org\/Eo2CdYotznlLsyH70h6-PyoBADyHLYArYy-Le60yNW7mXw?e=CRrMRQ\"><span style=\"font-size: 24px;color: #008080\">22_11_14_Infantil_EduVial<\/span><\/a><\/li>\n<li><a href=\"https:\/\/educastur-my.sharepoint.com\/:f:\/g\/personal\/isabellh_educastur_org\/Epy2XYLAC6FCmsG9M7Auk00BewhIy6zJIh3y3QOpMVrb4w?e=8eurZn\"><span style=\"color: #008080;font-size: 24px\">22_11_14_5\u00ba_I_Marcha_Escolar_Diabetes<\/span><\/a><\/li>\n<li><a href=\"https:\/\/educastur-my.sharepoint.com\/:f:\/g\/personal\/isabellh_educastur_org\/ElWWY-7yUVFNppFPH8CLnFQBtUX-17CarXIXOaRgqTTWBA?e=rrgPaH\"><span style=\"font-size: 24px;color: #008080\">22_11_18_D\u00eda de la Infancia<\/span><\/a><\/li>\n<\/ul>\n<blockquote>\n<p style=\"text-align: center\"><span style=\"color: #800080\"><strong><span style=\"font-size: 24px\">Segundo trimestre 2022 &#8211; 2023<\/span><\/strong><\/span><\/p>\n<\/blockquote>\n<ul>\n<li><span style=\"font-size: 24px\">23_01_30_D\u00eda de la Paz<\/span><\/li>\n<li><span style=\"font-size: 24px\">23_01_30_Premios Carmen Ruiz-Tilve por la Paz<\/span><\/li>\n<li><span style=\"font-size: 24px\">23_02_5\u00ba_Semana blanca<\/span><\/li>\n<\/ul>\n<blockquote>\n<p style=\"text-align: center\"><span style=\"font-size: 24px;color: #800080\"><strong>Tercer trimestre 2022 &#8211; 2023<\/strong><\/span><\/p>\n<\/blockquote>\n<ul>\n<li><span style=\"font-size: 24px\">23_04_21_D\u00eda del libro<\/span><\/li>\n<\/ul>\n","protected":false},"excerpt":{"rendered":"<p>En esta p\u00e1gina est\u00e1n enlazados REPOSITORIOS ONLINE de fotograf\u00edas y videos, organizados por Cursos y actividades. Servir\u00e1n de apoyo a la web, y se utilizar\u00e1n para graduaciones y recopilaciones en 6\u00ba curso. enlace a FOTOS Curso 2022 &#8211; 2023 INSTRUCCIONES para CARGAR las FOTOS desde el m\u00f3vil \/ ordenador a OneDrive Primer trimestre 2022 &#8211; [&hellip;]<\/p>\n","protected":false},"author":117,"featured_media":0,"parent":5377,"menu_order":0,"comment_status":"closed","ping_status":"closed","template":"","meta":{"footnotes":""},"class_list":["post-5379","page","type-page","status-publish","hentry","post-preview"],"_links":{"self":[{"href":"https:\/\/edublog.educastur.es\/corredoria3\/wp-json\/wp\/v2\/pages\/5379","targetHints":{"allow":["GET"]}}],"collection":[{"href":"https:\/\/edublog.educastur.es\/corredoria3\/wp-json\/wp\/v2\/pages"}],"about":[{"href":"https:\/\/edublog.educastur.es\/corredoria3\/wp-json\/wp\/v2\/types\/page"}],"author":[{"embeddable":true,"href":"https:\/\/edublog.educastur.es\/corredoria3\/wp-json\/wp\/v2\/users\/117"}],"replies":[{"embeddable":true,"href":"https:\/\/edublog.educastur.es\/corredoria3\/wp-json\/wp\/v2\/comments?post=5379"}],"version-history":[{"count":10,"href":"https:\/\/edublog.educastur.es\/corredoria3\/wp-json\/wp\/v2\/pages\/5379\/revisions"}],"predecessor-version":[{"id":5445,"href":"https:\/\/edublog.educastur.es\/corredoria3\/wp-json\/wp\/v2\/pages\/5379\/revisions\/5445"}],"up":[{"embeddable":true,"href":"https:\/\/edublog.educastur.es\/corredoria3\/wp-json\/wp\/v2\/pages\/5377"}],"wp:attachment":[{"href":"https:\/\/edublog.educastur.es\/corredoria3\/wp-json\/wp\/v2\/media?parent=5379"}],"curies":[{"name":"wp","href":"https:\/\/api.w.org\/{rel}","templated":true}]}}