{"id":5464,"date":"2022-11-14T20:40:12","date_gmt":"2022-11-14T18:40:12","guid":{"rendered":"https:\/\/edublog.educastur.es\/corredoria3\/?page_id=5464"},"modified":"2023-03-24T11:46:23","modified_gmt":"2023-03-24T09:46:23","slug":"aulas-inclusivas","status":"publish","type":"page","link":"https:\/\/edublog.educastur.es\/corredoria3\/profes_cursos\/22-23\/p-formacion-centro\/temas-de-interes\/aulas-inclusivas\/","title":{"rendered":"Aulas inclusivas"},"content":{"rendered":"<p>&nbsp;<\/p>\n<div><\/div>\n<ul>\n<li>El enlace al documento para rellenar el Equipo de EOE<\/li>\n<li><a href=\"https:\/\/docs.google.com\/document\/d\/1DNdWsKXQrMp-zKgQHf2X698gWbiNR7wT\/edit?pli=1\" target=\"_blank\" rel=\"noopener noreferrer\" data-auth=\"NotApplicable\" data-safelink=\"true\">https:\/\/docs.google.com\/document\/d\/1DNdWsKXQrMp-zKgQHf2X698gWbiNR7wT\/edit?pli=1<\/a><\/li>\n<\/ul>\n<p><img loading=\"lazy\" decoding=\"async\" class=\"aligncenter\" src=\"https:\/\/encrypted-tbn0.gstatic.com\/images?q=tbn:ANd9GcTR28kVyfgd3qwCkn2ICP6JNBpKea-RZS3fF5sLEuFyAkmWuml3Qyn-alg-FidZmJD8Ug&amp;usqp=CAU\" width=\"225\" height=\"24\" \/><\/p>\n<p style=\"text-align: center\"><span style=\"color: #008080\"><strong>Documentaci\u00f3n que env\u00eda M\u00aa Eugenia previa a la sesi\u00f3n:<\/strong><\/span><\/p>\n<div><\/div>\n<ul>\n<li><a href=\"https:\/\/mavensol.blogspot.com\/p\/m-eugenia-perez-pedagogia-inclusiva.html\" target=\"_blank\" rel=\"noopener noreferrer\" data-auth=\"NotApplicable\" data-safelink=\"true\">https:\/\/mavensol.blogspot.com\/p\/m-eugenia-perez-pedagogia-inclusiva.html<\/a><\/li>\n<li>Este es el enlace a la sesi\u00f3n que vamos a hacer.<\/li>\n<li><a href=\"https:\/\/mavensol.blogspot.com\/p\/construir-diversidad-e-inclusion-en-mi.html\" target=\"_blank\" rel=\"noopener noreferrer\" data-auth=\"NotApplicable\" data-safelink=\"true\">https:\/\/mavensol.blogspot.com\/p\/construir-diversidad-e-inclusion-en-mi.html<\/a><\/li>\n<\/ul>\n<div><\/div>\n<ul>\n<li>En este enlace podr\u00e1s ver la sesi\u00f3n realizada en uno de los centros<\/li>\n<li><a href=\"https:\/\/tertuliasconsaborachocolate.blogspot.com\/2022\/06\/formacion-en-escuelas-inclusivas-taller.html\" target=\"_blank\" rel=\"noopener noreferrer\" data-auth=\"NotApplicable\" data-safelink=\"true\">https:\/\/tertuliasconsaborachocolate.blogspot.com\/2022\/06\/formacion-en-escuelas-inclusivas-taller.html<\/a><\/li>\n<\/ul>\n<div><\/div>\n<ul>\n<li>En este enlace podr\u00e1s ver m\u00e1s formaciones de las que realizo.<\/li>\n<li><a href=\"https:\/\/tertuliasconsaborachocolate.blogspot.com\/search\/label\/Formaci%C3%B3n%20Permanente\" target=\"_blank\" rel=\"noopener noreferrer\" data-auth=\"NotApplicable\" data-safelink=\"true\">https:\/\/tertuliasconsaborachocolate.blogspot.com\/search\/label\/Formaci%C3%B3n%20Permanente<\/a><\/li>\n<\/ul>\n<div><\/div>\n<ul>\n<li>Otros enlaces que puedan ser de tu inter\u00e9s.<\/li>\n<li><a href=\"https:\/\/mavensol.blogspot.com\/p\/enlaces-entradas-blog-mavensol-17-18-16.html\" target=\"_blank\" rel=\"noopener noreferrer\" data-auth=\"NotApplicable\" data-safelink=\"true\">https:\/\/mavensol.blogspot.com\/p\/enlaces-entradas-blog-mavensol-17-18-16.html<\/a><\/li>\n<li><a href=\"https:\/\/siemprefuimaestra.blogspot.com\/\" target=\"_blank\" rel=\"noopener noreferrer\" data-auth=\"NotApplicable\" data-safelink=\"true\">https:\/\/siemprefuimaestra.blogspot.com\/<\/a><\/li>\n<li><a href=\"https:\/\/pedagogiainclusivaya.blogspot.com\/\" target=\"_blank\" rel=\"noopener noreferrer\" data-auth=\"NotApplicable\" data-safelink=\"true\">https:\/\/pedagogiainclusivaya.blogspot.com\/<\/a><\/li>\n<\/ul>\n<p>&nbsp;<\/p>\n<p><img loading=\"lazy\" decoding=\"async\" class=\"aligncenter\" src=\"https:\/\/encrypted-tbn0.gstatic.com\/images?q=tbn:ANd9GcTR28kVyfgd3qwCkn2ICP6JNBpKea-RZS3fF5sLEuFyAkmWuml3Qyn-alg-FidZmJD8Ug&amp;usqp=CAU\" width=\"225\" height=\"24\" \/><\/p>\n<ul>\n<li><a href=\"https:\/\/perfileseducativos.unam.mx\/iisue_pe\/index.php\/perfiles\/article\/view\/59230\/52250\">VER Rese\u00f1a<\/a> \/<\/li>\n<\/ul>\n<p>\u2022 Adem\u00e1s, los cap\u00edtulos est\u00e1n ilustrados con im\u00e1genes que refuerzan los temas y las propuestas planteados.<\/p>\n<p><strong>CONOZCA<\/strong><\/p>\n<p>\u2022 Las claves fundamentales para realizar una educaci\u00f3n inclusiva de calidad y equidad de forma pr\u00e1ctica.<br \/>\n\u2022 La manera de realizar la atenci\u00f3n a la diversidad y la inclusi\u00f3n.<\/p>\n<p><strong>APRENDA<\/strong><\/p>\n<p>\u2022 C\u00f3mo atender a la diversidad y la inclusi\u00f3n en las aulas.<br \/>\n\u2022 A orientar y concientizar sobre la importancia de la educaci\u00f3n en la construcci\u00f3n de una sociedad diversa.<\/p>\n<p><strong>DESARROLLE SUS HABILIDADES PARA<\/strong><\/p>\n<p>\u2022 Adentrase en conceptos y contenidos sobre la diversidad y la inclusi\u00f3n.<br \/>\n\u2022 Trabajar estos conceptos en las aulas con efectividad.<\/p>\n<p><strong>A QUI\u00c9N VA DIRIGIDO.\u00a0<\/strong>La obra est\u00e1 dirigida a la sociedad en general y a todos los sectores de la comunidad educativa, el profesorado, la familia y las instituciones interesados.<\/p>\n<p style=\"text-align: center\"><a href=\"https:\/\/altariaeditorial.com\/386-thickbox_default\/aulas-inclusivas-experiencias-practicas.jpg\"><img loading=\"lazy\" decoding=\"async\" class=\"alignnone\" src=\"https:\/\/altariaeditorial.com\/386-thickbox_default\/aulas-inclusivas-experiencias-practicas.jpg\" alt=\"\" width=\"800\" height=\"800\" \/><\/a><\/p>\n<h1>AULAS INCLUSIVAS. EXPERIENCIAS PR\u00c1CTICAS<\/h1>\n<p id=\"product_condition\">Libro dirigido a la sociedad en general y a todos los sectores de la comunidad educativa, profesorado, familias e instituciones interesados en conocer las claves fundamentales para realizar una educaci\u00f3n inclusiva de calidad y equidad de forma pr\u00e1ctica.\u00a0 \u00a0 39,50 \u20ac<\/p>\n<div class=\"box-info-product\">\n<div class=\"content_prices clearfix\">\n<div class=\"price\"><\/div>\n<\/div>\n<\/div>\n<p style=\"text-align: center\"><img loading=\"lazy\" decoding=\"async\" class=\"alignnone size-full\" src=\"https:\/\/altariaeditorial.com\/385-thickbox_default\/aulas-inclusivas-experiencias-practicas.jpg\" width=\"800\" height=\"800\" \/><\/p>\n<p style=\"text-align: center\"><a href=\"https:\/\/1.bp.blogspot.com\/-EmZ941AT4ck\/XfVqE2IVlpI\/AAAAAAAAS6g\/dx3yHtGe7yo2hqFSTy1_fAa3g1KMjVsNgCLcBGAsYHQ\/s1600\/unnamed.png\"><img loading=\"lazy\" decoding=\"async\" class=\"aligncenter size-full\" src=\"https:\/\/1.bp.blogspot.com\/-EmZ941AT4ck\/XfVqE2IVlpI\/AAAAAAAAS6g\/dx3yHtGe7yo2hqFSTy1_fAa3g1KMjVsNgCLcBGAsYHQ\/s1600\/unnamed.png\" width=\"1085\" height=\"1600\" \/><\/a><\/p>\n","protected":false},"excerpt":{"rendered":"<p>&nbsp; El enlace al documento para rellenar el Equipo de EOE https:\/\/docs.google.com\/document\/d\/1DNdWsKXQrMp-zKgQHf2X698gWbiNR7wT\/edit?pli=1 Documentaci\u00f3n que env\u00eda M\u00aa Eugenia previa a la sesi\u00f3n: https:\/\/mavensol.blogspot.com\/p\/m-eugenia-perez-pedagogia-inclusiva.html Este es el enlace a la sesi\u00f3n que vamos a hacer. https:\/\/mavensol.blogspot.com\/p\/construir-diversidad-e-inclusion-en-mi.html En este enlace podr\u00e1s ver la sesi\u00f3n realizada en uno de los centros https:\/\/tertuliasconsaborachocolate.blogspot.com\/2022\/06\/formacion-en-escuelas-inclusivas-taller.html En este enlace podr\u00e1s ver m\u00e1s formaciones [&hellip;]<\/p>\n","protected":false},"author":117,"featured_media":0,"parent":5446,"menu_order":0,"comment_status":"closed","ping_status":"closed","template":"","meta":{"footnotes":""},"class_list":["post-5464","page","type-page","status-publish","hentry","post-preview"],"_links":{"self":[{"href":"https:\/\/edublog.educastur.es\/corredoria3\/wp-json\/wp\/v2\/pages\/5464","targetHints":{"allow":["GET"]}}],"collection":[{"href":"https:\/\/edublog.educastur.es\/corredoria3\/wp-json\/wp\/v2\/pages"}],"about":[{"href":"https:\/\/edublog.educastur.es\/corredoria3\/wp-json\/wp\/v2\/types\/page"}],"author":[{"embeddable":true,"href":"https:\/\/edublog.educastur.es\/corredoria3\/wp-json\/wp\/v2\/users\/117"}],"replies":[{"embeddable":true,"href":"https:\/\/edublog.educastur.es\/corredoria3\/wp-json\/wp\/v2\/comments?post=5464"}],"version-history":[{"count":6,"href":"https:\/\/edublog.educastur.es\/corredoria3\/wp-json\/wp\/v2\/pages\/5464\/revisions"}],"predecessor-version":[{"id":5586,"href":"https:\/\/edublog.educastur.es\/corredoria3\/wp-json\/wp\/v2\/pages\/5464\/revisions\/5586"}],"up":[{"embeddable":true,"href":"https:\/\/edublog.educastur.es\/corredoria3\/wp-json\/wp\/v2\/pages\/5446"}],"wp:attachment":[{"href":"https:\/\/edublog.educastur.es\/corredoria3\/wp-json\/wp\/v2\/media?parent=5464"}],"curies":[{"name":"wp","href":"https:\/\/api.w.org\/{rel}","templated":true}]}}