{"id":5525,"date":"2023-01-08T23:37:13","date_gmt":"2023-01-08T21:37:13","guid":{"rendered":"https:\/\/edublog.educastur.es\/corredoria3\/?page_id=5525"},"modified":"2023-01-17T13:10:22","modified_gmt":"2023-01-17T11:10:22","slug":"enero","status":"publish","type":"page","link":"https:\/\/edublog.educastur.es\/corredoria3\/profes_cursos\/2023-2\/enero\/","title":{"rendered":"Enero"},"content":{"rendered":"<div class=\"\" dir=\"auto\">\n<div class=\"\" dir=\"auto\">\n<div class=\"x1iorvi4 x1pi30zi x1l90r2v x1swvt13\" data-ad-comet-preview=\"message\" data-ad-preview=\"message\">\n<div class=\"x78zum5 xdt5ytf xz62fqu x16ldp7u\">\n<div class=\"xu06os2 x1ok221b\">\n<div class=\"x11i5rnm xat24cr x1mh8g0r x1vvkbs xdj266r x126k92a\">\n<div dir=\"auto\">\n<h2 style=\"text-align: center\"><img loading=\"lazy\" decoding=\"async\" class=\"alignnone size-full\" src=\"https:\/\/cproviedo.es\/wp-content\/uploads\/2022\/09\/Cabecera_sway_V4.jpg\" width=\"1327\" height=\"510\" \/><\/h2>\n<blockquote>\n<h2 class=\"blog-shortcode-post-title entry-title\"><a href=\"https:\/\/cproviedo.es\/curso-competencia-digital-docente-b1-2\">Curso virtual: Competencia Digital Docente B1 (2\u00aa edici\u00f3n)<\/a><\/h2>\n<\/blockquote>\n<\/div>\n<div dir=\"auto\">\n<ul>\n<li><strong>Duraci\u00f3n:<\/strong> 70 horas (7 cr\u00e9ditos)<\/li>\n<li><strong>Inicio del curso:<\/strong>\u00a0 30 de enero.<\/li>\n<li><strong>Finalizaci\u00f3n del curso: <\/strong>28 de abril.<\/li>\n<li><strong>Inicio de inscripci\u00f3n<\/strong>:\u00a0 16 de enero.<\/li>\n<li><strong>Fin de inscripci\u00f3n:<\/strong>\u00a0 25 de enero (hasta las 23:55)<\/li>\n<li><strong>Publicaci\u00f3n lista de admisi\u00f3n<\/strong>: 27 de enero.<\/li>\n<li><strong>N\u00ba M\u00ednimo de plazas:<\/strong> 35.<\/li>\n<li><strong>N\u00ba M\u00e1ximo de plazas:<\/strong> 1600.<\/li>\n<li>\n<ul>\n<li><a href=\"https:\/\/sway.office.com\/bBCQwOccHwsK4NqC?ref=Link\" target=\"_blank\" rel=\"noopener noreferrer\"><strong>M\u00e1s informaci\u00f3n <\/strong><\/a>(Sway)<span style=\"font-size: 14px\">M\u00e1s informaci\u00f3n (objetivos, contenidos, metodolog\u00eda\u2026)<\/span><\/li>\n<li>Inscripci\u00f3n<\/li>\n<\/ul>\n<ul>\n<li><a href=\"https:\/\/forms.office.com\/e\/zK3T9A6UA6\" target=\"_blank\" rel=\"noopener noreferrer\"><strong>Acceso a la inscripci\u00f3n<\/strong><\/a><\/li>\n<\/ul>\n<\/li>\n<\/ul>\n<\/div>\n<div dir=\"auto\"><img loading=\"lazy\" decoding=\"async\" class=\"aligncenter\" src=\"https:\/\/encrypted-tbn0.gstatic.com\/images?q=tbn:ANd9GcTR28kVyfgd3qwCkn2ICP6JNBpKea-RZS3fF5sLEuFyAkmWuml3Qyn-alg-FidZmJD8Ug&amp;usqp=CAU\" width=\"244\" height=\"26\" \/><\/div>\n<\/div>\n<div dir=\"auto\">\n<p style=\"text-align: center\"><img loading=\"lazy\" decoding=\"async\" class=\"alignnone size-full\" src=\"https:\/\/cproviedo.es\/wp-content\/uploads\/2022\/12\/EDuday_2023.jpg\" width=\"801\" height=\"581\" \/><\/p>\n<p>Las <strong>Jornadas Microsoft EduDay Asturias 2023 <\/strong>est\u00e1n orientadas a dar a conocer el uso m\u00e1s pedag\u00f3gico de las herramientas Microsoft a trav\u00e9s de experiencias de docentes y sesiones pr\u00e1cticas que sean motivadoras e inspiradoras.\u00a0 Las Jornadas se desarrollar\u00e1n las tardes de los d\u00edas 28 de febrero y 1 de marzo.<\/p>\n<p><strong>Duraci\u00f3n:<\/strong> 8 horas (1 cr\u00e9dito)<\/p>\n<p><strong>Calendario:\u00a0 <\/strong>D\u00eda 1. 28 de febrero (Presencial)<br \/>\n<span style=\"color: #ff0000\">Este d\u00eda tenemos Tertulia Dial\u00f3gica en el cole<\/span><br \/>\nD\u00eda 2. 1 de marzo (Presencial)<br \/>\n<strong>Horario:<\/strong> 16:00h- 20:00h.<br \/>\n<strong>Plazas:<\/strong> minimo 40 \u2013 m\u00e1ximo 120.<br \/>\n<strong>Inscripci\u00f3n:<\/strong> del 23 de diciembre de 2022 al 31 de enero de 2023.<br \/>\n<strong>Lista de personas admitidas:<\/strong> el d\u00eda 22 de febrero de 2023.<br \/>\n<strong>Procedimiento de matr\u00edcula: <a href=\"https:\/\/forms.office.com\/Pages\/ResponsePage.aspx?id=O26jiJ_XK0qNtkwG0Jc4IQeUvwgbLqBBuyoLokaAb7ZUNFQ1WjRGQVoxV0NEOUhNSVVaRkJHMTg0TSQlQCN0PWcu\" target=\"_blank\" rel=\"noopener noreferrer\">Formulario de inscripci\u00f3n<\/a><\/strong><br \/>\n<img loading=\"lazy\" decoding=\"async\" class=\"aligncenter\" src=\"https:\/\/encrypted-tbn0.gstatic.com\/images?q=tbn:ANd9GcTR28kVyfgd3qwCkn2ICP6JNBpKea-RZS3fF5sLEuFyAkmWuml3Qyn-alg-FidZmJD8Ug&amp;usqp=CAU\" width=\"244\" height=\"26\" \/><\/p>\n<blockquote>\n<h2 class=\"entry-title fusion-post-title\"><span style=\"font-size: 24px\">Curso a distancia: Aprender haciendo un servicio para la sostenibilidad: \u00a1Reduce, reutiliza, recicla, reacciona!<\/span><\/h2>\n<\/blockquote>\n<div class=\"fusion-flexslider flexslider post-slideshow fusion-post-slideshow\">\n<ul class=\"slides\">\n<li class=\"flex-active-slide\"><a title=\"\" href=\"https:\/\/cproviedo.es\/wp-content\/uploads\/2021\/01\/cabecera-curso.jpg\" data-rel=\"iLightbox[gallery8563]\" data-title=\"cabecera-curso\" data-caption=\"\" aria-label=\"cabecera-curso\"> <span class=\"screen-reader-text\">Ver imagen m\u00e1s grande<\/span> <\/a><\/li>\n<\/ul>\n<\/div>\n<div class=\"fusion-flexslider flexslider post-slideshow fusion-post-slideshow\"><\/div>\n<div class=\"post-content\">\n<p>Convocado el curso a distancia: Aprender haciendo un servicio para la sostenibilidad: \u00a1Reduce, reutiliza, recicla, reacciona! que se desarrollar\u00e1 en la plataforma Campus Formaci\u00f3n del 30 de enero al 31 de marzo de 2023. Toda la informaci\u00f3n sobre el curso la pod\u00e9is encontrar en el siguiente <a href=\"http:\/\/www.cproviedo.es\/gestor\/admin\/lis_diptico.php?id=2342\">d\u00edptico<\/a><\/p>\n<ul>\n<li><a href=\"http:\/\/www.cproviedo.es\/gestor\/inscri1.php?idAct=2342\">Inscripci\u00f3n<\/a><\/li>\n<\/ul>\n<\/div>\n<\/div>\n<div class=\"x11i5rnm xat24cr x1mh8g0r x1vvkbs xdj266r x126k92a\">\n<div dir=\"auto\"><img loading=\"lazy\" decoding=\"async\" class=\"aligncenter\" src=\"https:\/\/encrypted-tbn0.gstatic.com\/images?q=tbn:ANd9GcTR28kVyfgd3qwCkn2ICP6JNBpKea-RZS3fF5sLEuFyAkmWuml3Qyn-alg-FidZmJD8Ug&amp;usqp=CAU\" width=\"244\" height=\"26\" \/><\/div>\n<div dir=\"auto\">Recuerda que hasta el <span class=\"x3nfvp2 x1j61x8r x1fcty0u xdj266r xhhsvwb xat24cr xgzva0m xxymvpz xlup9mm x1kky2od\"><img loading=\"lazy\" decoding=\"async\" src=\"https:\/\/static.xx.fbcdn.net\/images\/emoji.php\/v9\/t7a\/1\/16\/31_20e3.png\" alt=\"1\ufe0f\u20e3\" width=\"16\" height=\"16\" \/><\/span><span class=\"x3nfvp2 x1j61x8r x1fcty0u xdj266r xhhsvwb xat24cr xgzva0m xxymvpz xlup9mm x1kky2od\"><img loading=\"lazy\" decoding=\"async\" src=\"https:\/\/static.xx.fbcdn.net\/images\/emoji.php\/v9\/tf6\/1\/16\/35_20e3.png\" alt=\"5\u20e3\" width=\"16\" height=\"16\" \/><\/span>de enero puedes solicitar la formaci\u00f3n para realizar en febrero<\/div>\n<div dir=\"auto\"><span class=\"x3nfvp2 x1j61x8r x1fcty0u xdj266r xhhsvwb xat24cr xgzva0m xxymvpz xlup9mm x1kky2od\"><img loading=\"lazy\" decoding=\"async\" src=\"https:\/\/static.xx.fbcdn.net\/images\/emoji.php\/v9\/tff\/1\/16\/1f4c6.png\" alt=\"?\" width=\"16\" height=\"16\" \/><\/span> Solicitud a trav\u00e9s de la publicaci\u00f3n digital o del tel\u00e9fono 900 70 66 70<\/div>\n<div dir=\"auto\"><span class=\"x3nfvp2 x1j61x8r x1fcty0u xdj266r xhhsvwb xat24cr xgzva0m xxymvpz xlup9mm x1kky2od\"><img loading=\"lazy\" decoding=\"async\" src=\"https:\/\/static.xx.fbcdn.net\/images\/emoji.php\/v9\/tbd\/1\/16\/1f4a2.png\" alt=\"?\" width=\"16\" height=\"16\" \/><\/span> <a class=\"x1i10hfl xjbqb8w x6umtig x1b1mbwd xaqea5y xav7gou x9f619 x1ypdohk xt0psk2 xe8uvvx xdj266r x11i5rnm xat24cr x1mh8g0r xexx8yu x4uap5 x18d9i69 xkhd6sd x16tdsg8 x1hl2dhg xggy1nq x1a2a7pz xt0b8zv x1fey0fg\" role=\"link\" href=\"https:\/\/l.facebook.com\/l.php?u=https%3A%2F%2Fprogramaiaap.asturias.es%2F%3Ffbclid%3DIwAR3d9YiLn9KAcwjTZTuy__kmJdr5s6QpajvOM_A0U04x7QrZnYzDNb50Vu8&amp;h=AT22CW8r3dKd4Icchs_-Yt94rHBytocScvArmlzT2VFNkeEDEc5M0_7fVZPJVGjP6U-e-7nzquYy5GJD1NAMPkFVTgwvjOPB9eOEKmmbYjWO-NwhWmq5E-AEWTn3d0LRdg&amp;__tn__=-UK-y-R&amp;c[0]=AT1gk8wnh9-Y1USCsDi9sAJ15CKbTgF2lBQanap1LX1LDtV8IJR4FKyo1zK6wl7cZoLgQ_o6bbl_A7O0oIpvll9N_l94vLRm7FGWHRIk8JinvtM9AsUBtGBtvEjMSyi01g_T6GkCVFClimnbgR43YRGGl0HfBGTjLGO9DKhaBtyJBuq_yxs2QFEtjAdArlbfJE_ImmQuld3VDH15ot-XsKyChPDiIz7ixK7nDqQ\" target=\"_blank\" rel=\"nofollow noopener\">https:\/\/programaiaap.asturias.es<\/a><\/div>\n<\/div>\n<div dir=\"auto\"><img loading=\"lazy\" decoding=\"async\" class=\"aligncenter\" src=\"https:\/\/encrypted-tbn0.gstatic.com\/images?q=tbn:ANd9GcTR28kVyfgd3qwCkn2ICP6JNBpKea-RZS3fF5sLEuFyAkmWuml3Qyn-alg-FidZmJD8Ug&amp;usqp=CAU\" width=\"244\" height=\"26\" \/><\/div>\n<\/div>\n<\/div>\n<\/div>\n<\/div>\n<\/div>\n","protected":false},"excerpt":{"rendered":"<p>Curso virtual: Competencia Digital Docente B1 (2\u00aa edici\u00f3n) Duraci\u00f3n: 70 horas (7 cr\u00e9ditos) Inicio del curso:\u00a0 30 de enero. Finalizaci\u00f3n del curso: 28 de abril. Inicio de inscripci\u00f3n:\u00a0 16 de enero. Fin de inscripci\u00f3n:\u00a0 25 de enero (hasta las 23:55) Publicaci\u00f3n lista de admisi\u00f3n: 27 de enero. N\u00ba M\u00ednimo de plazas: 35. N\u00ba M\u00e1ximo de [&hellip;]<\/p>\n","protected":false},"author":117,"featured_media":0,"parent":5523,"menu_order":0,"comment_status":"closed","ping_status":"closed","template":"","meta":{"footnotes":""},"class_list":["post-5525","page","type-page","status-publish","hentry","post-preview"],"_links":{"self":[{"href":"https:\/\/edublog.educastur.es\/corredoria3\/wp-json\/wp\/v2\/pages\/5525","targetHints":{"allow":["GET"]}}],"collection":[{"href":"https:\/\/edublog.educastur.es\/corredoria3\/wp-json\/wp\/v2\/pages"}],"about":[{"href":"https:\/\/edublog.educastur.es\/corredoria3\/wp-json\/wp\/v2\/types\/page"}],"author":[{"embeddable":true,"href":"https:\/\/edublog.educastur.es\/corredoria3\/wp-json\/wp\/v2\/users\/117"}],"replies":[{"embeddable":true,"href":"https:\/\/edublog.educastur.es\/corredoria3\/wp-json\/wp\/v2\/comments?post=5525"}],"version-history":[{"count":5,"href":"https:\/\/edublog.educastur.es\/corredoria3\/wp-json\/wp\/v2\/pages\/5525\/revisions"}],"predecessor-version":[{"id":5532,"href":"https:\/\/edublog.educastur.es\/corredoria3\/wp-json\/wp\/v2\/pages\/5525\/revisions\/5532"}],"up":[{"embeddable":true,"href":"https:\/\/edublog.educastur.es\/corredoria3\/wp-json\/wp\/v2\/pages\/5523"}],"wp:attachment":[{"href":"https:\/\/edublog.educastur.es\/corredoria3\/wp-json\/wp\/v2\/media?parent=5525"}],"curies":[{"name":"wp","href":"https:\/\/api.w.org\/{rel}","templated":true}]}}