{"id":5550,"date":"2023-01-30T11:43:17","date_gmt":"2023-01-30T09:43:17","guid":{"rendered":"https:\/\/edublog.educastur.es\/corredoria3\/?page_id=5550"},"modified":"2023-02-01T14:44:33","modified_gmt":"2023-02-01T12:44:33","slug":"febrero","status":"publish","type":"page","link":"https:\/\/edublog.educastur.es\/corredoria3\/profes_cursos\/2023-2\/febrero\/","title":{"rendered":"Febrero"},"content":{"rendered":"<div class=\"\" dir=\"auto\">\n<div class=\"\" dir=\"auto\">\n<div class=\"x1iorvi4 x1pi30zi x1swvt13 x1l90r2v\" data-ad-comet-preview=\"message\" data-ad-preview=\"message\">\n<div class=\"x78zum5 xdt5ytf xz62fqu x16ldp7u\">\n<div class=\"xu06os2 x1ok221b\">\n<div class=\"x11i5rnm xat24cr x1mh8g0r x1vvkbs xdj266r x126k92a\">\n<div dir=\"auto\" style=\"text-align: center\">\n<!-- iframe plugin v.6.0 wordpress.org\/plugins\/iframe\/ -->\n<iframe loading=\"lazy\" src=\"https:\/\/www.facebook.com\/plugins\/post.php?href=https%3A%2F%2Fwww.facebook.com%2FIAAPasturias%2Fposts%2Fpfbid0YdH3B2bTACdvVW7vQVhP8U85g3dYSauxK6fRGeJGJZwB3npVppQe29VrZZxmZBHel&#038;show_text=false&#038;width=500\" width=\"500\" height=\"281\" style=\"border:none;overflow:hidden\" scrolling=\"no\" frameborder=\"0\" allowfullscreen=\"true\" allow=\"autoplay; clipboard-write; encrypted-media; picture-in-picture; web-share\" 0=\"\/iframe\" class=\"iframe-class\"><\/iframe>\n<\/div>\n<div dir=\"auto\"><\/div>\n<blockquote>\n<div dir=\"auto\"><span class=\"x3nfvp2 x1j61x8r x1fcty0u xdj266r xhhsvwb xat24cr xgzva0m xxymvpz xlup9mm x1kky2od\"><img loading=\"lazy\" decoding=\"async\" src=\"https:\/\/static.xx.fbcdn.net\/images\/emoji.php\/v9\/t5\/1.5\/16\/1f4cc.png\" alt=\"?\" width=\"16\" height=\"16\" \/><\/span>Publicaci\u00f3n Digital de diciembre de 2022<\/div>\n<div dir=\"auto\"><span class=\"x3nfvp2 x1j61x8r x1fcty0u xdj266r xhhsvwb xat24cr xgzva0m xxymvpz xlup9mm x1kky2od\"><img loading=\"lazy\" decoding=\"async\" src=\"https:\/\/static.xx.fbcdn.net\/images\/emoji.php\/v9\/t15\/1.5\/16\/2139.png\" alt=\"\u2139\ufe0f\" width=\"16\" height=\"16\" \/><\/span> Cat\u00e1logo de cursos para realizar en febrero de 2023<\/div>\n<div dir=\"auto\"><span class=\"x3nfvp2 x1j61x8r x1fcty0u xdj266r xhhsvwb xat24cr xgzva0m xxymvpz xlup9mm x1kky2od\"><img loading=\"lazy\" decoding=\"async\" src=\"https:\/\/static.xx.fbcdn.net\/images\/emoji.php\/v9\/t58\/1.5\/16\/1f4c6.png\" alt=\"?\" width=\"16\" height=\"16\" \/><\/span> Solicitud a trav\u00e9s de la publicaci\u00f3n digital o del tel\u00e9fono 900 70 66 70<\/div>\n<div dir=\"auto\"><span class=\"x3nfvp2 x1j61x8r x1fcty0u xdj266r xhhsvwb xat24cr xgzva0m xxymvpz xlup9mm x1kky2od\"><img loading=\"lazy\" decoding=\"async\" src=\"https:\/\/static.xx.fbcdn.net\/images\/emoji.php\/v9\/t16\/1.5\/16\/1f4a2.png\" alt=\"?\" width=\"16\" height=\"16\" \/><\/span> <a class=\"x1i10hfl xjbqb8w x6umtig x1b1mbwd xaqea5y xav7gou x9f619 x1ypdohk xt0psk2 xe8uvvx xdj266r x11i5rnm xat24cr x1mh8g0r xexx8yu x4uap5 x18d9i69 xkhd6sd x16tdsg8 x1hl2dhg xggy1nq x1a2a7pz xt0b8zv x1fey0fg\" role=\"link\" href=\"https:\/\/l.facebook.com\/l.php?u=https%3A%2F%2Fprogramaiaap.asturias.es%2F%3Ffbclid%3DIwAR2zhY2mynmWgGFVH5EzQ74W95fMlHhp03iRhr5Qx8Tu31AOGEGpg1OwSOc&amp;h=AT3F21L9xMjJTNAnbBxEIusGmZt_p4-Fby_214EPYyiXka4N6BZPOZHcNhawJAM3vb7i6U0tlqHdfL_98c4cNd5RMyzsckYzWBWQmsSar6jlrMgSVBklbNVghrz3f3Bs6A&amp;__tn__=-UK-y-R&amp;c[0]=AT0LXOFIMlDjBTMAJsc8wItJK8nPI7aynYAtC67U9w8_RsMyGnTtLRbWEk2Eqga6XOCSAvBcKNFoZoM-Xl-ydezCYwxFiCGWcu2HO8YULC7mXWSkXuyXzEVhe87JwCLsPeFADXnRmNshPcwv5NsgKctElWwxzKonjnIGHVHosqG-t9Tcz3j_1-tJ7pxqSU-aT8ZpZwGB7648X2OapiltueNk1ltNAPt4F-cLSOM\" target=\"_blank\" rel=\"nofollow noopener\">https:\/\/programaiaap.asturias.es<\/a><\/div>\n<\/blockquote>\n<div dir=\"auto\"><img loading=\"lazy\" decoding=\"async\" class=\"aligncenter\" src=\"https:\/\/encrypted-tbn0.gstatic.com\/images?q=tbn:ANd9GcTR28kVyfgd3qwCkn2ICP6JNBpKea-RZS3fF5sLEuFyAkmWuml3Qyn-alg-FidZmJD8Ug&amp;usqp=CAU\" width=\"216\" height=\"23\" \/><\/div>\n<\/div>\n<\/div>\n<\/div>\n<\/div>\n<\/div>\n<\/div>\n<p style=\"text-align: center\"><a href=\"https:\/\/cproviedo.es\/wp-content\/uploads\/2023\/01\/Image-1-1200x739.jpg\"><img loading=\"lazy\" decoding=\"async\" class=\"alignnone\" src=\"https:\/\/cproviedo.es\/wp-content\/uploads\/2023\/01\/Image-1-1200x739.jpg\" alt=\"\" width=\"342\" height=\"211\" \/><\/a><\/p>\n<blockquote><p>Desde el 1 de enero toda la informaci\u00f3n relativa a las actividades formativas de los cuatro Centros de Profesorado y Recursos <span style=\"font-size: 20px\">se publica en una \u00fanica p\u00e1gina web, la <a href=\"https:\/\/alojaweb.educastur.es\/web\/asturiasformacion\/portada\" target=\"_blank\" rel=\"noopener noreferrer\"><strong>web de Asturias formaci\u00f3n.<\/strong><\/a><\/span><\/p>\n<ul>\n<li><a href=\"https:\/\/alojaweb.educastur.es\/web\/asturiasformacion\/portada\"><span style=\"color: #800080;font-size: 20px\"><strong>ENLACE<\/strong><\/span><\/a>:<\/li>\n<li><span style=\"font-size: 14px\">Esta web com\u00fan sustituir\u00e1 a las p\u00e1ginas web de los cuatro CPR, que en breve dejar\u00e1n de estar operativas. <\/span><\/li>\n<\/ul>\n<\/blockquote>\n<p>En la portada de la web encontrar\u00e9is la informaci\u00f3n sobre las actividades de formaci\u00f3n convocadas desde cada CPR, tanto las actividades de car\u00e1cter regional como las espec\u00edficas de cada \u00e1mbito.<\/p>\n<p><img loading=\"lazy\" decoding=\"async\" class=\"aligncenter\" src=\"https:\/\/encrypted-tbn0.gstatic.com\/images?q=tbn:ANd9GcTR28kVyfgd3qwCkn2ICP6JNBpKea-RZS3fF5sLEuFyAkmWuml3Qyn-alg-FidZmJD8Ug&amp;usqp=CAU\" width=\"216\" height=\"23\" \/><\/p>\n<p style=\"text-align: center\">\n<!-- iframe plugin v.6.0 wordpress.org\/plugins\/iframe\/ -->\n<iframe loading=\"lazy\" src=\"https:\/\/www.facebook.com\/plugins\/post.php?href=https%3A%2F%2Fwww.facebook.com%2Fpermalink.php%3Fstory_fbid%3Dpfbid0HDcKNtgNo1SkCTaUvR7YLg5jPTjYwiWE9BuMBYX1tfv7Mq9LuWf3EefbHgUzGPmHl%26id%3D104175164767625&#038;show_text=false&#038;width=500\" width=\"500\" height=\"497\" style=\"border:none;overflow:hidden\" scrolling=\"no\" frameborder=\"0\" allowfullscreen=\"true\" allow=\"autoplay; clipboard-write; encrypted-media; picture-in-picture; web-share\" 0=\"\/iframe\" class=\"iframe-class\"><\/iframe>\n<\/p>\n<blockquote><p><span class=\"x193iq5w xeuugli x13faqbe x1vvkbs x1xmvt09 x1lliihq x1s928wv xhkezso x1gmr53x x1cpjm7i x1fgarty x1943h6x xudqn12 x3x7a5m x1f6kntn xvq8zen xo1l8bm xzsf02u\" dir=\"auto\">El horizonte de enero est\u00e1 lleno de sol e ilusi\u00f3n compartida, de ciencia y transformaci\u00f3n: <span class=\"x3nfvp2 x1j61x8r x1fcty0u xdj266r xhhsvwb xat24cr xgzva0m xxymvpz xlup9mm x1kky2od\"><img loading=\"lazy\" decoding=\"async\" src=\"https:\/\/static.xx.fbcdn.net\/images\/emoji.php\/v9\/tc5\/1.5\/16\/1f499.png\" alt=\"?\" width=\"16\" height=\"16\" \/><\/span>\u00a1En marcha el <span style=\"font-size: 20px\"><strong>XI Encuentro Internacional de Comunidades de Aprendizaje<\/strong><\/span>!<span class=\"x3nfvp2 x1j61x8r x1fcty0u xdj266r xhhsvwb xat24cr xgzva0m xxymvpz xlup9mm x1kky2od\"><br \/>\n<img loading=\"lazy\" decoding=\"async\" src=\"https:\/\/static.xx.fbcdn.net\/images\/emoji.php\/v9\/tc5\/1.5\/16\/1f499.png\" alt=\"?\" width=\"16\" height=\"16\" \/><\/span> <a class=\"x1i10hfl xjbqb8w x6umtig x1b1mbwd xaqea5y xav7gou x9f619 x1ypdohk xt0psk2 xe8uvvx xdj266r x11i5rnm xat24cr x1mh8g0r xexx8yu x4uap5 x18d9i69 xkhd6sd x16tdsg8 x1hl2dhg xggy1nq x1a2a7pz xt0b8zv xzsf02u x1s688f\" role=\"link\" href=\"https:\/\/www.facebook.com\/hashtag\/cdaasturias2023?__eep__=6&amp;__cft__[0]=AZWt4_8ddNNQmohMQCR01yExlinzHnGzbbUA_e-DMonMcouClrImQeG8xgETIzMWukTvexNJ_tRst3YGFsgXhirZBrk9ruGqqHcK-6O4hGzeOIFCYkO5CHNiz-b42dYjR659LWAZCMrbuu01Zux2vXZeU_hqubSF37eW8MIVmNceFE6kYTMX6qNQgnPQI1qrDc_a_xNcBoj2XnPcVpu0TDDT&amp;__tn__=*NK*F\">#CdAAsturias2023<\/a><\/span><\/p>\n<p><strong>Ven a Oviedo los d\u00edas 2 y 3 de junio.<\/strong><br \/>\nInscripciones: <a class=\"x1i10hfl xjbqb8w x6umtig x1b1mbwd xaqea5y xav7gou x9f619 x1ypdohk xt0psk2 xe8uvvx xdj266r x11i5rnm xat24cr x1mh8g0r xexx8yu x4uap5 x18d9i69 xkhd6sd x16tdsg8 x1hl2dhg xggy1nq x1a2a7pz xt0b8zv x1fey0fg\" role=\"link\" href=\"https:\/\/forms.gle\/6tTwAia1DrGAkQc18?fbclid=IwAR00nQ7OAMdSqtFTvalH2ruyMaxlRWdSYviLLoFkI406sl87kB5A1inSFsw\" target=\"_blank\" rel=\"nofollow noopener\">https:\/\/forms.gle\/6tTwAia1DrGAkQc18<\/a><\/p><\/blockquote>\n<p><img loading=\"lazy\" decoding=\"async\" class=\"aligncenter\" src=\"https:\/\/encrypted-tbn0.gstatic.com\/images?q=tbn:ANd9GcTR28kVyfgd3qwCkn2ICP6JNBpKea-RZS3fF5sLEuFyAkmWuml3Qyn-alg-FidZmJD8Ug&amp;usqp=CAU\" width=\"216\" height=\"23\" \/><\/p>\n<ul>\n<li><a href=\"https:\/\/iaap.asturias.es\">IAAP Adolfo Posada<\/a> \/ <a href=\"https:\/\/www.facebook.com\/search\/top?q=iaap%20asturias\">Facebook<\/a><\/li>\n<\/ul>\n<div id=\"main-content\" class=\"columns-1\" role=\"main\">\n<div class=\"portlet-layout row\">\n<div id=\"column-1\" class=\"col-md-12 portlet-column portlet-column-only\">\n<div id=\"layout-column_column-1\" class=\"portlet-dropzone portlet-column-content portlet-column-content-only\">\n<div id=\"p_p_id_com_liferay_journal_content_web_portlet_JournalContentPortlet_INSTANCE_TyR9TWnHn5qd_\" class=\"portlet-boundary portlet-boundary_com_liferay_journal_content_web_portlet_JournalContentPortlet_ portlet-static portlet-static-end portlet-barebone portlet-journal-content \">\n<p>&nbsp;<\/p>\n<section id=\"portlet_com_liferay_journal_content_web_portlet_JournalContentPortlet_INSTANCE_TyR9TWnHn5qd\" class=\"portlet\">\n<div class=\"portlet-content\">\n<div class=\" portlet-content-container\">\n<div class=\"portlet-body\">\n<div class=\"clearfix journal-content-article\" data-analytics-asset-id=\"1941529\" data-analytics-asset-title=\"Descarga BOPA 2023\" data-analytics-asset-type=\"web-content\">\n<div class=\"tpl-descarga-seccion\">\n<table>\n<tbody>\n<tr>\n<th>Titulo del documento<\/th>\n<th>Formato ZIP<\/th>\n<th>Formato PDF<\/th>\n<th>Accede a<\/th>\n<\/tr>\n<tr>\n<td>BOPA Formaci\u00f3n Primer Semestre 2023<\/td>\n<td><\/td>\n<td><a href=\"https:\/\/iaap.asturias.es\/documents\/150386\/1941397\/BOPA_1_Semestre_2023.pdf\/58e0a723-35b5-3df6-04c9-6ba2a05f4872?t=1671713881605\" target=\"_blank\" rel=\"noopener\"> Descargar PDF <\/a><\/td>\n<td><\/td>\n<\/tr>\n<tr>\n<td>Programa formativo para el primer semestre de 2023<\/td>\n<td><\/td>\n<td><a href=\"https:\/\/iaap.asturias.es\/documents\/150386\/1941397\/Programa_1_Semestre_+2023.pdf\/4ad03708-53df-eee9-c91b-f80ea3d29c67?t=1673954295583\" target=\"_blank\" rel=\"noopener\"> Descargar PDF <\/a><\/td>\n<td><\/td>\n<\/tr>\n<\/tbody>\n<\/table>\n<\/div>\n<\/div>\n<\/div>\n<\/div>\n<\/div>\n<\/section>\n<\/div>\n<\/div>\n<\/div>\n<\/div>\n<\/div>\n<p style=\"text-align: center\">\n<!-- iframe plugin v.6.0 wordpress.org\/plugins\/iframe\/ -->\n<iframe loading=\"lazy\" src=\"https:\/\/www.facebook.com\/plugins\/post.php?href=https%3A%2F%2Fwww.facebook.com%2FIAAPasturias%2Fposts%2Fpfbid0gvM485HP7MqB63J8Niu1ZiazZtgeFok9U2teZ92B718X3VKEcRGCnGoLZygSWDzZl&#038;show_text=true&#038;width=500\" width=\"500\" height=\"629\" style=\"border:none;overflow:hidden\" scrolling=\"no\" frameborder=\"0\" allowfullscreen=\"true\" allow=\"autoplay; clipboard-write; encrypted-media; picture-in-picture; web-share\" 0=\"\/iframe\" class=\"iframe-class\"><\/iframe>\n<\/p>\n","protected":false},"excerpt":{"rendered":"<p>Publicaci\u00f3n Digital de diciembre de 2022 Cat\u00e1logo de cursos para realizar en febrero de 2023 Solicitud a trav\u00e9s de la publicaci\u00f3n digital o del tel\u00e9fono 900 70 66 70 https:\/\/programaiaap.asturias.es Desde el 1 de enero toda la informaci\u00f3n relativa a las actividades formativas de los cuatro Centros de Profesorado y Recursos se publica en una [&hellip;]<\/p>\n","protected":false},"author":117,"featured_media":0,"parent":5523,"menu_order":0,"comment_status":"closed","ping_status":"closed","template":"","meta":{"footnotes":""},"class_list":["post-5550","page","type-page","status-publish","hentry","post-preview"],"_links":{"self":[{"href":"https:\/\/edublog.educastur.es\/corredoria3\/wp-json\/wp\/v2\/pages\/5550","targetHints":{"allow":["GET"]}}],"collection":[{"href":"https:\/\/edublog.educastur.es\/corredoria3\/wp-json\/wp\/v2\/pages"}],"about":[{"href":"https:\/\/edublog.educastur.es\/corredoria3\/wp-json\/wp\/v2\/types\/page"}],"author":[{"embeddable":true,"href":"https:\/\/edublog.educastur.es\/corredoria3\/wp-json\/wp\/v2\/users\/117"}],"replies":[{"embeddable":true,"href":"https:\/\/edublog.educastur.es\/corredoria3\/wp-json\/wp\/v2\/comments?post=5550"}],"version-history":[{"count":8,"href":"https:\/\/edublog.educastur.es\/corredoria3\/wp-json\/wp\/v2\/pages\/5550\/revisions"}],"predecessor-version":[{"id":5561,"href":"https:\/\/edublog.educastur.es\/corredoria3\/wp-json\/wp\/v2\/pages\/5550\/revisions\/5561"}],"up":[{"embeddable":true,"href":"https:\/\/edublog.educastur.es\/corredoria3\/wp-json\/wp\/v2\/pages\/5523"}],"wp:attachment":[{"href":"https:\/\/edublog.educastur.es\/corredoria3\/wp-json\/wp\/v2\/media?parent=5550"}],"curies":[{"name":"wp","href":"https:\/\/api.w.org\/{rel}","templated":true}]}}