{"id":5679,"date":"2023-06-18T12:35:06","date_gmt":"2023-06-18T10:35:06","guid":{"rendered":"https:\/\/edublog.educastur.es\/corredoria3\/?page_id=5679"},"modified":"2023-06-18T12:37:23","modified_gmt":"2023-06-18T10:37:23","slug":"perfil-de-salida","status":"publish","type":"page","link":"https:\/\/edublog.educastur.es\/corredoria3\/lomloe\/perfil-de-salida\/","title":{"rendered":"Perfil de salida"},"content":{"rendered":"<p>Fuente: <a href=\"https:\/\/formacion.intef.es\/mod\/book\/view.php?id=2412&amp;chapterid=1828\">INTEF https:\/\/formacion.intef.es\/mod\/book\/view.php?id=2412&amp;chapterid=1828<\/a><\/p>\n<p>&nbsp;<\/p>\n<h2 style=\"text-align: center\"><span style=\"color: #800080\">Elementos del curr\u00edculo asociados a la etapa<\/span><\/h2>\n<div class=\"navtop border-top py-3 clearfix navimages\"><\/div>\n<div class=\"box generalbox book_content\">\n<h3>3. El perfil de salida<\/h3>\n<div class=\"no-overflow\">\n<div>\n<h5>Introducci\u00f3n<\/h5>\n<\/div>\n<p>El Perfil de Salida constituye la pieza fundamental a trav\u00e9s de la cual, se concretan los principios y fines del sistema educativo espa\u00f1ol. Esta es la novedad fundamental del curr\u00edculo y supone la propuesta m\u00e1s determinante para profundizar en el enfoque competencial del aprendizaje y de la ense\u00f1anza.<\/p>\n<p>Este perfil establece las <strong>competencias clave <\/strong>que, alineadas con los<strong> retos y desaf\u00edos del siglo XXI,<\/strong> se consideran deseables al finalizar la ense\u00f1anza b\u00e1sica y es \u00fanico para todos los alumnos y alumnas del territorio nacional. La educaci\u00f3n b\u00e1sica est\u00e1 constituida por la <strong>Educacio\u0301n Primaria, la Educacio\u0301n Secundaria Obligatoria y los Ciclos Formativos de Grado Ba\u0301sico <\/strong>(seg\u00fan se expresa en el art\u00edculo 3.3 de la<strong>\u00a0<\/strong><a href=\"https:\/\/formacion.intef.es\/pluginfile.php\/2941\/mod_book\/chapter\/1828\/BOE-A-2020-17264-consolidado.pdf?time=1650965102346\" target=\"_blank\" rel=\"noopener\"><strong>Ley Org\u00e1nica 3\/2020, de 29 de diciembre<\/strong><\/a> )<strong>.<\/strong><\/p>\n<p>Las competencias clave son un conjunto de desempe\u00f1os que se espera que el alumnado adquiera al final de la educaci\u00f3n b\u00e1sica. Las ocho competencias clave y sus descriptores, (detallados en los siguientes cap\u00edtulos), constituyen el <strong>Perfil de salida. <\/strong><\/p>\n<p>&nbsp;<\/p>\n<div class=\"testimonials\">\n<blockquote><p><strong>El Perfil de salida es la cimentaci\u00f3n sobre la que se alzan las decisiones curriculares. Es la base sobre la que fundamentan las estrategias y las orientaciones metodol\u00f3gicas de la educaci\u00f3n. Las competencias clave del Perfil de salida necesariamente ser\u00e1n desplegadas por el alumnado en situaciones reales que requieran afrontar los principales retos y desaf\u00edos globales del siglo XXI. El Perfil, constituye, de este modo, el elemento clave del curr\u00edculo. <\/strong><\/p><\/blockquote>\n<\/div>\n<div><\/div>\n<div>El enfoque competencial que se menciona e inspira esta nueva propuesta de curr\u00edculo, se concreta a trav\u00e9s del Perfil de salida, ya que este constituye el referente \u00faltimo del desempe\u00f1o competencial en el momento de evaluar las distintas etapas educativas.<\/div>\n<div><\/div>\n<div>\n<div>\n<h5 style=\"text-align: center\"><span style=\"color: #800080\">Aspectos que se han tenido en cuenta en la determinaci\u00f3n del Perfil de salida<\/span><\/h5>\n<\/div>\n<\/div>\n<p>Las competencias que se definen en el Perfil de salida toman como referencia las competencias clave indicadas en la <a href=\"https:\/\/formacion.intef.es\/pluginfile.php\/2941\/mod_book\/chapter\/1828\/CELEX%2032018H0604%2801%29%20ES%20TXT.pdf\" target=\"_blank\" rel=\"noopener\"> Recomendaci\u00f3n del Consejo de la Uni\u00f3n Europea, de 22 de mayo de 2018<\/a>, relativas a las competencias clave para el aprendizaje permanente. Estas han sido <strong>adaptadas al sistema educativo espa\u00f1ol y contextualizadas a la educaci\u00f3n b\u00e1sica. <\/strong><\/p>\n<div>\n<div>\n<div><\/div>\n<\/div>\n<\/div>\n<div><a href=\"https:\/\/view.genial.ly\/628d2f55abf6360011a85df6\/interactive-content-aspectos-del-perfil-de-salida\" target=\"_blank\" rel=\"noopener\">Algunos aspectos que se han tenido en cuenta en la elaboraci\u00f3n del Perfil de Salida<\/a>. \u00c1rea de Formaci\u00f3n en L\u00ednea y Competencia Digital Educativa. <a href=\"https:\/\/creativecommons.org\/licenses\/by-sa\/4.0\/\" target=\"_blank\" rel=\"noopener\">Licencia CC BY-SA<\/a><a href=\"https:\/\/formacion.intef.es\/pluginfile.php\/2941\/mod_book\/chapter\/1828\/Descripci%C3%B3n%20textual%20de%20la%20infograf%C3%ADa%20Aspectos%20del%20Perfil%20de%20salida.html\" target=\"_blank\" rel=\"noopener\">Descripci\u00f3n textual de la infograf\u00eda<\/a><\/div>\n<div class=\"testimonials\">\n<blockquote><p><strong>Competencias clave<\/strong> recogidas en la\u00a0<a href=\"https:\/\/formacion.intef.es\/pluginfile.php\/2941\/mod_book\/chapter\/1828\/CELEX%2032018H0604%2801%29%20ES%20TXT.pdf?time=1650963522934\" target=\"_blank\" rel=\"noopener\"><strong>Recomendaci\u00f3n del Consejo de la Uni\u00f3n Europea, de 22 de mayo de 2018<\/strong><\/a>. El v\u00ednculo del Perfil de salida a esta recomendaci\u00f3n garantiza la alineaci\u00f3n del sistema educativo espa\u00f1ol con otros sistemas educativos de la Uni\u00f3n Europea, facilitando la cohesi\u00f3n entre los sistemas educativos de la Uni\u00f3n Europea y, por tanto, el continuo desarrollo profesional y\/o formativo de los ciudadanos y ciudadanas en otros pa\u00edses de su entorno.<br \/>\nAunque la recomendaci\u00f3n se refiere al aprendizaje permanente a lo largo de la vida, <strong>l<\/strong><strong>as competencias del Perfil de salida se contextualizan a la etapa de la educaci\u00f3n b\u00e1sica, conectando, de esta forma, con la realidad de los alumnos y alumnas<\/strong>.<\/p><\/blockquote>\n<blockquote><p><strong>Los retos y desaf\u00edos globales del siglo XXI<\/strong> se han tenido en cuenta en la determinaci\u00f3n de las competencias clave que constituyen el Perfil de salida, asumiendo que e<strong>l alumnado aplicar\u00e1 las competencias adquiridas ante situaciones reales de la vida, dando respuesta a dichos desaf\u00edos y teniendo en cuenta los Objetivos de Desarrollo Sostenible<\/strong>. De esta forma, los aprendizajes de la etapa quedan asociados a la necesidad de formar personas preparadas para desenvolverse con autonom\u00eda ante las distintas situaciones acad\u00e9micas, profesionales y personales, que encuentren a lo largo de su vida. Los principales desaf\u00edos del siglo XXI se han enunciado en el Anexo I de los reales decretos por los que se establecen la ordenaci\u00f3n y las ense\u00f1anzas m\u00ednimas de las distintas etapas:<\/p>\n<ul>\n<li><em>\u00abDesarrollar una actitud responsable a partir de la toma de conciencia de la degradaci\u00f3n del medioambiente y del maltrato animal basada en el conocimiento de las causas que los provocan, agravan o mejoran, desde una visi\u00f3n sist\u00e9mica, tanto local como global.\u00bb<\/em><\/li>\n<li><em>\u00abIdentificar los diferentes aspectos relacionados con el consumo responsable, valorando sus repercusiones sobre el bien individual y el com\u00fan, juzgando cr\u00edticamente las necesidades y los excesos y ejerciendo un control social frente a la vulneraci\u00f3n de sus derechos.\u00bb<\/em><\/li>\n<li><em>\u00abDesarrollar estilos de vida saludable a partir de la comprensi\u00f3n del funcionamiento del organismo y la reflexi\u00f3n cr\u00edtica sobre los factores internos y externos que inciden en ella, asumiendo la responsabilidad personal y social en el cuidado propio y en el cuidado de las dem\u00e1s personas, as\u00ed como en la promoci\u00f3n de la salud p\u00fablica.\u00bb<\/em><\/li>\n<li><em>\u00abDesarrollar un esp\u00edritu cr\u00edtico, emp\u00e1tico y proactivo para detectar situaciones de inequidad y exclusi\u00f3n a partir de la comprensi\u00f3n de las causas complejas que las originan.\u00bb<\/em><\/li>\n<li><em>\u00abEntender los conflictos como elementos connaturales a la vida en sociedad que deben resolverse de manera pac\u00edfica.\u00bb<\/em><\/li>\n<li><em>\u00abAnalizar de manera cr\u00edtica y aprovechar las oportunidades de todo tipo que ofrece la sociedad actual, en particular las de la cultura en la era digital, evaluando sus beneficios y riesgos y haciendo un uso \u00e9tico y responsable que contribuya a la mejora de la calidad de vida personal y colectiva.\u00bb<\/em><\/li>\n<li><em>\u00abAceptar la incertidumbre como una oportunidad para articular respuestas m\u00e1s creativas, aprendiendo a manejar la ansiedad que puede llevar aparejada.\u00bb<\/em><\/li>\n<li><em>\u00abCooperar y convivir en sociedades abiertas y cambiantes, valorando la diversidad personal y cultural como fuente de riqueza e interes\u00e1ndose por otras lenguas y culturas.\u00bb<\/em><\/li>\n<li><em>\u00abSentirse parte de un proyecto colectivo, tanto en el \u00e1mbito local como en el global, desarrollando empat\u00eda y generosidad.\u00bb<\/em><\/li>\n<li><em>\u00abDesarrollar las habilidades que le permitan seguir aprendiendo a lo largo de la vida, desde la confianza en el conocimiento como motor del desarrollo y la valoraci\u00f3n cr\u00edtica de los riesgos y beneficios de este \u00faltimo.\u00bb<\/em><\/li>\n<\/ul>\n<div>\n<div>\n<p><img loading=\"lazy\" decoding=\"async\" class=\"img-responsive atto_image_button_text-bottom\" src=\"https:\/\/formacion.intef.es\/pluginfile.php\/2941\/mod_book\/chapter\/1828\/001_00.jpg?time=1654514452848\" alt=\"Desaf\u00edos y retos del siglo XXI\" width=\"700\" height=\"394\" \/><\/p>\n<\/div>\n<\/div>\n<ul>\n<li style=\"list-style-type: none\">\n<ul>\n<li style=\"list-style-type: none\">\n<ul>Principales desaf\u00edos educativos para el siglo XXI. Elaborado por el \u00c1rea de Formaci\u00f3n en L\u00ednea y Competencia Digital Educativa.<\/ul>\n<\/li>\n<\/ul>\n<\/li>\n<\/ul>\n<p><a href=\"https:\/\/creativecommons.org\/licenses\/by-sa\/4.0\/\" target=\"_blank\" rel=\"noopener\">Licencia CC BY-SA<\/a><a href=\"https:\/\/formacion.intef.es\/pluginfile.php\/2941\/mod_book\/chapter\/1828\/Descripci%C3%B3n%20textual%20de%20la%20infograf%C3%ADa%20Principales%20retos%20y%20desafios_Libro2.html\" target=\"_blank\" rel=\"noopener\">Descripci\u00f3n textual de la infograf\u00eda<\/a><\/p>\n<p><strong>La vinculaci\u00f3n de estos desaf\u00edos con las objetivos educativos permite dar sentido a los aprendizajes y permite al alumnado conectar sus actuaciones educativas con sus propias experiencias. <\/strong><\/p>\n<p>Con el fin de abordar estos desaf\u00edos es necesario que los aprendizajes adquiridos hasta la educaci\u00f3n b\u00e1sica incluyan los conocimientos, actitudes y destrezas asociados a cada \u00e1rea, materia o \u00e1mbito, en los que subyacen las competencias clave del Perfil de salida.<\/p><\/blockquote>\n<blockquote><p><strong><a href=\"https:\/\/formacion.intef.es\/autores\/mod\/book\/view.php?id=10165&amp;chapterid=9190\" target=\"_blank\" rel=\"noopener\">Principios y fines del sistema educativo espa\u00f1ol<\/a><\/strong>. Teniendo en cuenta que la pieza clave del curr\u00edculo es el Perfil de salida (incluyendo las competencias que se espera que el alumnado adquiera al final de la educaci\u00f3n b\u00e1sica), es evidente que los fines del sistema educativo deben reflejarse en diferentes aspectos del Perfil de salida.<br \/>\nEstas metas subyacen de forma transversal en los descriptores de las competencias clave y en los dem\u00e1s elementos del curr\u00edculo, garantizando que el respeto a los derechos y libertades, la equidad, la inclusi\u00f3n y el pleno desarrollo de las capacidades del alumnado son el punto de mira de nuestra educaci\u00f3n. El Perfil de salida permite la concreci\u00f3n de los principios y fines del sistema educativo.<\/p><\/blockquote>\n<blockquote><p><strong>Retos recogidos en el documento <em><a href=\"http:\/\/www.ibe.unesco.org\/es\/news\/reconceptualizing-and-repositioning-curriculum-21st-c-global-paradigm-shift\" target=\"_blank\" rel=\"noopener\">Key Drivers of Curricula Change in the 21st Century,<\/a>\u00a0<\/em><\/strong>de la Oficina Internacional de Educaci\u00f3n de la UNESCO. En dicho documento se proponen las bases generales para la actualizaci\u00f3n del curr\u00edculum de forma global y concibi\u00e9ndolo como elemento clave para la educaci\u00f3n inclusiva, equitativa y sostenible, evitando concreciones inferiores o contextos espec\u00edficos referidos a un pa\u00eds espec\u00edfico.<br \/>\nDesde la Oficina Internacional de Educaci\u00f3n de la UNESCO se impulsa la actualizaci\u00f3n necesaria de los curr\u00edculos y de los procesos de formaci\u00f3n, con el fin de preparar de forma adecuada al alumnado ante los desaf\u00edos y retos del siglo XXI.<\/p><\/blockquote>\n<blockquote><p><strong><a href=\"https:\/\/www.un.org\/sustainabledevelopment\/es\/objetivos-de-desarrollo-sostenible\/\" target=\"_blank\" rel=\"noopener\">Objetivos de Desarrollo Sostenible de la Agenda 2030<\/a><\/strong>, adoptada por la Asamblea General de las Naciones Unidas en septiembre de 2015. Estos objetivos quedan reflejados en las competencias clave del Perfil garantizando el cuarto enfoque de la Ley LOMLOE, por el que se incide en la incorporaci\u00f3n de la educaci\u00f3n para el desarrollo sostenible y la ciudadan\u00eda mundial en los planes y programas de la educaci\u00f3n b\u00e1sica. En concreto el Objetivo de Desarrollo Sostenible 4, a trav\u00e9s de sus m\u00faltiples metas persigue la educaci\u00f3n de calidad, accesible, equitativa y gratuita para todo el alumnado, eliminando desigualdades y adecuando los recursos a las necesidades de todo el alumnado.<br \/>\nAunque todas las metas relativas al objetivo 4 est\u00e1n recogidas\u00a0 directa o indirectamente en los principios del sistema educativo espa\u00f1ol, las recomendaciones del Consejo de 22 de mayo de 2018 hacen referencia expl\u00edcita a la meta 4.7. en la que se destaca la necesidad de \u00abgarantizar que todos los alumnos adquieran los conocimientos te\u00f3ricos y pr\u00e1cticos necesarios para promover el desarrollo sostenible, entre otras cosas mediante la educaci\u00f3n para el desarrollo sostenible y la adopci\u00f3n de estilos de vida sostenibles\u00bb.<\/p><\/blockquote>\n<\/div>\n<div>\n<h5><span style=\"color: #800080\">Progreso hacia el perfil de salida a lo largo de la etapa educativa<\/span><\/h5>\n<p>Como se ha expresado anteriormente, el Perfil de salida hace referencia a las competencias adquiridas al finalizar la educaci\u00f3n b\u00e1sica. Esto implica que el proceso de adquisici\u00f3n comience en etapas educativas anteriores y progrese secuencialmente con el punto de mira en el Perfil de salida.<\/p>\n<p>De esta forma, se convierte en el hilo conductor del curr\u00edculo y por lo tanto, garantiza y favorece la coherencia entre los aprendizajes de las distintas etapas. A lo largo de este recorrido, se hace necesario valorar el proceso de consecuci\u00f3n de dichas competencias. La forma de hacerlo es a trav\u00e9s del \u201c<strong>nivel de desempe\u00f1o esperado al completar la Educaci\u00f3n Primaria<\/strong>\u201d, que establece el grado previsto en el avance hacia el Perfil de Salida cuando el alumnado finaliza la Educaci\u00f3n Primaria.<\/p>\n<p>Asimismo, el Perfil de salida debe facilitar el progreso y la continuidad del aprendizaje permanente en etapas posteriores a la educaci\u00f3n b\u00e1sica. En este sentido, se convierte en el punto de partida de los futuros itinerarios formativos, garantizando la continua adquisici\u00f3n de las <strong>competencias clave para el aprendizaje permanente<\/strong> a las que se refiere la <strong>Recomendaci\u00f3n del Consejo de la Uni\u00f3n Europea, de 22 de mayo de 2018<\/strong>. Al finalizar la etapa acad\u00e9mica, el alumnado debe ser capaz de transferir las competencias adquiridas a otras situaciones que se presenten en su vida, mejorando sus actuaciones y encontrando nuevas estrategias para resolver problemas o para desarrollar tareas de forma eficiente.<\/p>\n<p>Como consecuencia, se ha definido el \u201c<strong>grado de adquisici\u00f3n de las competencias clave esperadas en Bachillerato <\/strong>\u201d, a trav\u00e9s de los distintos descriptores operativos (especificados en los siguientes apartados).<\/p>\n<div>Por otro lado, el Sistema de Formaci\u00f3n Profesional debe asegurar el desarrollo personal y profesional de la persona, la mejora continuada de su cualificaci\u00f3n a lo largo de toda la vida, seg\u00fan se indica en el art\u00edculo 5 de la nueva <strong><a href=\"https:\/\/www.boe.es\/eli\/es\/lo\/2022\/03\/31\/3\" target=\"_blank\" rel=\"noopener\">Ley Org\u00e1nica 3\/2022, de 31 de marzo, de ordenaci\u00f3n e integraci\u00f3n de la Formaci\u00f3n Profesional<\/a><\/strong>. Para ello, se han establecido tres niveles de competencia profesional, de acuerdo con lo dispuesto en el Cat\u00e1logo Nacional de Est\u00e1ndares de Competencia Profesional.<\/div>\n<div><\/div>\n<div>El enfoque competencial al que se hace referencia en el curr\u00edculo se mantiene tanto en la educaci\u00f3n b\u00e1sica como en otras etapas educativas postobligatorias asegurando que las distintas etapas queden ensambladas entre s\u00ed con una continuidad coherente.<\/div>\n<p><img loading=\"lazy\" decoding=\"async\" class=\"img-responsive atto_image_button_text-bottom\" src=\"https:\/\/formacion.intef.es\/pluginfile.php\/2941\/mod_book\/chapter\/1828\/36F9534D-E08B-4F88-BC95-675A9ED7DD72.jpeg\" alt=\"Evoluci\u00f3n del Perfil de Salida\" width=\"600\" height=\"341\" longdesc=\"https:\/\/formacion.intef.es\/pluginfile.php\/2941\/mod_book\/chapter\/1828\/Descripci%C3%B3n%20textual%20de%20la%20infograf%C3%ADa%20Evoluci%C3%B3n%20del%20perfil%20de%20salida%20_Libro2.html\" \/><\/p>\n<p>Evoluci\u00f3n del Perfil de Salida. Elaborado por el \u00c1rea de Formaci\u00f3n en L\u00ednea y Competencia Digital Educativa.\u00a0\u00a0<a href=\"https:\/\/creativecommons.org\/licenses\/by-sa\/4.0\/\" target=\"_blank\" rel=\"noopener\">Licencia CC BY-SA<\/a><\/p>\n<\/div>\n<div>\n<p><a href=\"https:\/\/formacion.intef.es\/pluginfile.php\/2941\/mod_book\/chapter\/1828\/Descripci%C3%B3n%20textual%20de%20la%20infograf%C3%ADa%20Evoluci%C3%B3n%20del%20perfil%20de%20salida%20_Libro2.html\" target=\"_blank\" rel=\"noopener\">Descripci\u00f3n textual de la infograf\u00eda<\/a><\/p>\n<\/div>\n<\/div>\n<\/div>\n<div class=\"navbottom py-3 border-bottom clearfix navimages\"><\/div>\n","protected":false},"excerpt":{"rendered":"<p>Fuente: INTEF https:\/\/formacion.intef.es\/mod\/book\/view.php?id=2412&amp;chapterid=1828 &nbsp; Elementos del curr\u00edculo asociados a la etapa 3. El perfil de salida Introducci\u00f3n El Perfil de Salida constituye la pieza fundamental a trav\u00e9s de la cual, se concretan los principios y fines del sistema educativo espa\u00f1ol. Esta es la novedad fundamental del curr\u00edculo y supone la propuesta m\u00e1s determinante para profundizar [&hellip;]<\/p>\n","protected":false},"author":117,"featured_media":0,"parent":4089,"menu_order":0,"comment_status":"closed","ping_status":"closed","template":"","meta":{"footnotes":""},"class_list":["post-5679","page","type-page","status-publish","hentry","post-preview"],"_links":{"self":[{"href":"https:\/\/edublog.educastur.es\/corredoria3\/wp-json\/wp\/v2\/pages\/5679","targetHints":{"allow":["GET"]}}],"collection":[{"href":"https:\/\/edublog.educastur.es\/corredoria3\/wp-json\/wp\/v2\/pages"}],"about":[{"href":"https:\/\/edublog.educastur.es\/corredoria3\/wp-json\/wp\/v2\/types\/page"}],"author":[{"embeddable":true,"href":"https:\/\/edublog.educastur.es\/corredoria3\/wp-json\/wp\/v2\/users\/117"}],"replies":[{"embeddable":true,"href":"https:\/\/edublog.educastur.es\/corredoria3\/wp-json\/wp\/v2\/comments?post=5679"}],"version-history":[{"count":4,"href":"https:\/\/edublog.educastur.es\/corredoria3\/wp-json\/wp\/v2\/pages\/5679\/revisions"}],"predecessor-version":[{"id":5683,"href":"https:\/\/edublog.educastur.es\/corredoria3\/wp-json\/wp\/v2\/pages\/5679\/revisions\/5683"}],"up":[{"embeddable":true,"href":"https:\/\/edublog.educastur.es\/corredoria3\/wp-json\/wp\/v2\/pages\/4089"}],"wp:attachment":[{"href":"https:\/\/edublog.educastur.es\/corredoria3\/wp-json\/wp\/v2\/media?parent=5679"}],"curies":[{"name":"wp","href":"https:\/\/api.w.org\/{rel}","templated":true}]}}