{"id":936,"date":"2020-09-12T19:40:39","date_gmt":"2020-09-12T17:40:39","guid":{"rendered":"https:\/\/edublog.educastur.es\/corredoria3\/?page_id=936"},"modified":"2020-09-12T19:51:11","modified_gmt":"2020-09-12T17:51:11","slug":"revista-bli","status":"publish","type":"page","link":"https:\/\/edublog.educastur.es\/corredoria3\/biblioteca\/revista-bli\/","title":{"rendered":"Revista BLI"},"content":{"rendered":"<div class=\"branding\">\n<h1 class=\"logo\"><em><span style=\"font-size: 18pt\">Revista de Literatura Infantil y juvenil, una publicaci\u00f3n cuatrimestral de divulgaci\u00f3n que tratar\u00e1 de difundir art\u00edculos y textos que ayuden a visibilizar la literatura infantil.<a href=\"https:\/\/revistabli.com\">Web<\/a>\u00a0<\/span> <\/em><\/h1>\n<p><img loading=\"lazy\" decoding=\"async\" class=\" wp-image-239 alignleft\" src=\"http:\/\/edublog.educastur.es\/eprimaria\/files\/2020\/09\/bli2.jpg\" alt=\"\" width=\"246\" height=\"246\" \/><\/p>\n<\/div>\n<div class=\"search-wrapper\"><em><a href=\"https:\/\/fantasticayliteratura.files.wordpress.com\/2020\/05\/vanina.jpg?w=960\"><img loading=\"lazy\" decoding=\"async\" class=\"alignnone \" src=\"https:\/\/fantasticayliteratura.files.wordpress.com\/2020\/05\/vanina.jpg?w=960\" width=\"339\" height=\"254\" \/><\/a><br \/>\n<\/em><\/p>\n<h1 class=\"logo\"><span style=\"font-size: 18pt\"><em>Prop\u00f3sito:\u00bbCultivar el amor por los libros\u00bb.<\/em><\/span><a href=\"https:\/\/revistabli.com\/revista\/\"><em><span style=\"font-size: 18pt\">Descarga aqu\u00ed todos tus n\u00fameros. Es gratuita!<\/span><\/em><\/a><\/h1>\n<\/div>\n<p>\n<!-- iframe plugin v.6.0 wordpress.org\/plugins\/iframe\/ -->\n<iframe loading=\"lazy\" src=\"https:\/\/drive.google.com\/file\/d\/1vGqkxQw_HrB5jjGG4StlyGl0wrtf2PFy\/preview\" width=\"710\" height=\"980\" 0=\"\/iframe\" scrolling=\"yes\" class=\"iframe-class\" frameborder=\"0\"><\/iframe>\n \u30c4<\/p>\n<p><a href=\"https:\/\/fantasticayliteratura.files.wordpress.com\/2020\/05\/bli-n.1-invierno-2019.pdf\"><strong><em>N\u00ba 1 Desc\u00e1rgatela<\/em><\/strong><\/a><\/p>\n<p>\n<!-- iframe plugin v.6.0 wordpress.org\/plugins\/iframe\/ -->\n<iframe loading=\"lazy\" src=\"https:\/\/drive.google.com\/file\/d\/1UidagmhO1IKEvOBo-R0N_DmoFKz3W3c7\/preview\" width=\"710\" height=\"980\" 0=\"\/iframe\" scrolling=\"yes\" class=\"iframe-class\" frameborder=\"0\"><\/iframe>\n \u30c4<\/p>\n<p><a href=\"https:\/\/fantasticayliteratura.files.wordpress.com\/2020\/05\/revista-bli-nc2ba2.pdf\"><strong><em>N\u00ba 2 Desc\u00e1rgatela<\/em><\/strong><\/a><\/p>\n<p>\n<!-- iframe plugin v.6.0 wordpress.org\/plugins\/iframe\/ -->\n<iframe loading=\"lazy\" src=\"https:\/\/drive.google.com\/file\/d\/1Ikgn_46DyUKYBOn5TdTxH1M6rUVoRhYp\/preview\" width=\"710\" height=\"980\" 0=\"\/iframe\" scrolling=\"yes\" class=\"iframe-class\" frameborder=\"0\"><\/iframe>\n \u30c4<\/p>\n<p><a href=\"https:\/\/fantasticayliteratura.files.wordpress.com\/2020\/05\/revista-bli-n3_.pdf\"><strong><em>N\u00ba 3 Desc\u00e1rgatela<\/em><\/strong><\/a><\/p>\n<p>\n<!-- iframe plugin v.6.0 wordpress.org\/plugins\/iframe\/ -->\n<iframe loading=\"lazy\" src=\"https:\/\/drive.google.com\/file\/d\/12WOjKGscVVv3N23p_61s4ltW0cVKaJFs\/preview\" width=\"710\" height=\"980\" 0=\"\/iframe\" scrolling=\"yes\" class=\"iframe-class\" frameborder=\"0\"><\/iframe>\n \u30c4<\/p>\n<p><a href=\"https:\/\/fantasticayliteratura.files.wordpress.com\/2020\/08\/revista-bli-4-comprimida-final-6.pdf\"><strong><em>N\u00ba 4\u00a0 Desc\u00e1rgatela<\/em><\/strong><\/a><\/p>\n<div class=\"search-wrapper\">\n<hr \/>\n<p><a href=\"https:\/\/fantasticayliteratura.files.wordpress.com\/2020\/08\/2-carta-de-la-directora_page-0001-1.jpg\"><img loading=\"lazy\" decoding=\"async\" class=\"aligncenter size-medium\" src=\"https:\/\/fantasticayliteratura.files.wordpress.com\/2020\/08\/2-carta-de-la-directora_page-0001-1.jpg\" width=\"1241\" height=\"1755\" \/><\/a><\/p>\n<p>&nbsp;<\/p>\n<p>&nbsp;<\/p>\n<\/div>\n","protected":false},"excerpt":{"rendered":"<p>Revista de Literatura Infantil y juvenil, una publicaci\u00f3n cuatrimestral de divulgaci\u00f3n que tratar\u00e1 de difundir art\u00edculos y textos que ayuden a visibilizar la literatura infantil.Web\u00a0 Prop\u00f3sito:\u00bbCultivar el amor por los libros\u00bb.Descarga aqu\u00ed todos tus n\u00fameros. Es gratuita! \u30c4 N\u00ba 1 Desc\u00e1rgatela \u30c4 N\u00ba 2 Desc\u00e1rgatela \u30c4 N\u00ba 3 Desc\u00e1rgatela \u30c4 N\u00ba 4\u00a0 Desc\u00e1rgatela &nbsp; &nbsp;<\/p>\n","protected":false},"author":117,"featured_media":0,"parent":19,"menu_order":0,"comment_status":"closed","ping_status":"closed","template":"","meta":{"footnotes":""},"class_list":["post-936","page","type-page","status-publish","hentry","post-preview"],"_links":{"self":[{"href":"https:\/\/edublog.educastur.es\/corredoria3\/wp-json\/wp\/v2\/pages\/936","targetHints":{"allow":["GET"]}}],"collection":[{"href":"https:\/\/edublog.educastur.es\/corredoria3\/wp-json\/wp\/v2\/pages"}],"about":[{"href":"https:\/\/edublog.educastur.es\/corredoria3\/wp-json\/wp\/v2\/types\/page"}],"author":[{"embeddable":true,"href":"https:\/\/edublog.educastur.es\/corredoria3\/wp-json\/wp\/v2\/users\/117"}],"replies":[{"embeddable":true,"href":"https:\/\/edublog.educastur.es\/corredoria3\/wp-json\/wp\/v2\/comments?post=936"}],"version-history":[{"count":3,"href":"https:\/\/edublog.educastur.es\/corredoria3\/wp-json\/wp\/v2\/pages\/936\/revisions"}],"predecessor-version":[{"id":940,"href":"https:\/\/edublog.educastur.es\/corredoria3\/wp-json\/wp\/v2\/pages\/936\/revisions\/940"}],"up":[{"embeddable":true,"href":"https:\/\/edublog.educastur.es\/corredoria3\/wp-json\/wp\/v2\/pages\/19"}],"wp:attachment":[{"href":"https:\/\/edublog.educastur.es\/corredoria3\/wp-json\/wp\/v2\/media?parent=936"}],"curies":[{"name":"wp","href":"https:\/\/api.w.org\/{rel}","templated":true}]}}