{"id":47,"date":"2020-07-02T17:25:24","date_gmt":"2020-07-02T17:25:24","guid":{"rendered":"https:\/\/edublog.educastur.es\/cpclarin56\/?page_id=47"},"modified":"2021-04-28T08:44:21","modified_gmt":"2021-04-28T08:44:21","slug":"ciencias-sociales-5o-primaria","status":"publish","type":"page","link":"https:\/\/edublog.educastur.es\/cpclarin56\/ciencias-sociales-5o-primaria\/","title":{"rendered":"Ciencias Sociales 5\u00ba Primaria"},"content":{"rendered":"<table style=\"border-collapse: collapse;width: 100%;height: 283px\">\n<tbody>\n<tr style=\"height: 10px\">\n<td style=\"width: 37.52896424322153%;height: 10px;text-align: center\"><span style=\"font-size: 14pt\">TEMA<\/span><\/td>\n<td style=\"width: 46.29564221366522%;height: 10px;text-align: center\"><span style=\"font-size: 14pt\">ENLACES \/ POST<\/span><\/td>\n<\/tr>\n<tr style=\"height: 154px\">\n<td style=\"width: 37.52896424322153%;height: 154px\">\n<h4>Unidad 1 &#8211; Exploramos el Universo<\/h4>\n<ol>\n<li>El Universo<\/li>\n<li>El Sistema Solar<\/li>\n<li>Los movimientos de la Tierra<\/li>\n<li>El sat\u00e9lite de la Tierra, la Luna<\/li>\n<\/ol>\n<\/td>\n<td style=\"width: 46.29564221366522%;height: 154px\">\n<h5><img decoding=\"async\" src=\"https:\/\/live.staticflickr.com\/65535\/50068650433_bf0d1cf586_t.jpg\" alt=\"\" \/>\u00a0 El Universo<\/h5>\n<h5><img decoding=\"async\" src=\"https:\/\/live.staticflickr.com\/65535\/50068650433_bf0d1cf586_t.jpg\" alt=\"\" \/>\u00a0El Sistema Solar<\/h5>\n<h5><img decoding=\"async\" src=\"https:\/\/live.staticflickr.com\/65535\/50068650433_bf0d1cf586_t.jpg\" alt=\"\" \/>\u00a0Los movimientos de la Tierra<\/h5>\n<h5><img decoding=\"async\" src=\"https:\/\/live.staticflickr.com\/65535\/50068650433_bf0d1cf586_t.jpg\" alt=\"\" \/>\u00a0El sat\u00e9lite de la Tierra, la Luna<\/h5>\n<\/td>\n<\/tr>\n<tr style=\"height: 17px\">\n<td style=\"width: 37.52896424322153%;height: 17px\">\n<h4>Unidad 2 &#8211; Representamos nuestro planeta<\/h4>\n<ul style=\"list-style-type: square\">\n<li>La representaci\u00f3n de la Tierra<\/li>\n<li>La localizaci\u00f3n de puntos en un mapa<\/li>\n<li>El planisferio f\u00edsico<\/li>\n<li>El planisferio pol\u00edtico<\/li>\n<\/ul>\n<\/td>\n<td style=\"width: 46.29564221366522%;height: 17px\">\n<h5><img decoding=\"async\" src=\"https:\/\/live.staticflickr.com\/65535\/50069485767_b8073d953a_t.jpg\" alt=\"\" \/>\u00a0La representaci\u00f3n de la Tierra<\/h5>\n<h5><img decoding=\"async\" src=\"https:\/\/live.staticflickr.com\/65535\/50069485767_b8073d953a_t.jpg\" alt=\"\" \/>\u00a0La localizaci\u00f3n de puntos en un mapa<\/h5>\n<h5><img decoding=\"async\" src=\"https:\/\/live.staticflickr.com\/65535\/50069485767_b8073d953a_t.jpg\" alt=\"\" \/>\u00a0El planisferio f\u00edsico<\/h5>\n<h5><img decoding=\"async\" src=\"https:\/\/live.staticflickr.com\/65535\/50069485767_b8073d953a_t.jpg\" alt=\"\" \/>\u00a0El planisferio pol\u00edtico<\/h5>\n<\/td>\n<\/tr>\n<tr style=\"height: 17px\">\n<td style=\"width: 37.52896424322153%;height: 17px\">\n<h4>Unidad 3 &#8211; Espa\u00f1a, un Estado democr\u00e1tico<\/h4>\n<ul style=\"list-style-type: square\">\n<li>La situaci\u00f3n geogr\u00e1fica de Espa\u00f1a<\/li>\n<li>La organizaci\u00f3n territorial de Espa\u00f1a<\/li>\n<li>Las caracter\u00edsticas del sistema democr\u00e1tico<\/li>\n<li>La Constituci\u00f3n y las instituciones de Espa\u00f1a<\/li>\n<\/ul>\n<\/td>\n<td style=\"width: 46.29564221366522%;height: 17px\">\n<h5><img decoding=\"async\" src=\"https:\/\/live.staticflickr.com\/65535\/50069252411_8a0d8772c6_t.jpg\" alt=\"\" \/>\u00a0La situaci\u00f3n geogr\u00e1fica de Espa\u00f1a<\/h5>\n<h5><img decoding=\"async\" src=\"https:\/\/live.staticflickr.com\/65535\/50069252411_8a0d8772c6_t.jpg\" alt=\"\" \/>\u00a0La organizaci\u00f3n territorial de Espa\u00f1a<\/h5>\n<h5><img decoding=\"async\" src=\"https:\/\/live.staticflickr.com\/65535\/50069252411_8a0d8772c6_t.jpg\" alt=\"\" \/>\u00a0Las caracter\u00edsticas del sistema democr\u00e1tico<\/h5>\n<h5><img decoding=\"async\" src=\"https:\/\/live.staticflickr.com\/65535\/50069252411_8a0d8772c6_t.jpg\" alt=\"\" \/>\u00a0La Constituci\u00f3n y las instituciones de Espa\u00f1a<\/h5>\n<\/td>\n<\/tr>\n<tr style=\"height: 17px\">\n<td style=\"width: 37.52896424322153%;height: 17px\">\n<h4>Unidad 4 &#8211; Recorremos los paisajes de Espa\u00f1a<\/h4>\n<ul style=\"list-style-type: square\">\n<li>El relieve de Espa\u00f1a<\/li>\n<li>Las vertientes hidrogr\u00e1ficas espa\u00f1olas<\/li>\n<li>Los factores que influyen en el clima de Espa\u00f1a<\/li>\n<li>El clima mediterr\u00e1neo<\/li>\n<li>Los climas oce\u00e1nico, subtropical y de monta\u00f1a<\/li>\n<li>Los paisajes espa\u00f1oles<\/li>\n<\/ul>\n<\/td>\n<td style=\"width: 46.29564221366522%;height: 17px\">\n<h5><img decoding=\"async\" src=\"https:\/\/live.staticflickr.com\/65535\/50069268536_954bd631c9_t.jpg\" alt=\"\" \/>\u00a0El relieve de Espa\u00f1a<\/h5>\n<h5><img decoding=\"async\" src=\"https:\/\/live.staticflickr.com\/65535\/50069268536_954bd631c9_t.jpg\" alt=\"\" \/>\u00a0Las vertientes hidrogr\u00e1ficas espa\u00f1olas<\/h5>\n<h5><img decoding=\"async\" src=\"https:\/\/live.staticflickr.com\/65535\/50069268536_954bd631c9_t.jpg\" alt=\"\" \/>\u00a0Los factores que influyen en el clima de Espa\u00f1a<\/h5>\n<h5><img decoding=\"async\" src=\"https:\/\/live.staticflickr.com\/65535\/50069268536_954bd631c9_t.jpg\" alt=\"\" \/>\u00a0El clima mediterr\u00e1neo<\/h5>\n<h5><img decoding=\"async\" src=\"https:\/\/live.staticflickr.com\/65535\/50069268536_954bd631c9_t.jpg\" alt=\"\" \/>\u00a0El clima oce\u00e1nico, subtropical y de monta\u00f1a<\/h5>\n<h5><img decoding=\"async\" src=\"https:\/\/live.staticflickr.com\/65535\/50069268536_954bd631c9_t.jpg\" alt=\"\" \/>\u00a0Los paisajes espa\u00f1oles<\/h5>\n<\/td>\n<\/tr>\n<tr style=\"height: 17px\">\n<td style=\"width: 37.52896424322153%;height: 17px\">\n<h4>Unidad 5 &#8211; La poblaci\u00f3n y la econom\u00eda de Espa\u00f1a<\/h4>\n<ul style=\"list-style-type: square\">\n<li>La poblaci\u00f3n de Espa\u00f1a<\/li>\n<li>Las migraciones en Espa\u00f1a<\/li>\n<li>La distribuci\u00f3n de la poblaci\u00f3n<\/li>\n<li>Los sectores econ\u00f3micos de Espa\u00f1a<\/li>\n<\/ul>\n<\/td>\n<td style=\"width: 46.29564221366522%;height: 17px\">\n<h5><img decoding=\"async\" src=\"https:\/\/live.staticflickr.com\/65535\/50069545047_7a06edc6c4_t.jpg\" alt=\"\" \/>\u00a0La poblaci\u00f3n de Espa\u00f1a<\/h5>\n<h5><img decoding=\"async\" src=\"https:\/\/live.staticflickr.com\/65535\/50069545047_7a06edc6c4_t.jpg\" alt=\"\" \/>\u00a0Las migraciones en Espa\u00f1a<\/h5>\n<h5><img decoding=\"async\" src=\"https:\/\/live.staticflickr.com\/65535\/50069545047_7a06edc6c4_t.jpg\" alt=\"\" \/>\u00a0La distribuci\u00f3n de la poblaci\u00f3n<\/h5>\n<h5><img decoding=\"async\" src=\"https:\/\/live.staticflickr.com\/65535\/50069545047_7a06edc6c4_t.jpg\" alt=\"\" \/>\u00a0Los sectores econ\u00f3micos de Espa\u00f1a<\/h5>\n<\/td>\n<\/tr>\n<tr style=\"height: 17px\">\n<td style=\"width: 37.52896424322153%;height: 17px\">\n<h4>Unidad 6 &#8211; Conocemos la Prehistoria<\/h4>\n<ul style=\"list-style-type: square\">\n<li>El tiempo y la historia<\/li>\n<li>La vida en el Paleol\u00edtico<\/li>\n<li>La vida en el Neol\u00edtico<\/li>\n<li>La vida en la Edad de los Metales<\/li>\n<li>El arte de la Prehistoria<\/li>\n<\/ul>\n<\/td>\n<td style=\"width: 46.29564221366522%;height: 17px\">\n<h5><img decoding=\"async\" src=\"https:\/\/live.staticflickr.com\/65535\/50069308396_dfc547fdf4_t.jpg\" alt=\"\" \/>\u00a0El tiempo y la historia \u00a0<a title=\"El tiempo y la historia\" href=\"https:\/\/edublog.educastur.es\/cpclarin56\/2021\/04\/13\/el-tiempo-y-la-historia\/\"><img loading=\"lazy\" decoding=\"async\" src=\"https:\/\/live.staticflickr.com\/65535\/51144968590_77500e1bef_t.jpg\" alt=\"\" width=\"48\" height=\"41\" \/><\/a><\/h5>\n<h5><img decoding=\"async\" src=\"https:\/\/live.staticflickr.com\/65535\/50069308396_dfc547fdf4_t.jpg\" alt=\"\" \/>\u00a0La vida en el Paleol\u00edtico<\/h5>\n<h5><img decoding=\"async\" src=\"https:\/\/live.staticflickr.com\/65535\/50069308396_dfc547fdf4_t.jpg\" alt=\"\" \/>\u00a0La vida en el Neol\u00edtico<\/h5>\n<h5><img decoding=\"async\" src=\"https:\/\/live.staticflickr.com\/65535\/50069308396_dfc547fdf4_t.jpg\" alt=\"\" \/>\u00a0La vida en la Edad de los Metales<\/h5>\n<h5><img decoding=\"async\" src=\"https:\/\/live.staticflickr.com\/65535\/50069308396_dfc547fdf4_t.jpg\" alt=\"\" \/>\u00a0El arte de la Prehistoria<\/h5>\n<\/td>\n<\/tr>\n<tr style=\"height: 17px\">\n<td style=\"width: 37.52896424322153%;height: 17px\">\n<h4>Unidad 7 &#8211; Descubrimos la Edad Antigua<\/h4>\n<ul style=\"list-style-type: square\">\n<li>Los pueblos prerromanos y los colonizadores<\/li>\n<li>La llegada de los romanos a Hispania<\/li>\n<li>La forma de vida de los romanos<\/li>\n<li>El legado de los romanos<\/li>\n<\/ul>\n<\/td>\n<td style=\"width: 46.29564221366522%;height: 17px\">\n<h5><img decoding=\"async\" src=\"https:\/\/live.staticflickr.com\/65535\/50069323501_0682e11987_t.jpg\" alt=\"\" \/>\u00a0Los pueblos prerromanos y los colonizadores<\/h5>\n<h5><img decoding=\"async\" src=\"https:\/\/live.staticflickr.com\/65535\/50069323501_0682e11987_t.jpg\" alt=\"\" \/>\u00a0La llegada de los romanos a Hispania<\/h5>\n<h5><img decoding=\"async\" src=\"https:\/\/live.staticflickr.com\/65535\/50069323501_0682e11987_t.jpg\" alt=\"\" \/>\u00a0La forma de vida de los romanos<\/h5>\n<h5><img decoding=\"async\" src=\"https:\/\/live.staticflickr.com\/65535\/50069323501_0682e11987_t.jpg\" alt=\"\" \/>\u00a0El legado de los romanos<\/h5>\n<\/td>\n<\/tr>\n<tr style=\"height: 17px\">\n<td style=\"width: 37.52896424322153%;height: 17px\">\n<h4>Unidad 8 &#8211; Viajamos a la Edad Media<\/h4>\n<ul style=\"list-style-type: square\">\n<li>El comienzo de la Edad Media<\/li>\n<li>La vida y el legado andalus\u00edes<\/li>\n<li>La formaci\u00f3n de los reinos cristianos<\/li>\n<li>La vida, el arte y la cultura en los reinos cristianos<\/li>\n<\/ul>\n<\/td>\n<td style=\"width: 46.29564221366522%;height: 17px\">\n<h5><img decoding=\"async\" src=\"https:\/\/live.staticflickr.com\/65535\/50068780283_f9b7631e53_t.jpg\" alt=\"\" \/>\u00a0El comienzo de la Edad Media<\/h5>\n<h5><img decoding=\"async\" src=\"https:\/\/live.staticflickr.com\/65535\/50068780283_f9b7631e53_t.jpg\" alt=\"\" \/>\u00a0La vida y el legado andalus\u00edes<\/h5>\n<h5><img decoding=\"async\" src=\"https:\/\/live.staticflickr.com\/65535\/50068780283_f9b7631e53_t.jpg\" alt=\"\" \/>\u00a0La formaci\u00f3n de los reinos cristianos<\/h5>\n<h5><img decoding=\"async\" src=\"https:\/\/live.staticflickr.com\/65535\/50068780283_f9b7631e53_t.jpg\" alt=\"\" \/>\u00a0La vida, el arte y la cultura en los reinos cristianos<\/h5>\n<\/td>\n<\/tr>\n<\/tbody>\n<\/table>\n","protected":false},"excerpt":{"rendered":"<p>TEMA ENLACES \/ POST Unidad 1 &#8211; Exploramos el Universo El Universo El Sistema Solar Los movimientos de la Tierra El sat\u00e9lite de la Tierra, la Luna \u00a0 El Universo \u00a0El Sistema Solar \u00a0Los movimientos de la Tierra \u00a0El sat\u00e9lite de la Tierra, la Luna Unidad 2 &#8211; Representamos nuestro planeta La representaci\u00f3n de la [&hellip;]<\/p>\n","protected":false},"author":43,"featured_media":0,"parent":0,"menu_order":0,"comment_status":"closed","ping_status":"closed","template":"","meta":{"footnotes":""},"class_list":["post-47","page","type-page","status-publish","hentry"],"_links":{"self":[{"href":"https:\/\/edublog.educastur.es\/cpclarin56\/wp-json\/wp\/v2\/pages\/47","targetHints":{"allow":["GET"]}}],"collection":[{"href":"https:\/\/edublog.educastur.es\/cpclarin56\/wp-json\/wp\/v2\/pages"}],"about":[{"href":"https:\/\/edublog.educastur.es\/cpclarin56\/wp-json\/wp\/v2\/types\/page"}],"author":[{"embeddable":true,"href":"https:\/\/edublog.educastur.es\/cpclarin56\/wp-json\/wp\/v2\/users\/43"}],"replies":[{"embeddable":true,"href":"https:\/\/edublog.educastur.es\/cpclarin56\/wp-json\/wp\/v2\/comments?post=47"}],"version-history":[{"count":12,"href":"https:\/\/edublog.educastur.es\/cpclarin56\/wp-json\/wp\/v2\/pages\/47\/revisions"}],"predecessor-version":[{"id":701,"href":"https:\/\/edublog.educastur.es\/cpclarin56\/wp-json\/wp\/v2\/pages\/47\/revisions\/701"}],"wp:attachment":[{"href":"https:\/\/edublog.educastur.es\/cpclarin56\/wp-json\/wp\/v2\/media?parent=47"}],"curies":[{"name":"wp","href":"https:\/\/api.w.org\/{rel}","templated":true}]}}