{"id":1072,"date":"2023-03-08T16:12:54","date_gmt":"2023-03-08T16:12:54","guid":{"rendered":"https:\/\/edublog.educastur.es\/cpgloriarodriguez\/?page_id=1072"},"modified":"2024-07-09T11:37:19","modified_gmt":"2024-07-09T09:37:19","slug":"matriculacion","status":"publish","type":"page","link":"https:\/\/edublog.educastur.es\/cpgloriarodriguez\/centro\/matriculacion\/","title":{"rendered":"Matriculaci\u00f3n"},"content":{"rendered":"<p><img loading=\"lazy\" decoding=\"async\" class=\"wp-image-1073 size-large aligncenter\" src=\"http:\/\/edublog.educastur.es\/cpgloriarodriguez\/files\/2023\/03\/Imagen-Corporativa-Encabezado-NUEVO-Blanco-Med-1024x172.jpg\" alt=\"\" width=\"712\" height=\"120\" srcset=\"https:\/\/edublog.educastur.es\/cpgloriarodriguez\/files\/2023\/03\/Imagen-Corporativa-Encabezado-NUEVO-Blanco-Med-1024x172.jpg 1024w, https:\/\/edublog.educastur.es\/cpgloriarodriguez\/files\/2023\/03\/Imagen-Corporativa-Encabezado-NUEVO-Blanco-Med-300x50.jpg 300w, https:\/\/edublog.educastur.es\/cpgloriarodriguez\/files\/2023\/03\/Imagen-Corporativa-Encabezado-NUEVO-Blanco-Med-768x129.jpg 768w, https:\/\/edublog.educastur.es\/cpgloriarodriguez\/files\/2023\/03\/Imagen-Corporativa-Encabezado-NUEVO-Blanco-Med-1536x258.jpg 1536w, https:\/\/edublog.educastur.es\/cpgloriarodriguez\/files\/2023\/03\/Imagen-Corporativa-Encabezado-NUEVO-Blanco-Med-2048x344.jpg 2048w, https:\/\/edublog.educastur.es\/cpgloriarodriguez\/files\/2023\/03\/Imagen-Corporativa-Encabezado-NUEVO-Blanco-Med-1080x181.jpg 1080w\" sizes=\"auto, (max-width: 712px) 100vw, 712px\" \/><!--more--><\/p>\n<p style=\"text-align: center\"><img loading=\"lazy\" decoding=\"async\" class=\"alignnone size-full wp-image-1614\" src=\"http:\/\/edublog.educastur.es\/cpgloriarodriguez\/files\/2024\/04\/Calendario-Ano-2024-Doodle-Naranja.jpg\" alt=\"\" width=\"1440\" height=\"810\" srcset=\"https:\/\/edublog.educastur.es\/cpgloriarodriguez\/files\/2024\/04\/Calendario-Ano-2024-Doodle-Naranja.jpg 1440w, https:\/\/edublog.educastur.es\/cpgloriarodriguez\/files\/2024\/04\/Calendario-Ano-2024-Doodle-Naranja-300x169.jpg 300w, https:\/\/edublog.educastur.es\/cpgloriarodriguez\/files\/2024\/04\/Calendario-Ano-2024-Doodle-Naranja-1024x576.jpg 1024w, https:\/\/edublog.educastur.es\/cpgloriarodriguez\/files\/2024\/04\/Calendario-Ano-2024-Doodle-Naranja-768x432.jpg 768w, https:\/\/edublog.educastur.es\/cpgloriarodriguez\/files\/2024\/04\/Calendario-Ano-2024-Doodle-Naranja-680x382.jpg 680w, https:\/\/edublog.educastur.es\/cpgloriarodriguez\/files\/2024\/04\/Calendario-Ano-2024-Doodle-Naranja-1080x608.jpg 1080w\" sizes=\"auto, (max-width: 1440px) 100vw, 1440px\" \/><\/p>\n<p>&nbsp;<\/p>\n<p>&nbsp;<\/p>\n<p style=\"text-align: center\"><span style=\"font-size: 18pt\"><strong><span style=\"color: #ff0000\">Admisi\u00f3n provisional de alumnado para curso 2024-2025<\/span><\/strong><\/span><\/p>\n<p><img loading=\"lazy\" decoding=\"async\" class=\"wp-image-1696 size-full aligncenter\" src=\"http:\/\/edublog.educastur.es\/cpgloriarodriguez\/files\/2024\/05\/Admision-PROVISIONAL-Curso-2024-2025.jpg\" alt=\"\" width=\"806\" height=\"600\" srcset=\"https:\/\/edublog.educastur.es\/cpgloriarodriguez\/files\/2024\/05\/Admision-PROVISIONAL-Curso-2024-2025.jpg 806w, https:\/\/edublog.educastur.es\/cpgloriarodriguez\/files\/2024\/05\/Admision-PROVISIONAL-Curso-2024-2025-300x223.jpg 300w, https:\/\/edublog.educastur.es\/cpgloriarodriguez\/files\/2024\/05\/Admision-PROVISIONAL-Curso-2024-2025-768x572.jpg 768w\" sizes=\"auto, (max-width: 806px) 100vw, 806px\" \/><\/p>\n<p>&nbsp;<\/p>\n<p>&nbsp;<\/p>\n<p>&nbsp;<\/p>\n<p>&nbsp;<\/p>\n<p>&nbsp;<\/p>\n<p style=\"text-align: center\"><strong><span style=\"font-size: 18pt;font-family: verdana, geneva, sans-serif;color: #ff0000\">Dejamos la documentaci\u00f3n necesaria para presentar la solicitud<\/span><\/strong>:<\/p>\n<p>&nbsp;<\/p>\n<p style=\"text-align: center\"><span style=\"color: #339966;font-family: verdana, geneva, sans-serif;font-size: 18pt\"><strong>DOCUMENTACI\u00d3N NECESARIA PARA LA MATRICULACI\u00d3N:<\/strong><\/span><\/p>\n<p><span style=\"font-size: 14pt\"><strong>Matr\u00edcula alumnado para <span style=\"text-decoration: underline;color: #ff0000\">INFANTIL<\/span>. Documentaci\u00f3n necesaria:<\/strong><\/span><\/p>\n<ul>\n<li><a href=\"https:\/\/educastur-my.sharepoint.com\/:b:\/g\/personal\/gloriaro_educastur_org\/EWPxxwU-HaVNuTX7vca7b0gB8OelYnXyARPS9c-Kcpqnwg?e=h9TbCW\">IMPRESO DE SOLICITUD DE DEBIDAMENTE CUMPLIMENTADO CON LA FIRMA DEL PADRE Y DE LA MADRE<\/a>.<\/li>\n<li><a href=\"https:\/\/educastur-my.sharepoint.com\/:b:\/g\/personal\/gloriaro_educastur_org\/EX1jcQ2CLi5Gl-V8U7nP9hEB3FIeLIczbXVBXeXfbQiPng?e=Zesgel\">IMPRESO DE AUTORIZACI\u00d3N DE LOS MIEMBROS DE LA UNIDAD FAMILIAS PARA LA CONSULTA DEL IRPF<\/a>.<\/li>\n<li><a href=\"https:\/\/educastur-my.sharepoint.com\/:b:\/g\/personal\/gloriaro_educastur_org\/Ede1evq25RtLtCEgDGtraaMBPiPq3TlZeqSer5Y-P2qlkg?e=qUc06Q\">IMPRESO DE SOLICITUD DE TRANSPORTE ESCOLAR<\/a> (si tiene derecho al mismo)<\/li>\n<li><a href=\"https:\/\/educastur-my.sharepoint.com\/:b:\/g\/personal\/gloriaro_educastur_org\/Eeubx4WmvENCvNXs_c63CeEB1DO9tye2cZRMb9jSqaRckA?e=dJ48WH\">FICHA DE RECOGIDA DE DATOS<\/a>.<\/li>\n<li>FOTOCOPIA DEL LIBRO DE FAMILIA (TODAS LAS HOJAS QUE EST\u00c9N CUBIERTAS).<\/li>\n<li>CERTIFICADO DEL PADR\u00d3N MUNICIPAL.<\/li>\n<li>FOTOCOPIA DEL DNI DE LA MADRE Y DEL PADRE.<\/li>\n<li><a href=\"https:\/\/educastur-my.sharepoint.com\/:b:\/g\/personal\/gloriaro_educastur_org\/EY_hbHcCXHVLu1mPeLGnRcQBUHruGc9Jbommlcvk0wO3Lw?e=4S5rzq\">OPCI\u00d3N DE ENSE\u00d1ANZA DE RELICI\u00d3N o ATENCI\u00d3N EDUCATIVA<\/a>.<\/li>\n<li><a href=\"https:\/\/educastur-my.sharepoint.com\/:b:\/g\/personal\/gloriaro_educastur_org\/EYiB6QFWeWJBiPbHdL0ZZYkBqfC529e_YoXkupemdNnoYg?e=suYxb9\">AUTORIZACI\u00d3N PARA EL USO DE IM\u00c1GENES<\/a>.<\/li>\n<\/ul>\n<p>&nbsp;<\/p>\n<p><span style=\"font-size: 14pt\"><strong>Matr\u00edcula alumnado para <span style=\"text-decoration: underline;color: #ff0000\">PRIMARIA<\/span>. Documentaci\u00f3n necesaria:<\/strong><\/span><\/p>\n<ul>\n<li><a href=\"https:\/\/educastur-my.sharepoint.com\/:b:\/g\/personal\/gloriaro_educastur_org\/EWPxxwU-HaVNuTX7vca7b0gB8OelYnXyARPS9c-Kcpqnwg?e=h9TbCW\">IMPRESO DE SOLICITUD DE DEBIDAMENTE CUMPLIMENTADO CON LA FIRMA DEL PADRE Y DE LA MADRE<\/a>.<\/li>\n<li><a href=\"https:\/\/educastur-my.sharepoint.com\/:b:\/g\/personal\/gloriaro_educastur_org\/EX1jcQ2CLi5Gl-V8U7nP9hEB3FIeLIczbXVBXeXfbQiPng?e=Zesgel\">IMPRESO DE AUTORIZACI\u00d3N DE LOS MIEMBROS DE LA UNIDAD FAMILIAS PARA LA CONSULTA DEL IRPF<\/a>.<\/li>\n<li><a href=\"https:\/\/educastur-my.sharepoint.com\/:b:\/g\/personal\/gloriaro_educastur_org\/Ede1evq25RtLtCEgDGtraaMBPiPq3TlZeqSer5Y-P2qlkg?e=qUc06Q\">IMPRESO DE SOLICITUD DE TRANSPORTE ESCOLAR<\/a> (si tiene derecho al mismo)<\/li>\n<li><a href=\"https:\/\/educastur-my.sharepoint.com\/:b:\/g\/personal\/gloriaro_educastur_org\/Eeubx4WmvENCvNXs_c63CeEB1DO9tye2cZRMb9jSqaRckA?e=dJ48WH\">FICHA DE RECOGIDA DE DATOS<\/a>.<\/li>\n<li>FOTOCOPIA DEL LIBRO DE FAMILIA (TODAS LAS HOJAS QUE EST\u00c9N CUBIERTAS).<\/li>\n<li>CERTIFICADO DEL PADR\u00d3N MUNICIPAL.<\/li>\n<li>FOTOCOPIA DEL DNI DE LA MADRE Y DEL PADRE.<\/li>\n<li><a href=\"https:\/\/educastur-my.sharepoint.com\/:b:\/g\/personal\/gloriaro_educastur_org\/EV-Gr1nJVY5GjShX09QS0pABvLfRhM1K_Yqd4mjK4TFswQ?e=XHFDHt\">OPCI\u00d3N DE ENSE\u00d1ANZA DE RELICI\u00d3N o ATENCI\u00d3N EDUCATIVA<\/a>.<\/li>\n<li><a href=\"https:\/\/educastur-my.sharepoint.com\/:b:\/g\/personal\/gloriaro_educastur_org\/EciCRb4nx-5NmFT1UhBYNikBvnebWcYuOmCYdtJ5KnNJog?e=z1Rl4h\">\u00d3PCI\u00d3N DE ENSE\u00d1ANZA DE LENGUA ASTURIANA O CULTURA ASTURIANA<\/a>.<\/li>\n<li><a href=\"https:\/\/educastur-my.sharepoint.com\/:b:\/g\/personal\/gloriaro_educastur_org\/EYiB6QFWeWJBiPbHdL0ZZYkBqfC529e_YoXkupemdNnoYg?e=suYxb9\">AUTORIZACI\u00d3N PARA EL USO DE IM\u00c1GENES<\/a>.<\/li>\n<\/ul>\n","protected":false},"excerpt":{"rendered":"","protected":false},"author":1658,"featured_media":0,"parent":310,"menu_order":5,"comment_status":"closed","ping_status":"closed","template":"","meta":{"footnotes":""},"class_list":["post-1072","page","type-page","status-publish","hentry","no-featured-image"],"_links":{"self":[{"href":"https:\/\/edublog.educastur.es\/cpgloriarodriguez\/wp-json\/wp\/v2\/pages\/1072","targetHints":{"allow":["GET"]}}],"collection":[{"href":"https:\/\/edublog.educastur.es\/cpgloriarodriguez\/wp-json\/wp\/v2\/pages"}],"about":[{"href":"https:\/\/edublog.educastur.es\/cpgloriarodriguez\/wp-json\/wp\/v2\/types\/page"}],"author":[{"embeddable":true,"href":"https:\/\/edublog.educastur.es\/cpgloriarodriguez\/wp-json\/wp\/v2\/users\/1658"}],"replies":[{"embeddable":true,"href":"https:\/\/edublog.educastur.es\/cpgloriarodriguez\/wp-json\/wp\/v2\/comments?post=1072"}],"version-history":[{"count":12,"href":"https:\/\/edublog.educastur.es\/cpgloriarodriguez\/wp-json\/wp\/v2\/pages\/1072\/revisions"}],"predecessor-version":[{"id":1902,"href":"https:\/\/edublog.educastur.es\/cpgloriarodriguez\/wp-json\/wp\/v2\/pages\/1072\/revisions\/1902"}],"up":[{"embeddable":true,"href":"https:\/\/edublog.educastur.es\/cpgloriarodriguez\/wp-json\/wp\/v2\/pages\/310"}],"wp:attachment":[{"href":"https:\/\/edublog.educastur.es\/cpgloriarodriguez\/wp-json\/wp\/v2\/media?parent=1072"}],"curies":[{"name":"wp","href":"https:\/\/api.w.org\/{rel}","templated":true}]}}