{"id":988,"date":"2023-01-23T08:46:52","date_gmt":"2023-01-23T08:46:52","guid":{"rendered":"https:\/\/edublog.educastur.es\/cpgloriarodriguez\/?page_id=988"},"modified":"2024-06-03T20:19:22","modified_gmt":"2024-06-03T18:19:22","slug":"servicio-de-madrugadores","status":"publish","type":"page","link":"https:\/\/edublog.educastur.es\/cpgloriarodriguez\/familias\/servicio-de-madrugadores\/","title":{"rendered":"Madrugadores"},"content":{"rendered":"<p><img loading=\"lazy\" decoding=\"async\" class=\"aligncenter wp-image-989 size-full\" src=\"http:\/\/edublog.educastur.es\/cpgloriarodriguez\/files\/2023\/01\/madrugadores.jpg\" alt=\"\" width=\"744\" height=\"292\" srcset=\"https:\/\/edublog.educastur.es\/cpgloriarodriguez\/files\/2023\/01\/madrugadores.jpg 744w, https:\/\/edublog.educastur.es\/cpgloriarodriguez\/files\/2023\/01\/madrugadores-300x118.jpg 300w\" sizes=\"auto, (max-width: 744px) 100vw, 744px\" \/><\/p>\n<p>&nbsp;<\/p>\n<p style=\"text-align: center\"><strong><span style=\"color: #ff0000\">Servicio gratuito<\/span><\/strong> ofertado por el Ayuntamiento de Soto del Barco<\/p>\n<p><img loading=\"lazy\" decoding=\"async\" class=\"size-full wp-image-991 aligncenter\" src=\"http:\/\/edublog.educastur.es\/cpgloriarodriguez\/files\/2023\/01\/descarga.jpeg\" alt=\"\" width=\"201\" height=\"251\" \/><\/p>\n<ul>\n<li style=\"text-align: left\">Destinado para ayudar a la conciliaci\u00f3n familiar.<\/li>\n<li style=\"text-align: left\">Horario: <strong><span style=\"font-size: 18pt;color: #0000ff\">7:30 a 9:00<\/span> horas de lunes a viernes<\/strong><\/li>\n<li style=\"text-align: left\">Se organizan juegos y otras actividades l\u00fadicas de acompa\u00f1amiento.<\/li>\n<\/ul>\n<p>&nbsp;<\/p>\n<p>En el caso de cubrir el cupo de plazas, el uso se har\u00e1:<\/p>\n<ol>\n<li>Por justificaci\u00f3n laboral de los progenitores.<\/li>\n<li>Por riguroso orden de inscripci\u00f3n o informaci\u00f3n a la monitora.<\/li>\n<\/ol>\n<p>&nbsp;<\/p>\n<p><span style=\"color: #ff0000;font-size: 18pt\"><strong>NORMAS B\u00c1SICAS <\/strong>(la familia que deja a su hijo\/a en el servicio de madrugadores, acepta las siguientes normas):<\/span><\/p>\n<ul>\n<li><span style=\"color: #ff0000\">Avisar con 24 horas de antelaci\u00f3n a la monitora, siempre que sea posible.<\/span><\/li>\n<li><span style=\"color: #ff0000\">El ni\u00f1o o ni\u00f1a que se queda deber\u00e1 tener cubierta la autorizaci\u00f3n materna\/paterna debidamente firmada y entregada a la monitora.<\/span><\/li>\n<li><span style=\"color: #ff0000\">En el caso de tenerlo que dejar por necesidad o situaci\u00f3n sobrevenida el mismo d\u00eda, depender\u00e1 si hay plazas libres para su acogida. Si no hay plazas, no podr\u00e1 quedarse bajo ning\u00fan concepto.<\/span><\/li>\n<li><span style=\"color: #ff0000\">El l\u00edmite de plazas es de 15 ni\u00f1os\/as por d\u00eda.<\/span><\/li>\n<li><span style=\"color: #ff0000\">La prioridad de acogida es por riguroso orden de petici\u00f3n. En caso de necesidad, si se ha cubierto el cupo en el d\u00eda, <strong>no se podr\u00e1 dejar al ni\u00f1o\/a<\/strong>.<\/span><\/li>\n<li><span style=\"color: #ff0000\">Aunque es aconsejable que vengan desayunados, pueden traer algo para comer, y se les acompa\u00f1a con lo que traigan de casa.<\/span><\/li>\n<li><span style=\"color: #ff0000\">Si el ni\u00f1o\/a est\u00e1 enfermo, no se podr\u00e1 quedar, por precauci\u00f3n y protecci\u00f3n del menor (dolor severo, fiebre m\u00e1s de 37,5\u00ba, enfermedad infecto-contagiosa&#8230;).<\/span><\/li>\n<\/ul>\n<p style=\"text-align: center\">Actualmente hay <strong><span style=\"color: #339966;font-size: 24pt\">plazas libres<\/span><\/strong><\/p>\n<p>&nbsp;<\/p>\n<p style=\"text-align: center\">En caso de querer utilizar el servicio ponerse en contacto con la <strong>Monitora\u00a0<span style=\"font-size: 14pt;color: #800080\">Mar<\/span><\/strong><\/p>\n<p style=\"text-align: center\"><span style=\"font-size: 18pt\"><strong>605 43 33 44<\/strong><\/span><\/p>\n","protected":false},"excerpt":{"rendered":"<p>&nbsp; Servicio gratuito ofertado por el Ayuntamiento de Soto del Barco Destinado para ayudar a la conciliaci\u00f3n familiar. Horario: 7:30 a 9:00 horas de lunes a viernes Se organizan juegos y otras actividades l\u00fadicas de acompa\u00f1amiento. &nbsp; En el caso de cubrir el cupo de plazas, el uso se har\u00e1: Por justificaci\u00f3n laboral de los &hellip; <a href=\"https:\/\/edublog.educastur.es\/cpgloriarodriguez\/familias\/servicio-de-madrugadores\/\" class=\"more-link\">Seguir leyendo <span class=\"screen-reader-text\">Madrugadores<\/span><\/a><\/p>\n","protected":false},"author":1658,"featured_media":0,"parent":30,"menu_order":5,"comment_status":"closed","ping_status":"closed","template":"","meta":{"footnotes":""},"class_list":["post-988","page","type-page","status-publish","hentry","no-featured-image"],"_links":{"self":[{"href":"https:\/\/edublog.educastur.es\/cpgloriarodriguez\/wp-json\/wp\/v2\/pages\/988","targetHints":{"allow":["GET"]}}],"collection":[{"href":"https:\/\/edublog.educastur.es\/cpgloriarodriguez\/wp-json\/wp\/v2\/pages"}],"about":[{"href":"https:\/\/edublog.educastur.es\/cpgloriarodriguez\/wp-json\/wp\/v2\/types\/page"}],"author":[{"embeddable":true,"href":"https:\/\/edublog.educastur.es\/cpgloriarodriguez\/wp-json\/wp\/v2\/users\/1658"}],"replies":[{"embeddable":true,"href":"https:\/\/edublog.educastur.es\/cpgloriarodriguez\/wp-json\/wp\/v2\/comments?post=988"}],"version-history":[{"count":11,"href":"https:\/\/edublog.educastur.es\/cpgloriarodriguez\/wp-json\/wp\/v2\/pages\/988\/revisions"}],"predecessor-version":[{"id":1802,"href":"https:\/\/edublog.educastur.es\/cpgloriarodriguez\/wp-json\/wp\/v2\/pages\/988\/revisions\/1802"}],"up":[{"embeddable":true,"href":"https:\/\/edublog.educastur.es\/cpgloriarodriguez\/wp-json\/wp\/v2\/pages\/30"}],"wp:attachment":[{"href":"https:\/\/edublog.educastur.es\/cpgloriarodriguez\/wp-json\/wp\/v2\/media?parent=988"}],"curies":[{"name":"wp","href":"https:\/\/api.w.org\/{rel}","templated":true}]}}