{"id":112,"date":"2020-09-29T16:52:53","date_gmt":"2020-09-29T16:52:53","guid":{"rendered":"https:\/\/edublog.educastur.es\/cultura\/?page_id=112"},"modified":"2020-09-29T17:02:51","modified_gmt":"2020-09-29T17:02:51","slug":"contenidos","status":"publish","type":"page","link":"https:\/\/edublog.educastur.es\/cultura\/contenidos\/","title":{"rendered":"Contenidos"},"content":{"rendered":"<p><img loading=\"lazy\" decoding=\"async\" class=\"aligncenter wp-image-367\" src=\"http:\/\/edublog.educastur.es\/corredoria3\/files\/2020\/08\/07_cultura-300x256.png\" alt=\"\" width=\"150\" height=\"128\" \/><\/p>\n<p><span style=\"font-size: 14pt\"><em><strong>Cultura Asturiana<\/strong> es una asignatura optativa y diferente a<strong> Llingua Asturiana y Lliteratura.<\/strong><\/em><\/span><\/p>\n<p><span style=\"font-size: 14pt\"><em>Las tareas propuestas por las tutoras y los tutores estar\u00e1n<strong> enlazadas y expuestas en los distintos cursos<\/strong> de Educaci\u00f3n Primaria.<\/em><\/span><\/p>\n<div class=\"posts\">\n<article id=\"post-20\" class=\"post-20 page type-page status-publish hentry\">\n<div class=\"post-content entry-content\">\n<ul>\n<li><span style=\"font-size: 14pt\"><em><strong>Su elecci\u00f3n y\/o cambio se actualiza a final de cada curso escolar, durante el peri\u00f3do de matr\u00edcula.<\/strong><\/em><\/span><\/li>\n<li><span style=\"font-size: 14pt\"><em>Las<strong> tareas escolares <\/strong>y<strong> Evaluaci\u00f3n <\/strong>de Cultura Asturiana <strong>corresponde a la tutora\/tutor de cada curso<\/strong>, responsable de dicha materia. <strong><br \/>\n<\/strong><\/em><\/span><\/li>\n<li><span style=\"font-size: 14pt\"><em>Decreto 82\/2014, de 28 de agosto, por el que se regula la ordenaci\u00f3n y establece el <strong>curr\u00edculo de la E. Primaria en el Principado de Asturias.<\/strong><\/em><em><a href=\"https:\/\/www.educastur.es\/documents\/10531\/40578\/2014-08+Decreto+curr%C3%ADculo+Educaci%C3%B3n+Primaria+%28zip%29\/923ed504-d3c7-4fd4-bfb1-6def924bfd5e\">Consultar decreto. BOPA de 30 de agosto de 2014<\/a> [pdf]<\/em><\/span><\/li>\n<li><span style=\"font-size: 14pt\"><em><strong>Curr\u00edculo Educaci\u00f3n Primaria <\/strong>y relaci\u00f3n entre criterios de evaluaci\u00f3n y est\u00e1ndares de aprendizaje evaluables.<\/em><em><a href=\"https:\/\/www.educastur.es\/documents\/10531\/40578\/2014-08+Publicaci%C3%B3n+curr%C3%ADculo+Educaci%C3%B3n+Primaria+%28pdf%29\/acde98a4-4b20-4c51-a4eb-05fc36fc8e44\">Consultar publicaci\u00f3n<\/a> [pdf]\u00a0 <\/em><em><strong><span style=\"color: #008080\">P\u00e1gina 335<\/span>\u00a0 <\/strong>Lengua Asturiana y Literatura, <\/em><em><span style=\"color: #008080\"><strong>P\u00e1gina 373\u00a0<\/strong><\/span> Cultura Asturiana<\/em><\/span><\/li>\n<\/ul>\n<p>&nbsp;<\/p>\n<div class=\"articulo-block-fecha-pub\">\n<p><img loading=\"lazy\" decoding=\"async\" class=\"aligncenter size-full wp-image-78\" src=\"http:\/\/edublog.educastur.es\/corredoria3\/files\/2020\/08\/optativas.jpg\" alt=\"\" width=\"801\" height=\"503\" \/><\/p>\n<\/div>\n<ul>\n<li><strong><a href=\"https:\/\/drive.google.com\/file\/d\/1EqRW27zrQu735he7_rAaMGX8L0JBYUig\/view?usp=sharing\">P\u00e1g. 373 &#8211; Cultura Asturiana<\/a><\/strong><\/li>\n<\/ul>\n<p>&nbsp;<\/p>\n<p><strong>\n<!-- iframe plugin v.6.0 wordpress.org\/plugins\/iframe\/ -->\n<iframe loading=\"lazy\" src=\"https:\/\/drive.google.com\/file\/d\/1EqRW27zrQu735he7_rAaMGX8L0JBYUig\/preview\" width=\"704\" height=\"980\" 0=\"\/iframe\" scrolling=\"yes\" class=\"iframe-class\" frameborder=\"0\"><\/iframe>\n <\/strong><\/p>\n<p><span style=\"color: #800000\"><strong><em>Puedes ampliar el documento para leer mejor, haciendo clic en la flecha superior derecha.<\/em><\/strong><\/span><\/p>\n<\/div>\n<ul>\n<li><a href=\"https:\/\/drive.google.com\/file\/d\/1kc3queqtvdRH6oSSvTdSFHa3XYAOjnGS\/view?usp=sharing\"><strong>CONTENIDOS de Cultura Asturiana<\/strong><\/a><\/li>\n<\/ul>\n<p><strong>\n<!-- iframe plugin v.6.0 wordpress.org\/plugins\/iframe\/ -->\n<iframe loading=\"lazy\" src=\"https:\/\/drive.google.com\/file\/d\/1kc3queqtvdRH6oSSvTdSFHa3XYAOjnGS\/preview\" width=\"736\" height=\"552\" 0=\"\/iframe\" scrolling=\"yes\" class=\"iframe-class\" frameborder=\"0\"><\/iframe>\n <\/strong><\/p>\n<\/article>\n<p><span style=\"color: #800000\"><strong><em>Puedes ampliar el documento para leer mejor, haciendo clic en la flecha superior derecha.<\/em><\/strong><\/span><\/p>\n<\/div>\n<p>&nbsp;<\/p>\n","protected":false},"excerpt":{"rendered":"<p>Cultura Asturiana es una asignatura optativa y diferente a Llingua Asturiana y Lliteratura. Las tareas propuestas por las tutoras y los tutores estar\u00e1n enlazadas y expuestas en los distintos cursos de Educaci\u00f3n Primaria. Su elecci\u00f3n y\/o cambio se actualiza a final de cada curso escolar, durante el peri\u00f3do de matr\u00edcula. Las tareas escolares y Evaluaci\u00f3n [&hellip;]<\/p>\n","protected":false},"author":117,"featured_media":0,"parent":0,"menu_order":1,"comment_status":"closed","ping_status":"closed","template":"","meta":{"footnotes":""},"class_list":["post-112","page","type-page","status-publish","hentry","post-preview"],"_links":{"self":[{"href":"https:\/\/edublog.educastur.es\/cultura\/wp-json\/wp\/v2\/pages\/112","targetHints":{"allow":["GET"]}}],"collection":[{"href":"https:\/\/edublog.educastur.es\/cultura\/wp-json\/wp\/v2\/pages"}],"about":[{"href":"https:\/\/edublog.educastur.es\/cultura\/wp-json\/wp\/v2\/types\/page"}],"author":[{"embeddable":true,"href":"https:\/\/edublog.educastur.es\/cultura\/wp-json\/wp\/v2\/users\/117"}],"replies":[{"embeddable":true,"href":"https:\/\/edublog.educastur.es\/cultura\/wp-json\/wp\/v2\/comments?post=112"}],"version-history":[{"count":1,"href":"https:\/\/edublog.educastur.es\/cultura\/wp-json\/wp\/v2\/pages\/112\/revisions"}],"predecessor-version":[{"id":113,"href":"https:\/\/edublog.educastur.es\/cultura\/wp-json\/wp\/v2\/pages\/112\/revisions\/113"}],"wp:attachment":[{"href":"https:\/\/edublog.educastur.es\/cultura\/wp-json\/wp\/v2\/media?parent=112"}],"curies":[{"name":"wp","href":"https:\/\/api.w.org\/{rel}","templated":true}]}}