{"id":28,"date":"2020-07-28T16:06:11","date_gmt":"2020-07-28T16:06:11","guid":{"rendered":"https:\/\/edublog.educastur.es\/cultura\/?page_id=28"},"modified":"2021-03-29T10:39:49","modified_gmt":"2021-03-29T10:39:49","slug":"horreo","status":"publish","type":"page","link":"https:\/\/edublog.educastur.es\/cultura\/construccion\/horreo\/","title":{"rendered":"H\u00d3RREO"},"content":{"rendered":"<h3 style=\"text-align: center\"><a href=\"https:\/\/pbs.twimg.com\/media\/EtDNQqHXAAE_3U4?format=jpg&amp;name=4096x4096\"><img loading=\"lazy\" decoding=\"async\" class=\"aligncenter\" src=\"https:\/\/pbs.twimg.com\/media\/EtDNQqHXAAE_3U4?format=jpg&amp;name=4096x4096\" alt=\"\" width=\"564\" height=\"437\" \/><\/a><\/h3>\n<p style=\"text-align: center\"><a href=\"https:\/\/imgbox.es\/images\/2021\/03\/29\/panoyesc3e78684a9e404b5.jpg\"><img loading=\"lazy\" decoding=\"async\" class=\"alignnone\" src=\"https:\/\/imgbox.es\/images\/2021\/03\/29\/panoyesc3e78684a9e404b5.jpg\" alt=\"\" width=\"531\" height=\"531\" \/><\/a><\/p>\n<h3><em>Art\u00edculu: H\u00f3rreos y paneras en el Inventario del Patrimonio Cultural de Asturias. <\/em>18\/04\/2020 <a href=\"https:\/\/territoriomuseo.com\/noticias\/show\/928-horreos-y-paneras-en-el-inventario-del-patrimonio-cultural-de-asturias?fbclid=IwAR2dlliN_v1_86QpIC5j2OB7od3Hn-Z9pq4HphkPlfsGB2a6iGXuMmTogPs\" target=\"_blank\" rel=\"noopener noreferrer\"><em><u>Ver art\u00edculu.<\/u><\/em><\/a><\/h3>\n<p><img loading=\"lazy\" decoding=\"async\" class=\"\" src=\"https:\/\/territoriomuseo.com\/images\/uploads\/noticia\/foto\/928\/beyuscu-grande.jpg?1587237374\" alt=\"H\u00f3rreos y paneras en el Inventario del Patrimonio Cultural de Asturias\" width=\"382\" height=\"259\" \/><\/p>\n<p><em><span style=\"font-size: 14pt\">Aunque no son, ni mucho menos, todos los que deber\u00edan estar, existen en Asturias un listado de 57 graneros elevados o peque\u00f1os conjuntos de ellos para los que la legislaci\u00f3n<\/span><\/em><br \/>\n<em><span style=\"font-size: 14pt\">concreta una protecci\u00f3n espec\u00edfica, m\u00e1s all\u00e1 de la gen\u00e9rica que establece la ley de patrimonio auton\u00f3mica (Ley del Principado de Asturias 1\/2001, de 6 de marzo de Patrimonio Cultural).<\/span><\/em><\/p>\n<p><em><span style=\"font-size: 14pt\">A lo largo del a\u00f1o 2018, el Servicio de Protecci\u00f3n, Conservaci\u00f3n y Difusi\u00f3n del Patrimonio Cultural de la Consejer\u00eda de Cultura, Pol\u00edtica Lling\u00fc\u00edstica y Turismo del Principado de Asturias procedi\u00f3 <\/span><\/em><em><span style=\"font-size: 14pt\">a la declaraci\u00f3n como bienes integrantes del Inventario del Patrimonio Cultural de Asturias (IPCA) de una serie de h\u00f3rreos y paneras (no se incluyeron cabazos) sobre los se consider\u00f3 que <\/span><\/em><em><span style=\"font-size: 14pt\">exist\u00eda riesgo inminente de p\u00e9rdida o deterioro y sobre los que se ten\u00eda suficiente informaci\u00f3n para la incoaci\u00f3n de los correspondientes expedientes de protecci\u00f3n.<\/span><\/em><\/p>\n<p><em><span style=\"font-size: 14pt\">Cabe aclarar que si los Bienes de Inter\u00e9s Cultural (BIC) representan los bienes m\u00e1s relevantes del patrimonio cultural de Asturias y constituyen el mayor grado de protecci\u00f3n que podemos asignar <\/span><\/em><em><span style=\"font-size: 14pt\">a un mueble o inmueble en nuestro pa\u00eds, los bienes integrantes del Inventario del Patrimonio Cultural de Asturias (IPCA) constituyen el segundo nivel de protecci\u00f3n: en \u00e9l se integran aquellos bienes muebles e inmuebles que tengan valores patrimoniales en grado notable, salvo en aquellos casos en los que su inter\u00e9s excepcional conlleve la declaraci\u00f3n como Bien de Inter\u00e9s Cultural.<\/span><\/em><\/p>\n<p><em><span style=\"font-size: 14pt\">Los h\u00f3rreos y paneras que desde 2018 forman parte del IPCA suman un total de 57 elementos o grupos ubicados en los concejos de Amieva (7), Cangas del Narcea (5), Ibias (17), Oviedo (8), Ponga (18), Salas (1) y Somiedo (1). El listado puede descargarse del servidor del Centro de Interpretaci\u00f3n del H\u00f3rreo en <a href=\"https:\/\/territoriomuseo.com\/UserFiles\/1\/File\/Listado%20de%20Horreos%20y%20Paneras%20IPCA.pdf?fbclid=IwAR1rF51NC21BVIV_NniAb8SJLv_rju6iQTSMhDXMRaF5z09Y-j2BjeY-hQI\">este enlace<\/a>.<\/span><\/em><\/p>\n<p><a href=\"https:\/\/territoriomuseo.com\/UserFiles\/1\/Image\/AA\/beyuscu02.jpg\" target=\"_blank\" rel=\"noopener noreferrer\"><img loading=\"lazy\" decoding=\"async\" class=\"\" src=\"https:\/\/territoriomuseo.com\/UserFiles\/1\/Image\/AA\/beyuscu02.jpg\" width=\"454\" height=\"661\" align=\"left\" \/><\/a><\/p>\n<p align=\"left\"><span style=\"font-size: 14pt\"><strong>Alzados del\u00a0<em>Horru Lorenzo<\/em><em>,<\/em><\/strong><strong> en El Beyu (Ponga). <\/strong>Dibuxu d\u00b4\u00c1stur Paredes.<\/span><\/p>\n<p align=\"left\"><a href=\"https:\/\/territoriomuseo.com\/UserFiles\/1\/Image\/AA\/beyuscu01.jpg\" target=\"_blank\" rel=\"noopener noreferrer\"><img loading=\"lazy\" decoding=\"async\" src=\"https:\/\/territoriomuseo.com\/UserFiles\/1\/Image\/AA\/beyuscu01.jpg\" width=\"468\" height=\"614\" \/><\/a><\/p>\n<p align=\"left\">\u00a0<span style=\"font-size: 14pt\">Portada de la ficha del\u00a0<em>Horru Lorenzo<\/em><em>,<\/em> en El Beyu (Ponga). \u00c1stur Paredes.<\/span><\/p>\n<p align=\"left\"><span style=\"font-size: 14pt\">\u00a0<img loading=\"lazy\" decoding=\"async\" src=\"https:\/\/imgbox.es\/images\/2020\/03\/23\/separadora4a37c028d732afc.jpg\" width=\"322\" height=\"26\" \/><\/span><\/p>\n<p align=\"left\"><span style=\"font-size: 14pt\">PDF: <\/span><a href=\"https:\/\/l.facebook.com\/l.php?u=http%3A%2F%2Foa.upm.es%2F58071%2F1%2FTFG_20_Rojo_Cosio_Jaime.pdf%3Ffbclid%3DIwAR1nd45fCPkMiEL2iEAoDcLUZHEjNwCTHX83rrKVYjSyQG8FerbYawpUIck&amp;h=AT3tqiSBz1QZIWIzbNCN9O93wHvIUxokDEwZ0GSD0KCd3IgMJBukcaJUw-j6-Fc1BgHqmkmkvkiIr_J69TclUOk1EP26yQUVC26wig4eS7WlxEdHX9QScMsjlHmjcXBE5hgU4bY0QmgCLADthEhpZdRcHWO0cTbyfzZwJfieV8sCv7rhhD2bMzMxNUlBRatBAj-xlBLYiWqu3K3o8N57IvVPuRajS2KrzDWSbu3yBmyYrI_vAOjWGMeqIvQaC_kjt3Gjgd1ytFfeMtRDnyYj6ubJNIYdDasRdlHruYmjMSd-8LG126WD9gKV6kRmsaYvU3W_kY61F4-3eYA_i_PJbGYfavrS4ymt0znWr6myldKX9_Ra37Tu5Qesrjq-XyvK5-LxNoykLEgIZ6ZL89b-lePchY_1AohgCVY80zqYQU28u_3dhUw746Rldeb8TbZo-SLJCx5LDvGlvyLw7SYLqu2xEhpHG5XFSj8JlxN5Y0R2yL9idiQrXMklOagyYKD5gj1tAPM9pUhTN6DBpWpLSlcMNikbrAi2vI3v8oXtRaltzK2SxSlW5-mtgEYdFtt9jKttHlFWGDyrrYG-q7b5dTkq8mietwJFuoDj-MX50c36KxG3YOMPU2vY_1gcQq1sQn8gHw\" target=\"_blank\" rel=\"noopener noreferrer\"><span style=\"font-size: 14pt\"><strong><em>\u201cH\u00f3rreos y paneras de Asturias\u201d<\/em><\/strong> (Jaime Rojo Cos\u00edo)<\/span> <\/a><\/p>\n<p>\u00a0<img loading=\"lazy\" decoding=\"async\" src=\"https:\/\/territoriomuseo.com\/UserFiles\/1\/Image\/Pozu%20Espinos\/Camisetas_Skyline_ok1.jpg\" width=\"326\" height=\"128\" \/><\/p>\n<p><img loading=\"lazy\" decoding=\"async\" src=\"https:\/\/imgbox.es\/images\/2020\/03\/23\/separadora4a37c028d732afc.jpg\" width=\"322\" height=\"26\" \/><\/p>\n<p><img loading=\"lazy\" decoding=\"async\" src=\"https:\/\/www.territoriomuseo.com\/images\/cabecera\/mieres_territorio_museo.png\" width=\"291\" height=\"90\" \/><\/p>\n<h3><i>Art\u00edculu: H\u00f3rreos y paneras en el<br \/>\nInventario del Patrimonio Cultural<br \/>\nde Asturias. <\/i>18\/04\/2020 <a href=\"https:\/\/territoriomuseo.com\/noticias\/show\/928-horreos-y-paneras-en-el-inventario-del-patrimonio-cultural-de-asturias?fbclid=IwAR2dlliN_v1_86QpIC5j2OB7od3Hn-Z9pq4HphkPlfsGB2a6iGXuMmTogPs\" target=\"_blank\" rel=\"noopener noreferrer\"><i><u>Ver art\u00edculu.<\/u><\/i><\/a><\/h3>\n<p><img decoding=\"async\" src=\"https:\/\/territoriomuseo.com\/images\/uploads\/noticia\/foto\/928\/beyuscu-grande.jpg?1587237374\" alt=\"H\u00f3rreos y paneras en el Inventario del Patrimonio Cultural de Asturias\" \/><\/p>\n<p>Aunque no son, ni mucho menos, todos los que deber\u00edan<br \/>\nestar, existen en Asturias un listado de 57 graneros elevados<br \/>\no peque\u00f1os conjuntos de ellos para los que la legislaci\u00f3n<br \/>\nconcreta una protecci\u00f3n espec\u00edfica, m\u00e1s all\u00e1 de la<br \/>\ngen\u00e9rica que establece la ley de patrimonio auton\u00f3mica<br \/>\n(Ley del Principado de Asturias 1\/2001, de 6 de marzo<br \/>\nde Patrimonio Cultural).<\/p>\n<p>A lo largo del a\u00f1o 2018, el Servicio de Protecci\u00f3n,<br \/>\nConservaci\u00f3n y Difusi\u00f3n del Patrimonio Cultural<br \/>\nde la Consejer\u00eda de Cultura, Pol\u00edtica Lling\u00fc\u00edstica y<br \/>\nTurismo del Principado de Asturias procedi\u00f3<br \/>\na la declaraci\u00f3n como bienes integrantes del<br \/>\nInventario del Patrimonio Cultural de Asturias<br \/>\n(IPCA) de una serie de h\u00f3rreos y paneras (no se<br \/>\nincluyeron cabazos) sobre los se consider\u00f3 que<br \/>\nexist\u00eda riesgo inminente de p\u00e9rdida o deterioro<br \/>\ny sobre los que se ten\u00eda suficiente informaci\u00f3n<br \/>\npara la incoaci\u00f3n de los correspondientes<br \/>\nexpedientes de protecci\u00f3n.<\/p>\n<p>Cabe aclarar que si los Bienes de Inter\u00e9s Cultural<br \/>\n(BIC) representan los bienes m\u00e1s relevantes del<br \/>\npatrimonio cultural de Asturias y constituyen<br \/>\nel mayor grado de protecci\u00f3n que podemos asignar<br \/>\na un mueble o inmueble en nuestro pa\u00eds, los bienes<br \/>\nintegrantes del Inventario del Patrimonio Cultural<br \/>\nde Asturias (IPCA) constituyen el segundo nivel<br \/>\nde protecci\u00f3n: en \u00e9l se integran aquellos bienes<br \/>\nmuebles e inmuebles que tengan valores patri-<br \/>\nmoniales en grado notable, salvo en aquellos<br \/>\ncasos en los que su inter\u00e9s excepcional conlleve<br \/>\nla declaraci\u00f3n como Bien de Inter\u00e9s Cultural.<\/p>\n<p><i>Los h\u00f3rreos y paneras que desde 2018 forman parte<br \/>\ndel IPCA suman un total de 57 elementos o grupos<br \/>\nubicados en los concejos de Amieva (7), Cangas del<br \/>\nNarcea (5), Ibias (17), Oviedo (8), Ponga (18), Salas (1)<br \/>\ny Somiedo (1). El listado puede descargarse del servidor<br \/>\ndel Centro de Interpretaci\u00f3n del H\u00f3rreo en <a href=\"https:\/\/territoriomuseo.com\/UserFiles\/1\/File\/Listado%20de%20Horreos%20y%20Paneras%20IPCA.pdf?fbclid=IwAR1rF51NC21BVIV_NniAb8SJLv_rju6iQTSMhDXMRaF5z09Y-j2BjeY-hQI\">este enlace<\/a>.<\/i><\/p>\n<p><i> <\/i><a href=\"https:\/\/territoriomuseo.com\/UserFiles\/1\/Image\/AA\/beyuscu02.jpg\" target=\"_blank\" rel=\"noopener noreferrer\"><img loading=\"lazy\" decoding=\"async\" src=\"https:\/\/territoriomuseo.com\/UserFiles\/1\/Image\/AA\/beyuscu02.jpg\" width=\"326\" height=\"477\" align=\"left\" \/><\/a><\/p>\n<p align=\"left\"><b>Alzados del\u00a0<i>Horru Lorenzo<\/i><i>,<\/i><\/b><b>\u00a0en El Beyu (Ponga).<\/b><br \/>\nDibuxu d\u00b4\u00c1stur Paredes.<\/p>\n<p align=\"left\"><a href=\"https:\/\/territoriomuseo.com\/UserFiles\/1\/Image\/AA\/beyuscu01.jpg\" target=\"_blank\" rel=\"noopener noreferrer\"><img loading=\"lazy\" decoding=\"async\" src=\"https:\/\/territoriomuseo.com\/UserFiles\/1\/Image\/AA\/beyuscu01.jpg\" width=\"468\" height=\"614\" \/><\/a><\/p>\n<p align=\"left\">\u00a0Portada de la ficha del\u00a0<i>Horru Lorenzo<\/i><i>,<\/i>\u00a0en El Beyu (Ponga).<br \/>\n\u00c1stur Paredes.<\/p>\n<p align=\"left\">\u00a0<img loading=\"lazy\" decoding=\"async\" src=\"https:\/\/imgbox.es\/images\/2020\/03\/23\/separadora4a37c028d732afc.jpg\" width=\"322\" height=\"26\" \/><\/p>\n<p align=\"left\">PDF: <a href=\"https:\/\/l.facebook.com\/l.php?u=http%3A%2F%2Foa.upm.es%2F58071%2F1%2FTFG_20_Rojo_Cosio_Jaime.pdf%3Ffbclid%3DIwAR1nd45fCPkMiEL2iEAoDcLUZHEjNwCTHX83rrKVYjSyQG8FerbYawpUIck&amp;h=AT3tqiSBz1QZIWIzbNCN9O93wHvIUxokDEwZ0GSD0KCd3IgMJBukcaJUw-j6-Fc1BgHqmkmkvkiIr_J69TclUOk1EP26yQUVC26wig4eS7WlxEdHX9QScMsjlHmjcXBE5hgU4bY0QmgCLADthEhpZdRcHWO0cTbyfzZwJfieV8sCv7rhhD2bMzMxNUlBRatBAj-xlBLYiWqu3K3o8N57IvVPuRajS2KrzDWSbu3yBmyYrI_vAOjWGMeqIvQaC_kjt3Gjgd1ytFfeMtRDnyYj6ubJNIYdDasRdlHruYmjMSd-8LG126WD9gKV6kRmsaYvU3W_kY61F4-3eYA_i_PJbGYfavrS4ymt0znWr6myldKX9_Ra37Tu5Qesrjq-XyvK5-LxNoykLEgIZ6ZL89b-lePchY_1AohgCVY80zqYQU28u_3dhUw746Rldeb8TbZo-SLJCx5LDvGlvyLw7SYLqu2xEhpHG5XFSj8JlxN5Y0R2yL9idiQrXMklOagyYKD5gj1tAPM9pUhTN6DBpWpLSlcMNikbrAi2vI3v8oXtRaltzK2SxSlW5-mtgEYdFtt9jKttHlFWGDyrrYG-q7b5dTkq8mietwJFuoDj-MX50c36KxG3YOMPU2vY_1gcQq1sQn8gHw\" target=\"_blank\" rel=\"noopener noreferrer\"><b><i>\u00abH\u00f3rreos y paneras de Asturias\u00bb<\/i><\/b> (Jaime Rojo Cos\u00edo) <\/a><\/p>\n","protected":false},"excerpt":{"rendered":"<p>Art\u00edculu: H\u00f3rreos y paneras en el Inventario del Patrimonio Cultural de Asturias. 18\/04\/2020 Ver art\u00edculu. Aunque no son, ni mucho menos, todos los que deber\u00edan estar, existen en Asturias un listado de 57 graneros elevados o peque\u00f1os conjuntos de ellos para los que la legislaci\u00f3n concreta una protecci\u00f3n espec\u00edfica, m\u00e1s all\u00e1 de la gen\u00e9rica que [&hellip;]<\/p>\n","protected":false},"author":117,"featured_media":0,"parent":178,"menu_order":0,"comment_status":"closed","ping_status":"closed","template":"","meta":{"footnotes":""},"class_list":["post-28","page","type-page","status-publish","hentry","post-preview"],"_links":{"self":[{"href":"https:\/\/edublog.educastur.es\/cultura\/wp-json\/wp\/v2\/pages\/28","targetHints":{"allow":["GET"]}}],"collection":[{"href":"https:\/\/edublog.educastur.es\/cultura\/wp-json\/wp\/v2\/pages"}],"about":[{"href":"https:\/\/edublog.educastur.es\/cultura\/wp-json\/wp\/v2\/types\/page"}],"author":[{"embeddable":true,"href":"https:\/\/edublog.educastur.es\/cultura\/wp-json\/wp\/v2\/users\/117"}],"replies":[{"embeddable":true,"href":"https:\/\/edublog.educastur.es\/cultura\/wp-json\/wp\/v2\/comments?post=28"}],"version-history":[{"count":7,"href":"https:\/\/edublog.educastur.es\/cultura\/wp-json\/wp\/v2\/pages\/28\/revisions"}],"predecessor-version":[{"id":422,"href":"https:\/\/edublog.educastur.es\/cultura\/wp-json\/wp\/v2\/pages\/28\/revisions\/422"}],"up":[{"embeddable":true,"href":"https:\/\/edublog.educastur.es\/cultura\/wp-json\/wp\/v2\/pages\/178"}],"wp:attachment":[{"href":"https:\/\/edublog.educastur.es\/cultura\/wp-json\/wp\/v2\/media?parent=28"}],"curies":[{"name":"wp","href":"https:\/\/api.w.org\/{rel}","templated":true}]}}