{"id":455,"date":"2021-04-18T17:48:04","date_gmt":"2021-04-18T17:48:04","guid":{"rendered":"https:\/\/edublog.educastur.es\/cultura\/?page_id=455"},"modified":"2021-04-18T17:49:40","modified_gmt":"2021-04-18T17:49:40","slug":"neardentales","status":"publish","type":"page","link":"https:\/\/edublog.educastur.es\/cultura\/historia\/neardentales\/","title":{"rendered":"Neardentales"},"content":{"rendered":"<ul>\n<li class=\"a_t | font_secondary color_gray_ultra_dark \"><span style=\"font-size: 14pt\"><strong><em><a href=\"https:\/\/elpais.com\/ciencia\/2021-04-14\/en-que-area-geografica-tuvo-lugar-el-cruce-entre-neandertales-y-sapiens.html?utm_source=Facebook&amp;ssm=FB_CM&amp;fbclid=IwAR3PJsu0UH0kVlr2KhtseMBcrE09aHJxuvn3nJq7iHvNg67AWj91VjKUxFw#Echobox=1618402577\">El Pa\u00eds: \u00bfEn qu\u00e9 \u00e1rea geogr\u00e1fica tuvo lugar el cruce entre neandertales y sapiens?<\/a><\/em><\/strong><\/span><\/li>\n<\/ul>\n<div id=\"article_header\" class=\"a_hg basic | \">\n<h2 class=\"a_st font_secondary color_gray_dark \">Las dos especies se mezclaron en Oriente Pr\u00f3ximo, en Asia Central y tambi\u00e9n en Europa<\/h2>\n<\/div>\n<figure class=\"lead_art |  \"><img loading=\"lazy\" decoding=\"async\" class=\"block width_full\" src=\"https:\/\/imagenes.elpais.com\/resizer\/tki9SYYri-G9KnS1b-3b9mYC3IU=\/414x0\/filters:focal(348x134:358x144)\/cloudfront-eu-central-1.images.arcpublishing.com\/prisa\/Q7T75DFL2RBKPG4MRQRKFBYXI4.jpg\" alt=\"Recreaci\u00f3n de una mujer neandertal.\" width=\"828\" height=\"466\" \/><figcaption class=\"f_c | color_gray_medium border_bottom border_1 border_gray padding_vertical text_align_right\">Recreaci\u00f3n de una mujer neandertal.<\/figcaption><\/figure>\n<header class=\"a_h | col desktop_12 tablet_8 mobile_4\">\n<div class=\"a_by | margin_bottom_lg  \">\n<div class=\"a_pt | uppercase color_gray_medium_lighter \"><span class=\"a_aut | margin_bottom uppercase flex align_items_center margin_right\">M. Gema Chac\u00f3n<\/span><a id=\"article_date\" class=\"a_ti\" href=\"https:\/\/elpais.com\/hemeroteca\/2021-04-14\/\" data-date=\"2021-04-14T11:40:37.575Z\"> 14 abr 2021 &#8211; 13:40 <abbr title=\" Central European Summer Time\">CEST<\/abbr><\/a><\/div>\n<\/div>\n<\/header>\n<div class=\"a_w | col desktop_8 tablet_8 mobile_4\">\n<div id=\"ctn_article_body\" class=\"a_b article_body | color_gray_dark\">\n<p class=\"\">La respuesta a tu pregunta est\u00e1 totalmente ligada a la actualidad porque el pasado mi\u00e9rcoles, 7 de abril, se publicaron dos <a href=\"https:\/\/elpais.com\/ciencia\/2021-04-07\/el-genoma-mas-antiguo-de-un-europeo-desvela-sexo-continuo-con-los-neandertales.html\" data-link-track-dtm=\"\">art\u00edculos que han ampliado y modificado un poco las ideas<\/a> que ten\u00edamos previamente sobre el cruce entre neandertales y sapiens. Hasta no hace mucho, gracias tanto al registro arqueol\u00f3gico como a la investigaci\u00f3n gen\u00e9tica, pens\u00e1bamos que los neandertales y los sapiens se hab\u00edan cruzado en el \u00e1rea de Oriente Pr\u00f3ximo.<\/p>\n<section id=\"ctn_closed_article\" class=\"login_register | color_black margin_vertical_sm text_align_center width_full border_bottom border_6 border_gray_ultra_light_3 relative login_register_clear\">\n<div class=\"padding border_bottom border_left border_right border_1 border_gray_ultra_light_alt_2\">\n<hr \/>\n<h3 class=\"uppercase margin_bottom margin_top_sm\"><\/h3>\n<\/div>\n<\/section>\n<\/div>\n<\/div>\n","protected":false},"excerpt":{"rendered":"<p>El Pa\u00eds: \u00bfEn qu\u00e9 \u00e1rea geogr\u00e1fica tuvo lugar el cruce entre neandertales y sapiens? Las dos especies se mezclaron en Oriente Pr\u00f3ximo, en Asia Central y tambi\u00e9n en Europa Recreaci\u00f3n de una mujer neandertal. M. Gema Chac\u00f3n 14 abr 2021 &#8211; 13:40 CEST La respuesta a tu pregunta est\u00e1 totalmente ligada a la actualidad porque [&hellip;]<\/p>\n","protected":false},"author":117,"featured_media":0,"parent":188,"menu_order":0,"comment_status":"closed","ping_status":"closed","template":"","meta":{"footnotes":""},"class_list":["post-455","page","type-page","status-publish","hentry","post-preview"],"_links":{"self":[{"href":"https:\/\/edublog.educastur.es\/cultura\/wp-json\/wp\/v2\/pages\/455","targetHints":{"allow":["GET"]}}],"collection":[{"href":"https:\/\/edublog.educastur.es\/cultura\/wp-json\/wp\/v2\/pages"}],"about":[{"href":"https:\/\/edublog.educastur.es\/cultura\/wp-json\/wp\/v2\/types\/page"}],"author":[{"embeddable":true,"href":"https:\/\/edublog.educastur.es\/cultura\/wp-json\/wp\/v2\/users\/117"}],"replies":[{"embeddable":true,"href":"https:\/\/edublog.educastur.es\/cultura\/wp-json\/wp\/v2\/comments?post=455"}],"version-history":[{"count":4,"href":"https:\/\/edublog.educastur.es\/cultura\/wp-json\/wp\/v2\/pages\/455\/revisions"}],"predecessor-version":[{"id":459,"href":"https:\/\/edublog.educastur.es\/cultura\/wp-json\/wp\/v2\/pages\/455\/revisions\/459"}],"up":[{"embeddable":true,"href":"https:\/\/edublog.educastur.es\/cultura\/wp-json\/wp\/v2\/pages\/188"}],"wp:attachment":[{"href":"https:\/\/edublog.educastur.es\/cultura\/wp-json\/wp\/v2\/media?parent=455"}],"curies":[{"name":"wp","href":"https:\/\/api.w.org\/{rel}","templated":true}]}}