{"id":468,"date":"2024-02-10T08:45:34","date_gmt":"2024-02-10T08:45:34","guid":{"rendered":"https:\/\/edublog.educastur.es\/eaotablon\/?page_id=468"},"modified":"2024-12-09T11:08:37","modified_gmt":"2024-12-09T11:08:37","slug":"reasmus","status":"publish","type":"page","link":"https:\/\/edublog.educastur.es\/eaotablon\/reasmus\/","title":{"rendered":"Erasmus+"},"content":{"rendered":"<p><strong><span style=\"font-family: arial, helvetica, sans-serif;font-size: 14pt\">Convocatorias ERASMUS Alumnado:<\/span><\/strong><\/p>\n<p style=\"padding-left: 40px\"><span style=\"font-family: arial, helvetica, sans-serif\"><strong>Convocatoria 1<\/strong><br \/>\n<strong><a href=\"http:\/\/edublog.educastur.es\/eaotablon\/files\/2024\/12\/Convocatoria1-alumnos-2025_con-solicitud-Anexa.pdf\" target=\"_blank\" rel=\"noopener\">Convocatoria Alumnado 2025 con solicitud anexa<\/a><\/strong><\/span><br \/>\n<span style=\"font-family: arial, helvetica, sans-serif\">Becas de movilidad para estudios o pr\u00e1cticas en Pa\u00edses del programa (Acci\u00f3n KA131). P<\/span><span style=\"font-family: arial, helvetica, sans-serif\">eriodo de movilidad: curso 2025\/2026.<\/span><br \/>\n<span style=\"font-family: arial, helvetica, sans-serif\">Plazo presentaci\u00f3n: 10 de enero 2025<\/span><\/p>\n<p style=\"padding-left: 40px\"><span style=\"font-family: arial, helvetica, sans-serif\"><strong> Convocatoria 2<\/strong>\u00a0 <strong><br \/>\n<a href=\"http:\/\/edublog.educastur.es\/eaotablon\/files\/2024\/12\/Convocatoria-2-Erasmus-Balcanes-Alumnos-Curso-24-25.pdf\" target=\"_blank\" rel=\"noopener\">Convocatoria Erasmus Balcanes Alumnado Curso 24-25<\/a><br \/>\n<a href=\"http:\/\/edublog.educastur.es\/eaotablon\/files\/2024\/12\/Formulario-Solicitud-Erasmus-Alumnado.pdf\" target=\"_blank\" rel=\"noopener\">Formulario de solicitud<\/a><\/strong><\/span><br \/>\n<span style=\"font-family: arial, helvetica, sans-serif\">Becas de movilidad para estudios en Pa\u00edses asociados &#8211; Balcanes (Acci\u00f3n KA171). P<\/span><span style=\"font-family: arial, helvetica, sans-serif\">eriodo de movilidad: segundo cuatrimestre del curso 2024\/2025.<\/span><br \/>\n<span style=\"font-family: arial, helvetica, sans-serif\">Plazo presentaci\u00f3n: 20 de diciembre 2024<\/span><\/p>\n<p>&nbsp;<\/p>\n<p><span style=\"font-family: arial, helvetica, sans-serif;font-size: 14pt\"><strong>Programa ERASMUS+ Convocatoria-2. Personal Docente 24-25.<br \/>\nProyecto 2023:<\/strong><\/span><\/p>\n<p style=\"padding-left: 40px\"><a href=\"http:\/\/edublog.educastur.es\/eaotablon\/files\/2024\/11\/Convocatoria2-Personal-24-25-Proyecto-2023.pdf\" target=\"_blank\" rel=\"noopener\"><strong><span style=\"font-family: arial, helvetica, sans-serif\">Convocatoria curso 2024\/2025<\/span><\/strong><\/a><\/p>\n<p>&nbsp;<\/p>\n<p><span style=\"font-size: 14pt\"><strong><span style=\"font-family: arial, helvetica, sans-serif\">Proyecto ERASMUS+ Convocatoria de movilidad para personal.<br \/>\nProyecto KA-171 Consorcio CARTES 2024:<\/span><\/strong><\/span><\/p>\n<p style=\"padding-left: 40px\"><span style=\"font-family: arial, helvetica, sans-serif\"><a href=\"http:\/\/edublog.educastur.es\/eaotablon\/files\/2024\/04\/Convocatoria-ERSMUS-CARTES-2023-24.pdf\" target=\"_blank\" rel=\"noopener\"><strong>Convocatoria ERASMUS CARTES 2023-24<\/strong><\/a><\/span><\/p>\n<p style=\"padding-left: 40px\"><a href=\"http:\/\/edublog.educastur.es\/eaotablon\/files\/2024\/04\/FormularioSolicitudMovilidadDocentesErasmus.pdf\" target=\"_blank\" rel=\"noopener\"><strong><span style=\"font-family: arial, helvetica, sans-serif\">Formulario Solicitud Movilidad Docentes Erasmus<\/span><\/strong><\/a><\/p>\n<p>&nbsp;<\/p>\n<p><span style=\"font-family: arial, helvetica, sans-serif;font-size: 14pt\"><strong>Convocatoria ERASMUS:<br \/>\n<\/strong><\/span><\/p>\n<p style=\"padding-left: 40px\"><span style=\"font-family: arial, helvetica, sans-serif\"><strong><a href=\"http:\/\/edublog.educastur.es\/eaotablon\/files\/2024\/03\/Convocatoria-alumnos-2024_con-solicitud-Anexa.pdf\" target=\"_blank\" rel=\"noopener\">Convocatoria Erasmus Alumnado 2024 con Solicitud Anexa<\/a><\/strong><\/span><\/p>\n<p style=\"padding-left: 40px\"><strong><a href=\"http:\/\/edublog.educastur.es\/eaotablon\/files\/2024\/03\/Convocatoria_Erasmus_Profesorado-2024.pdf\" target=\"_blank\" rel=\"noopener\"><span style=\"font-family: arial, helvetica, sans-serif\">Convocatoria Erasmus Profesorado 2024 con Solicitud Anexa<\/span><\/a><\/strong><\/p>\n<p>&nbsp;<\/p>\n<p><strong><a href=\"http:\/\/edublog.educastur.es\/eaotablon\/files\/2024\/02\/Declaracion-de-Politica-Erasmus.pdf\" target=\"_blank\" rel=\"noopener\"><span style=\"font-family: arial, helvetica, sans-serif\">Declaraci\u00f3n de Pol\u00edtica Erasmus<\/span><\/a><\/strong><\/p>\n","protected":false},"excerpt":{"rendered":"<p>Convocatorias ERASMUS Alumnado: Convocatoria 1 Convocatoria Alumnado 2025 con solicitud anexa Becas de movilidad para estudios o pr\u00e1cticas en Pa\u00edses del programa (Acci\u00f3n KA131). Periodo de movilidad: curso 2025\/2026. Plazo presentaci\u00f3n: 10 de enero 2025 Convocatoria 2\u00a0 Convocatoria Erasmus Balcanes Alumnado Curso 24-25 Formulario de solicitud Becas de movilidad para estudios en Pa\u00edses asociados &#8211;&hellip; <a href=\"https:\/\/edublog.educastur.es\/eaotablon\/reasmus\/\" class=\"more-link\">Seguir leyendo <span class=\"screen-reader-text\">Erasmus+<\/span><\/a><\/p>\n","protected":false},"author":3115,"featured_media":0,"parent":0,"menu_order":0,"comment_status":"closed","ping_status":"closed","template":"templates\/full-width-page.php","meta":{"footnotes":""},"class_list":["post-468","page","type-page","status-publish","hentry","without-featured-image"],"_links":{"self":[{"href":"https:\/\/edublog.educastur.es\/eaotablon\/wp-json\/wp\/v2\/pages\/468","targetHints":{"allow":["GET"]}}],"collection":[{"href":"https:\/\/edublog.educastur.es\/eaotablon\/wp-json\/wp\/v2\/pages"}],"about":[{"href":"https:\/\/edublog.educastur.es\/eaotablon\/wp-json\/wp\/v2\/types\/page"}],"author":[{"embeddable":true,"href":"https:\/\/edublog.educastur.es\/eaotablon\/wp-json\/wp\/v2\/users\/3115"}],"replies":[{"embeddable":true,"href":"https:\/\/edublog.educastur.es\/eaotablon\/wp-json\/wp\/v2\/comments?post=468"}],"version-history":[{"count":34,"href":"https:\/\/edublog.educastur.es\/eaotablon\/wp-json\/wp\/v2\/pages\/468\/revisions"}],"predecessor-version":[{"id":748,"href":"https:\/\/edublog.educastur.es\/eaotablon\/wp-json\/wp\/v2\/pages\/468\/revisions\/748"}],"wp:attachment":[{"href":"https:\/\/edublog.educastur.es\/eaotablon\/wp-json\/wp\/v2\/media?parent=468"}],"curies":[{"name":"wp","href":"https:\/\/api.w.org\/{rel}","templated":true}]}}