{"id":112,"date":"2023-08-23T11:38:31","date_gmt":"2023-08-23T11:38:31","guid":{"rendered":"https:\/\/edublog.educastur.es\/edulgtbi\/?page_id=112"},"modified":"2023-10-15T12:38:34","modified_gmt":"2023-10-15T12:38:34","slug":"220603-observatorio-contra-lgtbifobia","status":"publish","type":"page","link":"https:\/\/edublog.educastur.es\/edulgtbi\/entidades\/220603-observatorio-contra-lgtbifobia\/","title":{"rendered":"Observatorio contra LGTBIfobia"},"content":{"rendered":"<p>&nbsp;<\/p>\n<div class=\"date-posts\">\n<div class=\"post-outer\">\n<div class=\"post hentry uncustomized-post-template\">\n<blockquote>\n<h3 class=\"post-title entry-title\"><a href=\"https:\/\/rededucativasturlgtbi.blogspot.com\/2022\/06\/ya-formamos-parte-del-observatorio.html\">\u00a0Observatorio Asturiano contra la LGTBIfobia<\/a><\/h3>\n<\/blockquote>\n<div id=\"post-body-765003808684283822\" class=\"post-body entry-content\">\n<ul>\n<li><a href=\"https:\/\/transparencia.asturias.es\/ast\/detalle\/-\/categories\/694424?p_r_p_categoryId=694424&amp;_com_liferay_asset_categories_navigation_web_portlet_AssetCategoriesNavigationPortlet_articleId=1121679&amp;articleId=1121679&amp;title=Observatorio%20Asturiano%20contra%20la%20LGTBIfobia&amp;redirect=https%3A%2F%2Ftransparencia.asturias.es%2Fast%2Fgeneral%2F-%2Fcategories%2F694424%3Fp_r_p_categoryId%3D694424\">Info institucional:<\/a><\/li>\n<\/ul>\n<p><em>\u00a0<\/em><\/p>\n<\/div>\n<p style=\"text-align: center\"><a href=\"https:\/\/edublog.educastur.es\/edulgtbi\/files\/2023\/07\/358602877_587040973599873_1264207815403374697_n.jpg\"><img loading=\"lazy\" decoding=\"async\" class=\"aligncenter \" src=\"https:\/\/edublog.educastur.es\/edulgtbi\/files\/2023\/07\/358602877_587040973599873_1264207815403374697_n.jpg\" width=\"683\" height=\"683\" \/><\/a><a href=\"https:\/\/encrypted-tbn0.gstatic.com\/images?q=tbn:ANd9GcTR28kVyfgd3qwCkn2ICP6JNBpKea-RZS3fF5sLEuFyAkmWuml3Qyn-alg-FidZmJD8Ug&amp;usqp=CAU\"><img loading=\"lazy\" decoding=\"async\" class=\"aligncenter \" src=\"https:\/\/encrypted-tbn0.gstatic.com\/images?q=tbn:ANd9GcTR28kVyfgd3qwCkn2ICP6JNBpKea-RZS3fF5sLEuFyAkmWuml3Qyn-alg-FidZmJD8Ug&amp;usqp=CAU\" width=\"328\" height=\"35\" \/><\/a><\/p>\n<div id=\"post-body-765003808684283822\" class=\"post-body entry-content\">\n<p style=\"text-align: center\"><a href=\"https:\/\/www.cristianosgays.com\/wp-content\/uploads\/2021\/02\/observatorio-contra-la-LGTBIfobia.jpg\"><img loading=\"lazy\" decoding=\"async\" class=\"aligncenter size-full\" src=\"https:\/\/www.cristianosgays.com\/wp-content\/uploads\/2021\/02\/observatorio-contra-la-LGTBIfobia.jpg\" width=\"452\" height=\"250\" \/><\/a><\/p>\n<\/div>\n<h2>Observatorio Asturiano contra la LGTBIfobia<\/h2>\n<div class=\"row\">\n<div class=\"contenido-article col-md-12\">\n<div class=\"description\">\n<h3>Tipolog\u00eda<\/h3>\n<p>El Observatorio\u00a0es un \u00f3rgano de consulta y participaci\u00f3n, con el objetivo de prestar asesoramiento y colaboraci\u00f3n institucional a la Administraci\u00f3n del Principado de Asturias en materia de discriminaci\u00f3n sobre personas LGTBI.<\/p>\n<h3>Funciones<\/h3>\n<p>a) Informar, con car\u00e1cter preceptivo y no vinculante, sobre aquellas disposiciones de car\u00e1cter general cuyo objeto espec\u00edfico sea la eliminaci\u00f3n de cualquier tipo de discriminaci\u00f3n del colectivo LGTBI y cuya aprobaci\u00f3n corresponda al Consejo de Gobierno.<br \/>\nb) Emitir informes, atender consultas y ejercitar actividades de asesoramiento sobre cuestiones que le sean planteadas por los distintos \u00f3rganos de la Administraci\u00f3n del Principado de Asturias.<br \/>\nc) Elevar a la Consejer\u00eda competente en diversidad sexual y derechos LGTBI o al Consejo de Gobierno, a trav\u00e9s de dicha Consejer\u00eda, aquellas propuestas relativas a derechos LGTBI que considere necesarias.<br \/>\nd) Promover actividades formativas contra la LGTBIfobia para incorporar a la educaci\u00f3n afectivo-sexual y al curr\u00edculum educativo.<br \/>\ne) Promover la formaci\u00f3n en todos los \u00e1mbitos profesionales y particularmente en aquellos que pueden contribuir de manera especial contra la LGTBIfobia (sanitario, judicial, Cuerpos y Fuerzas de Seguridad del Estado, deportivo).<br \/>\nf) Elaborar, en colaboraci\u00f3n con la Direcci\u00f3n General competente en diversidad sexual y derechos LGTBI, un informe anual sobre la situaci\u00f3n y erradicaci\u00f3n de la LGTBIfobia en el \u00e1mbito del Principado de Asturias.<br \/>\ng) Cualquier otra funci\u00f3n que se le atribuya por disposiciones legales o reglamentarias.<\/p>\n<h3>Regulaci\u00f3n<\/h3>\n<p><a href=\"http:\/\/sede.asturias.es\/bopa\/2021\/02\/09\/2021-01097.pdf\" target=\"_blank\" rel=\"noopener\">Decreto 3\/2021, de 29 de enero<\/a>, por el que se regula la organizaci\u00f3n y el funcionamiento del Observatorio Asturiano contra la LGTBIfobia.<\/p>\n<h3>Componentes<\/h3>\n<p>El Observatorio estar\u00e1 integrado\u00a0por los siguientes miembros:<\/p>\n<p>a) Presidencia: La persona titular de la Consejer\u00eda.<br \/>\nb) Vicepresidencia: La persona titular de la Direcci\u00f3n General competente en diversidad sexual y derechos LGTBI.<br \/>\nc) Vocales:<br \/>\n1.\u00ba La persona titular de la Viceconsejer\u00eda o Direcci\u00f3n General competente en materia de justicia.<br \/>\n2.\u00ba La persona titular de la Direcci\u00f3n General competente en materia de salud p\u00fablica.<br \/>\n3.\u00ba La persona titular de la Direcci\u00f3n General competente en materia de ordenaci\u00f3n, evaluaci\u00f3n y equidad educativa.<br \/>\n4.\u00ba La persona titular de la Direcci\u00f3n General competente en materia de deporte.<br \/>\n5.\u00ba La persona titular de la Direcci\u00f3n General competente en materia de interior.<br \/>\n6.\u00ba Un representante del Colegio de Abogados de Gij\u00f3n.<br \/>\n7.\u00ba Un representante del Colegio de Abogados de Oviedo.<br \/>\n8.\u00ba Un representante de la Oficina de Asistencia a las V\u00edctimas de Delitos Violentos.<br \/>\n9.\u00ba Un representante de la Federaci\u00f3n Asturiana de Concejos.<br \/>\n10.\u00ba Un representante de la Unidad de Igualdad de la Universidad de Oviedo.<br \/>\n11.\u00ba Un representante de cada una de las dos organizaciones sindicales m\u00e1s representativas en el \u00e1mbito de la Comunidad Aut\u00f3noma.<br \/>\n12.\u00ba Diez representantes de las entidades LGTBI de \u00e1mbito auton\u00f3mico.<\/p>\n<\/div>\n<\/div>\n<\/div>\n<\/div>\n<\/div>\n<\/div>\n","protected":false},"excerpt":{"rendered":"<p>&nbsp; \u00a0Observatorio Asturiano contra la LGTBIfobia Info institucional: \u00a0 Observatorio Asturiano contra la LGTBIfobia Tipolog\u00eda El Observatorio\u00a0es un \u00f3rgano de consulta y participaci\u00f3n, con el objetivo de prestar asesoramiento y colaboraci\u00f3n institucional a la Administraci\u00f3n del Principado de Asturias en materia de discriminaci\u00f3n sobre personas LGTBI. Funciones a) Informar, con car\u00e1cter preceptivo y no vinculante, [&hellip;]<\/p>\n","protected":false},"author":117,"featured_media":0,"parent":536,"menu_order":0,"comment_status":"closed","ping_status":"closed","template":"","meta":{"footnotes":""},"class_list":["post-112","page","type-page","status-publish","hentry"],"_links":{"self":[{"href":"https:\/\/edublog.educastur.es\/edulgtbi\/wp-json\/wp\/v2\/pages\/112","targetHints":{"allow":["GET"]}}],"collection":[{"href":"https:\/\/edublog.educastur.es\/edulgtbi\/wp-json\/wp\/v2\/pages"}],"about":[{"href":"https:\/\/edublog.educastur.es\/edulgtbi\/wp-json\/wp\/v2\/types\/page"}],"author":[{"embeddable":true,"href":"https:\/\/edublog.educastur.es\/edulgtbi\/wp-json\/wp\/v2\/users\/117"}],"replies":[{"embeddable":true,"href":"https:\/\/edublog.educastur.es\/edulgtbi\/wp-json\/wp\/v2\/comments?post=112"}],"version-history":[{"count":4,"href":"https:\/\/edublog.educastur.es\/edulgtbi\/wp-json\/wp\/v2\/pages\/112\/revisions"}],"predecessor-version":[{"id":535,"href":"https:\/\/edublog.educastur.es\/edulgtbi\/wp-json\/wp\/v2\/pages\/112\/revisions\/535"}],"up":[{"embeddable":true,"href":"https:\/\/edublog.educastur.es\/edulgtbi\/wp-json\/wp\/v2\/pages\/536"}],"wp:attachment":[{"href":"https:\/\/edublog.educastur.es\/edulgtbi\/wp-json\/wp\/v2\/media?parent=112"}],"curies":[{"name":"wp","href":"https:\/\/api.w.org\/{rel}","templated":true}]}}