{"id":38,"date":"2023-04-20T21:14:18","date_gmt":"2023-04-20T21:14:18","guid":{"rendered":"https:\/\/edublog.educastur.es\/el1recicla\/?page_id=38"},"modified":"2024-04-27T10:20:43","modified_gmt":"2024-04-27T10:20:43","slug":"participacion","status":"publish","type":"page","link":"https:\/\/edublog.educastur.es\/el1recicla\/participacion\/","title":{"rendered":"Participaci\u00f3n"},"content":{"rendered":"<div class=\"page\" title=\"Page 3\">\n<div class=\"layoutArea\">\n<div class=\"column\">\n<h2><img decoding=\"async\" class=\"alignright\" src=\"https:\/\/tse4.mm.bing.net\/th?id=OIP.KVCeAycwuzDvqeluL3EdgwHaHa&amp;pid=Api&amp;P=0&amp;h=180\" \/><img decoding=\"async\" class=\"alignleft\" src=\"https:\/\/tse1.mm.bing.net\/th?id=OIP.e2L-T9RLptCSXYk4PHz1ygHaE0&amp;pid=Api&amp;P=0&amp;h=180\" \/>Proyecto Dualiza: Orientaci\u00f3n activa de la FP<\/h2>\n<div class=\"info\">\n<div class=\"content\">\n<p>El pasado mi\u00e9rcoles 4 de abril los profesores Jose Manuel \u00c1lvarez y Rogelio Garc\u00eda acompa\u00f1ados de algunos de sus alumnos, han ido al IES Mata Jove a presentar las actividades que se est\u00e1n realizando en el IES N\u00ba1, dentro del marco del Proyecto CaixaBank Dualiza \/ FP Empresa <strong>\u00abControl y Seguimiento de la Calidad de Aguas Marinas en el Litoral de Gij\u00f3n\u00bb.<\/strong><br \/>\nLa presentaci\u00f3n ha sido desarrollada por los alumnos de los CFGS de Qu\u00edmica y Salud Ambiental del m\u00f3dulo de Control de Aguas y del CFGS de Desarrollo de Aplicaciones Multiplataforma. Ellos han explicado al alumnado de 4\u00ba ESO y de 1\u00ba y 2\u00ba de Bachiller, lo que est\u00e1n aprendiendo y para qu\u00e9 sirve la formaci\u00f3n que est\u00e1n desarrollando, dando una visi\u00f3n m\u00e1s directa y acercando la FP al alumnado que en breve tomar\u00e1 decisiones sobre su itinerario formativo y profesional.<\/p>\n<\/div>\n<div><img decoding=\"async\" src=\"https:\/\/alojaweb.educastur.es\/documents\/2281142\/12177267\/20240403_125526_JOSE+MANUEL+ALVAREZ.jpg\/1301a007-42cf-48b1-9edc-17cd4f5d90ec?t=1712311323635\" \/><\/div>\n<div class=\"slideshow-container\">\n<div class=\"mySlides fade\">\n<div class=\"numbertext\">1 \/ 4<\/div>\n<p><img decoding=\"async\" src=\"https:\/\/alojaweb.educastur.es\/documents\/2281142\/12177267\/20240403_134147_JOSE+MANUEL+ALVAREZ.jpg\/6e286395-e2f9-49db-9196-ad9e2a850417?t=1712311333903;\" \/><\/p>\n<\/div>\n<\/div>\n<\/div>\n<h2><img decoding=\"async\" src=\"https:\/\/alojaweb.educastur.es\/documents\/2281142\/12177267\/20240403_134221_JOSE+MANUEL+ALVAREZ.jpg\/86d57fb9-f451-4098-b9a4-fb9b76b0bc39?t=1712311355788;\" \/><\/h2>\n<h2>Aprendizaje Servicio Evaristo Valle<\/h2>\n<div class=\"info\">\n<div class=\"content\">\n<p>Alumnas de Qu\u00edmica y Salud Ambiental en su proyecto de aprendizaje-servicio del m\u00f3dulo de <strong>Educaci\u00f3n Ambiental<\/strong> visitan el CP Evaristo Valle donde el alumnado de 6\u00ba de primaria, muy concienciado con el medio ambiente, asisti\u00f3 a dos talleres: \u00abPl\u00e1sticos y micropl\u00e1sticos\u00bb y \u00abCambio Clim\u00e1tico y adaptaci\u00f3n\u00bb.<\/p>\n<p>Las alumnas describieron dos proyectos de ciencia ciudadana <strong>Cuidemos el Agua de la Universidad de Oviedo y Melanogaster Catch the Fly.<\/strong><br \/>\nMelanogasterCTF es un proyecto coordinado por el Laboratorio de Gen\u00f3mica Evolutiva y Funcional. BCN del CSIC y La ciencia en tu mundo con colaboraci\u00f3n Fecyt. Nuestro IES participa en el proyecto con grupos de Qu\u00edmica y Salud Ambiental, Laboratorio Cl\u00ednico y Biom\u00e9dico y Bachiller.<\/p>\n<p><img decoding=\"async\" src=\"https:\/\/alojaweb.educastur.es\/documents\/2281142\/12099239\/IMG_20240306_101735+%281%29_LAURA+FERNANDEZ+FERN.jpg\/f7b084d2-b6cb-4e16-904f-a7c099aa7b3d?t=1709818540635\" \/><\/p>\n<\/div>\n<\/div>\n<h2>Melanogaster Catch The Fly<\/h2>\n<div class=\"info\">\n<div class=\"content\">\n<p>Ya hemos comenzado con el proyecto Melanogaster Catch The Fly. Un proyecto europeo que permite a los alumnos interactuar con una red internacional de m\u00e1s de 60 laboratorios, en m\u00e1s de 20 pa\u00edses de la Uni\u00f3n Europea.<br \/>\n<strong>El proyecto de ciencia ciudadana #MelanogasterCTF<\/strong> est\u00e1 organizado por la Laboratorio de Gen\u00f3mica Evolutiva y Funcional del CSIC, y la plataforma de divulgaci\u00f3n cient\u00edfica @La Ci\u00e8ncia Al Teu M\u00f3n (LCATM).<br \/>\nCon la colaboraci\u00f3n del Consorcio Europeo de Gen\u00f3mica de Poblaciones de Drosophila (DrosEU), y con la colaboraci\u00f3n de la @Fundaci\u00f3n Espa\u00f1ola para la Ciencia y la Tecnolog\u00eda \u2013 Ministerio de Ciencia e Innovaci\u00f3n (FECYT) y el @Consejo Europeo de Investigaci\u00f3n (ERC).<br \/>\nLos alumnos de 1\u00ba y 2\u00ba CFGS Qu\u00edmica y Salud Ambiental han comenzado con la colecta y clasificaci\u00f3n de la mosca de la fruta gracias a la colaboraci\u00f3n de @LLagar Casta\u00f1\u00f3n que nos abierto las puertas de su pomarada y sus instalaciones. Est\u00e1 previsto que participen grupos de ESO, Bachiller y CFGS Laboratorio Cl\u00ednico y Biom\u00e9dico. A trav\u00e9s de infograf\u00edas ya han comenzado explicando el proyecto a sus compa\u00f1eros y continuar\u00e1n haciendo difusi\u00f3n de sus resultados a todo el centro y a los alumnos de primaria de los colegios vecinos.<\/p>\n<\/div>\n<div><img decoding=\"async\" src=\"https:\/\/alojaweb.educastur.es\/documents\/2281142\/11828522\/Info_LAURA+FERNANDEZ+FERN.png\/7c658914-02d8-4a19-a808-0e93658ce3d6?t=1701684845939\" \/><\/div>\n<div class=\"slideshow-container\"><a class=\"prev\">\u276e<\/a><a class=\"next\">\u276f<\/a><\/div>\n<div><\/div>\n<\/div>\n<h2>EMBAJADORES POR LA CIRCULARIDAD<\/h2>\n<div class=\"mkd-post-image\"><img loading=\"lazy\" decoding=\"async\" class=\"attachment-full size-full wp-post-image\" src=\"https:\/\/reddeescuelasporelreciclaje.es\/wp-content\/uploads\/2024\/03\/1.jpg\" alt=\"\" width=\"411\" height=\"269\" \/><\/div>\n<div class=\"mkd-post-text\">\n<div class=\"mkd-post-text-inner clearfix\">\n<h1 class=\"mkd-post-title\">COGERSA IMPARTE EL TALLER DE EMBAJADORES DE LA CIRCULARIDAD A LOS CENTROS EDUCATIVOS.<\/h1>\n<div class=\"mkd-post-info\">\n<div class=\"mkd-post-info-category\"><i class=\"mkd-icon-linear-icon lnr lnr-bookmark \"><\/i>\u00a0<a href=\"https:\/\/reddeescuelasporelreciclaje.es\/category\/cogersa\/\" rel=\"category tag\">COGERSA<\/a><\/div>\n<\/div>\n<section class=\"wpb-content-wrapper\">\n<div class=\"vc_row wpb_row vc_row-fluid mkd-section mkd-content-aligment-left\">\n<div class=\"clearfix mkd-full-section-inner\">\n<div class=\"wpb_column vc_column_container vc_col-sm-12\">\n<div class=\"vc_column-inner\">\n<div class=\"wpb_wrapper\">\n<div class=\"wpb_text_column wpb_content_element \">\n<div class=\"wpb_wrapper\">\n<p>Durante los meses de marzo y abril COGERSA est\u00e1 ofreciendo un nuevo taller de mapeo colectivo a los centros educativos asturianos embajadores de la circularidad, reconocidos el curso pasado con el distintivo 3R y 4R por su compromiso con la econom\u00eda circular.<\/p>\n<\/div>\n<\/div>\n<\/div>\n<\/div>\n<\/div>\n<\/div>\n<\/div>\n<\/section>\n<\/div>\n<\/div>\n<p>El IES N\u00ba1 participa en la actividad EMBAJADORES POR LA CIRCULARIDAD, nos hemos puesto manos a la obra&#8217;\u00a1\u00a1\u00a1, hemos finalizado la <strong>primera etapa<\/strong> de esta actividad que consist\u00eda en RECOPILAR INFORMACI\u00d3N del barrio en el que se encuentra nuestro centro educativo en relaci\u00f3n a los siguientes apartados.<\/p>\n<table style=\"height: 814px;width: 35.9209%;border-color: #000000\" width=\"35.9209%\">\n<tbody>\n<tr>\n<td width=\"397\"><span style=\"font-size: 10pt\">Contenedores de aceite<\/span><\/p>\n<p><span style=\"font-size: 10pt\">Contenedores de ropa<\/span><\/p>\n<p><span style=\"font-size: 10pt\">Contenedores de pilas<\/span><\/p>\n<p><span style=\"font-size: 10pt\">Contenedores de cart\u00f3n, vidrio y pl\u00e1stico<\/span><\/p>\n<p><span style=\"font-size: 10pt\">Materia org\u00e1nica<\/span><\/p>\n<p><span style=\"font-size: 10pt\">Contenedores en mal estado<\/span><\/td>\n<\/tr>\n<tr>\n<td width=\"397\"><span style=\"font-size: 10pt\">Tiendas de reparaci\u00f3n de calzado\/costura\/ordenadores\/electrodom\u00e9sticos<\/span><\/td>\n<\/tr>\n<tr>\n<td width=\"397\"><span style=\"font-size: 10pt\">Zonas descuidadas\/zonas recuperadas\/ huertos urbanos<\/span><\/td>\n<\/tr>\n<tr>\n<td width=\"397\"><span style=\"font-size: 10pt\">Bicis\/patinetes\/carril bici<\/span><\/td>\n<\/tr>\n<tr>\n<td width=\"397\"><span style=\"font-size: 10pt\">Paradas de autob\u00fas<\/span><\/td>\n<\/tr>\n<tr>\n<td width=\"397\"><span style=\"font-size: 10pt\">Tiendas de barrio\/productos a granel<\/span><\/td>\n<\/tr>\n<tr>\n<td width=\"397\"><span style=\"font-size: 10pt\">Accesibilidad<\/span><\/td>\n<\/tr>\n<tr>\n<td width=\"397\"><span style=\"font-size: 10pt\">Servicios p\u00fablicos del barrio, por ejemplo<\/span><\/p>\n<p><span style=\"font-size: 10pt\">centro salud\/centro social\/biblioteca<\/span><\/td>\n<\/tr>\n<tr>\n<td width=\"397\"><span style=\"font-size: 10pt\">Oficios perdidos\/ asociaci\u00f3n de vecinos<\/span><\/td>\n<\/tr>\n<tr>\n<td width=\"397\"><\/td>\n<\/tr>\n<tr>\n<td width=\"397\"><\/td>\n<\/tr>\n<\/tbody>\n<\/table>\n<p>SEGUNDA ETAPA. Se delimita la zona a estudiar. Mapa entorno del IES N\u00ba1<\/p>\n<\/div>\n<div class=\"column\">\n<p><a href=\"https:\/\/educastur-my.sharepoint.com\/personal\/lorenael_educastur_org\/Documents\/Attachments\/Final.jpg?web=1\">https:\/\/educastur-my.sharepoint.com\/personal\/lorenael_educastur_org\/Documents\/Attachments\/Final.jpg?web=1<\/a><\/p>\n<p>TERCERA ETAPA. Se pasa la encuesta a la asociaci\u00f3n de vecinos del Pol\u00edgono de Pumarin.<\/p>\n<p><a href=\"https:\/\/educastur-my.sharepoint.com\/personal\/lorenael_educastur_org\/_layouts\/15\/onedrive.aspx?id=%2Fpersonal%2Florenael%5Feducastur%5Forg%2FDocuments%2FFOTOS%20BLOG%2FEmbajadores%20encuesta%2Epdf&amp;parent=%2Fpersonal%2Florenael%5Feducastur%5Forg%2FDocuments%2FFOTOS%20BLOG&amp;ct=1713720151631&amp;or=OWA%2DNT%2DMail&amp;cid=d063681c%2Dba0e%2D92a7%2D7835%2D39bfffce1c99&amp;ga=1\">https:\/\/educastur-my.sharepoint.com\/personal\/lorenael_educastur_org\/_layouts\/15\/onedrive.aspx?id=%2Fpersonal%2Florenael%5Feducastur%5Forg%2FDocuments%2FFOTOS%20BLOG%2FEmbajadores%20encuesta%2Epdf&amp;parent=%2Fpersonal%2Florenael%5Feducastur%5Forg%2FDocuments%2FFOTOS%20BLOG&amp;ct=1713720151631&amp;or=OWA%2DNT%2DMail&amp;cid=d063681c%2Dba0e%2D92a7%2D7835%2D39bfffce1c99&amp;ga=1<\/a><\/p>\n<p><strong>CONOCE GIJ\u00d3N PEDALEANDO<\/strong><\/p>\n<p>Fundaci\u00f3n Municipal de la cultura. FOTOS.<\/p>\n<p>ESTAMOS TRABAJANDO EN ELLO!!!!<\/p>\n<div class=\"info\">\n<div class=\"content\">\n<p><strong>Plan Aire Gij\u00f3n Oeste. \u00abVIGILANTES DEL AIRE\u00bb<\/strong><\/p>\n<\/div>\n<\/div>\n<div class=\"info\">\n<div class=\"content\">\n<p>Como parte del Plan Aire Gij\u00f3n Oeste, el Ayuntamiento de Gij\u00f3n\/Xix\u00f3n y el Principado de Asturias plantean una actividad de ciencia ciudadana \u201cVigilantes del aire\u201d en la que se utilizan plantas de\u00a0fresa\u00a0como bioindicadores de la calidad del aire.<\/p>\n<p>Para ello, se necesita colocar en las ventanas de centros educativos de distintas zonas de Gij\u00f3n\/Xix\u00f3n plantas de fresa cuyas hojas (2 o 3) se recoger\u00e1n al cabo de tres meses para analizar en ellas muestras de metales pesados. Esto permitir\u00e1 realizar un informe \u00a0final de resultados que incluya una comparativa sobre la acumulaci\u00f3n de estos metales pesados en distintas zonas de Gij\u00f3n\/Xix\u00f3n.<\/p>\n<\/div>\n<\/div>\n<p><img loading=\"lazy\" decoding=\"async\" class=\"alignnone wp-image-604\" src=\"http:\/\/edublog.educastur.es\/el1recicla\/files\/2024\/04\/20240321_141618-300x300.jpg\" alt=\"\" width=\"346\" height=\"346\" srcset=\"https:\/\/edublog.educastur.es\/el1recicla\/files\/2024\/04\/20240321_141618-300x300.jpg 300w, https:\/\/edublog.educastur.es\/el1recicla\/files\/2024\/04\/20240321_141618-150x150.jpg 150w, https:\/\/edublog.educastur.es\/el1recicla\/files\/2024\/04\/20240321_141618-75x75.jpg 75w, https:\/\/edublog.educastur.es\/el1recicla\/files\/2024\/04\/20240321_141618-rotated.jpg 345w\" sizes=\"auto, (max-width: 346px) 100vw, 346px\" \/><img loading=\"lazy\" decoding=\"async\" class=\"\" src=\"https:\/\/alojaweb.educastur.es\/documents\/2281142\/12176912\/20240321_141818_LORENA+ESPINA+LOBO.jpg\/61a88524-3872-41f8-9585-733f13ca2424?t=1712308121761\" width=\"309\" height=\"309\" \/><\/p>\n<p style=\"text-align: center\"><strong>EL IES N\u00ba1 PARTICIPA EN ESTA ACTIVIDAD<\/strong><\/p>\n<p><strong>ONE HEALTH<\/strong><\/p>\n<p>El d\u00eda 5 de abril de 2024 ha tenido lugar en el IES N\u00ba1 una charla muy interesante a cargo de Manuel Garc\u00eda G\u00f3mez, Doctor en Veterinaria perteneciente al Cuerpo Nacional Veterinario.<\/p>\n<p style=\"text-align: center\"><strong>Una sola salud, PERSONAL, ANIMAL Y AMBIENTAL.<\/strong><\/p>\n<p><img loading=\"lazy\" decoding=\"async\" class=\"alignnone wp-image-966 size-full\" src=\"http:\/\/edublog.educastur.es\/el1recicla\/files\/2024\/04\/OneHealth2-1.jpg\" alt=\"\" width=\"1048\" height=\"786\" srcset=\"https:\/\/edublog.educastur.es\/el1recicla\/files\/2024\/04\/OneHealth2-1.jpg 1048w, https:\/\/edublog.educastur.es\/el1recicla\/files\/2024\/04\/OneHealth2-1-300x225.jpg 300w, https:\/\/edublog.educastur.es\/el1recicla\/files\/2024\/04\/OneHealth2-1-1024x768.jpg 1024w, https:\/\/edublog.educastur.es\/el1recicla\/files\/2024\/04\/OneHealth2-1-768x576.jpg 768w\" sizes=\"auto, (max-width: 1048px) 100vw, 1048px\" \/><\/p>\n<p><a href=\"https:\/\/educastur-my.sharepoint.com\/:p:\/r\/personal\/beatriztt_educastur_org\/Documents\/Datos%20adjuntos\/ONEHEALTH%201.pptx?d=w5e9e171840b64f97aaddec2ba5b941a0&amp;csf=1&amp;web=1&amp;e=HB74CH\">https:\/\/educastur-my.sharepoint.com\/:p:\/r\/personal\/beatriztt_educastur_org\/Documents\/Datos%20adjuntos\/ONEHEALTH%201.pptx?d=w5e9e171840b64f97aaddec2ba5b941a0&amp;csf=1&amp;web=1&amp;e=HB74CH<\/a><\/p>\n<p><a href=\"https:\/\/educastur-my.sharepoint.com\/:p:\/r\/personal\/beatriztt_educastur_org\/Documents\/Datos%20adjuntos\/ONEHEALTH%201.pptx?d=w5e9e171840b64f97aaddec2ba5b941a0&amp;csf=1&amp;web=1&amp;e=ZkgYOj\">ONEHEALTH 1.ppt<\/a><\/p>\n<p><span style=\"font-size: 18pt\"><strong>Actividad micropl\u00e1sticos cuidemos el agua, universidad de Oviedo.<\/strong><\/span><\/p>\n<p><strong>El peque\u00f1o taller de ADN ambiental<\/strong><\/p>\n<p><a href=\"https:\/\/educastur-my.sharepoint.com\/:b:\/r\/personal\/lorenael_educastur_org\/Documents\/Documentos\/Taller%202%20-%20Pl%C3%A1sticos%20y%20Micropl%C3%A1sticos.pdf?csf=1&amp;web=1&amp;e=gqirKF\">https:\/\/educastur-my.sharepoint.com\/:b:\/r\/personal\/lorenael_educastur_org\/Documents\/Documentos\/Taller%202%20-%20Pl%C3%A1sticos%20y%20Micropl%C3%A1sticos.pdf?csf=1&amp;web=1&amp;e=gqirKF<\/a><\/p>\n<p><img loading=\"lazy\" decoding=\"async\" class=\"alignnone wp-image-746 size-medium\" src=\"http:\/\/edublog.educastur.es\/el1recicla\/files\/2024\/04\/Captura-de-pantalla-2024-04-21-193858-300x168.png\" alt=\"\" width=\"300\" height=\"168\" \/><\/p>\n<p>CONTAMINACI\u00d3N ATMOSF\u00c9RICA<\/p>\n<p>Alumnado del ciclo formativo de Qu\u00edmica y Salud ambiental han participado en un taller de contaminaci\u00f3n ambiental con el alumnado de la optativa de Recursos Energ\u00e9ticos y sostenibilidad.<\/p>\n<p><img loading=\"lazy\" decoding=\"async\" class=\"alignnone wp-image-871 size-full\" src=\"http:\/\/edublog.educastur.es\/el1recicla\/files\/2024\/04\/IMG_20240321_101212.jpg\" alt=\"\" width=\"1160\" height=\"870\" srcset=\"https:\/\/edublog.educastur.es\/el1recicla\/files\/2024\/04\/IMG_20240321_101212.jpg 1160w, https:\/\/edublog.educastur.es\/el1recicla\/files\/2024\/04\/IMG_20240321_101212-300x225.jpg 300w, https:\/\/edublog.educastur.es\/el1recicla\/files\/2024\/04\/IMG_20240321_101212-1024x768.jpg 1024w, https:\/\/edublog.educastur.es\/el1recicla\/files\/2024\/04\/IMG_20240321_101212-768x576.jpg 768w\" sizes=\"auto, (max-width: 1160px) 100vw, 1160px\" \/><\/p>\n<p>E<span style=\"font-size: 12pt\">MULSA cuidemos Gij\u00f3n 18 y 19 marzo<\/span><\/p>\n<p><img loading=\"lazy\" decoding=\"async\" class=\"alignnone size-medium wp-image-688\" src=\"http:\/\/edublog.educastur.es\/el1recicla\/files\/2024\/04\/IMG_20240319_131855-1-300x135.jpg\" alt=\"\" width=\"300\" height=\"135\" \/><\/p>\n<h2>D\u00eda Derechos Humanos en el IES N\u00ba1<\/h2>\n<div class=\"info\">\n<div class=\"content\">\n<p>El d\u00eda 12\/12\/2023 se han realizado distintos actos solidarios para conmemorar el 75 aniversario de la Declaraci\u00f3n Universal de los Derechos Humanos, desde un karaoke solidario hasta un mercadillo, donde ha participado activamente el alumnado de las distintas ense\u00f1anzas del centro y toda la comunidad educativa de la zona..<\/p>\n<p><em>Se han recaudado m\u00e1s de 1000 \u20ac que ser\u00e1n donados a ACNUR.<\/em><\/p>\n<p>Agradecemos la presencia de los colegios, as\u00ed como de la Asociaci\u00f3n de Vecinos del Pol\u00edgono Evaristo San Miguel, la Escuela Oficial de Idiomas, la AMPA del centro y los diferentes entidades que colaboraron con nuestra iniciativa.<\/p>\n<h2>El IES N\u00famero 1 recibe una de las Ayudas Dualiza<\/h2>\n<div class=\"info\">\n<div class=\"content\">\n<p><strong>El proyecto del IES N\u00famero 1 \u2018Seguimiento y control medioambiental de las aguas marinas en el litoral de Gij\u00f3n\u2019 recibe una de las AyudasDualiza 2023,<\/strong> de CaixaBank Dualiza y FPEmpresa.<br \/>\nEl objetivo del proyecto presentado por el IES N\u00famero 1 es la caracterizaci\u00f3n ambiental de las aguas del litoral de Gij\u00f3n mediante la toma de muestras en puntos ubicados en las playas urbanas de la ciudad, en las se analizar\u00e1n par\u00e1metros f\u00edsico-qu\u00edmicos, microbiol\u00f3gicos, planct\u00f3nicos y meteorol\u00f3gicos.<br \/>\nSe pretende realizar el seguimiento y control ambiental de la masa de aguas costera. Los resultados anal\u00edticos obtenidos se volcar\u00e1n en una base de datos de tipo interactivo. a trav\u00e9s de la que se podr\u00e1n consultar y relacionar los datos medioambientales marinos de este entorno.<br \/>\nLa entidad participante en el proyecto es el Centro Oceanogr\u00e1fico de Gij\u00f3n (COG), que pertenece al Instituto Espa\u00f1ol de Oceanograf\u00eda (IEO), un Centro Nacional del Consejo Superior de Investigaciones Cient\u00edficas (CSIC). El Laboratorio de Salud P\u00fablica del Principado de Asturias colabora en el asesoramiento durante el desarrollo del proyecto.<\/p>\n<\/div>\n<\/div>\n<h2>Presentaci\u00f3n del proyecto &#8216;Seguimiento y control medioambiental de las aguas marinas en el litoral de Gij\u00f3n&#8217;<\/h2>\n<div class=\"info\">\n<div class=\"content\">\n<p>Hemos presentado hoy el proyecto \u201c<strong>Seguimiento y control medioambiental de las aguas marinas en el litoral de Gijon<\/strong>\u201d, seleccionado en la Convocatoria de Ayudas Dualiza de CaixaBank Dualiza y FPEmpresa como uno de los m\u00e1s innovadores de todo el pa\u00eds en FP.<br \/>\nLa iniciativa facilitar\u00e1 a los alumnos de distintos ciclos educativos recrear el trabajo que realizan las empresas dedicadas al an\u00e1lisis del agua.<br \/>\nPara ello contar\u00e1n con la colaboraci\u00f3n con el Centro Oceanogr\u00e1fico de Gij\u00f3n y el Laboratorio de Salud P\u00fablica del Principado, que acompa\u00f1ar\u00e1n a los estudiantes en el proceso de an\u00e1lisis del agua con instrumentos profesionales- como aparatos de citometr\u00eda de flujo o fluorimetr\u00eda- a los que no podr\u00edan acceder sin su colaboraci\u00f3n.<br \/>\nEl proyecto, que ha dado ya sus primeros pasos, involucrar\u00e1 a estudiantes de distintos ciclos. En concreto, alumnos del GS Qu\u00edmica y Salud Ambiental ser\u00e1n los encargados de realizar los muestreos y an\u00e1lisis del agua marina, mientras que los de Comunicaci\u00f3n e Inform\u00e1tica crear\u00e1n una base de datos donde se registrar\u00e1n todos los datos para consultas posteriores.<br \/>\nAl frente de la iniciativa se encuentra Jos\u00e9 Manuel \u00c1lvarez, docente del departamento de Sanidad del IES N\u00ba1, quien ha destacado \u201cla importancia de proyectos como este para la mejora de la empleabilidad de los estudiantes. Nuestros alumnos van a hacer lo mismo que se hace en una empresa de este sector: tratar estas muestras con toda la trazabilidad posible, recoger, analizar, crear la base y subir a la aplicaci\u00f3n para seguimiento y control\u201d.<br \/>\nDesde CaixaBank Dualiza, la coordinadora para el Principado de Asturias, Cristina Rodr\u00edguez, ha subrayado que \u201cesta iniciativa es un reflejo perfecto de lo que perseguimos en Ayudas Dualiza, acercar a la empresa y al centro educativo para impulsar proyectos que mejoren la capacitaci\u00f3n de los estudiantes y, por tanto, su empleabilidad\u201d.<br \/>\nA la presentaci\u00f3n ha asistido el director general de la Planificaci\u00f3n de Formaci\u00f3n Profesional en el Principado de Astur\u00edas, Javier Cueli, la jefa del servicio de laboratorio de Salud P\u00fablica, Mar\u00eda Luisa Rodr\u00edguez, la jefa de secci\u00f3n de Microbiolog\u00eda del Laboratorio de Salud P\u00fablica, Paula Renedo, el director del Centro Oceanogr\u00e1fico de Gij\u00f3n, Rafael Gonz\u00e1lez-Quir\u00f3s, el profesor de investigaci\u00f3n del COG, Xos\u00e9 Anxelu Guti\u00e9rrez, y el colaborador en I+D+I del COG, Daniel Gonz\u00e1lez.<\/p>\n<\/div>\n<\/div>\n<h2><img decoding=\"async\" src=\"https:\/\/alojaweb.educastur.es\/documents\/2281142\/11990527\/WhatsApp+Image+2024-02-01+at+16.44.18_ALBERTO+URRUTIA+SALG.jpg\/5abc7ba2-d07f-4926-a781-f8eeb920c241?t=1706805258750\" \/><\/h2>\n<h2>Seguimiento y control medioambiental de las aguas marinas en el litoral de Gij\u00f3n.<\/h2>\n<div class=\"info\">\n<div class=\"content\">\n<p>Ya est\u00e1 en marcha el proyecto \u2018<em><strong>Seguimiento y control medioambiental de las aguas marinas en el litoral de Gij\u00f3n<\/strong><\/em>\u2019, uno de los 30 proyectos de FP seleccionados por CaixaBank Dualiza y FPEmpresa para recibir una de las\u202f Ayudas Dualiza 2023.<br \/>\nParticipa en este proyecto el alumnado del Ciclo Superior de Qu\u00edmica y Salud Ambiental y de los Ciclos Superiores de Administraci\u00f3n de Sistemas Inform\u00e1ticos en Red (ASIR) y Desarrollo de Aplicaciones Multiplataforma (DAM), en colaboraci\u00f3n con el Centro Oceanogr\u00e1fico de Gij\u00f3n (COG), perteneciente al Instituto Espa\u00f1ol de Oceanograf\u00eda (IEO, CSIC) y el Laboratorio de Salud P\u00fablica del Principado de Asturias.<br \/>\nEl alumnado del CFGS Qu\u00edmica y Salud Ambiental realiza los muestreos y an\u00e1lisis del agua marina. Por su parte, el alumnado de los CFGS ASIR y DAM va a crear una base de datos y una aplicaci\u00f3n interactiva para consultar los datos obtenidos a lo largo del proyecto y que sirva para el seguimiento y control de esas masas de agua.<br \/>\nDifusi\u00f3n del proyecto en los medios de comunicaci\u00f3n:<\/p>\n<ul>\n<li><a href=\"https:\/\/www.ondacero.es\/emisoras\/asturias\/gijon\/refuerzos-control-medioambiental-aguas_20240110659e854b872b82000125fbb8.html\">Entrevista en Onda Cero<\/a><\/li>\n<li><a href=\"https:\/\/www.elcomercio.es\/gijon\/alumnado-ies-controlara-calidad-agua-playas-20240110010613-nt.html#vca=fixed-btn&amp;vso=rrss&amp;vmc=cp&amp;vli=gijon\">El Comercio<\/a><\/li>\n<li><a href=\"https:\/\/www.lne.es\/gijon\/2024\/01\/10\/alumnos-fp-ies-numero-1-96716154.html\">La Nueva Espa\u00f1a<\/a><\/li>\n<li><a href=\"https:\/\/www.asturiashoy.com\/2024\/01\/09\/alumnos-de-formacion-profesional-colaboraran-en-el-monitoreo-ambiental-de-las-playas-de-gijon-junto-al-personal-del-ieo\/\">RTPA Asturias Hoy<\/a><\/li>\n<\/ul>\n<\/div>\n<\/div>\n<\/div>\n<\/div>\n<div class=\"info\">\n<div class=\"content\">\n<p><img loading=\"lazy\" decoding=\"async\" class=\"\" src=\"https:\/\/alojaweb.educastur.es\/documents\/2281142\/11940654\/0C3Q0ik8_ALBERTO+URRUTIA+SALG.jpg\/a1682a77-248a-4c11-9ed1-d5a1c4ac1cf5?t=1705054820479\" width=\"476\" height=\"333\" \/><\/p>\n<\/div>\n<\/div>\n<h2>Econom\u00eda azul<\/h2>\n<div class=\"info\">\n<div class=\"content\">\n<p>Gracias a LUCE Gij\u00f3n y al Acuario de Gij\u00f3n los alumnos de CFGS Qu\u00edmica y Salud Ambiental asistieron ayer a las mesas redondas sobre econom\u00eda azul.<\/p>\n<p>De esta manera conocieron estrategias\u00a0y proyectos novedosos desarrollados en Gij\u00f3n como los que viene desarrollando Neolgae,\u00a0Ingeniacity, S.L.\u00a0o Universal plastic.<\/p>\n<p>Tambi\u00e9n ejemplos de pesca sostenible de la mano de Marine Stewardship Council.<\/p>\n<p>Muchas gracias a todos.<\/p>\n<p>Semana Europea de Prevenci\u00f3n de Residuos en el IES N1<\/p>\n<\/div>\n<\/div>\n<div class=\"info\">\n<div class=\"content\">\n<p>La Semana Europea de la Prevenci\u00f3n de Residuos es la mayor campa\u00f1a de concienciaci\u00f3n sobre la prevenci\u00f3n de residuos en Europa. A trav\u00e9s de la ejecuci\u00f3n simult\u00e1nea de cientos de acciones concretas de prevenci\u00f3n, reutilizaci\u00f3n, y reciclaje de residuos en toda Europa promovidas por diferentes tipos de entidades y ciudadan\u00eda.<br \/>\nLiderada por el Comit\u00e9 Directivo Europeo (CDE), en Asturias, es coordinada por COGERSA. Bajo el lema \u00a1No te dejes envolver! la tem\u00e1tica de 2023 est\u00e1 enfocada a concienciar sobre el impacto que los residuos derivados de los envases ejercen sobre el medio ambiente y promover unos h\u00e1bitos de consumo m\u00e1s sostenibles.<br \/>\nEn el IES N1 tenemos varias acciones planteadas:<\/p>\n<ul>\n<li>Alternativas al envoltorio tradicional. Fabricaci\u00f3n de papel de regalo con materiales reciclados y usos alternativos. Alumnado de 1\u00ba de Bachillerato<\/li>\n<li>Uso de envoltorio y materiales usados para creaci\u00f3n de material did\u00e1ctico y adornos. Alumnado de ESO.<\/li>\n<li>Estudios de los residuos generados en el recreo, clasificaci\u00f3n y elaboraci\u00f3n de informe de mejoras planteadas Alumnos de CFGS Qu\u00edmica y Medio Ambiente.<\/li>\n<li>Exhibici\u00f3n de la monta\u00f1a de residuos pl\u00e1sticos generados en los recreos y difusi\u00f3n sobre el impacto en la salud y el medio ambiente Todo el centro.<\/li>\n<li>Alternativas a la merienda envasada en los recreos Todo el centro<\/li>\n<li>Taller de Ecodise\u00f1o. Alumnos de CFGS Qu\u00edmica y Medio Ambiente.<img loading=\"lazy\" decoding=\"async\" class=\"alignleft\" src=\"https:\/\/alojaweb.educastur.es\/documents\/2281142\/11788301\/AQU%C3%8D+PARTICIPAMOS_digital_logo_LAURA+FERNANDEZ+FERN.jpg\/b06804fe-c2d7-423c-90ef-62369d80dca9?t=1700631554535\" width=\"279\" height=\"386\" \/><\/li>\n<li>Implantaci\u00f3n de las medidas resultado del Informe de mejoras planteadas sobre el uso de envases en el centro.<\/li>\n<\/ul>\n<p>Para cada categor\u00eda se elegir\u00e1n las mejores acciones de Asturias.<br \/>\nEstad pendiente de las redes sociales.<br \/>\nEl mi\u00e9rcoles, 10:45 al primer recreo, os invitamos a ver la exposici\u00f3n y el intercambio de envases.<br \/>\nOs esperamos a todos.<\/p>\n<\/div>\n<\/div>\n<h2><\/h2>\n<h2><\/h2>\n<h2><\/h2>\n<h2>\u00abVOLUNTARIADO AMBIENTAL\u00bb El cuidado del MEDIO AMBIENTE est\u00e1 en tus manos. REACCIONA!!<\/h2>\n<div class=\"info\">\n<div class=\"content\">\n<p><strong>Con motivo de la Semana Europea de Prevenci\u00f3n de R<img loading=\"lazy\" decoding=\"async\" class=\"alignright\" src=\"https:\/\/alojaweb.educastur.es\/documents\/2281142\/11802377\/01_LORENA+ESPINA+LOBO.jpg\/9d04cf57-2a02-4b35-8dc6-30a87b66f415?t=1701077480033\" alt=\"\" width=\"295\" height=\"295\" \/>esiduos<\/strong>, el alumnado de 1\u00ba ESO del <strong>IES N\u00famero1<\/strong> participa en un taller sobre voluntariado ambiental a cargo de la asociaci\u00f3n MASPAZ.<\/p>\n<p>El alumnado ha realizado una serie de infograf\u00edas con el fin de concienciar sobre el cuidado y respeto del Medio Ambiente.<\/p>\n<p><img loading=\"lazy\" decoding=\"async\" class=\" wp-image-574 alignleft\" src=\"http:\/\/edublog.educastur.es\/el1recicla\/files\/2024\/03\/MEDIO-AMBIENTE3-300x212.jpg\" alt=\"\" width=\"337\" height=\"238\" \/><\/p>\n<h2><\/h2>\n<h2><img loading=\"lazy\" decoding=\"async\" class=\"alignnone size-medium wp-image-629\" src=\"http:\/\/edublog.educastur.es\/el1recicla\/files\/2024\/04\/20231031_102630-4-300x300.jpg\" alt=\"\" width=\"300\" height=\"300\" \/><\/h2>\n<h2>Semana Europea de la Reducci\u00f3n de Residuos<\/h2>\n<div class=\"info\">\n<div class=\"content\">\n<p>El 25 de noviembre, el alumnado del Ciclo de GS de Qu\u00edmica y Salud Ambiental, junto al alumnado de la ESO han expuesto los preocupantes resultados obtenidos tras realizar un estudio sobre los residuos generados en los recreos durante una semana. Adem\u00e1s, han fomentado h\u00e1bitos saludables intercambiando envases por frutas.<\/p>\n<p><img loading=\"lazy\" decoding=\"async\" class=\"alignnone size-medium wp-image-566\" src=\"http:\/\/edublog.educastur.es\/el1recicla\/files\/2024\/03\/cap8-225x300.jpg\" alt=\"\" width=\"225\" height=\"300\" \/><img loading=\"lazy\" decoding=\"async\" class=\"alignnone size-medium wp-image-564\" src=\"http:\/\/edublog.educastur.es\/el1recicla\/files\/2024\/03\/cap5-225x300.jpg\" alt=\"\" width=\"225\" height=\"300\" srcset=\"https:\/\/edublog.educastur.es\/el1recicla\/files\/2024\/03\/cap5-225x300.jpg 225w, https:\/\/edublog.educastur.es\/el1recicla\/files\/2024\/03\/cap5.jpg 625w\" sizes=\"auto, (max-width: 225px) 100vw, 225px\" \/><img loading=\"lazy\" decoding=\"async\" class=\"alignnone wp-image-923 size-full\" src=\"http:\/\/edublog.educastur.es\/el1recicla\/files\/2024\/04\/cap6.jpg\" alt=\"\" width=\"625\" height=\"833\" srcset=\"https:\/\/edublog.educastur.es\/el1recicla\/files\/2024\/04\/cap6.jpg 625w, https:\/\/edublog.educastur.es\/el1recicla\/files\/2024\/04\/cap6-225x300.jpg 225w\" sizes=\"auto, (max-width: 625px) 100vw, 625px\" \/><img loading=\"lazy\" decoding=\"async\" class=\"alignnone wp-image-724 size-full\" src=\"http:\/\/edublog.educastur.es\/el1recicla\/files\/2024\/04\/IMG-20231214-WA0026-1.jpg\" alt=\"\" width=\"2048\" height=\"1152\" srcset=\"https:\/\/edublog.educastur.es\/el1recicla\/files\/2024\/04\/IMG-20231214-WA0026-1.jpg 2048w, https:\/\/edublog.educastur.es\/el1recicla\/files\/2024\/04\/IMG-20231214-WA0026-1-300x169.jpg 300w, https:\/\/edublog.educastur.es\/el1recicla\/files\/2024\/04\/IMG-20231214-WA0026-1-1024x576.jpg 1024w, https:\/\/edublog.educastur.es\/el1recicla\/files\/2024\/04\/IMG-20231214-WA0026-1-768x432.jpg 768w, https:\/\/edublog.educastur.es\/el1recicla\/files\/2024\/04\/IMG-20231214-WA0026-1-1536x864.jpg 1536w, https:\/\/edublog.educastur.es\/el1recicla\/files\/2024\/04\/IMG-20231214-WA0026-1-680x382.jpg 680w, https:\/\/edublog.educastur.es\/el1recicla\/files\/2024\/04\/IMG-20231214-WA0026-1-1080x608.jpg 1080w\" sizes=\"auto, (max-width: 2048px) 100vw, 2048px\" \/><\/p>\n<p>Se propone un formulario al alumnado para que realice sus aportaciones.<\/p>\n<ul>\n<li><a href=\"http:\/\/o26jij_xk0qntkwg0jc4iv1psqpkzfrgkizphnxwuv9uovlrqlhgstdnnee5vefhvzbbqtbzqjayss4u\/\">Formulario<\/a><\/li>\n<\/ul>\n<\/div>\n<\/div>\n<h2>Semana Europea de Prevenci\u00f3n de Residuos. Taller de Ecodise\u00f1o<\/h2>\n<div class=\"info\">\n<div class=\"content\">\n<p>Este viernes, 25 de noviembre, cerramos la semana Europea de Prevenci\u00f3n de Residuos con el taller de Ecodise\u00f1o.<\/p>\n<div class=\"portlet-msg-info\">Enhorabuena a todos por el trabajo.<\/div>\n<div><img decoding=\"async\" src=\"https:\/\/alojaweb.educastur.es\/documents\/2281142\/11798531\/EWWR+Martes+21_LAURA+FERNANDEZ+FERN+1.png\/ffb7d04d-86d4-4b08-b79f-ecad51e15c23?t=1700901399586\" \/><\/div>\n<div>\n<h2>El IES n\u00famero 1 recicla<\/h2>\n<div class=\"info\">\n<div class=\"content\">\n<p>Cerramos trimestre con las acciones de la Semana Europea de Prevenci\u00f3n de Residuos que incluye la campa\u00f1a de los alumnos de ESO y Bachiller en voluntariado ambiental y la venta de los productos hechos con envases en el mercadillo solidario. Enhorabuena a tod@s.<\/p>\n<p>https:\/\/youtu.be\/2SwmI4DfoZ0<\/p>\n<p>Mercado Solidario por el D\u00eda Internacional de los Derechos Humanos.<\/p>\n<\/div>\n<div>\n<div class=\"info\">\n<div class=\"content\">\n<div>\n<p>La recaudaci\u00f3n obtenida en el Mercado Solidario celebrado en nuestro centro el d\u00eda 12 de diciembre, en conmemoraci\u00f3n del D\u00eda Internacional de los Derechos Humanos,\u00a0fue de 1.208,95\u20ac.<\/p>\n<\/div>\n<div>\n<p>Las aportaciones recaudadas se han\u00a0donado \u00edntegramente a ACNUR, para financiar los programas educativos que esta\u00a0ONG desarrolla en todo el mundo para garantizar el derecho a la educaci\u00f3n de j\u00f3venes refugiados.<\/p>\n<\/div>\n<div>\n<p>Hay que agradecer todo el trabajo desarrollado para la realizaci\u00f3n de esta actividad, desde la fase de planificaci\u00f3n y aportaci\u00f3n de ideas, hasta la organizaci\u00f3n el propio d\u00eda del Mercado, donde se involucr\u00f3 toda la comunidad escolar. Tambi\u00e9n agradecemos la participaci\u00f3n de los dem\u00e1s centros educativos del entorno y de la Asociaci\u00f3n de Vecinos.<\/p>\n<\/div>\n<div>\n<p>La conmemoraci\u00f3n del D\u00eda Internacional de los Derechos Humanos\u00a0se planific\u00f3 como una actividad integradora de todos los proyectos que se desarrollan en el IES N\u00famero 1 este curso, que pod\u00e9is consultar en la web del centro:<br aria-hidden=\"true\" \/><a href=\"https:\/\/alojaweb.educastur.es\/en\/web\/iesn1\/proycentro\">https:\/\/alojaweb.educastur.es\/en\/web\/iesn1\/proycentro<\/a><\/p>\n<\/div>\n<p><img loading=\"lazy\" decoding=\"async\" class=\"\" src=\"https:\/\/alojaweb.educastur.es\/documents\/2281142\/11894351\/DIPLOMA+ACNUR+IES+N%C3%9AMERO+1+GIJ%C3%93N_2023_12_21.jpg\/56b53ad3-b6be-4408-aafb-367c74c52960?t=1703231303130\" width=\"361\" height=\"255\" \/><\/p>\n<h2>El IES N\u00famero 1 recibe una de las AyudasDualiza<\/h2>\n<div class=\"info\">\n<div class=\"content\">\n<p>El proyecto del IES N\u00famero 1 \u2018Seguimiento y control medioambiental de las aguas marinas en el litoral de Gij\u00f3n\u2019 recibe una de las AyudasDualiza 2023, de CaixaBank Dualiza y FPEmpresa.<br \/>\nEl objetivo del proyecto presentado por el IES N\u00famero 1 es la caracterizaci\u00f3n ambiental de las aguas del litoral de Gij\u00f3n mediante la toma de muestras en puntos ubicados en las playas urbanas de la ciudad, en las se analizar\u00e1n par\u00e1metros f\u00edsico-qu\u00edmicos, microbiol\u00f3gicos, planct\u00f3nicos y meteorol\u00f3gicos.<br \/>\nSe pretende realizar el seguimiento y control ambiental de la masa de aguas costera. Los resultados anal\u00edticos obtenidos se volcar\u00e1n en una base de datos de tipo interactivo. a trav\u00e9s de la que se podr\u00e1n consultar y relacionar los datos medioambientales marinos de este entorno.<br \/>\nLa entidad participante en el proyecto es el Centro Oceanogr\u00e1fico de Gij\u00f3n (COG), que pertenece al Instituto Espa\u00f1ol de Oceanograf\u00eda (IEO), un Centro Nacional del Consejo Superior de Investigaciones Cient\u00edficas (CSIC). El Laboratorio de Salud P\u00fablica del Principado de Asturias colabora en el asesoramiento durante el desarrollo del proyecto.<\/p>\n<p><img loading=\"lazy\" decoding=\"async\" class=\"\" src=\"https:\/\/alojaweb.educastur.es\/documents\/2281142\/11878301\/Dualiza_ALBERTO+URRUTIA+SALG.jpg\/f9380369-f132-40c6-ba69-3d70e185b49b?t=1702883027433\" width=\"572\" height=\"322\" \/><\/p>\n<\/div>\n<\/div>\n<p><strong><span style=\"font-size: 18pt\">Visita a Gij\u00f3n Impulsa<\/span><\/strong><\/p>\n<\/div>\n<\/div>\n<\/div>\n<div class=\"slideshow-container\">\n<p>El mi\u00e9rcoles <strong>15 de noviembre<\/strong> fuimos con el alumnado de segundo de educaci\u00f3n infantil a visitar el Edificio Cristasa (Gij\u00f3n Impulsa). \u00a1Actividad que impulsa el esp\u00edritu emprendedor del alumnado!.<br \/>\nGracias a M\u00f3nica Mart\u00ednez, asesora de promoci\u00f3n, crecimiento y consolidaci\u00f3n empresarial y gracias a Lara \u00c1lvarez, joven empresaria al frente de \u00abtexturas comunicaci\u00f3n\u00bb, que nos cont\u00f3 c\u00f3mo fueron sus inicios.<\/p>\n<\/div>\n<\/div>\n<h2>Record RCP 2023<\/h2>\n<div class=\"info\">\n<div class=\"content\">\n<h3>Con tus manos puedes salvar vidas<\/h3>\n<p>El d\u00eda\u00a0<strong>16 de octubre de 2023,<\/strong>\u00a0el IES N\u00famero 1 de Gij\u00f3n va a participar en el III R\u00e9cord de Reanimaci\u00f3n-Cardiopulmonar (RCP) simult\u00e1neo promovido por el patronato municipal de deportes de Gij\u00f3n.<\/p>\n<p><img loading=\"lazy\" decoding=\"async\" class=\"\" src=\"https:\/\/alojaweb.educastur.es\/documents\/2281142\/11610635\/RCP+Gijon+2023.png\/cd90a3e3-68c3-47ac-86ec-a591fbec8d7d?t=1696410383866\" alt=\"\" width=\"457\" height=\"257\" \/><\/p>\n<p>El alumnado recibir\u00e1 instrucciones a trav\u00e9s de sus tutores para que este evento sea un \u00e9xito\u00a0 de participaci\u00f3n y de concienciaci\u00f3n.<\/p>\n<\/div>\n<\/div>\n<h2>Reto conseguido!<\/h2>\n<div class=\"info\">\n<div class=\"content\">\n<div>Lecci\u00f3n de los escolares de Gij\u00f3n con una reanimaci\u00f3n simult\u00e1nea de r\u00e9cord: \u00abHay que quitarse el miedo\u00bb.<\/div>\n<div>\n<div class=\"portlet-msg-alert\">2 minutos de RCP.<\/div>\n<h4 id=\"x_Signature\">\u00a1RETO CONSEGUIDO!<\/h4>\n<div id=\"x_Signature\">\u00a01402 escolares haciendo RCP presencial, m\u00e1s de 10000 online.<\/div>\n<div id=\"x_Signature\" class=\"portlet-msg-info\">\u00a0Y en el IES N\u00ba1 casi 1000 apostando por la reanimaci\u00f3n.<\/div>\n<div id=\"x_Signature\">\u00a1Sin duda sois los mejores!<\/div>\n<\/div>\n<div class=\"info\">\n<div class=\"content\">\n<div>\n<div id=\"x_Signature\"><img loading=\"lazy\" decoding=\"async\" class=\"\" src=\"https:\/\/alojaweb.educastur.es\/documents\/2281142\/11642734\/rcp3.jpg\/02d11347-1290-4e34-a965-4d5347f30d0d?t=1697536388963\" width=\"513\" height=\"342\" \/><\/div>\n<\/div>\n<p><a href=\"https:\/\/www.youtube.com\/watch?v=hbKG5Gex5uI\">https:\/\/www.youtube.com\/watch?v=hbKG5Gex5uI<\/a><\/p>\n<\/div>\n<\/div>\n<\/div>\n<\/div>\n<h2>Premios III Record RCP Simult\u00e1nea<\/h2>\n<div class=\"info\">\n<div class=\"content\">\n<p>Esta semana en el IES N\u00ba1 nos hemos llevado una gran sorpresa.<br \/>\n\u00a11\u00ba PREMIO! en modalidad online por nuestra participaci\u00f3n en el III R\u00e9cord de RCP simultaneo de Gij\u00f3n.<br \/>\nMuchas gracias PDM por valorar nuestro trabajo y gracias a todos y a todas los que hab\u00e9is participado en esta actividad.<br \/>\n\u00a1Reto super conseguido!<\/p>\n<p><img loading=\"lazy\" decoding=\"async\" class=\"\" src=\"https:\/\/alojaweb.educastur.es\/documents\/2281142\/11642734\/01RCP.jpg\/c1810bb6-07d4-45d3-841f-9cadee7237c9?t=1698400343128\" width=\"302\" height=\"278\" \/><img loading=\"lazy\" decoding=\"async\" class=\"\" src=\"https:\/\/alojaweb.educastur.es\/documents\/2281142\/11642734\/minions_ridono.gif\/56db04bf-df89-476f-ab66-bfb04c9c83e7?t=1698400643495\" alt=\"\" width=\"316\" height=\"143\" \/><\/p>\n<\/div>\n<\/div>\n<h2>En el N\u00famero 1 ponemos todo el Coraz\u00f3n<\/h2>\n<div class=\"info\">\n<div class=\"content\">\n<p>El jueves 21 de diciembre, el departamento de textil y confecci\u00f3n del IES N\u00famero 1 don\u00f3 15 cojines confeccionados por su alumnado a la escuela de Educaci\u00f3n Infantil Alejandro Casona.<\/p>\n<p>Estos cojines ser\u00e1n utilizados en la escuela para la ense\u00f1anza de la Rcp a los m\u00e1s peque\u00f1os, dentro de un proyecto que persigue conseguir adquirir en la escuela un desfibrilador, vital si tenemos presente que en la actualidad existe alumnado con cardiopat\u00edas.<\/p>\n<div class=\"portlet-msg-info\">Nuestra comunidad educativa nuevamente hace pi\u00f1a para lograr un objetivo que merece la pena.<\/div>\n<div><img loading=\"lazy\" decoding=\"async\" class=\"\" src=\"https:\/\/alojaweb.educastur.es\/documents\/2281142\/11896999\/IMG-20231222-WA0015.jpg\/a251067e-7669-4ba5-9e02-d94744354204?t=1703268174243\" width=\"471\" height=\"212\" \/><\/div>\n<\/div>\n<\/div>\n<h2>Jornadas FP-Empresa Ambiental<\/h2>\n<div class=\"info\">\n<div class=\"content\">La semana pasada durante las Jornadas FP Empresa Ambiental veinte ponentes presentaron sus empresas e instituciones. Muchas gracias a Jesus Fidel Delgado Ramallo de Neoalgae, camara de comercio de Gij\u00f3n Marta eurofins ecogestor Sandra R. de EProgram nortecontrol consorcio de aguas de Asturias empresa municipal de aguas cogersa cucc c\u00e1tedra de cambio clim\u00e1tico Alma Hern\u00e1ndez Rojas y incar-csic<br \/>\nY por supuesto a nuestras antiguas alumnas Alicia Pulgar Palicio, Arantza Heredia Bilbao, Marisa del Valle y Laura Arango.<br \/>\nUn placer teneros por aqu\u00ed!<\/div>\n<div><img decoding=\"async\" src=\"https:\/\/alojaweb.educastur.es\/documents\/2281142\/11790099\/Diapositiva1_LAURA+FERNANDEZ+FERN.JPG\/4995fd28-2df2-4806-8838-34622295ff8a?t=1700680184799\" \/><strong style=\"color: #000000;font-size: 10pt;text-align: center\">ECOCALENDARIO DE ADVIENTO<\/strong><\/div>\n<\/div>\n<\/div>\n<\/div>\n<\/div>\n<\/div>\n<\/div>\n<p><span style=\"font-size: 10pt\">Se plantea al alumnado de 1\u00ba de ESO elaborar a trav\u00e9s de un Sway un Ecocalendario de Adviento con algunos consejos diarios para contribuir a un medioambiente m\u00e1s limpio.<\/span><\/p>\n<p style=\"text-align: center\"><span style=\"color: #000000;font-size: 10pt\"><strong>El alumnado ha pedido ayuda a sus familias para conseguir este resultado.<\/strong><\/span><\/p>\n<p><span style=\"font-size: 10pt\"><a href=\"https:\/\/sway.office.com\/HsBxtAYP1U1PsMYb\">https:\/\/sway.office.com\/HsBxtAYP1U1PsMYb<\/a><\/span><\/p>\n<p><a style=\"font-size: 10pt\" href=\"http:\/\/&lt;iframe width=&quot;760px&quot; height=&quot;500px&quot; src=&quot;https:\/\/sway.office.com\/s\/3W7tLZOEkSg0xOF8\/embed&quot; frameborder=&quot;0&quot; marginheight=&quot;0&quot; marginwidth=&quot;0&quot; max-width=&quot;100%&quot; sandbox=&quot;allow-forms allow-modals allow-orientation-lock allow-popups allow-same-origin allow-scripts&quot; scrolling=&quot;no&quot; style=&quot;border: none; max-width: 100%; max-height: 100vh&quot; allowfullscreen mozallowfullscreen msallowfullscreen webkitallowfullscreen&gt;&lt;\/iframe&gt;\">http:\/\/&lt;iframe width=\u00bb760px\u00bb height=\u00bb500px\u00bb src=\u00bbhttps:\/\/sway.office.com\/s\/3W7tLZOEkSg0xOF8\/embed\u00bb frameborder=\u00bb0&#8243; marginheight=\u00bb0&#8243; marginwidth=\u00bb0&#8243; max-width=\u00bb<\/a><a style=\"font-size: 10pt\" href=\"http:\/\/&lt;iframe width=&quot;760px&quot; height=&quot;500px&quot; src=&quot;https:\/\/sway.office.com\/s\/3W7tLZOEkSg0xOF8\/embed&quot; frameborder=&quot;0&quot; marginheight=&quot;0&quot; marginwidth=&quot;0&quot; max-width=&quot;100%&quot; sandbox=&quot;allow-forms allow-modals allow-orientation-lock allow-popups allow-same-origin allow-scripts&quot; scrolling=&quot;no&quot; style=&quot;border: none; max-width: 100%; max-height: 100vh&quot; allowfullscreen mozallowfullscreen msallowfullscreen webkitallowfullscreen&gt;&lt;\/iframe&gt;\">100%\u00bb sandbox=\u00bballow-forms allow-modals allow-orientation-lock allow-popups allow-same-origin allow-scripts\u00bb scrolling=\u00bbno\u00bb style=\u00bbborder: none; max-width: 100%; max-height: 100vh\u00bb allowfullscreen mozallowfullscreen msallowfullscreen webkitallowfullscreen&gt;&lt;\/iframe&gt;<\/a><\/p>\n<\/div>\n<p style=\"text-align: center\"><span style=\"color: #008000;font-size: 10pt\"><strong>ENTREVISTAS ALUMNADO SOBRE EL ECOCALENDARIO<\/strong><\/span><\/p>\n<p><span style=\"font-size: 10pt\"><a href=\"https:\/\/educastur.sharepoint.com\/:v:\/r\/sites\/numero1.digitaliz2021.integracion\/Documentos%20compartidos\/General\/Entrevistas%201%C2%BA%20sobre%20EcoCalendario\/Entrevistas21AD.mp4?csf=1&amp;web=1&amp;e=9TdRtU\">https:\/\/educastur.sharepoint.com\/:v:\/r\/sites\/numero1.digitaliz2021.integracion\/Documentos%20compartidos\/General\/Entrevistas%201%C2%BA%20sobre%20EcoCalendario\/Entrevistas21AD.mp4?csf=1&amp;web=1&amp;e=9TdRtU<\/a><\/span><\/p>\n<div class=\"column\">\n<p><span style=\"font-size: 10pt\"><strong>En el centro es habitual poner en comunicaci\u00f3n al alumnado de las diferentes etapas educativas y de los ciclos formativos. Esto se consigue con una serie de actividades y conferencias.<\/strong><\/span><\/p>\n<p style=\"text-align: center\"><span style=\"font-size: 10pt;color: #000000\"><strong>La informaci\u00f3n fluye en el IESN1: Reciclaje, Sostenibilidad y Cuidado del Medio Ambiente.<\/strong><\/span><\/p>\n<p><span style=\"font-size: 10pt\">Durante la semana del 21 de marzo, el alumnado de 2\u00ba del CFGS \u00a0de Qu\u00edmica y Salud Ambiental ha recorrido diferentes aulas de ESO y Bachillerato, en las sesiones de Biolog\u00eda y Geolog\u00eda y Cultura Cient\u00edfica, para informar a los chicos y chicas sobre temas relacionados con el Reciclaje, la Sostenibilidad y el Cuidado de Medio Ambiente.<\/span><\/p>\n<p><span style=\"font-size: 10pt\">En el m\u00f3dulo de Educaci\u00f3n para la Salud y el medio Ambiente, los alumnos han preparado una serie de actividades de educaci\u00f3n ambiental para compartir con sus compa\u00f1eros del I.E.S N1 trabajando as\u00ed sus competencias especificas.<\/span><\/p>\n<p><span style=\"font-size: 10pt\">Los temas de las charlas han sido muy variados.<\/span><\/p>\n<p style=\"text-align: center\"><span style=\"font-size: 10pt\"><strong>Aceite de Palma. Efectos ambientales y para la salud<\/strong><\/span><\/p>\n<p style=\"text-align: center\"><span style=\"font-size: 10pt\"><strong>Cambio Clim\u00e1tico y contaminaci\u00f3n atmosf\u00e9rica<\/strong><\/span><\/p>\n<p style=\"text-align: center\"><span style=\"font-size: 10pt\"><strong>\u00bfC\u00f3mo mejorar nuestra salud y no da\u00f1ar el medio ambiente?<\/strong><\/span><\/p>\n<p style=\"text-align: center\"><span style=\"font-size: 10pt\"><strong>Reducci\u00f3n del uso de pl\u00e1stico<\/strong><\/span><\/p>\n<p style=\"text-align: center\"><span style=\"font-size: 10pt\"><strong>Resistencia microbiana, los antibi\u00f3ticos como contaminantes emergentes<\/strong><\/span><\/p>\n<p style=\"text-align: center\"><span style=\"font-size: 10pt\"><strong>Efecto del uso de pl\u00e1stico en el medio ambiente<\/strong><\/span><\/p>\n<p style=\"text-align: center\"><span style=\"font-size: 10pt\"><strong>M\u00f3viles, medio ambiente y salud<\/strong><\/span><\/p>\n<p style=\"text-align: center\"><span style=\"font-size: 10pt\"><strong>Enfermedad de Lyme\u00a0<\/strong><\/span><\/p>\n<p style=\"text-align: center\"><span style=\"font-size: 10pt\"><strong>Importancia de las abejas para el medio ambiente y la salud<\/strong><\/span><\/p>\n<p style=\"text-align: center\"><span style=\"font-size: 10pt\"><strong>Residuos en Gij\u00f3n<\/strong><\/span><\/p>\n<p style=\"text-align: center\"><span style=\"font-size: 10pt\"><strong>Reciclaje de pilas<\/strong><\/span><\/p>\n<p><span style=\"font-size: 10pt\">Un a\u00f1o m\u00e1s el <strong>I.E.S N\u00ba1<\/strong> trata de poner en contacto al alumnado de la ESO y al alumnado de los Ciclos Formativos que se imparten el centro educativo, para conseguir este objetivo contamos con el apoyo del profesorado de ciclos.<\/span><\/p>\n<p><span style=\"font-size: 10pt\">Es la profesora Laura Fern\u00e1ndez Fern\u00e1ndez del ciclo de Qu\u00edmica y Salud ambiental en coordinaci\u00f3n con los departamentos de Matem\u00e1ticas y Biolog\u00eda y Geolog\u00eda la que pone en marcha esta iniciativa.<\/span><\/p>\n<p><span style=\"font-size: 10pt\">El alumnado de ciclos se desplaza a las aulas de la ESO para explicar temas muy interesantes relacionados con el <span style=\"color: #008000\"><strong>Medio Ambiente y la Sostenibilidad.<\/strong><\/span><\/span><\/p>\n<p style=\"text-align: center\"><span style=\"font-size: 10pt\"><strong>La contaminaci\u00f3n atmosf\u00e9rica: El smog<\/strong><\/span><\/p>\n<p style=\"text-align: center\"><span style=\"font-size: 10pt\"><strong>Huella ecol\u00f3gica<\/strong><\/span><\/p>\n<p style=\"text-align: center\"><span style=\"font-size: 10pt\"><strong>Impacto ambiental del uso de pl\u00e1stico<\/strong><\/span><\/p>\n<p style=\"text-align: center\"><span style=\"font-size: 10pt\"><strong>Reutilizaci\u00f3n del pl\u00e1stico<\/strong><\/span><\/p>\n<p style=\"text-align: center\"><span style=\"font-size: 10pt\"><strong>Impacto ambiental de los m\u00f3viles<\/strong><\/span><\/p>\n<p style=\"text-align: center\"><span style=\"font-size: 10pt\"><strong>Residuos de la industria textil<\/strong><\/span><\/p>\n<\/div>\n<p style=\"text-align: center\"><span style=\"font-size: 10pt;color: #008000\"><strong>La informaci\u00f3n fluye en el I.E.S.N1: TEST DE ANT\u00cdGENOS<\/strong><\/span><\/p>\n<p style=\"text-align: center\"><span style=\"font-size: 10pt\"><strong>Actividad coordinada por el profesor de ciclos Jos\u00e9 Manuel<\/strong><\/span><\/p>\n<div class=\"column\">\n<p><span style=\"font-size: 10pt\">Estamos viviendo una situaci\u00f3n de pandemia causada por el virus\u00a0SARS-CoV-2, nos hemos acostumbrado de alguna manera a escuchar repetidamente la frase \u201ctengo que hacerme un test de ant\u00edgenos\u201d. \u00bfQu\u00e9 es un test de ant\u00edgenos?.<\/span><\/p>\n<p><span style=\"font-size: 10pt\">Han sido dos lunes del mes de febrero 14 y 21, cuando el alumnado del turno diurno de segundo ciclo de Laboratorio ha visitado las aulas de la ESO, Bachillerato y del ciclo de CAE para explicarles a trav\u00e9s de una maqueta que han elaborado en qu\u00e9 consiste esta prueba.<\/span><\/p>\n<p><span style=\"font-size: 10pt\">\u00bfQu\u00e9 es un test de ant\u00edgenos?, \u00bfPara qu\u00e9 sirve?, \u00bfC\u00f3mo funciona un test de ant\u00edgenos?, \u00bfQu\u00e9 tiene por dentro?, \u00bfPor qu\u00e9 salen esas bandas coloreadas en el test?, \u00bfC\u00f3mo y cu\u00e1ndo se produce un resultado positivo o negativo?, \u00bfQu\u00e9 es un resultado falso positivo?, \u00bfCu\u00e1ndo se considera que un test no es v\u00e1lido para diagn\u00f3stico?.<\/span><\/p>\n<p><span style=\"font-size: 10pt\">A estas y otras preguntas ha dado respuesta el alumnado de 2\u00ba curso diurno del ciclo de laboratorio cl\u00ednico y biom\u00e9dico del IES N\u00ba1. Para ello, han elaborado dos maquetas de un test de ant\u00edgenos de SARS-CoV-2 bas\u00e1ndose en un test comercial; lo que han fabricado es un test de ant\u00edgenos \u201cgigante\u201d para mostrar lo que ocurre dentro del test cuando nos hacemos esta prueba diagn\u00f3stica.<\/span><\/p>\n<p><span style=\"font-size: 10pt\">Han comenzado explicando de forma sencilla y con elementos de la maqueta conceptos b\u00e1sicos para entender el procedimiento de la realizaci\u00f3n del test: \u00bfQu\u00e9 es un ant\u00edgeno, un anticuerpo y un determinante antig\u00e9nico?. A continuaci\u00f3n han descrito las partes del test y los reactivos que contiene cada una de ellas.<\/span><\/p>\n<p><span style=\"font-size: 10pt\">A partir de ah\u00ed han simulado el desarrollado de todo el procedimiento de la realizaci\u00f3n de esta prueba diagn\u00f3stica, partiendo de la toma de la muestra nasofar\u00edngea empleando un hisopo de toma de muestra gigante, para ver lo que se pretende recoger con el en esa cavidad; posteriormente han preparado la muestra con la soluci\u00f3n tamp\u00f3n (buffer) con la que podemos dispensar la muestra en la zona de reacci\u00f3n del test.<\/span><\/p>\n<p><span style=\"font-size: 10pt\">Con la muestra ya dispensada en el test han descrito de forma secuencial todas las fases que ocurren durante el tiempo de reacci\u00f3n de la prueba, hasta la visualizaci\u00f3n del resultado en forma de bandas coloreadas, para ello, han explicado la funci\u00f3n del soporte de la tira reactiva y de los reactivos que participan en el test, estos son, cada uno de los tres anticuerpos distintos\u00a0 distribuidos en la zona de reacci\u00f3n (S), en la zona de test (T) y en la zona de control (C)) y las enzimas con las que se marcan los anticuerpos conjugados as\u00ed como los sustratos de las mismas que permiten visualizar las bandas de color en las zonas de test y control.<\/span><\/p>\n<p><span style=\"font-size: 10pt\">Con estos elementos han demostrado la visualizaci\u00f3n de un resultado positivo, un resultado negativo, un resultado falso positivo y resultados no v\u00e1lidos.<\/span><\/p>\n<p><span style=\"font-size: 10pt\">Durante la exposici\u00f3n el alumnado de ESO, Bachiller y del ciclo de CAE a los que se ha dirigido esta exposici\u00f3n, han lanzado preguntas y curiosidades al alumnado de laboratorio sobre esta prueba, surgiendo aclaraciones de conceptos como el significado de la sensibilidad y la especificidad de un test de ant\u00edgenos frente a otras pruebas como la PCR. Adem\u00e1s cabe destacar las preguntas que han realizado sobre qu\u00e9 se estudia en el ciclo de laboratorio, c\u00f3mo es la experiencia del alumnado que lo realiza, las salidas profesionales que tiene y cu\u00e1l ha sido y c\u00f3mo pueden continuar el itinerario formativo del ciclo de laboratorio cl\u00ednico y biom\u00e9dico.<\/span><\/p>\n<p><strong style=\"color: #008000;font-size: 10pt;text-align: center\">SE REALIZARON VISITAS AL COLE DE PRIMARIA\u00a0<\/strong><\/p>\n<div class=\"content\">\n<div dir=\"auto\"><\/div>\n<div dir=\"auto\"><span style=\"font-size: 10pt\">Los alumnos de 2 CFGS Qu\u00edmica y Salud Ambiental desarrollan sus proyectos de Educaci\u00f3n Ambiental en las clases de ESO, Ciclos formativos y en este caso de primaria.<\/span><\/div>\n<div dir=\"auto\"><span style=\"font-size: 10pt\">Los tres grupos de sexto de primaria del CP Evaristo Valle recibieron la semana pasada una charla-taller sobre los ecosistemas marinos y los micropl\u00e1sticos.<\/span><\/div>\n<div dir=\"auto\"><\/div>\n<div dir=\"auto\" style=\"text-align: center\"><span style=\"font-size: 10pt;color: #008000\"><em><strong>Unos alumnos muy aplicados que han participaron mucho<\/strong><\/em><\/span><\/div>\n<\/div>\n<p style=\"text-align: center\"><span style=\"color: #008000;font-size: 10pt\"><em>Una muy buena experiencia que permite contribuir por una parte a acercar la ciencia al alumnado y por otra conectar a alumnado de distintos \u00e1mbitos acad\u00e9micos de nuestro centro.<\/em><\/span><\/p>\n<p style=\"text-align: left\"><span style=\"font-size: 10pt;color: #008000\"><strong>CERTAMEN DE FOTOGRAF\u00cdA DIGITAL: FOTOCONSEJO, FOTODENUNCIA.<\/strong><\/span><\/p>\n<p style=\"text-align: left\"><span style=\"color: #000000;font-size: 10pt\">Se propone al alumnado participar en un concurso de Fotograf\u00eda Digital Ecol\u00f3gica, promovido por distintos departamentos entre ellos Lengua Castellana y Literatura, Alem\u00e1n, Educaci\u00f3n Pl\u00e1stica y Biolog\u00eda y Geolog\u00eda. El certamen se abri\u00f3 tambi\u00e9n a profesorado y personal no docente, lo que gener\u00f3 una mayor participaci\u00f3n.<\/span><\/p>\n<p><span style=\"color: #008000;font-size: 10pt\">El cartel del concurso ha sido dise\u00f1ado por el profesor del departamento de Educaci\u00f3n Pl\u00e1stica y Visual, Tom\u00e1s Garc\u00eda Pooley. <strong>GRACIAS<\/strong><\/span><\/p>\n<\/div>\n<\/div>\n<\/div>\n<div class=\"page\" title=\"Page 3\">\n<div class=\"layoutArea\">\n<div class=\"column\">\n<p style=\"text-align: left\"><span style=\"color: #008000\"><span style=\"font-size: 10pt\"><strong>D\u00cdA DE LA MADRE TIERRA EN EL I.E.S <\/strong><\/span><strong style=\"font-size: 10pt\">N\u00ba1<\/strong><\/span><\/p>\n<p><span style=\"font-size: 10pt\">El centro colabora en el proyecto \u00abMeses y Causas\u00bb una iniciativa financiada por el Ayuntamiento de Gij\u00f3n y la ONG MasPaz. El martes 19 de abril a las 8:55 horas tuvo lugar en el I.E.S N\u00ba1 el primer taller de chapas e imanes sobre el D\u00eda de la Madre Tierra.<\/span><\/p>\n<p><span style=\"font-size: 10pt\">Se da continuidad a los talleres de chapas e imanes los d\u00edas 20, 21 y 22 de abril con el fin de que el alumnado del instituto pueda realizar su propia chapa\/im\u00e1n de recuerdo del D\u00eda de la Madre Tierra (22 de abril).<\/span><\/p>\n<p><span style=\"font-size: 10pt\">Durante estos d\u00edas de abril los alumnos\/as del I.E.S N\u00ba1 disfrutar\u00e1n en su centro de una la exposici\u00f3n sobre los <strong>Objetivos de Desarrollo Sostenible<\/strong> con la que se pretende dar difusi\u00f3n y visibilidad a los 17 objetivos establecidos por la Uni\u00f3n Europea para el fomento del <span style=\"color: #008000\"><strong>Desarrollo Sostenible.<\/strong><\/span><\/span><\/p>\n<p><span style=\"font-size: 10pt\">El centro colabora en el proyecto \u00abMeses y Causas\u00bb una iniciativa financiada por el Ayuntamiento de Gij\u00f3n y la ONG MasPaz. El martes 19 de abril a las 8:55 horas tuvo lugar en el I.E.S N\u00ba1 el primer taller de chapas e imanes sobre el D\u00eda de la Madre Tierra.<\/span><\/p>\n<p><span style=\"font-size: 10pt\">Se da continuidad a los talleres de chapas e imanes los d\u00edas 20, 21 y 22 de abril con el fin de que el alumnado del instituto pueda realizar su propia chapa\/im\u00e1n de recuerdo del D\u00eda de la Madre Tierra (22 de abril).<\/span><\/p>\n<p><span style=\"font-size: 10pt\">Durante estos d\u00edas de abril los alumnos\/as del I.E.S N\u00ba1 disfrutar\u00e1n en su centro de una la exposici\u00f3n sobre los <strong>Objetivos de Desarrollo Sostenible<\/strong> con la que se pretende dar difusi\u00f3n y visibilidad a los 17 objetivos establecidos por la Uni\u00f3n Europea para el fomento del <span style=\"color: #99cc00\"><strong>Desarrollo Sostenible.<\/strong><\/span><\/span><\/p>\n<p style=\"text-align: center\"><span style=\"color: #000000;font-size: 10pt\">El centro ha comprado una m\u00e1quina de hacer <strong>CHAPAS<\/strong> en vista del \u00e9xito que ha tenido entre el alumnado. <\/span><\/p>\n<p><span style=\"font-size: 10pt;color: #008000\"><strong style=\"text-align: center\">LIMPIEZA DE PLAYAS, CARACTERIZACI\u00d3N DE RESIDUOS Y AN\u00c1LISIS DE AGUAS<\/strong><\/span><\/p>\n<p style=\"text-align: center\"><span style=\"font-size: 10pt;color: #000000\"><strong>Proyecto de concienciaci\u00f3n ciudadana\u00a0<\/strong><\/span><\/p>\n<p style=\"text-align: center\"><strong><span style=\"font-size: 10pt\">PLAYA DE ESTA\u00d1O<\/span><\/strong><\/p>\n<\/div>\n<p><span style=\"font-size: 10pt\">Se realizar\u00e1 la limpieza de la playa a trav\u00e9s de la Asociaci\u00f3n de Ciencias Ambientales de Asturias(COASTWATCH ACASTUR)El material necesario para la limpieza como guantes, bolsas etc lo proporciona el Ayuntamiento de Gij\u00f3n, as\u00ed como los permisos necesarios para realizar dicha limpieza.<\/span><\/p>\n<p><span style=\"font-size: 10pt\">Previamente a la salida tendr\u00e1 lugar una charla informativa en el centro para explicar el procedimiento que se va a seguir al alumnado y los materiales que se van a empelar.<\/span><\/p>\n<div class=\"wpb_text_column wpb_content_element \">\n<div class=\"wpb_wrapper\">\n<h3 style=\"text-align: left\"><span style=\"color: #008000;font-size: 10pt\">EL \u00c1RBOL DE LA VIDA SE NUTRE DE PEQUE\u00d1OS GESTOS<\/span><\/h3>\n<p><span style=\"color: #ff0000;font-size: 10pt\"><strong>Un hilo rojo es el conductor del proyecto. Con \u00e9l crearemos una red de personas e ideas para concienciar sobre la necesidad de reducir residuos y contribuir entre todos a hacer un mundo mejor\u2026<\/strong><\/span><\/p>\n<p><strong style=\"font-size: 10pt\">El Mercado Artesano y Ecol\u00f3gico de Gij\u00f3n<\/strong><span style=\"font-size: 10pt\"> va a \u00a0presentar un proyecto participativo e, una iniciativa gestionada en Asturias por COGERSA\u00a0 y co-financiada por el programa LIFE+ de la Comisi\u00f3n Europea que tiene como objetivo promover e implantar durante una semana acciones de sensibilizaci\u00f3n sobre recursos sostenibles y gesti\u00f3n de residuos.<\/span><\/p>\n<\/div>\n<\/div>\n<p><span style=\"font-size: 10pt\"><img loading=\"lazy\" decoding=\"async\" class=\"alignnone wp-image-350 \" src=\"http:\/\/edublog.educastur.es\/el1recicla\/files\/2023\/04\/arbol-de-la-vida-1.png\" alt=\"\" width=\"257\" height=\"341\" srcset=\"https:\/\/edublog.educastur.es\/el1recicla\/files\/2023\/04\/arbol-de-la-vida-1.png 465w, https:\/\/edublog.educastur.es\/el1recicla\/files\/2023\/04\/arbol-de-la-vida-1-226x300.png 226w\" sizes=\"auto, (max-width: 257px) 100vw, 257px\" \/><img loading=\"lazy\" decoding=\"async\" class=\"alignnone wp-image-351 \" src=\"http:\/\/edublog.educastur.es\/el1recicla\/files\/2023\/04\/a2.jpg\" alt=\"\" width=\"313\" height=\"335\" \/><\/span><\/p>\n<\/div>\n<\/div>\n","protected":false},"excerpt":{"rendered":"<p>Proyecto Dualiza: Orientaci\u00f3n activa de la FP El pasado mi\u00e9rcoles 4 de abril los profesores Jose Manuel \u00c1lvarez y Rogelio Garc\u00eda acompa\u00f1ados de algunos de sus alumnos, han ido al IES Mata Jove a presentar las actividades que se est\u00e1n [&hellip;]<\/p>\n","protected":false},"author":1220,"featured_media":0,"parent":0,"menu_order":0,"comment_status":"closed","ping_status":"closed","template":"","meta":{"footnotes":""},"class_list":["post-38","page","type-page","status-publish","hentry"],"_links":{"self":[{"href":"https:\/\/edublog.educastur.es\/el1recicla\/wp-json\/wp\/v2\/pages\/38","targetHints":{"allow":["GET"]}}],"collection":[{"href":"https:\/\/edublog.educastur.es\/el1recicla\/wp-json\/wp\/v2\/pages"}],"about":[{"href":"https:\/\/edublog.educastur.es\/el1recicla\/wp-json\/wp\/v2\/types\/page"}],"author":[{"embeddable":true,"href":"https:\/\/edublog.educastur.es\/el1recicla\/wp-json\/wp\/v2\/users\/1220"}],"replies":[{"embeddable":true,"href":"https:\/\/edublog.educastur.es\/el1recicla\/wp-json\/wp\/v2\/comments?post=38"}],"version-history":[{"count":162,"href":"https:\/\/edublog.educastur.es\/el1recicla\/wp-json\/wp\/v2\/pages\/38\/revisions"}],"predecessor-version":[{"id":978,"href":"https:\/\/edublog.educastur.es\/el1recicla\/wp-json\/wp\/v2\/pages\/38\/revisions\/978"}],"wp:attachment":[{"href":"https:\/\/edublog.educastur.es\/el1recicla\/wp-json\/wp\/v2\/media?parent=38"}],"curies":[{"name":"wp","href":"https:\/\/api.w.org\/{rel}","templated":true}]}}