{"id":42,"date":"2023-04-20T21:55:44","date_gmt":"2023-04-20T21:55:44","guid":{"rendered":"https:\/\/edublog.educastur.es\/el1recicla\/?page_id=42"},"modified":"2024-04-26T16:43:53","modified_gmt":"2024-04-26T16:43:53","slug":"reutilizar","status":"publish","type":"page","link":"https:\/\/edublog.educastur.es\/el1recicla\/reutilizar\/","title":{"rendered":"Reutilizar"},"content":{"rendered":"<div class=\"page\" title=\"Page 3\">\n<div class=\"layoutArea\">\n<div class=\"column\">\n<p style=\"text-align: center\"><span style=\"color: #000000\"><strong>TALLER DE DECORACI\u00d3N DE BOLSAS<\/strong><\/span><\/p>\n<p><img loading=\"lazy\" decoding=\"async\" class=\"alignnone wp-image-127 \" src=\"http:\/\/edublog.educastur.es\/el1recicla\/files\/2023\/04\/Captura25.png\" alt=\"\" width=\"297\" height=\"299\" srcset=\"https:\/\/edublog.educastur.es\/el1recicla\/files\/2023\/04\/Captura25.png 801w, https:\/\/edublog.educastur.es\/el1recicla\/files\/2023\/04\/Captura25-298x300.png 298w, https:\/\/edublog.educastur.es\/el1recicla\/files\/2023\/04\/Captura25-150x150.png 150w, https:\/\/edublog.educastur.es\/el1recicla\/files\/2023\/04\/Captura25-768x773.png 768w, https:\/\/edublog.educastur.es\/el1recicla\/files\/2023\/04\/Captura25-75x75.png 75w\" sizes=\"auto, (max-width: 297px) 100vw, 297px\" \/><img loading=\"lazy\" decoding=\"async\" class=\"alignnone wp-image-247 \" src=\"http:\/\/edublog.educastur.es\/el1recicla\/files\/2023\/04\/Captura20.png\" alt=\"\" width=\"412\" height=\"255\" srcset=\"https:\/\/edublog.educastur.es\/el1recicla\/files\/2023\/04\/Captura20.png 881w, https:\/\/edublog.educastur.es\/el1recicla\/files\/2023\/04\/Captura20-300x186.png 300w, https:\/\/edublog.educastur.es\/el1recicla\/files\/2023\/04\/Captura20-768x475.png 768w\" sizes=\"auto, (max-width: 412px) 100vw, 412px\" \/><\/p>\n<\/div>\n<p style=\"text-align: center\"><span style=\"color: #000000\"><strong>PORTABOCADILLOS (EN COLABORACI\u00d3N CON EL DEPARTAMENTO DE TEXTIL, MODA Y PIEL)<\/strong><\/span><\/p>\n<\/div>\n<\/div>\n<div class=\"page\" title=\"Page 3\">\n<div class=\"layoutArea\">\n<p><img loading=\"lazy\" decoding=\"async\" class=\"alignnone wp-image-245 size-full\" src=\"http:\/\/edublog.educastur.es\/el1recicla\/files\/2023\/04\/10.png\" alt=\"\" width=\"867\" height=\"693\" srcset=\"https:\/\/edublog.educastur.es\/el1recicla\/files\/2023\/04\/10.png 867w, https:\/\/edublog.educastur.es\/el1recicla\/files\/2023\/04\/10-300x240.png 300w, https:\/\/edublog.educastur.es\/el1recicla\/files\/2023\/04\/10-768x614.png 768w\" sizes=\"auto, (max-width: 867px) 100vw, 867px\" \/><img loading=\"lazy\" decoding=\"async\" class=\"alignnone wp-image-266 size-full\" src=\"http:\/\/edublog.educastur.es\/el1recicla\/files\/2023\/04\/21.png\" alt=\"\" width=\"918\" height=\"433\" srcset=\"https:\/\/edublog.educastur.es\/el1recicla\/files\/2023\/04\/21.png 918w, https:\/\/edublog.educastur.es\/el1recicla\/files\/2023\/04\/21-300x142.png 300w, https:\/\/edublog.educastur.es\/el1recicla\/files\/2023\/04\/21-768x362.png 768w\" sizes=\"auto, (max-width: 918px) 100vw, 918px\" \/><\/p>\n<p>El departamento de Textil, Moda y Piel est\u00e1 desarrollando m\u00e1s actividades para concienciar al alumnado de\u00a0 <span style=\"color: #008000\"><strong>DARLE UNA NUEVA VIDA A<\/strong><\/span><span style=\"color: #008000\"><strong> SUS PRENDAS.<\/strong><\/span><\/p>\n<p>El alumnado de 1\u00ba de la ESO con la ayuda del alumnado del ciclo formativo de Moda, textil y Piel han realizado unos talleres con materiales reciclados, prendas de ropa, telas y retales.<\/p>\n<p>EL RESULTADO HA SIDO INCRE\u00cdBLE.<\/p>\n<p>Se han dedicado sesiones de la materia para elaborar estos materiales.<\/p>\n<p>Con los materiales recopilados hemos montado varios puestos en el mercadillo solidario que se ha organizado en el centro el d\u00eda 12 de diciembre para conmemorar el 75 aniversario de la Declaraci\u00f3n Universal de los Derechos Humanos.<\/p>\n<p>El alumnado de 1\u00ba de bachillerato de la optativa de Biolog\u00eda, Geolog\u00eda y Ciencias Ambientales y el alumnado de Ciclos formativos de Moda, Textil y Piel han sido los encargados de estar en el puesto del mercadillo, cuyo fin era recaudar fondos para asociaci\u00f3n ACNUR.<\/p>\n<p><img loading=\"lazy\" decoding=\"async\" class=\" wp-image-56 alignleft\" style=\"color: #99cc00;font-weight: bold;text-align: center\" src=\"http:\/\/edublog.educastur.es\/el1recicla\/files\/2023\/02\/IMG_5764-copia-225x300.jpg\" alt=\"\" width=\"147\" height=\"196\" \/><\/p>\n<p><img loading=\"lazy\" decoding=\"async\" class=\"wp-image-453 alignleft\" src=\"http:\/\/edublog.educastur.es\/el1recicla\/files\/2023\/04\/taller.jpg\" alt=\"\" width=\"227\" height=\"294\" \/><\/p>\n<p>&nbsp;<\/p>\n<p>&nbsp;<\/p>\n<p>&nbsp;<\/p>\n<p>&nbsp;<\/p>\n<p>&nbsp;<\/p>\n<p>&nbsp;<\/p>\n<p>&nbsp;<\/p>\n<p>&nbsp;<\/p>\n<p style=\"text-align: center\"><span style=\"color: #000000\"><strong>Reutiliza, jabones con esencia<\/strong><\/span><\/p>\n<\/div>\n<\/div>\n<div class=\"info\">\n<div class=\"content\">\n<p>El alumnado de 1\u00ba ESO ha participado en un taller de elaboraci\u00f3n de jabones con aceite reutilizado, han tra\u00eddo de sus casas aceite para darle un segundo uso, nos ha encantado el resultado.<\/p>\n<\/div>\n<\/div>\n<p><img loading=\"lazy\" decoding=\"async\" class=\"alignleft\" src=\"https:\/\/alojaweb.educastur.es\/documents\/2281142\/12140498\/20240320_101135_LORENA+ESPINA+LOBO.jpg\/58ae2b2b-e18e-4448-931e-d20b5fadd9d2?t=1711095691876\" width=\"238\" height=\"308\" \/><\/p>\n<h2>Jabones Artesanos<\/h2>\n<div class=\"info\">\n<div class=\"content\">\n<p>El alumnado de primero de Bachillerato que cursa la materia optativa de Recursos Energ\u00e9ticos y Sostenibilidad ha realizado un taller de elaboraci\u00f3n de jabones con aceite reciclado\u00a0y envases reciclados. Ha sido un \u00e9xito!!<img loading=\"lazy\" decoding=\"async\" class=\"alignnone wp-image-678 size-full\" src=\"http:\/\/edublog.educastur.es\/el1recicla\/files\/2024\/04\/20240321_121357-copia-2.jpg\" alt=\"\" width=\"2281\" height=\"1458\" srcset=\"https:\/\/edublog.educastur.es\/el1recicla\/files\/2024\/04\/20240321_121357-copia-2.jpg 2281w, https:\/\/edublog.educastur.es\/el1recicla\/files\/2024\/04\/20240321_121357-copia-2-300x192.jpg 300w, https:\/\/edublog.educastur.es\/el1recicla\/files\/2024\/04\/20240321_121357-copia-2-1024x655.jpg 1024w, https:\/\/edublog.educastur.es\/el1recicla\/files\/2024\/04\/20240321_121357-copia-2-768x491.jpg 768w, https:\/\/edublog.educastur.es\/el1recicla\/files\/2024\/04\/20240321_121357-copia-2-1536x982.jpg 1536w, https:\/\/edublog.educastur.es\/el1recicla\/files\/2024\/04\/20240321_121357-copia-2-2048x1309.jpg 2048w, https:\/\/edublog.educastur.es\/el1recicla\/files\/2024\/04\/20240321_121357-copia-2-1080x690.jpg 1080w\" sizes=\"auto, (max-width: 2281px) 100vw, 2281px\" \/><\/p>\n<p><img loading=\"lazy\" decoding=\"async\" class=\"alignnone wp-image-952 size-full\" src=\"http:\/\/edublog.educastur.es\/el1recicla\/files\/2024\/04\/20240402_105858-1.jpg\" alt=\"\" width=\"1471\" height=\"2057\" srcset=\"https:\/\/edublog.educastur.es\/el1recicla\/files\/2024\/04\/20240402_105858-1.jpg 1471w, https:\/\/edublog.educastur.es\/el1recicla\/files\/2024\/04\/20240402_105858-1-215x300.jpg 215w, https:\/\/edublog.educastur.es\/el1recicla\/files\/2024\/04\/20240402_105858-1-732x1024.jpg 732w, https:\/\/edublog.educastur.es\/el1recicla\/files\/2024\/04\/20240402_105858-1-768x1074.jpg 768w, https:\/\/edublog.educastur.es\/el1recicla\/files\/2024\/04\/20240402_105858-1-1098x1536.jpg 1098w, https:\/\/edublog.educastur.es\/el1recicla\/files\/2024\/04\/20240402_105858-1-1465x2048.jpg 1465w\" sizes=\"auto, (max-width: 1471px) 100vw, 1471px\" \/><\/p>\n<p><img loading=\"lazy\" decoding=\"async\" class=\"alignright\" src=\"https:\/\/alojaweb.educastur.es\/documents\/2281142\/12103160\/20240308_110443_LORENA+ESPINA+LOBO.jpg\/063352dd-9db7-4151-a1e8-fdd1c4c8af06?t=1709894920604\" width=\"298\" height=\"298\" \/><\/p>\n<\/div>\n<p><img loading=\"lazy\" decoding=\"async\" class=\"alignnone wp-image-954 size-full\" src=\"http:\/\/edublog.educastur.es\/el1recicla\/files\/2024\/04\/20240402_105940-1.jpg\" alt=\"\" width=\"1737\" height=\"1808\" srcset=\"https:\/\/edublog.educastur.es\/el1recicla\/files\/2024\/04\/20240402_105940-1.jpg 1737w, https:\/\/edublog.educastur.es\/el1recicla\/files\/2024\/04\/20240402_105940-1-288x300.jpg 288w, https:\/\/edublog.educastur.es\/el1recicla\/files\/2024\/04\/20240402_105940-1-984x1024.jpg 984w, https:\/\/edublog.educastur.es\/el1recicla\/files\/2024\/04\/20240402_105940-1-768x799.jpg 768w, https:\/\/edublog.educastur.es\/el1recicla\/files\/2024\/04\/20240402_105940-1-1476x1536.jpg 1476w\" sizes=\"auto, (max-width: 1737px) 100vw, 1737px\" \/><\/p>\n<p>El alumnado de 1\u00ba de la ESO con la ayuda del alumnado del ciclo formativo de Moda, textil y Piel han realizado unos talleres con materiales reciclados, prendas de ropa, telas y retales.<\/p>\n<p><span style=\"color: #000000\"><strong><b>DESAF\u00cdO AE (ACTIVIDAD EMPRENDEDORA) <\/b>MERCADILLO DE LIBROS EN EL I.E.S N\u00ba<\/strong><strong style=\"text-align: center\">1<\/strong><\/span><\/p>\n<\/div>\n<div class=\"page\" title=\"Page 3\">\n<div class=\"layoutArea\">\n<p><span style=\"color: #000000\"><strong>Actividad dirigida a estudiantes de IAE 3\u00ba <\/strong><\/span><\/p>\n<p><strong>\u00bfQui\u00e9n se puede implicar? <\/strong><span data-contrast=\"auto\">Entidades: asociaciones de vecinos, entidades ben\u00e9ficas, \u2026<\/span><\/p>\n<p><span data-contrast=\"auto\">Centro: profes<\/span><span data-contrast=\"auto\">orado, alumnado, dem\u00e1s personal y f<\/span><span data-contrast=\"auto\">amilias. <\/span><span data-contrast=\"auto\">VALNALOM\u00a0<\/span><strong style=\"color: #99cc00\"><img loading=\"lazy\" decoding=\"async\" class=\"wp-image-244 alignleft\" src=\"http:\/\/edublog.educastur.es\/el1recicla\/files\/2023\/04\/LIBROS-300x290.png\" alt=\"\" width=\"199\" height=\"193\" srcset=\"https:\/\/edublog.educastur.es\/el1recicla\/files\/2023\/04\/LIBROS-300x290.png 300w, https:\/\/edublog.educastur.es\/el1recicla\/files\/2023\/04\/LIBROS.png 373w\" sizes=\"auto, (max-width: 199px) 100vw, 199px\" \/><\/strong><\/p>\n<p><span data-contrast=\"auto\">Recogida de libros (dos semanas antes de Semana Santa).<\/span><\/p>\n<p><span data-contrast=\"auto\">Semana siguiente: clasificar los libros y fijar precios.<\/span><\/p>\n<p><strong>\u00bfD\u00f3nde y c\u00f3mo los vendemos?\u00a0<\/strong><\/p>\n<p><span data-contrast=\"auto\">Un puesto durante los recreos de esa semana. <\/span><\/p>\n<p><strong>\u00bfHacemos una rifa para alg\u00fan libro que sea el m\u00e1s deseado o para trilog\u00edas? <\/strong><\/p>\n<p><span data-contrast=\"auto\">Vender \u201cpapeletas\u201d a un precio reducido y el \u00faltimo d\u00eda hacer un sorteo \u2026<\/span><\/p>\n<div class=\"info\">\n<div class=\"content\">\n<h2>El IES n\u00famero 1 recicla<\/h2>\n<div class=\"info\">\n<div class=\"content\">\n<p>Cerramos trimestre con las acciones de la Semana Europea de Prevenci\u00f3n de Residuos que incluye la campa\u00f1a de los alumnos de ESO y Bachiller en voluntariado ambiental y la venta de los productos hechos con envases en el mercadillo solidario. Enhorabuena a tod@s.<\/p>\n<p><a href=\"https:\/\/www.youtube.com\/watch?v=2SwmI4DfoZ0\">https:\/\/www.youtube.com\/watch?v=2SwmI4DfoZ0<\/a><a href=\"https:\/\/www.youtube.com\/watch?v=2SwmI4DfoZ0\"><img loading=\"lazy\" decoding=\"async\" class=\"alignnone wp-image-556 size-full\" src=\"http:\/\/edublog.educastur.es\/el1recicla\/files\/2024\/03\/Captura-de-pantalla-2024-01-15-185202.png\" alt=\"\" width=\"792\" height=\"713\" srcset=\"https:\/\/edublog.educastur.es\/el1recicla\/files\/2024\/03\/Captura-de-pantalla-2024-01-15-185202.png 792w, https:\/\/edublog.educastur.es\/el1recicla\/files\/2024\/03\/Captura-de-pantalla-2024-01-15-185202-300x270.png 300w, https:\/\/edublog.educastur.es\/el1recicla\/files\/2024\/03\/Captura-de-pantalla-2024-01-15-185202-768x691.png 768w\" sizes=\"auto, (max-width: 792px) 100vw, 792px\" \/><\/a><\/p>\n<\/div>\n<\/div>\n<\/div>\n<\/div>\n<p><img decoding=\"async\" src=\"https:\/\/alojaweb.educastur.es\/documents\/2281142\/11853225\/Mercado+Solidario_ALBERTO+URRUTIA+SALG.jpg\/850f4e0b-7267-43d3-9e74-304f3abe0790?t=1702300464766\" \/><\/p>\n<\/div>\n<p>&nbsp;<\/p>\n<p>&nbsp;<\/p>\n<div class=\"layoutArea\">\n<p>&nbsp;<\/p>\n<p>&nbsp;<\/p>\n<p>&nbsp;<\/p>\n<p>&nbsp;<\/p>\n<p>&nbsp;<\/p>\n<p>&nbsp;<\/p>\n<p>&nbsp;<\/p>\n<div class=\"column\">\n<p>&nbsp;<\/p>\n<p>&nbsp;<\/p>\n<\/div>\n<\/div>\n<\/div>\n","protected":false},"excerpt":{"rendered":"<p>TALLER DE DECORACI\u00d3N DE BOLSAS PORTABOCADILLOS (EN COLABORACI\u00d3N CON EL DEPARTAMENTO DE TEXTIL, MODA Y PIEL) El departamento de Textil, Moda y Piel est\u00e1 desarrollando m\u00e1s actividades para concienciar al alumnado de\u00a0 DARLE UNA NUEVA VIDA A SUS PRENDAS. El [&hellip;]<\/p>\n","protected":false},"author":1220,"featured_media":0,"parent":0,"menu_order":0,"comment_status":"closed","ping_status":"closed","template":"","meta":{"footnotes":""},"class_list":["post-42","page","type-page","status-publish","hentry"],"_links":{"self":[{"href":"https:\/\/edublog.educastur.es\/el1recicla\/wp-json\/wp\/v2\/pages\/42","targetHints":{"allow":["GET"]}}],"collection":[{"href":"https:\/\/edublog.educastur.es\/el1recicla\/wp-json\/wp\/v2\/pages"}],"about":[{"href":"https:\/\/edublog.educastur.es\/el1recicla\/wp-json\/wp\/v2\/types\/page"}],"author":[{"embeddable":true,"href":"https:\/\/edublog.educastur.es\/el1recicla\/wp-json\/wp\/v2\/users\/1220"}],"replies":[{"embeddable":true,"href":"https:\/\/edublog.educastur.es\/el1recicla\/wp-json\/wp\/v2\/comments?post=42"}],"version-history":[{"count":58,"href":"https:\/\/edublog.educastur.es\/el1recicla\/wp-json\/wp\/v2\/pages\/42\/revisions"}],"predecessor-version":[{"id":958,"href":"https:\/\/edublog.educastur.es\/el1recicla\/wp-json\/wp\/v2\/pages\/42\/revisions\/958"}],"wp:attachment":[{"href":"https:\/\/edublog.educastur.es\/el1recicla\/wp-json\/wp\/v2\/media?parent=42"}],"curies":[{"name":"wp","href":"https:\/\/api.w.org\/{rel}","templated":true}]}}