{"id":44,"date":"2023-04-20T20:29:59","date_gmt":"2023-04-20T20:29:59","guid":{"rendered":"https:\/\/edublog.educastur.es\/el1recicla\/?page_id=44"},"modified":"2024-04-27T18:44:17","modified_gmt":"2024-04-27T18:44:17","slug":"reciclar-2","status":"publish","type":"page","link":"https:\/\/edublog.educastur.es\/el1recicla\/reciclar-2\/","title":{"rendered":"Reciclar"},"content":{"rendered":"<div class=\"page\" title=\"Page 4\">\n<div class=\"layoutArea\">\n<div class=\"column\">\n<p>El IES N\u00ba1 participa en el reciclaje de cartuchos de tinta a trav\u00e9s de la empresa KUCHO.<\/p>\n<p><img loading=\"lazy\" decoding=\"async\" class=\"alignleft wp-image-683 size-full\" src=\"http:\/\/edublog.educastur.es\/el1recicla\/files\/2024\/04\/20240411_123036-rotated.jpg\" alt=\"\" width=\"2492\" height=\"2492\" srcset=\"https:\/\/edublog.educastur.es\/el1recicla\/files\/2024\/04\/20240411_123036-rotated.jpg 2492w, https:\/\/edublog.educastur.es\/el1recicla\/files\/2024\/04\/20240411_123036-300x300.jpg 300w, https:\/\/edublog.educastur.es\/el1recicla\/files\/2024\/04\/20240411_123036-1024x1024.jpg 1024w, https:\/\/edublog.educastur.es\/el1recicla\/files\/2024\/04\/20240411_123036-150x150.jpg 150w, https:\/\/edublog.educastur.es\/el1recicla\/files\/2024\/04\/20240411_123036-768x768.jpg 768w, https:\/\/edublog.educastur.es\/el1recicla\/files\/2024\/04\/20240411_123036-1536x1536.jpg 1536w, https:\/\/edublog.educastur.es\/el1recicla\/files\/2024\/04\/20240411_123036-2048x2048.jpg 2048w, https:\/\/edublog.educastur.es\/el1recicla\/files\/2024\/04\/20240411_123036-1080x1080.jpg 1080w, https:\/\/edublog.educastur.es\/el1recicla\/files\/2024\/04\/20240411_123036-75x75.jpg 75w\" sizes=\"auto, (max-width: 2492px) 100vw, 2492px\" \/><\/p>\n<p>TALLER DE ELABORACI\u00d3N DE PAPEL RECICLADO<\/p>\n<p>&nbsp;<\/p>\n<p><img loading=\"lazy\" decoding=\"async\" class=\"alignnone size-medium wp-image-646\" src=\"http:\/\/edublog.educastur.es\/el1recicla\/files\/2024\/04\/20231201_143625-300x300.jpg\" alt=\"\" width=\"300\" height=\"300\" \/><img loading=\"lazy\" decoding=\"async\" class=\"alignnone wp-image-528 size-full\" src=\"http:\/\/edublog.educastur.es\/el1recicla\/files\/2024\/02\/EWWR-Lunes-20-1.jpg\" alt=\"\" width=\"336\" height=\"448\" srcset=\"https:\/\/edublog.educastur.es\/el1recicla\/files\/2024\/02\/EWWR-Lunes-20-1.jpg 336w, https:\/\/edublog.educastur.es\/el1recicla\/files\/2024\/02\/EWWR-Lunes-20-1-225x300.jpg 225w\" sizes=\"auto, (max-width: 336px) 100vw, 336px\" \/><img loading=\"lazy\" decoding=\"async\" class=\"size-medium wp-image-562 alignleft\" src=\"http:\/\/edublog.educastur.es\/el1recicla\/files\/2024\/03\/Captura-de-pantalla-2024-01-07-211130-289x300.png\" alt=\"\" width=\"289\" height=\"300\" \/><\/p>\n<p><span style=\"font-size: 14pt;color: #008000\"><strong>La comunidad educativa colabora activamente en el reciclaje <\/strong><\/span><\/p>\n<p style=\"text-align: center\"><span style=\"font-size: 14pt;color: #008000\"><strong>PAPEL\u00a0 y PL\u00c1STICO<\/strong><\/span><\/p>\n<p><strong>En el siguiente sway se muestra la organizaci\u00f3n del centro en\u00a0 cuanto al reciclaje de papel y pl\u00e1stico.<\/strong><\/p>\n<p><a href=\"https:\/\/sway.office.com\/qtLj8T5L0HMfrOE7?ref=Link\">https:\/\/sway.office.com\/qtLj8T5L0HMfrOE7?ref=Link<\/a><\/p>\n<p style=\"text-align: center\">El centro educativo cuenta con una <span style=\"color: #008000\"><strong><span style=\"font-size: 18pt\">m\u00e1quina para el reciclaje<\/span><\/strong> <\/span>de vasos de caf\u00e9.<\/p>\n<p><em>Deposita tu vaso de caf\u00e9 en esta m\u00e1quina, estar\u00e1s aportando tu granito de arena.<\/em><\/p>\n<\/div>\n<\/div>\n<\/div>\n<p>&nbsp;<\/p>\n<p>&nbsp;<\/p>\n<p>&nbsp;<\/p>\n<p>&nbsp;<\/p>\n<p>&nbsp;<\/p>\n<p>&nbsp;<\/p>\n<p>&nbsp;<\/p>\n<p>&nbsp;<\/p>\n","protected":false},"excerpt":{"rendered":"<p>El IES N\u00ba1 participa en el reciclaje de cartuchos de tinta a trav\u00e9s de la empresa KUCHO. TALLER DE ELABORACI\u00d3N DE PAPEL RECICLADO &nbsp; La comunidad educativa colabora activamente en el reciclaje PAPEL\u00a0 y PL\u00c1STICO En el siguiente sway se [&hellip;]<\/p>\n","protected":false},"author":1220,"featured_media":0,"parent":0,"menu_order":0,"comment_status":"closed","ping_status":"closed","template":"","meta":{"footnotes":""},"class_list":["post-44","page","type-page","status-publish","hentry"],"_links":{"self":[{"href":"https:\/\/edublog.educastur.es\/el1recicla\/wp-json\/wp\/v2\/pages\/44","targetHints":{"allow":["GET"]}}],"collection":[{"href":"https:\/\/edublog.educastur.es\/el1recicla\/wp-json\/wp\/v2\/pages"}],"about":[{"href":"https:\/\/edublog.educastur.es\/el1recicla\/wp-json\/wp\/v2\/types\/page"}],"author":[{"embeddable":true,"href":"https:\/\/edublog.educastur.es\/el1recicla\/wp-json\/wp\/v2\/users\/1220"}],"replies":[{"embeddable":true,"href":"https:\/\/edublog.educastur.es\/el1recicla\/wp-json\/wp\/v2\/comments?post=44"}],"version-history":[{"count":39,"href":"https:\/\/edublog.educastur.es\/el1recicla\/wp-json\/wp\/v2\/pages\/44\/revisions"}],"predecessor-version":[{"id":1023,"href":"https:\/\/edublog.educastur.es\/el1recicla\/wp-json\/wp\/v2\/pages\/44\/revisions\/1023"}],"wp:attachment":[{"href":"https:\/\/edublog.educastur.es\/el1recicla\/wp-json\/wp\/v2\/media?parent=44"}],"curies":[{"name":"wp","href":"https:\/\/api.w.org\/{rel}","templated":true}]}}