{"id":437,"date":"2022-06-06T12:40:42","date_gmt":"2022-06-06T12:40:42","guid":{"rendered":"https:\/\/edublog.educastur.es\/erasmusiesconcejodetineo\/?page_id=437"},"modified":"2024-09-20T10:48:34","modified_gmt":"2024-09-20T10:48:34","slug":"politica-erasmus","status":"publish","type":"page","link":"https:\/\/edublog.educastur.es\/erasmusiesconcejodetineo\/politica-erasmus\/","title":{"rendered":"Pol\u00edtica Erasmus+"},"content":{"rendered":"<p style=\"text-align: justify\">El IES Concejo de Tineo es un centro p\u00fablico dependiente de la Consejer\u00eda de Educaci\u00f3n y Cultura del Principado de Asturias que imparte ciclos formativos pertenecientes a las familias profesionales de Agraria, y de Administraci\u00f3n y Gesti\u00f3n, m\u00e1s concretamente, los ciclos de Aprovechamiento y Conservaci\u00f3n del Medio natural; y de Gesti\u00f3n Financiera, de grado medio, y los de Gesti\u00f3n Forestal y del Medio Natural; y Administraci\u00f3n y Finanzas, de grado superior.<\/p>\n<p style=\"text-align: justify\">En todos ellos se incluye un m\u00f3dulo de Formaci\u00f3n en Centros de Trabajo (FCTs) obligatorio que se realiza en empresas del sector profesional correspondiente.<\/p>\n<p style=\"text-align: justify\">Nuestro centro participa en programas que promueven la movilidad de estudiantes a nivel europeo, de tal forma que el alumnado de Formaci\u00f3n Profesional puede realizar el m\u00f3dulo de FCT en empresas o instituciones, algunas en otros pa\u00edses de la Uni\u00f3n Europea mediante el Programa Erasmus+. Estas movilidades se realizan con el objeto de favorecer la formaci\u00f3n a nivel europeo, y mejorar las competencias profesionales y personales del alumnado y profesorado participante en las mismas.<\/p>\n<p style=\"text-align: justify\">La prioridad en la selecci\u00f3n de empresas es que \u00e9stas cuenten con personas comprometidas con las pr\u00e1cticas de los estudiantes, facilit\u00e1ndoles un puesto de trabajo y unas tareas adecuadas al curr\u00edculo del ciclo formativo correspondiente.<\/p>\n<p style=\"text-align: justify\">El centro trabaja activamente para la ampliaci\u00f3n y consolidaci\u00f3n de acuerdos con empresas e instituciones europeas que faciliten la movilidad tanto de alumnos como de profesores, para ello el equipo interdepartamental creado a tal fin, realiza reuniones peri\u00f3dicas con el fin de fijar objetivos concretos en el marco del Programa Erasmus+.<\/p>\n<p style=\"text-align: justify\">La participaci\u00f3n en el programa Erasmus+ tiene como <strong>objetivos<\/strong> en nuestro centro:<\/p>\n<p style=\"text-align: justify\">1.- Favorecer la apertura institucional e internacional, buscando superar el hist\u00f3rico aislamiento que ha caracterizado al concejo de Tineo. En esta apertura se busca tanto la adquisici\u00f3n y mejora de competencias por parte del profesorado como del alumnado, adem\u00e1s de aumentar el prestigio del centro haciendo que \u00e9ste sea m\u00e1s atractivo a futuros profesores y alumnos.<\/p>\n<p style=\"text-align: justify\">2.- Mejora de las competencias de gesti\u00f3n del centro, se establecer\u00e1 un equipo multidisciplinar en los campos de formaci\u00f3n profesional espec\u00edfica, encargado del dise\u00f1o, elaboraci\u00f3n, y gesti\u00f3n del programa Erasmus+ KA131.<\/p>\n<p style=\"text-align: justify\">3.- Consolidar las relaciones existentes entre las organizaciones socias europeas y renovar dichas relaciones ampliando el c\u00edrculo a otras organizaciones de diferentes pa\u00edses.<\/p>\n<p style=\"text-align: justify\">4.- Aumento del conocimiento de la dimensi\u00f3n europea de la educaci\u00f3n como espacio europeo de educaci\u00f3n permanente.<\/p>\n<p style=\"text-align: justify\">5.- Fomentar actitudes emprendedoras, y favorecer la vocaci\u00f3n empresarial.<\/p>\n<p style=\"text-align: justify\">6.- Mejorar el aprendizaje de lenguas extranjeras y promover la diversidad ling\u00fc\u00edstica de la UE.<\/p>\n<p style=\"text-align: justify\">7.- Potenciar el uso de tecnolog\u00edas de la informaci\u00f3n y de la comunicaci\u00f3n, apoy\u00e1ndose en herramientas digitales imprescindibles para la transmisi\u00f3n de experiencias y conocimientos entre los distintos participantes de diferentes pa\u00edses de la UE.<\/p>\n<p style=\"text-align: justify\">8.- Mejorar y consolidar las competencias curriculares de los aprendizajes adquiridos por el alumnado.<\/p>\n<p>9.- Favorecer la inclusi\u00f3n de nuestro alumnado con menos oportunidades al programa Erasmus+.<\/p>\n<p>&nbsp;<\/p>\n<p style=\"text-align: justify\"><img loading=\"lazy\" decoding=\"async\" class=\"alignnone size-medium wp-image-491\" src=\"http:\/\/edublog.educastur.es\/erasmusiesconcejodetineo\/files\/2024\/02\/logo-Erasmus-300x63.png\" alt=\"\" width=\"300\" height=\"63\" srcset=\"https:\/\/edublog.educastur.es\/erasmusiesconcejodetineo\/files\/2024\/02\/logo-Erasmus-300x63.png 300w, https:\/\/edublog.educastur.es\/erasmusiesconcejodetineo\/files\/2024\/02\/logo-Erasmus-1024x215.png 1024w, https:\/\/edublog.educastur.es\/erasmusiesconcejodetineo\/files\/2024\/02\/logo-Erasmus-768x161.png 768w, https:\/\/edublog.educastur.es\/erasmusiesconcejodetineo\/files\/2024\/02\/logo-Erasmus-1536x322.png 1536w, https:\/\/edublog.educastur.es\/erasmusiesconcejodetineo\/files\/2024\/02\/logo-Erasmus-2048x429.png 2048w, https:\/\/edublog.educastur.es\/erasmusiesconcejodetineo\/files\/2024\/02\/logo-Erasmus-900x189.png 900w, https:\/\/edublog.educastur.es\/erasmusiesconcejodetineo\/files\/2024\/02\/logo-Erasmus-1280x268.png 1280w\" sizes=\"auto, (max-width: 300px) 100vw, 300px\" \/><a href=\"http:\/\/www.sepie.es\"><img loading=\"lazy\" decoding=\"async\" class=\"alignnone wp-image-495\" src=\"http:\/\/edublog.educastur.es\/erasmusiesconcejodetineo\/files\/2022\/04\/erasmus-gif-300x111.gif\" alt=\"\" width=\"168\" height=\"62\" \/><\/a><\/p>\n","protected":false},"excerpt":{"rendered":"<p>El IES Concejo de Tineo es un centro p\u00fablico dependiente de la Consejer\u00eda de Educaci\u00f3n y Cultura del Principado de Asturias que imparte ciclos formativos pertenecientes a las familias profesionales de Agraria, y de Administraci\u00f3n y Gesti\u00f3n, m\u00e1s concretamente, los ciclos de Aprovechamiento y Conservaci\u00f3n del Medio natural; y de Gesti\u00f3n Financiera, de grado medio, [&hellip;]<\/p>\n","protected":false},"author":1261,"featured_media":0,"parent":0,"menu_order":0,"comment_status":"closed","ping_status":"closed","template":"","meta":{"footnotes":""},"class_list":["post-437","page","type-page","status-publish","hentry"],"_links":{"self":[{"href":"https:\/\/edublog.educastur.es\/erasmusiesconcejodetineo\/wp-json\/wp\/v2\/pages\/437","targetHints":{"allow":["GET"]}}],"collection":[{"href":"https:\/\/edublog.educastur.es\/erasmusiesconcejodetineo\/wp-json\/wp\/v2\/pages"}],"about":[{"href":"https:\/\/edublog.educastur.es\/erasmusiesconcejodetineo\/wp-json\/wp\/v2\/types\/page"}],"author":[{"embeddable":true,"href":"https:\/\/edublog.educastur.es\/erasmusiesconcejodetineo\/wp-json\/wp\/v2\/users\/1261"}],"replies":[{"embeddable":true,"href":"https:\/\/edublog.educastur.es\/erasmusiesconcejodetineo\/wp-json\/wp\/v2\/comments?post=437"}],"version-history":[{"count":8,"href":"https:\/\/edublog.educastur.es\/erasmusiesconcejodetineo\/wp-json\/wp\/v2\/pages\/437\/revisions"}],"predecessor-version":[{"id":561,"href":"https:\/\/edublog.educastur.es\/erasmusiesconcejodetineo\/wp-json\/wp\/v2\/pages\/437\/revisions\/561"}],"wp:attachment":[{"href":"https:\/\/edublog.educastur.es\/erasmusiesconcejodetineo\/wp-json\/wp\/v2\/media?parent=437"}],"curies":[{"name":"wp","href":"https:\/\/api.w.org\/{rel}","templated":true}]}}