{"id":2,"date":"2020-06-30T08:25:20","date_gmt":"2020-06-30T08:25:20","guid":{"rendered":"https:\/\/edublog.educastur.es\/espaolparatodosytodas\/?page_id=2"},"modified":"2021-01-31T17:40:55","modified_gmt":"2021-01-31T17:40:55","slug":"pagina-ejemplo","status":"publish","type":"page","link":"https:\/\/edublog.educastur.es\/espaolparatodosytodas\/pagina-ejemplo\/","title":{"rendered":"Los 10 monumentos m\u00e1s c\u00e9lebres de Espa\u00f1a"},"content":{"rendered":"\r\n<p style=\"text-align: justify\">Espa\u00f1a es uno de los pa\u00edses del mundo con m\u00e1s variedad de monumentos arquitect\u00f3nicos debido a sus diferentes periodos hist\u00f3ricos. Se conservan monumentos de todas sus \u00e9pocas, entre ellas destacamos la \u00e9poca romana, almohade, nazar\u00eda, fenicia, etc. Vamos a destacar algunos de los monumentos m\u00e1s importantes y que est\u00e1n avalados por el n\u00famero de visitantes que reciben cada a\u00f1o.<\/p>\r\n<p><img loading=\"lazy\" decoding=\"async\" class=\"alignnone wp-image-420 size-medium\" src=\"http:\/\/edublog.educastur.es\/espaolparatodosytodas\/files\/2021\/01\/30-curiosidades-de-espan\u0303a-229x300.jpg\" alt=\"\" width=\"229\" height=\"300\" srcset=\"https:\/\/edublog.educastur.es\/espaolparatodosytodas\/files\/2021\/01\/30-curiosidades-de-espan\u0303a-229x300.jpg 229w, https:\/\/edublog.educastur.es\/espaolparatodosytodas\/files\/2021\/01\/30-curiosidades-de-espan\u0303a.jpg 607w\" sizes=\"auto, (max-width: 229px) 100vw, 229px\" \/><\/p>\r\n<p style=\"text-align: justify\">Como no van a estar todos, te proponemos que como estudiante de espa\u00f1ol busques aquellos que puedan resultarte m\u00e1s interesantes o se encuentren pr\u00f3ximos al lugar o ciudad donde actualmente vives.<\/p>\r\n<p style=\"text-align: justify\"><b>1.- La Alhambra, Granada<\/b>.\u00a0Etimol\u00f3gicamente, \u00abAlhambra\u00bb en \u00e1rabe es \u00ab<i>al-\u1e24amr\u0101\u02bc<\/i>\u00bb (\u0627\u064e\u0644\u0652\u062d\u064e\u0645\u0652\u0631\u064e\u0627\u0621, &#8216;la Roja&#8217;), procedente del nombre completo \u00abal-Qal&#8217;a al-hamra\u00bb (&#8216;castillo rojo&#8217;).\u00a0\u00a0Es un conjunto de antiguos palacios, jardines, convento, iglesia y fortaleza (alcazaba,\u00a0del \u00e1rabe: \u0627\u0644\u0642\u0635\u0628\u0629 al-qa\u1e63bah \u2018ciudadela\u2019) inicialmente concebido para alojar al emir y la corte del Reino nazar\u00ed, m\u00e1s tarde como residencia real Castellana y de sus representantes. Su estupenda decoraci\u00f3n interior estilo andalus\u00ed y su inmejorable ubicaci\u00f3n hacen de la Alhambra uno de los monumentos m\u00e1s importantes de Espa\u00f1a y uno de los m\u00e1s visitados del mundo.<\/p>\r\n<p><img loading=\"lazy\" decoding=\"async\" class=\"alignnone size-full wp-image-421\" src=\"http:\/\/edublog.educastur.es\/espaolparatodosytodas\/files\/2021\/01\/alhambra.jpeg\" alt=\"\" width=\"385\" height=\"131\" srcset=\"https:\/\/edublog.educastur.es\/espaolparatodosytodas\/files\/2021\/01\/alhambra.jpeg 385w, https:\/\/edublog.educastur.es\/espaolparatodosytodas\/files\/2021\/01\/alhambra-300x102.jpeg 300w\" sizes=\"auto, (max-width: 385px) 100vw, 385px\" \/><\/p>\r\n<p style=\"text-align: justify\"><b>2.- La Giralda, Sevilla<\/b>.\u00a0La Giralda mide 104,1 metros de altura, incluido el Giraldillo, que mide 7,69 metros. Es la torre del campanario\u00a0de la Catedral de Santa Mar\u00eda de la Sede de Sevilla.\u00a0Los dos tercios inferiores de la torre\u00a0corresponden al alminar\u00a0de la antigua\u00a0mezquita\u00a0de la ciudad, de finales del\u00a0siglo XII\u00a0en la \u00e9poca\u00a0almohade, mientras que el tercio superior es una construcci\u00f3n sobrepuesta en \u00e9poca cristiana para albergar las campanas. En su c\u00faspide se halla una bola llamada tinaja sobre la cual se alza la estatua de bronce, el Giraldillo,\u00a0inicialmente llamada\u00a0Giralda, hasta que a toda la torre el pueblo dio este nombre.\u00a0Fue durante siglos la torre m\u00e1s alta de Espa\u00f1a, as\u00ed como una de las construcciones m\u00e1s elevadas y famosas de toda Europa.<\/p>\r\n<p><img loading=\"lazy\" decoding=\"async\" class=\"alignnone size-full wp-image-422\" src=\"http:\/\/edublog.educastur.es\/espaolparatodosytodas\/files\/2021\/01\/giralda.jpeg\" alt=\"\" width=\"159\" height=\"316\" srcset=\"https:\/\/edublog.educastur.es\/espaolparatodosytodas\/files\/2021\/01\/giralda.jpeg 159w, https:\/\/edublog.educastur.es\/espaolparatodosytodas\/files\/2021\/01\/giralda-151x300.jpeg 151w\" sizes=\"auto, (max-width: 159px) 100vw, 159px\" \/><\/p>\r\n<p style=\"text-align: justify\"><b>3.- La Sagrada Familia, Barcelona<\/b>. Es la obra maestra de\u00a0<i>Gaud\u00ed<\/i>, y el m\u00e1ximo exponente de la arquitectura modernista catalana. Su construcci\u00f3n comenz\u00f3 en 1882.\u00a0La obra que realiz\u00f3\u00a0<i>Gaud\u00ed<\/i>, es decir, la fachada del Nacimiento y la cripta, fue incluida en 2005 por la Unesco en el Sitio del\u00a0Patrimonio de la Humanidad.\u00a0Actualmente, con m\u00e1s de 135 a\u00f1os desde la colocaci\u00f3n de la primera piedra, la Bas\u00edlica sigue en construcci\u00f3n y se prev\u00e9 acabar en el a\u00f1o 2026.<\/p>\r\n<p><img loading=\"lazy\" decoding=\"async\" class=\"alignnone size-full wp-image-423\" src=\"http:\/\/edublog.educastur.es\/espaolparatodosytodas\/files\/2021\/01\/sagrada-familia.jpeg\" alt=\"\" width=\"300\" height=\"168\" \/><\/p>\r\n<p style=\"text-align: justify\"><b>4.- Mezquita-Catedral de C\u00f3rdoba<\/b>. Es Patrimonio de la Humanidad desde 1984 y el\u00a0monumento m\u00e1s importante de todo el Occidente isl\u00e1mico y uno de los m\u00e1s asombrosos del mundo. En su historia se resume la evoluci\u00f3n completa del\u00a0<b>estilo omeya<\/b>\u00a0en\u00a0<b>Espa\u00f1a<\/b>, adem\u00e1s de los estilos\u00a0<b>g\u00f3tico<\/b>,\u00a0<b>renacentista<\/b>\u00a0y\u00a0<b>barroco<\/b>\u00a0de la construcci\u00f3n cristiana. Consta de dos zonas diferenciadas, el\u00a0<b>patio<\/b>\u00a0o\u00a0<b>sahn<\/b>\u00a0porticado, donde se levanta el alminar (bajo la torre renacentista), \u00fanica intervenci\u00f3n de\u00a0<b>Abd al- Rahman III<\/b>, y la\u00a0<b>sala de oraci\u00f3n<\/b>\u00a0o\u00a0<b>haram<\/b>. El espacio interior se dispone sobre un concierto de columnas y\u00a0<b>arcadas bicolores<\/b>\u00a0de gran efecto crom\u00e1tico. Cinco son las zonas en las que se divide el recinto, correspondiendo cada una de ellas a las distintas ampliaciones llevadas a cabo.<\/p>\r\n<p><img loading=\"lazy\" decoding=\"async\" class=\"alignnone size-full wp-image-424\" src=\"http:\/\/edublog.educastur.es\/espaolparatodosytodas\/files\/2021\/01\/mezquita.jpeg\" alt=\"\" width=\"275\" height=\"183\" \/><\/p>\r\n<p style=\"text-align: justify\"><b>5.- Acueducto, Segovia<\/b>. Es\u00a0un acueducto romano\u00a0que llevaba aguas a la ciudad espa\u00f1ola\u00a0de Segovia. Su construcci\u00f3n data de principios del siglo II despu\u00e9s de Cristo\u00a0a finales del reinado del emperador Trajano\u00a0o principios del de Adriano. La parte m\u00e1s visible, y por lo tanto famosa, es la arquer\u00eda que cruza la plaza de Azoguejo en la ciudad.<\/p>\r\n<p><img loading=\"lazy\" decoding=\"async\" class=\"alignnone size-full wp-image-425\" src=\"http:\/\/edublog.educastur.es\/espaolparatodosytodas\/files\/2021\/01\/segovia.jpeg\" alt=\"\" width=\"344\" height=\"146\" srcset=\"https:\/\/edublog.educastur.es\/espaolparatodosytodas\/files\/2021\/01\/segovia.jpeg 344w, https:\/\/edublog.educastur.es\/espaolparatodosytodas\/files\/2021\/01\/segovia-300x127.jpeg 300w\" sizes=\"auto, (max-width: 344px) 100vw, 344px\" \/><\/p>\r\n<p style=\"text-align: justify\"><b>6.- Teatro romano de M\u00e9rida<\/b>.\u00a0Es un teatro\u00a0hist\u00f3rico levantado en tiempos romanos\u00a0en la colonia Augusta Emerita,\u00a0actual M\u00e9rida.\u00a0Su creaci\u00f3n fue promovida por el c\u00f3nsul Marco Vipsanio Agripa\u00a0y, seg\u00fan una fecha inscrita en el propio teatro, su inauguraci\u00f3n se produjo hacia los a\u00f1os 16-15\u00a0a.\u00a0C. \u00abPr\u00edncipe entre los monumentos emeritenses\u00bb, como lo denomin\u00f3 el arquitecto Jos\u00e9 Men\u00e9ndez-Pidal.\u00a0\u200b El teatro es Patrimino de la Humanidad desde 1993\u00a0\u00a0como parte del conjunto arqueol\u00f3gico de M\u00e9rida.<\/p>\r\n<p><img loading=\"lazy\" decoding=\"async\" class=\"alignnone size-full wp-image-426\" src=\"http:\/\/edublog.educastur.es\/espaolparatodosytodas\/files\/2021\/01\/teatro.jpeg\" alt=\"\" width=\"335\" height=\"150\" srcset=\"https:\/\/edublog.educastur.es\/espaolparatodosytodas\/files\/2021\/01\/teatro.jpeg 335w, https:\/\/edublog.educastur.es\/espaolparatodosytodas\/files\/2021\/01\/teatro-300x134.jpeg 300w\" sizes=\"auto, (max-width: 335px) 100vw, 335px\" \/><\/p>\r\n<p style=\"text-align: justify\"><b>7.- Plaza de Espa\u00f1a, Sevilla<\/b>. Es\u00a0un conjunto arquitect\u00f3nico enclavado en el parque de Mar\u00eda Luisa de la ciudad de Sevilla. Fue realizado por el arquitecto An\u00edbal Gonz\u00e1lez. Se construy\u00f3 entre 1914 y 1929 como el edificio principal, y el de mayor envergadura, de la Exposici\u00f3n Iberoamericana de 1929. Es el m\u00e1s grande de todos los que se levantaron en la ciudad durante todo el siglo XX.<\/p>\r\n<p><img loading=\"lazy\" decoding=\"async\" class=\"alignnone size-full wp-image-427\" src=\"http:\/\/edublog.educastur.es\/espaolparatodosytodas\/files\/2021\/01\/sevilla.jpeg\" alt=\"\" width=\"318\" height=\"159\" srcset=\"https:\/\/edublog.educastur.es\/espaolparatodosytodas\/files\/2021\/01\/sevilla.jpeg 318w, https:\/\/edublog.educastur.es\/espaolparatodosytodas\/files\/2021\/01\/sevilla-300x150.jpeg 300w\" sizes=\"auto, (max-width: 318px) 100vw, 318px\" \/><\/p>\r\n<p style=\"text-align: justify\"><b>8.- Muralla, \u00c1vila<\/b>.\u00a0La muralla de \u00c1vila es una cerca militar rom\u00e1nica que rodea el casco antiguo de la ciudad espa\u00f1ola de \u00c1vila, capital de la provincia hom\u00f3nima, en la comunidad aut\u00f3noma de Castilla y Le\u00f3n. En la actualidad, el casco antiguo, la muralla y las iglesias situadas extramuros han sido declaradas Patrimonio de la Humanidad.<\/p>\r\n<p><img loading=\"lazy\" decoding=\"async\" class=\"alignnone size-full wp-image-428\" src=\"http:\/\/edublog.educastur.es\/espaolparatodosytodas\/files\/2021\/01\/muralla.jpeg\" alt=\"\" width=\"275\" height=\"183\" \/><\/p>\r\n<p style=\"text-align: justify\"><b>9.- Palacio Real, Madrid<\/b>. Es\u00a0es la residencia oficial del rey de Espa\u00f1a, aunque los actuales reyes no habitan en \u00e9l, sino en el Palacio de la Zarzuela. Se\u00a0utiliza para ceremonias de Estado y actos solemnes. Tiene una extensi\u00f3n\u00a0de\u00a0199 000 m\u00b2\u00a0y 3478 habitaciones (en superficie, casi el doble que el\u00a0Palacio de Buckingham o el Palacio de Versalles), es el palacio real m\u00e1s grande de Europa Occidental\u200b y uno de los m\u00e1s grandes del mundo.\u00a0Es conocido tambi\u00e9n como\u00a0<b>Palacio de Oriente,<\/b>\u00a0a pesar de estar situado en la parte m\u00e1s occidental de Madrid, debido a su ubicaci\u00f3n en la Plaza de Oriente,\u00a0llamada as\u00ed al estar situada al este del palacio.<\/p>\r\n<p><img loading=\"lazy\" decoding=\"async\" class=\"alignnone size-full wp-image-429\" src=\"http:\/\/edublog.educastur.es\/espaolparatodosytodas\/files\/2021\/01\/real.jpeg\" alt=\"\" width=\"402\" height=\"125\" srcset=\"https:\/\/edublog.educastur.es\/espaolparatodosytodas\/files\/2021\/01\/real.jpeg 402w, https:\/\/edublog.educastur.es\/espaolparatodosytodas\/files\/2021\/01\/real-300x93.jpeg 300w\" sizes=\"auto, (max-width: 402px) 100vw, 402px\" \/><\/p>\r\n<p style=\"text-align: justify\"><b>10.- Alc\u00e1zar, Toledo<\/b>.\u00a0\u00a0Los vestigios de las estructuras indican que siempre fue un lugar fortificado, desde el pretorio romano y la defensa de la alcazaba musulmana.\u00a0Est\u00e1 ubicado en la colina m\u00e1s alta de\u00a0la ciudad, con 548 m, domina el horizonte. El actual edificio fue mandado construir por el emperador Carlos V, para tener una residencia digna de tal monarca. Para ello se destruy\u00f3 casi por completo el anterior castillo medieval, aunque en la fachada oriental quedan estructuras almenadas. Cada fachada del edificio determina art\u00edsticamente el momento en que se realiza, dentro de las diversas fases del Renacimiento espa\u00f1ol.<\/p>\r\n<p><img loading=\"lazy\" decoding=\"async\" class=\"alignnone size-full wp-image-430\" src=\"http:\/\/edublog.educastur.es\/espaolparatodosytodas\/files\/2021\/01\/toledo.jpeg\" alt=\"\" width=\"225\" height=\"225\" srcset=\"https:\/\/edublog.educastur.es\/espaolparatodosytodas\/files\/2021\/01\/toledo.jpeg 225w, https:\/\/edublog.educastur.es\/espaolparatodosytodas\/files\/2021\/01\/toledo-150x150.jpeg 150w, https:\/\/edublog.educastur.es\/espaolparatodosytodas\/files\/2021\/01\/toledo-88x88.jpeg 88w\" sizes=\"auto, (max-width: 225px) 100vw, 225px\" \/><\/p>\r\n","protected":false},"excerpt":{"rendered":"<p>Espa\u00f1a es uno de los pa\u00edses del mundo con m\u00e1s variedad de monumentos arquitect\u00f3nicos debido a sus diferentes periodos hist\u00f3ricos. Se conservan monumentos de todas sus \u00e9pocas, entre ellas destacamos la \u00e9poca romana, almohade, nazar\u00eda, fenicia, etc. Vamos a destacar algunos de los monumentos m\u00e1s importantes y que est\u00e1n avalados por el n\u00famero de visitantes [&hellip;]<\/p>\n","protected":false},"author":36,"featured_media":0,"parent":0,"menu_order":0,"comment_status":"closed","ping_status":"open","template":"","meta":{"footnotes":""},"class_list":["post-2","page","type-page","status-publish","hentry"],"_links":{"self":[{"href":"https:\/\/edublog.educastur.es\/espaolparatodosytodas\/wp-json\/wp\/v2\/pages\/2","targetHints":{"allow":["GET"]}}],"collection":[{"href":"https:\/\/edublog.educastur.es\/espaolparatodosytodas\/wp-json\/wp\/v2\/pages"}],"about":[{"href":"https:\/\/edublog.educastur.es\/espaolparatodosytodas\/wp-json\/wp\/v2\/types\/page"}],"author":[{"embeddable":true,"href":"https:\/\/edublog.educastur.es\/espaolparatodosytodas\/wp-json\/wp\/v2\/users\/36"}],"replies":[{"embeddable":true,"href":"https:\/\/edublog.educastur.es\/espaolparatodosytodas\/wp-json\/wp\/v2\/comments?post=2"}],"version-history":[{"count":3,"href":"https:\/\/edublog.educastur.es\/espaolparatodosytodas\/wp-json\/wp\/v2\/pages\/2\/revisions"}],"predecessor-version":[{"id":24,"href":"https:\/\/edublog.educastur.es\/espaolparatodosytodas\/wp-json\/wp\/v2\/pages\/2\/revisions\/24"}],"wp:attachment":[{"href":"https:\/\/edublog.educastur.es\/espaolparatodosytodas\/wp-json\/wp\/v2\/media?parent=2"}],"curies":[{"name":"wp","href":"https:\/\/api.w.org\/{rel}","templated":true}]}}