{"id":42,"date":"2020-06-30T10:55:06","date_gmt":"2020-06-30T10:55:06","guid":{"rendered":"https:\/\/edublog.educastur.es\/espaolparatodosytodas\/?page_id=42"},"modified":"2020-06-30T10:55:06","modified_gmt":"2020-06-30T10:55:06","slug":"posesivos-adjetivos-y-pronombres-posesivos","status":"publish","type":"page","link":"https:\/\/edublog.educastur.es\/espaolparatodosytodas\/posesivos-adjetivos-y-pronombres-posesivos\/","title":{"rendered":"Posesivos. Adjetivos y pronombres posesivos"},"content":{"rendered":"<p><a title=\"posesivos.jpg\" href=\"http:\/\/blog.educastur.es\/aulainmersion2020\/posesivos-adjetivos-y-pronombres-posesivos\/215\/\" rel=\"attachment wp-att-215\"><img decoding=\"async\" src=\"http:\/\/blog.educastur.es\/aulainmersion2020\/files\/2020\/04\/posesivos.jpg\" alt=\"posesivos.jpg\" \/><\/a><\/p>\n<p style=\"text-align: justify\">Los\u00a0<b>adjetivos posesivos<\/b>\u00a0van delante del nombre y concuerdan en g\u00e9nero y n\u00famero con la cosa pose\u00edda, no con el poseedor.<\/p>\n<p style=\"text-align: justify\"><i>Ejemplo:\u00a0<b>Mi padre<\/b>\u00a0es abogado<\/i>.<\/p>\n<p><a title=\"adjpose.jpg\" href=\"http:\/\/blog.educastur.es\/aulainmersion2020\/posesivos-adjetivos-y-pronombres-posesivos\/213\/\" rel=\"attachment wp-att-213\"><img decoding=\"async\" src=\"http:\/\/blog.educastur.es\/aulainmersion2020\/files\/2020\/04\/adjpose.jpg\" alt=\"adjpose.jpg\" \/><\/a><\/p>\n<p><b>EJERCICIO 1:<\/b>\u00a0Sigue el modelo del ejemplo:\u00a0<i>(Yo) \/ libro. Es\u00a0<b>mi libro<\/b><\/i>.<\/p>\n<p>1.- (T\u00fa) \/ gafas:<\/p>\n<p>2.- (Ella) \/ vestido:<\/p>\n<p>3.- (Pedro) \/ pantal\u00f3n:<\/p>\n<p>4.- (Yo) \/ amigos:<\/p>\n<p>5.- (Nosotros) \/ pa\u00eds:<\/p>\n<p>6.- (Ellos) \/ ordenadores:<\/p>\n<p>7.- (Vosotros) \/ casa:<\/p>\n<p><b>EJERCICIO 2<\/b>: Completa las oraciones con el adjetivo correspondiente.<\/p>\n<p>1.- Ayer conoc\u00ed a ___________ padres y son muy simp\u00e1ticos.<\/p>\n<p>2.- Anoche fui al teatro con ________ padre y ______ hermanos.<\/p>\n<p>3.- Mira, ese es ___________ profesor.<\/p>\n<p>4.- Te presento a _________ amigo Pablo.<\/p>\n<p>5.- \u00bfCu\u00e1l es _________ coche?<\/p>\n<p>6.- \u00bfC\u00f3mo se llaman _______ abuelos?<\/p>\n<p><a title=\"nuestra.png\" href=\"http:\/\/blog.educastur.es\/aulainmersion2020\/posesivos-adjetivos-y-pronombres-posesivos\/214\/\" rel=\"attachment wp-att-214\"><img decoding=\"async\" src=\"http:\/\/blog.educastur.es\/aulainmersion2020\/files\/2020\/04\/nuestra.png\" alt=\"nuestra.png\" \/><\/a><\/p>\n<p style=\"text-align: justify\"><b>Los pronombres posesivos\u00a0<\/b>nunca van delante del nombre y concuerdan con la cosa pose\u00edda en g\u00e9nero y n\u00famero, pueden ir o no con el art\u00edculo el, la, los, las.<\/p>\n<p style=\"text-align: justify\"><i>Ejemplo: Esta taza es\u00a0<b>la m\u00eda<\/b><\/i>.<\/p>\n<p><a title=\"pronopose.jpg\" href=\"http:\/\/blog.educastur.es\/aulainmersion2020\/posesivos-adjetivos-y-pronombres-posesivos\/216\/\" rel=\"attachment wp-att-216\"><img decoding=\"async\" src=\"http:\/\/blog.educastur.es\/aulainmersion2020\/files\/2020\/04\/pronopose.jpg\" alt=\"pronopose.jpg\" \/><\/a><\/p>\n<p><a href=\"https:\/\/www.aulapt.org\/2020\/04\/23\/juego-online-clasificacion-de-los-posesivos\/\">https:\/\/www.aulapt.org\/2020\/04\/23\/juego-online-clasificacion-de-los-posesivos\/<\/a><\/p>\n","protected":false},"excerpt":{"rendered":"<p>Los\u00a0adjetivos posesivos\u00a0van delante del nombre y concuerdan en g\u00e9nero y n\u00famero con la cosa pose\u00edda, no con el poseedor. Ejemplo:\u00a0Mi padre\u00a0es abogado. EJERCICIO 1:\u00a0Sigue el modelo del ejemplo:\u00a0(Yo) \/ libro. Es\u00a0mi libro. 1.- (T\u00fa) \/ gafas: 2.- (Ella) \/ vestido: 3.- (Pedro) \/ pantal\u00f3n: 4.- (Yo) \/ amigos: 5.- (Nosotros) \/ pa\u00eds: 6.- (Ellos) \/ [&hellip;]<\/p>\n","protected":false},"author":36,"featured_media":0,"parent":0,"menu_order":0,"comment_status":"closed","ping_status":"closed","template":"","meta":{"footnotes":""},"class_list":["post-42","page","type-page","status-publish","hentry"],"_links":{"self":[{"href":"https:\/\/edublog.educastur.es\/espaolparatodosytodas\/wp-json\/wp\/v2\/pages\/42","targetHints":{"allow":["GET"]}}],"collection":[{"href":"https:\/\/edublog.educastur.es\/espaolparatodosytodas\/wp-json\/wp\/v2\/pages"}],"about":[{"href":"https:\/\/edublog.educastur.es\/espaolparatodosytodas\/wp-json\/wp\/v2\/types\/page"}],"author":[{"embeddable":true,"href":"https:\/\/edublog.educastur.es\/espaolparatodosytodas\/wp-json\/wp\/v2\/users\/36"}],"replies":[{"embeddable":true,"href":"https:\/\/edublog.educastur.es\/espaolparatodosytodas\/wp-json\/wp\/v2\/comments?post=42"}],"version-history":[{"count":1,"href":"https:\/\/edublog.educastur.es\/espaolparatodosytodas\/wp-json\/wp\/v2\/pages\/42\/revisions"}],"predecessor-version":[{"id":43,"href":"https:\/\/edublog.educastur.es\/espaolparatodosytodas\/wp-json\/wp\/v2\/pages\/42\/revisions\/43"}],"wp:attachment":[{"href":"https:\/\/edublog.educastur.es\/espaolparatodosytodas\/wp-json\/wp\/v2\/media?parent=42"}],"curies":[{"name":"wp","href":"https:\/\/api.w.org\/{rel}","templated":true}]}}