{"id":92,"date":"2020-06-30T11:55:44","date_gmt":"2020-06-30T11:55:44","guid":{"rendered":"https:\/\/edublog.educastur.es\/espaolparatodosytodas\/?page_id=92"},"modified":"2020-06-30T11:55:44","modified_gmt":"2020-06-30T11:55:44","slug":"viaje-por-la-pintura-espanola","status":"publish","type":"page","link":"https:\/\/edublog.educastur.es\/espaolparatodosytodas\/viaje-por-la-pintura-espanola\/","title":{"rendered":"Viaje por la pintura espa\u00f1ola"},"content":{"rendered":"<p style=\"text-align: justify\"><b>Viaje por la pintura espa\u00f1ola<\/b>\u00a0destaca varias obras pict\u00f3ricas de nuestro pa\u00eds. Se ofrece un r\u00e1pido recorrido por las fases y movimientos de la pintura, desde las representaciones de las pinturas rupestres del paleol\u00edtico (hacia el 14 000 a. C.) hasta el arte pict\u00f3rico contempor\u00e1neo.<\/p>\n<p style=\"text-align: justify\">Os proponemos un peque\u00f1o viaje de aprendizaje en el que pod\u00e9is explorar una parte de la cultura espa\u00f1ola\u00a0a trav\u00e9s de una breve historia pict\u00f3rica.\u00a0<b><i>Pod\u00e9is trabajar el vocabulario, pod\u00e9is investigar y buscar autorretratos de los pintores, descubrir sus mejores cuadros, observar la importancia del color, describir lo que veis y contarlo, pod\u00e9is pintar vuestro propio cuadro<\/i><\/b>&#8230; \u00a1Jugar con la pintura!<\/p>\n<p style=\"text-align: justify\"><b>1.- Prehistoria<\/b>.\u00a0 Destacamos la pintura rupestre de\u00a0<b>Altamira<\/b>. Es una obra art\u00edstica realizada por personas que vivieron en el Paleol\u00edtico. Actualmente dichas pinturas forman parte del\u00a0<i>Archivo Hist\u00f3rico Patrimonio de la Humanidad<\/i>\u00a0de la\u00a0<i>Unesco<\/i>.<\/p>\n<p><a title=\"altamira11.jpg\" href=\"http:\/\/blog.educastur.es\/aulainmersion2020\/2020\/04\/13\/viaje-por-la-pintura-espanola\/124\/\" rel=\"attachment wp-att-124\"><img decoding=\"async\" src=\"http:\/\/blog.educastur.es\/aulainmersion2020\/files\/2020\/04\/altamira11.jpg\" alt=\"altamira11.jpg\" \/><\/a><\/p>\n<p style=\"text-align: justify\"><b>2.- Edad Media<\/b>.\u00a0Abarca dos grandes corrientes, el rom\u00e1nico y el g\u00f3tico.<\/p>\n<p style=\"text-align: justify\"><i>&#8211; Rom\u00e1nico<\/i>.\u00a0El\u00a0<i><b>\u00c1bside de San Clemente de Tahull<\/b><\/i>\u00a0es una una pintura rom\u00e1nica perteneciente al conjunto de la decoraci\u00f3n mural de la iglesia de San Clemente de Tahull en el Valle de Boh\u00ed. Actualmente se expone en el\u00a0<i>Museo Nacional de Arte de Catalu\u00f1a<\/i>.\u00a0Es una de las obras maestras del rom\u00e1nico europeo debido a su excepcionalidad y fuerza pict\u00f3rica.<\/p>\n<p><a title=\"romanico.jpeg\" href=\"http:\/\/blog.educastur.es\/aulainmersion2020\/2020\/04\/13\/viaje-por-la-pintura-espanola\/125\/\" rel=\"attachment wp-att-125\"><img decoding=\"async\" src=\"http:\/\/blog.educastur.es\/aulainmersion2020\/files\/2020\/04\/romanico.jpeg\" alt=\"romanico.jpeg\" \/><\/a><\/p>\n<p style=\"text-align: justify\"><i>&#8211; G\u00f3tico<\/i>.\u00a0La pintura g\u00f3tica en Espa\u00f1a se divide en cuatro fases.\u00a0El estilo flamenco llega a Espa\u00f1a a mediados del siglo XV, con diversas escuelas regionales. Una de las obras m\u00e1s destacadas se encuentra en la tabla central del\u00a0<i>Retablo de Santo Domingo de Silos<\/i>\u00a0(se adjunta fotograf\u00eda) de la parroquia de Daroca en Zaragoza, obra de Bartolom\u00e9 Bermejo, que representa al santo abad benedictino vestido de obispo. En esta pintura se observan todos los rasgos g\u00f3ticos de la \u00e9poca.<\/p>\n<p><a title=\"abad.jpg\" href=\"http:\/\/blog.educastur.es\/aulainmersion2020\/2020\/04\/13\/viaje-por-la-pintura-espanola\/126\/\" rel=\"attachment wp-att-126\"><img decoding=\"async\" src=\"http:\/\/blog.educastur.es\/aulainmersion2020\/files\/2020\/04\/abad.jpg\" alt=\"abad.jpg\" \/><\/a><\/p>\n<p style=\"text-align: justify\"><b>3.- Renacimiento<\/b>.\u00a0Se inicia en Valencia, con los pintores Fernando Y\u00e1\u00f1ez de la Almedina y Fernando de los Llanos, de influencia leonardesca.\u00a0\u00a0De influencia rafaelesca es Juan de Juanes.\u00a0En este periodo destacan dos pintores: Francisco Pacheco,\u00a0pintor manierista, maestro de Vel\u00e1zquez.\u00a0Y\u00a0<b>El Greco<\/b>, cuyo nombre real era Domenico Theotocopuli, originario de Creta, pero que residi\u00f3 en Toledo, donde llev\u00f3 a cabo la mayor parte de su producci\u00f3n pict\u00f3rica. Es considerado como la principal figura espa\u00f1ola del siglo XVI. A continuaci\u00f3n ten\u00e9is una de sus obras m\u00e1s importantes:\u00a0<i>El entierro del Conde Orgaz,<\/i>\u00a0(1587).<\/p>\n<p><a title=\"entierro-conde-orgaz-el-greco.jpg\" href=\"http:\/\/blog.educastur.es\/aulainmersion2020\/2020\/04\/13\/viaje-por-la-pintura-espanola\/127\/\" rel=\"attachment wp-att-127\"><img decoding=\"async\" src=\"http:\/\/blog.educastur.es\/aulainmersion2020\/files\/2020\/04\/entierro-conde-orgaz-el-greco.jpg\" alt=\"entierro-conde-orgaz-el-greco.jpg\" \/><\/a><\/p>\n<p style=\"text-align: justify\"><b>\u00a04.- Barroco, siglo XVII<\/b>. Supone\u00a0un momento culminante en todas las otras artes. Se ha conocido tambi\u00e9n como el Siglo de Oro.\u00a0La pintura Barroca se caracteriza por los bodegones o los retratos, entre otros temas, teniendo un magn\u00edfico plantel de pintores. Su m\u00e1ximo exponente fue el maestro Diego de Silva y\u00a0<b>Vel\u00e1zquez<\/b>,\u00a0un genio de la luz y la oscuridad. Es el mejor retratista del Barroco\u00a0y\u00a0actualmente est\u00e1 considerado como uno de los mejores pintores tanto de su \u00e9poca como de todos los tiempos.<\/p>\n<p style=\"text-align: justify\">Destacamos aqu\u00ed\u00a0<i>Las meninas, 1656<\/i>.<\/p>\n<p><a title=\"meninas.jpg\" href=\"http:\/\/blog.educastur.es\/aulainmersion2020\/2020\/04\/13\/viaje-por-la-pintura-espanola\/128\/\" rel=\"attachment wp-att-128\"><img decoding=\"async\" src=\"http:\/\/blog.educastur.es\/aulainmersion2020\/files\/2020\/04\/meninas.jpg\" alt=\"meninas.jpg\" \/><\/a><\/p>\n<p style=\"text-align: justify\">Tambi\u00e9n cabe destacar entre otros pintores del movimiento barroco\u00a0a Bartolom\u00e9 Esteban\u00a0<b>Murillo,<\/b>\u00a0gran autor realista e impresionista, que ha destacado por pintar la realidad de la \u00e9poca que le toc\u00f3 vivir. Aqu\u00ed os dejamos su cuadro\u00a0<i>Un joven mendigo<\/i>, 1645.<\/p>\n<p><a title=\"joven-mendigo.jpg\" href=\"http:\/\/blog.educastur.es\/aulainmersion2020\/2020\/04\/13\/viaje-por-la-pintura-espanola\/129\/\" rel=\"attachment wp-att-129\"><img decoding=\"async\" src=\"http:\/\/blog.educastur.es\/aulainmersion2020\/files\/2020\/04\/joven-mendigo.jpg\" alt=\"joven-mendigo.jpg\" \/><\/a><\/p>\n<p style=\"text-align: justify\">Dentro de la pintura religiosa, el m\u00e1ximo exponente es sin duda Francisco\u00a0<b>Zurbar\u00e1n<\/b>, autor de un tenebrismo t\u00edpico del Barroco y una religiosidad en sus obras. Destaca la obra\u00a0<i>Desposorios m\u00edsticos de Santa Catalina de Alejandr\u00eda<\/i>.<\/p>\n<p><a title=\"santa-catalina-zurbaran-g.jpg\" href=\"http:\/\/blog.educastur.es\/aulainmersion2020\/2020\/04\/13\/viaje-por-la-pintura-espanola\/130\/\" rel=\"attachment wp-att-130\"><img decoding=\"async\" src=\"http:\/\/blog.educastur.es\/aulainmersion2020\/files\/2020\/04\/santa-catalina-zurbaran-g.jpg\" alt=\"santa-catalina-zurbaran-g.jpg\" \/><\/a><\/p>\n<p style=\"text-align: justify\"><b>\u00a0<\/b><b>5.- Siglo XVIII<\/b>.\u00a0Casi todo el siglo XVIII espa\u00f1ol est\u00e1 dominado por la presencia de artistas extranjeros, muchos de ellos cultivando a\u00fan un estilo barroco como Corrado Giaquinto, Jacopo Amiconi y Rafael Mengs, con quien llega el pleno Neoclasicismo. A continuaci\u00f3n os dejamos una de sus obras m\u00e1s importantes:\u00a0<i>El parnaso<\/i>.<\/p>\n<p style=\"text-align: justify\"><a title=\"el-parnaso.jpeg\" href=\"http:\/\/blog.educastur.es\/aulainmersion2020\/2020\/04\/13\/viaje-por-la-pintura-espanola\/131\/\" rel=\"attachment wp-att-131\"><img decoding=\"async\" src=\"http:\/\/blog.educastur.es\/aulainmersion2020\/files\/2020\/04\/el-parnaso.jpeg\" alt=\"el-parnaso.jpeg\" \/><\/a><\/p>\n<p style=\"text-align: justify\"><b>6.- Siglo XIX, Edad Contempor\u00e1nea<\/b>.\u00a0 El comienzo de siglo est\u00e1 dominado por\u00a0<b>Goya<\/b> y sus obras influidas por la Guerra de la Independencia. La pintura oficial de todo el siglo XIX y XX se identifica con el academicismo, por lo que las convenciones neocl\u00e1sicas ser\u00e1n las predominantes durante todo el periodo. El rupturismo de Goya es plenamente aceptado. Una de sus obras m\u00e1s importantes: Los fusilamientos del 3 de mayo de 1808.<\/p>\n<p><a title=\"fusilamientos.jpg\" href=\"http:\/\/blog.educastur.es\/aulainmersion2020\/2020\/04\/13\/viaje-por-la-pintura-espanola\/132\/\" rel=\"attachment wp-att-132\"><img decoding=\"async\" src=\"http:\/\/blog.educastur.es\/aulainmersion2020\/files\/2020\/04\/fusilamientos.jpg\" alt=\"fusilamientos.jpg\" \/><\/a><\/p>\n<p style=\"text-align: justify\">Otro de los autores m\u00e1s relevantes de este periodo es Joaqu\u00edn<b>\u00a0Sorolla<\/b>, nacido en Valencia\u00a0(1863-1923), es el m\u00e1ximo exponente del impresionismo\u00a0tard\u00edo, se caracteriza por dos temas muy relativos: las playas y las costumbres de la gente al aire libre.<\/p>\n<p style=\"text-align: justify\"><i>Paseo a orilla del mar<\/i>, 1909.<\/p>\n<p><a title=\"paseo-a-orillas-del-mar.jpeg\" href=\"http:\/\/blog.educastur.es\/aulainmersion2020\/2020\/04\/13\/viaje-por-la-pintura-espanola\/133\/\" rel=\"attachment wp-att-133\"><img decoding=\"async\" src=\"http:\/\/blog.educastur.es\/aulainmersion2020\/files\/2020\/04\/paseo-a-orillas-del-mar.jpeg\" alt=\"paseo-a-orillas-del-mar.jpeg\" \/><\/a><\/p>\n<p style=\"text-align: justify\"><b>7.- Siglo XX<\/b>. El siglo XX se caracteriza por una gran innovaci\u00f3n art\u00edstica. Vamos a destacar algunos de los pintores m\u00e1s relevantes teniendo en cuenta su estilo y el movimiento al que representan.<\/p>\n<p style=\"text-align: justify\"><i>&#8211; Cubismo<\/i>:\u00a0El cubismo trata las formas de la naturaleza por medio de figuras geom\u00e9tricas, representando todas las partes de un objeto en un mismo plano. Es considerada la primera vanguardia ya que rompe con el \u00faltimo estatuto renacentista vigente a principios del siglo XX, la perspectiva.\u00a0Este movimiento surge en Francia de la mano de tres artistas, uno franc\u00e9s (Braque) y dos de ellos espa\u00f1oles\u00a0<b>Pablo Picasso<\/b>\u00a0y\u00a0<b>Juan Gris<\/b>.<\/p>\n<p><a title=\"guernica.jpeg\" href=\"http:\/\/blog.educastur.es\/aulainmersion2020\/2020\/04\/13\/viaje-por-la-pintura-espanola\/134\/\" rel=\"attachment wp-att-134\"><img decoding=\"async\" src=\"http:\/\/blog.educastur.es\/aulainmersion2020\/files\/2020\/04\/guernica.jpeg\" alt=\"guernica.jpeg\" \/><\/a><\/p>\n<p style=\"text-align: justify\"><i>Guernica<\/i>\u00a0es uno de los m\u00e1s famosos cuadros pintados por Pablo\u00a0<b>Picasso<\/b>. El t\u00edtulo alude al bombardeo de Guernica, ocurrido el 26 de abril de dicho a\u00f1o, durante la guerra civil espa\u00f1ola. Se puede visitar en el Museo Nacional Centro de Arte Reina Sof\u00eda.<\/p>\n<p><a title=\"guitarra-yperiodico.png\" href=\"http:\/\/blog.educastur.es\/aulainmersion2020\/2020\/04\/13\/viaje-por-la-pintura-espanola\/135\/\" rel=\"attachment wp-att-135\"><img decoding=\"async\" src=\"http:\/\/blog.educastur.es\/aulainmersion2020\/files\/2020\/04\/guitarra-yperiodico.png\" alt=\"guitarra-yperiodico.png\" \/><\/a><\/p>\n<p style=\"text-align: justify\"><i>Guitarra y peri\u00f3dico<\/i>\u00a0de Juan Gris.<\/p>\n<p style=\"text-align: justify\"><i>&#8211; Surrealismo<\/i>: Aparece en Espa\u00f1a en torno a 1920\u00a0mezclando acentos simbolistas y pintura popular.<\/p>\n<p><a title=\"la-persistencia-de-la-memoria.jpeg\" href=\"http:\/\/blog.educastur.es\/aulainmersion2020\/2020\/04\/13\/viaje-por-la-pintura-espanola\/136\/\" rel=\"attachment wp-att-136\"><img decoding=\"async\" src=\"http:\/\/blog.educastur.es\/aulainmersion2020\/files\/2020\/04\/la-persistencia-de-la-memoria.jpeg\" alt=\"la-persistencia-de-la-memoria.jpeg\" \/><\/a><\/p>\n<p style=\"text-align: justify\"><i>La persistencia de la memoria<\/i>\u00a0de Salvador\u00a0<b>Dal\u00ed.<\/b> Nacido en Figueras hizo varios viajes a Madrid y Par\u00eds. Dal\u00ed fue expulsado de la Academia en 1926, poco antes de sus ex\u00e1menes finales, tras afirmar que nadie en la Academia era lo bastante competente para examinarle. Dal\u00ed fue el m\u00e1ximo representante del surrealismo creando un hiperrealismo.<\/p>\n<p><a title=\"el-gallo.jpeg\" href=\"http:\/\/blog.educastur.es\/aulainmersion2020\/2020\/04\/13\/viaje-por-la-pintura-espanola\/137\/\" rel=\"attachment wp-att-137\"><img decoding=\"async\" src=\"http:\/\/blog.educastur.es\/aulainmersion2020\/files\/2020\/04\/el-gallo.jpeg\" alt=\"el-gallo.jpeg\" \/><\/a><\/p>\n<p style=\"text-align: justify\"><i>El gallo<\/i>\u00a0de\u00a0<b>Joan Mir\u00f3<\/b>, seguidor de Dal\u00ed y Picasso, destaca fundamentalmente por sus collages y sus esculturas. Busc\u00f3 nuevos m\u00e9todos para favorecer una forma de expresi\u00f3n que fuese contempor\u00e1nea.<\/p>\n<p><a title=\"la-verbena.jpg\" href=\"http:\/\/blog.educastur.es\/aulainmersion2020\/2020\/04\/13\/viaje-por-la-pintura-espanola\/138\/\" rel=\"attachment wp-att-138\"><img decoding=\"async\" src=\"http:\/\/blog.educastur.es\/aulainmersion2020\/files\/2020\/04\/la-verbena.jpg\" alt=\"la-verbena.jpg\" \/><\/a><\/p>\n<p style=\"text-align: justify\">Maruja Mallo en 1928 expon\u00eda\u00a0<i>La verbena.<\/i>\u00a0En esta colorida pintura, exponente de su personal visi\u00f3n del mundo, la autora inventa escenas plenas de barroquismo y aparentemente carentes de toda l\u00f3gica, donde los motivos se multiplican, conformando un remolino de l\u00edneas y sensaciones. Todo ello proporciona a la escena una atm\u00f3sfera innegablemente surrealista.<\/p>\n<p style=\"text-align: justify\"><b>8.- Arte actual.\u00a0<\/b>Conviviendo con el Pop y la abstracci\u00f3n se da en Espa\u00f1a el hiperrealismo,\u00a0sobre todo en Madrid y Sevilla. En la capital destaca\u00a0<b>Antonio L\u00f3pez<\/b>. Gran V\u00eda es uno de sus cuadros m\u00e1s conocidos, en \u00e9l busca plasmar un lugar \u00fanico.<\/p>\n<p><a title=\"gran-via.jpeg\" href=\"http:\/\/blog.educastur.es\/aulainmersion2020\/2020\/04\/13\/viaje-por-la-pintura-espanola\/140\/\" rel=\"attachment wp-att-140\"><img decoding=\"async\" src=\"http:\/\/blog.educastur.es\/aulainmersion2020\/files\/2020\/04\/gran-via.jpeg\" alt=\"gran-via.jpeg\" \/><\/a><\/p>\n<p style=\"text-align: justify\">Dentro del posmodernismo\u00a0espa\u00f1ol son significativas las obras de\u00a0<b>Miquel Barcel\u00f3<\/b>.\u00a0<i>La\u00a0<\/i><i>C\u00fapula de la Sala XX de los Derechos Humanos y de la Alianza de Civilizaciones<\/i>\u200b de la ONU\u00a0es una obra pict\u00f3rica desarrollada que decora el techo de la Sala de los Derechos Humanos de la ONU en el Palacio de las Naciones de Ginebra en Suiza.<\/p>\n<p><a title=\"cupula.jpeg\" href=\"http:\/\/blog.educastur.es\/aulainmersion2020\/2020\/04\/13\/viaje-por-la-pintura-espanola\/142\/\" rel=\"attachment wp-att-142\"><img decoding=\"async\" src=\"http:\/\/blog.educastur.es\/aulainmersion2020\/files\/2020\/04\/cupula.jpeg\" alt=\"cupula.jpeg\" \/><\/a><\/p>\n<p style=\"text-align: justify\">Si quer\u00e9is aprender m\u00e1s o est\u00e1is interesado, aqu\u00ed os dejamos algunas p\u00e1ginas de museos que pod\u00e9is visitar de forma virtual.<\/p>\n<p><a href=\"https:\/\/www.museodelprado.es\/\">https:\/\/www.museodelprado.es\/<\/a><\/p>\n<p><a href=\"https:\/\/www.museothyssen.org\/\">https:\/\/www.museothyssen.org\/<\/a><\/p>\n<p><a href=\"https:\/\/manvirtual.es\/\">https:\/\/manvirtual.es\/<\/a><\/p>\n<p><a href=\"https:\/\/artsandculture.google.com\/partner\/museo-nacional-de-ciencias-naturales-mncn-cesic\">https:\/\/artsandculture.google.com\/partner\/museo-nacional-de-ciencias-naturales-mncn-cesic<\/a><\/p>\n<p><a href=\"http:\/\/www.vatican.va\/various\/cappelle\/index_sistina_it.htm\">http:\/\/www.vatican.va\/various\/cappelle\/index_sistina_it.htm<\/a><\/p>\n<p><a href=\"https:\/\/www.museopicassomalaga.org\/\">https:\/\/www.museopicassomalaga.org\/<\/a><\/p>\n<p><a href=\"https:\/\/www.salvador-dali.org\/es\/museos\/teatro-museo-dali-de-figueres\/visita-virtual\/\">https:\/\/www.salvador-dali.org\/es\/museos\/teatro-museo-dali-de-figueres\/visita-virtual\/<\/a><\/p>\n<p><a href=\"https:\/\/www.museobilbao.com\/in\/tour-espacios\/nexo.html\">https:\/\/www.museobilbao.com\/in\/tour-espacios\/nexo.html<\/a><\/p>\n","protected":false},"excerpt":{"rendered":"<p>Viaje por la pintura espa\u00f1ola\u00a0destaca varias obras pict\u00f3ricas de nuestro pa\u00eds. Se ofrece un r\u00e1pido recorrido por las fases y movimientos de la pintura, desde las representaciones de las pinturas rupestres del paleol\u00edtico (hacia el 14 000 a. C.) hasta el arte pict\u00f3rico contempor\u00e1neo. Os proponemos un peque\u00f1o viaje de aprendizaje en el que pod\u00e9is [&hellip;]<\/p>\n","protected":false},"author":36,"featured_media":0,"parent":0,"menu_order":0,"comment_status":"closed","ping_status":"closed","template":"","meta":{"footnotes":""},"class_list":["post-92","page","type-page","status-publish","hentry"],"_links":{"self":[{"href":"https:\/\/edublog.educastur.es\/espaolparatodosytodas\/wp-json\/wp\/v2\/pages\/92","targetHints":{"allow":["GET"]}}],"collection":[{"href":"https:\/\/edublog.educastur.es\/espaolparatodosytodas\/wp-json\/wp\/v2\/pages"}],"about":[{"href":"https:\/\/edublog.educastur.es\/espaolparatodosytodas\/wp-json\/wp\/v2\/types\/page"}],"author":[{"embeddable":true,"href":"https:\/\/edublog.educastur.es\/espaolparatodosytodas\/wp-json\/wp\/v2\/users\/36"}],"replies":[{"embeddable":true,"href":"https:\/\/edublog.educastur.es\/espaolparatodosytodas\/wp-json\/wp\/v2\/comments?post=92"}],"version-history":[{"count":1,"href":"https:\/\/edublog.educastur.es\/espaolparatodosytodas\/wp-json\/wp\/v2\/pages\/92\/revisions"}],"predecessor-version":[{"id":93,"href":"https:\/\/edublog.educastur.es\/espaolparatodosytodas\/wp-json\/wp\/v2\/pages\/92\/revisions\/93"}],"wp:attachment":[{"href":"https:\/\/edublog.educastur.es\/espaolparatodosytodas\/wp-json\/wp\/v2\/media?parent=92"}],"curies":[{"name":"wp","href":"https:\/\/api.w.org\/{rel}","templated":true}]}}