{"id":146,"date":"2023-10-13T15:20:24","date_gmt":"2023-10-13T15:20:24","guid":{"rendered":"https:\/\/edublog.educastur.es\/fmecanica\/?page_id=146"},"modified":"2025-09-16T07:20:45","modified_gmt":"2025-09-16T07:20:45","slug":"ampliar-informacion","status":"publish","type":"page","link":"https:\/\/edublog.educastur.es\/fmecanica\/ampliar-informacion\/","title":{"rendered":"Ampliar informaci\u00f3n"},"content":{"rendered":"\r\n<p>\u00a0 \u00a0 \u00a0 \u00a0 <img loading=\"lazy\" decoding=\"async\" class=\"alignnone size-full wp-image-59\" src=\"http:\/\/edublog.educastur.es\/fmecanica\/files\/2023\/05\/qrcodep_cerdeno-1.png\" alt=\"\" width=\"148\" height=\"148\" \/><a href=\"http:\/\/www.cifpcerdeno.com\/\" target=\"_blank\" rel=\"noopener noreferrer\"><img loading=\"lazy\" decoding=\"async\" class=\"alignnone wp-image-64\" src=\"http:\/\/edublog.educastur.es\/mrol\/files\/2020\/07\/cifp-cerdeno-1.jpg\" alt=\"\" width=\"124\" height=\"42\" \/><\/a>\u00a0<\/p>\r\n<p><img loading=\"lazy\" decoding=\"async\" class=\"alignnone size-full wp-image-420\" src=\"http:\/\/edublog.educastur.es\/mrol\/files\/2020\/10\/corregir.jpg\" alt=\"\" width=\"51\" height=\"50\" \/>\u00a0 \u00a0 <a href=\"https:\/\/www.cifpcerdeno.com\/index.php\/nuestra-fp\/fp-integrada\/grados-fp-d-ciclos-formativos\/tecnico-en-mecanizado\" target=\"_blank\" rel=\"noopener\">Mecanizado<\/a>\u00a0 \u00a0 \u00a0 \u00a0 \u00a0 \u00a0 \u00a0 \u00a0 \u00a0 \u00a0 \u00a0 \u00a0 \u00a0 \u00a0 \u00a0 \u00a0 \u00a0<img loading=\"lazy\" decoding=\"async\" class=\"alignnone size-full wp-image-420\" src=\"http:\/\/edublog.educastur.es\/mrol\/files\/2020\/10\/corregir.jpg\" alt=\"\" width=\"51\" height=\"50\" \/>\u00a0\u00a0 <a href=\"https:\/\/www.cifpcerdeno.com\/index.php\/nuestra-fp\/fp-integrada\/grados-fp-d-ciclos-formativos\/tecnico-en-soldadura-y-caldereria\" target=\"_blank\" rel=\"noopener\">Soldadura y Calderer\u00eda<\/a>\u00a0 \u00a0 \u00a0 \u00a0 \u00a0 \u00a0 \u00a0 \u00a0 \u00a0 \u00a0 \u00a0 \u00a0 \u00a0 \u00a0 \u00a0 \u00a0 \u00a0 \u00a0 \u00a0 \u00a0 \u00a0<img loading=\"lazy\" decoding=\"async\" class=\"alignnone size-full wp-image-420\" src=\"http:\/\/edublog.educastur.es\/mrol\/files\/2020\/10\/corregir.jpg\" alt=\"\" width=\"51\" height=\"50\" \/>\u00a0\u00a0 \u00a0\u00a0<a href=\"https:\/\/www.cifpcerdeno.com\/index.php\/nuestra-fp\/fp-integrada\/grados-fp-d-ciclos-formativos\/tecnico-superior-en-programacion-de-la-produccion-en-fabricacion-mecanica\" target=\"_blank\" rel=\"noopener\">Programaci\u00f3n de la Producci\u00f3n en FM<\/a>\u00a0 \u00a0 \u00a0 \u00a0 \u00a0 \u00a0 \u00a0 \u00a0 \u00a0 \u00a0 \u00a0 \u00a0 \u00a0 \u00a0 \u00a0 \u00a0 \u00a0 \u00a0 \u00a0 \u00a0 \u00a0 \u00a0 \u00a0 \u00a0<\/p>\r\n<hr \/>\r\n<p>&nbsp;<\/p>\r\n<p><img loading=\"lazy\" decoding=\"async\" class=\"alignnone size-full wp-image-420\" src=\"http:\/\/edublog.educastur.es\/mrol\/files\/2020\/10\/corregir.jpg\" alt=\"\" width=\"51\" height=\"50\" \/><a href=\"https:\/\/www.cifpcerdeno.com\/index.php\/nuestra-fp\/servicios-de-apoyo\/documentacion-alumnos-fp-inicial-cifp\/progr-ciclos\/prog-metal\" target=\"_blank\" rel=\"noopener\">Programaciones\u00a0 \u00a0-No est\u00e1n actualizadas para el curso 2025-26-<\/a><\/p>\r\n<hr \/>\r\n<p><img loading=\"lazy\" decoding=\"async\" class=\"alignnone wp-image-63\" src=\"http:\/\/edublog.educastur.es\/mrol\/files\/2020\/07\/fp-asturias-1.jpg\" alt=\"\" width=\"53\" height=\"53\" \/>\u00a0 \u00a0 (FME-202) \u00a0Mecanizado\u00a0\u2013 Asturias\u00a0 \u00a0<img loading=\"lazy\" decoding=\"async\" class=\"alignnone size-medium wp-image-62\" src=\"http:\/\/edublog.educastur.es\/mrol\/files\/2020\/07\/i5-1.jpg\" alt=\"\" width=\"33\" height=\"27\" \/>\u00a0\u00a0<a title=\"Abrir\" href=\"https:\/\/drive.google.com\/file\/d\/1s6Wa_HPJnNkFD3dxNu1vJ3YKRGto2etN\/view?usp=share_link\" target=\"_blank\" rel=\"noopener noreferrer\">Curriculo<\/a><\/p>\r\n<p>\u00a0<img loading=\"lazy\" decoding=\"async\" class=\"alignnone wp-image-63\" src=\"http:\/\/edublog.educastur.es\/mrol\/files\/2020\/07\/fp-asturias-1.jpg\" alt=\"\" width=\"53\" height=\"53\" \/>\u00a0 \u00a0 \u00a0 Soldadura y Calderer\u00eda- Asturias\u00a0 \u00a0<img loading=\"lazy\" decoding=\"async\" class=\"alignnone size-medium wp-image-62\" src=\"http:\/\/edublog.educastur.es\/mrol\/files\/2020\/07\/i5-1.jpg\" alt=\"\" width=\"33\" height=\"27\" \/>\u00a0 \u00a0\u00a0<a href=\"https:\/\/drive.google.com\/file\/d\/1UVlbrqf2bqbu91byUk8CB-FuSvWmUG51\/view?usp=share_link\" target=\"_blank\" rel=\"noopener\">Curriculo<\/a><\/p>\r\n<p><img loading=\"lazy\" decoding=\"async\" class=\"alignnone wp-image-63\" src=\"http:\/\/edublog.educastur.es\/mrol\/files\/2020\/07\/fp-asturias-1.jpg\" alt=\"\" width=\"53\" height=\"53\" \/>\u00a0 \u00a0 Programaci\u00f3n de la Producci\u00f3n en Fabricaci\u00f3n Mec\u00e1nica- Asturias\u00a0 \u00a0<img loading=\"lazy\" decoding=\"async\" class=\"alignnone size-medium wp-image-62\" src=\"http:\/\/edublog.educastur.es\/mrol\/files\/2020\/07\/i5-1.jpg\" alt=\"\" width=\"33\" height=\"27\" \/>\u00a0 \u00a0\u00a0<a href=\"https:\/\/drive.google.com\/file\/d\/1eS2lJvaOPAZKMFrP3kv_JVlK11ww-OV-\/view?usp=share_link\" target=\"_blank\" rel=\"noopener\">Curriculo<\/a><\/p>\r\n<hr \/>\r\n<p><img loading=\"lazy\" decoding=\"async\" class=\"alignnone wp-image-61\" src=\"http:\/\/edublog.educastur.es\/mrol\/files\/2020\/07\/todofp-es-1.jpg\" alt=\"\" width=\"100\" height=\"30\" \/> <a href=\"https:\/\/www.todofp.es\/sobre-fp.html\" target=\"_blank\" rel=\"noopener\">Todo FP<\/a>\u00a0 \u00a0 \u00a0 \u00a0 \u00a0 \u00a0 \u00a0 \u00a0 \u00a0 \u00a0 \u00a0 \u00a0 \u00a0 \u00a0 \u00a0 \u00a0<a href=\"https:\/\/incual.educacion.gob.es\/mecanica_cualificaciones\" target=\"_blank\" rel=\"noopener noreferrer\"><img loading=\"lazy\" decoding=\"async\" class=\"alignnone wp-image-58\" src=\"http:\/\/edublog.educastur.es\/mrol\/files\/2020\/07\/inc-1-150x54.jpg\" alt=\"\" width=\"137\" height=\"144\" \/><\/a><\/p>\r\n<hr \/>\r\n<p><strong><span style=\"font-size: 14pt;color: #000080;font-family: 'comic sans ms', sans-serif\">CARTEL INFORMATIVO\u00a0<\/span><\/strong><\/p>\r\n<p><img loading=\"lazy\" decoding=\"async\" class=\"alignnone wp-image-119 size-full\" src=\"http:\/\/edublog.educastur.es\/fmecanica\/files\/2023\/04\/cartel-informativo-final.jpg\" alt=\"\" width=\"750\" height=\"922\" srcset=\"https:\/\/edublog.educastur.es\/fmecanica\/files\/2023\/04\/cartel-informativo-final.jpg 750w, https:\/\/edublog.educastur.es\/fmecanica\/files\/2023\/04\/cartel-informativo-final-244x300.jpg 244w, https:\/\/edublog.educastur.es\/fmecanica\/files\/2023\/04\/cartel-informativo-final-676x831.jpg 676w\" sizes=\"auto, (max-width: 750px) 100vw, 750px\" \/><\/p>\r\n<hr \/>\r\n<p><a href=\"https:\/\/drive.google.com\/drive\/folders\/1Q4nITTm-4DgiXvrkr00SoAFg-niELT8p?usp=sharing\" target=\"_blank\" rel=\"noopener\"><img loading=\"lazy\" decoding=\"async\" class=\"alignnone size-medium wp-image-62\" src=\"http:\/\/edublog.educastur.es\/mrol\/files\/2020\/07\/i5-1.jpg\" alt=\"\" width=\"33\" height=\"27\" \/><\/a>\u00a0\u00a0 \u00a0 \u00a0 \u00a0 \u00a0 \u00a0 Solicitudes de matr\u00edcula<\/p>\r\n<hr \/>\r\n<p><img loading=\"lazy\" decoding=\"async\" class=\"alignnone size-medium wp-image-59\" src=\"http:\/\/edublog.educastur.es\/mrol\/files\/2020\/07\/11-1.jpg\" alt=\"\" width=\"50\" height=\"35\" \/>\u00a0<a href=\"https:\/\/www.boe.es\/eli\/es\/rd\/2023\/07\/18\/659\" target=\"_blank\" rel=\"noopener\">Ordenaci\u00f3n de la FP\u00a0 18 DE JULIO DEL 2023<\/a><\/p>\r\n<p><img loading=\"lazy\" decoding=\"async\" class=\"alignnone size-medium wp-image-59\" src=\"http:\/\/edublog.educastur.es\/mrol\/files\/2020\/07\/11-1.jpg\" alt=\"\" width=\"50\" height=\"35\" \/>\u00a0Organizaci\u00f3n y evaluaci\u00f3n\u00a0de\u00a0la Formaci\u00f3n Profesional profesional<\/p>\r\n<hr \/>\r\n<p>\u00a0 <img loading=\"lazy\" decoding=\"async\" class=\"alignnone size-full wp-image-17\" src=\"http:\/\/edublog.educastur.es\/fmecanica\/files\/2023\/05\/video1.jpg\" alt=\"\" width=\"45\" height=\"44\" \/>\u00a0<a href=\"https:\/\/youtu.be\/ztzD1n9kpsk?si=Spp-aY-TRMOm5-mK\" target=\"_blank\" rel=\"noopener\">V\u00eddeo motivador<\/a><\/p>\r\n<p><img loading=\"lazy\" decoding=\"async\" class=\"alignnone size-medium wp-image-59\" src=\"http:\/\/edublog.educastur.es\/mrol\/files\/2020\/07\/11-1.jpg\" alt=\"\" width=\"50\" height=\"35\" \/> <a href=\"https:\/\/www.lne.es\/asturias\/2023\/06\/15\/fabricacion-mecanica-clave-88718096.html\" target=\"_blank\" rel=\"noopener\">En la nueva (pressa)<\/a>\u00a0<\/p>\r\n","protected":false},"excerpt":{"rendered":"<p>\u00a0 \u00a0 \u00a0 \u00a0 \u00a0 \u00a0 \u00a0 Mecanizado\u00a0 \u00a0 \u00a0 \u00a0 \u00a0 \u00a0 \u00a0 \u00a0 \u00a0 \u00a0 \u00a0 \u00a0 \u00a0 \u00a0 \u00a0 \u00a0 \u00a0\u00a0\u00a0 Soldadura y Calderer\u00eda\u00a0 \u00a0 \u00a0 \u00a0 \u00a0 \u00a0 \u00a0 \u00a0 \u00a0 \u00a0 \u00a0 \u00a0 \u00a0 \u00a0 \u00a0 \u00a0 \u00a0 \u00a0 \u00a0 \u00a0 \u00a0\u00a0\u00a0 \u00a0\u00a0Programaci\u00f3n de la Producci\u00f3n en FM\u00a0 \u00a0 \u00a0 [&hellip;]<\/p>\n","protected":false},"author":134,"featured_media":0,"parent":0,"menu_order":0,"comment_status":"closed","ping_status":"open","template":"","meta":{"footnotes":""},"class_list":["post-146","page","type-page","status-publish","hentry","post-preview"],"_links":{"self":[{"href":"https:\/\/edublog.educastur.es\/fmecanica\/wp-json\/wp\/v2\/pages\/146","targetHints":{"allow":["GET"]}}],"collection":[{"href":"https:\/\/edublog.educastur.es\/fmecanica\/wp-json\/wp\/v2\/pages"}],"about":[{"href":"https:\/\/edublog.educastur.es\/fmecanica\/wp-json\/wp\/v2\/types\/page"}],"author":[{"embeddable":true,"href":"https:\/\/edublog.educastur.es\/fmecanica\/wp-json\/wp\/v2\/users\/134"}],"replies":[{"embeddable":true,"href":"https:\/\/edublog.educastur.es\/fmecanica\/wp-json\/wp\/v2\/comments?post=146"}],"version-history":[{"count":12,"href":"https:\/\/edublog.educastur.es\/fmecanica\/wp-json\/wp\/v2\/pages\/146\/revisions"}],"predecessor-version":[{"id":178,"href":"https:\/\/edublog.educastur.es\/fmecanica\/wp-json\/wp\/v2\/pages\/146\/revisions\/178"}],"wp:attachment":[{"href":"https:\/\/edublog.educastur.es\/fmecanica\/wp-json\/wp\/v2\/media?parent=146"}],"curies":[{"name":"wp","href":"https:\/\/api.w.org\/{rel}","templated":true}]}}