{"id":2,"date":"2020-11-23T07:58:11","date_gmt":"2020-11-23T07:58:11","guid":{"rendered":"https:\/\/edublog.educastur.es\/gasa\/?page_id=2"},"modified":"2020-11-23T10:40:08","modified_gmt":"2020-11-23T10:40:08","slug":"pagina-ejemplo","status":"publish","type":"page","link":"https:\/\/edublog.educastur.es\/gasa\/pagina-ejemplo\/","title":{"rendered":"El IES Luces"},"content":{"rendered":"<p>El IES Luces fue creado en el a\u00f1o 1951 por la entonces denominada \u201c<em>Obra Sindical de Colonizaci\u00f3n<\/em>\u201d como Granja-Escuela para la formaci\u00f3n de los agricultores y ganaderos asturianos, por esta raz\u00f3n esta ubicado en pleno medio natural, en una finca (en dos piezas) que alcanzan entre ambas un total de 52 hect\u00e1reas de superficie, siendo los n\u00facleos rurales de poblaci\u00f3n m\u00e1s cercanos Luces y Lu\u00e9 que distan ambos 2 Km. del Instituto. La villa marinera de Lastres est\u00e1 a 4 Km. del centro, y Colunga, capital del Concejo se encuentra a 8 Km.<\/p>\n<p><strong><u>Rese\u00f1a hist\u00f3rica del Centro<\/u><\/strong><\/p>\n<p>En el a\u00f1o 1949 se formaliza la cesi\u00f3n de terrenos por parte de los ayuntamientos de Colunga y Villaviciosa a la <em>Obra<\/em><em> Sindical<\/em><em> de Colonizaci\u00f3n<\/em> con el fin de construir una Granja Escuela para la formaci\u00f3n de agricultores y ganaderos. Durante muchos a\u00f1os en el centro \u00fanicamente se impartieron cursos de Capataces Agr\u00edcolas y Ganaderos y cursos de Tractorista.\u00a0\u00a0<\/p>\n<p>En el a\u00f1o 1977, el centro da un giro a su oferta formativa y constituy\u00e9ndose como Instituto de Formaci\u00f3n Profesional Agraria y empieza a impartir ense\u00f1anzas de Formaci\u00f3n Profesional\u00a0 de primer y segundo grado de acuerdo con la Ley General de Educaci\u00f3n del a\u00f1o 1970, en dos especialidades,\u00a0 de Explotaciones Agropecuarias y de Mec\u00e1nica Agr\u00edcola. Durante estos a\u00f1os, con el final del r\u00e9gimen anterior y la desaparici\u00f3n de la Obra Sindical de Colonizaci\u00f3n, concretamente a partir del a\u00f1o 1976 pasa a la Administraci\u00f3n Institucional de Servicios Socio Profesionales (AISS), siendo posteriormente transferido al Instituto Nacional de Empleo (INEM).<\/p>\n<p>En 1984 el centro es transferido al Ministerio de Educaci\u00f3n y a partir del a\u00f1o 1988, se convierte en Instituto de Educaci\u00f3n Secundaria, anticipando la Reforma Educativa, que se plasmar\u00eda posteriormente en la LOGSE, tanto en la ense\u00f1anzas obligatorias como el la Formaci\u00f3n Profesional Agraria.<\/p>\n<p>Finalmente con el desarrollo de las competencias educativas contempladas en el Estatuto de autonom\u00eda del Principado de Asturias en el a\u00f1o 2000 fue transferido como el resto de Centros P\u00fablicos a la Consejer\u00eda de Educaci\u00f3n y Cultura del Gobierno del Principado de Asturias.<\/p>\n<p><strong><u>\u00a0<\/u><\/strong><strong><u>Denominaci\u00f3n oficial del centro e imagen corporativa que lo representa<\/u><\/strong><\/p>\n<p>El centro adopta la denominaci\u00f3n oficial de <strong>INSTITUTO DE EDUCACI\u00d3N SECUNDARIA \u201cLUCES\u201d<\/strong> y establece como imagen corporativa del mismo el <strong>arco<\/strong> que ese encuentra a la entrada del centro desde la primera construcci\u00f3n de los edificios.<\/p>\n<p><img loading=\"lazy\" decoding=\"async\" class=\"size-full wp-image-22 aligncenter\" src=\"http:\/\/edublog.educastur.es\/gasa\/files\/2020\/11\/logo-IES-.jpg\" alt=\"\" width=\"179\" height=\"94\" \/><\/p>\n","protected":false},"excerpt":{"rendered":"<p>El IES Luces fue creado en el a\u00f1o 1951 por la entonces denominada \u201cObra Sindical de Colonizaci\u00f3n\u201d como Granja-Escuela para la formaci\u00f3n de los agricultores y ganaderos asturianos, por esta raz\u00f3n esta ubicado en pleno medio natural, en una finca&#8230; <a class=\"more-link\" href=\"https:\/\/edublog.educastur.es\/gasa\/pagina-ejemplo\/\">Seguir leyendo &rarr;<\/a><\/p>\n","protected":false},"author":638,"featured_media":0,"parent":0,"menu_order":0,"comment_status":"closed","ping_status":"open","template":"","meta":{"footnotes":""},"class_list":["post-2","page","type-page","status-publish","hentry"],"_links":{"self":[{"href":"https:\/\/edublog.educastur.es\/gasa\/wp-json\/wp\/v2\/pages\/2","targetHints":{"allow":["GET"]}}],"collection":[{"href":"https:\/\/edublog.educastur.es\/gasa\/wp-json\/wp\/v2\/pages"}],"about":[{"href":"https:\/\/edublog.educastur.es\/gasa\/wp-json\/wp\/v2\/types\/page"}],"author":[{"embeddable":true,"href":"https:\/\/edublog.educastur.es\/gasa\/wp-json\/wp\/v2\/users\/638"}],"replies":[{"embeddable":true,"href":"https:\/\/edublog.educastur.es\/gasa\/wp-json\/wp\/v2\/comments?post=2"}],"version-history":[{"count":2,"href":"https:\/\/edublog.educastur.es\/gasa\/wp-json\/wp\/v2\/pages\/2\/revisions"}],"predecessor-version":[{"id":23,"href":"https:\/\/edublog.educastur.es\/gasa\/wp-json\/wp\/v2\/pages\/2\/revisions\/23"}],"wp:attachment":[{"href":"https:\/\/edublog.educastur.es\/gasa\/wp-json\/wp\/v2\/media?parent=2"}],"curies":[{"name":"wp","href":"https:\/\/api.w.org\/{rel}","templated":true}]}}