{"id":11500,"date":"2021-11-27T14:12:16","date_gmt":"2021-11-27T12:12:16","guid":{"rendered":"https:\/\/edublog.educastur.es\/ixuxu\/?page_id=11500"},"modified":"2021-11-27T14:12:59","modified_gmt":"2021-11-27T12:12:59","slug":"miguel-hernandez","status":"publish","type":"page","link":"https:\/\/edublog.educastur.es\/ixuxu\/poesia-2\/miguel-hernandez\/","title":{"rendered":"Miguel Hern\u00e1ndez"},"content":{"rendered":"<p><a href=\"https:\/\/www.lavanguardia.com\/files\/og_thumbnail\/uploads\/2019\/10\/30\/5fa537eb0110a.jpeg\"><img loading=\"lazy\" decoding=\"async\" class=\"aligncenter\" src=\"https:\/\/www.lavanguardia.com\/files\/og_thumbnail\/uploads\/2019\/10\/30\/5fa537eb0110a.jpeg\" alt=\"\" width=\"388\" height=\"218\" \/><\/a><\/p>\n<p><span style=\"font-size: 20px;color: #008080\"><em><strong>\u00abL\u2019aire\u2019l pueblu que me lleva\u00bb<\/strong><\/em><\/span><\/p>\n<p><span style=\"font-size: 20px;color: #008080\"><em>L\u2019aire\u2019l pueblu que me lleva <\/em><\/span><br \/>\n<span style=\"font-size: 20px;color: #008080\"><em>L\u2019aire\u2019l pueblu que me lleva,<\/em><\/span><br \/>\n<span style=\"font-size: 20px;color: #008080\"><em>l\u2019aire\u2019l pueblu que m\u2019arrastra,<\/em><\/span><br \/>\n<span style=\"font-size: 20px;color: #008080\"><em>esp\u00e1rdeme\u2019l coraz\u00f3n<\/em><\/span><br \/>\n<span style=\"font-size: 20px;color: #008080\"><em>y avi\u00e9ntame la garganta.<\/em><\/span><\/p>\n<p><span style=\"font-size: 20px;color: #008080\"><em>Los g\u00fces abaxen la tiesta,<\/em><\/span><br \/>\n<span style=\"font-size: 20px;color: #008080\"><em>impotentemente mansa,<\/em><\/span><br \/>\n<span style=\"font-size: 20px;color: #008080\"><em>per delantre los castigos:<\/em><\/span><br \/>\n<span style=\"font-size: 20px;color: #008080\"><em>los lleones allev\u00e1ntenla<\/em><\/span><br \/>\n<span style=\"font-size: 20px;color: #008080\"><em>y castiguen al empar<\/em><\/span><br \/>\n<span style=\"font-size: 20px;color: #008080\"><em>cola so sonora zarpa.<\/em><\/span><\/p>\n<p><span style=\"font-size: 20px;color: #008080\"><em>Nun soi d\u2019un pueblu de g\u00fces,<\/em><\/span><br \/>\n<span style=\"font-size: 20px;color: #008080\"><em>que soi d\u2019un pueblu qu\u2019enllanca<\/em><\/span><br \/>\n<span style=\"font-size: 20px;color: #008080\"><em>xacimientos de lleones,<\/em><\/span><br \/>\n<span style=\"font-size: 20px;color: #008080\"><em>perfondos escobios d\u2019aigla<\/em><\/span><br \/>\n<span style=\"font-size: 20px;color: #008080\"><em>y altos cordales de toros<\/em><\/span><br \/>\n<span style=\"font-size: 20px;color: #008080\"><em>col arguyu enriba l\u2019asta.<\/em><\/span><br \/>\n<span style=\"font-size: 20px;color: #008080\"><em>Xam\u00e1s los g\u00fces xorrecieron<\/em><\/span><br \/>\n<span style=\"font-size: 20px;color: #008080\"><em>pelos p\u00e1ramos d\u2019Espa\u00f1a.<\/em><\/span><\/p>\n<p><span style=\"font-size: 20px;color: #008080\"><em>\u00bfQui\u00e9n fal\u00f3 d\u2019echar el xugu<\/em><\/span><br \/>\n<span style=\"font-size: 20px;color: #008080\"><em>nel pescuezu d\u2019esta raza?<\/em><\/span><br \/>\n<span style=\"font-size: 20px;color: #008080\"><em>\u00bfQui\u00e9n-y punxo al furac\u00e1n<\/em><\/span><br \/>\n<span style=\"font-size: 20px;color: #008080\"><em>xam\u00e1s nin xugos nin tranca,<\/em><\/span><br \/>\n<span style=\"font-size: 20px;color: #008080\"><em>nin qui\u00e9n al rayu meti\u00f3<\/em><\/span><br \/>\n<span style=\"font-size: 20px;color: #008080\"><em>presu dientro d\u2019una xaula?<\/em><\/span><\/p>\n<p><span style=\"font-size: 20px;color: #008080\"><em>Asturianos de bravura,<\/em><\/span><br \/>\n<span style=\"font-size: 20px;color: #008080\"><em>vascos de blindada llastra,<\/em><\/span><br \/>\n<span style=\"font-size: 20px;color: #008080\"><em>valencianos d\u2019allegr\u00eda<\/em><\/span><br \/>\n<span style=\"font-size: 20px;color: #008080\"><em>y castellanos del alma,<\/em><\/span><br \/>\n<span style=\"font-size: 20px;color: #008080\"><em>llabraos como la tierra<\/em><\/span><br \/>\n<span style=\"font-size: 20px;color: #008080\"><em>y airosos como\u2019l qu\u2019esnala; <\/em><\/span><br \/>\n<span style=\"font-size: 20px;color: #008080\"><em>andaluces de rellumos,<\/em><\/span><br \/>\n<span style=\"font-size: 20px;color: #008080\"><em>nac\u00edos cola guitarra<\/em><\/span><br \/>\n<span style=\"font-size: 20px;color: #008080\"><em>y forxaos sobro xuncles<\/em><\/span><br \/>\n<span style=\"font-size: 20px;color: #008080\"><em>enllenes de viva ll\u00e1rima;<\/em><\/span><br \/>\n<span style=\"font-size: 20px;color: #008080\"><em>estreme\u00f1os de cent\u00e9n,<\/em><\/span><br \/>\n<span style=\"font-size: 20px;color: #008080\"><em>gallegos de muga y calma,<\/em><\/span><br \/>\n<span style=\"font-size: 20px;color: #008080\"><em>catalanes de firmeza,<\/em><\/span><br \/>\n<span style=\"font-size: 20px;color: #008080\"><em>aragoneses de castra,<\/em><\/span><br \/>\n<span style=\"font-size: 20px;color: #008080\"><em>murcianos de dinamita<\/em><\/span><br \/>\n<span style=\"font-size: 20px;color: #008080\"><em>graniblemente allargada,<\/em><\/span><br \/>\n<span style=\"font-size: 20px;color: #008080\"><em>lleoneses, navarros, amos<\/em><\/span><br \/>\n<span style=\"font-size: 20px;color: #008080\"><em>del mugor, fame y machada,<\/em><\/span><br \/>\n<span style=\"font-size: 20px;color: #008080\"><em>reis sois de la miner\u00eda,<\/em><\/span><br \/>\n<span style=\"font-size: 20px;color: #008080\"><em>se\u00f1ores de la llabranza,<\/em><\/span><br \/>\n<span style=\"font-size: 20px;color: #008080\"><em>homes qu\u2019ente los raigones,<\/em><\/span><br \/>\n<span style=\"font-size: 20px;color: #008080\"><em>como raigones de raza,<\/em><\/span><br \/>\n<span style=\"font-size: 20px;color: #008080\"><em>vais de la vida a la muerte,<\/em><\/span><br \/>\n<span style=\"font-size: 20px;color: #008080\"><em>vais de la nada a la nada:<\/em><\/span><br \/>\n<span style=\"font-size: 20px;color: #008080\"><em>xugos quer\u00eden ponevos<\/em><\/span><br \/>\n<span style=\"font-size: 20px;color: #008080\"><em>xente de mala cala\u00f1a,<\/em><\/span><br \/>\n<span style=\"font-size: 20px;color: #008080\"><em>son xugos qu\u2019hab\u00e9is dexar<\/em><\/span><br \/>\n<span style=\"font-size: 20px;color: #008080\"><em>frayaos na so recacha.<\/em><\/span><br \/>\n<span style=\"font-size: 20px;color: #008080\"><em>Atapecer de los g\u00fces<\/em><\/span><br \/>\n<span style=\"font-size: 20px;color: #008080\"><em>entama a riscar l\u2019alba.<\/em><\/span><\/p>\n<p><span style=\"font-size: 20px;color: #008080\"><em>Vist\u00edos muerren los g\u00fces<\/em><\/span><br \/>\n<span style=\"font-size: 20px;color: #008080\"><em>d\u2019humild\u00e1 y golor de cuadra;<\/em><\/span><br \/>\n<span style=\"font-size: 20px;color: #008080\"><em>les aigles y los lleones<\/em><\/span><br \/>\n<span style=\"font-size: 20px;color: #008080\"><em>y los toros d\u2019arrogancia,<\/em><\/span><br \/>\n<span style=\"font-size: 20px;color: #008080\"><em>y detr\u00e1s d\u2019ellos, el cielu<\/em><\/span><br \/>\n<span style=\"font-size: 20px;color: #008080\"><em>nin s\u2019anubre nin s\u2019acaba.<\/em><\/span><br \/>\n<span style=\"font-size: 20px;color: #008080\"><em>L\u2019agon\u00eda de los g\u00fces<\/em><\/span><br \/>\n<span style=\"font-size: 20px;color: #008080\"><em>tien bien peque\u00f1a la cara,<\/em><\/span><br \/>\n<span style=\"font-size: 20px;color: #008080\"><em>la del animal var\u00f3n<\/em><\/span><br \/>\n<span style=\"font-size: 20px;color: #008080\"><em>tola creaci\u00f3n enancha.<\/em><\/span><\/p>\n<p><span style=\"font-size: 20px;color: #008080\"><em>Y si voi morrer, que muerra<\/em><\/span><br \/>\n<span style=\"font-size: 20px;color: #008080\"><em>cola cabeza bien alta.<\/em><\/span><br \/>\n<span style=\"font-size: 20px;color: #008080\"><em>Muertu y venti veces muertu,<\/em><\/span><br \/>\n<span style=\"font-size: 20px;color: #008080\"><em>la boca escontra la grama,<\/em><\/span><br \/>\n<span style=\"font-size: 20px;color: #008080\"><em>tendr\u00e9 apertaos los dientes<\/em><\/span><br \/>\n<span style=\"font-size: 20px;color: #008080\"><em>y espurrida la mio barba.<\/em><\/span><br \/>\n<span style=\"font-size: 20px;color: #008080\"><em>Cantando aguardo la muerte,<\/em><\/span><br \/>\n<span style=\"font-size: 20px;color: #008080\"><em>que reise\u00f1or hai que canta<\/em><\/span><br \/>\n<span style=\"font-size: 20px;color: #008080\"><em>enriba de los fusiles<\/em><\/span><br \/>\n<span style=\"font-size: 20px;color: #008080\"><em>y metanes la batalla.<\/em><\/span><\/p>\n<p><em>L\u2019Academia de la Llingua Asturiana fixo presentaci\u00f3n p\u00fablica\u2019l d\u00eda 22 de payares de 2018 de la<strong> versi\u00f3n en llingua asturiana del poema de Miguel Hern\u00e1ndez <\/strong><\/em><em><strong>\u00abVientos del pueblo me llevan\u00bb<\/strong>, col env\u00eds d\u2019ufiertala a l\u2019asociaci\u00f3n cultural Yumper, que convoca y concede tolos a\u00f1os los premios en defensa de los derechos humanos \u00abAsturianos de braveza\u00bb, precisamente\u2019l t\u00e9rminu que\u2019l poeta alicant\u00edn (Orihuela 1910 &#8211; \u2020C\u00e1rcel d\u2019Alacant 1942) escoy\u00f3 pa denomar a los asturianos nel so poema. <\/em><\/p>\n<p><em>El testu asturianu, que foi lle\u00edu na entrega de los premios Yumper de la edici\u00f3n de 2018 celebrada\u2019l mes de xineru de 2019 en La Fresneda (Siero), lleva de <\/em><em>t\u00edtulu \u00abL\u2019aire\u2019l pueblu que me lleva\u00bb y supunxo un trabay\u00e1u esfuerzu de traducci\u00f3n. <\/em><em>Reproduzse darr\u00e9u, cola dedicatoria a l\u2019asociaci\u00f3n.<\/em><\/p>\n<p>A \u00abYumper, Asociaci\u00f3n Cultural para la Defensa de los Valores Humanos\u00bb, cola reconocencia de l\u2019Academia de la Llingua Asturiana<\/p>\n<ul>\n<li><a href=\"https:\/\/www.poemas-del-alma.com\/miguel-hernandez-vientos-del-pueblo-me-llevan.htm\">Enllaz en castellan<\/a><\/li>\n<li><a href=\"https:\/\/music.youtube.com\/watch?v=6sOOOaJvrZE&amp;list=RDAMVM6sOOOaJvrZE\">Canci\u00f3n de Loquillo<\/a><\/li>\n<\/ul>\n<p><img loading=\"lazy\" decoding=\"async\" class=\" aligncenter\" src=\"https:\/\/encrypted-tbn0.gstatic.com\/images?q=tbn:ANd9GcTR28kVyfgd3qwCkn2ICP6JNBpKea-RZS3fF5sLEuFyAkmWuml3Qyn-alg-FidZmJD8Ug&amp;usqp=CAU\" width=\"319\" height=\"34\" \/><\/p>\n<ul>\n<li><a href=\"https:\/\/es.wikipedia.org\/wiki\/Miguel_Hern%C3%A1ndez\"><strong>Miguel Hern\u00e1ndez<\/strong>: wiki<\/a> \/<a href=\"https:\/\/www.google.com\/search?q=miguel+hernandez&amp;client=firefox-b-d&amp;sxsrf=AOaemvLcqVvDKlx_DpugfOuO_GZ1mkVueQ:1638014537449&amp;source=lnms&amp;tbm=isch&amp;sa=X&amp;ved=2ahUKEwjSuZDVv7j0AhUJrRQKHbBPC98Q_AUoAXoECAEQAw&amp;biw=1536&amp;bih=739&amp;dpr=1.25\"> semeyes<\/a> \/ <a href=\"https:\/\/www.google.com\/search?q=miguel+hernandez+poemas&amp;tbm=isch&amp;ved=2ahUKEwjB4Y2rwLj0AhUDyRoKHTEzDMIQ2-cCegQIABAA&amp;oq=miguel+hernandez+poemas&amp;gs_lcp=CgNpbWcQAzIFCAAQgAQyBQgAEIAEMgUIABCABDIFCAAQgAQyBQgAEIAEMgYIABAFEB4yBggAEAUQHjIGCAAQBRAeMgYIABAFEB4yBggAEAgQHjoHCCMQ7wMQJzoECAAQGFCgFFjuG2DMHWgAcAB4AIABW4gBjwWSAQE4mAEAoAEBqgELZ3dzLXdpei1pbWfAAQE&amp;sclient=img&amp;ei=_R6iYYHvLYOSa7HmsJAM&amp;bih=739&amp;biw=1519&amp;client=firefox-b-d&amp;hl=es\">poemas<\/a> \/ <a href=\"https:\/\/poemas.top\/miguel-hernandez\/\">los meyores pemas<\/a>\/<a href=\"https:\/\/www.orihuelaturistica.es\/orihuela\/Web_php\/index.php?contenido=fichaComercial&amp;id=55&amp;idContacto=2&amp;mode=list&amp;order=&amp;idNivel=\"> Casa mus\u00e9u M. H.<\/a> \/ <a href=\"https:\/\/www.orihuelaturistica.es\/orihuela\/Web_php\/index.php?contenido=fichaComercial&amp;id=55&amp;idContacto=339&amp;mode=list&amp;order=&amp;idNivel=\">Casa natal<\/a> \/ <a href=\"https:\/\/www.google.com\/search?q=miguel+hernandez+frases&amp;tbm=isch&amp;client=firefox-b-d&amp;hl=es&amp;sa=X&amp;ved=2ahUKEwia67_0v7j0AhUMaRoKHX6yBNIQrNwCKAB6BQgBELQC&amp;biw=1519&amp;bih=739\">Cites<\/a> \/ <a href=\"https:\/\/cvc.cervantes.es\/literatura\/escritores\/m_hernandez\/cronologia.htm\">Cronolox\u00eda<\/a> \/<\/li>\n<\/ul>\n<p><a href=\"https:\/\/media.vozpopuli.com\/2019\/03\/Retrato-Hernandez-Buero-Vallejo-Carboncillo-BNE_1230786927_13282693_660x888.jpg\"><img loading=\"lazy\" decoding=\"async\" class=\"alignnone\" src=\"https:\/\/media.vozpopuli.com\/2019\/03\/Retrato-Hernandez-Buero-Vallejo-Carboncillo-BNE_1230786927_13282693_660x888.jpg\" alt=\"\" width=\"149\" height=\"201\" \/><\/a>\/<a href=\"https:\/\/www.lavanguardia.com\/files\/og_thumbnail\/uploads\/2019\/10\/30\/5fa537eb0110a.jpeg\"><img loading=\"lazy\" decoding=\"async\" class=\"alignnone\" src=\"https:\/\/www.lavanguardia.com\/files\/og_thumbnail\/uploads\/2019\/10\/30\/5fa537eb0110a.jpeg\" alt=\"\" width=\"350\" height=\"197\" \/><\/a><\/p>\n<p>&nbsp;<\/p>\n<p>&nbsp;<\/p>\n","protected":false},"excerpt":{"rendered":"<p>\u00abL\u2019aire\u2019l pueblu que me lleva\u00bb L\u2019aire\u2019l pueblu que me lleva L\u2019aire\u2019l pueblu que me lleva, l\u2019aire\u2019l pueblu que m\u2019arrastra, esp\u00e1rdeme\u2019l coraz\u00f3n y avi\u00e9ntame la garganta. Los g\u00fces abaxen la tiesta, impotentemente mansa, per delantre los castigos: los lleones allev\u00e1ntenla y castiguen al empar cola so sonora zarpa. Nun soi d\u2019un pueblu de g\u00fces, que soi [&hellip;]<\/p>\n","protected":false},"author":117,"featured_media":0,"parent":221,"menu_order":0,"comment_status":"closed","ping_status":"closed","template":"","meta":{"footnotes":""},"class_list":["post-11500","page","type-page","status-publish","hentry"],"_links":{"self":[{"href":"https:\/\/edublog.educastur.es\/ixuxu\/wp-json\/wp\/v2\/pages\/11500","targetHints":{"allow":["GET"]}}],"collection":[{"href":"https:\/\/edublog.educastur.es\/ixuxu\/wp-json\/wp\/v2\/pages"}],"about":[{"href":"https:\/\/edublog.educastur.es\/ixuxu\/wp-json\/wp\/v2\/types\/page"}],"author":[{"embeddable":true,"href":"https:\/\/edublog.educastur.es\/ixuxu\/wp-json\/wp\/v2\/users\/117"}],"replies":[{"embeddable":true,"href":"https:\/\/edublog.educastur.es\/ixuxu\/wp-json\/wp\/v2\/comments?post=11500"}],"version-history":[{"count":3,"href":"https:\/\/edublog.educastur.es\/ixuxu\/wp-json\/wp\/v2\/pages\/11500\/revisions"}],"predecessor-version":[{"id":11504,"href":"https:\/\/edublog.educastur.es\/ixuxu\/wp-json\/wp\/v2\/pages\/11500\/revisions\/11504"}],"up":[{"embeddable":true,"href":"https:\/\/edublog.educastur.es\/ixuxu\/wp-json\/wp\/v2\/pages\/221"}],"wp:attachment":[{"href":"https:\/\/edublog.educastur.es\/ixuxu\/wp-json\/wp\/v2\/media?parent=11500"}],"curies":[{"name":"wp","href":"https:\/\/api.w.org\/{rel}","templated":true}]}}