{"id":12438,"date":"2022-01-01T22:04:50","date_gmt":"2022-01-01T20:04:50","guid":{"rendered":"https:\/\/edublog.educastur.es\/ixuxu\/?page_id=12438"},"modified":"2022-01-01T22:04:50","modified_gmt":"2022-01-01T20:04:50","slug":"musicasturiana","status":"publish","type":"page","link":"https:\/\/edublog.educastur.es\/ixuxu\/musica\/musicasturiana\/","title":{"rendered":"MusicAsturiana"},"content":{"rendered":"<h2 class=\"entry-title qode-post-title\"><span style=\"color: #008080\"><em><span style=\"font-size: 16px\">La dixitalizaci\u00f3n de los Anuarios de la M\u00fasica Asturiana de 2001, 2002 y 2003 zarra l\u2019activid\u00e1 anual del AMCA<\/span><\/em><\/span><\/h2>\n<h4><span class=\"has-inline-color has-luminous-vivid-amber-color\">Nesti a\u00f1u l\u2019Archivu de la M\u00fasica Contempor\u00e1nea Asturiana fixo p\u00fablicos dellos documentos importantes pa conocer el desarrollu d\u2019esta escena musical.<\/span><\/h4>\n<ul>\n<li>\/\/ <a href=\"https:\/\/musicasturiana.com\/archivu\/hemeroteca\/\" target=\"_blank\" rel=\"noreferrer noopener\">Calca equ\u00ed pa lleer na Hemeroteca los n\u00famberos del Anuariu de la M\u00fasica Asturiana<\/a> \/\/<\/li>\n<\/ul>\n<p>Nel a\u00f1u 2000 Discos L\u2019Agua\u00f1az creaba l\u2019<span style=\"color: #008080\"><strong>Anuariu de la M\u00fasica Asturiana,<\/strong><\/span> una publicaci\u00f3n dirixida por Xune Elipe que dende va m\u00e1s de dos d\u00e9cades recueye l\u2019actualid\u00e1 de la escena sonora del pa\u00eds y reflexona alredor d\u2019ella. Agora y\u00e1 t\u00e1n na <a href=\"https:\/\/musicasturiana.com\/archivu\/hemeroteca\/\" target=\"_blank\" rel=\"noreferrer noopener\">Hemeroteca <\/a>pa lleer online y descargar llibremente los vol\u00famenes del Anuariu de la M\u00fasica Asturiana correspondientes a los a\u00f1os <a href=\"https:\/\/musicasturiana.com\/portfolio_page\/anuariu-2001\/\" target=\"_blank\" rel=\"noreferrer noopener\">2001<\/a>, <a href=\"https:\/\/musicasturiana.com\/portfolio_page\/anuariu-2002\/\" target=\"_blank\" rel=\"noreferrer noopener\">2002 <\/a>y <a href=\"https:\/\/musicasturiana.com\/portfolio_page\/anuariu-2003\/\" target=\"_blank\" rel=\"noreferrer noopener\">2003 <\/a>(que se xunten a los del periodu 2012-2020 y\u00e1 publicaos nel AMCA). Cola publicaci\u00f3n d\u2019esti conten\u00edu, l\u2019AMCA pon el ramu a los materiales asoleyaos en 2021, mentes que y\u00e1 trabaya nos pr\u00f3ximos conten\u00edos que van ver la lluz a lo llargo\u2019l 2022.<\/p>\n<div class=\"wp-block-spacer\" aria-hidden=\"true\"><\/div>\n<p><strong><span style=\"color: #008080\">L\u2019Archivu de la M\u00fasica Contempor\u00e1nea Asturiana (AMCA)<\/span> <\/strong>nac\u00eda nel presente a\u00f1u col enfotu d\u2019investigar, catalogar y divulgar la m\u00fasica d\u2019espresi\u00f3n asturiana actual. El periodu temporal fundamental del so llabor ye\u2019l que va dende l\u2019apaici\u00f3n del movimientu conoc\u00edu como <em>Surdimientu,<\/em> en 1974 (cola creaci\u00f3n de l\u2019asociaci\u00f3n Conceyu Bable), hasta angua\u00f1o. Nesti sen, pret\u00e9ndese estudiar y reflexonar sobre los movimientos y escenes sonores qu\u2019apaecen a lo llargo de les \u00faltimes cinco d\u00e9cades, como les del Nuevu Canciu Astur, el folk celta\/atl\u00e1nticu, el Rock Astur, la tonada renovada, la folktr\u00f3nica o electro-trad, el post-folk, etc. Pa ello cuenta con un conxuntu de materiales diversu (carteler\u00eda, grabaciones, programes de mano, maquetes, cartafueyos, revistes, audiovisuales, semeyes\u2026) y perinteresante (con bien de conten\u00edos in\u00e9ditos y\/o esclusivos) que van, pasu ente pasu, d\u00e1ndose a conocer.<\/p>\n<p>Nestos primeros meses de vida l\u2019AMCA asoley\u00f3 dellos documentos significativos pal conocimientu de la escena sonora del pa\u00eds nes \u00faltimes d\u00e9cades. Asina\u2019l primer material fechu p\u00fablicu foi una grabaci\u00f3n -in\u00e9dita hasta esi momentu- del actu-conciertu que se desarroll\u00f3 nel Teatru Campoamor pa conmemorar el <a href=\"https:\/\/musicasturiana.com\/30-aniversariu-conceyu-bable\/\" target=\"_blank\" rel=\"noreferrer noopener\">trenta aniversariu de la creaci\u00f3n de Conceyu Bable<\/a> nel a\u00f1u 2004. A \u00e9sti siguieron la grabaci\u00f3n de la <em>I <\/em><a href=\"https:\/\/musicasturiana.com\/i-nueche-celta-de-corao\/\" target=\"_blank\" rel=\"noreferrer noopener\"><em>Nueche Celta<\/em> de Corao<\/a> (1983) y del cartafueyu de la segunda (un material imprescindible pa conocer el fen\u00f3menu de les llamaes <em>nueches celtes<\/em>); rescat\u00e1ronse pieces audiovisuales como una entrevista al grupu <a href=\"https:\/\/musicasturiana.com\/asturcon-ensayu-y-entrevista-nos-anos-80\/\" target=\"_blank\" rel=\"noreferrer noopener\">Asturc\u00f3n <\/a>(principios de los 80) o la primer entrevista que\u2019l m\u00fasicu bret\u00f3n <a href=\"https:\/\/musicasturiana.com\/entrevista-a-alan-stivell-nasturies-en-1980\/\" target=\"_blank\" rel=\"noreferrer noopener\">Alan Stivell <\/a>concedi\u00f3 na so primer visita a Asturies (1980); public\u00f3se \u00edntegra la entrevista que l\u2019ex director del Festival Interc\u00e9lticu de Lorient, <a href=\"https:\/\/musicasturiana.com\/entrevista-inedita-lisardo-lombardia\/\" target=\"_blank\" rel=\"noreferrer noopener\">Lisardo Lombard\u00eda<\/a>, fixera pa la serie documental <em>D\u2019ayeri a g\u00fcei<\/em> (TPA); y dixitaliz\u00e1ronse los dos n\u00famberos publicaos del fanc\u00edn <em><a href=\"https:\/\/musicasturiana.com\/fancin-al-son-orixe-del-periodismu-musical-asturianu\/\" target=\"_blank\" rel=\"noreferrer noopener\">Al Son<\/a><\/em> (1990), asina como los materiales que diben componer el terceru y que nunca lleg\u00f3 a publicase.<\/p>\n<p>La intenci\u00f3n del AMCA ye siguir dando a conocer materiales a lo llargo del 2022. Pel momentu an\u00fanciase la dixitalizaci\u00f3n de la primer maqueta (1987) del grupu Dixebra, por cuenta del so trenta y cinco aniversariu nel 2022 y la grabaci\u00f3n de la m\u00fasica del pabell\u00f3n d\u2019Asturies na Espo\u201992 del compositor Fernando Largo.<\/p>\n<div class=\"wp-block-spacer\" aria-hidden=\"true\"><\/div>\n<h3>\/\/ <a href=\"https:\/\/musicasturiana.com\/archivu\/hemeroteca\/\" target=\"_blank\" rel=\"noreferrer noopener\">Calca equ\u00ed pa lleer na Hemeroteca los n\u00famberos del Anuariu de la M\u00fasica Asturiana<\/a> \/\/<\/h3>\n<ul>\n<li><a href=\"https:\/\/musicasturiana.com\/portfolio_page\/anuariu-2001\/\">Anuariu 2001<\/a><\/li>\n<\/ul>\n<div class=\"elementor-element elementor-element-ff120e7 elementor-widget elementor-widget-heading\" data-id=\"ff120e7\" data-element_type=\"widget\" data-widget_type=\"heading.default\">\n<div class=\"elementor-widget-container\">\n<ul>\n<li class=\"elementor-heading-title elementor-size-default\"><a href=\"https:\/\/musicasturiana.com\/wp-content\/uploads\/2021\/12\/Anuariu-2001.pdf\">Calca pa lleer l&#8217;Anuariu de la M\u00fasica Asturiana 2001<\/a><\/li>\n<\/ul>\n<\/div>\n<\/div>\n<ul>\n<li class=\"elementor-widget-container\"><a href=\"https:\/\/musicasturiana.com\/wp-content\/uploads\/2021\/12\/Anuariu-2001.pdf\"><b>Descargar PDF, por cortes\u00eda de Goxe Producciones.<\/b><\/a><\/li>\n<\/ul>\n<div class=\"elementor-element elementor-element-ff120e7 elementor-widget elementor-widget-heading\" data-id=\"ff120e7\" data-element_type=\"widget\" data-widget_type=\"heading.default\">\n<div class=\"elementor-widget-container\">\n<ul>\n<li class=\"elementor-heading-title elementor-size-default\"><a href=\"https:\/\/musicasturiana.com\/wp-content\/uploads\/2021\/12\/Anuariu-2002.pdf\">Calca pa lleer l&#8217;Anuariu de la M\u00fasica Asturiana 2002<\/a><\/li>\n<\/ul>\n<\/div>\n<\/div>\n<div class=\"elementor-element elementor-element-afc8e8c elementor-widget elementor-widget-text-editor\" data-id=\"afc8e8c\" data-element_type=\"widget\" data-widget_type=\"text-editor.default\"><\/div>\n<div class=\"elementor-element elementor-element-eee4518 elementor-widget elementor-widget-html\" data-id=\"eee4518\" data-element_type=\"widget\" data-widget_type=\"html.default\">\n<ul>\n<li class=\"elementor-widget-container\"><a href=\"https:\/\/musicasturiana.com\/wp-content\/uploads\/2021\/12\/Anuariu-2002.pdf\"><b>Descargar PDF, por cortes\u00eda de Goxe Producciones.<\/b><\/a><\/li>\n<\/ul>\n<\/div>\n<div class=\"wp-block-columns\">\n<div class=\"wp-block-column\">\n<div class=\"wp-block-spacer\" aria-hidden=\"true\">\n<div class=\"elementor-element elementor-element-ff120e7 elementor-widget elementor-widget-heading\" data-id=\"ff120e7\" data-element_type=\"widget\" data-widget_type=\"heading.default\">\n<div class=\"elementor-widget-container\">\n<ul>\n<li class=\"elementor-heading-title elementor-size-default\"><a href=\"https:\/\/musicasturiana.com\/wp-content\/uploads\/2021\/12\/Anuariu-2003.pdf\">Calca pa lleer l&#8217;Anuariu de la M\u00fasica Asturiana 2003<\/a><\/li>\n<\/ul>\n<\/div>\n<\/div>\n<div class=\"elementor-element elementor-element-afc8e8c elementor-widget elementor-widget-text-editor\" data-id=\"afc8e8c\" data-element_type=\"widget\" data-widget_type=\"text-editor.default\"><\/div>\n<div class=\"elementor-element elementor-element-eee4518 elementor-widget elementor-widget-html\" data-id=\"eee4518\" data-element_type=\"widget\" data-widget_type=\"html.default\">\n<ul>\n<li class=\"elementor-widget-container\"><a href=\"https:\/\/musicasturiana.com\/wp-content\/uploads\/2021\/12\/Anuariu-2003.pdf\"><b>Descargar PDF, por cortes\u00eda de Goxe Producciones.<\/b><\/a><\/li>\n<\/ul>\n<\/div>\n<\/div>\n<\/div>\n<\/div>\n","protected":false},"excerpt":{"rendered":"<p>La dixitalizaci\u00f3n de los Anuarios de la M\u00fasica Asturiana de 2001, 2002 y 2003 zarra l\u2019activid\u00e1 anual del AMCA Nesti a\u00f1u l\u2019Archivu de la M\u00fasica Contempor\u00e1nea Asturiana fixo p\u00fablicos dellos documentos importantes pa conocer el desarrollu d\u2019esta escena musical. \/\/ Calca equ\u00ed pa lleer na Hemeroteca los n\u00famberos del Anuariu de la M\u00fasica Asturiana \/\/ [&hellip;]<\/p>\n","protected":false},"author":117,"featured_media":0,"parent":153,"menu_order":0,"comment_status":"closed","ping_status":"closed","template":"","meta":{"footnotes":""},"class_list":["post-12438","page","type-page","status-publish","hentry"],"_links":{"self":[{"href":"https:\/\/edublog.educastur.es\/ixuxu\/wp-json\/wp\/v2\/pages\/12438","targetHints":{"allow":["GET"]}}],"collection":[{"href":"https:\/\/edublog.educastur.es\/ixuxu\/wp-json\/wp\/v2\/pages"}],"about":[{"href":"https:\/\/edublog.educastur.es\/ixuxu\/wp-json\/wp\/v2\/types\/page"}],"author":[{"embeddable":true,"href":"https:\/\/edublog.educastur.es\/ixuxu\/wp-json\/wp\/v2\/users\/117"}],"replies":[{"embeddable":true,"href":"https:\/\/edublog.educastur.es\/ixuxu\/wp-json\/wp\/v2\/comments?post=12438"}],"version-history":[{"count":1,"href":"https:\/\/edublog.educastur.es\/ixuxu\/wp-json\/wp\/v2\/pages\/12438\/revisions"}],"predecessor-version":[{"id":12439,"href":"https:\/\/edublog.educastur.es\/ixuxu\/wp-json\/wp\/v2\/pages\/12438\/revisions\/12439"}],"up":[{"embeddable":true,"href":"https:\/\/edublog.educastur.es\/ixuxu\/wp-json\/wp\/v2\/pages\/153"}],"wp:attachment":[{"href":"https:\/\/edublog.educastur.es\/ixuxu\/wp-json\/wp\/v2\/media?parent=12438"}],"curies":[{"name":"wp","href":"https:\/\/api.w.org\/{rel}","templated":true}]}}