{"id":12498,"date":"2022-01-03T18:22:01","date_gmt":"2022-01-03T16:22:01","guid":{"rendered":"https:\/\/edublog.educastur.es\/ixuxu\/?page_id=12498"},"modified":"2022-01-03T18:40:48","modified_gmt":"2022-01-03T16:40:48","slug":"sentir-asturies-ii","status":"publish","type":"page","link":"https:\/\/edublog.educastur.es\/ixuxu\/radio\/sentir-asturies-ii\/","title":{"rendered":"Fueyes d&#8217;Acanto"},"content":{"rendered":"<p style=\"text-align: center\"><a href=\"https:\/\/www.hojasdeacanto.com\"><img loading=\"lazy\" decoding=\"async\" class=\"alignnone \" src=\"https:\/\/static.wixstatic.com\/media\/203d43_0fc5f40b223442e4b4732568a9accbce~mv2.png\/v1\/fill\/w_188,h_100,al_c,q_85,usm_0.66_1.00_0.01\/Logo2.webp\" width=\"284\" height=\"151\" \/><\/a><\/p>\n<p><span class=\"style-scope yt-formatted-string\" dir=\"auto\">\u00bfQuieres recibir contenido sobre arte, cultura y patrimonio?<br \/>\nWeb \u25ba <\/span><a class=\"yt-simple-endpoint style-scope yt-formatted-string\" href=\"https:\/\/www.youtube.com\/redirect?event=video_description&amp;redir_token=QUFFLUhqbWhObVdQaWZvaXBpQkdENzlHNkFiVkgtU2Q1d3xBQ3Jtc0tuaUNyZDV0SXZiSFptRE1tM29jNWZwZV9Bdmo1SGtkaVF0cTR3SE9WemdPYUFSdU1jNEM1TmI4VExzejRTd1dSaHZpM2VpM19ta2tUaHhHYVc0bm9rZk04WlFJRnlCcW5rQm1nLTd1ZDY3YlViUTF4Yw&amp;q=https%3A%2F%2Fwww.hojasdeacanto.com\" target=\"_blank\" rel=\"nofollow noopener\">https:\/\/www.hojasdeacanto.com<\/a><span class=\"style-scope yt-formatted-string\" dir=\"auto\"><br \/>\nInstagram \u25ba <\/span><a class=\"yt-simple-endpoint style-scope yt-formatted-string\" href=\"https:\/\/www.youtube.com\/redirect?event=video_description&amp;redir_token=QUFFLUhqbkliWng0ODMxSUk5U20wNXE4NXFWeVZDM3VNd3xBQ3Jtc0tsWmljY1VqNTFBNnNnT1o3STR6QzFKamdfV2lmR29udGdvSzQ1NW9wVFQxQTJ5dXgtVG8xSEZHSEZSZ19HVmVOaTZZNm50UE9vYjJSSFZsWUNMd24yR29Ud3NzdklDb3RJMEc0ei0waTJQWUNOcS14OA&amp;q=https%3A%2F%2Fwww.instagram.com%2Fhojasdeacanto%2F\" target=\"_blank\" rel=\"nofollow noopener\">https:\/\/www.instagram.com\/hojasdeacanto\/<\/a><span class=\"style-scope yt-formatted-string\" dir=\"auto\"><br \/>\nFacebook \u25ba <\/span><a class=\"yt-simple-endpoint style-scope yt-formatted-string\" href=\"https:\/\/www.youtube.com\/redirect?event=video_description&amp;redir_token=QUFFLUhqbW5Tb1NaNExTdkt1SGpuRjFtbzhScDFIblM3QXxBQ3Jtc0tuMGNxQWNacnVIRFlrUDlnMzJMckt2bkVQVWdHc3NFejlFTFlFcFpSNlVWOVNjYUpWbHZaSkZKbmdHaEVYeXh6bFNHOEJCdjItVUc1QlFQWmtPTVNrc2dPTFQ1dFV1eUloY0JfVTVkNEc2WjJVOC02SQ&amp;q=https%3A%2F%2Fwww.facebook.com%2Fhojasdeacanto%2F\" target=\"_blank\" rel=\"nofollow noopener\">https:\/\/www.facebook.com\/hojasdeacanto\/<\/a><span class=\"style-scope yt-formatted-string\" dir=\"auto\"><br \/>\nTwitter \u25ba <\/span><a class=\"yt-simple-endpoint style-scope yt-formatted-string\" href=\"https:\/\/www.youtube.com\/redirect?event=video_description&amp;redir_token=QUFFLUhqbE1ORlRKOFFWX3RTMUZTdGRtZkwydGZYN0pmd3xBQ3Jtc0trOEpVeWlUbW0yVkFtN3pNXzlKQUZKZ2d5ZFgtU3VOQWtTcExFTlMwU2dramdnbHl2eXNwWXpkbDZDbUYwa0VURWJ1VUJPM0ZYUWZuVGxVeEhBVThYTXBNRE5JclRLUWNiQldmdC04LVJ3aGNGb3FZTQ&amp;q=https%3A%2F%2Fwww.twitter.com%2Fhojasdeacanto%2F\" target=\"_blank\" rel=\"nofollow noopener\">https:\/\/www.twitter.com\/hojasdeacanto\/<\/a><span class=\"style-scope yt-formatted-string\" dir=\"auto\"><br \/>\nContacto \u25ba info.hojasdeacanto@gmail.com<strong> Luc\u00eda Montejo<\/strong><br \/>\n<\/span><\/p>\n<hr \/>\n<p><a href=\"https:\/\/www.hojasdeacanto.com\/radio\"><span style=\"color: #008080\"><strong>Radio:<\/strong><\/span><\/a> <a href=\"https:\/\/www.youtube.com\/playlist?list=PLWTZ8lpv8EPYKg1R_2Z6u5bAn-19MRI9T\"><strong>Sentir Asturies<\/strong><\/a> y <a href=\"https:\/\/www.youtube.com\/playlist?list=PLWTZ8lpv8EPYRuPe-46fOYSj0ZU5LoSf_\"><strong>Desayuno con Liantes<\/strong><\/a><\/p>\n<p><a href=\"https:\/\/www.youtube.com\/playlist?list=PLWTZ8lpv8EPYKg1R_2Z6u5bAn-19MRI9T\"><img loading=\"lazy\" decoding=\"async\" class=\"alignnone\" src=\"https:\/\/static.wixstatic.com\/media\/dd17f0_0a8fbf529502491985cfefd04c6ac1ad~mv2.png\/v1\/fill\/w_575,h_425,al_c,q_85,usm_0.66_1.00_0.01\/Sentir%20Asturies%20RPA.webp\" alt=\"\" width=\"206\" height=\"152\" \/><\/a> \/ <a href=\"https:\/\/www.youtube.com\/playlist?list=PLWTZ8lpv8EPYRuPe-46fOYSj0ZU5LoSf_\"><img loading=\"lazy\" decoding=\"async\" class=\"alignnone\" src=\"https:\/\/static.wixstatic.com\/media\/dd17f0_679189177e6f407cafac160e3a40da48~mv2.jpg\/v1\/fill\/w_575,h_425,al_c,q_80,usm_0.66_1.00_0.01\/Desayuno%20con%20liantes%20RPA.webp\" alt=\"\" width=\"208\" height=\"154\" \/><\/a><\/p>\n<hr \/>\n<p><span class=\"style-scope yt-formatted-string\" dir=\"auto\">Mujeres artistas: <\/span><a class=\"yt-simple-endpoint style-scope yt-formatted-string\" href=\"https:\/\/www.youtube.com\/redirect?event=video_description&amp;redir_token=QUFFLUhqblpMejFzbjdLRlhNeVhCVXBsWWV6OTJ1dFpNUXxBQ3Jtc0trV2Nid2gwZExJUUd4dktFRjdLM2hfamVtMS1PMnZUUnNNbUVXc3Vzbm56Z0hQbG83R2YwM0FTakt4cm5CemhPbU9wYUp6VDJERkVpazk1ZWFJZlpFdU1LOGxkQXhLZG85bWR3a3VmZWVSTFdlQ2RLSQ&amp;q=https%3A%2F%2Fcutt.ly%2FBxTCC6a\" target=\"_blank\" rel=\"nofollow noopener\">https:\/\/cutt.ly\/BxTCC6a<\/a><span class=\"style-scope yt-formatted-string\" dir=\"auto\"><br \/>\nLas monjas pintoras en la Edad Media: <\/span><a class=\"yt-simple-endpoint style-scope yt-formatted-string\" href=\"https:\/\/www.youtube.com\/redirect?event=video_description&amp;redir_token=QUFFLUhqa29hNGxUcDFDbjkzN3I4a2NrUG5XcVlacWo3d3xBQ3Jtc0ttMXNmQnBqWjZwaGRLdXNXeU1EOC1zTTUtWXBjY1MxZWtVQTJMeFpHczFwTDZ3MjBFTzZ0ZVhlekpjbHA4N0VMdDFpY1Q3OFA3VVRXTjQwSkdERGtvaEJfUS1WaUdVUHNYZlBzSl9EVnB3YW13MVBvdw&amp;q=https%3A%2F%2Fcutt.ly%2FixTC2zY\" target=\"_blank\" rel=\"nofollow noopener\">https:\/\/cutt.ly\/ixTC2zY<\/a><span class=\"style-scope yt-formatted-string\" dir=\"auto\"><br \/>\nEl autorretrato de Claricia: <\/span><a class=\"yt-simple-endpoint style-scope yt-formatted-string\" href=\"https:\/\/www.youtube.com\/redirect?event=video_description&amp;redir_token=QUFFLUhqbi1LdXhGVURlMDNmbkNQY3NrVk03RmFkQ21zUXxBQ3Jtc0tsVEgtZHFMaVQ4UGd0Sk05bEc3QWdFak5BNlR5R042N0pIanFqY2ktQVd0al9zYmFsaTExVlhrYTNLRGdmZGtBVkVwdkVGejNiQ1E1Ry1HM0c5Wm1GWnA3ODhydHQtZENhNXpPbmp2NUpMRV81a2dkVQ&amp;q=https%3A%2F%2Fcutt.ly%2F9xT0jeV\" target=\"_blank\" rel=\"nofollow noopener\">https:\/\/cutt.ly\/9xT0jeV<\/a><span class=\"style-scope yt-formatted-string\" dir=\"auto\"><br \/>\nPlinio y las artistas en la Antig\u00fcedad: <\/span><a class=\"yt-simple-endpoint style-scope yt-formatted-string\" href=\"https:\/\/www.youtube.com\/redirect?event=video_description&amp;redir_token=QUFFLUhqazEtN1BhT2pQM2FPejRKR0p5cEVKYWtqemZRZ3xBQ3Jtc0ttbjNpdWF1dms0UUM1Vnd5RWpHazNWZjE2aUJPamQzTDloOTlReVBOekdtdV9oZTI2Q24tSlZUR09IQW92YTZjbXNoZ2RpN3R6MUpqUmc0VkxjOW5aY2xiUHZtWUR0dW1lTXFwU1RId3BEbWhnNkNuWQ&amp;q=https%3A%2F%2Fcutt.ly%2FgcD7jlA\" target=\"_blank\" rel=\"nofollow noopener\">https:\/\/cutt.ly\/gcD7jlA<\/a><\/p>\n<hr \/>\n<p><em><span class=\"style-scope yt-formatted-string\" dir=\"auto\" style=\"color: #008080\"> Hasta va pocu, los cient\u00edficos pensaben que&#8217;l Homo Sapiens yera l&#8217;\u00fanicu hom\u00ednidu con la capacid\u00e1 de falar. Agora sabemos que nun ye asina. \u00a1Equ\u00ed te lo explicamos!<\/span><\/em><\/p>\n<p><iframe loading=\"lazy\" title=\"Los neandertales tambi\u00e9n hablaban | Desayuno con liantes [RPA]\" width=\"840\" height=\"473\" src=\"https:\/\/www.youtube.com\/embed\/KpWkc1cp3xs?feature=oembed\" frameborder=\"0\" allow=\"accelerometer; autoplay; clipboard-write; encrypted-media; gyroscope; picture-in-picture\" allowfullscreen><\/iframe><\/p>\n<hr \/>\n<p><em><span class=\"style-scope yt-formatted-string\" dir=\"auto\" style=\"color: #008080\">Al igual que n&#8217;otros per\u00edodos hist\u00f3ricos, na Ed\u00e1 Media les muyeres tami\u00e9n participaron de la creaci\u00f3n art\u00edstica. Equ\u00ed falamos de les monxes artistes.<\/span><\/em><\/p>\n<p><iframe loading=\"lazy\" title=\"La Ed\u00e1 Media: les monxes artistes | Sentir Asturies [RPA]\" width=\"840\" height=\"473\" src=\"https:\/\/www.youtube.com\/embed\/bwXiSOJ0crg?feature=oembed\" frameborder=\"0\" allow=\"accelerometer; autoplay; clipboard-write; encrypted-media; gyroscope; picture-in-picture\" allowfullscreen><\/iframe><\/p>\n<hr \/>\n<p><em><span class=\"style-scope yt-formatted-string\" dir=\"auto\" style=\"color: #008080\">Nel programa anterior falamos sobre c\u00f3mo, durante la Ed\u00e1 Media, numeroses muyeres trabayaron faciendo ilustraciones ya miniatures nos c\u00f3dices. Claricia ye otru exemplu.<\/span><\/em><\/p>\n<p><iframe loading=\"lazy\" title=\"L&#039;autorretratu de Claricia | Sentir Asturies [RPA]\" width=\"840\" height=\"473\" src=\"https:\/\/www.youtube.com\/embed\/6MWsHPOe9XA?feature=oembed\" frameborder=\"0\" allow=\"accelerometer; autoplay; clipboard-write; encrypted-media; gyroscope; picture-in-picture\" allowfullscreen><\/iframe><\/p>\n<hr \/>\n<p><span style=\"color: #008080\"><em><span class=\"style-scope yt-formatted-string\" dir=\"auto\">\u00bf\u00d3nde t\u00e1n les muyeres artistes na Hestoria del arte? \u00bfNun hubo grandes creadores a lo llargo de la Hestoria? Pintores, escultores, arquitectes&#8230; Equ\u00ed fal\u00e1mosvos de toes elles.<\/span><\/em><\/span><\/p>\n<p><iframe loading=\"lazy\" title=\"Muyeres artistes | Sentir Asturies [RPA]\" width=\"840\" height=\"473\" src=\"https:\/\/www.youtube.com\/embed\/-PYchSAmZMU?feature=oembed\" frameborder=\"0\" allow=\"accelerometer; autoplay; clipboard-write; encrypted-media; gyroscope; picture-in-picture\" allowfullscreen><\/iframe><\/p>\n<hr \/>\n<p><span style=\"color: #008080\"><em><span class=\"style-scope yt-formatted-string\" dir=\"auto\">La exposici\u00f3n \u00abPasiones mitol\u00f3gicas\u00bb del Museo del Prado re\u00fane una importante muestra de obras de algunos de los m\u00e1s importantes artistas de todos los tiempos: Rubens, Vel\u00e1zquez, Tiziano, etc. <\/span><\/em><\/span><\/p>\n<p><span style=\"color: #008080\"><em><span class=\"style-scope yt-formatted-string\" dir=\"auto\">Sin embargo, y a pesar de su inter\u00e9s hist\u00f3rico y art\u00edstico, las narrativas que plantea la instituci\u00f3n para acercarse a dichas obras han causado cierta pol\u00e9mica, en la misma l\u00ednea que su exposici\u00f3n anterior, \u00abInvitadas\u00bb. Aqu\u00ed hablamos de ello.<\/span><\/em><\/span><\/p>\n<p><iframe loading=\"lazy\" title=\"Pasiones mitol\u00f3gicas | Sentir Asturies [RPA]\" width=\"840\" height=\"473\" src=\"https:\/\/www.youtube.com\/embed\/Ywuequx0AkM?feature=oembed\" frameborder=\"0\" allow=\"accelerometer; autoplay; clipboard-write; encrypted-media; gyroscope; picture-in-picture\" allowfullscreen><\/iframe><\/p>\n<hr \/>\n<p><em><span class=\"style-scope yt-formatted-string\" dir=\"auto\"><span style=\"color: #008080\">Desde Hojas de acanto colaboramos con la Plataforma La Roldana, trabajando por la inclusi\u00f3n de mujeres artistas en los curr\u00edculos de Historia del arte del Bachillerato. En esta entrevista en el programa Asturias hoy (informativo matinal de la radio p\u00fablica asturiana), explicamos en qu\u00e9 consiste la iniciativa, sus objetivos y la relevancia social de la misma.<\/span> <\/span><\/em><\/p>\n<p><iframe loading=\"lazy\" title=\"Entrevista a Luc\u00eda Montejo, de la Plataforma La Roldana | Asturias hoy [RPA]\" width=\"840\" height=\"473\" src=\"https:\/\/www.youtube.com\/embed\/k7I65euPCA0?feature=oembed\" frameborder=\"0\" allow=\"accelerometer; autoplay; clipboard-write; encrypted-media; gyroscope; picture-in-picture\" allowfullscreen><\/iframe><\/p>\n<hr \/>\n<p><em><span class=\"style-scope yt-formatted-string\" dir=\"auto\" style=\"color: #008080\">Descubiertos nuevos rollos de Qumr\u00e1n o manuscritos del Mar Muertu nel desiertu de Xudea.<\/span><\/em><\/p>\n<p><iframe loading=\"lazy\" title=\"Manuscritos del Mar Muertu | Desayuno con liantes [RPA]\" width=\"840\" height=\"473\" src=\"https:\/\/www.youtube.com\/embed\/GjdZ24dQD-A?feature=oembed\" frameborder=\"0\" allow=\"accelerometer; autoplay; clipboard-write; encrypted-media; gyroscope; picture-in-picture\" allowfullscreen><\/iframe><\/p>\n<hr \/>\n<p><em><span class=\"style-scope yt-formatted-string\" dir=\"auto\" style=\"color: #008080\">En las fuentes cl\u00e1sicas existen referencias sobradas a la participaci\u00f3n de las mujeres en la creaci\u00f3n art\u00edstica. Junto con un elenco de nombres de artistas, Plinio el Viejo nos habla tambi\u00e9n del mito cl\u00e1sico acerca del origen de la pintura.<\/span><\/em><\/p>\n<p><iframe loading=\"lazy\" title=\"Plinio y las artistas de la Antig\u00fcedad | Sentir Asturies [RPA]\" width=\"840\" height=\"473\" src=\"https:\/\/www.youtube.com\/embed\/ThY2aewFrkg?feature=oembed\" frameborder=\"0\" allow=\"accelerometer; autoplay; clipboard-write; encrypted-media; gyroscope; picture-in-picture\" allowfullscreen><\/iframe><\/p>\n<hr \/>\n<p><em><span class=\"style-scope yt-formatted-string\" dir=\"auto\" style=\"color: #008080\">Un sieglu dempu\u00e9s, los ba\u00f1os de Garc\u00eda Jofre de Sevilla salen a la lluz pero&#8230; \u00bfpodemos falar de \u00abdescubrimientu\u00bb? Foto: Paco Puentes, El Pa\u00eds.<\/span><\/em><\/p>\n<p><iframe loading=\"lazy\" title=\"Ba\u00f1os de Garc\u00eda Jofre, Sevilla | Desayuno con liantes [RPA]\" width=\"840\" height=\"473\" src=\"https:\/\/www.youtube.com\/embed\/TK3AyR4Mdgs?feature=oembed\" frameborder=\"0\" allow=\"accelerometer; autoplay; clipboard-write; encrypted-media; gyroscope; picture-in-picture\" allowfullscreen><\/iframe><\/p>\n<hr \/>\n<p><em><span class=\"style-scope yt-formatted-string\" dir=\"auto\" style=\"color: #008080\">Un grupu de arque\u00f3logos espa\u00f1oles llider\u00e1u por Rafael Hifalgo Prieto, de la Universid\u00e1 Pablo Olavide de Sevilla, fizo un descubrimientu \u00fanico nel mundiu: un triclinum acu\u00e1ticu.<\/span><\/em><\/p>\n<p><iframe loading=\"lazy\" title=\"El triclinium acu\u00e1ticu de la Villa Adriana | Desayuno con liantes [RPA]\" width=\"840\" height=\"473\" src=\"https:\/\/www.youtube.com\/embed\/DW0EDwTLWFQ?feature=oembed\" frameborder=\"0\" allow=\"accelerometer; autoplay; clipboard-write; encrypted-media; gyroscope; picture-in-picture\" allowfullscreen><\/iframe><\/p>\n<hr \/>\n<p><em><span class=\"style-scope yt-formatted-string\" dir=\"auto\" style=\"color: #008080\">El 10 de febreru de 1929 entam\u00f3 la Lliga espa\u00f1ola de f\u00fatbol cola so primer xornada.<\/span><\/em><\/p>\n<p><iframe loading=\"lazy\" title=\"Entama&#039;l f\u00fatbol: la primera Lliga | Desayuno con liantes [RPA]\" width=\"840\" height=\"473\" src=\"https:\/\/www.youtube.com\/embed\/_-IeM2Uas38?feature=oembed\" frameborder=\"0\" allow=\"accelerometer; autoplay; clipboard-write; encrypted-media; gyroscope; picture-in-picture\" allowfullscreen><\/iframe><\/p>\n<hr \/>\n<p><em><span class=\"style-scope yt-formatted-string\" dir=\"auto\"><span style=\"color: #008080\">Un estudiu arqueol\u00f3xicu nos muestra c\u00f3mo les condiciones de vida venceyaes al nivel econ\u00f3micu influyen na esperanza de vida.<\/span> <\/span><\/em><\/p>\n<p><iframe loading=\"lazy\" title=\"Arqueolox\u00eda y probeza | Desayuno con liantes [RPA]\" width=\"840\" height=\"473\" src=\"https:\/\/www.youtube.com\/embed\/oP9X1W-tX-M?feature=oembed\" frameborder=\"0\" allow=\"accelerometer; autoplay; clipboard-write; encrypted-media; gyroscope; picture-in-picture\" allowfullscreen><\/iframe><\/p>\n<hr \/>\n<p><span style=\"color: #008080\"><em><span class=\"style-scope yt-formatted-string\" dir=\"auto\">\u00bfFunciona la propaganda pol\u00edtica nos r\u00e9ximes autoritarios?<\/span><\/em><\/span><\/p>\n<p><iframe loading=\"lazy\" title=\"Propaganda pol\u00edtica | Desayuno con liantes [RPA]\" width=\"840\" height=\"473\" src=\"https:\/\/www.youtube.com\/embed\/PfzdR5aEBgY?feature=oembed\" frameborder=\"0\" allow=\"accelerometer; autoplay; clipboard-write; encrypted-media; gyroscope; picture-in-picture\" allowfullscreen><\/iframe><\/p>\n<hr \/>\n<p>&nbsp;<\/p>\n","protected":false},"excerpt":{"rendered":"<p>\u00bfQuieres recibir contenido sobre arte, cultura y patrimonio? Web \u25ba https:\/\/www.hojasdeacanto.com Instagram \u25ba https:\/\/www.instagram.com\/hojasdeacanto\/ Facebook \u25ba https:\/\/www.facebook.com\/hojasdeacanto\/ Twitter \u25ba https:\/\/www.twitter.com\/hojasdeacanto\/ Contacto \u25ba info.hojasdeacanto@gmail.com Luc\u00eda Montejo Radio: Sentir Asturies y Desayuno con Liantes \/ Mujeres artistas: https:\/\/cutt.ly\/BxTCC6a Las monjas pintoras en la Edad Media: https:\/\/cutt.ly\/ixTC2zY El autorretrato de Claricia: https:\/\/cutt.ly\/9xT0jeV Plinio y las artistas en la [&hellip;]<\/p>\n","protected":false},"author":117,"featured_media":0,"parent":3828,"menu_order":0,"comment_status":"closed","ping_status":"closed","template":"","meta":{"footnotes":""},"class_list":["post-12498","page","type-page","status-publish","hentry"],"_links":{"self":[{"href":"https:\/\/edublog.educastur.es\/ixuxu\/wp-json\/wp\/v2\/pages\/12498","targetHints":{"allow":["GET"]}}],"collection":[{"href":"https:\/\/edublog.educastur.es\/ixuxu\/wp-json\/wp\/v2\/pages"}],"about":[{"href":"https:\/\/edublog.educastur.es\/ixuxu\/wp-json\/wp\/v2\/types\/page"}],"author":[{"embeddable":true,"href":"https:\/\/edublog.educastur.es\/ixuxu\/wp-json\/wp\/v2\/users\/117"}],"replies":[{"embeddable":true,"href":"https:\/\/edublog.educastur.es\/ixuxu\/wp-json\/wp\/v2\/comments?post=12498"}],"version-history":[{"count":5,"href":"https:\/\/edublog.educastur.es\/ixuxu\/wp-json\/wp\/v2\/pages\/12498\/revisions"}],"predecessor-version":[{"id":12500,"href":"https:\/\/edublog.educastur.es\/ixuxu\/wp-json\/wp\/v2\/pages\/12498\/revisions\/12500"}],"up":[{"embeddable":true,"href":"https:\/\/edublog.educastur.es\/ixuxu\/wp-json\/wp\/v2\/pages\/3828"}],"wp:attachment":[{"href":"https:\/\/edublog.educastur.es\/ixuxu\/wp-json\/wp\/v2\/media?parent=12498"}],"curies":[{"name":"wp","href":"https:\/\/api.w.org\/{rel}","templated":true}]}}