{"id":1291,"date":"2020-11-06T00:55:33","date_gmt":"2020-11-05T22:55:33","guid":{"rendered":"https:\/\/edublog.educastur.es\/ixuxu\/?page_id=1291"},"modified":"2025-12-06T21:47:18","modified_gmt":"2025-12-06T19:47:18","slug":"villancicos","status":"publish","type":"page","link":"https:\/\/edublog.educastur.es\/ixuxu\/musica\/villancicos\/","title":{"rendered":"Villancicos"},"content":{"rendered":"<div id=\"title\" class=\"style-scope ytd-watch-metadata\">\n<p class=\"style-scope ytd-watch-metadata\" style=\"text-align: center\">Villancicu: <a href=\"https:\/\/youtu.be\/TIe1vi1Eze8\"><strong>Lleg\u00f3 la navid\u00e1<\/strong><\/a> | Canci\u00f3n infantil n&#8217;asturianu \ud83c\udf84<a class=\"yt-simple-endpoint style-scope ytd-video-owner-renderer\" href=\"https:\/\/www.youtube.com\/@Rapacinast\"><img decoding=\"async\" id=\"img\" class=\"style-scope yt-img-shadow\" src=\"https:\/\/yt3.ggpht.com\/3ZjCCcog48z38SgE2v8i_PsCRmvzwAeUDuZptqyyaP1Das0Jmyk8mvCvcha_kpXgTVRrANKykTI=s88-c-k-c0x00ffffff-no-rj\" alt=\"\" width=\"40\" \/><\/a><a class=\"yt-simple-endpoint style-scope yt-formatted-string\" href=\"https:\/\/www.youtube.com\/@Rapacinast\">Rapacina<\/a><\/p>\n<\/div>\n<div id=\"top-row\" class=\"style-scope ytd-watch-metadata\">\n<div id=\"owner\" class=\"item style-scope ytd-watch-metadata\">\n<div id=\"analytics-button\" class=\"style-scope ytd-video-owner-renderer\">Villancicu infantil n\u2019asturianu pa celebrar la Navid\u00e1 con tradiciones bien nueses: el ramu llenu de llumes, la visita del Anguleru col so barcu de la mar, y la \u00f1eve del iviernu. \ud83c\udf84\ud83e\udde6\u2744\ufe0f Una canci\u00f3n prestosa y cenciella, pensada pa los m\u00e1s peque\u00f1inos del colexu y de la casa.<\/div>\n<div><\/div>\n<div style=\"text-align: center\">\n<!-- iframe plugin v.6.0 wordpress.org\/plugins\/iframe\/ -->\n<iframe loading=\"lazy\" width=\"100%\" height=\"488\" src=\"https:\/\/www.youtube.com\/embed\/TIe1vi1Eze8\" title=\"\ud83c\udf84Villancicu: Lleg\u00f3 la navid\u00e1 | Canci\u00f3n infantil n&#039;asturianu \ud83c\udf84\" frameborder=\"0\" allow=\"accelerometer; autoplay; clipboard-write; encrypted-media; gyroscope; picture-in-picture; web-share\" referrerpolicy=\"strict-origin-when-cross-origin\" 0=\"allowfullscreen\" 1=\"\/iframe\" scrolling=\"yes\" class=\"iframe-class\"><\/iframe>\n<\/div>\n<\/div>\n<\/div>\n<p>&nbsp;<\/p>\n<p style=\"text-align: center\">\n<!-- iframe plugin v.6.0 wordpress.org\/plugins\/iframe\/ -->\n<iframe loading=\"lazy\" width=\"100%\" height=\"427\" src=\"https:\/\/www.youtube.com\/embed\/8twD_2ZbGOo\" title=\"\ud83c\udfb5 Los tres Reis | Villancicu n\u2019asturianu | Maestr\u00edn Astur\" frameborder=\"0\" allow=\"accelerometer; autoplay; clipboard-write; encrypted-media; gyroscope; picture-in-picture; web-share\" referrerpolicy=\"strict-origin-when-cross-origin\" 0=\"allowfullscreen\" 1=\"\/iframe\" scrolling=\"yes\" class=\"iframe-class\"><\/iframe>\n<\/p>\n<p>&nbsp;<\/p>\n<ul>\n<li><a href=\"https:\/\/youtu.be\/8twD_2ZbGOo\">Youtube<\/a> \/ M<a href=\"https:\/\/www.youtube.com\/@Maestr%C3%ADnAstur\">aestr\u00edn Astur<\/a><\/li>\n<\/ul>\n<p style=\"text-align: center\"><a href=\"https:\/\/i.ytimg.com\/vi\/-6XclB7wYV0\/maxresdefault.jpg\"><img loading=\"lazy\" decoding=\"async\" class=\"aligncenter size-large\" src=\"https:\/\/i.ytimg.com\/vi\/-6XclB7wYV0\/maxresdefault.jpg\" width=\"1280\" height=\"720\" \/><\/a><\/p>\n<p style=\"text-align: center\">\n<!-- iframe plugin v.6.0 wordpress.org\/plugins\/iframe\/ -->\n<iframe loading=\"lazy\" width=\"640\" height=\"360\" src=\"https:\/\/www.youtube.com\/embed\/-6XclB7wYV0\" title=\"VILLANCICU&#039;L NATALIEGU - VERSI\u00d3N FOLK GRUPU \u00bfA\u00da?\" frameborder=\"0\" allow=\"accelerometer; autoplay; clipboard-write; encrypted-media; gyroscope; picture-in-picture; web-share\" referrerpolicy=\"strict-origin-when-cross-origin\" 0=\"allowfullscreen\" 1=\"\/iframe\" scrolling=\"yes\" class=\"iframe-class\"><\/iframe>\n<\/p>\n<p style=\"text-align: center\"><a href=\"https:\/\/blogger.googleusercontent.com\/img\/b\/R29vZ2xl\/AVvXsEihwm7gw0jFjnRtKSW0fZv8EHxvD6Fp5CL8aAhi669fwhvI0sv-GrYv5NDxUNvSVfkA3Z76D8fIGNlStzHegjEsl3_4JcH3QHfFNP7cN_R7HUpukQI2vB4YTIiZwOjmu7GfxnFYG550zH4g\/s2048\/El+Ram%25C3%25ADn+de+Nadal+%2528Baja-R%2529.jpg\"><img loading=\"lazy\" decoding=\"async\" class=\"aligncenter size-large\" src=\"https:\/\/blogger.googleusercontent.com\/img\/b\/R29vZ2xl\/AVvXsEihwm7gw0jFjnRtKSW0fZv8EHxvD6Fp5CL8aAhi669fwhvI0sv-GrYv5NDxUNvSVfkA3Z76D8fIGNlStzHegjEsl3_4JcH3QHfFNP7cN_R7HUpukQI2vB4YTIiZwOjmu7GfxnFYG550zH4g\/s2048\/El+Ram%25C3%25ADn+de+Nadal+%2528Baja-R%2529.jpg\" width=\"2048\" height=\"1457\" \/><\/a><\/p>\n<p style=\"text-align: center\"><span style=\"color: #008080\"><strong><em>Tradiciones: Ramu\u00a0 Nadal y Nataliegu<\/em><\/strong><\/span><\/p>\n<p style=\"text-align: center\">\n<!-- iframe plugin v.6.0 wordpress.org\/plugins\/iframe\/ -->\n<iframe loading=\"lazy\" width=\"640\" height=\"360\" src=\"https:\/\/www.youtube.com\/embed\/Fdj7VByk9wI\" title=\"El Ramu de Nadal | Navidiegos | Cap\u00edtulu 2 - Temporada 1\" frameborder=\"0\" allow=\"accelerometer; autoplay; clipboard-write; encrypted-media; gyroscope; picture-in-picture; web-share\" referrerpolicy=\"strict-origin-when-cross-origin\" 0=\"allowfullscreen\" 1=\"\/iframe\" scrolling=\"yes\" class=\"iframe-class\"><\/iframe>\n<\/p>\n<p style=\"text-align: center\">\n<!-- iframe plugin v.6.0 wordpress.org\/plugins\/iframe\/ -->\n<iframe loading=\"lazy\" width=\"640\" height=\"360\" src=\"https:\/\/www.youtube.com\/embed\/xap6nS3QT7k\" title=\"? Hestoria tradicional asturiana del NATALIEGU y el RAMU NADAL ?| Cr\u00f3nicas d&#039;Asturies\" frameborder=\"0\" allow=\"accelerometer; autoplay; clipboard-write; encrypted-media; gyroscope; picture-in-picture; web-share\" referrerpolicy=\"strict-origin-when-cross-origin\" 0=\"allowfullscreen\" 1=\"\/iframe\" scrolling=\"yes\" class=\"iframe-class\"><\/iframe>\n<\/p>\n\n<!-- iframe plugin v.6.0 wordpress.org\/plugins\/iframe\/ -->\n<iframe loading=\"lazy\" width=\"640\" height=\"360\" src=\"https:\/\/www.youtube.com\/embed\/xap6nS3QT7k\" title=\"? Hestoria tradicional asturiana del NATALIEGU y el RAMU NADAL ?| Cr\u00f3nicas d&#039;Asturies\" frameborder=\"0\" allow=\"accelerometer; autoplay; clipboard-write; encrypted-media; gyroscope; picture-in-picture; web-share\" referrerpolicy=\"strict-origin-when-cross-origin\" 0=\"allowfullscreen\" 1=\"\/iframe\" scrolling=\"yes\" class=\"iframe-class\"><\/iframe>\n\n<ul>\n<li><a href=\"https:\/\/www.youtube.com\/watch?v=8Dlp7ZoOugA\">Tradici\u00f3n el mu\u00e9rdago y Santa Luc\u00eda<\/a><\/li>\n<\/ul>\n\n<!-- iframe plugin v.6.0 wordpress.org\/plugins\/iframe\/ -->\n<iframe loading=\"lazy\" width=\"640\" height=\"360\" src=\"https:\/\/www.youtube.com\/embed\/8Dlp7ZoOugA\" title=\"? Historia tradicional del MU\u00c9RDAGO ASTURIANO y Santa Luc\u00eda ? | Cr\u00f3nicas d&#039;Asturies\" frameborder=\"0\" allow=\"accelerometer; autoplay; clipboard-write; encrypted-media; gyroscope; picture-in-picture; web-share\" referrerpolicy=\"strict-origin-when-cross-origin\" 0=\"allowfullscreen\" 1=\"\/iframe\" scrolling=\"yes\" class=\"iframe-class\"><\/iframe>\n\n\n<!-- iframe plugin v.6.0 wordpress.org\/plugins\/iframe\/ -->\n<iframe loading=\"lazy\" width=\"636\" height=\"360\" src=\"https:\/\/www.youtube.com\/embed\/mbwIMi29mY4\" title=\"? Villancicu navidiegu del RAMU NADAL tradicional asturianu (n&#039;ast) ?| Cr\u00f3nicas d&#039;Asturies\" frameborder=\"0\" allow=\"accelerometer; autoplay; clipboard-write; encrypted-media; gyroscope; picture-in-picture; web-share\" referrerpolicy=\"strict-origin-when-cross-origin\" 0=\"allowfullscreen\" 1=\"\/iframe\" scrolling=\"yes\" class=\"iframe-class\"><\/iframe>\n\n<p style=\"text-align: center\">\n<!-- iframe plugin v.6.0 wordpress.org\/plugins\/iframe\/ -->\n<iframe loading=\"lazy\" width=\"640\" height=\"360\" src=\"https:\/\/www.youtube.com\/embed\/deS64VBEmwk\" title=\"El Nataliegu | Navidiegos | Cap\u00edtulu 4 - Temporada 1\" frameborder=\"0\" allow=\"accelerometer; autoplay; clipboard-write; encrypted-media; gyroscope; picture-in-picture; web-share\" referrerpolicy=\"strict-origin-when-cross-origin\" 0=\"allowfullscreen\" 1=\"\/iframe\" scrolling=\"yes\" class=\"iframe-class\"><\/iframe>\n<\/p>\n<p style=\"text-align: center\"><a href=\"https:\/\/www.youtube.com\/watch?v=zKBDAhuV53g&amp;list=OLAK5uy_nD3jCJWxxM9x3Cbo9epJBLufFtdLmAE8Y\">Villanciu <strong>\u00abNataliegu\u00bb<\/strong> Grupu \u00bfAu?<\/a><\/p>\n<p style=\"text-align: center\">\n<!-- iframe plugin v.6.0 wordpress.org\/plugins\/iframe\/ -->\n<iframe loading=\"lazy\" width=\"100%\" height=\"360\" src=\"https:\/\/www.youtube.com\/embed\/zKBDAhuV53g?list=OLAK5uy_nD3jCJWxxM9x3Cbo9epJBLufFtdLmAE8Y\" title=\"Villancicu&#039;l Nataliegu\" frameborder=\"0\" allow=\"accelerometer; autoplay; clipboard-write; encrypted-media; gyroscope; picture-in-picture; web-share\" referrerpolicy=\"strict-origin-when-cross-origin\" 0=\"allowfullscreen\" 1=\"\/iframe\" scrolling=\"yes\" class=\"iframe-class\"><\/iframe>\n<\/p>\n<hr \/>\n<p style=\"text-align: center\"><a href=\"https:\/\/blogger.googleusercontent.com\/img\/b\/R29vZ2xl\/AVvXsEgo8yke5OVPWQHGl1FKJ7m1pzki9qNQ_HjOFDgLZPVDL-MmByezHpVnIYafYvgo6Sohs9f8FGMsMWgoXG7phQKjbgg7fW4Biz_jwZ-kr7vqwdjhnYnUomKpbUOaaNYjQnQHNftQDv2zagLk\/s1600\/1-Congracia+de+Nadal.jpg\"><img loading=\"lazy\" decoding=\"async\" class=\"aligncenter size-large\" src=\"https:\/\/blogger.googleusercontent.com\/img\/b\/R29vZ2xl\/AVvXsEgo8yke5OVPWQHGl1FKJ7m1pzki9qNQ_HjOFDgLZPVDL-MmByezHpVnIYafYvgo6Sohs9f8FGMsMWgoXG7phQKjbgg7fW4Biz_jwZ-kr7vqwdjhnYnUomKpbUOaaNYjQnQHNftQDv2zagLk\/s1600\/1-Congracia+de+Nadal.jpg\" width=\"1600\" height=\"1131\" \/><\/a><\/p>\n<p>&nbsp;<\/p>\n<h1 class=\"title style-scope ytd-video-primary-info-renderer\" style=\"text-align: center\"><a href=\"https:\/\/www.youtube.com\/watch?v=nV60sjieWXM\"><em>Asturianu col Anguleru de L&#8217;Arena<\/em><\/a><\/h1>\n<p style=\"text-align: center\">\n<!-- iframe plugin v.6.0 wordpress.org\/plugins\/iframe\/ -->\n<iframe loading=\"lazy\" width=\"610\" height=\"343\" src=\"https:\/\/www.youtube.com\/embed\/nV60sjieWXM\" scrolling=\"yes\" class=\"iframe-class\" frameborder=\"0\"><\/iframe>\n<\/p>\n<ul style=\"text-align: center\">\n<li style=\"text-align: left\"><a href=\"https:\/\/www.youtube.com\/watch?v=KYYRxojUhJ8\"><strong><em>Villancicu\u00b4l Anguleru<\/em><\/strong><\/a><\/li>\n<\/ul>\n<p style=\"text-align: center\">\n<!-- iframe plugin v.6.0 wordpress.org\/plugins\/iframe\/ -->\n<iframe loading=\"lazy\" width=\"610\" height=\"343\" src=\"https:\/\/www.youtube.com\/embed\/KYYRxojUhJ8\" scrolling=\"yes\" class=\"iframe-class\" frameborder=\"0\"><\/iframe>\n<\/p>\n<ul style=\"text-align: center\">\n<li style=\"text-align: left\"><a href=\"https:\/\/www.youtube.com\/watch?v=sYlddYl7Gyc\">L\u00b4anguleru<\/a><\/li>\n<\/ul>\n<p style=\"text-align: center\">\n<!-- iframe plugin v.6.0 wordpress.org\/plugins\/iframe\/ -->\n<iframe loading=\"lazy\" width=\"610\" height=\"343\" src=\"https:\/\/www.youtube.com\/embed\/sYlddYl7Gyc\" scrolling=\"yes\" class=\"iframe-class\" frameborder=\"0\"><\/iframe>\n<\/p>\n<div data-olk-copy-source=\"MessageBody\">El villancicu de L&#8217;Anguleru en dos versiones. Una con lletra y l&#8217;otra ensin lletra, pa que vos sirva como base musical pa cantar enriba. Ten\u00e9islu na p\u00e1xina d&#8217;entamu de <a title=\"https:\/\/www.languleru.com\" href=\"https:\/\/www.languleru.com\/\" target=\"_blank\" rel=\"noopener noreferrer\" data-auth=\"NotApplicable\" data-linkindex=\"0\">www.languleru.com<\/a>\u00a0o al travi\u00e9s d&#8217;esti enllaz.<\/div>\n<div style=\"text-align: center\" data-olk-copy-source=\"MessageBody\"><a href=\"https:\/\/languleru.com\/wp-content\/uploads\/2025\/12\/VILLANCICO.jpg\"><img loading=\"lazy\" decoding=\"async\" class=\"aligncenter size-large\" src=\"https:\/\/languleru.com\/wp-content\/uploads\/2025\/12\/VILLANCICO.jpg\" width=\"1400\" height=\"200\" \/><\/a><\/div>\n<div><\/div>\n<div style=\"text-align: center\">\n<!-- iframe plugin v.6.0 wordpress.org\/plugins\/iframe\/ -->\n<iframe loading=\"lazy\" src=\"https:\/\/drive.google.com\/file\/d\/1_CSBRjqTYOfVQCOpLaLolX4UrSTWcRWb\/preview\" width=\"640\" height=\"480\" 0=\"\/iframe\" scrolling=\"yes\" class=\"iframe-class\" frameborder=\"0\"><\/iframe>\n<\/div>\n<div style=\"text-align: center\">\n<!-- iframe plugin v.6.0 wordpress.org\/plugins\/iframe\/ -->\n<iframe loading=\"lazy\" src=\"https:\/\/drive.google.com\/file\/d\/1Ck33tCmlZsw72h2-b-sxXeTP_M46azEG\/preview\" width=\"640\" height=\"480\" 0=\"\/iframe\" scrolling=\"yes\" class=\"iframe-class\" frameborder=\"0\"><\/iframe>\n<\/div>\n<div style=\"text-align: center\">\n<!-- iframe plugin v.6.0 wordpress.org\/plugins\/iframe\/ -->\n<iframe loading=\"lazy\" src=\"https:\/\/drive.google.com\/file\/d\/19FXPT8ckZod7OMfHLiqpU5kRAFItUj1X\/preview\" width=\"640\" height=\"480\" 0=\"\/iframe\" scrolling=\"yes\" class=\"iframe-class\" frameborder=\"0\"><\/iframe>\n<\/div>\n<div>\n<hr \/>\n<\/div>\n<p>&nbsp;<\/p>\n<p><a href=\"https:\/\/www.youtube.com\/watch?v=KsW1dweTdWE\"><strong>Voi dir a Bel\u00e9n<\/strong><\/a><\/p>\n\n<!-- iframe plugin v.6.0 wordpress.org\/plugins\/iframe\/ -->\n<iframe loading=\"lazy\" width=\"640\" height=\"360\" src=\"https:\/\/www.youtube.com\/embed\/KsW1dweTdWE\" title=\"Voi dir a Bel\u00e9n. Villancicu animau n\u00b4Asturianu.\" frameborder=\"0\" allow=\"accelerometer; autoplay; clipboard-write; encrypted-media; gyroscope; picture-in-picture; web-share\" referrerpolicy=\"strict-origin-when-cross-origin\" 0=\"allowfullscreen\" 1=\"\/iframe\" scrolling=\"yes\" class=\"iframe-class\"><\/iframe>\n\n<ul>\n<li>\n<h4 class=\"title style-scope ytd-video-primary-info-renderer\"><a href=\"https:\/\/www.youtube.com\/watch?v=1j9DXxGr3Uc&amp;feature=share&amp;fbclid=IwAR1UimXPmYDIR7FkY12FuiXXNawhxPAvfaenes4Ofn_LLZjdU0UCyMq_MaQ\">CUELEBRE &#8211; \u00abFelices Pascues\u00bb (1982).mpg<\/a><\/h4>\n<\/li>\n<\/ul>\n\n<!-- iframe plugin v.6.0 wordpress.org\/plugins\/iframe\/ -->\n<iframe loading=\"lazy\" width=\"610\" height=\"343\" src=\"https:\/\/www.youtube.com\/embed\/1j9DXxGr3Uc\" scrolling=\"yes\" class=\"iframe-class\" frameborder=\"0\"><\/iframe>\n\n<ul>\n<li><a href=\"https:\/\/www.youtube.com\/watch?v=qmoue4ybgDY\"><strong>Los tres Reis Magos (Nuberu)<\/strong><\/a><\/li>\n<li><a href=\"https:\/\/www.youtube.com\/watch?v=okYjPPB8Blc\">https:\/\/www.youtube.com\/watch?v=okYjPPB8Blc<\/a><\/li>\n<\/ul>\n\n<!-- iframe plugin v.6.0 wordpress.org\/plugins\/iframe\/ -->\n<iframe loading=\"lazy\" width=\"480\" height=\"360\" src=\"https:\/\/www.youtube.com\/embed\/qmoue4ybgDY\" title=\"los reis magos. Villancicu n\u00b4Asturianu. NUBERU\" frameborder=\"0\" allow=\"accelerometer; autoplay; clipboard-write; encrypted-media; gyroscope; picture-in-picture; web-share\" referrerpolicy=\"strict-origin-when-cross-origin\" 0=\"allowfullscreen\" 1=\"\/iframe\" scrolling=\"yes\" class=\"iframe-class\"><\/iframe>\n\n\n<!-- iframe plugin v.6.0 wordpress.org\/plugins\/iframe\/ -->\n<iframe loading=\"lazy\" width=\"100%\" height=\"360\" src=\"https:\/\/www.youtube.com\/embed\/okYjPPB8Blc\" title=\"Los Tres Reis Magos\" frameborder=\"0\" allow=\"accelerometer; autoplay; clipboard-write; encrypted-media; gyroscope; picture-in-picture; web-share\" referrerpolicy=\"strict-origin-when-cross-origin\" 0=\"allowfullscreen\" 1=\"\/iframe\" scrolling=\"yes\" class=\"iframe-class\"><\/iframe>\n\n<ul>\n<li><a href=\"https:\/\/www.youtube.com\/watch?v=SMNWg0UIO2M\"><strong>Los tres reis<\/strong><\/a><\/li>\n<\/ul>\n<p style=\"text-align: center\">\n<!-- iframe plugin v.6.0 wordpress.org\/plugins\/iframe\/ -->\n<iframe loading=\"lazy\" width=\"640\" height=\"360\" src=\"https:\/\/www.youtube.com\/embed\/SMNWg0UIO2M\" title=\"Los Tres Reis - Villancicu N&#039;Asturianu\" frameborder=\"0\" allow=\"accelerometer; autoplay; clipboard-write; encrypted-media; gyroscope; picture-in-picture; web-share\" referrerpolicy=\"strict-origin-when-cross-origin\" 0=\"allowfullscreen\" 1=\"\/iframe\" scrolling=\"yes\" class=\"iframe-class\"><\/iframe>\n<\/p>\n\n<!-- iframe plugin v.6.0 wordpress.org\/plugins\/iframe\/ -->\n<iframe loading=\"lazy\" width=\"636\" height=\"360\" src=\"https:\/\/www.youtube.com\/embed\/mbwIMi29mY4\" title=\"? Villancicu navidiegu del RAMU NADAL tradicional asturianu (n&#039;ast) ?| Cr\u00f3nicas d&#039;Asturies\" frameborder=\"0\" allow=\"accelerometer; autoplay; clipboard-write; encrypted-media; gyroscope; picture-in-picture; web-share\" referrerpolicy=\"strict-origin-when-cross-origin\" 0=\"allowfullscreen\" 1=\"\/iframe\" scrolling=\"yes\" class=\"iframe-class\"><\/iframe>\n\n\n<!-- iframe plugin v.6.0 wordpress.org\/plugins\/iframe\/ -->\n<iframe loading=\"lazy\" width=\"640\" height=\"360\" src=\"https:\/\/www.youtube.com\/embed\/deS64VBEmwk\" title=\"El Nataliegu | Navidiegos | Cap\u00edtulu 4 - Temporada 1\" frameborder=\"0\" allow=\"accelerometer; autoplay; clipboard-write; encrypted-media; gyroscope; picture-in-picture; web-share\" referrerpolicy=\"strict-origin-when-cross-origin\" 0=\"allowfullscreen\" 1=\"\/iframe\" scrolling=\"yes\" class=\"iframe-class\"><\/iframe>\n\n\n<!-- iframe plugin v.6.0 wordpress.org\/plugins\/iframe\/ -->\n<iframe loading=\"lazy\" width=\"640\" height=\"360\" src=\"https:\/\/www.youtube.com\/embed\/SMNWg0UIO2M\" title=\"Los Tres Reis - Villancicu N&#039;Asturianu\" frameborder=\"0\" allow=\"accelerometer; autoplay; clipboard-write; encrypted-media; gyroscope; picture-in-picture; web-share\" referrerpolicy=\"strict-origin-when-cross-origin\" 0=\"allowfullscreen\" 1=\"\/iframe\" scrolling=\"yes\" class=\"iframe-class\"><\/iframe>\n\n\n<!-- iframe plugin v.6.0 wordpress.org\/plugins\/iframe\/ -->\n<iframe loading=\"lazy\" width=\"100%\" height=\"340\" src=\"https:\/\/www.youtube.com\/embed\/VJFwOfjSiF8\" title=\"NUBERU - LosTres Res Reis Magos\" frameborder=\"0\" allow=\"accelerometer; autoplay; clipboard-write; encrypted-media; gyroscope; picture-in-picture; web-share\" referrerpolicy=\"strict-origin-when-cross-origin\" 0=\"allowfullscreen\" 1=\"\/iframe\" scrolling=\"yes\" class=\"iframe-class\"><\/iframe>\n\n<p style=\"text-align: center\">\n<!-- iframe plugin v.6.0 wordpress.org\/plugins\/iframe\/ -->\n<iframe loading=\"lazy\" width=\"100%\" height=\"498\" src=\"https:\/\/www.youtube.com\/embed\/Y1CWp62yAYY?list=RDY1CWp62yAYY\" title=\"\ud83c\udfb5\u2728Xentiquina: Baxen los pastores | \ud83c\udf1f\ud83c\udfb6 Villancicu n\u00b4asturianu \ud83c\udf84\ud83d\uddfb\" frameborder=\"0\" allow=\"accelerometer; autoplay; clipboard-write; encrypted-media; gyroscope; picture-in-picture; web-share\" referrerpolicy=\"strict-origin-when-cross-origin\" 0=\"allowfullscreen\" 1=\"\/iframe\" scrolling=\"yes\" class=\"iframe-class\"><\/iframe>\n<\/p>\n<div style=\"text-align: center\"><\/div>\n","protected":false},"excerpt":{"rendered":"<p>Villancicu: Lleg\u00f3 la navid\u00e1 | Canci\u00f3n infantil n&#8217;asturianu \ud83c\udf84Rapacina Villancicu infantil n\u2019asturianu pa celebrar la Navid\u00e1 con tradiciones bien nueses: el ramu llenu de llumes, la visita del Anguleru col so barcu de la mar, y la \u00f1eve del iviernu. \ud83c\udf84\ud83e\udde6\u2744\ufe0f Una canci\u00f3n prestosa y cenciella, pensada pa los m\u00e1s peque\u00f1inos del colexu y de [&hellip;]<\/p>\n","protected":false},"author":117,"featured_media":0,"parent":153,"menu_order":0,"comment_status":"closed","ping_status":"closed","template":"","meta":{"footnotes":""},"class_list":["post-1291","page","type-page","status-publish","hentry"],"_links":{"self":[{"href":"https:\/\/edublog.educastur.es\/ixuxu\/wp-json\/wp\/v2\/pages\/1291","targetHints":{"allow":["GET"]}}],"collection":[{"href":"https:\/\/edublog.educastur.es\/ixuxu\/wp-json\/wp\/v2\/pages"}],"about":[{"href":"https:\/\/edublog.educastur.es\/ixuxu\/wp-json\/wp\/v2\/types\/page"}],"author":[{"embeddable":true,"href":"https:\/\/edublog.educastur.es\/ixuxu\/wp-json\/wp\/v2\/users\/117"}],"replies":[{"embeddable":true,"href":"https:\/\/edublog.educastur.es\/ixuxu\/wp-json\/wp\/v2\/comments?post=1291"}],"version-history":[{"count":26,"href":"https:\/\/edublog.educastur.es\/ixuxu\/wp-json\/wp\/v2\/pages\/1291\/revisions"}],"predecessor-version":[{"id":63012,"href":"https:\/\/edublog.educastur.es\/ixuxu\/wp-json\/wp\/v2\/pages\/1291\/revisions\/63012"}],"up":[{"embeddable":true,"href":"https:\/\/edublog.educastur.es\/ixuxu\/wp-json\/wp\/v2\/pages\/153"}],"wp:attachment":[{"href":"https:\/\/edublog.educastur.es\/ixuxu\/wp-json\/wp\/v2\/media?parent=1291"}],"curies":[{"name":"wp","href":"https:\/\/api.w.org\/{rel}","templated":true}]}}