{"id":13255,"date":"2022-02-02T00:00:19","date_gmt":"2022-02-01T22:00:19","guid":{"rendered":"https:\/\/edublog.educastur.es\/ixuxu\/?page_id=13255"},"modified":"2022-03-21T13:51:26","modified_gmt":"2022-03-21T11:51:26","slug":"tanxugueiras-terra","status":"publish","type":"page","link":"https:\/\/edublog.educastur.es\/ixuxu\/musica\/tanxugueiras-terra\/","title":{"rendered":"Tanxugueiras \u00abTerra\u00bb"},"content":{"rendered":"<p style=\"text-align: center\"><span style=\"text-decoration: underline\"><em>Subt\u00edtulos n&#8217;asturianu<\/em><\/span><\/p>\n<p style=\"text-align: center\">\n<!-- iframe plugin v.6.0 wordpress.org\/plugins\/iframe\/ -->\n<iframe loading=\"lazy\" width=\"640\" height=\"360\" src=\"https:\/\/www.youtube.com\/embed\/6At10g4UlmE\" 0=\"\/iframe\" scrolling=\"yes\" class=\"iframe-class\" frameborder=\"0\"><\/iframe>\n<\/p>\n<p><em>\u00abNun pasa nada\u00bb <\/em>Y ciertu ye. Hai infinitos motivos para l&#8217;arguyu. Non solo por ser les\u00a0 ganadores nel votu telem\u00e1ticu y nel popular sin\u00f3n polo esib\u00edo sobro l&#8217;escenariu del Benidorm Fest. <a href=\"https:\/\/twitter.com\/i\/status\/1486489140527091712\">Videu<\/a><\/p>\n<ul>\n<li><a href=\"https:\/\/www.lavozdegalicia.es\/noticia\/sociedad\/2022\/01\/30\/tanxugueiras-adoradas-espana-ninguneadas-jurado\/0003_202201O30P52995.htm\">Tanxugueiras, adoraes per Espa\u00f1a y feches de menos pol xur\u00e1u del Benidorm Fest<\/a><\/li>\n<li><strong>Tanxuguieras<\/strong>: <a href=\"https:\/\/es.wikipedia.org\/wiki\/Tanxugueiras\">wiki<\/a> \/ <a href=\"https:\/\/tanxugueiras.com\/#\">web<\/a> \/ <a href=\"https:\/\/twitter.com\/tanxugueiras\">Twitter<\/a> \/ <a href=\"https:\/\/www.youtube.com\/channel\/UC-g2p-xkGLXjIOy8FQ5W4Lw\">Youtube<\/a> \/<a href=\"https:\/\/www.rtve.es\/play\/videos\/benidorm-fest\/tanxugueiras-terra-actuacion-primera-semifinal\/6327558\/\"> Semi<\/a> \/<a href=\"https:\/\/pbs.twimg.com\/media\/FKTZVHBWUAAARLL?format=jpg&amp;name=large\"> Votu<\/a> \/ <a href=\"https:\/\/www.youtube.com\/watch?v=FYoZoX5lR38\"><strong>Ritmograma<\/strong><\/a> \/<\/li>\n<li>El versu <strong>\u201cNon hai fronteiras\u201d<\/strong>, am\u00e1s d&#8217;en gallegu, pudo oyese en vascu, <strong>asturianu<\/strong> y catal\u00e1n.<\/li>\n<li><a href=\"https:\/\/www.youtube.com\/watch?v=K_WqBxwAbJY\">Ay Mam\u00e1:<\/a> Rigoberta Bandini <a href=\"https:\/\/www.youtube.com\/watch?v=dOF_SUYPMLY\">+ letra<\/a> \/ <a href=\"https:\/\/youtu.be\/7knWXB5QycA\">Mario Jefferson<\/a> \/ <a href=\"https:\/\/www.youtube.com\/watch?v=gYifWC7aiHo\">Chanel: SloMo<\/a><\/li>\n<\/ul>\n<hr \/>\n<div class=\"voc-detail__cmp voc-detail__cmp--title voc-detail__cmp--no-margin\">\n<h4 style=\"text-align: center\">\n<!-- iframe plugin v.6.0 wordpress.org\/plugins\/iframe\/ -->\n<iframe loading=\"lazy\" width=\"100%\" height=\"395\" src=\"https:\/\/www.youtube.com\/embed\/btPSdSMgPf4\" title=\"YouTube video player\" frameborder=\"0\" allow=\"accelerometer; autoplay; clipboard-write; encrypted-media; gyroscope; picture-in-picture\" 0=\"allowfullscreen\" 1=\"\/iframe\" scrolling=\"yes\" class=\"iframe-class\"><\/iframe>\n<\/h4>\n<h3 class=\"voc-detail__title\"><em><span style=\"color: #800080\">Letra original en gallego<\/span><\/em><\/h3>\n<\/div>\n<p class=\"voc-paragraph\"><span style=\"color: #008080;font-size: 20px\"><em>Ai-la-ra-la-la, ai-la-ra-la-la-ah<\/em><\/span><\/p>\n<p class=\"voc-paragraph\"><span style=\"color: #008080;font-size: 20px\"><em>Ai-la-ra-la-la, ai-la-ra-la-la-la<\/em><\/span><\/p>\n<p class=\"voc-paragraph\"><span style=\"color: #008080;font-size: 20px\"><em>Ai-la-ra-la-la, ai-la-ra-la-la<\/em><\/span><\/p>\n<p class=\"voc-paragraph\"><span style=\"color: #008080;font-size: 20px\"><em>Ai-la-ra-la-la<\/em><\/span><\/p>\n<p class=\"voc-paragraph\"><span style=\"color: #008080;font-size: 20px\"><em>Esta noite hai foliada, esta noite hai ser\u00e1n<\/em><\/span><\/p>\n<p class=\"voc-paragraph\"><span style=\"color: #008080;font-size: 20px\"><em>Ag\u00e1rdoche no terreiro, compa\u00f1eiri\u00f1a leal<\/em><\/span><\/p>\n<p class=\"voc-paragraph\"><span style=\"color: #008080;font-size: 20px\"><em>Compa\u00f1eiri\u00f1a leal, compa\u00f1eiri\u00f1a leal<\/em><\/span><\/p>\n<p class=\"voc-paragraph\"><span style=\"color: #008080;font-size: 20px\"><em>Esta noite hai foliada<\/em><\/span><\/p>\n<p class=\"voc-paragraph\"><span style=\"color: #008080;font-size: 20px\"><em>Para cantar ve\u00f1o eu coa pandeireta na man<\/em><\/span><\/p>\n<p class=\"voc-paragraph\"><span style=\"color: #008080;font-size: 20px\"><em>Aturuxa canda min, que nos escoiten berrar<\/em><\/span><\/p>\n<p class=\"voc-paragraph\"><span style=\"color: #008080;font-size: 20px\"><em>Que nos escoiten berrar, que nos escoiten berrar<\/em><\/span><\/p>\n<p class=\"voc-paragraph\"><span style=\"color: #008080;font-size: 20px\"><em>(Coa pandeireta na man)<\/em><\/span><\/p>\n<p class=\"voc-paragraph\"><span style=\"color: #008080;font-size: 20px\"><em>Ai-la-ra-la-la, ai-la-ra-la-la-ah<\/em><\/span><\/p>\n<p class=\"voc-paragraph\"><span style=\"color: #008080;font-size: 20px\"><em>Ai-la-ra-la-la, ai-la-ra-la-la-la<\/em><\/span><\/p>\n<p class=\"voc-paragraph\"><span style=\"color: #008080;font-size: 20px\"><em>Ai-la-ra-la-la, ai-la-ra-la-la, ai-la-ra-la-la<\/em><\/span><\/p>\n<p class=\"voc-paragraph\"><span style=\"color: #008080;font-size: 20px\"><em>Non hai fronteiras<\/em><\/span><\/p>\n<p class=\"voc-paragraph\"><span style=\"color: #008080;font-size: 20px\"><em>Canta ti, cantarei eu, co xeito das nosas nais<\/em><\/span><\/p>\n<p class=\"voc-paragraph\"><span style=\"color: #008080;font-size: 20px\"><em>Festexar\u00e9mos a vida da xente que est\u00e1 a bailar<\/em><\/span><\/p>\n<p class=\"voc-paragraph\"><span style=\"color: #008080;font-size: 20px\"><em>Da xente que est\u00e1 a bailar, da xente que est\u00e1 a bailar<\/em><\/span><\/p>\n<p class=\"voc-paragraph\"><span style=\"color: #008080;font-size: 20px\"><em>(Co xeito das nosas mans)<\/em><\/span><\/p>\n<p class=\"voc-paragraph\"><span style=\"color: #008080;font-size: 20px\"><em>Ai-la-ra-la-la, ai-la-ra-la-la-ah<\/em><\/span><\/p>\n<p class=\"voc-paragraph\"><span style=\"color: #008080;font-size: 20px\"><em>Ai-la-ra-la-la, ai-la-ra-la-la-la<\/em><\/span><\/p>\n<p class=\"voc-paragraph\"><span style=\"color: #008080;font-size: 20px\"><em>Ai-la-ra-la-la, ai-la-ra-la-la, ai-la-ra-la-la<\/em><\/span><\/p>\n<p class=\"voc-paragraph\"><span style=\"color: #008080;font-size: 20px\"><em>Ez dago mugarik<\/em><\/span><\/p>\n<p class=\"voc-paragraph\"><span style=\"color: #008080;font-size: 20px\"><em>Ai-la-ra-la-la, ai-la-ra-la-la-ah<\/em><\/span><\/p>\n<p class=\"voc-paragraph\"><span style=\"color: #008080;font-size: 20px\"><em>Ai-la-ra-la-la, ai-la-ra-la-la-la<\/em><\/span><\/p>\n<p class=\"voc-paragraph\"><span style=\"color: #008080;font-size: 20px\"><em>Ai-la-ra-la-la, ai-la-ra-la-la, ai-la-ra-la-la<\/em><\/span><\/p>\n<p class=\"voc-paragraph\"><span style=\"color: #008080;font-size: 20px\"><em>No hi ha fronteres<\/em><\/span><\/p>\n<p class=\"voc-paragraph\"><span style=\"color: #008080;font-size: 20px\"><em>A\u00ed ve\u00f1en, a\u00ed ve\u00f1en, ve\u00f1en pra quedar<\/em><\/span><\/p>\n<p class=\"voc-paragraph\"><span style=\"color: #008080;font-size: 20px\"><em>Esas bravas gorxas de fondo cantar<\/em><\/span><\/p>\n<p class=\"voc-paragraph\"><span style=\"color: #008080;font-size: 20px\"><em>De fondo cantar, de fondo cantar<\/em><\/span><\/p>\n<p class=\"voc-paragraph\"><span style=\"color: #008080;font-size: 20px\"><em>A\u00ed ve\u00f1en, a\u00ed ve\u00f1en, ve\u00f1en pra quedar<\/em><\/span><\/p>\n<p class=\"voc-paragraph\"><span style=\"color: #008080;font-size: 20px\"><em>Ve\u00f1en pra quedar, ve\u00f1en pra quedar, ve\u00f1en pra quedar<\/em><\/span><\/p>\n<p class=\"voc-paragraph\"><span style=\"color: #008080;font-size: 20px\"><em>Ve\u00f1en pra quedar, ve\u00f1en pra quedar<\/em><\/span><\/p>\n<p class=\"voc-paragraph\"><span style=\"color: #008080;font-size: 20px\"><em>Ve\u00f1en pra quedar, pra quedar, pra quedar, pra quedar<\/em><\/span><\/p>\n<p class=\"voc-paragraph\"><span style=\"color: #008080;font-size: 20px\"><em>Ve\u00f1en pra quedar, ve\u00f1en pra quedar<\/em><\/span><\/p>\n<p class=\"voc-paragraph\"><span style=\"color: #008080;font-size: 20px\"><em>Ve\u00f1en pra quedar<\/em><\/span><\/p>\n<p class=\"voc-paragraph\"><span style=\"color: #008080;font-size: 20px\"><em>Ai-la-ra-la-la, ai-la-ra-la-la-ah<\/em><\/span><\/p>\n<p class=\"voc-paragraph\"><span style=\"color: #008080;font-size: 20px\"><em>Ai-la-ra-la-la, ai-la-ra-la-la-la<\/em><\/span><\/p>\n<p class=\"voc-paragraph\"><span style=\"color: #008080;font-size: 20px\"><em>Ai-la-ra-la-la, ai-la-ra-la-la, ai-la-ra-la-la<\/em><\/span><\/p>\n<p class=\"voc-paragraph\"><span style=\"color: #008080;font-size: 20px\"><em>No hi ha fronteres<\/em><\/span><\/p>\n<p class=\"voc-paragraph\"><span style=\"color: #008080;font-size: 20px\"><em>Ai-la-ra-la-la, ai-la-ra-la-la-ah<\/em><\/span><\/p>\n<p class=\"voc-paragraph\"><span style=\"color: #008080;font-size: 20px\"><em>Ai-la-ra-la-la, ai-la-ra-la-la-la<\/em><\/span><\/p>\n<p class=\"voc-paragraph\"><span style=\"color: #008080;font-size: 20px\"><em>Ai-la-ra-la-la, ai-la-ra-la-la, ai-la-ra-la-la<\/em><\/span><\/p>\n<p class=\"voc-paragraph\" style=\"text-align: left\"><span style=\"color: #008080;font-size: 20px\"><em>No hay fronteras<\/em><\/span><\/p>\n<div class=\"voc-detail__cmp\">\n<section class=\"voc-detail-code voc-detail-component \">\n<div class=\"voc-guia-estilos__detail-code\" style=\"text-align: center\"><\/div>\n<div style=\"text-align: center\">\n<!-- iframe plugin v.6.0 wordpress.org\/plugins\/iframe\/ -->\n<iframe loading=\"lazy\" width=\"100%\" height=\"395\" src=\"https:\/\/www.youtube.com\/embed\/FYoZoX5lR38\" 0=\"\/iframe\" scrolling=\"yes\" class=\"iframe-class\" frameborder=\"0\"><\/iframe>\n<\/div>\n<\/section>\n<\/div>\n<div class=\"voc-detail__cmp voc-detail__cmp--title voc-detail__cmp--no-margin\">\n<h3 class=\"voc-detail__title\"><span style=\"color: #800080\"><em>Letra en castellano<\/em><\/span><\/h3>\n<\/div>\n<p class=\"voc-paragraph\"><span style=\"color: #008080;font-size: 20px\"><em>Ailara-lal\u00e1<\/em><\/span><\/p>\n<p class=\"voc-paragraph\"><span style=\"color: #008080;font-size: 20px\"><em>Ailara-lala<\/em><\/span><\/p>\n<p class=\"voc-paragraph\"><span style=\"color: #008080;font-size: 20px\"><em>Ailara-lala<\/em><\/span><\/p>\n<p class=\"voc-paragraph\"><span style=\"color: #008080;font-size: 20px\"><em>Ailara-lalala<\/em><\/span><\/p>\n<p class=\"voc-paragraph\"><span style=\"color: #008080;font-size: 20px\"><em>Ailara-lalaa<\/em><\/span><\/p>\n<p class=\"voc-paragraph\"><span style=\"color: #008080;font-size: 20px\"><em>Ailara-lalaa<\/em><\/span><\/p>\n<p class=\"voc-paragraph\"><span style=\"color: #008080;font-size: 20px\"><em>Ailara-lala<\/em><\/span><\/p>\n<p class=\"voc-paragraph\"><span style=\"color: #008080;font-size: 20px\"><em>Esta noche hay fiesta<\/em><\/span><\/p>\n<p class=\"voc-paragraph\"><span style=\"color: #008080;font-size: 20px\"><em>Esta noche hay fiesta<\/em><\/span><\/p>\n<p class=\"voc-paragraph\"><span style=\"color: #008080;font-size: 20px\"><em>Te espero en el terrero<\/em><\/span><\/p>\n<p class=\"voc-paragraph\"><span style=\"color: #008080;font-size: 20px\"><em>Compa\u00f1erita leal<\/em><\/span><\/p>\n<p class=\"voc-paragraph\"><span style=\"color: #008080;font-size: 20px\"><em>Compa\u00f1erita leal<\/em><\/span><\/p>\n<p class=\"voc-paragraph\"><span style=\"color: #008080;font-size: 20px\"><em>Compa\u00f1erita leal<\/em><\/span><\/p>\n<p class=\"voc-paragraph\"><span style=\"color: #008080;font-size: 20px\"><em>Esta noche hay fiesta<\/em><\/span><\/p>\n<p class=\"voc-paragraph\"><span style=\"color: #008080;font-size: 20px\"><em>Para cantar, vengo yo<\/em><\/span><\/p>\n<p class=\"voc-paragraph\"><span style=\"color: #008080;font-size: 20px\"><em>Con la pandereta en la mano<\/em><\/span><\/p>\n<p class=\"voc-paragraph\"><span style=\"color: #008080;font-size: 20px\"><em>Grita fuerte conmigo<\/em><\/span><\/p>\n<p class=\"voc-paragraph\"><span style=\"color: #008080;font-size: 20px\"><em>Que nos escuchen gritar<\/em><\/span><\/p>\n<p class=\"voc-paragraph\"><span style=\"color: #008080;font-size: 20px\"><em>Que nos escuchen gritar<\/em><\/span><\/p>\n<p class=\"voc-paragraph\"><span style=\"color: #008080;font-size: 20px\"><em>Que nos escuchen gritar<\/em><\/span><\/p>\n<p class=\"voc-paragraph\"><span style=\"color: #008080;font-size: 20px\"><em>Con la pandereta en la mano<\/em><\/span><\/p>\n<p class=\"voc-paragraph\"><span style=\"color: #008080;font-size: 20px\"><em>Ailara-lal\u00e1<\/em><\/span><\/p>\n<p class=\"voc-paragraph\"><span style=\"color: #008080;font-size: 20px\"><em>Ailara-lala<\/em><\/span><\/p>\n<p class=\"voc-paragraph\"><span style=\"color: #008080;font-size: 20px\"><em>Ailara-lala<\/em><\/span><\/p>\n<p class=\"voc-paragraph\"><span style=\"color: #008080;font-size: 20px\"><em>Ailara-lalala<\/em><\/span><\/p>\n<p class=\"voc-paragraph\"><span style=\"color: #008080;font-size: 20px\"><em>Ailaralala<\/em><\/span><\/p>\n<p class=\"voc-paragraph\"><span style=\"color: #008080;font-size: 20px\"><em>Ailaralalaa<\/em><\/span><\/p>\n<p class=\"voc-paragraph\"><span style=\"color: #008080;font-size: 20px\"><em>Ailaralala<\/em><\/span><\/p>\n<p class=\"voc-paragraph\"><span style=\"color: #008080;font-size: 20px\"><em>No hay fronteras<\/em><\/span><\/p>\n<p class=\"voc-paragraph\"><span style=\"color: #008080;font-size: 20px\"><em>Canta tu, cantar\u00e9 yo<\/em><\/span><\/p>\n<p class=\"voc-paragraph\"><span style=\"color: #008080;font-size: 20px\"><em>Con la manera de nuestras madres<\/em><\/span><\/p>\n<p class=\"voc-paragraph\"><span style=\"color: #008080;font-size: 20px\"><em>Celebraremos la vida<\/em><\/span><\/p>\n<p class=\"voc-paragraph\"><span style=\"color: #008080;font-size: 20px\"><em>De la gente que est\u00e1 bailando<\/em><\/span><\/p>\n<p class=\"voc-paragraph\"><span style=\"color: #008080;font-size: 20px\"><em>De la gente que est\u00e1 bailando<\/em><\/span><\/p>\n<p class=\"voc-paragraph\"><span style=\"color: #008080;font-size: 20px\"><em>De la gente que est\u00e1 bailando<\/em><\/span><\/p>\n<p class=\"voc-paragraph\"><span style=\"color: #008080;font-size: 20px\"><em>Con la manera de nuestras manos<\/em><\/span><\/p>\n<p class=\"voc-paragraph\"><span style=\"color: #008080;font-size: 20px\"><em>Ailara-lal\u00e1<\/em><\/span><\/p>\n<p class=\"voc-paragraph\"><span style=\"color: #008080;font-size: 20px\"><em>Ailaral-ala<\/em><\/span><\/p>\n<p class=\"voc-paragraph\"><span style=\"color: #008080;font-size: 20px\"><em>Ailara-lala<\/em><\/span><\/p>\n<p class=\"voc-paragraph\"><span style=\"color: #008080;font-size: 20px\"><em>Ailara-lalala<\/em><\/span><\/p>\n<p class=\"voc-paragraph\"><span style=\"color: #008080;font-size: 20px\"><em>Ailara-lalaa<\/em><\/span><\/p>\n<p class=\"voc-paragraph\"><span style=\"color: #008080;font-size: 20px\"><em>Ailara-lala<\/em><\/span><\/p>\n<p class=\"voc-paragraph\"><span style=\"color: #008080;font-size: 20px\"><em>Ailara-lala<\/em><\/span><\/p>\n<p class=\"voc-paragraph\"><span style=\"color: #008080;font-size: 20px\"><em>No hay fronteras<\/em><\/span><\/p>\n<p class=\"voc-paragraph\"><span style=\"color: #008080;font-size: 20px\"><em>Ailara-lal\u00e1<\/em><\/span><\/p>\n<p class=\"voc-paragraph\"><span style=\"color: #008080;font-size: 20px\"><em>Ailara-lalaa<\/em><\/span><\/p>\n<p class=\"voc-paragraph\"><span style=\"color: #008080;font-size: 20px\"><em>Ailara-lala<\/em><\/span><\/p>\n<p class=\"voc-paragraph\"><span style=\"color: #008080;font-size: 20px\"><em>Ailara-lalala<\/em><\/span><\/p>\n<p class=\"voc-paragraph\"><span style=\"color: #008080;font-size: 20px\"><em>Ailara-lala<\/em><\/span><\/p>\n<p class=\"voc-paragraph\"><span style=\"color: #008080;font-size: 20px\"><em>Ailara-lala<\/em><\/span><\/p>\n<p class=\"voc-paragraph\"><span style=\"color: #008080;font-size: 20px\"><em>Ailara-lala<\/em><\/span><\/p>\n<p class=\"voc-paragraph\"><span style=\"color: #008080;font-size: 20px\"><em>No hay fronteras<\/em><\/span><\/p>\n<p class=\"voc-paragraph\"><span style=\"color: #008080;font-size: 20px\"><em>Ah\u00ed vienen, ah\u00ed vienen<\/em><\/span><\/p>\n<p class=\"voc-paragraph\"><span style=\"color: #008080;font-size: 20px\"><em>Vienen para quedar<\/em><\/span><\/p>\n<p class=\"voc-paragraph\"><span style=\"color: #008080;font-size: 20px\"><em>Esas salvajes gargantas<\/em><\/span><\/p>\n<p class=\"voc-paragraph\"><span style=\"color: #008080;font-size: 20px\"><em>De fondo cantar<\/em><\/span><\/p>\n<p class=\"voc-paragraph\"><span style=\"color: #008080;font-size: 20px\"><em>De fondo cantar<\/em><\/span><\/p>\n<p class=\"voc-paragraph\"><span style=\"color: #008080;font-size: 20px\"><em>De fondo cantar<\/em><\/span><\/p>\n<p class=\"voc-paragraph\"><span style=\"color: #008080;font-size: 20px\"><em>Ah\u00ed vienen, ah\u00ed vienen<\/em><\/span><\/p>\n<p class=\"voc-paragraph\"><span style=\"color: #008080;font-size: 20px\"><em>Vienen para quedar<\/em><\/span><\/p>\n<p class=\"voc-paragraph\"><span style=\"color: #008080;font-size: 20px\"><em>Vienen para quedar<\/em><\/span><\/p>\n<p class=\"voc-paragraph\"><span style=\"color: #008080;font-size: 20px\"><em>Vienen para quedar<\/em><\/span><\/p>\n<p class=\"voc-paragraph\"><span style=\"color: #008080;font-size: 20px\"><em>Vienen para quedar<\/em><\/span><\/p>\n<p class=\"voc-paragraph\"><span style=\"color: #008080;font-size: 20px\"><em>Vienen para quedar<\/em><\/span><\/p>\n<p class=\"voc-paragraph\"><span style=\"color: #008080;font-size: 20px\"><em>Vienen para quedar<\/em><\/span><\/p>\n<p class=\"voc-paragraph\"><span style=\"color: #008080;font-size: 20px\"><em>Vienen para quedar<\/em><\/span><\/p>\n<p class=\"voc-paragraph\"><span style=\"color: #008080;font-size: 20px\"><em>Para quedar, para quedar<\/em><\/span><\/p>\n<p class=\"voc-paragraph\"><span style=\"color: #008080;font-size: 20px\"><em>Vienen para quedar<\/em><\/span><\/p>\n<p class=\"voc-paragraph\"><span style=\"color: #008080;font-size: 20px\"><em>Vienen para quedar<\/em><\/span><\/p>\n<p class=\"voc-paragraph\"><span style=\"color: #008080;font-size: 20px\"><em>Vienen para quedar<\/em><\/span><\/p>\n<p class=\"voc-paragraph\"><span style=\"color: #008080;font-size: 20px\"><em>Ailara-lal\u00e1<\/em><\/span><\/p>\n<p class=\"voc-paragraph\"><span style=\"color: #008080;font-size: 20px\"><em>Ailara-lalaa<\/em><\/span><\/p>\n<p class=\"voc-paragraph\"><span style=\"color: #008080;font-size: 20px\"><em>Ailara-lala<\/em><\/span><\/p>\n<p class=\"voc-paragraph\"><span style=\"color: #008080;font-size: 20px\"><em>Ailara-lalala<\/em><\/span><\/p>\n<p class=\"voc-paragraph\"><span style=\"color: #008080;font-size: 20px\"><em>Ailara-lalaa<\/em><\/span><\/p>\n<p class=\"voc-paragraph\"><span style=\"color: #008080;font-size: 20px\"><em>Ailara-lalaa<\/em><\/span><\/p>\n<p class=\"voc-paragraph\"><span style=\"color: #008080;font-size: 20px\"><em>Ailara-lalaa<\/em><\/span><\/p>\n<p class=\"voc-paragraph\"><span style=\"color: #008080;font-size: 20px\"><em>No hay fronteras<\/em><\/span><\/p>\n<p class=\"voc-paragraph\"><span style=\"color: #008080;font-size: 20px\"><em>Ailara-lal\u00e1<\/em><\/span><\/p>\n<p class=\"voc-paragraph\"><span style=\"color: #008080;font-size: 20px\"><em>Ailara-lalaa<\/em><\/span><\/p>\n<p class=\"voc-paragraph\"><span style=\"color: #008080;font-size: 20px\"><em>Ailara-lala<\/em><\/span><\/p>\n<p class=\"voc-paragraph\"><span style=\"color: #008080;font-size: 20px\"><em>Ailara-lalala<\/em><\/span><\/p>\n<p class=\"voc-paragraph\"><span style=\"color: #008080;font-size: 20px\"><em>Ailara-lalaa<\/em><\/span><\/p>\n<p class=\"voc-paragraph\"><span style=\"color: #008080;font-size: 20px\"><em>Ailara-lalaa<\/em><\/span><\/p>\n<p class=\"voc-paragraph\"><span style=\"color: #008080;font-size: 20px\"><em>Ailara-lalaa<\/em><\/span><\/p>\n<p class=\"voc-paragraph\"><span style=\"color: #008080;font-size: 20px\"><em>No hay fronteras<\/em><\/span><\/p>\n<p style=\"text-align: center\">\n<!-- iframe plugin v.6.0 wordpress.org\/plugins\/iframe\/ -->\n<iframe loading=\"lazy\" width=\"100%\" height=\"400\" src=\"https:\/\/www.youtube.com\/embed\/MOk7apxVi60\" 0=\"\/iframe\" scrolling=\"yes\" class=\"iframe-class\" frameborder=\"0\"><\/iframe>\n<\/p>\n<p>\u00abPer primer vegada sentimos sobro y escenariu daqu\u00e9 paec\u00edu a lo que sentimos nos conciertos\u00bb, dixeron tres l&#8217;ensayu que precedi\u00f3 a la gala. Tami\u00e9n lo sinti\u00f3&#8217;l p\u00fablicu presente nel L&#8217;Illa de Benidorm, que per primer vegada respondi\u00f3 con almiraci\u00f3n ya inclusive poni\u00e9ndose de pies en determinaos momentos del cantar, como esi nel que Olaia Maneiro llanza un sent\u00edu aturuxo dende la plataforma en forma de monte que forma parte de la so escenograf\u00eda. Un chisgo m\u00e1s, de los munchos que Tanxugueiras van dexando cayer a lo llargo de los tr\u00e9s trupos ya intensos minutos que conformen la so puesta n&#8217;escena de Terra.<\/p>\n<p><span style=\"color: #800080\">Tanxugueiras arras\u00f3 nel votu popular con 41.620 llamaes y 94.220 SMS, lo que se traduz nel<strong> 70,75% del total.<\/strong> Rigoberta Bandini qued\u00f3 en segunda posici\u00f3n con el\u00a0<strong>18,08%<\/strong>\u00a0y Chanel en tercera con el<strong>\u00a03,97%<\/strong><\/span><br \/>\n<a href=\"https:\/\/twitter.com\/i\/status\/1486489140527091712\">Videu<\/a><\/p>\n<p><a href=\"https:\/\/tinypix.top\/images\/2022\/01\/30\/enT0A.jpg\"><img loading=\"lazy\" decoding=\"async\" class=\"alignnone\" src=\"https:\/\/tinypix.top\/images\/2022\/01\/30\/enT0A.jpg\" alt=\"\" width=\"1266\" height=\"1198\" \/><\/a><\/p>\n<p><a href=\"https:\/\/tinypix.top\/images\/2022\/01\/30\/enlQq.jpg\"><img loading=\"lazy\" decoding=\"async\" class=\"alignnone\" src=\"https:\/\/tinypix.top\/images\/2022\/01\/30\/enlQq.jpg\" alt=\"\" width=\"913\" height=\"618\" \/><\/a><\/p>\n<p>El xur\u00e1u, abuche\u00e1u, dexa quintes a les gallegues, que lleguen a la final del s\u00e1badu gracies al p\u00fablicu | Quexes ente espectadores que nun pudieron emitir el so votu por erros\u201d<\/p>\n<p><iframe loading=\"lazy\" title=\"Ritmograma Terra\" width=\"840\" height=\"473\" src=\"https:\/\/www.youtube.com\/embed\/FYoZoX5lR38?feature=oembed\" frameborder=\"0\" allow=\"accelerometer; autoplay; clipboard-write; encrypted-media; gyroscope; picture-in-picture\" allowfullscreen><\/iframe><\/p>\n<ul>\n<li><a href=\"https:\/\/twitter.com\/barbarami1977\/status\/1487467467823882245\">Fonte Barbarami Twitter<\/a><\/li>\n<\/ul>\n<blockquote><p><em>\u00abLa xente d&#8217;a pies ye la qu&#8217;escucha m\u00fasica\u00bb<\/em><\/p>\n<p><em>\u201cG\u00fcei puede dicise qu&#8217;Espa\u00f1a ta preparada para un proyectu inclusivu, diversu y que lluche poles lling\u00fces cooficiales\u00bb.<\/em><\/p><\/blockquote>\n<p>Tami\u00e9n aprovecharon para se\u00f1alar que <strong>\u201cn\u00f3s y\u00e1 somos ganadores\u201d <\/strong>una y bones l&#8217;oxetivu d&#8217;empoderar a les muyeres y defender les lling\u00fces cooficiales taba y\u00e1 consigu\u00edu cola so participaci\u00f3n nel festival de Benidorm. Finalmente, aprofiaron el leg\u00e1u \u201cde muyeres que nun sab\u00eden nin lleer nin escribir\u201d pero que gracies a elles salvaguardamos la tradici\u00f3n.<\/p>\n<p><a href=\"https:\/\/www.elcorreogallego.es\/binrepository\/1045x697\/76c88\/900d506\/none\/102922340\/ARKO\/imagen-fkebjluxiaeqjwj-def_422-4885319_20220128214214.jpg\"><img loading=\"lazy\" decoding=\"async\" class=\"alignnone\" src=\"https:\/\/www.elcorreogallego.es\/binrepository\/1045x697\/76c88\/900d506\/none\/102922340\/ARKO\/imagen-fkebjluxiaeqjwj-def_422-4885319_20220128214214.jpg\" alt=\"\" width=\"900\" height=\"506\" \/><\/a><\/p>\n<p><samp class=\"EmbedCode-container\"><code class=\"EmbedCode-code\"><\/code><\/samp><\/p>\n<ul>\n<li class=\"h1 headline-article__head\"><a href=\"https:\/\/www.farodevigo.es\/sociedad\/2022\/02\/01\/mateo-asturiano-cinco-anos-clava-62191163.html?utm_source=facebook&amp;utm_medium=social&amp;utm_campaign=dogtrack\"><strong>Mateo, el asturiano de cinco a\u00f1os que &#8216;clava&#8217; la actuaci\u00f3n de Tanxugueiras<\/strong><\/a><\/li>\n<\/ul>\n<p style=\"text-align: center\">\n<!-- iframe plugin v.6.0 wordpress.org\/plugins\/iframe\/ -->\n<iframe loading=\"lazy\" width=\"100%\" height=\"400\" src=\"https:\/\/www.youtube.com\/embed\/ZV970xhKjL4\" 0=\"\/iframe\" scrolling=\"yes\" class=\"iframe-class\" frameborder=\"0\"><\/iframe>\n<\/p>\n","protected":false},"excerpt":{"rendered":"<p>Subt\u00edtulos n&#8217;asturianu \u00abNun pasa nada\u00bb Y ciertu ye. Hai infinitos motivos para l&#8217;arguyu. Non solo por ser les\u00a0 ganadores nel votu telem\u00e1ticu y nel popular sin\u00f3n polo esib\u00edo sobro l&#8217;escenariu del Benidorm Fest. Videu Tanxugueiras, adoraes per Espa\u00f1a y feches de menos pol xur\u00e1u del Benidorm Fest Tanxuguieras: wiki \/ web \/ Twitter \/ Youtube [&hellip;]<\/p>\n","protected":false},"author":117,"featured_media":0,"parent":153,"menu_order":0,"comment_status":"closed","ping_status":"closed","template":"","meta":{"footnotes":""},"class_list":["post-13255","page","type-page","status-publish","hentry"],"_links":{"self":[{"href":"https:\/\/edublog.educastur.es\/ixuxu\/wp-json\/wp\/v2\/pages\/13255","targetHints":{"allow":["GET"]}}],"collection":[{"href":"https:\/\/edublog.educastur.es\/ixuxu\/wp-json\/wp\/v2\/pages"}],"about":[{"href":"https:\/\/edublog.educastur.es\/ixuxu\/wp-json\/wp\/v2\/types\/page"}],"author":[{"embeddable":true,"href":"https:\/\/edublog.educastur.es\/ixuxu\/wp-json\/wp\/v2\/users\/117"}],"replies":[{"embeddable":true,"href":"https:\/\/edublog.educastur.es\/ixuxu\/wp-json\/wp\/v2\/comments?post=13255"}],"version-history":[{"count":10,"href":"https:\/\/edublog.educastur.es\/ixuxu\/wp-json\/wp\/v2\/pages\/13255\/revisions"}],"predecessor-version":[{"id":13768,"href":"https:\/\/edublog.educastur.es\/ixuxu\/wp-json\/wp\/v2\/pages\/13255\/revisions\/13768"}],"up":[{"embeddable":true,"href":"https:\/\/edublog.educastur.es\/ixuxu\/wp-json\/wp\/v2\/pages\/153"}],"wp:attachment":[{"href":"https:\/\/edublog.educastur.es\/ixuxu\/wp-json\/wp\/v2\/media?parent=13255"}],"curies":[{"name":"wp","href":"https:\/\/api.w.org\/{rel}","templated":true}]}}