{"id":153,"date":"2020-08-05T18:15:46","date_gmt":"2020-08-05T18:15:46","guid":{"rendered":"https:\/\/edublog.educastur.es\/ixuxu\/?page_id=153"},"modified":"2022-01-25T11:18:01","modified_gmt":"2022-01-25T09:18:01","slug":"musica","status":"publish","type":"page","link":"https:\/\/edublog.educastur.es\/ixuxu\/musica\/","title":{"rendered":"M\u00daSICA"},"content":{"rendered":"<p>\u00abFalando\u00bb<a href=\"https:\/\/www.youtube.com\/watch?v=8Tu1QZedoIM\" target=\"_parent\" rel=\"noopener noreferrer\"><img loading=\"lazy\" decoding=\"async\" class=\"\" src=\"https:\/\/i.ytimg.com\/vi\/8Tu1QZedoIM\/maxresdefault.jpg\" width=\"301\" height=\"170\" border=\"1\" \/><\/a><\/p>\n<hr \/>\n<p><a href=\"https:\/\/youtu.be\/_q6_NtRyZ58\"><img loading=\"lazy\" decoding=\"async\" class=\"\" src=\"https:\/\/edublog.educastur.es\/ixuxullingua\/files\/2020\/07\/prestamevida-1-e1595031491294.jpg\" alt=\"\" width=\"372\" height=\"207\" \/><\/a><\/p>\n<hr \/>\n<p>&nbsp;<\/p>\n\n<!-- iframe plugin v.6.0 wordpress.org\/plugins\/iframe\/ -->\n<iframe loading=\"lazy\" width=\"588\" height=\"331\" src=\"https:\/\/www.youtube.com\/embed\/_q6_NtRyZ58\" scrolling=\"yes\" class=\"iframe-class\" frameborder=\"0\"><\/iframe>\n\n<hr \/>\n<p>&nbsp;<\/p>\n<p><a href=\"http:\/\/www.xuncir.net\/elcantardelvasu\/\"><img loading=\"lazy\" decoding=\"async\" class=\"alignnone \" src=\"http:\/\/www.xuncir.net\/elcantardelvasu\/wp-content\/uploads\/2014\/05\/portada01.png\" width=\"685\" height=\"306\" \/><\/a><\/p>\n<ul>\n<li><a href=\"http:\/\/www.xuncir.net\/elcantardelvasu\/\"><em><strong>El cantar del vasu<\/strong><\/em><\/a><\/li>\n<li><a href=\"http:\/\/www.xuncir.net\/elcantardelvasu\/lletra\/\">Lletra<\/a><\/li>\n<li><a href=\"http:\/\/www.xuncir.net\/elcantardelvasu\/vidiu\/\">Youtube<\/a><\/li>\n<\/ul>\n\n<!-- iframe plugin v.6.0 wordpress.org\/plugins\/iframe\/ -->\n<iframe loading=\"lazy\" width=\"588\" height=\"331\" src=\"https:\/\/www.youtube.com\/embed\/9hotzDv7ejA\" scrolling=\"yes\" class=\"iframe-class\" frameborder=\"0\"><\/iframe>\n\n<p>&nbsp;<\/p>\n<p>Si quies ver un vidiu de\u00a0<a href=\"http:\/\/www.xuncir.net\/elcantardelvasu\/como-se-fae\/\">c\u00f3mo se fae\u2019l cantar del vasu, Covadonda (alumna d\u2019asturianu del IES de Nore\u00f1a) despl\u00edcavoslo<\/a>.<\/p>\n<blockquote><p>Danme un billete pa colar d\u2019equ\u00ed<br \/>\nCon dos botelles pal cam\u00edn<br \/>\nY anque yo llevo y\u00e1 mil a\u00f1os xunto a ti<br \/>\nMarcho ma\u00f1ana \u00a1Seique s\u00ed!<\/p>\n<p>Si nun toi, si nun toi,<br \/>\n\u00bfEscaecer\u00e1sme si nun toi<br \/>\nO ver\u00e1sme en cualquier llau y llorar\u00e1s desconsol\u00e1u?<br \/>\n\u00bfEscaecer\u00e1sme si nun toi?<\/p>\n<p>Si nun toi, si nun toi,<br \/>\nvas alcordate bien de min.<br \/>\nvas alcordate del mio andar, la mio forma de pensar\u2026<br \/>\n\u00a1Ai! Vas alcordate bien de min<\/p>\n<p>Tengo billete pa marchar d\u2019equ\u00ed,<br \/>\nEl meyor sitiu pa vivir,<br \/>\nGuapos montes, guapos r\u00edos,<br \/>\nPe\u00f1es que te dan respigos<br \/>\nVan paecete vac\u00edos ensin min<\/p>\n<p>Si nun toi, si nun toi,<br \/>\nvas alcordate bien de min.<br \/>\nvas alcordate del mio andar, la mio forma de pensar\u2026<br \/>\n\u00a1Ai! Vas alcordate bien de min<\/p>\n<p>Si nun toi, si nun toi,<br \/>\n\u00bfEscaecer\u00e1sme si nun toi<br \/>\no morrer\u00e1s de se\u00f1ard\u00e1 por nun ser tu nunca m\u00e1s?<br \/>\n\u00bfEscaecer\u00e1sme si nun toi?<\/p>\n<p>Si nun toi, si nun toi,<br \/>\nvas alcordate bien de min.<br \/>\nvas alcordate del mio andar, la mio forma de falar\u2026<br \/>\n\u00a1S\u00ed! Vas alcordate bien de min<\/p><\/blockquote>\n<hr \/>\n<p>&nbsp;<\/p>\n<ul>\n<li><a href=\"https:\/\/www.shazam.com\/amp\/es\/track\/57605304\/la-de-les-vacaciones\">Los Berrones: \u00abLa de les vacaciones\u00bb<\/a><\/li>\n<li>https:\/\/www.shazam.com\/amp\/es\/track\/57605304\/la-de-les-vacaciones<\/li>\n<\/ul>\n<p>&nbsp;<\/p>\n<ul>\n<li><a href=\"https:\/\/www.musicasturiana.com\/\">Musicaasturiana.com<\/a><\/li>\n<\/ul>\n<p>&nbsp;<\/p>\n","protected":false},"excerpt":{"rendered":"<p>\u00abFalando\u00bb &nbsp; &nbsp; El cantar del vasu Lletra Youtube &nbsp; Si quies ver un vidiu de\u00a0c\u00f3mo se fae\u2019l cantar del vasu, Covadonda (alumna d\u2019asturianu del IES de Nore\u00f1a) despl\u00edcavoslo. Danme un billete pa colar d\u2019equ\u00ed Con dos botelles pal cam\u00edn Y anque yo llevo y\u00e1 mil a\u00f1os xunto a ti Marcho ma\u00f1ana \u00a1Seique s\u00ed! Si [&hellip;]<\/p>\n","protected":false},"author":117,"featured_media":0,"parent":0,"menu_order":0,"comment_status":"closed","ping_status":"closed","template":"","meta":{"footnotes":""},"class_list":["post-153","page","type-page","status-publish","hentry"],"_links":{"self":[{"href":"https:\/\/edublog.educastur.es\/ixuxu\/wp-json\/wp\/v2\/pages\/153","targetHints":{"allow":["GET"]}}],"collection":[{"href":"https:\/\/edublog.educastur.es\/ixuxu\/wp-json\/wp\/v2\/pages"}],"about":[{"href":"https:\/\/edublog.educastur.es\/ixuxu\/wp-json\/wp\/v2\/types\/page"}],"author":[{"embeddable":true,"href":"https:\/\/edublog.educastur.es\/ixuxu\/wp-json\/wp\/v2\/users\/117"}],"replies":[{"embeddable":true,"href":"https:\/\/edublog.educastur.es\/ixuxu\/wp-json\/wp\/v2\/comments?post=153"}],"version-history":[{"count":7,"href":"https:\/\/edublog.educastur.es\/ixuxu\/wp-json\/wp\/v2\/pages\/153\/revisions"}],"predecessor-version":[{"id":1025,"href":"https:\/\/edublog.educastur.es\/ixuxu\/wp-json\/wp\/v2\/pages\/153\/revisions\/1025"}],"wp:attachment":[{"href":"https:\/\/edublog.educastur.es\/ixuxu\/wp-json\/wp\/v2\/media?parent=153"}],"curies":[{"name":"wp","href":"https:\/\/api.w.org\/{rel}","templated":true}]}}