{"id":15730,"date":"2023-01-13T18:08:04","date_gmt":"2023-01-13T16:08:04","guid":{"rendered":"https:\/\/edublog.educastur.es\/ixuxu\/?page_id=15730"},"modified":"2026-01-07T14:43:40","modified_gmt":"2026-01-07T12:43:40","slug":"cientificu","status":"publish","type":"page","link":"https:\/\/edublog.educastur.es\/ixuxu\/calendariu\/cientificu\/","title":{"rendered":"Cient\u00edficu"},"content":{"rendered":"<div class=\"html-div xdj266r x11i5rnm xat24cr x1mh8g0r xexx8yu x1a8lsjc x1swvt13 x1pi30zi\">\n<div class=\"html-div xdj266r x11i5rnm xat24cr x1mh8g0r xexx8yu x4uap5 x18d9i69 xkhd6sd x1jx94hy x78zum5 x1q0g3np\">\n<div class=\"x78zum5 xdt5ytf xz62fqu x16ldp7u\">\n<div class=\"xu06os2 x1ok221b\">\n<div class=\"html-div xdj266r x11i5rnm xat24cr x1mh8g0r xexx8yu x4uap5 x18d9i69 xkhd6sd\" data-ad-rendering-role=\"profile_name\">\n<ul>\n<li class=\"html-h3 x11i5rnm xat24cr x1mh8g0r xexx8yu x4uap5 x18d9i69 xkhd6sd x1vvkbs x1heor9g x1qlqyl8 x1pd3egz x1a2a7pz x1gslohp x1yc453h\"><span class=\"x1lliihq x6ikm8r x10wlt62 x1n2onr6\"><span class=\"xt0psk2\"><a class=\"x1i10hfl xjbqb8w x1ejq31n xd10rxx x1sy0etr x17r0tee x972fbf xcfux6l x1qhh985 xm0m39n x9f619 x1ypdohk xt0psk2 xe8uvvx xdj266r x11i5rnm xat24cr x1mh8g0r xexx8yu x4uap5 x18d9i69 xkhd6sd x16tdsg8 x1hl2dhg xggy1nq x1a2a7pz x1sur9pj xkrqix3 xzsf02u x1s688f\" role=\"link\" href=\"https:\/\/www.facebook.com\/gobiernodeasturias?__cft__[0]=AZVw1yTcupv6kDOLe5qRQRmxQddiBvDDxvrhi0c6oJldWkuUMD5VaJmj_y_9UGhfSvpx7feOzSZp_Ynf_8-LwHVR7tkCkOo1-3Ay0kd-TQusRfAPWv8DTg9Sn01RViWWsYTeNiCROQZr1lui4Slb5VGZe5hLeBdDOkhJ457YSPojwR9CA6FZL4SvASPRfCUAJgYn6XBDiEKQhionwhYHrnThUYUOWY8sQMvs4YPG-UmzuA&amp;__tn__=-UC%2CP-y-R\" aria-describedby=\":rt8:\"><strong class=\"html-strong xdj266r x11i5rnm xat24cr x1mh8g0r xexx8yu x4uap5 x18d9i69 xkhd6sd x1hl2dhg x16tdsg8 x1vvkbs x1s688f\"><span class=\"html-span xdj266r x11i5rnm xat24cr x1mh8g0r xexx8yu x4uap5 x18d9i69 xkhd6sd x1hl2dhg x16tdsg8 x1vvkbs\">Principado de Asturias<\/span><\/strong><\/a><\/span><span class=\"html-span xdj266r x11i5rnm xat24cr x1mh8g0r xexx8yu x4uap5 x18d9i69 xkhd6sd x1hl2dhg x16tdsg8 x1vvkbs x1dor1uw x1n2onr6\">\u00a0<\/span><\/span><\/li>\n<\/ul>\n<\/div>\n<\/div>\n<div class=\"xu06os2 x1ok221b\">\n<ul>\n<li class=\"html-div xdj266r x11i5rnm xat24cr x1mh8g0r xexx8yu x4uap5 x18d9i69 xkhd6sd x1q0g3np\"><span class=\"html-span xexx8yu x4uap5 x18d9i69 xkhd6sd x1hl2dhg x16tdsg8 x1vvkbs x3nfvp2 x1j61x8r x1fcty0u xdj266r xat24cr xgzva0m xhhsvwb xxymvpz xlup9mm x1kky2od\"><img loading=\"lazy\" decoding=\"async\" class=\"xz74otr\" src=\"https:\/\/static.xx.fbcdn.net\/images\/emoji.php\/v9\/tba\/1\/16\/1f4e3.png\" alt=\"?\" width=\"16\" height=\"16\" \/><\/span> Nueva edici\u00f3n del Calendariu Cient\u00edficu Escolar 2025 con tolos aniversarios cient\u00edficos y actividaes para l&#8217;aula.<\/li>\n<li class=\"css-146c3p1 r-bcqeeo r-1ttztb7 r-qvutc0 r-37j5jr r-a023e6 r-rjixqe r-b88u0q r-1awozwy r-6koalj r-1udh08x r-3s2u2q\" dir=\"ltr\"><span class=\"css-1jxf684 r-dnmrzs r-1udh08x r-1udbk01 r-3s2u2q r-bcqeeo r-1ttztb7 r-qvutc0 r-poiln3\"><span class=\"css-1jxf684 r-bcqeeo r-1ttztb7 r-qvutc0 r-poiln3\">Calendario Cient\u00edfico Escolar <\/span><\/span>@CalCientifico \/<span class=\"css-1jxf684 r-bcqeeo r-1ttztb7 r-qvutc0 r-poiln3\">\u00a0<\/span><a class=\"css-1jxf684 r-bcqeeo r-1ttztb7 r-qvutc0 r-poiln3 r-1ny4l3l r-1ddef8g r-tjvw6i r-1loqt21\" dir=\"ltr\" role=\"link\" href=\"https:\/\/x.com\/PabloGToral\"><span class=\"css-1jxf684 r-bcqeeo r-1ttztb7 r-qvutc0 r-poiln3\">@PabloGToral<\/span><\/a><\/li>\n<li dir=\"ltr\"><a href=\"\/Users\/ISA\/Downloads\/ast%20Calendario%20cientifico%20escolar%202025.pdf\"><strong>2025<\/strong> pdf<\/a> \/ <a href=\"https:\/\/eventociencia.es\/calendario-cientifico-escolar\/\">web<\/a> \/<\/li>\n<li><\/li>\n<\/ul>\n<p style=\"text-align: center\"><a href=\"https:\/\/eventociencia.es\/wp-content\/uploads\/2025\/01\/Calendario-portada-2048x1451.png\"><img loading=\"lazy\" decoding=\"async\" class=\"aligncenter \" src=\"https:\/\/eventociencia.es\/wp-content\/uploads\/2025\/01\/Calendario-portada-2048x1451.png\" width=\"583\" height=\"413\" \/><\/a><\/p>\n<\/div>\n<\/div>\n<\/div>\n<\/div>\n<div class=\"html-div xdj266r x11i5rnm xat24cr x1mh8g0r xexx8yu x4uap5 x18d9i69 xkhd6sd\" dir=\"auto\">\n<div class=\"html-div xdj266r x11i5rnm xat24cr x1mh8g0r xexx8yu x4uap5 x18d9i69 xkhd6sd\" dir=\"auto\">\n<div class=\"html-div xdj266r x11i5rnm xat24cr x1mh8g0r xexx8yu x4uap5 x18d9i69 xkhd6sd\" data-ad-rendering-role=\"story_message\">\n<div class=\"x1l90r2v x1iorvi4 x1ye3gou xn6708d\" data-ad-comet-preview=\"message\" data-ad-preview=\"message\">\n<div class=\"x78zum5 xdt5ytf xz62fqu x16ldp7u\">\n<div class=\"xu06os2 x1ok221b\">\n<div class=\"xdj266r x11i5rnm xat24cr x1mh8g0r x1vvkbs x126k92a\">\n<ul>\n<li dir=\"auto\"><span class=\"html-span xexx8yu x4uap5 x18d9i69 xkhd6sd x1hl2dhg x16tdsg8 x1vvkbs x3nfvp2 x1j61x8r x1fcty0u xdj266r xat24cr xgzva0m xhhsvwb xxymvpz xlup9mm x1kky2od\"><img loading=\"lazy\" decoding=\"async\" class=\"xz74otr\" src=\"https:\/\/static.xx.fbcdn.net\/images\/emoji.php\/v9\/tff\/1\/16\/1f4c6.png\" alt=\"?\" width=\"16\" height=\"16\" \/><\/span><span class=\"html-span xdj266r x11i5rnm xat24cr x1mh8g0r xexx8yu x4uap5 x18d9i69 xkhd6sd x1hl2dhg x16tdsg8 x1vvkbs\"><a class=\"x1i10hfl xjbqb8w x1ejq31n xd10rxx x1sy0etr x17r0tee x972fbf xcfux6l x1qhh985 xm0m39n x9f619 x1ypdohk xt0psk2 xe8uvvx xdj266r x11i5rnm xat24cr x1mh8g0r xexx8yu x4uap5 x18d9i69 xkhd6sd x16tdsg8 x1hl2dhg xggy1nq x1a2a7pz x1sur9pj xkrqix3 x1fey0fg x1s688f\" role=\"link\" href=\"https:\/\/eventociencia.es\/calendario-cientifico-escolar\/?fbclid=IwZXh0bgNhZW0CMTAAAR1E75acyRJ_nxhm8H-Nksf7lGQbyMsWj-e1CBkSMAbTYoMsFk6L94HCJWc_aem_KMiF6h6_fpcCBx2SBY7peQ\" target=\"_blank\" rel=\"nofollow noopener noreferrer\">https:\/\/eventociencia.es\/calendario-cientifico-escolar\/<\/a><\/span><\/li>\n<\/ul>\n<div class=\"elementor-element elementor-element-edfeafe elementor-position-top elementor-widget elementor-widget-image-box\" data-id=\"edfeafe\" data-element_type=\"widget\" data-widget_type=\"image-box.default\">\n<div class=\"elementor-widget-container\">\n<div class=\"elementor-image-box-wrapper\">\n<div class=\"elementor-image-box-content\">\n<h4 class=\"elementor-image-box-title\"><span style=\"color: #008080\">Calendariu cientificu escolar n&#8217;asturianu<\/span><\/h4>\n<\/div>\n<\/div>\n<\/div>\n<\/div>\n<div class=\"elementor-element elementor-element-cfcd3ea elementor-icon-list--layout-inline elementor-align-center elementor-list-item-link-full_width elementor-widget elementor-widget-icon-list\" data-id=\"cfcd3ea\" data-element_type=\"widget\" data-widget_type=\"icon-list.default\">\n<div class=\"elementor-widget-container\">\n<ul class=\"elementor-icon-list-items elementor-inline-items\">\n<li class=\"elementor-icon-list-item elementor-inline-item\"><a href=\"https:\/\/digital.csic.es\/bitstream\/10261\/374853\/3\/ast%20Calendario%20cientifico%20escolar%202025.pdf\"><i class=\"far fa-calendar-alt\" aria-hidden=\"true\"><\/i><span class=\"elementor-icon-list-text\">Formato PDF<\/span><\/a><\/li>\n<li class=\"elementor-icon-list-item elementor-inline-item\"><a href=\"https:\/\/digital.csic.es\/bitstream\/10261\/374853\/6\/ast%20Propuestes%20d%20actividaes.pdf\"><i class=\"fas fa-book-open\" aria-hidden=\"true\"><\/i><span class=\"elementor-icon-list-text\">Actividades para el Aula<\/span><\/a><\/li>\n<li class=\"elementor-icon-list-item elementor-inline-item\"><a href=\"https:\/\/digital.csic.es\/bitstream\/10261\/374853\/4\/ast%20Oca%20de%20la%20ciencia.jpg\"><i class=\"fas fa-dice-five\" aria-hidden=\"true\"><\/i><span class=\"elementor-icon-list-text\">Tablero oca<\/span><\/a><\/li>\n<li class=\"elementor-icon-list-item elementor-inline-item\"><a href=\"https:\/\/digital.csic.es\/bitstream\/10261\/374853\/8\/ast%20Formatu%20accesible.docx\"><i class=\"fas fa-universal-access\" aria-hidden=\"true\"><\/i><span class=\"elementor-icon-list-text\">Formato Acc<\/span><\/a><\/li>\n<\/ul>\n<p>&nbsp;<\/p>\n<p style=\"text-align: center\"><a href=\"https:\/\/digital.csic.es\/bitstream\/10261\/374853\/4\/ast%20Oca%20de%20la%20ciencia.jpg\"><img loading=\"lazy\" decoding=\"async\" class=\"aligncenter size-large\" src=\"https:\/\/digital.csic.es\/bitstream\/10261\/374853\/4\/ast%20Oca%20de%20la%20ciencia.jpg\" width=\"3508\" height=\"2480\" \/><\/a><\/p>\n<p><em>calendario.cientifico@csic.es<\/em><\/p>\n<\/div>\n<\/div>\n<\/div>\n<\/div>\n<\/div>\n<\/div>\n<\/div>\n<\/div>\n<\/div>\n<p>&nbsp;<\/p>\n<hr \/>\n<p>&nbsp;<\/p>\n<p>&nbsp;<\/p>\n<div class=\"elementor-element elementor-element-edfeafe elementor-position-top elementor-widget elementor-widget-image-box\" data-id=\"edfeafe\" data-element_type=\"widget\" data-widget_type=\"image-box.default\">\n<div class=\"elementor-widget-container\">\n<div class=\"elementor-image-box-wrapper\">\n<div class=\"elementor-image-box-content\">\n<h4><a href=\"https:\/\/eventociencia.es\/calendario-cientifico-escolar\/\"><img loading=\"lazy\" decoding=\"async\" class=\"aligncenter \" src=\"https:\/\/eventociencia.es\/wp-content\/uploads\/2024\/01\/PORTADA-CALENDARIO-1080x1080-1.jpg\" width=\"463\" height=\"463\" \/><\/a><\/h4>\n<h4 class=\"elementor-image-box-title\">Calendariu cientificu escolar<\/h4>\n<\/div>\n<\/div>\n<\/div>\n<\/div>\n<div class=\"elementor-element elementor-element-cfcd3ea elementor-icon-list--layout-inline elementor-align-center elementor-list-item-link-full_width elementor-widget elementor-widget-icon-list\" data-id=\"cfcd3ea\" data-element_type=\"widget\" data-widget_type=\"icon-list.default\">\n<div class=\"elementor-widget-container\">\n<ul class=\"elementor-icon-list-items elementor-inline-items\">\n<li class=\"elementor-icon-list-item elementor-inline-item\"><a href=\"https:\/\/digital.csic.es\/bitstream\/10261\/341347\/3\/Calendariu%20Cient%c3%adficu%20Escolar%202024.pdf\"> <i class=\"far fa-calendar-alt\" aria-hidden=\"true\"><\/i> <span class=\"elementor-icon-list-text\">Formato PDF<\/span> <\/a><\/li>\n<li class=\"elementor-icon-list-item elementor-inline-item\"><a href=\"https:\/\/digital.csic.es\/bitstream\/10261\/341347\/5\/Propuestes%20d%27actividaes.pdf\"> <i class=\"fas fa-book-open\" aria-hidden=\"true\"><\/i> <span class=\"elementor-icon-list-text\">Act\u00edvidades para el Aula<\/span> <\/a><\/li>\n<li class=\"elementor-icon-list-item elementor-inline-item\"><a href=\"https:\/\/digital.csic.es\/bitstream\/10261\/341347\/4\/La%20oca%20de%20la%20ciencia%20AST.jpg\"> <i class=\"fas fa-dice-five\" aria-hidden=\"true\"><\/i> <span class=\"elementor-icon-list-text\">Tablero oca<\/span> <\/a><\/li>\n<li class=\"elementor-icon-list-item elementor-inline-item\"><a href=\"https:\/\/digital.csic.es\/bitstream\/10261\/341347\/6\/Calendariu%20cientificu%20escolar%202024_Formato%20accesible.docx\"> <i class=\"fas fa-universal-access\" aria-hidden=\"true\"><\/i> <span class=\"elementor-icon-list-text\">Formato Accesible<\/span> <\/a><\/li>\n<li class=\"elementor-icon-list-item elementor-inline-item\"><a href=\"https:\/\/digital.csic.es\/bitstream\/10261\/341347\/7\/asturianu.ical\"> <i class=\"fas fa-calendar-week\" aria-hidden=\"true\"><\/i> <span class=\"elementor-icon-list-text\">Formato Ical<\/span> <\/a><\/li>\n<\/ul>\n<\/div>\n<\/div>\n<ul>\n<li>Fonte: <a href=\"http:\/\/www.igm.ule-csic.es\/calendario-cientifico\">CSIC<\/a>\/<a href=\"http:\/\/www.igm.ule-csic.es\/calendario-cientifico\">web oficial<\/a> \/<\/li>\n<li><img loading=\"lazy\" decoding=\"async\" src=\"http:\/\/documenta.sitios.csic.es\/alfresco\/downloadpublic\/direct\/workspace\/SpacesStore\/7ac301fe-f522-4758-a03d-f5894a9253e9\/Bandera_Espa%25c3%25b1a.png\" alt=\"\" width=\"25\" height=\"17\" \/>\u00a0<a href=\"http:\/\/hdl.handle.net\/10261\/285100\">Calendario cient\u00edfico 23<\/a><\/li>\n<li><img loading=\"lazy\" decoding=\"async\" src=\"http:\/\/documenta.sitios.csic.es\/alfresco\/downloadpublic\/direct\/workspace\/SpacesStore\/3f3eca14-1110-40e5-9cc1-3af203a6a78e\/Bandera_Asturias.png\" alt=\"\" width=\"25\" height=\"17\" \/>\u00a0<a href=\"http:\/\/hdl.handle.net\/10261\/285124\">Calendariu cientificu 23<\/a><\/li>\n<li><a href=\"https:\/\/educastur-my.sharepoint.com\/:f:\/g\/personal\/isabellh_educastur_org\/Evcf-ztOtA1Fl9rGKtUE46YB2S_lWHKQiX2BinsZ-s6f2A?e=XOZeT6\"><strong>Carpeta archivos 2023<\/strong><\/a><\/li>\n<\/ul>\n<p>Y\u00e1 ta disponible&#8217;l calendariu cient\u00edficu escolar 2023. Una iniciativa impulsada pol Institutu de Ganader\u00eda de Monte (CSIC-ULE) para averar la cultura cient\u00edfica a la poblaci\u00f3n.<\/p>\n<ul>\n<li>Fonte: <a href=\"http:\/\/www.igm.ule-csic.es\/calendario-cientifico\">CSIC<\/a>\/<a href=\"http:\/\/www.igm.ule-csic.es\/calendario-cientifico\">web oficial<\/a> \/<\/li>\n<\/ul>\n<p style=\"text-align: center\"><img loading=\"lazy\" decoding=\"async\" class=\"alignnone \" src=\"http:\/\/documenta.sitios.csic.es\/alfresco\/downloadpublic\/direct\/workspace\/SpacesStore\/9d2d67b2-1b38-4a26-bff8-fa951521f352\/Portada%2520calendario%25202023.JPG\" width=\"586\" height=\"413\" \/><\/p>\n<ul>\n<li><span style=\"font-size: medium\"><img loading=\"lazy\" decoding=\"async\" src=\"http:\/\/documenta.sitios.csic.es\/alfresco\/downloadpublic\/direct\/workspace\/SpacesStore\/7ac301fe-f522-4758-a03d-f5894a9253e9\/Bandera_Espa%25c3%25b1a.png\" alt=\"\" width=\"25\" height=\"17\" \/><\/span>\u00a0<span style=\"font-size: medium\"><a href=\"http:\/\/hdl.handle.net\/10261\/285100\">Calendario cient\u00edfico escolar 2023<\/a><\/span><\/li>\n<li><span style=\"font-size: medium\"><img loading=\"lazy\" decoding=\"async\" src=\"http:\/\/documenta.sitios.csic.es\/alfresco\/downloadpublic\/direct\/workspace\/SpacesStore\/3f3eca14-1110-40e5-9cc1-3af203a6a78e\/Bandera_Asturias.png\" alt=\"\" width=\"25\" height=\"17\" \/><\/span>\u00a0<span style=\"font-size: medium\"><a href=\"http:\/\/hdl.handle.net\/10261\/285124\">Calendariu cientificu escolar 2023<\/a><\/span><\/li>\n<li><a href=\"https:\/\/digital.csic.es\/handle\/10261\/285124\">N&#8217;asturianu<\/a> \/<\/li>\n<li>\n<table class=\"table panel-body\">\n<tbody>\n<tr>\n<td class=\"standard\" headers=\"t1\"><a href=\"https:\/\/digital.csic.es\/bitstream\/10261\/285124\/4\/2023-AST-Calendariu-impresion-A4.pdf\" target=\"_blank\" rel=\"noopener\">2023-AST-Calendariu-impresion-A4.pdf<\/a><\/td>\n<td class=\"standard\" headers=\"t2\">Formato impresi\u00f3n A4<\/td>\n<td class=\"standard\" headers=\"t3\">38,51 MB<\/td>\n<td class=\"standard\" headers=\"t4\">Adobe PDF<\/td>\n<td class=\"standard\" align=\"center\"><\/td>\n<\/tr>\n<\/tbody>\n<\/table>\n<table class=\"table panel-body\">\n<tbody>\n<tr>\n<td class=\"standard\" headers=\"t1\"><a href=\"https:\/\/digital.csic.es\/bitstream\/10261\/285124\/5\/2023-AST-Calendariu-impresion-A3-folleto.pdf\" target=\"_blank\" rel=\"noopener\">2023-AST-Calendariu-impresion-A3-folleto.pdf<\/a><\/td>\n<td class=\"standard\" headers=\"t2\">Formato impresi\u00f3n A3<\/td>\n<td class=\"standard\" headers=\"t3\">78,58 MB<\/td>\n<td class=\"standard\" headers=\"t4\">Adobe PDF<\/td>\n<td class=\"standard\" align=\"center\"><\/td>\n<\/tr>\n<tr>\n<td class=\"standard\" headers=\"t1\"><a href=\"https:\/\/digital.csic.es\/bitstream\/10261\/285124\/6\/2023-AST-Guia-didactica.pdf\" target=\"_blank\" rel=\"noopener\">2023-AST-Guia-didactica.pdf<\/a><\/td>\n<td class=\"standard\" headers=\"t2\">Gu\u00eda did\u00e1ctica 2023<\/td>\n<td class=\"standard\" headers=\"t3\">11,81 MB<\/td>\n<td class=\"standard\" headers=\"t4\">Adobe PDF<\/td>\n<td class=\"standard\" align=\"center\"><\/td>\n<\/tr>\n<tr>\n<td class=\"standard\" headers=\"t1\"><a href=\"https:\/\/digital.csic.es\/bitstream\/10261\/285124\/7\/2023-AST-Calendariu-formato-accesible.docx\" target=\"_blank\" rel=\"noopener\">2023-AST-Calendariu-formato-accesible.docx<\/a><\/td>\n<td class=\"standard\" headers=\"t2\">Formato accesible<\/td>\n<td class=\"standard\" headers=\"t3\">65,51 kB<\/td>\n<td class=\"standard\" headers=\"t4\">Microsoft Word XML<\/td>\n<td class=\"standard\" align=\"center\"><\/td>\n<\/tr>\n<tr>\n<td class=\"standard\" headers=\"t1\"><a href=\"https:\/\/digital.csic.es\/bitstream\/10261\/285124\/8\/2023-AST-Calendario-online.ical\" target=\"_blank\" rel=\"noopener\">2023-AST-Calendario-online.ical<\/a><\/td>\n<td class=\"standard\" headers=\"t2\">Asturianu.ical<\/td>\n<td class=\"standard\" headers=\"t3\">123,46 kB<\/td>\n<td class=\"standard\" headers=\"t4\">Formato ical<\/td>\n<\/tr>\n<\/tbody>\n<\/table>\n<\/li>\n<\/ul>\n<p><strong>El Calendariu Cient\u00edficu Escolar 2023&#8243; ta dirix\u00edu principalmente al alumn\u00e1u d&#8217;educaci\u00f3n primaria<\/strong> y secundaria obligatoria. Acald\u00eda recoy\u00f3se un aniversariu cient\u00edficu o tecnol\u00f3xicu como, por casu, nacencies de persones d&#8217;estos \u00e1mbitos o conmemoraciones d&#8217;afayos destacables.<\/p>\n<p>El calendariu acompa\u00f1ase d&#8217;una gu\u00eda did\u00e1ctica con orientaciones para&#8217;l so aprovechamientu educativu tresversal nes clases. Estes propuestes did\u00e1ctiques parten de los principios d&#8217;inclusi\u00f3n, normalizaci\u00f3n y equidad y acomp\u00e1\u00f1ense de pautes xenerales d&#8217;accesibilid\u00e1. Para ello, ap\u00farrense xeres variaes qu&#8217;incl\u00fain un ampliu rangu d&#8217;habilidaes y niveles de dificult\u00e1 y que, desenvueltes de manera cooperativa, dexen que tol alumn\u00e1u faiga aportaciones \u00fatiles y relevantes. Am\u00e1s, ap\u00farrese un anexu con una selecci\u00f3n de efem\u00e9rides con redacci\u00f3n senciella a manera de referente para trabayar con alumn\u00e1u de menor ed\u00e1 con dificultaes comunicatives. Siguiendo los principios d&#8217;accesibilid\u00e1 y dise\u00f1u universal, el conten\u00edu del calendariu tami\u00e9n s&#8217;ufierta nun formatu accesible (testu planu) para la so entrega por aciu TTS, llectores de pantalla, ll\u00ednees Braille, etc.<\/p>\n<p>&nbsp;<\/p>\n<hr \/>\n<p style=\"text-align: center\"><span style=\"font-size: 28px;color: #008080\"><strong>2022<\/strong><\/span><\/p>\n<ul>\n<li><a href=\"https:\/\/digital.csic.es\/bitstream\/10261\/256426\/3\/2022-AST-Calendariu-cientificu-escolar-guia-didautica.pdf\">Gu\u00eda<\/a>.pdf \/ <a href=\"https:\/\/digital.csic.es\/bitstream\/10261\/256426\/7\/2022-AST-Calendariu-cientificu-escolar-impresion-A4.pdf\">A4<\/a> \/ <a href=\"https:\/\/digital.csic.es\/bitstream\/10261\/256426\/6\/2022-AST-Calendariu-cientificu-escolar-impresion-A3-folleto.pdf\">A3<\/a> \/ <a href=\"https:\/\/drive.google.com\/file\/d\/1a3laH5iw7ljCuUXE5WBxYd7JSIhx3GX1\/preview\">VER PDF<\/a><\/li>\n<\/ul>\n<p><a href=\"https:\/\/edublog.educastur.es\/ixuxu\/2022\/01\/el-calendariu-cientificu-escolar-2022-del-csic-nasturianu\/?preview_id=12829&amp;preview_nonce=5546226fc0&amp;post_format=standard&amp;_thumbnail_id=-1&amp;preview=true\"><img loading=\"lazy\" decoding=\"async\" class=\"aligncenter\" src=\"https:\/\/www.csic.es\/sites\/www.csic.es\/files\/calendarioweb-800x600.jpg\" alt=\"\" width=\"438\" height=\"328\" \/><\/a><img loading=\"lazy\" decoding=\"async\" class=\"alignnone size-full\" src=\"https:\/\/encrypted-tbn0.gstatic.com\/images?q=tbn:ANd9GcTR28kVyfgd3qwCkn2ICP6JNBpKea-RZS3fF5sLEuFyAkmWuml3Qyn-alg-FidZmJD8Ug&amp;usqp=CAU\" width=\"600\" height=\"64\" \/><\/p>\n","protected":false},"excerpt":{"rendered":"<p>Principado de Asturias\u00a0 Nueva edici\u00f3n del Calendariu Cient\u00edficu Escolar 2025 con tolos aniversarios cient\u00edficos y actividaes para l&#8217;aula. Calendario Cient\u00edfico Escolar @CalCientifico \/\u00a0@PabloGToral 2025 pdf \/ web \/ https:\/\/eventociencia.es\/calendario-cientifico-escolar\/ Calendariu cientificu escolar n&#8217;asturianu Formato PDF Actividades para el Aula Tablero oca Formato Acc &nbsp; calendario.cientifico@csic.es &nbsp; &nbsp; &nbsp; Calendariu cientificu escolar Formato PDF Act\u00edvidades para [&hellip;]<\/p>\n","protected":false},"author":117,"featured_media":0,"parent":15727,"menu_order":0,"comment_status":"closed","ping_status":"closed","template":"","meta":{"footnotes":""},"class_list":["post-15730","page","type-page","status-publish","hentry"],"_links":{"self":[{"href":"https:\/\/edublog.educastur.es\/ixuxu\/wp-json\/wp\/v2\/pages\/15730","targetHints":{"allow":["GET"]}}],"collection":[{"href":"https:\/\/edublog.educastur.es\/ixuxu\/wp-json\/wp\/v2\/pages"}],"about":[{"href":"https:\/\/edublog.educastur.es\/ixuxu\/wp-json\/wp\/v2\/types\/page"}],"author":[{"embeddable":true,"href":"https:\/\/edublog.educastur.es\/ixuxu\/wp-json\/wp\/v2\/users\/117"}],"replies":[{"embeddable":true,"href":"https:\/\/edublog.educastur.es\/ixuxu\/wp-json\/wp\/v2\/comments?post=15730"}],"version-history":[{"count":5,"href":"https:\/\/edublog.educastur.es\/ixuxu\/wp-json\/wp\/v2\/pages\/15730\/revisions"}],"predecessor-version":[{"id":65367,"href":"https:\/\/edublog.educastur.es\/ixuxu\/wp-json\/wp\/v2\/pages\/15730\/revisions\/65367"}],"up":[{"embeddable":true,"href":"https:\/\/edublog.educastur.es\/ixuxu\/wp-json\/wp\/v2\/pages\/15727"}],"wp:attachment":[{"href":"https:\/\/edublog.educastur.es\/ixuxu\/wp-json\/wp\/v2\/media?parent=15730"}],"curies":[{"name":"wp","href":"https:\/\/api.w.org\/{rel}","templated":true}]}}