{"id":17017,"date":"2023-03-04T15:38:22","date_gmt":"2023-03-04T13:38:22","guid":{"rendered":"https:\/\/edublog.educastur.es\/ixuxu\/?page_id=17017"},"modified":"2025-09-12T13:34:50","modified_gmt":"2025-09-12T11:34:50","slug":"ods-2030","status":"publish","type":"page","link":"https:\/\/edublog.educastur.es\/ixuxu\/ods-2030\/","title":{"rendered":"ODS 2030"},"content":{"rendered":"<ul>\n<li><a href=\"https:\/\/www.canva.com\/design\/DAFraoQFZ5E\/SxRKwNOMAGokFOXS7AjYYQ\">CANVA ODS n&#8217;asturianu:<\/a><\/li>\n<\/ul>\n<p style=\"text-align: center\">\n<!-- iframe plugin v.6.0 wordpress.org\/plugins\/iframe\/ -->\n<iframe loading=\"lazy\" 0=\"width:\" 1=\"460px;\" 2=\"height:\" 3=\"900px;\" src=\"https:\/\/www.canva.com\/design\/DAFraoQFZ5E\/SxRKwNOMAGokFOXS7AjYYQ\/view?embed\" allowfullscreen=\"allowfullscreen\" allow=\"fullscreen\" 4=\"\/iframe\" width=\"100%\" height=\"500\" scrolling=\"yes\" class=\"iframe-class\" frameborder=\"0\"><\/iframe>\n<\/p>\n<p style=\"text-align: center\">\n<!-- iframe plugin v.6.0 wordpress.org\/plugins\/iframe\/ -->\n<iframe loading=\"lazy\" 0=\"width:\" 1=\"230px;\" 2=\"height:\" 3=\"450px;\" src=\"https:\/\/www.canva.com\/design\/DAFraoQFZ5E\/SxRKwNOMAGokFOXS7AjYYQ\/view?embed\" allowfullscreen=\"allowfullscreen\" allow=\"fullscreen\" 4=\"\/iframe\" width=\"100%\" height=\"500\" scrolling=\"yes\" class=\"iframe-class\" frameborder=\"0\"><\/iframe>\n<\/p>\n<p><a href=\"https:\/\/www.un.org\/sustainabledevelopment\/wp-content\/uploads\/sites\/3\/2015\/01\/S-SDG-Poster_-Letter.jpg\"><img loading=\"lazy\" decoding=\"async\" class=\"aligncenter size-full\" src=\"https:\/\/www.un.org\/sustainabledevelopment\/wp-content\/uploads\/sites\/3\/2015\/01\/S-SDG-Poster_-Letter.jpg\" width=\"2048\" height=\"1583\" \/><\/a><a href=\"https:\/\/edublog.educastur.es\/ixuxu\/archivu-blogue\/\"><img loading=\"lazy\" decoding=\"async\" class=\"aligncenter\" src=\"https:\/\/encrypted-tbn0.gstatic.com\/images?q=tbn:ANd9GcTR28kVyfgd3qwCkn2ICP6JNBpKea-RZS3fF5sLEuFyAkmWuml3Qyn-alg-FidZmJD8Ug&amp;usqp=CAU\" width=\"189\" height=\"20\" \/><\/a><\/p>\n<p style=\"text-align: center\">\n<!-- iframe plugin v.6.0 wordpress.org\/plugins\/iframe\/ -->\n<iframe loading=\"lazy\" width=\"100%\" height=\"395\" src=\"https:\/\/www.youtube.com\/embed\/LHaJmwF-W-g\" title=\"La Agenda 2030 en el sector educativo\" frameborder=\"0\" allow=\"accelerometer; autoplay; clipboard-write; encrypted-media; gyroscope; picture-in-picture; web-share\" 0=\"allowfullscreen\" 1=\"\/iframe\" scrolling=\"yes\" class=\"iframe-class\"><\/iframe>\n<\/p>\n<ul>\n<li><a href=\"https:\/\/www.asturias.es\/detalle\/-\/categories\/920210?p_r_p_categoryId=920210&amp;_com_liferay_asset_categories_navigation_web_portlet_AssetCategoriesNavigationPortlet_articleId=1331621&amp;articleId=1331621&amp;title=Recursos%20educativos&amp;redirect=https%3A%2F%2Fwww.asturias.es%2Fgeneral%2F-%2Fcategories%2F572365%3Fp_r_p_categoryId%3D572365\">Recursos Educativos Asturias<\/a> \/<\/li>\n<\/ul>\n<table border=\"1\" cellspacing=\"0\" cellpadding=\"0\">\n<thead>\n<tr>\n<th scope=\"col\">Recursos ASTURIES<\/th>\n<th scope=\"col\">Pdf<\/th>\n<th scope=\"col\">Word<\/th>\n<\/tr>\n<\/thead>\n<tbody>\n<tr>\n<td>Todos los recursos<\/td>\n<td><a class=\"pdf\" title=\"Recursos educativos sobre la Agenda 2030. Abre en una nueva ventana\" href=\"ftp:\/\/ftp.asturias.es\/asturias\/agenda2030\/recursos_educativos\/recursos_agenda2030_y_b_gobierno.pdf\" target=\"_blank\" rel=\"noopener\">Todos los recursos<\/a>\u00a0(pdf:\u00a01,12 Mb)<\/td>\n<td><a class=\"word\" title=\"Recursos educativos sobre la Agenda 2030. Abre en una nueva ventana\" href=\"ftp:\/\/ftp.asturias.es\/asturias\/agenda2030\/recursos_educativos\/recursos_agenda2030_y_b_gobierno.docx\" target=\"_blank\" rel=\"noopener\">Todos los recursos<\/a>\u00a0(word:\u00a0162 Kb)<\/td>\n<\/tr>\n<tr>\n<td>Agenda 2030 y ODS: recursos comunes<\/td>\n<td><a class=\"pdf\" title=\"Recursos educativos sobre la Agenda 2030. Abre en una nueva ventana\" href=\"ftp:\/\/ftp.asturias.es\/asturias\/agenda2030\/recursos_educativos\/RECURSOS_A2030_comunes.pdf\" target=\"_blank\" rel=\"noopener\">Recursos comunes<\/a>\u00a0(pdf: 886 Kb)<\/td>\n<td><a class=\"word\" title=\"Recursos educativos sobre la Agenda 2030. Abre en una nueva ventana\" href=\"ftp:\/\/ftp.asturias.es\/asturias\/agenda2030\/recursos_educativos\/RECURSOS_A2030_comunes.docx\" target=\"_blank\" rel=\"noopener\">Recursos comunes<\/a>\u00a0(word:\u00a0131 Kb)<\/td>\n<\/tr>\n<tr>\n<td>Agenda 2030 y ODS: Edu. infantil<\/td>\n<td><a class=\"pdf\" title=\"Recursos educativos sobre la Agenda 2030. Abre en una nueva ventana\" href=\"ftp:\/\/ftp.asturias.es\/asturias\/agenda2030\/recursos_educativos\/RECURSOS_A2030_infantil.pdf\" target=\"_blank\" rel=\"noopener\">E. infantil<\/a>\u00a0(pdf: 779 Kb)<\/td>\n<td><a class=\"word\" title=\"Recursos educativos sobre la Agenda 2030. Abre en una nueva ventana\" href=\"ftp:\/\/ftp.asturias.es\/asturias\/agenda2030\/recursos_educativos\/RECURSOS_A2030_infantil.docx\" target=\"_blank\" rel=\"noopener\">Educaci\u00f3n infantil<\/a>\u00a0(word: 120 Kb)<\/td>\n<\/tr>\n<tr>\n<td>Agenda 2030 y ODS: Edu. primaria<\/td>\n<td><a class=\"pdf\" title=\"Recursos educativos sobre la Agenda 2030. Abre en una nueva ventana\" href=\"ftp:\/\/ftp.asturias.es\/asturias\/agenda2030\/recursos_educativos\/RECURSOS_A2030_primaria.pdf\" target=\"_blank\" rel=\"noopener\">E. primaria<\/a>\u00a0(pdf: 871 Kb)<\/td>\n<td><a class=\"word\" title=\"Recursos educativos sobre la Agenda 2030. Abre en una nueva ventana\" href=\"ftp:\/\/ftp.asturias.es\/asturias\/agenda2030\/recursos_educativos\/RECURSOS_A2030_primaria.docx\" target=\"_blank\" rel=\"noopener\">Educaci\u00f3n primaria<\/a>\u00a0(word: 125 kb)<\/td>\n<\/tr>\n<tr>\n<td>Agenda 2030 y ODS: ESO<\/td>\n<td><a class=\"pdf\" title=\"Recursos educativos sobre la Agenda 2030. Abre en una nueva ventana\" href=\"ftp:\/\/ftp.asturias.es\/asturias\/agenda2030\/recursos_educativos\/RECURSOS_A2030_secundaria.pdf\" target=\"_blank\" rel=\"noopener\">ESO secudaria<\/a>\u00a0(pdf: 868 Kb)<\/td>\n<td><a class=\"word\" title=\"Recursos educativos sobre la Agenda 2030. Abre en una nueva ventana\" href=\"ftp:\/\/ftp.asturias.es\/asturias\/agenda2030\/recursos_educativos\/RECURSOS_A2030_secundaria.docx\" target=\"_blank\" rel=\"noopener\">Educaci\u00f3n secudaria<\/a>\u00a0(word: 130 Kb)<\/td>\n<\/tr>\n<tr>\n<td>Agenda 2030 y ODS: Bachiller<\/td>\n<td><a class=\"pdf\" title=\"Recursos educativos sobre la Agenda 2030. Abre en una nueva ventana\" href=\"ftp:\/\/ftp.asturias.es\/asturias\/agenda2030\/recursos_educativos\/RECURSOS_A2030_bachiller .pdf\" target=\"_blank\" rel=\"noopener\">Bachiller<\/a>\u00a0(pdf: 801 Kb)<\/td>\n<td><a class=\"word\" title=\"Recursos educativos sobre la Agenda 2030. Abre en una nueva ventana\" href=\"ftp:\/\/ftp.asturias.es\/asturias\/agenda2030\/recursos_educativos\/RECURSOS_A2030_bachiller .docx\" target=\"_blank\" rel=\"noopener\">Bachiller<\/a>\u00a0(word: 122 Kb)<\/td>\n<\/tr>\n<tr>\n<td>Agenda 2030 y ODS: FP<\/td>\n<td><a class=\"pdf\" title=\"Recursos educativos sobre la Agenda 2030. Abre en una nueva ventana\" href=\"ftp:\/\/ftp.asturias.es\/asturias\/agenda2030\/recursos_educativos\/RECURSOS_A2030_FP.pdf\" target=\"_blank\" rel=\"noopener\">FP<\/a>\u00a0(pdf: 830 Kb)<\/td>\n<td><a class=\"word\" title=\"Recursos educativos sobre la Agenda 2030. Abre en una nueva ventana\" href=\"ftp:\/\/ftp.asturias.es\/asturias\/agenda2030\/recursos_educativos\/RECURSOS_A2030_FP.docx\" target=\"_blank\" rel=\"noopener\">FP<\/a>\u00a0(word: 124 Kb)<\/td>\n<\/tr>\n<tr>\n<td>Transparencia y Buen Gobierno<\/td>\n<td><a class=\"pdf\" title=\"Recursos educativos sobre la Agenda 2030. Abre en una nueva ventana\" href=\"ftp:\/\/ftp.asturias.es\/asturias\/agenda2030\/recursos_educativos\/RECURSOS_Transparencia_Buen_Gobierno.pdf\" target=\"_blank\" rel=\"noopener\">Transparencia y Buen Gobierno<\/a>\u00a0(pdf: 626 Kb)<\/td>\n<td><a class=\"word\" title=\"Recursos educativos sobre la Agenda 2030. Abre en una nueva ventana\" href=\"ftp:\/\/ftp.asturias.es\/asturias\/agenda2030\/recursos_educativos\/RECURSOS_Transparencia_Buen_Gobierno.docx\" target=\"_blank\" rel=\"noopener\">Transparencia y Buen Gobierno<\/a>\u00a0(word: 119 Kb)<\/td>\n<\/tr>\n<\/tbody>\n<\/table>\n<ul>\n<li>Fonte: Princip\u00e1u d&#8217;Asturies \/ <a href=\"https:\/\/www.youtube.com\/@principadodeasturias3679\">Youtube<\/a><\/li>\n<\/ul>\n<p style=\"text-align: center\"><strong>\n<!-- iframe plugin v.6.0 wordpress.org\/plugins\/iframe\/ -->\n<iframe loading=\"lazy\" width=\"100%\" height=\"395\" src=\"https:\/\/www.youtube.com\/embed\/B9vpLeIRnZE\" title=\"Axenda 2030\" frameborder=\"0\" allow=\"accelerometer; autoplay; clipboard-write; encrypted-media; gyroscope; picture-in-picture; web-share\" 0=\"allowfullscreen\" 1=\"\/iframe\" scrolling=\"yes\" class=\"iframe-class\"><\/iframe>\n<\/strong><\/p>\n<ul>\n<li><a href=\"https:\/\/www.youtube.com\/watch?v=DVpaf4tw2A0\">OD1. Fin de la probeza<\/a> \/<\/li>\n<\/ul>\n<p style=\"text-align: center\">\n<!-- iframe plugin v.6.0 wordpress.org\/plugins\/iframe\/ -->\n<iframe loading=\"lazy\" width=\"100%\" height=\"395\" src=\"https:\/\/www.youtube.com\/embed\/DVpaf4tw2A0\" title=\"ODS 1. Fin de la probeza\" frameborder=\"0\" allow=\"accelerometer; autoplay; clipboard-write; encrypted-media; gyroscope; picture-in-picture; web-share\" 0=\"allowfullscreen\" 1=\"\/iframe\" scrolling=\"yes\" class=\"iframe-class\"><\/iframe>\n<\/p>\n<hr \/>\n<h4 class=\"subtit-azul\">\u00bfQU\u00c9 SON LOS OBJETIVOS DE DESARROLLO SOSTENIBLE?<\/h4>\n<p>Los Objetivos de Desarrollo Sostenible forman parte de una llamada a la acci\u00f3n promovida desde Naciones Unidas con el fin de lograr un mundo m\u00e1s sostenible y m\u00e1s justo y fueron determinados a trav\u00e9s de un proceso de consulta internacional iniciado en 2012 y finalizado en 2015. Se han determinado 17 Objetivos interconectados que nos permitir\u00e1n alcanzar ese fin en tem\u00e1ticas tan distintas como cambio clim\u00e1tico, desigualdad, consumo sostenible, o paz y justicia entre otros. Es un reto de la comunidad internacional que en Asturias hacemos nuestro.<\/p>\n<h4 class=\"subtit-azul\">\u00bfCU\u00c1LES SON LOS 17 OBJETIVOS DE DESARROLLO SOSTENIBLE?<\/h4>\n<p>Los 17 Objetivos de Desarrollo Sostenible son:<\/p>\n<p><strong>Objetivo 1<\/strong>.\u00a0<a title=\"Fin de la pobreza\" href=\"https:\/\/www.asturias.es\/detalle\/-\/categories\/572368?p_r_p_categoryId=572368&amp;_com_liferay_asset_categories_navigation_web_portlet_AssetCategoriesNavigationPortlet_articleId=2524209&amp;articleId=840048&amp;title=La%20Agenda%202030&amp;redirect=https%3A%2F%2Fwww.asturias.es%2Fgeneral%2F-%2Fcategories%2F572368%3Fp_r_p_categoryId%3D572368\" target=\"_self\" rel=\"noopener\">Fin de la pobreza<\/a>\u00a0(poner fin a la pobreza en todas sus formas y en todo el mundo).<\/p>\n<p><strong>Objetivo 2<\/strong>.\u00a0<a title=\"Hambre cero\" href=\"https:\/\/www.asturias.es\/detalle\/-\/categories\/572368?p_r_p_categoryId=572368&amp;_com_liferay_asset_categories_navigation_web_portlet_AssetCategoriesNavigationPortlet_articleId=2524209&amp;articleId=840301&amp;title=La%20Agenda%202030&amp;redirect=https%3A%2F%2Fwww.asturias.es%2Fgeneral%2F-%2Fcategories%2F572368%3Fp_r_p_categoryId%3D572368\" target=\"_self\" rel=\"noopener\">Hambre cero<\/a>\u00a0(poner fin al hambre, lograr la seguridad alimentaria y la mejora de la nutrici\u00f3n y promover la agricultura sostenible).<\/p>\n<p><strong>Objetivo 3<\/strong>.\u00a0<a title=\"Salud y bienestar\" href=\"https:\/\/www.asturias.es\/detalle\/-\/categories\/572368?%20p_r_p_categoryId=572368&amp;_com_liferay_asset_categories_navigation_web_portlet_AssetCategoriesNavigationPortlet_ar%20ticleId=842391%20&amp;articleId=842391&amp;title=La%20Agenda%202030&amp;redirect=https%3A%2F%2Fwww.asturias.es%2Fgeneral%2F-%20%2Fcategories%2F572368%3Fp_r_p_categoryId%3D572368\" target=\"_self\" rel=\"noopener\">Salud y bienestar<\/a>\u00a0(garantizar una vida sana y promover el bienestar de todos a todas las edades).<\/p>\n<p><strong>Objetivo 4<\/strong>.\u00a0<a title=\"Educaci\u00f3n de calidad\" href=\"https:\/\/www.asturias.es\/detalle\/-\/categories\/572368?%20p_r_p_categoryId=572368&amp;_com_liferay_asset_categories_navigation_web_portlet_AssetCategoriesNavigationPortlet_ar%20ticleId=842517%20&amp;articleId=842517&amp;title=La%20Agenda%202030&amp;redirect=https%3A%2F%2Fwww.asturias.es%2Fgeneral%2F-%20%2Fcategories%2F572368%3Fp_r_p_categoryId%3D572368\" target=\"_self\" rel=\"noopener\">Educaci\u00f3n de calidad<\/a>\u00a0(garantizar una educaci\u00f3n inclusiva y equitativa de calidad y promover oportunidades de aprendizaje permanente para todos).<\/p>\n<p><strong>Objetivo 5<\/strong>.\u00a0<a title=\"Igualdad de g\u00e9nero\" href=\"https:\/\/www.asturias.es\/detalle\/-\/categories\/572368?%20p_r_p_categoryId=572368&amp;_com_liferay_asset_categories_navigation_web_portlet_AssetCategoriesNavigationPortlet_ar%20ticleId=842579%20&amp;articleId=842579&amp;title=La%20Agenda%202030&amp;redirect=https%3A%2F%2Fwww.asturias.es%2Fgeneral%2F-%20%2Fcategories%2F572368%3Fp_r_p_categoryId%3D572368\" target=\"_self\" rel=\"noopener\">Igualdad de g\u00e9nero<\/a>\u00a0(lograr la igualdad de g\u00e9nero y empoderar a todas las mujeres y las ni\u00f1as).<\/p>\n<p><strong>Objetivo 6<\/strong>.\u00a0<a title=\"Agua limpia y saneamiento\" href=\"https:\/\/www.asturias.es\/detalle\/-\/categories\/572368?%20p_r_p_categoryId=572368&amp;_com_liferay_asset_categories_navigation_web_portlet_AssetCategoriesNavigationPortlet_ar%20ticleId=842646%20&amp;articleId=842646&amp;title=La%20Agenda%202030&amp;redirect=https%3A%2F%2Fwww.asturias.es%2Fgeneral%2F-%20%2Fcategories%2F572368%3Fp_r_p_categoryId%3D572368\" target=\"_self\" rel=\"noopener\">Agua limpia y saneamiento<\/a>\u00a0(garantizar la disponibilidad y la gesti\u00f3n sostenible del agua y el saneamiento para todos).<\/p>\n<p><strong>Objetivo 7<\/strong>.\u00a0<a title=\"Energ\u00eda asequible y no contaminante\" href=\"https:\/\/www.asturias.es\/detalle\/-\/categories\/572368?%20p_r_p_categoryId=572368&amp;_com_liferay_asset_categories_navigation_web_portlet_AssetCategoriesNavigationPortlet_ar%20ticleId=842765%20&amp;articleId=842765&amp;title=La%20Agenda%202030&amp;redirect=https%3A%2F%2Fwww.asturias.es%2Fgeneral%2F-%20%2Fcategories%2F572368%3Fp_r_p_categoryId%3D572368\" target=\"_self\" rel=\"noopener\">Energ\u00eda asequible y no contaminante<\/a>\u00a0(garantizar el acceso a una energ\u00eda asequible, fiable, sostenible y moderna para todos).<\/p>\n<p><strong>Objetivo 8<\/strong>.\u00a0<a title=\"Trabajo decente y crecimiento econ\u00f3mico\" href=\"https:\/\/www.asturias.es\/detalle\/-\/categories\/572368?%20p_r_p_categoryId=572368&amp;_com_liferay_asset_categories_navigation_web_portlet_AssetCategoriesNavigationPortlet_ar%20ticleId=842927%20&amp;articleId=842927&amp;title=La%20Agenda%202030&amp;redirect=https%3A%2F%2Fwww.asturias.es%2Fgeneral%2F-%20%2Fcategories%2F572368%3Fp_r_p_categoryId%3D572368\" target=\"_self\" rel=\"noopener\">Trabajo decente y crecimiento econ\u00f3mico<\/a>\u00a0(promover el crecimiento econ\u00f3mico sostenido, inclusivo y sostenible, el empleo pleno y productivo y el trabajo decente para todos).<\/p>\n<p><strong>Objetivo 9<\/strong>.\u00a0<a title=\"Industria, innovaci\u00f3n e infraestructura\" href=\"https:\/\/www.asturias.es\/detalle\/-\/categories\/572368?%20p_r_p_categoryId=572368&amp;_com_liferay_asset_categories_navigation_web_portlet_AssetCategoriesNavigationPortlet_ar%20ticleId=842993%20&amp;articleId=842993&amp;title=La%20Agenda%202030&amp;redirect=https%3A%2F%2Fwww.asturias.es%2Fgeneral%2F-%20%2Fcategories%2F572368%3Fp_r_p_categoryId%3D572368\" target=\"_self\" rel=\"noopener\">Industria, innovaci\u00f3n e infraestructura<\/a>\u00a0(construir infraestructuras resilientes, promover la industrializaci\u00f3n inclusiva y sostenible y fomentar la innovaci\u00f3n).<\/p>\n<p><strong>Objetivo 10<\/strong>.\u00a0<a title=\"Reducci\u00f3n de las desigualdades\" href=\"https:\/\/www.asturias.es\/detalle\/-\/categories\/572368?%20p_r_p_categoryId=572368&amp;_com_liferay_asset_categories_navigation_web_portlet_AssetCategoriesNavigationPortlet_ar%20ticleId=843028%20&amp;articleId=843028&amp;title=La%20Agenda%202030&amp;redirect=https%3A%2F%2Fwww.asturias.es%2Fgeneral%2F-%20%2Fcategories%2F572368%3Fp_r_p_categoryId%3D572368\" target=\"_self\" rel=\"noopener\">Reducci\u00f3n de las desigualdades<\/a>\u00a0(reducir la desigualdad en los pa\u00edses y entre ellos).<\/p>\n<p><strong>Objetivo 11<\/strong>.\u00a0<a title=\"Ciudades y comunidades sostenibles\" href=\"https:\/\/www.asturias.es\/detalle\/-\/categories\/572368?%20p_r_p_categoryId=572368&amp;_com_liferay_asset_categories_navigation_web_portlet_AssetCategoriesNavigationPortlet_ar%20ticleId=843100%20&amp;articleId=843100&amp;title=La%20Agenda%202030&amp;redirect=https%3A%2F%2Fwww.asturias.es%2Fgeneral%2F-%20%2Fcategories%2F572368%3Fp_r_p_categoryId%3D572368\" target=\"_self\" rel=\"noopener\">Ciudades y comunidades sostenibles<\/a>\u00a0(lograr que las ciudades y los asentamientos humanos sean inclusivos, seguros, resilientes y sostenibles).<\/p>\n<p><strong>Objetivo 12<\/strong>.\u00a0<a title=\"Producci\u00f3n y consumo responsable\" href=\"https:\/\/www.asturias.es\/detalle\/-\/categories\/572368?%20p_r_p_categoryId=572368&amp;_com_liferay_asset_categories_navigation_web_portlet_AssetCategoriesNavigationPortlet_ar%20ticleId=843289%20&amp;articleId=843289&amp;title=La%20Agenda%202030&amp;redirect=https%3A%2F%2Fwww.asturias.es%2Fgeneral%2F-%20%2Fcategories%2F572368%3Fp_r_p_categoryId%3D572368\" target=\"_self\" rel=\"noopener\">Producci\u00f3n y consumo responsable<\/a>\u00a0(garantizar modalidades de consumo y producci\u00f3n sostenibles).<\/p>\n<p><strong>Objetivo 13<\/strong>.\u00a0<a title=\"Acci\u00f3n por el clima\" href=\"https:\/\/www.asturias.es\/detalle\/-\/categories\/572368?%20p_r_p_categoryId=572368&amp;_com_liferay_asset_categories_navigation_web_portlet_AssetCategoriesNavigationPortlet_ar%20ticleId=843326%20&amp;articleId=843326&amp;title=La%20Agenda%202030&amp;redirect=https%3A%2F%2Fwww.asturias.es%2Fgeneral%2F-%20%2Fcategories%2F572368%3Fp_r_p_categoryId%3D572368\" target=\"_self\" rel=\"noopener\">Acci\u00f3n por el clima<\/a>\u00a0(adoptar medidas urgentes para combatir el cambio clim\u00e1tico y sus efectos*).<\/p>\n<p><strong>Objetivo 14<\/strong>.\u00a0<a title=\"Vida submarina\" href=\"https:\/\/www.asturias.es\/detalle\/-\/categories\/572368?%20p_r_p_categoryId=572368&amp;_com_liferay_asset_categories_navigation_web_portlet_AssetCategoriesNavigationPortlet_ar%20ticleId=843346%20&amp;articleId=843346&amp;title=La%20Agenda%202030&amp;redirect=https%3A%2F%2Fwww.asturias.es%2Fgeneral%2F-%20%2Fcategories%2F572368%3Fp_r_p_categoryId%3D572368\" target=\"_self\" rel=\"noopener\">Vida submarina<\/a>\u00a0(conservar y utilizar sosteniblemente los oc\u00e9anos, los mares y los recursos marinos para el desarrollo sostenible).<\/p>\n<p><strong>Objetivo 15<\/strong>.\u00a0<a title=\"Vida de ecosistemas terrestres\" href=\"https:\/\/www.asturias.es\/detalle\/-\/categories\/572368?%20p_r_p_categoryId=572368&amp;_com_liferay_asset_categories_navigation_web_portlet_AssetCategoriesNavigationPortlet_ar%20ticleId=843366%20&amp;articleId=843366&amp;title=La%20Agenda%202030&amp;redirect=https%3A%2F%2Fwww.asturias.es%2Fgeneral%2F-%20%2Fcategories%2F572368%3Fp_r_p_categoryId%3D572368\" target=\"_self\" rel=\"noopener\">Vida de ecosistemas terrestres<\/a>\u00a0(proteger, restablecer y promover el uso sostenible de los ecosistemas terrestres, gestionar sosteniblemente los bosques, luchar contra la desertificaci\u00f3n, detener e invertir la degradaci\u00f3n de las tierras y detener la p\u00e9rdida de biodiversidad).<\/p>\n<p><strong>Objetivo 16<\/strong>.\u00a0<a title=\"Paz, justicia e instituciones s\u00f3lidas\" href=\"https:\/\/www.asturias.es\/detalle\/-\/categories\/572368?%20p_r_p_categoryId=572368&amp;_com_liferay_asset_categories_navigation_web_portlet_AssetCategoriesNavigationPortlet_ar%20ticleId=843392%20&amp;articleId=843392&amp;title=La%20Agenda%202030&amp;redirect=https%3A%2F%2Fwww.asturias.es%2Fgeneral%2F-%20%2Fcategories%2F572368%3Fp_r_p_categoryId%3D572368\" target=\"_self\" rel=\"noopener\">Paz, justicia e instituciones s\u00f3lidas<\/a>\u00a0(promover sociedades pac\u00edficas e inclusivas para el desarrollo sostenible, facilitar el acceso a la justicia para todos y construir a todos los niveles instituciones eficaces e inclusivas que rindan cuentas).<\/p>\n<p><strong>Objetivo 17<\/strong>.\u00a0<a title=\"Alianzas para lograr los objetivos\" href=\"https:\/\/www.asturias.es\/detalle\/-\/categories\/572368?%20p_r_p_categoryId=572368&amp;_com_liferay_asset_categories_navigation_web_portlet_AssetCategoriesNavigationPortlet_ar%20ticleId=843412%20&amp;articleId=843412&amp;title=La%20Agenda%202030&amp;redirect=https%3A%2F%2Fwww.asturias.es%2Fgeneral%2F-%20%2Fcategories%2F572368%3Fp_r_p_categoryId%3D572368\" target=\"_self\" rel=\"noopener\">Alianzas para lograr los objetivos<\/a>\u00a0(fortalecer los medios de implementaci\u00f3n y revitalizar la Alianza Mundial para el Desarrollo Sostenible).<\/p>\n<h4 class=\"subtit-azul\"><\/h4>\n<h4 class=\"subtit-azul\">\u00bfC\u00d3MO LOS ALCANZAREMOS?<\/h4>\n<p>Para cumplir la Agenda 2030 necesitaremos de la colaboraci\u00f3n de todos y todas. Necesitaremos una alianza de Administraciones p\u00fablicas, sector privado, sociedad civil y ciudadan\u00eda comprometidos en legar a futuras generaciones un planeta y una sociedad m\u00e1s sostenible y m\u00e1s justa. En Asturias estamos ya trabajando en ello.<\/p>\n<p><a href=\"https:\/\/www.mdsocialesa2030.gob.es\/agenda2030\/documentos\/directrices-gen-eds.pdf\"><img decoding=\"async\" src=\"https:\/\/sede.asturias.es\/webasturias\/Repositorio\/ICONOS\/ico-pdf.gif\" \/>\u00a0<\/a><a href=\"https:\/\/www.mdsocialesa2030.gob.es\/agenda2030\/documentos\/directrices-gen-eds.pdf\" target=\"_blank\" rel=\"noopener\">Directrices generales de la Estrategia de Desarrollo Sostenible<\/a>\u00a0(pdf: 1,3\u00a0Mb)<\/p>\n<p>&nbsp;<\/p>\n<p style=\"text-align: center\">\n","protected":false},"excerpt":{"rendered":"<p>CANVA ODS n&#8217;asturianu: Recursos Educativos Asturias \/ Recursos ASTURIES Pdf Word Todos los recursos Todos los recursos\u00a0(pdf:\u00a01,12 Mb) Todos los recursos\u00a0(word:\u00a0162 Kb) Agenda 2030 y ODS: recursos comunes Recursos comunes\u00a0(pdf: 886 Kb) Recursos comunes\u00a0(word:\u00a0131 Kb) Agenda 2030 y ODS: Edu. infantil E. infantil\u00a0(pdf: 779 Kb) Educaci\u00f3n infantil\u00a0(word: 120 Kb) Agenda 2030 y ODS: Edu. primaria [&hellip;]<\/p>\n","protected":false},"author":117,"featured_media":0,"parent":0,"menu_order":0,"comment_status":"closed","ping_status":"closed","template":"","meta":{"footnotes":""},"class_list":["post-17017","page","type-page","status-publish","hentry"],"_links":{"self":[{"href":"https:\/\/edublog.educastur.es\/ixuxu\/wp-json\/wp\/v2\/pages\/17017","targetHints":{"allow":["GET"]}}],"collection":[{"href":"https:\/\/edublog.educastur.es\/ixuxu\/wp-json\/wp\/v2\/pages"}],"about":[{"href":"https:\/\/edublog.educastur.es\/ixuxu\/wp-json\/wp\/v2\/types\/page"}],"author":[{"embeddable":true,"href":"https:\/\/edublog.educastur.es\/ixuxu\/wp-json\/wp\/v2\/users\/117"}],"replies":[{"embeddable":true,"href":"https:\/\/edublog.educastur.es\/ixuxu\/wp-json\/wp\/v2\/comments?post=17017"}],"version-history":[{"count":10,"href":"https:\/\/edublog.educastur.es\/ixuxu\/wp-json\/wp\/v2\/pages\/17017\/revisions"}],"predecessor-version":[{"id":57581,"href":"https:\/\/edublog.educastur.es\/ixuxu\/wp-json\/wp\/v2\/pages\/17017\/revisions\/57581"}],"wp:attachment":[{"href":"https:\/\/edublog.educastur.es\/ixuxu\/wp-json\/wp\/v2\/media?parent=17017"}],"curies":[{"name":"wp","href":"https:\/\/api.w.org\/{rel}","templated":true}]}}