{"id":19232,"date":"2023-05-03T12:35:12","date_gmt":"2023-05-03T10:35:12","guid":{"rendered":"https:\/\/edublog.educastur.es\/ixuxu\/?page_id=19232"},"modified":"2023-09-18T07:23:51","modified_gmt":"2023-09-18T05:23:51","slug":"19232-2","status":"publish","type":"page","link":"https:\/\/edublog.educastur.es\/ixuxu\/asturies\/19232-2\/","title":{"rendered":"D\u00eda bandera"},"content":{"rendered":"<ul>\n<li><a href=\"https:\/\/banderadeasturias.es\">https:\/\/banderadeasturias.es<\/a><\/li>\n<li><a href=\"https:\/\/www.educastur.es\/-\/el-principado-organiza-el-mi%C3%A9rcoles-3-de-mayo-una-charla-en-oviedo-para-presentar-el-webc%C3%B3mic-el-origen-de-la-bandera-asturiana?redirect=%2F\">Educastur<\/a> \/<a href=\"https:\/\/www.javidecastro.com\/\"><strong> Javi de Castro<\/strong><\/a> \/<a href=\"https:\/\/twitter.com\/javi_decastro\">Twitter<\/a> \/<\/li>\n<li><a class=\"jpg\" title=\"2023_04_26 Portada webcomic.jpg. Abre una nueva ventana\" href=\"https:\/\/actualidad.asturias.es\/documents\/533407\/0\/2023_04_26+Portada+webcomic.jpg\/f76850b6-d298-b37a-7a85-11acf3e7b7ec?t=1682506245796\" target=\"_blank\" rel=\"noopener\">2023_04_26 Portada webcomic.jpg<\/a><\/li>\n<li><a href=\"https:\/\/www.educastur.es\/-\/el-principado-organiza-el-mi%C3%A9rcoles-3-de-mayo-una-charla-en-oviedo-para-presentar-el-webc%C3%B3mic-el-origen-de-la-bandera-asturiana?redirect=%2F\"><strong>D\u00eda de la bandera Educastur<\/strong><\/a>\u00a0\/\u00a0<a href=\"https:\/\/edublog.educastur.es\/ixuxu\/2023\/04\/25-mayu-dia-de-la-bandera-asturiana\/\"><strong>Ixuxu<\/strong><\/a><\/li>\n<li>\n<h2 class=\"entry-title\"><a href=\"https:\/\/edublog.educastur.es\/ixuxu\/2023\/04\/25-mayu-dia-de-la-bandera-asturiana\/\" rel=\"bookmark\">25 mayu: D\u00eda de la bandera asturiana<\/a><\/h2>\n<\/li>\n<\/ul>\n<p>&nbsp;<\/p>\n<p><a href=\"https:\/\/www.educastur.es\/documents\/34868\/41143\/EDUCASTUR_300x90.jpg\/66dc267b-192b-3444-197f-9da556b872dc?t=1682585759980\"><img loading=\"lazy\" decoding=\"async\" class=\"aligncenter size-full\" src=\"https:\/\/www.educastur.es\/documents\/34868\/41143\/EDUCASTUR_300x90.jpg\/66dc267b-192b-3444-197f-9da556b872dc?t=1682585759980\" width=\"300\" height=\"90\" \/><\/a><\/p>\n<p><a href=\"https:\/\/edublog.educastur.es\/ixuxu\/archivu-blogue\/\"><img loading=\"lazy\" decoding=\"async\" class=\"aligncenter\" src=\"https:\/\/encrypted-tbn0.gstatic.com\/images?q=tbn:ANd9GcTR28kVyfgd3qwCkn2ICP6JNBpKea-RZS3fF5sLEuFyAkmWuml3Qyn-alg-FidZmJD8Ug&amp;usqp=CAU\" width=\"328\" height=\"35\" \/><\/a><\/p>\n<ul>\n<li><a href=\"https:\/\/www.educastur.es\/-\/el-principado-organiza-el-mi%C3%A9rcoles-3-de-mayo-una-charla-en-oviedo-para-presentar-el-webc%C3%B3mic-el-origen-de-la-bandera-asturiana?redirect=%2F\"><strong>D\u00eda de la bandera Educastur<\/strong><\/a> \/ <a href=\"https:\/\/edublog.educastur.es\/ixuxu\/2023\/04\/25-mayu-dia-de-la-bandera-asturiana\/\"><strong>Ixuxu<\/strong><\/a><\/li>\n<li>\n<h2 class=\"entry-title\"><a href=\"https:\/\/edublog.educastur.es\/ixuxu\/2023\/04\/25-mayu-dia-de-la-bandera-asturiana\/\" rel=\"bookmark\">25 mayu: D\u00eda de la bandera asturiana<\/a><\/h2>\n<\/li>\n<li><a href=\"https:\/\/banderadeasturias.es\">https:\/\/banderadeasturias.es<\/a><\/li>\n<\/ul>\n<p><a href=\"https:\/\/edublog.educastur.es\/ixuxu\/2023\/04\/25-mayu-dia-de-la-bandera-asturiana\/\"><img loading=\"lazy\" decoding=\"async\" class=\"aligncenter size-full\" src=\"https:\/\/estaticos-cdn.prensaiberica.es\/clip\/a4d76aaa-1911-40e2-aa47-ee732fee0a7e_source-aspect-ratio_default_0.jpg\" width=\"787\" height=\"981\" \/><\/a><\/p>\n<p><em><a href=\"https:\/\/edublog.educastur.es\/ixuxu\/archivu-blogue\/\"><img loading=\"lazy\" decoding=\"async\" class=\" aligncenter\" src=\"https:\/\/encrypted-tbn0.gstatic.com\/images?q=tbn:ANd9GcTR28kVyfgd3qwCkn2ICP6JNBpKea-RZS3fF5sLEuFyAkmWuml3Qyn-alg-FidZmJD8Ug&amp;usqp=CAU\" width=\"291\" height=\"31\" \/><\/a><\/em><\/p>\n<ul>\n<li><a href=\"https:\/\/banderadeasturias.es\">https:\/\/banderadeasturias.es<\/a><\/li>\n<li><a href=\"https:\/\/www.educastur.es\/-\/el-principado-organiza-el-mi%C3%A9rcoles-3-de-mayo-una-charla-en-oviedo-para-presentar-el-webc%C3%B3mic-el-origen-de-la-bandera-asturiana?redirect=%2F\">Educastur<\/a> \/<a href=\"https:\/\/www.javidecastro.com\/\"><strong> Javi de Castro<\/strong><\/a> \/<a href=\"https:\/\/twitter.com\/javi_decastro\">Twitter<\/a> \/ <a href=\"https:\/\/rtpa.es\/noticias-sociedad-ast:Un-webcomic-con-la-historia-del-levantamiento-de-Asturias-contra-los-franceses-en-1808_111683629779.html\">RTPA<\/a>\u00a0 Videu\/<\/li>\n<li><a class=\"jpg\" title=\"2023_04_26 Portada webcomic.jpg. Abre una nueva ventana\" href=\"https:\/\/actualidad.asturias.es\/documents\/533407\/0\/2023_04_26+Portada+webcomic.jpg\/f76850b6-d298-b37a-7a85-11acf3e7b7ec?t=1682506245796\" target=\"_blank\" rel=\"noopener\">2023_04_26 Portada webcomic.jpg<\/a><\/li>\n<li><span style=\"font-size: 20px\"><em><strong>I.\u00a0<a href=\"https:\/\/banderadeasturias.es\/01-ast\/\">Cam\u00edn<\/a><\/strong>\u00a0(mi\u00e9rcoles, 3).<\/em><\/span><\/li>\n<li><span style=\"font-size: 20px\"><em><strong>II. <a href=\"https:\/\/banderadeasturias.es\/02-cas\/\">9 de mayu<\/a><\/strong> (martes, 9).<\/em><\/span><\/li>\n<li><span style=\"font-size: 20px\"><em><strong>III.<a href=\"https:\/\/banderadeasturias.es\/03-cas\/\"> Joaquina<\/a><\/strong> (vienres, 12).<\/em><\/span><\/li>\n<li><span style=\"font-size: 20px\"><em><strong>IV.<a href=\"https:\/\/banderadeasturias.es\/04-ast\/\"> Estertores<\/a><\/strong> (llunes, 15).<\/em><\/span><\/li>\n<li><span style=\"font-size: 20px\"><em><strong>V. <a href=\"https:\/\/banderadeasturias.es\/05-ast\/\">El cursu de l\u2019agua<\/a><\/strong> (mi\u00e9rcoles, 17).<\/em><\/span><\/li>\n<li><span style=\"font-size: 20px\"><em><strong>VI. <a href=\"https:\/\/banderadeasturias.es\/06-ast\/\">Los que vuelvan<\/a><\/strong> (vienres, 19).<\/em><\/span><\/li>\n<li><span style=\"font-size: 20px\"><em><strong>VII. <a href=\"https:\/\/banderadeasturias.es\/07-ast\/\">La llave<\/a><\/strong> (martes, 23).<\/em><\/span><\/li>\n<li><span style=\"font-size: 20px\"><em><strong>VIII. <a href=\"https:\/\/banderadeasturias.es\/inicio-ast\/\">25 de mayu<\/a><\/strong> (xueves, 25).<\/em><\/span><\/li>\n<\/ul>\n<p>&nbsp;<\/p>\n<p>&nbsp;<\/p>\n<p style=\"text-align: center\"><a href=\"https:\/\/www.educastur.es\/documents\/34868\/41143\/2023-04-actividades-principado-dia-bandera-astur-567.jpg\/1f95513f-7492-d5d0-29ec-9f47a2c0da7b?t=1682585273635\"><img loading=\"lazy\" decoding=\"async\" class=\"aligncenter \" src=\"https:\/\/www.educastur.es\/documents\/34868\/41143\/2023-04-actividades-principado-dia-bandera-astur-567.jpg\/1f95513f-7492-d5d0-29ec-9f47a2c0da7b?t=1682585273635\" width=\"299\" height=\"372\" \/><\/a><\/p>\n<p>El Princip\u00e1u entama&#8217;l mi\u00e9rcoles 3 de mayu una charra n&#8217;Uvi\u00e9u para presentar el webc\u00f3mic <strong>L&#8217;orixe de la bandera asturiana<\/strong><\/p>\n<p>El Gobiernu del Princip\u00e1u entama&#8217;l mi\u00e9rcoles 3 de mayu, a les 19.30 hores, nel Club Prensa Asturiana de La Nueva Espa\u00f1a, una charra para presentar el proyectu L&#8217;orixe de la bandera d&#8217;Asturies, al travi\u00e9s d&#8217;un webc\u00f3mic realiz\u00e1u pol ilustrador Javi de Castro.<\/p>\n<p style=\"text-align: center\"><span style=\"color: #008080;font-size: 20px\"><strong>La hestoria d&#8217;Asturies da&#8217;l saltu al c\u00f3mic.<\/strong><\/span><\/p>\n<p><span style=\"color: #008080\"><em>El trabayu del ilustrador Javi de Castru pretende cuntar l&#8217;orixe de la bandera y el llevantamientu de 1808. El webc\u00f3mic, escritu y dibux\u00e1u pol ilustrador afinc\u00e1u en Xix\u00f3n Javi de Castro (Lli\u00f3n, 1990), ta compuestu por ocho histories que narren los acontecimientos que derivaron na rebeli\u00f3n del 25 de mayu de 1808. En redol a esta hestoria gr\u00e1fica, habil\u00edtase una p\u00e1xina web na que podr\u00e1 aportase a diversos conten\u00edos que tienen por oxetu sopelexar y promocionar el 25 de mayu, fecha d&#8217;afitamientu de la bandera d&#8217;Asturies como ense\u00f1a d&#8217;usu popular.<\/em><\/span><\/p>\n<p>Esta iniciativa cultural pretende dar a conocer a los m\u00e1s nuevos los acontecimientos que tuvieron llugar el 25 de mayu de 1808, cuando Asturies declar\u00f3 la guerra a la Francia de Napole\u00f3n y, de manera especial, l&#8217;afitamientu de l&#8217;actual bandera del Princip\u00e1u como ense\u00f1a d&#8217;usu popular.<\/p>\n<p>La Conseyer\u00eda d&#8217;Educaci\u00f3n unvi\u00f3 un bolet\u00edn a los centros d&#8217;ense\u00f1anza para solicitar que collaboren nel espardimientu d&#8217;esti novedosu proyectu, que se presenta en castell\u00e1n, asturianu y eo-naviegu. Am\u00e1s, conv\u00eddalos a utilizalo col alumn\u00e1u de la ESO y Bachilleratu como material de trabayu nes aules, bien n&#8217;asignatures d&#8217;Hestoria, art\u00edstiques o lling\u00fc\u00edstiques, o en formatu d&#8217;alderique.<\/p>\n<p>L&#8217;actu de presentaci\u00f3n d&#8217;Uvi\u00e9u puede ser un puntu de partida para empecipiar esos trabayos nos centros educativos. N\u00e9l van intervenir Javi de Castro, autor d&#8217;esti webc\u00f3mic estrem\u00e1u n&#8217;ocho episodios; Jos\u00e9 Mar\u00eda Fern\u00e1ndez, presidente de la Socied\u00e1 Econ\u00f3mica d&#8217;Amigos del Pa\u00eds d&#8217;Asturies, y Josefina Velasco, bibliotecaria de la Xunta Xeneral del Princip\u00e1u. La presentaci\u00f3n va correr al cargu de la directora del Club Prensa Asturiana, Mar\u00eda Jos\u00e9 Iglesias.<\/p>\n<p>Los materiales pueden consultase na p\u00e1xina web: <a href=\"https:\/\/banderadeasturias.es\">https:\/\/banderadeasturias.es<\/a><\/p>\n<p style=\"text-align: center\"><a href=\"https:\/\/banderadeasturias.es\/levantamiento-cas\/\"><span style=\"font-size: 24px\"><strong><span style=\"color: #008080\"> El llevantamientu asturianu<\/span><\/strong><\/span><\/a><\/p>\n<p>Conoz c\u00f3mo&#8217;l llevantamientu del 25 de mayu signific\u00f3 una revoluci\u00f3n pol\u00edtica hest\u00f3rica, cola Xunta Xeneral asumiendo la defensa frente al invasor franc\u00e9s y adelantrando principios constitucionales. <a href=\"https:\/\/banderadeasturias.es\/levantamiento-cas\/\">Enllaz.<\/a><\/p>\n<p style=\"text-align: center\"><a href=\"https:\/\/youtu.be\/5iKzbEX15Fk\"><strong><span style=\"color: #008080;font-size: 20px\"> El d\u00eda qu&#8217;Asturies declar\u00f3 la guerra a Napole\u00f3n<\/span><\/strong><\/a><\/p>\n<p>La rex\u00f3n at\u00f3pase en guerra mientres 1808 contra la invasi\u00f3n francesa, y un pueblu enteru llevantase n&#8217;armes.<a href=\"https:\/\/youtu.be\/5iKzbEX15Fk\"><strong> Enllaz Videu<\/strong><\/a><\/p>\n<p style=\"text-align: center\">\n<!-- iframe plugin v.6.0 wordpress.org\/plugins\/iframe\/ -->\n<iframe loading=\"lazy\" width=\"100%\" height=\"395\" src=\"https:\/\/www.youtube.com\/embed\/5iKzbEX15Fk\" title=\"El dia que Asturias declaro la guerra a Napoleon\" frameborder=\"0\" allow=\"accelerometer; autoplay; clipboard-write; encrypted-media; gyroscope; picture-in-picture; web-share\" 0=\"allowfullscreen\" 1=\"\/iframe\" scrolling=\"yes\" class=\"iframe-class\"><\/iframe>\n<\/p>\n<p style=\"text-align: center\"><a href=\"https:\/\/www.asturias.es\/documents\/217090\/1946881\/Significacion-dia25demayode1808.pdf\/f2041ef7-177f-b402-73e2-e0d9b9a24b2d?t=1672305549970\"><span style=\"color: #008080;font-size: 20px\"><strong> La significaci\u00f3n hist\u00f3ricu-pol\u00edtica del 25 de mayu de 1808<\/strong><\/span><\/a><\/p>\n<p>La llucha d&#8217;Asturies contra Napole\u00f3n y la so resistencia a la invasi\u00f3n francesa fueron fundamentales na configuraci\u00f3n de la identid\u00e1 asturiana. <a href=\"https:\/\/www.asturias.es\/documents\/217090\/1946881\/Significacion-dia25demayode1808.pdf\/f2041ef7-177f-b402-73e2-e0d9b9a24b2d?t=1672305549970\">Enllaz<\/a><\/p>\n<p style=\"text-align: center\"><a href=\"https:\/\/eparlamento.jgpa.es\/jovellanos\/index.html\"><span style=\"font-size: 20px;color: #008080\"><strong>Carta de Xovellanos<\/strong><\/span><\/a><\/p>\n<p>Un apasionante estudiu poles distintes opiniones sobro&#8217;l verdaderu blas\u00f3n del Princip\u00e1u d&#8217;Asturies, dende la representaci\u00f3n de suelas de zapatu negres hasta la elecci\u00f3n ente dos cruces. <a href=\"https:\/\/eparlamento.jgpa.es\/jovellanos\/index.html\">Enllaz.<\/a><\/p>\n<hr \/>\n<p><span style=\"color: #808080\">Carta al se\u00f1or marqu\u00e9s de Camposagrado, coronel del Regimiento de nobles asturianos, sobre el blas\u00f3n que debe pintarse en sus banderas.<\/span><\/p>\n<p><span style=\"color: #808080\">Mi mui estimado amigo y se\u00f1or: el deseo que vuestra merced me manifiesta de saber qu\u00e1l sea el verdadero blas\u00f3n que pinta nuestro Principado en sus armas, excita una duda nunca presentada a mi imaginaci\u00f3n. Quanto m\u00e1s pienso en ella, m\u00e1s me admira que un punto que el hecho y el uso declaran en todas partes se halle entre nosotros en tal perplegidad. Bien s\u00e9 la poca estimaci\u00f3n en que est\u00e1 la ciencia her\u00e1ldica y que nada se aventurar\u00eda en abandonarla del todo, pero si este estudio puede merecer alg\u00fan aprecio ser\u00e1 sin duda con relaci\u00f3n a los reynos y provincias; puesto que sus blasones tienen siempre su origen en hechos grandes y enlazados con la historia nacional mientras los de las familias o se pierden en los tiempos fabulosos, o se derivan de ficciones modernas, o a lo m\u00e1s se apoian sobre acciones peque\u00f1as y privadas.<\/span><\/p>\n<p><span style=\"color: #808080\">Fuera de que el objeto de la pregunta de vuestra merced no s\u00f3lo hace justa esta discusi\u00f3n sino tambi\u00e9n necesaria, pues trat\u00e1ndose de representar nuestros blasones en las banderas del nuevo Reximiento2 v. de nobles asturianos, ya se ve que fuera tanta mengua ignorarlos como no tenerlos. Vamos pues a determinarlos con la posible exactitud.<\/span><\/p>\n<p><span style=\"color: #808080\">El punto, como dije, es dudoso y por tanto primero referir\u00e9 y examinar\u00e9 por su orden las varias opiniones que hai acerca de \u00e9l, y despu\u00e9s deducir\u00e9 y explicar\u00e9 la que deve seguirse.<\/span><\/p>\n<p><span style=\"color: #808080\">La m\u00e1s antigua da por blas\u00f3n al Principado de Asturias o tres o cinco suelas de zapato, ya negras, ya leonadas, ya en fondo de metal, y ya de color, que tanta es la variedad con que la exponen sus autores. Esta opini\u00f3n era sostenida por algunos en tiempo de Carballo, el primero de nuestros coronistas, y por eso la llamo la m\u00e1s antigua. Sigui\u00f3la despu\u00e9s el can\u00f3nigo Tirso de Avil\u00e9s en su obra geneal\u00f3gica de las casas de Asturias escrita a principios del siglo pasado, de la qual tengo una mala copia, aunque apreciable (si pueden serlo tales miserias) por las notas que puso en ella a principios de este siglo don Manuel Caballero Fl\u00f3rez y Vald\u00e9s, rexidor del concejo de Tineo. Las palabras de Tirso de Avil\u00e9s son como siguen: \u00abson las armas de Asturias tres suelas de zapato negras en campo amarillo; y es que como aquellas gentes anduvieron por aquellos montes s\u00f3lo se preven\u00edan de suelas de zapatos para el reparo de los pies\u00bb. El padre Carballo desecha esta opini\u00f3n con desprecio, por absolutamente infundada, otro tanto hace Caballero, su escoliador .<\/span><\/p>\n<p><span style=\"color: #808080\">Y, sin tanta autoridad, quedar\u00eda arruinada por s\u00ed misma porque sobre ser enteramente voluntario y ah\u00fan rid\u00edculo el origen que da Tirso de Avil\u00e9s al blas\u00f3n de las suelas: \u00bfqu\u00e1l pudo ser la epoca, qu\u00e1l la ocasi\u00f3n y qu\u00e1les los autores a que se refiere? Por otra parte, \u00bfqu\u00e1l es el monumento p\u00fablico en que se halle representado? Lo que yo creo o por lo menos congeturo es que como la familia de \u00c1lvarez de las Asturias pintaba estas suelas en sus armas, seg\u00fan asegura el mismo Avil\u00e9s, y de esta familia hubo en otro tiempo algunos adelantados, o merinos mayores, en Asturias; pudo ser que se atribuyesen a la provincia los blasones que pintaban sus gefes. Sea lo que fuere de esto en semejante materia me parece que ser\u00e1 mejor andar descalzos que calzados con estas suelas.<\/span><\/p>\n<p><span style=\"color: #808080\">El padre Carballo, que escribi\u00f3 a fines del3 v. siglo 16, y antes que Tirso de Avil\u00e9s, pues es citado de \u00e9l, establece otra opini\u00f3n, se\u00f1alando un blas\u00f3n de m\u00e1s noble y alto origen. Dice que el Principado de Asturias, as\u00ed como la ciudad y santa yglesia de Oviedo, pintan por armas la famosa Cruz llamada de los \u00c1ngeles. Sus palabras al p\u00e1rrafo 24 del t\u00edtulo 17, parte segunda, son las siguientes: \u00abEl retrato de esta Cruz de los \u00c1ngeles ha tomado por insignia la santa yglesia de Oviedo&#8230; y asimismo la ciudad la pone por timbres de las reales armas que pinta&#8230; y la misma cruz pinta todo el Principado de Asturias, y no las cinco suelas de zapatos curtidas que algunos le atribuyen sin fundamento alguno; pues no hai se\u00f1al de tales armas en todo Asturias, ni jam\u00e1s la ha habido ni rastro de ellas\u00bb. Sigue diciendo que esta cruz se pintaba en todos los libros antiguos de aquellos tiempos, y que se hallaba tambi\u00e9n en muchos edificios de la ciudad y Principado, y por \u00faltimo a\u00f1ade: \u00aby en el Archivo de la ciudad de Oviedo vi un sello de metal en dos piezas, para hacer sellos de plomo o cera, y en \u00e9l la cruz con los dos \u00e1ngeles a los lados y alrededor, estas letras: Angelica laetum cruce sublimatur ovetum; y en la otra parte tiene la figura del rey don Alonso el Casto sentado en su trono con una espada en la mano y en la otra el cetro, y coronado con cerco alrededor de la cabeza como suelen pintar los santos y alrededor estas letras que corresponden con las de arriba: Regis habendo tronum Casti Regnum et Patronum. Y se hallan algunas escrituras mui antiguas con este mismo sello que tiene m\u00e1s de quatro dedos en ancho\u00bb.<\/span><\/p>\n<p><span style=\"color: #808080\">Esta opini\u00f3n tan agradable a la piedad, satisface mui poco a la buena cr\u00edtica. Las razones de Carballo bastan ciertamente para concluir que la cruz ang\u00e9lica es el verdadero blas\u00f3n de la yglesia y ciudad de Oviedo, mas no que lo es del reyno, provincia o Principado de Asturias. El sello que describe encontrado entre los papeles de la ciudad prueba que a ella pertenec\u00eda aquel blas\u00f3n, pues serv\u00eda para autorizar sus diplomas; y lo mismo probar\u00e1 aquella santa cruz, si se halla dibuxada en pergaminos, o esculpida en edificios pertenecientes a la ciudad, o a la santa yglesia; sin que se pueda inferir, de uno ni otro, que era blas\u00f3n del Principado. Fuera de que en ambos puntos tengo grandes razones para creer que se equiboc\u00f3 Carballo, como dir\u00e9 despu\u00e9s.<\/span><\/p>\n<p><span style=\"color: #808080\">Hay otra opini\u00f3n m\u00e1s apoiada en uso que en autoridad y que sin embargo deber\u00eda preferirse, si el uso fuese general y constante, porque al fin estas materias admiten prescripci\u00f3n y se deciden por el hecho. Seg\u00fan esta opini\u00f3n, el Principado pinta por armas un escudo de quatro quarteles: en el primero y \u00faltimo, un castillo y un le\u00f3n; y en el segundo y tercero, las copas, c\u00e1lizes o copones. Yo he visto estas armas en algunos impresos modernos y es regular, por lo mismo, que el molde de su tipo exista en la ymprenta de esa ciudad, y tal vez que en sus archivos haia alguna memoria de su origen. Carballo y Avil\u00e9s no hacen menci\u00f3n alguna de este blas\u00f3n pero era ya conocido y usado a la mitad del siglo anterior como vamos a ver.<\/span><\/p>\n<p><span style=\"color: #808080\">L\u00e1zaro D\u00edaz del Valle, natural de Le\u00f3n y coronista de los reynos, escribi\u00f3 a la mitad del siglo pasado una obra intitulada Historia y nobleza del reyno de Le\u00f3n y Principado de Asturias cuio original he reconocido. En ella, despu\u00e9s de referir a la larga la fundaci\u00f3n del Principado de Asturias, pone en forma de \u00e1rbol un cat\u00e1logo de sus pr\u00edncipes con una nota marginal que dice as\u00ed: \u00abEl Principado de Asturias antiguamente trah\u00eda por armas en escudo de oro tres suelas de zapatos leonadas. Despu\u00e9s trujo un escudo partido en quarteles: en el primero, castillo de oro en campo colorado; y en el quarto, un le\u00f3n rojo sobre plata; y en segundo y tercero, dos copas de oro en campo azul; y al presente trae la cruz de oro que hicieron los \u00e1ngeles en campo colorado, teni\u00e9ndola dos \u00e1ngeles en forma de adoraci\u00f3n\u00bb.<\/span><\/p>\n<p><span style=\"color: #808080\">Para demostraci\u00f3n de estos blasones los dibuja y representa el autor al lado del \u00e1rbol geneal\u00f3gico en tres diferentes escudos conformes en todo con la descripci\u00f3n de la nota. Pero como este autor no da ning\u00fan apoio ni cita ning\u00fan documento en confirmaci\u00f3n del uso de estos blasones, es de creer que su opini\u00f3n fuese formada sobre la del padre Carballo, y acaso la del can\u00f3nigo Tirso de Avil\u00e9s; y lo que hemos dicho acerca de ellas debe servir para calificar la suya que s\u00f3lo prueba que el blas\u00f3n de las copas era conocido en su tiempo.<\/span><\/p>\n<p><span style=\"color: #808080\">La cuarta y \u00faltima opini\u00f3n, y la que al parecer se acerca m\u00e1s a la verdad, es la que el caballero Trelles expone al cap\u00edtulo 36, parte primera de su Asturias ilustrada, por estas palabras: \u00abEsta santa yglesia y la ciudad de Oviedo tienen por particulares armas y divisa suia esta cruz fabricada por los \u00e1ngeles, poni\u00e9ndola en sus escudos en la figura que en ella misma se reconoce y a los dos lados dos \u00e1ngeles como ador\u00e1ndola. Pero el todo del Principado usa por divisa y armas suias la Cruz que llaman de la Victoria, que es a similitud de la de roble que trah\u00eda por estandarte don Pelayo en las batallas\u00bb.<\/span><\/p>\n<p><span style=\"color: #808080\">Aunque Trelles no presenta pruebas de raciocinio, de autoridad ni de hecho para fundar esta opini\u00f3n es a mi juicio la que tiene m\u00e1s argumentos en su favor. La cruz esculpida en varios antiguos edificios del Principado no es la de los \u00c1ngeles, como crei\u00f3 equivocadamente Carballo y ah\u00fan tambi\u00e9n Ambrosio de Morales, sino la de la Victoria. As\u00ed lo manifiestan las que est\u00e1n sobre la fortaleza y fuente de Foncalada y las de la yglesia vieja de Valdedi\u00f3s, fundaci\u00f3n de don Alonso el Magno, y de Deva, fundaci\u00f3n de do\u00f1a Velasquita, mujer de don Bermudo II, y otras que ahora no tengo presentes.<\/span><\/p>\n<p><span style=\"color: #808080\">[Otro tanto se puede decir de la cruz que se ve dibujada en los antiguos privilegios, como prueban, adem\u00e1s de su forma, el alpha y omega pendientes de sus brazos, y de que dar\u00e9 despu\u00e9s alguna raz\u00f3n para mayor ilustraci\u00f3n de este punto.]<\/span><\/p>\n<p><span style=\"color: #808080\">La forma de estas dos cruzes es tan diferente que dif\u00edcilmente puede equibocarse por m\u00e1s que la impericia de los antiguos gravadores y amanuenses las haya desfigurado. La de los \u00c1ngeles se compone de quatro tri\u00e1ngulos de los que llaman los ge\u00f3metras ysoceles unidos por los v\u00e9rtices en un punto. Y la de la Victoria es una cruz regular, floreada en los estremos de cabeza y brazos y con el alpha y omega pendientes de ellos. Es f\u00e1cil por lo mismo distinguirlas doquiera que se encuentren. [Pero la forma del pie de la Cruz de la Victoria ofrece una circunstancia mui digna de notarse pues representa el largo espig\u00f3n que ser]v\u00eda para ponerla en su astil y llevarla en las batallas como se\u00f1al o gui\u00f3n militar; lo que basta para distinguirla de la Cruz de los \u00c1ngeles, y para darle el car\u00e1cter de blas\u00f3n propio de nuestros reyes, como efectivamente lo era.<\/span><\/p>\n<p><span style=\"color: #808080\">El alpha y omega representadas en forma de colgantes por bajo de los brazos de esta cruz la caracterizan m\u00e1s se\u00f1aladamente y m\u00e1s a nuestro prop\u00f3sito; por que estas misteriosas letras se hallan no s\u00f3lo en las cruces esculpidas en los antiguos edificios que hemos citado sino tambi\u00e9n dibujadas al principio de los privilegios de nuestros reyes, y prueban que en unos y otros se trataba de representar la Cruz de la Victoria y no la de los \u00c1ngeles.<\/span><\/p>\n<p><span style=\"color: #808080\">Por \u00faltimo, podemos citar al mismo Carballo en apoyo de nuestra opini\u00f3n. Y es ciertamente de estra\u00f1ar que habiendo conocido el uso antiguo de este blas\u00f3n no se hubiese decidido por \u00e9l. En la parte segunda, t\u00edtulo 20, p\u00e1rrafo 20, despu\u00e9s de haber hablado del origen de esta cruz y dado su descripci\u00f3n, dice as\u00ed: \u00abFue tan devoto de esta cruz el rey don Alonso el Magno que tom\u00f3 su retrato como por insignia y armas, poni\u00e9ndole a los lados el alpha y omega, que son la primera y \u00faltima letra del alphaveto griego, insignia antigua que usaron los cat\u00f3licos y fieles para diferenciarse de los hereges arrianos&#8230; Y esta es la primera insignia y armas que hallamos haber tenido los reyes de Espa\u00f1a despu\u00e9s de su general destruci\u00f3n, porque ni hasta entonces, ni muchos a\u00f1os despu\u00e9s, usaron otra insignia\u00bb. Si pues hemos probado que ni nuestros reyes ni nuestro Principado usaron despu\u00e9s [por lo menos constante y uniformemente de otro blas\u00f3n que el de la Cruz de la Victoria, es claro aun, por las mismas razones de Carballo, que \u00e9ste es su propio, \u00fanico y verdadero blas\u00f3n].<\/span><\/p>\n<p><span style=\"color: #808080\">Tambi\u00e9n notaremos aqu\u00ed que el uso constante de el alpha y omega en esta cruz prueba que don Pelayo y los dem\u00e1s reyes de Asturias adoptaron esta insignia a imitaci\u00f3n de los emperadores de oriente, los quales como es bien sabido y lo recuerdan Carballo y Trelles, la llebaban por gui\u00f3n y insignia principal en sus ex\u00e9rcitos, despu\u00e9s que Constantino form\u00f3 con ella su c\u00e9lebre l\u00e1baro y la substitui\u00f3 a las antiguas \u00e1guilas romanas. Desde entonces empezaron los cat\u00f3licos a distinguir con esta sagrada se\u00f1al todos los monumentos p\u00fablicos, uni\u00e9ndole siempre el alpha y omega (que se interpretan principium et finis y son s\u00edmbolo de la divinidad) para significar la de Jesucristo que hab\u00edan negado temerariamente los arrianos.<\/span><\/p>\n<p><span style=\"color: #808080\">Constando pues por una antigua y probada tradici\u00f3n que el rey don Pelayo, fundador de la monarqu\u00eda de Asturias, lleb\u00f3 esta cruz por gui\u00f3n y divisa en las batallas, que como tal fue magn\u00edficamente adornada en el castillo de Goz\u00f3n por su sucesor don Alfonso III en el a\u00f1o de 916; que este rey y sus sucesores la adoptaron por divisa y adornaron con ella, ya los edificios p\u00fablicos debidos a su celo, y ya los diplo7 v. mas emanados de su autoridad; no habiendo prueba alguna del uso p\u00fablico y general de otro blas\u00f3n. Y estando en favor de este la autoridad de Trelles, y a\u00fan la de Carballo, bien entendido, resulta que el verdadero blas\u00f3n del Principado de Asturias es la Cruz de la Victoria.<\/span><\/p>\n<p><span style=\"color: #808080\">No concluir\u00e9 sin desvanecer una objecci\u00f3n que pudiera proponerse, y es que, seg\u00fan la com\u00fan opini\u00f3n de los cr\u00edticos, el uso de las armas no se introdujo en Europa hasta despu\u00e9s de las cruzadas y en Espa\u00f1a hasta la conquista de Toledo, como prob\u00f3 el marqu\u00e9s de Mond\u00e9jar y indica tambi\u00e9n nuestro Carballo al p\u00e1rrafo segundo del t\u00edtulo 33 de la parte tercera. Pero esto debe entenderse de las armas o blasones familiares o gentilicias tomados de aquellos gerogl\u00edficos que los antiguos caballeros pintaban en sus escudos y divisas, pero no de los de reynos y provincias, los quales se tomaron de las divisas o insignias militares que llevaban sus reyes en las guerras, y cuio uso en Europa y Espa\u00f1a es mui anterior al siglo 12. Basta pues para fixar el blas\u00f3n de Asturias haber indicado la insignia que nuestros reyes usaron como divisa propia. Fundado el reyno de Le\u00f3n esta divisa se hizo si no m\u00e1s propria, m\u00e1s peculiar de Asturias, pues adoptado primero los leones y despu\u00e9s los castillos, que al fin se reunieron para formar el blas\u00f3n de Espa\u00f1a. La Cruz de la Victoria, antiguo [blas\u00f3n de los reyes de Asturias, qued\u00f3 adjudicado a esta provincia, sin que pudiese privarle del las mudanzas que acaecieron en su govierno civil].<\/span><\/p>\n<p><span style=\"color: #808080\">Resta determinar la forma en que se debe representar el que acabamos de establecer. En mi dictamen, deber\u00e1 ser una cruz de plata exactamente copiada de la de la Victoria que se halla en la santa yglesia de esa ciudad con el alpha griega pendiente de su brazo derecho y la omega del izquierdo, las quales pueden ser de oro, y todo en campo azul. [Siguiendo en esto \u00faltimo la opini\u00f3n de Trelles, bien que pues el adorno de esta cruz ser\u00e1 regularmente de oro, pudiera serlo tambi\u00e9n en representaci\u00f3n y colocarse en campo de gules o encarnado seg\u00fan D\u00edaz del Valle. El] escudo deber\u00e1 tener corona real y en su contorno el lemma que se halla en la inscripci\u00f3n de la misma cruz, y dice as\u00ed: Hoc signo tuetur pius. Hoc signo vincitur inimicus.<\/span><\/p>\n<p><span style=\"color: #808080\">Esto es lo que puedo decir a vuestra merced en satisfacci\u00f3n de su deseo. Acompa\u00f1ar\u00eda a estas reflexiones un dibuxo del escudo con este blas\u00f3n si tuviese a la vista el tipo de que debe copiarse, pero como existe en esa santa yglesia ser\u00e1 mejor que alguno de los pintores de esa ciudad le copien de su original, a\u00f1adiendo las letras may\u00fasculas del alphabeto griego.<\/span><\/p>\n<p><span style=\"color: #808080\">Vea vuestra merced si puedo servirle en otra cosa, y mande quanto quiera a su afect\u00edsimo amigo y fiel servidor.<\/span><\/p>\n","protected":false},"excerpt":{"rendered":"<p>https:\/\/banderadeasturias.es Educastur \/ Javi de Castro \/Twitter \/ 2023_04_26 Portada webcomic.jpg D\u00eda de la bandera Educastur\u00a0\/\u00a0Ixuxu 25 mayu: D\u00eda de la bandera asturiana &nbsp; D\u00eda de la bandera Educastur \/ Ixuxu 25 mayu: D\u00eda de la bandera asturiana https:\/\/banderadeasturias.es https:\/\/banderadeasturias.es Educastur \/ Javi de Castro \/Twitter \/ RTPA\u00a0 Videu\/ 2023_04_26 Portada webcomic.jpg I.\u00a0Cam\u00edn\u00a0(mi\u00e9rcoles, 3). II. [&hellip;]<\/p>\n","protected":false},"author":117,"featured_media":0,"parent":2314,"menu_order":0,"comment_status":"closed","ping_status":"closed","template":"","meta":{"footnotes":""},"class_list":["post-19232","page","type-page","status-publish","hentry"],"_links":{"self":[{"href":"https:\/\/edublog.educastur.es\/ixuxu\/wp-json\/wp\/v2\/pages\/19232","targetHints":{"allow":["GET"]}}],"collection":[{"href":"https:\/\/edublog.educastur.es\/ixuxu\/wp-json\/wp\/v2\/pages"}],"about":[{"href":"https:\/\/edublog.educastur.es\/ixuxu\/wp-json\/wp\/v2\/types\/page"}],"author":[{"embeddable":true,"href":"https:\/\/edublog.educastur.es\/ixuxu\/wp-json\/wp\/v2\/users\/117"}],"replies":[{"embeddable":true,"href":"https:\/\/edublog.educastur.es\/ixuxu\/wp-json\/wp\/v2\/comments?post=19232"}],"version-history":[{"count":6,"href":"https:\/\/edublog.educastur.es\/ixuxu\/wp-json\/wp\/v2\/pages\/19232\/revisions"}],"predecessor-version":[{"id":21950,"href":"https:\/\/edublog.educastur.es\/ixuxu\/wp-json\/wp\/v2\/pages\/19232\/revisions\/21950"}],"up":[{"embeddable":true,"href":"https:\/\/edublog.educastur.es\/ixuxu\/wp-json\/wp\/v2\/pages\/2314"}],"wp:attachment":[{"href":"https:\/\/edublog.educastur.es\/ixuxu\/wp-json\/wp\/v2\/media?parent=19232"}],"curies":[{"name":"wp","href":"https:\/\/api.w.org\/{rel}","templated":true}]}}