{"id":1979,"date":"2020-12-19T18:34:03","date_gmt":"2020-12-19T16:34:03","guid":{"rendered":"https:\/\/edublog.educastur.es\/ixuxu\/?page_id=1979"},"modified":"2020-12-19T18:36:31","modified_gmt":"2020-12-19T16:36:31","slug":"amosando","status":"publish","type":"page","link":"https:\/\/edublog.educastur.es\/ixuxu\/musica\/amosando\/","title":{"rendered":"Amosando"},"content":{"rendered":"<p><a class=\"yt-simple-endpoint style-scope ytd-video-owner-renderer\" href=\"https:\/\/www.youtube.com\/channel\/UCYJ7CSF_44F9spiV0UETW_g\"><img decoding=\"async\" id=\"img\" class=\"style-scope yt-img-shadow\" src=\"https:\/\/yt3.ggpht.com\/ytc\/AAUvwnirIzu0yBNMVImetGwL40RyYNf4_UMRXLr43224mg=s48-c-k-c0xffffffff-no-rj-mo\" alt=\"\" width=\"48\" \/><\/a><a class=\"yt-simple-endpoint style-scope yt-formatted-string\" href=\"https:\/\/www.youtube.com\/channel\/UCYJ7CSF_44F9spiV0UETW_g\">musicasturiana<\/a><\/p>\n<div id=\"content\" class=\"style-scope ytd-expander\">\n<div id=\"description\" class=\"style-scope ytd-video-secondary-info-renderer\"><span class=\"style-scope yt-formatted-string\" dir=\"auto\">Alicia \u00c1lvarez y David Varela adapten al directo dellos cantares que t\u00e1n nos 3 vol\u00famenes del compilatoriu &#8216;Bestiariu&#8217;. Amosando, ciclu de conciertos de <\/span><a class=\"yt-simple-endpoint style-scope yt-formatted-string\" href=\"https:\/\/www.youtube.com\/results?search_query=%23MusicaAsturiana\">#MusicaAsturiana<\/a><span class=\"style-scope yt-formatted-string\" dir=\"auto\"> en formatu \u00edntimu retresmit\u00edos al travi\u00e9s d\u2019Internet ? CDs &#8216;Bestiariu&#8217; a la venta en <\/span><a class=\"yt-simple-endpoint style-scope yt-formatted-string\" href=\"https:\/\/www.youtube.com\/redirect?redir_token=QUFFLUhqa3Q0aEFucDhCajZCendieXN0aER1TVd0WUdPUXxBQ3Jtc0trd00wSW02ZTF5V0VOOG8tckNjTUtQY0JHTnNJWnNLdTVEVk1oT05ocGR0TjVrWjA0NE5sTXI0MEFrS3RUQVFCTEFNOE43MGJ3QVZob09HUXBGTGptRV9TUVlITEloaU54UjRtVElQSWJVSjVLOTVTRQ%3D%3D&amp;q=http%3A%2F%2Fwww.musicasturiana.com&amp;event=video_description&amp;v=KX1ZdR6BXr8\" target=\"_blank\" rel=\"nofollow noopener\">http:\/\/www.musicasturiana.com<\/a><span class=\"style-scope yt-formatted-string\" dir=\"auto\">\u2b07\ufe0f<\/span><\/div>\n<\/div>\n<div><\/div>\n<div>\n<!-- iframe plugin v.6.0 wordpress.org\/plugins\/iframe\/ -->\n<iframe loading=\"lazy\" width=\"588\" height=\"331\" src=\"https:\/\/www.youtube.com\/embed\/KX1ZdR6BXr8\" scrolling=\"yes\" class=\"iframe-class\" frameborder=\"0\"><\/iframe>\n<\/div>\n<div><\/div>\n<div id=\"content\" class=\"style-scope ytd-expander\">\n<div class=\"style-scope ytd-video-secondary-info-renderer\"><span class=\"style-scope yt-formatted-string\" dir=\"auto\">?<a href=\"https:\/\/youtu.be\/KX1ZdR6BXr8\">BESTIARIU<\/a> Bestiariu ye una de les propuestes musicales familiares m\u00e1s exitoses y orixinales de los \u00faltimos a\u00f1os. Son 3 CDs produc\u00edos por La Fabriquina qu\u2019axunten 30 cantares pa la reciella compuestos por renomaos artistes del pa\u00eds. Alicia \u00c1lvarez de Pauline en la Playa (creadora de la iniciativa xunto a David Guardado) y David Varela (La Bandina, La Bonturn\u00e9\u2026) lleven dalg\u00fan d\u2019estos temes al directo en formatu ac\u00fasticu. <\/span><\/div>\n<div class=\"style-scope ytd-video-secondary-info-renderer\"><\/div>\n<div class=\"style-scope ytd-video-secondary-info-renderer\"><span class=\"style-scope yt-formatted-string\" dir=\"auto\">\u2705 CANTARES Y MINUTAXE: <\/span><\/div>\n<div class=\"style-scope ytd-video-secondary-info-renderer\"><span class=\"style-scope yt-formatted-string\" dir=\"auto\">01. Rosal\u00eda. <\/span><a class=\"yt-simple-endpoint style-scope yt-formatted-string\" href=\"https:\/\/www.youtube.com\/watch?v=KX1ZdR6BXr8&amp;t=5s\">00:05<\/a><span class=\"style-scope yt-formatted-string\" dir=\"auto\">Presentaci\u00f3n. <\/span><a class=\"yt-simple-endpoint style-scope yt-formatted-string\" href=\"https:\/\/www.youtube.com\/watch?v=KX1ZdR6BXr8&amp;t=277s\">04:37<\/a><\/div>\n<div class=\"style-scope ytd-video-secondary-info-renderer\"><span class=\"style-scope yt-formatted-string\" dir=\"auto\">02. Ea Ea. <\/span><a class=\"yt-simple-endpoint style-scope yt-formatted-string\" href=\"https:\/\/www.youtube.com\/watch?v=KX1ZdR6BXr8&amp;t=296s\">04:56<\/a><span class=\"style-scope yt-formatted-string\" dir=\"auto\"> Presentaci\u00f3n. <\/span><a class=\"yt-simple-endpoint style-scope yt-formatted-string\" href=\"https:\/\/www.youtube.com\/watch?v=KX1ZdR6BXr8&amp;t=478s\">07:58<\/a><\/div>\n<div class=\"style-scope ytd-video-secondary-info-renderer\"><span class=\"style-scope yt-formatted-string\" dir=\"auto\">03. Vin \u00daa Curuxa. <\/span><a class=\"yt-simple-endpoint style-scope yt-formatted-string\" href=\"https:\/\/www.youtube.com\/watch?v=KX1ZdR6BXr8&amp;t=497s\">08:17<\/a><span class=\"style-scope yt-formatted-string\" dir=\"auto\"> Presentaci\u00f3n. <\/span><a class=\"yt-simple-endpoint style-scope yt-formatted-string\" href=\"https:\/\/www.youtube.com\/watch?v=KX1ZdR6BXr8&amp;t=705s\">11:45<\/a><\/div>\n<div class=\"style-scope ytd-video-secondary-info-renderer\"><span class=\"style-scope yt-formatted-string\" dir=\"auto\">04. El Ratu Roller. <\/span><a class=\"yt-simple-endpoint style-scope yt-formatted-string\" href=\"https:\/\/www.youtube.com\/watch?v=KX1ZdR6BXr8&amp;t=723s\">12:03<\/a><span class=\"style-scope yt-formatted-string\" dir=\"auto\"> Presentaci\u00f3n. <\/span><a class=\"yt-simple-endpoint style-scope yt-formatted-string\" href=\"https:\/\/www.youtube.com\/watch?v=KX1ZdR6BXr8&amp;t=887s\">14:47<\/a><\/div>\n<div class=\"style-scope ytd-video-secondary-info-renderer\"><span class=\"style-scope yt-formatted-string\" dir=\"auto\">05. Peque\u00f1a Lay. <\/span><a class=\"yt-simple-endpoint style-scope yt-formatted-string\" href=\"https:\/\/www.youtube.com\/watch?v=KX1ZdR6BXr8&amp;t=898s\">14:58<\/a><span class=\"style-scope yt-formatted-string\" dir=\"auto\"> Presentaci\u00f3n. <\/span><a class=\"yt-simple-endpoint style-scope yt-formatted-string\" href=\"https:\/\/www.youtube.com\/watch?v=KX1ZdR6BXr8&amp;t=1073s\">17:53<\/a><\/div>\n<div class=\"style-scope ytd-video-secondary-info-renderer\"><span class=\"style-scope yt-formatted-string\" dir=\"auto\">06. Cabeza d&#8217;Algod\u00f3n. <\/span><a class=\"yt-simple-endpoint style-scope yt-formatted-string\" href=\"https:\/\/www.youtube.com\/watch?v=KX1ZdR6BXr8&amp;t=1083s\">18:03<\/a><span class=\"style-scope yt-formatted-string\" dir=\"auto\"> Presentaci\u00f3n. <\/span><a class=\"yt-simple-endpoint style-scope yt-formatted-string\" href=\"https:\/\/www.youtube.com\/watch?v=KX1ZdR6BXr8&amp;t=1232s\">20:32<\/a><\/div>\n<div class=\"style-scope ytd-video-secondary-info-renderer\"><span class=\"style-scope yt-formatted-string\" dir=\"auto\">07. El Catasol Min\u00edn. <\/span><a class=\"yt-simple-endpoint style-scope yt-formatted-string\" href=\"https:\/\/www.youtube.com\/watch?v=KX1ZdR6BXr8&amp;t=1247s\">20:47<\/a><\/div>\n<\/div>\n","protected":false},"excerpt":{"rendered":"<p>musicasturiana Alicia \u00c1lvarez y David Varela adapten al directo dellos cantares que t\u00e1n nos 3 vol\u00famenes del compilatoriu &#8216;Bestiariu&#8217;. Amosando, ciclu de conciertos de #MusicaAsturiana en formatu \u00edntimu retresmit\u00edos al travi\u00e9s d\u2019Internet ? CDs &#8216;Bestiariu&#8217; a la venta en http:\/\/www.musicasturiana.com\u2b07\ufe0f ?BESTIARIU Bestiariu ye una de les propuestes musicales familiares m\u00e1s exitoses y orixinales de los [&hellip;]<\/p>\n","protected":false},"author":117,"featured_media":0,"parent":153,"menu_order":0,"comment_status":"closed","ping_status":"closed","template":"","meta":{"footnotes":""},"class_list":["post-1979","page","type-page","status-publish","hentry"],"_links":{"self":[{"href":"https:\/\/edublog.educastur.es\/ixuxu\/wp-json\/wp\/v2\/pages\/1979","targetHints":{"allow":["GET"]}}],"collection":[{"href":"https:\/\/edublog.educastur.es\/ixuxu\/wp-json\/wp\/v2\/pages"}],"about":[{"href":"https:\/\/edublog.educastur.es\/ixuxu\/wp-json\/wp\/v2\/types\/page"}],"author":[{"embeddable":true,"href":"https:\/\/edublog.educastur.es\/ixuxu\/wp-json\/wp\/v2\/users\/117"}],"replies":[{"embeddable":true,"href":"https:\/\/edublog.educastur.es\/ixuxu\/wp-json\/wp\/v2\/comments?post=1979"}],"version-history":[{"count":3,"href":"https:\/\/edublog.educastur.es\/ixuxu\/wp-json\/wp\/v2\/pages\/1979\/revisions"}],"predecessor-version":[{"id":1983,"href":"https:\/\/edublog.educastur.es\/ixuxu\/wp-json\/wp\/v2\/pages\/1979\/revisions\/1983"}],"up":[{"embeddable":true,"href":"https:\/\/edublog.educastur.es\/ixuxu\/wp-json\/wp\/v2\/pages\/153"}],"wp:attachment":[{"href":"https:\/\/edublog.educastur.es\/ixuxu\/wp-json\/wp\/v2\/media?parent=1979"}],"curies":[{"name":"wp","href":"https:\/\/api.w.org\/{rel}","templated":true}]}}