{"id":20751,"date":"2023-06-19T11:14:41","date_gmt":"2023-06-19T09:14:41","guid":{"rendered":"https:\/\/edublog.educastur.es\/ixuxu\/?page_id=20751"},"modified":"2023-06-19T11:14:41","modified_gmt":"2023-06-19T09:14:41","slug":"cosines-de-clas","status":"publish","type":"page","link":"https:\/\/edublog.educastur.es\/ixuxu\/blogs\/cosines-de-clas\/","title":{"rendered":"Cosines de clas"},"content":{"rendered":"<p style=\"text-align: center\"><a href=\"https:\/\/lh6.googleusercontent.com\/imqhDT4q9d4dNgGLWKrtZIlQeVJ3SxK48_CFc9n0KGaF3LjcRWEatKpsFggoJJoemIFI7kmujuIcWWVTio1SJd0=w16383\"><img loading=\"lazy\" decoding=\"async\" class=\"aligncenter \" src=\"https:\/\/lh6.googleusercontent.com\/imqhDT4q9d4dNgGLWKrtZIlQeVJ3SxK48_CFc9n0KGaF3LjcRWEatKpsFggoJJoemIFI7kmujuIcWWVTio1SJd0=w16383\" width=\"145\" height=\"145\" \/><\/a><\/p>\n<section id=\"h.7ee32e1df38b500c_7\" class=\"yaqOZd lQAHbd\">\n<div class=\"mYVXT\">\n<div class=\"LS81yb VICjCf j5pSsc db35Fc\">\n<div class=\"hJDwNd-AhqUyc-OiUrBf Ft7HRd-AhqUyc-OiUrBf purZT-AhqUyc-II5mzb ZcASvf-AhqUyc-II5mzb pSzOP-AhqUyc-qWD73c Ktthjf-AhqUyc-qWD73c JNdkSc SQVYQc yYI8W HQwdzb\">\n<div class=\"JNdkSc-SmKAyb LkDMRd\">\n<div class=\"\">\n<div class=\"oKdM2c ZZyype\">\n<div id=\"h.7ee32e1df38b500c_8\" class=\"hJDwNd-AhqUyc-OiUrBf Ft7HRd-AhqUyc-OiUrBf jXK9ad D2fZ2 zu5uec wHaque g5GTcb\">\n<div class=\"jXK9ad-SmKAyb\">\n<div class=\"tyJCtd mGzaTb Depvyb baZpAe\">\n<p class=\"zfr3Q CDt4Ke \" dir=\"ltr\"><span style=\"color: #008080\"><span class=\"C9DxTc \">Cosines de clas, ye un proyeutu personal cre\u00e1u\u00a0<\/span><span class=\"C9DxTc \">col env\u00eds de compartir y divulgar conocimientos<\/span><span class=\"C9DxTc \"> sobro una montonera de temes. Soi T\u00e9unica n&#8217;Integraci\u00f3n social, Profesora d&#8217;Educaci\u00f3n Primaria, especialista n&#8217;Asturianu y en Pedagox\u00eda Terap\u00e9utica.<\/span><\/span><\/p>\n<ul>\n<li><a href=\"https:\/\/sites.google.com\/view\/cosinesdeclas\/\"><strong>Blogue<\/strong> <\/a>\/<a href=\"https:\/\/www.facebook.com\/profile.php?id=100090150443865\"> Facebook<\/a> \/ <a href=\"https:\/\/www.instagram.com\/cosinesdeclas\/\">Instagram<\/a> \/ <a href=\"https:\/\/twitter.com\/CosinesC\">Twitter<\/a> \/<\/li>\n<\/ul>\n<p class=\"zfr3Q CDt4Ke \" dir=\"ltr\"><span class=\"C9DxTc \">Nuesu oxetivu ye ser parte la normalizaci\u00f3n de la llingua asturiana y poro, consideramos que la divulgaci\u00f3n de conten\u00edos n&#8217;asturianu ye una ferramienta valiosa cola que podemos trabayar.<\/span><\/p>\n<p class=\"zfr3Q CDt4Ke \" dir=\"ltr\"><span class=\"C9DxTc \">Dende&#8217;l respetu a les variedaes lling\u00fc\u00edstiques y la ense\u00f1anza de la normativa, creemos que ye posible un futuru onde la xente pueda vivir, crecer, deprender y trabayar n&#8217;asturianu. Y \u00e9ste puede ser el primer pasu:\u00a0<\/span><span class=\"C9DxTc \">conocer, divulgar y compartir<\/span><span class=\"C9DxTc \">.<\/span><\/p>\n<\/div>\n<\/div>\n<\/div>\n<\/div>\n<\/div>\n<\/div>\n<\/div>\n<div class=\"hJDwNd-AhqUyc-ibL1re Ft7HRd-AhqUyc-ibL1re JNdkSc SQVYQc L6cTce-purZT L6cTce-pSzOP\">\n<div class=\"JNdkSc-SmKAyb LkDMRd\">\n<div class=\"\"><\/div>\n<\/div>\n<\/div>\n<\/div>\n<\/div>\n<\/section>\n<section id=\"h.48026060a7325967_106\" class=\"yaqOZd\">\n<div class=\"IFuOkc\"><\/div>\n<div class=\"mYVXT\">\n<div class=\"LS81yb VICjCf j5pSsc db35Fc\">\n<div class=\"hJDwNd-AhqUyc-wNfPc Ft7HRd-AhqUyc-wNfPc purZT-AhqUyc-II5mzb ZcASvf-AhqUyc-II5mzb pSzOP-AhqUyc-wNfPc Ktthjf-AhqUyc-wNfPc JNdkSc SQVYQc\">\n<div class=\"JNdkSc-SmKAyb LkDMRd\">\n<div class=\"\">\n<div class=\"oKdM2c ZZyype Kzv0Me\">\n<div id=\"h.68e2689021ab0ef8_2\" class=\"hJDwNd-AhqUyc-wNfPc Ft7HRd-AhqUyc-wNfPc pSzOP-AhqUyc-wNfPc Ktthjf-AhqUyc-wNfPc jXK9ad D2fZ2 zu5uec OjCsFc dmUFtb wHaque g5GTcb\">\n<div class=\"jXK9ad-SmKAyb\">\n<div class=\"tyJCtd baZpAe\">\n<div class=\"t3iYD\"><img loading=\"lazy\" decoding=\"async\" class=\"CENy8b aligncenter\" role=\"img\" src=\"https:\/\/lh3.googleusercontent.com\/QvUmaCeqxEgcon9Cq2TtiJ4diljrdKzrSGow5Ezwpk7i4dQffXnqsd11mAsfhx9GSCf_aXyWl4pgW6Dtp9rLSVfSejS7DRK38IFhmhr0_rIFwLzF28iVlFUWZx23oynlJA=w1280\" width=\"239\" height=\"207\" \/><\/div>\n<\/div>\n<\/div>\n<\/div>\n<\/div>\n<\/div>\n<\/div>\n<\/div>\n<div class=\"hJDwNd-AhqUyc-OwsYgb Ft7HRd-AhqUyc-OwsYgb purZT-AhqUyc-II5mzb ZcASvf-AhqUyc-II5mzb pSzOP-AhqUyc-qWD73c Ktthjf-AhqUyc-qWD73c JNdkSc SQVYQc yYI8W HQwdzb\">\n<div class=\"JNdkSc-SmKAyb LkDMRd\">\n<div class=\"\">\n<div class=\"oKdM2c ZZyype Kzv0Me\">\n<div id=\"h.48026060a7325967_112\" class=\"hJDwNd-AhqUyc-OwsYgb Ft7HRd-AhqUyc-OwsYgb jXK9ad D2fZ2 zu5uec OjCsFc dmUFtb\">\n<div class=\"jXK9ad-SmKAyb\">\n<div class=\"tyJCtd mGzaTb Depvyb baZpAe\">\n<div id=\"h.s13he2ujdiji\" class=\"GV3q8e yMxPgf  aP9Z7e\"><\/div>\n<blockquote>\n<div class=\"CjVfdc\">\n<div class=\"PPhIP OXwyfc\">\n<div class=\"U26fgb mUbCce fKz7Od LRAOtb Znu9nd M9Bg4d eB48Hf\" role=\"presentation\" aria-describedby=\"h.s13he2ujdiji_l\" aria-label=\"Copiar el v\u00ednculo del encabezado\" data-tooltip=\"Copiar el v\u00ednculo del encabezado\" aria-hidden=\"true\" data-tooltip-position=\"top\" data-tooltip-vertical-offset=\"12\" data-tooltip-horizontal-offset=\"0\">\n<div class=\"VTBa7b MbhUzd\"><\/div>\n<\/div>\n<\/div>\n<p><em><span class=\"C9DxTc \" style=\"color: #008080\">Compartir una idea, que t&#8217;importa ye una manera xenerosa de cambiar el mundo pa meyor<\/span><\/em><\/div>\n<p><em><span style=\"color: #008080\"><small class=\"zfr3Q TMjjoe CDt4Ke \"><span class=\"C9DxTc \">Seth Godin<\/span><\/small><\/span><\/em><\/p><\/blockquote>\n<\/div>\n<\/div>\n<\/div>\n<\/div>\n<\/div>\n<\/div>\n<\/div>\n<\/div>\n<\/div>\n<\/section>\n","protected":false},"excerpt":{"rendered":"<p>Cosines de clas, ye un proyeutu personal cre\u00e1u\u00a0col env\u00eds de compartir y divulgar conocimientos sobro una montonera de temes. Soi T\u00e9unica n&#8217;Integraci\u00f3n social, Profesora d&#8217;Educaci\u00f3n Primaria, especialista n&#8217;Asturianu y en Pedagox\u00eda Terap\u00e9utica. Blogue \/ Facebook \/ Instagram \/ Twitter \/ Nuesu oxetivu ye ser parte la normalizaci\u00f3n de la llingua asturiana y poro, consideramos que [&hellip;]<\/p>\n","protected":false},"author":117,"featured_media":0,"parent":20749,"menu_order":0,"comment_status":"closed","ping_status":"closed","template":"","meta":{"footnotes":""},"class_list":["post-20751","page","type-page","status-publish","hentry"],"_links":{"self":[{"href":"https:\/\/edublog.educastur.es\/ixuxu\/wp-json\/wp\/v2\/pages\/20751","targetHints":{"allow":["GET"]}}],"collection":[{"href":"https:\/\/edublog.educastur.es\/ixuxu\/wp-json\/wp\/v2\/pages"}],"about":[{"href":"https:\/\/edublog.educastur.es\/ixuxu\/wp-json\/wp\/v2\/types\/page"}],"author":[{"embeddable":true,"href":"https:\/\/edublog.educastur.es\/ixuxu\/wp-json\/wp\/v2\/users\/117"}],"replies":[{"embeddable":true,"href":"https:\/\/edublog.educastur.es\/ixuxu\/wp-json\/wp\/v2\/comments?post=20751"}],"version-history":[{"count":1,"href":"https:\/\/edublog.educastur.es\/ixuxu\/wp-json\/wp\/v2\/pages\/20751\/revisions"}],"predecessor-version":[{"id":20752,"href":"https:\/\/edublog.educastur.es\/ixuxu\/wp-json\/wp\/v2\/pages\/20751\/revisions\/20752"}],"up":[{"embeddable":true,"href":"https:\/\/edublog.educastur.es\/ixuxu\/wp-json\/wp\/v2\/pages\/20749"}],"wp:attachment":[{"href":"https:\/\/edublog.educastur.es\/ixuxu\/wp-json\/wp\/v2\/media?parent=20751"}],"curies":[{"name":"wp","href":"https:\/\/api.w.org\/{rel}","templated":true}]}}