{"id":209,"date":"2020-08-10T10:48:45","date_gmt":"2020-08-10T10:48:45","guid":{"rendered":"https:\/\/edublog.educastur.es\/ixuxu\/?page_id=209"},"modified":"2020-10-24T07:18:34","modified_gmt":"2020-10-24T05:18:34","slug":"cuentos-de-trazu-sueltu","status":"publish","type":"page","link":"https:\/\/edublog.educastur.es\/ixuxu\/llibros-2\/cuentos\/cuentos-de-trazu-sueltu\/","title":{"rendered":"Cuentos de trazu sueltu"},"content":{"rendered":"<div id=\"post-289\" class=\"post\">\n<h2>PlayPresta\u00a0 @PlayPresta<\/h2>\n<div class=\"entry\">\n<ul>\n<li><em><span class=\"style-scope yt-formatted-string\" dir=\"auto\">\u23e9 Facebook: <\/span><a class=\"yt-simple-endpoint style-scope yt-formatted-string\" href=\"https:\/\/www.youtube.com\/redirect?q=https%3A%2F%2Fwww.facebook.com%2FPlayPresta%2F&amp;event=video_description&amp;redir_token=QUFFLUhqa3hqT2c4VXdZWkYxMFJaRkZIMk5kSXR6SXg3d3xBQ3Jtc0tudGdZRkZ1cERpSDEzbmNwUjQ0N2t1aVJQYTRRenNwOTNNU3lsZjdHMDZNM3huejktOFUtWW13eG15b0lldFU1NHBURGktUzMyaHl5ZVR2dkJ2QU9DakdlWE0zZ0tvWWZUZ2l6YzBacm5VTDZjd0NpYw%3D%3D&amp;v=lChGVKJemp4\" target=\"_blank\" rel=\"nofollow noopener noreferrer\">https:\/\/www.facebook.com\/PlayPresta\/<\/a><\/em><\/li>\n<li><em><span class=\"style-scope yt-formatted-string\" dir=\"auto\">\u23e9 Twitter: <\/span><a class=\"yt-simple-endpoint style-scope yt-formatted-string\" href=\"https:\/\/www.youtube.com\/redirect?q=https%3A%2F%2Fwww.twitter.com%2FPlayPresta%2F&amp;event=video_description&amp;redir_token=QUFFLUhqbWMtaFZjS21zSnQySWFjbnFWV3VvSnA1MWlfd3xBQ3Jtc0ttR2hWWDZQMEwySjBZck5TanFEY0VBaFVuZktTZzZjNDZoV2NZc1ZNRXZuUmpmZzVVcHd3MzV3aW9SanQyQmFieWdreXp4T01OSGRSOTlZWlU5TURHTFBva3lxZEsyN2gwQkVSMWNKbEcxbElHanh3TQ%3D%3D&amp;v=lChGVKJemp4\" target=\"_blank\" rel=\"nofollow noopener noreferrer\">https:\/\/www.twitter.com\/PlayPresta\/<\/a><\/em><\/li>\n<li><em><span class=\"style-scope yt-formatted-string\" dir=\"auto\">\u23e9 Web: <\/span><a class=\"yt-simple-endpoint style-scope yt-formatted-string\" href=\"https:\/\/www.youtube.com\/redirect?q=http%3A%2F%2Fwww.playpresta.com&amp;event=video_description&amp;redir_token=QUFFLUhqa3ZWYTRHcE5RaDltZElOd2ltdENVNFBTQi1TQXxBQ3Jtc0trell6RnVrUEdJQnlqRGo3U2VjV1p4dGhBUGFPb2JQcmJUQlpZcVRPbFNuRW9aUFJkazAyb2stTV9SNllUa0tXb08yeVU5UGhLc05wNWY4c0dObldqejM1MWc4akVBLUtmWEcwRGt5ekVuVmZ1Q0VPQQ%3D%3D&amp;v=lChGVKJemp4\" target=\"_blank\" rel=\"nofollow noopener noreferrer\">http:\/\/www.playpresta.com<\/a><\/em><\/li>\n<li><em><span class=\"style-scope yt-formatted-string\" dir=\"auto\">\u23e9 Instagram: <\/span><\/em><a class=\"yt-simple-endpoint style-scope yt-formatted-string\" href=\"https:\/\/www.youtube.com\/redirect?q=https%3A%2F%2Fwww.instagram.com%2FPlayPresta%2F&amp;event=video_description&amp;redir_token=QUFFLUhqbi1Vb1NIVURWM1l5Q1FJNDA1ZzNJdTBPV0NCZ3xBQ3Jtc0trYnVuMDVfTlI1ZjQxOXNObVdTNjdGLVdiMzZOYXVXSVJJdTBHOFc0VG1nZC1mT3VJZGZ1YWFKeUhoZG5BRFRFa1JHTlFudGZpV0NXa1dCTjRYQ0ZOeDFoS0w2MEJHTjFMblZzTWZBY0tZTm1MSVJjaw%3D%3D&amp;v=lChGVKJemp4\" target=\"_blank\" rel=\"nofollow noopener noreferrer\"><em>https:\/\/www.instagram.com\/PlayPresta\/<\/em><\/a><\/li>\n<li><a href=\"http:\/\/www.asturtoons.es\/\" target=\"_blank\" rel=\"noopener noreferrer\"><img loading=\"lazy\" decoding=\"async\" class=\"\" src=\"http:\/\/4.bp.blogspot.com\/_JlTSGvvixPk\/TQeFAkmwh4I\/AAAAAAAAAR8\/bhHPcHRyE-E\/S340\/asturtoons.png\" width=\"498\" height=\"107\" \/><\/a><\/li>\n<li><a href=\"http:\/\/www.asturtoons.es\/\" target=\"_blank\" rel=\"noopener noreferrer\">http:\/\/www.asturtoons.es\/<\/a><\/li>\n<li><a href=\"https:\/\/youtu.be\/qlzegLHn3JI\" target=\"_blank\" rel=\"noopener noreferrer\">Coleici\u00f3n<strong><em> \u201cLlingua de trasgu\u201d<\/em><\/strong><\/a><\/li>\n<\/ul>\n<p>&nbsp;<\/p>\n<p>L\u00b4escritor pilo\u00f1\u00e9s Enrique Carballeira present\u00f3 g\u00fcei nel cole L\u2019Ablanu d\u00b4Infiestu <strong><em>la lleeenda de L\u2019Ablanera<\/em><\/strong>, el nuevu personaxe navide\u00f1u de Pilo\u00f1a.<\/p>\n<p><img loading=\"lazy\" decoding=\"async\" class=\"\" src=\"https:\/\/alojaweb.educastur.es\/documents\/1933793\/5103187\/Ablanera+foto.png\/09abd3bc-d7a1-444f-87ad-7683a9b588cd?t=1576067273162\" width=\"463\" height=\"261\" \/><\/p>\n<ul>\n<li>Cuentu:<a href=\"https:\/\/drive.google.com\/file\/d\/1zodIKyaBiZhlI83RgrYcMlcMwNtSZXRL\/view\" target=\"_blank\" rel=\"noopener noreferrer\"><strong><em>La lleenda de L\u00b4Ablanera<\/em><\/strong><em>\u00a0 (pdf)<\/em><\/a><\/li>\n<li><em><a href=\"https:\/\/youtu.be\/Dh5dYGGkWXw\" target=\"_blank\" rel=\"noopener noreferrer\">Videu<\/a><\/em><\/li>\n<\/ul>\n\n<!-- iframe plugin v.6.0 wordpress.org\/plugins\/iframe\/ -->\n<iframe loading=\"lazy\" width=\"560\" height=\"315\" src=\"https:\/\/www.youtube.com\/embed\/Dh5dYGGkWXw\" scrolling=\"yes\" class=\"iframe-class\" frameborder=\"0\"><\/iframe>\n\n<p><em>Como complementu a les actividaes facilit\u00e1mosvos la carta que los ne\u00f1os pueden escribir a L\u2019Ablanera, na que van poder faer los sos pidimientos pa la Nuechebona. Puedes <a href=\"https:\/\/drive.google.com\/file\/d\/1y1aiCOCjH0okil-nUZdeFGR7KBaNfVi8\/view\" target=\"_blank\" rel=\"noopener noreferrer\"><u>descargar la carta <\/u><\/a>pulsiando <a href=\"https:\/\/alojaweb.educastur.es\/documents\/1933793\/0\/Carta++la+Ablanera\/bd3dd56b-d0bc-4430-8e32-55ab020ae5f2\" target=\"_blank\" rel=\"noopener noreferrer\">EQU\u00cd.<\/a> Mientres la charra, proxect\u00f3se un curtiu sobro dicha lleenda y darr\u00e9u, l\u2019autor present\u00f3 un nuevu llibru de narraciones curties titul\u00e1u \u201c<u>Cuentos de Trazu Sueltu<\/u>\u201d pal alumn\u00e1u de Llingua Asturiana.<\/em><\/p>\n<p><img loading=\"lazy\" decoding=\"async\" src=\"https:\/\/1.bp.blogspot.com\/-CIhJKNYPq2I\/XfqSNmsXoVI\/AAAAAAAAUgs\/C4wM3UpE8ssEstxWKlg48Fj6rySwqnzvQCLcBGAsYHQ\/s1600\/PORTADA%2BTRAZU%2BSUELTU.JPG\" width=\"202\" height=\"204\" \/><\/p>\n<hr \/>\n<\/div>\n<\/div>\n<p><span class=\"_5mfr\"><span class=\"_6qdm\">?<\/span><\/span><span class=\"_5mfr\"><span class=\"_6qdm\">?<\/span><\/span><span class=\"_5mfr\"><span class=\"_6qdm\">?<\/span><\/span> El rat\u00f3n Ferm\u00edn va de viaxe al planeta Seronda, un viaxe m\u00e1xicu con homes casta\u00f1a y muyeres ablana. <a href=\"https:\/\/www.facebook.com\/PlayPresta\/videos\/1329602200704991\/\">Ver en facebook<\/a><\/p>\n<div id=\"post-289\" class=\"post\">\n<div class=\"entry\">\n<hr \/>\n<ul>\n<li>Cuentu: <a href=\"https:\/\/youtu.be\/9g8SF5xV9gY\" target=\"_blank\" rel=\"noopener noreferrer\"><strong><em>La primavera zarrada<\/em><\/strong><\/a><\/li>\n<\/ul>\n\n<!-- iframe plugin v.6.0 wordpress.org\/plugins\/iframe\/ -->\n<iframe loading=\"lazy\" width=\"560\" height=\"315\" src=\"https:\/\/www.youtube.com\/embed\/9g8SF5xV9gY\" scrolling=\"yes\" class=\"iframe-class\" frameborder=\"0\"><\/iframe>\n\n<p>&nbsp;<\/p>\n<hr \/>\n<ul>\n<li>Cuentu: <a href=\"https:\/\/youtu.be\/cg0IiD1_SDk\" target=\"_blank\" rel=\"noopener noreferrer\"><strong><em>El nuberu<br \/>\n<\/em><\/strong><\/a><\/li>\n<\/ul>\n\n<!-- iframe plugin v.6.0 wordpress.org\/plugins\/iframe\/ -->\n<iframe loading=\"lazy\" width=\"560\" height=\"315\" src=\"https:\/\/www.youtube.com\/embed\/cg0IiD1_SDk\" scrolling=\"yes\" class=\"iframe-class\" frameborder=\"0\"><\/iframe>\n\n<p>&nbsp;<\/p>\n<hr \/>\n<ul>\n<li>Cuentu: <a href=\"https:\/\/www.youtube.com\/watch?v=P-CBOl3OfHY\" target=\"_blank\" rel=\"noopener noreferrer\"><em><strong>\u201cUn gat\u00edn en cubil\u201d<\/strong><\/em><\/a><\/li>\n<\/ul>\n\n<!-- iframe plugin v.6.0 wordpress.org\/plugins\/iframe\/ -->\n<iframe loading=\"lazy\" width=\"560\" height=\"315\" src=\"https:\/\/www.youtube.com\/embed\/P-CBOl3OfHY\" scrolling=\"yes\" class=\"iframe-class\" frameborder=\"0\"><\/iframe>\n\n<p>&nbsp;<\/p>\n<hr \/>\n<ul>\n<li>Cuentu: <a href=\"https:\/\/youtu.be\/zSP6GDvkOts\" target=\"_blank\" rel=\"noopener noreferrer\"><strong><em>El apuru de Nuberu<br \/>\n<\/em><\/strong><\/a><\/li>\n<\/ul>\n\n<!-- iframe plugin v.6.0 wordpress.org\/plugins\/iframe\/ -->\n<iframe loading=\"lazy\" width=\"560\" height=\"315\" src=\"https:\/\/www.youtube.com\/embed\/zSP6GDvkOts\" scrolling=\"yes\" class=\"iframe-class\" frameborder=\"0\"><\/iframe>\n\n<p>&nbsp;<\/p>\n<hr \/>\n<ul>\n<li>\u00a0Cuentu: <a href=\"https:\/\/youtu.be\/lChGVKJemp4?list=PLhtoo519UiZZaEraRH2CNazEByctAj0ar\" target=\"_blank\" rel=\"noopener noreferrer\"><em><strong>El trasgu Tomas\u00edn<\/strong><\/em><\/a><\/li>\n<\/ul>\n\n<!-- iframe plugin v.6.0 wordpress.org\/plugins\/iframe\/ -->\n<iframe loading=\"lazy\" width=\"560\" height=\"315\" src=\"https:\/\/www.youtube.com\/embed\/lChGVKJemp4\" scrolling=\"yes\" class=\"iframe-class\" frameborder=\"0\"><\/iframe>\n\n<p>&nbsp;<\/p>\n<hr \/>\n<ul>\n<li>\u00a0Cuentu:<a href=\"https:\/\/youtu.be\/RhmUOfBXhXs\" target=\"_blank\" rel=\"noopener noreferrer\"><strong><em> Una vaca perllista<\/em><\/strong><\/a><\/li>\n<\/ul>\n\n<!-- iframe plugin v.6.0 wordpress.org\/plugins\/iframe\/ -->\n<iframe loading=\"lazy\" width=\"560\" height=\"315\" src=\"https:\/\/www.youtube.com\/embed\/RhmUOfBXhXs\" scrolling=\"yes\" class=\"iframe-class\" frameborder=\"0\"><\/iframe>\n\n<p>&nbsp;<\/p>\n<hr \/>\n<ul>\n<li>\u00a0Cuentu: <a href=\"https:\/\/www.youtube.com\/watch?v=Rb6gZHfqTdk\"><em><strong>Marcos el loru pirata<\/strong><\/em><\/a><\/li>\n<\/ul>\n\n<!-- iframe plugin v.6.0 wordpress.org\/plugins\/iframe\/ -->\n<iframe loading=\"lazy\" width=\"560\" height=\"315\" src=\"https:\/\/www.youtube.com\/embed\/Rb6gZHfqTdk\" scrolling=\"yes\" class=\"iframe-class\" frameborder=\"0\"><\/iframe>\n\n<p>&nbsp;<\/p>\n<hr \/>\n<ul>\n<li>Cuentu: <a href=\"https:\/\/youtu.be\/IJve-1ng9uA\" target=\"_blank\" rel=\"noopener noreferrer\"><strong><em>Peque\u00f1es cat\u00e1strofes<\/em><\/strong><\/a><\/li>\n<\/ul>\n\n<!-- iframe plugin v.6.0 wordpress.org\/plugins\/iframe\/ -->\n<iframe loading=\"lazy\" width=\"560\" height=\"315\" src=\"https:\/\/www.youtube.com\/embed\/IJve-1ng9uA\" scrolling=\"yes\" class=\"iframe-class\" frameborder=\"0\"><\/iframe>\n\n<p>&nbsp;<\/p>\n<\/div>\n<hr \/>\n<ul>\n<li>Cuentu: <a href=\"https:\/\/www.youtube.com\/watch?v=CKB4-S8Q1Po\"><strong><em>Sema gal\u00e1ctica<\/em><\/strong><\/a><\/li>\n<\/ul>\n\n<!-- iframe plugin v.6.0 wordpress.org\/plugins\/iframe\/ -->\n<iframe loading=\"lazy\" width=\"560\" height=\"315\" src=\"https:\/\/www.youtube.com\/embed\/CKB4-S8Q1Po\" scrolling=\"yes\" class=\"iframe-class\" frameborder=\"0\"><\/iframe>\n\n<p>&nbsp;<\/p>\n<\/div>\n<hr \/>\n<div id=\"post-289\" class=\"post\">\n<ul>\n<li>Cuentu: <a href=\"https:\/\/www.youtube.com\/watch?v=qMxxBts5JCA\"><strong><em>L elefante Delmiru<\/em><\/strong><\/a><\/li>\n<\/ul>\n\n<!-- iframe plugin v.6.0 wordpress.org\/plugins\/iframe\/ -->\n<iframe loading=\"lazy\" width=\"560\" height=\"315\" src=\"https:\/\/www.youtube.com\/embed\/qMxxBts5JCA\" scrolling=\"yes\" class=\"iframe-class\" frameborder=\"0\"><\/iframe>\n\n<\/div>\n<p>&nbsp;<\/p>\n<hr \/>\n<div id=\"post-289\" class=\"post\">\n<ul>\n<li>Cuentu: <a href=\"https:\/\/www.youtube.com\/watch?v=YY9ZL7lk-7w&amp;list=PLhtoo519UiZZaEraRH2CNazEByctAj0ar&amp;index=6\"><strong><em>Los recuerdos d\u00b4 Olson<\/em><\/strong><\/a><\/li>\n<\/ul>\n\n<!-- iframe plugin v.6.0 wordpress.org\/plugins\/iframe\/ -->\n<iframe loading=\"lazy\" width=\"560\" height=\"315\" src=\"https:\/\/www.youtube.com\/embed\/YY9ZL7lk-7w\" scrolling=\"yes\" class=\"iframe-class\" frameborder=\"0\"><\/iframe>\n\n<p>&nbsp;<\/p>\n<\/div>\n<hr \/>\n<div id=\"post-289\" class=\"post\">\n<ul>\n<li>Cuentu: <a href=\"https:\/\/www.youtube.com\/watch?v=RhmUOfBXhXs&amp;list=PLhtoo519UiZZaEraRH2CNazEByctAj0ar&amp;index=7\"><strong><em>Una vaca perllista<\/em><\/strong><\/a><\/li>\n<\/ul>\n\n<!-- iframe plugin v.6.0 wordpress.org\/plugins\/iframe\/ -->\n<iframe loading=\"lazy\" width=\"560\" height=\"315\" src=\"https:\/\/www.youtube.com\/embed\/RhmUOfBXhXs\" scrolling=\"yes\" class=\"iframe-class\" frameborder=\"0\"><\/iframe>\n\n<\/div>\n<hr \/>\n<p>&nbsp;<\/p>\n<ul>\n<li>Cuentu:<a href=\"https:\/\/www.youtube.com\/watch?v=biRoduPG1aw&amp;feature=emb_logo\"><strong><em> Menudu elementu\u00bb<\/em><\/strong><\/a><\/li>\n<\/ul>\n\n<!-- iframe plugin v.6.0 wordpress.org\/plugins\/iframe\/ -->\n<iframe loading=\"lazy\" width=\"588\" height=\"331\" src=\"https:\/\/www.youtube.com\/embed\/biRoduPG1aw\" scrolling=\"yes\" class=\"iframe-class\" frameborder=\"0\"><\/iframe>\n\n<hr \/>\n<ul>\n<li>Cuentu:<\/li>\n<\/ul>\n\n<!-- iframe plugin v.6.0 wordpress.org\/plugins\/iframe\/ -->\n<iframe loading=\"lazy\" width=\"588\" height=\"331\" src=\"https:\/\/www.youtube.com\/embed\/3plM6RjthWw\" scrolling=\"yes\" class=\"iframe-class\" frameborder=\"0\"><\/iframe>\n\n<hr \/>\n<ul>\n<li>Cuentu:<a href=\"https:\/\/www.youtube.com\/watch?v=eufqQW_PoDE\"><em><strong> La Xana Rosana<\/strong><\/em><\/a><\/li>\n<\/ul>\n\n<!-- iframe plugin v.6.0 wordpress.org\/plugins\/iframe\/ -->\n<iframe loading=\"lazy\" width=\"588\" height=\"331\" src=\"https:\/\/www.youtube.com\/embed\/eufqQW_PoDE\" scrolling=\"yes\" class=\"iframe-class\" frameborder=\"0\"><\/iframe>\n\n<hr \/>\n<ul>\n<li>Cuentu: <a href=\"https:\/\/www.facebook.com\/watch\/?v=2684536328479485\">Un trasgu d\u00b4altos vuelos<\/a><\/li>\n<li>Cuentu: <a href=\"https:\/\/www.facebook.com\/366007573869671\/videos\/541399130104792\">El d\u00eda de los gatos enroscaos<\/a><\/li>\n<\/ul>\n<hr \/>\n\n<!-- iframe plugin v.6.0 wordpress.org\/plugins\/iframe\/ -->\n<iframe loading=\"lazy\" width=\"588\" height=\"331\" src=\"https:\/\/www.youtube.com\/embed\/XXXXX\" scrolling=\"yes\" class=\"iframe-class\" frameborder=\"0\"><\/iframe>\n\n","protected":false},"excerpt":{"rendered":"<p>PlayPresta\u00a0 @PlayPresta \u23e9 Facebook: https:\/\/www.facebook.com\/PlayPresta\/ \u23e9 Twitter: https:\/\/www.twitter.com\/PlayPresta\/ \u23e9 Web: http:\/\/www.playpresta.com \u23e9 Instagram: https:\/\/www.instagram.com\/PlayPresta\/ http:\/\/www.asturtoons.es\/ Coleici\u00f3n \u201cLlingua de trasgu\u201d &nbsp; L\u00b4escritor pilo\u00f1\u00e9s Enrique Carballeira present\u00f3 g\u00fcei nel cole L\u2019Ablanu d\u00b4Infiestu la lleeenda de L\u2019Ablanera, el nuevu personaxe navide\u00f1u de Pilo\u00f1a. Cuentu:La lleenda de L\u00b4Ablanera\u00a0 (pdf) Videu Como complementu a les actividaes facilit\u00e1mosvos la carta que [&hellip;]<\/p>\n","protected":false},"author":117,"featured_media":0,"parent":22,"menu_order":0,"comment_status":"closed","ping_status":"closed","template":"","meta":{"footnotes":""},"class_list":["post-209","page","type-page","status-publish","hentry"],"_links":{"self":[{"href":"https:\/\/edublog.educastur.es\/ixuxu\/wp-json\/wp\/v2\/pages\/209","targetHints":{"allow":["GET"]}}],"collection":[{"href":"https:\/\/edublog.educastur.es\/ixuxu\/wp-json\/wp\/v2\/pages"}],"about":[{"href":"https:\/\/edublog.educastur.es\/ixuxu\/wp-json\/wp\/v2\/types\/page"}],"author":[{"embeddable":true,"href":"https:\/\/edublog.educastur.es\/ixuxu\/wp-json\/wp\/v2\/users\/117"}],"replies":[{"embeddable":true,"href":"https:\/\/edublog.educastur.es\/ixuxu\/wp-json\/wp\/v2\/comments?post=209"}],"version-history":[{"count":9,"href":"https:\/\/edublog.educastur.es\/ixuxu\/wp-json\/wp\/v2\/pages\/209\/revisions"}],"predecessor-version":[{"id":1140,"href":"https:\/\/edublog.educastur.es\/ixuxu\/wp-json\/wp\/v2\/pages\/209\/revisions\/1140"}],"up":[{"embeddable":true,"href":"https:\/\/edublog.educastur.es\/ixuxu\/wp-json\/wp\/v2\/pages\/22"}],"wp:attachment":[{"href":"https:\/\/edublog.educastur.es\/ixuxu\/wp-json\/wp\/v2\/media?parent=209"}],"curies":[{"name":"wp","href":"https:\/\/api.w.org\/{rel}","templated":true}]}}