{"id":21,"date":"2020-07-08T12:06:07","date_gmt":"2020-07-08T12:06:07","guid":{"rendered":"https:\/\/edublog.educastur.es\/ixuxu\/?page_id=21"},"modified":"2021-08-27T12:55:38","modified_gmt":"2021-08-27T10:55:38","slug":"llibros","status":"publish","type":"page","link":"https:\/\/edublog.educastur.es\/ixuxu\/llibros-2\/llibros\/","title":{"rendered":"Llibros Adultos"},"content":{"rendered":"<h2><a title=\"Leer LLIBROS Lleer (Adultos)\" href=\"http:\/\/blog.educastur.es\/ixuxullingua\/cultura\/llibros\/\" rel=\"bookmark\">LLIBROS Lleer (Adultos)<\/a><\/h2>\n<div class=\"entry\">\n<p>&nbsp;<\/p>\n<p><em><strong>Llibros d\u00b4inter\u00e9s compartios na rede! <\/strong><u>Calca nel t\u00edtulu o na im\u00e1xen pa descargalu!<\/u><\/em><\/p>\n<p>&nbsp;<\/p>\n<ul>\n<li><em><strong><a href=\"https:\/\/drive.google.com\/file\/d\/1aLQXEQuAlFhMph8xKZnF-B1grC4PF8C1\/view?usp=sharing\" target=\"_blank\" rel=\"noopener noreferrer\">\u201cLa vuelta al mundu en ochenta d\u00edes\u201d<\/a><br \/>\n<\/strong><\/em><\/li>\n<li>Jules Verne<\/li>\n<li>ISBN:\u00a0 978-84-8053-461-1<\/li>\n<li>13\u00d720 cms\u00a0 \/ 13 \u20ac<em><strong><br \/>\n<\/strong><\/em><\/li>\n<li><a href=\"https:\/\/tienda.trabe.org\/as\/narrativa\/1236-la-vuelta-al-mundu-nochenta-dies.html\" target=\"_blank\" rel=\"noopener noreferrer\">Ver ficha d\u00b4Editorial Trabe<\/a>\u00a0(escos\u00e1u)<\/li>\n<\/ul>\n<p>&nbsp;<\/p>\n<ul>\n<li><a href=\"https:\/\/drive.google.com\/file\/d\/19MPFRoSlRxyhYSWWeFb8m69vMrZ4z-X8\/view?usp=sharing\" target=\"_blank\" rel=\"noopener noreferrer\"><strong><u><em>\u201cCuentos rusos\u201d<\/em><\/u><\/strong><\/a><\/li>\n<li>Autores varios<\/li>\n<li>13\u00d720\u00a0 \/ 12 \u20ac<\/li>\n<li>ISBN: 84-8053-089-8<\/li>\n<li><a href=\"https:\/\/tienda.trabe.org\/es\/narrativa\/96-cuentos-rusos.html\" target=\"_blank\" rel=\"noopener noreferrer\"><u><em>Ver ficha d\u00b4Editorial Trabe<\/em><\/u><\/a><strong><u><em><br \/>\n<\/em><\/u><\/strong><\/li>\n<\/ul>\n<p>&nbsp;<\/p>\n<ul>\n<li><strong><em>\u00a0<a href=\"https:\/\/drive.google.com\/file\/d\/18a5eEsZ8KJbzHZwo-BqwL2sjXBlvX56_\/view?usp=sharing\" target=\"_blank\" rel=\"noopener noreferrer\">\u201cKhaos\u201d<\/a><\/em><\/strong><\/li>\n<li>Testu: Dolfo Camilo D\u00edaz<\/li>\n<li>ISBN:<label> <\/label>978-84-8053-466-6<\/li>\n<li><strong>Edici\u00f3n:<\/strong> Primera<\/li>\n<li><strong>P\u00e1xines:<\/strong> 336 \/ 12,5 x 22 cm \/ 15\u20ac<\/li>\n<li><a href=\"https:\/\/www.lne.es\/sociedad-cultura\/1551\/adolfo-camilo-diaz-gana-montesin-novela-khaos\/493648.html\" target=\"_blank\" rel=\"noopener noreferrer\">Premiu \u201cMontes\u00edn\u201d<\/a><\/li>\n<li><a href=\"https:\/\/tienda.trabe.org\/as\/infantil-y-xuvenil\/1409-khaos.html\" target=\"_blank\" rel=\"noopener noreferrer\">Ficha editorial <\/a><\/li>\n<\/ul>\n<p>&nbsp;<\/p>\n<ul>\n<li><em><strong>\u00a0<a href=\"https:\/\/drive.google.com\/file\/d\/1qgCOWAil7DvlyAMAwQIyAFtaVsMqDcnj\/view?usp=sharing\" target=\"_blank\" rel=\"noopener noreferrer\">\u201cG\u00fcelu\u00a0 Ismail\u201d<\/a><\/strong><\/em><\/li>\n<li>Testu: Esther Prieto<\/li>\n<li>ISBN: 84-8053-288-9<\/li>\n<li>XXII Premiu Xosefa de Xovellanos\u00a0 2001<\/li>\n<li><a href=\"https:\/\/tienda.trabe.org\/as\/narrativa\/719-gueelu-ismail.html\" target=\"_blank\" rel=\"noopener noreferrer\">Ficha editorial (escosau)<br \/>\n<\/a><\/li>\n<\/ul>\n<p>&nbsp;<\/p>\n<ul>\n<li><a href=\"https:\/\/drive.google.com\/file\/d\/1CCNNJt0RylVhw_GCkmvMttXu0V_qO6MM\/view?usp=sharing\" target=\"_blank\" rel=\"noopener noreferrer\"><strong><em>\u201cEl Dr. Jekyll y Mr. Hyde\u201d<\/em><\/strong><\/a><\/li>\n<li>Testu: R. L. Stevenson<\/li>\n<li>Torna: Xuan Bello<\/li>\n<li>ISBN: 978-84-8053-043-X<\/li>\n<\/ul>\n<p>&nbsp;<\/p>\n<ul>\n<li><strong><em>C\u00f3mic: <a href=\"https:\/\/drive.google.com\/file\/d\/1UjyHM76G5ZkJ4o5lvZ6mGAW3Jn1zYjNP\/view?usp=sharing\" target=\"_blank\" rel=\"noopener noreferrer\">Gaspar G\u00aa Laviada <\/a><\/em><\/strong><\/li>\n<li><strong><em><a href=\"https:\/\/drive.google.com\/file\/d\/1Xlv9tiMzw0-wn8w3HHPTz4VIjdN5vTuj\/view?usp=sharing\" target=\"_blank\" rel=\"noopener noreferrer\">Fechu na cuarentena <\/a>(AAVV)<\/em><\/strong><strong><em><a href=\"https:\/\/edicionesradagast.com\/producto\/fecho-na-cuarentena\/\" target=\"_blank\" rel=\"noopener noreferrer\">+info <\/a><\/em><\/strong><\/li>\n<li><strong><em><a href=\"https:\/\/drive.google.com\/file\/d\/1uTtftfaUXlAViMNaNmAw_Naj8zH87Tzc\/view?usp=sharing\" target=\"_blank\" rel=\"noopener noreferrer\">Cuentos tradicionales A. <\/a>(S. Fano)<\/em><\/strong><\/li>\n<\/ul>\n<p>&nbsp;<\/p>\n<\/div>\n","protected":false},"excerpt":{"rendered":"<p>LLIBROS Lleer (Adultos) &nbsp; Llibros d\u00b4inter\u00e9s compartios na rede! Calca nel t\u00edtulu o na im\u00e1xen pa descargalu! &nbsp; \u201cLa vuelta al mundu en ochenta d\u00edes\u201d Jules Verne ISBN:\u00a0 978-84-8053-461-1 13\u00d720 cms\u00a0 \/ 13 \u20ac Ver ficha d\u00b4Editorial Trabe\u00a0(escos\u00e1u) &nbsp; \u201cCuentos rusos\u201d Autores varios 13\u00d720\u00a0 \/ 12 \u20ac ISBN: 84-8053-089-8 Ver ficha d\u00b4Editorial Trabe &nbsp; \u00a0\u201cKhaos\u201d [&hellip;]<\/p>\n","protected":false},"author":117,"featured_media":0,"parent":93,"menu_order":0,"comment_status":"closed","ping_status":"closed","template":"","meta":{"footnotes":""},"class_list":["post-21","page","type-page","status-publish","hentry"],"_links":{"self":[{"href":"https:\/\/edublog.educastur.es\/ixuxu\/wp-json\/wp\/v2\/pages\/21","targetHints":{"allow":["GET"]}}],"collection":[{"href":"https:\/\/edublog.educastur.es\/ixuxu\/wp-json\/wp\/v2\/pages"}],"about":[{"href":"https:\/\/edublog.educastur.es\/ixuxu\/wp-json\/wp\/v2\/types\/page"}],"author":[{"embeddable":true,"href":"https:\/\/edublog.educastur.es\/ixuxu\/wp-json\/wp\/v2\/users\/117"}],"replies":[{"embeddable":true,"href":"https:\/\/edublog.educastur.es\/ixuxu\/wp-json\/wp\/v2\/comments?post=21"}],"version-history":[{"count":6,"href":"https:\/\/edublog.educastur.es\/ixuxu\/wp-json\/wp\/v2\/pages\/21\/revisions"}],"predecessor-version":[{"id":9275,"href":"https:\/\/edublog.educastur.es\/ixuxu\/wp-json\/wp\/v2\/pages\/21\/revisions\/9275"}],"up":[{"embeddable":true,"href":"https:\/\/edublog.educastur.es\/ixuxu\/wp-json\/wp\/v2\/pages\/93"}],"wp:attachment":[{"href":"https:\/\/edublog.educastur.es\/ixuxu\/wp-json\/wp\/v2\/media?parent=21"}],"curies":[{"name":"wp","href":"https:\/\/api.w.org\/{rel}","templated":true}]}}