{"id":21176,"date":"2023-07-30T16:00:12","date_gmt":"2023-07-30T14:00:12","guid":{"rendered":"https:\/\/edublog.educastur.es\/ixuxu\/?page_id=21176"},"modified":"2023-08-13T17:41:18","modified_gmt":"2023-08-13T15:41:18","slug":"duvieu","status":"publish","type":"page","link":"https:\/\/edublog.educastur.es\/ixuxu\/asturies\/hestoria\/duvieu\/","title":{"rendered":"&#8230; d&#8217;Uvi\u00e9u"},"content":{"rendered":"<ul>\n<li>Autor: <a href=\"https:\/\/www.facebook.com\/profile.php?id=100005819407906\"><span style=\"color: #008080\"><strong>Adolfo Garc\u00eda<\/strong> <\/span><\/a>\/<\/li>\n<\/ul>\n<p style=\"text-align: center\">\n<!-- iframe plugin v.6.0 wordpress.org\/plugins\/iframe\/ -->\n<iframe loading=\"lazy\" src=\"https:\/\/www.facebook.com\/plugins\/post.php?href=https%3A%2F%2Fwww.facebook.com%2Fphoto%2F%3Ffbid%3D221565521380760%26set%3Da.221565531380759&#038;show_text=false&#038;width=500\" width=\"500\" height=\"428\" style=\"border:none;overflow:hidden\" scrolling=\"no\" frameborder=\"0\" allowfullscreen=\"true\" allow=\"autoplay; clipboard-write; encrypted-media; picture-in-picture; web-share\" 0=\"\/iframe\" class=\"iframe-class\"><\/iframe>\n<\/p>\n<p>&nbsp;<\/p>\n<hr \/>\n<p style=\"text-align: center\">\n<!-- iframe plugin v.6.0 wordpress.org\/plugins\/iframe\/ -->\n<iframe loading=\"lazy\" src=\"https:\/\/www.facebook.com\/plugins\/post.php?href=https%3A%2F%2Fwww.facebook.com%2Fpermalink.php%3Fstory_fbid%3Dpfbid02AHPVv3EE4KaDeYz9ZpqunrYex6sLQ7g2QwNzEzSBZGjnCzJ84xovEbXxYcAQYUJcl%26id%3D100005819407906&#038;show_text=false&#038;width=500\" width=\"500\" height=\"497\" style=\"border:none;overflow:hidden\" scrolling=\"no\" frameborder=\"0\" allowfullscreen=\"true\" allow=\"autoplay; clipboard-write; encrypted-media; picture-in-picture; web-share\" 0=\"\/iframe\" class=\"iframe-class\"><\/iframe>\n<\/p>\n<p>El palaciu real d&#8217;Alfonso lll foi convert\u00edu nel hospital de San Juan por des\u00e9u d&#8217;Alfonso Vl, devotu de les reliquies del Salvador. L&#8217;hospital sofitose coles llimosnes y donaciones y la so principal norma yera la d&#8217;atender a los pelegrinos del Cam\u00edn de Santiago. Recib\u00edase-yos con una llavadura de pies, d\u00e1base-yos de comer pan y sidra y una modesta cama.<\/p>\n<p>Munchos d&#8217;ellos ven\u00eden enfermos de tifus, viruela, difteria, llepra y peste bub\u00f3nica, lo que creo un grave problema d&#8217;andada ente la poblaci\u00f3n uvieina, una y bones los pocos m\u00e9dicos qu&#8217;hab\u00eda escarec\u00eden de medios pa lluchar contra tas enfermedaes conoc\u00edes como \u00abpatolox\u00eda xacobea\u00bb.<\/p>\n<hr \/>\n<p style=\"text-align: center\">\n<!-- iframe plugin v.6.0 wordpress.org\/plugins\/iframe\/ -->\n<iframe loading=\"lazy\" src=\"https:\/\/www.facebook.com\/plugins\/post.php?href=https%3A%2F%2Fwww.facebook.com%2Fpermalink.php%3Fstory_fbid%3Dpfbid0qpgfdcesNZcbMVNnH81QMSYvVLGESuaPNY89maMoUhuo8VzseBUqoUV4SRSx3fxWl%26id%3D100005819407906&#038;show_text=false&#038;width=500\" width=\"500\" height=\"498\" style=\"border:none;overflow:hidden\" scrolling=\"no\" frameborder=\"0\" allowfullscreen=\"true\" allow=\"autoplay; clipboard-write; encrypted-media; picture-in-picture; web-share\" 0=\"\/iframe\" class=\"iframe-class\"><\/iframe>\n<\/p>\n<p style=\"text-align: center\"><span style=\"text-decoration: underline\"><span style=\"font-size: 24px;color: #008080;text-decoration: underline\"><strong>El Cam\u00edn de Santiago.<\/strong><\/span><\/span><\/p>\n<p><em>Uvi\u00e9u atraxo a numberosos pelegrinos que ven\u00eden cola esperanza de conocer les ayalgues guardaes n&#8217;El Salvador y ganar les indulxencies. En realid\u00e1 fueron los inventores del turismu, y los uvieinos supieron sacar bon part\u00edu de la nueva fonte de negociu, sobremanera los posaderos. Encend\u00edense fogueres y engalan\u00e1base la ciud\u00e1 para acoyer a los caminantes con fiestes, m\u00fasica y bailles. Los pelegrinos que ten\u00eden la bolsa apinada tastiaben les delicies de los productos de la tierra y mercaben alcordances, los m\u00e1s probes gociaben de la hospitalid\u00e1, daqu\u00e9 bien importante por que se fueren contentos y felices apregonando les excelencies de la ciud\u00e1 y les marav\u00edes de les reliquies.<\/em><\/p>\n<p><em>Nel C\u00f3dice Calixtino alviertese a los uvieinos que&#8230;\u00bba la ida y al regresu tienen de ser recib\u00edos perbi\u00e9n y humildemente, con gran ci\u00f1u de toles xentes\u00bb.<\/em><br \/>\n<em>El negociu ye&#8217;l negociu.<\/em><\/p>\n<hr \/>\n<p style=\"text-align: center\">\n<!-- iframe plugin v.6.0 wordpress.org\/plugins\/iframe\/ -->\n<iframe loading=\"lazy\" src=\"https:\/\/www.facebook.com\/plugins\/post.php?href=https%3A%2F%2Fwww.facebook.com%2Fpermalink.php%3Fstory_fbid%3Dpfbid021TWhSfddqWcc3o1cBDHyyXLM1kofhwoc445qS2AqPmgWMiHptRAKnvDfbJHkTjZfl%26id%3D100005819407906&#038;show_text=false&#038;width=500\" width=\"500\" height=\"497\" style=\"border:none;overflow:hidden\" scrolling=\"no\" frameborder=\"0\" allowfullscreen=\"true\" allow=\"autoplay; clipboard-write; encrypted-media; picture-in-picture; web-share\" 0=\"\/iframe\" class=\"iframe-class\"><\/iframe>\n<\/p>\n<p><em>L&#8217;el tresll\u00e1u de la corte a Lli\u00f3n y el so s\u00e9quitu, que debia de ser la met\u00e1 de la poblaci\u00f3n, dexa tras una ciud\u00e1 murnia, colos palacios vac\u00edos y abandonaos, pr\u00e1cticamente ensin activid\u00e1 comercial, y ye de suponer que con un bax\u00f3n demogr\u00e1ficu. Con una serie de conventos como San Vicente y San Pelayo y El Salvador dedic\u00e1u a la custodia de les Santes Reliquies.<\/em><\/p>\n<p><em>Y ye gracies a elles por onde llega&#8217;l milagru y la bayura. Dende distintos llugares d&#8217;Europa empiecen a llegar los pelegrinos cam\u00edn de Santiago, con parada obligada n&#8217;Uvi\u00e9u para visitar les reliquies de la C\u00e1mara Santa. Tou pelegr\u00edn sab\u00eda que&#8217;l Cam\u00edn de Santiago pasaba per Uvi\u00e9u, pos seg\u00fan dic\u00edase <strong><span style=\"color: #008080\">\u00abquien va a Santiago y nun va a El Salvador, visita al cri\u00e1u y dexa al se\u00f1or\u00bb.<\/span><\/strong><\/em><\/p>\n<hr \/>\n<p style=\"text-align: center\">\n<!-- iframe plugin v.6.0 wordpress.org\/plugins\/iframe\/ -->\n<iframe loading=\"lazy\" src=\"https:\/\/www.facebook.com\/plugins\/post.php?href=https%3A%2F%2Fwww.facebook.com%2Fpermalink.php%3Fstory_fbid%3Dpfbid0q75LnQ6jfVrtf6jxeXVz2jS3cXNZJzp9x68fMDVexz5hVoj7uQJmx3asG31eBqbBl%26id%3D100005819407906&#038;show_text=false&#038;width=500\" width=\"500\" height=\"227\" style=\"border:none;overflow:hidden\" scrolling=\"no\" frameborder=\"0\" allowfullscreen=\"true\" allow=\"autoplay; clipboard-write; encrypted-media; picture-in-picture; web-share\" 0=\"\/iframe\" class=\"iframe-class\"><\/iframe>\n<\/p>\n<p><em>Con Alfonso lll el Magno tresll\u00e1dase la corte a Lli\u00f3n y ponse fin a la Monarqu\u00eda Asturiana quedando Uvi\u00e9u, \u00abAsturorum Regnum\u00bb, como see episcopal onde l&#8217;obispu ser\u00eda la m\u00e1xima autorid\u00e1.<\/em><\/p>\n<p><em>Tras queden los tiempos de los reis \u00e1stures coles sos intrigues palaciegues, asesinatos y odios din\u00e1sticos que ye meyor escaecer.<\/em><br \/>\n<em>Estos son los reis de la Monarqu\u00eda Asturiana, como yo imaxino a falta de material fotogr\u00e1fico o semeyes.<\/em><\/p>\n<hr \/>\n<p style=\"text-align: center\">\n<!-- iframe plugin v.6.0 wordpress.org\/plugins\/iframe\/ -->\n<iframe loading=\"lazy\" src=\"https:\/\/www.facebook.com\/plugins\/post.php?href=https%3A%2F%2Fwww.facebook.com%2Fpermalink.php%3Fstory_fbid%3Dpfbid0G9F5QVi7d92S2EgFbEifxLVtLyvJamLKTesQG1ULrt8f8CbmUqerQ9QPpRvgVbnul%26id%3D100005819407906&#038;show_text=false&#038;width=500\" width=\"500\" height=\"497\" style=\"border:none;overflow:hidden\" scrolling=\"no\" frameborder=\"0\" allowfullscreen=\"true\" allow=\"autoplay; clipboard-write; encrypted-media; picture-in-picture; web-share\" 0=\"\/iframe\" class=\"iframe-class\"><\/iframe>\n<\/p>\n<p><em>Sigamos cola hestoria d&#8217;esta llinda ciud\u00e1 que tamos perdiendo.<\/em><\/p>\n<p><em>L&#8217;\u00faltimu rei foi Alfonso lll El Magno, qu&#8217;herieda&#8217;l tronu a los 18 a\u00f1os na corte uvieina nos a\u00f1os 866 al 910. Edifica un nuevu palaciu real llamada La Fortaleza. Casi al empezar el so rein\u00e1u tien que coyer la espada y solmena-yos a los musulmanes qu&#8217;entren por Alava. Nun confundir a esti Alfonso col so predecesor, esti nun yera castu y a los venti\u00fan a\u00f1os y\u00e1 ten\u00eda cuatro f\u00edos con Ximena, una princesa navarra: Garc\u00eda, Ordo\u00f1o, Fruela y Ramiro.<\/em><\/p>\n<p><em>Ordena construyir la bas\u00edlica de San Salvador de Valdedi\u00f3s, un magn\u00edficu templu na tumba del ap\u00f3stol Santiago, en Compostela, una serie de formoses ilesies rurales y la fuentina de Foncalada n&#8217;Uvi\u00e9u. Cunten les lleendes que nes nueches de lluna llena baxaben les doncelles a ba\u00f1ase na fonte.<\/em><\/p>\n<p><em>Pero la so obra m\u00e1s importante ye la Cruz de la Victoria, el s\u00edmbolu d&#8217;Asturies naz n&#8217;a\u00f1u 908, nel castiellu de Gauz\u00f3n.<\/em><\/p>\n<p><em>Pero la so vida nun tien un final feliz. Los sos f\u00edos obl\u00edguen-y a abandonar el tronu y recluyenlu nel valle de Boides, barganal de la bas\u00edlica. Como y\u00e1 sabemos, cr\u00eda cuervos y anque nun-y sacaron los g\u00fceyos destron\u00e1ron-y.<\/em><\/p>\n<p><em>Pero Alfonso nun se resigna a la so reclusi\u00f3n. Pide al so f\u00edu Garc\u00eda un ex\u00e9rcitu y parte col a les fronteres conquistando nueves tierres en manos musulmanes.<\/em><br \/>\n<em>Nos \u00faltimos d\u00edes de la seronda del a\u00f1u 910, escosu y enfermu, qu\u00e9dase en Zamora, onde muerre&#8217;l 20 d&#8217;avientu. Y con \u00e9l termina la Monarqu\u00eda Asturiana.<\/em><\/p>\n<hr \/>\n<p style=\"text-align: center\">\n<!-- iframe plugin v.6.0 wordpress.org\/plugins\/iframe\/ -->\n<iframe loading=\"lazy\" src=\"https:\/\/www.facebook.com\/plugins\/post.php?href=https%3A%2F%2Fwww.facebook.com%2Fpermalink.php%3Fstory_fbid%3Dpfbid02vdPT5bqZ95W8kNeFiipey8EaK9yccPRkkXE1kTjt5VAZJiLqMDiC62YFc9Gi6LYvl%26id%3D100005819407906&#038;show_text=false&#038;width=500\" width=\"500\" height=\"498\" style=\"border:none;overflow:hidden\" scrolling=\"no\" frameborder=\"0\" allowfullscreen=\"true\" allow=\"autoplay; clipboard-write; encrypted-media; picture-in-picture; web-share\" 0=\"\/iframe\" class=\"iframe-class\"><\/iframe>\n<\/p>\n<p>&nbsp;<\/p>\n<p><em>Sigamos colos reis que sentaron nel tronu d&#8217;Uvi\u00e9u. Dempu\u00e9s de la muerte de Ramiro I, ocupa&#8217;l tronu&#8217;l so herederu Ordo\u00f1o I. Si&#8217;l so padre foi llam\u00e1u \u00abla vara de la xusticia\u00bb poles sos arrebatos y mala lleche, el so f\u00edu pas\u00f3 a la hestoria como \u00abel padre del pueblu\u00bb. Un home paciente y serenu, pero valiente y decid\u00edu frente al enemigu. Hered\u00f3 un reinu pacific\u00e1u, pero nun se durmi\u00f3 nos lloreos y ampli\u00f3 notablemente les sos fronteres hasta&#8217;l valle del Douru.<\/em><br \/>\n<em>Tami\u00e9n-y toco trepar y someter a los llevantinos vasconos y a los tercos normandos.<br \/>\n<\/em><br \/>\n<em>Llibera de los musulmanes les ciudaes de Lli\u00f3n, Tuy y Astorga, fortifica les fronteres del sur de Galicia y constr\u00fai castiellos, monesterios y granxes nes zones castellanes. <\/em><em>Na batalla de Clavijo, seg\u00fan cuenta la lleenda, recibi\u00f3 l&#8217;ayuda del Ap\u00f3stol Santiago&#8217;l Mayor, motey\u00e1u \u00abMatamoros\u00bb. <\/em><em>Enfermu de gota, Ordo\u00f1o I muerre n&#8217;Uvi\u00e9u nel a\u00f1u 866.<\/em><\/p>\n<hr \/>\n<p style=\"text-align: center\">\n<!-- iframe plugin v.6.0 wordpress.org\/plugins\/iframe\/ -->\n<iframe loading=\"lazy\" src=\"https:\/\/www.facebook.com\/plugins\/post.php?href=https%3A%2F%2Fwww.facebook.com%2Fpermalink.php%3Fstory_fbid%3Dpfbid0qtcir9Trdap7jaL31ZnJxeaVfVTbVtD1BtLNTfXNwAaUS3e5DHpc2iT4kY8rpDRfl%26id%3D100005819407906&#038;show_text=false&#038;width=500\" width=\"500\" height=\"498\" style=\"border:none;overflow:hidden\" scrolling=\"no\" frameborder=\"0\" allowfullscreen=\"true\" allow=\"autoplay; clipboard-write; encrypted-media; picture-in-picture; web-share\" 0=\"\/iframe\" class=\"iframe-class\"><\/iframe>\n<\/p>\n<p><em>\u00abLa heroica ciud\u00e1 dorm\u00eda&#8217;l pigazu. El vientu sur, caliente y galbaniegu, emburriaba les nubes ablancazaes que se resgaben al correr escontra&#8217;l norte. Nes cais nun hab\u00eda m\u00e1s ruiu que&#8217;l rumor estridente de los remolinos de polvu, trapos, payes y papeles, que diben de regueru en regueru, de cera en cera, d&#8217;esquina n&#8217;esquina, revolando y escorri\u00e9ndose, como camparines que se busquen y fuxen y que l&#8217;aire envolubra nes sos plegues invisibles. Cual alteries de pilluelos, aquelles migayes de la basura, aquelles arrayadures de too, xuntaronse nun mont\u00f3n, par\u00e1banse como dorm\u00edes un momentu y brincaban de nuevu sobrosaltaes, esvalix\u00e1ndose, engatando unes poles par\u00e9s hasta los cristales tr\u00e9mboles de los faroles, otres hasta los cartelos de papel mal pegaos a les esquines, y hab\u00eda pluma que llegaba a un tercer pisu, y arenuca que s&#8217;encuallaba para d\u00edes, o para a\u00f1os, na vidrera d&#8217;un escaparate, garrada a un chombu. <\/em><\/p>\n<p><em>Vetusta, la bien noble y lleal ciud\u00e1, corte nel allo\u00f1\u00e1u sieglu, escontra la dixesti\u00f3n del coc\u00edu y de la olla podre, y folgaba oyendo ente sua\u00f1os el mon\u00f3tonu y familiar runf\u00edu de la campana de coru, que retumbaba all\u00e1 a lo cimero de la espodada torre na Santa Bas\u00edlica\u201d.<\/em><\/p>\n<hr \/>\n<p style=\"text-align: center\">\n<!-- iframe plugin v.6.0 wordpress.org\/plugins\/iframe\/ -->\n<iframe loading=\"lazy\" src=\"https:\/\/www.facebook.com\/plugins\/post.php?href=https%3A%2F%2Fwww.facebook.com%2Fpermalink.php%3Fstory_fbid%3Dpfbid0GvZnhqZgjqxx1asEiERZ6aXgJT5GxWCN57fxNzrb2YvjcWuHkYar5jVbG1MGHPkzl%26id%3D100005819407906&#038;show_text=false&#038;width=500\" width=\"500\" height=\"498\" style=\"border:none;overflow:hidden\" scrolling=\"no\" frameborder=\"0\" allowfullscreen=\"true\" allow=\"autoplay; clipboard-write; encrypted-media; picture-in-picture; web-share\" 0=\"\/iframe\" class=\"iframe-class\"><\/iframe>\n<\/p>\n<p><em>El rein\u00e1u de Ramiro I \u00abla vara de la Xusticia\u00bb, nun foi bien llargu. Ocho a\u00f1os afortunadamente para aquellos a los que ten\u00eda i\u00f1erizu. Rein\u00f3 ocho a\u00f1os y morri\u00f3 nel 850. Como nos cunten les cr\u00f3niques. Nun duld\u00f3 n&#8217;unviar al verdugu a los lladrones para quitalos de la vista, condergar a los magos a la foguera y cosiquines asina.<\/em><\/p>\n<p><em>Nos a\u00f1os del so rein\u00e1u, dos nobles pretenden destronalo: Adroito y Piniolo. Al primeru d\u00e9xalu ciegu, al segundu mand\u00f3 executar, xuntu colos sos siete f\u00edos.<\/em><br \/>\n<em>Ente una cosa y otra, tuvo tiempu de mandar faer un par d&#8217;edificios nel monte del Naranco. Cuando lleemos: San Miguel de Lli\u00f1o y Santa Mar\u00eda del Naranco, fueron construy\u00edes por Ramiro I, nun ye ciertu. Fueron construy\u00edes mientres el so rein\u00e1u, pero por un arquiteutu xenial.<\/em><\/p>\n<hr \/>\n<p style=\"text-align: center\">\n<!-- iframe plugin v.6.0 wordpress.org\/plugins\/iframe\/ -->\n<iframe loading=\"lazy\" src=\"https:\/\/www.facebook.com\/plugins\/post.php?href=https%3A%2F%2Fwww.facebook.com%2Fpermalink.php%3Fstory_fbid%3Dpfbid02GQe8urEB6UZDYScWRrW9xumq8X9vhWCGLrfyEf7g9aFopS1BcM93UsVQiidjZUDal%26id%3D100005819407906&#038;show_text=false&#038;width=500\" width=\"500\" height=\"498\" style=\"border:none;overflow:hidden\" scrolling=\"no\" frameborder=\"0\" allowfullscreen=\"true\" allow=\"autoplay; clipboard-write; encrypted-media; picture-in-picture; web-share\" 0=\"\/iframe\" class=\"iframe-class\"><\/iframe>\n<\/p>\n<p><em>Nun quepe dulda qu&#8217;esti reinu nun taba dex\u00e1u de la mano de Dios, de la Virxe, Santos, Arc\u00e1nxeles, Arques Santes y tou tipu de milagros qu&#8217;asoced\u00eden na Ciud\u00e1 Santa d&#8217;Uvi\u00e9u. <\/em><em>Pero vamos dexar estos asuntos celestiales pel momento, para siguir cola monarqu\u00eda y los tr\u00e9s monarques que nos queden.<\/em><\/p>\n<p><em>Tres la muerte d&#8217;Alfonso asocedida nel 842, \u00abTres una vida gloriosa, casta ya inmaculada\u00bb. nun dexa herederu, de cuenta qu&#8217;hai que buscar a un nuevu rei. Ye escoy\u00edu para ocupar el tronu Ramiro *l, del que y\u00e1 falamos de primeres. Ramiro nun s&#8217;anda con chancies y taba dispuestu a caltener l&#8217;orde nel reinu. Un noble llam\u00e1u Nepociano, usurpa&#8217;l tronu de Ramiro, pero vistu y nun visto. Ramiro v\u00e9nce-y en combate, qu\u00edta-y de la vista y z\u00e1rra-y para siempres nun monesteriu. Ramiro taba dispuestu a saca-y los g\u00fceyos a tol que lu mirara mal.<\/em><\/p>\n<p><em>Am\u00e1s,los pirates viquingos, abondo selvaxes como y\u00e1 sabemos, asoc\u00e9dese-yos desembarcar nes mari\u00f1es asturianes ensin saber onde se met\u00eden. Ramiro da-yos para&#8217;l fo\u00edn,ambura gran parte de los sos barcos y sumen de les mari\u00f1es cristianes del norte para dir escalar m\u00e1s al sur remontando&#8217;l Guadalquivir.<\/em><\/p>\n<p>&nbsp;<\/p>\n<div dir=\"auto\"><\/div>\n<div dir=\"auto\">\n<hr \/>\n<\/div>\n<div dir=\"auto\" style=\"text-align: center\"><\/div>\n<div dir=\"auto\">\n<div dir=\"auto\" style=\"text-align: center\">\n<!-- iframe plugin v.6.0 wordpress.org\/plugins\/iframe\/ -->\n<iframe loading=\"lazy\" src=\"https:\/\/www.facebook.com\/plugins\/post.php?href=https%3A%2F%2Fwww.facebook.com%2Fpermalink.php%3Fstory_fbid%3Dpfbid02fCC8ELGwHweQ3aun3SV6BHyVUMy22aNQrs9jGD1ST75tYqKA6z6iSE3ieBzT3Ejdl%26id%3D100005819407906&#038;show_text=true&#038;width=500\" width=\"500\" height=\"832\" style=\"border:none;overflow:hidden\" scrolling=\"no\" frameborder=\"0\" allowfullscreen=\"true\" allow=\"autoplay; clipboard-write; encrypted-media; picture-in-picture; web-share\" 0=\"\/iframe\" class=\"iframe-class\"><\/iframe>\n<\/div>\n<div dir=\"auto\"><\/div>\n<p><em>La misteriosa Arca Santa, taba construyida de madera de cedru, permaneci\u00f3 ensin abrir mientres el rein\u00e1u del Rei Castu y de los sos sucesores nel tronu. Naide s&#8217;atrevi\u00f3 a abrila hasta l&#8217;a\u00f1u 1030. Seg\u00fan los relatos, nesi a\u00f1u, l&#8217;obispu d&#8217;Uvi\u00e9u, don Ponce, en presencia d&#8217;otros cl\u00e9rigos del cabildru de San Salvador, atreviose a ver el conten\u00edu de l&#8217;Arca. Nun foi una bona idea, seg\u00fan paez.<\/em><\/p>\n<p><em>Al abrila sali\u00f3 del so interior una lluz tan intensa y cegadora qu&#8217;esllum\u00f3 a tolos que s&#8217;atrevieron a asemey\u00e1u desat\u00edn. Aterrorizaos y cegaos pola sobrenatural lluz, volvieron cerrar la tapa, pero&#8217;l da\u00f1u y\u00e1 taba fechu. Dalgunos quedaron ciegos, ente ellos l&#8217;obispu don Ponce, o Poncio. Polo que se deduz, que los ell\u00ed presentes nun ten\u00eden una vida precisamente exemplar como cl\u00e9rigos.<\/em><\/div>\n<div dir=\"auto\">\n<hr \/>\n<\/div>\n<div dir=\"auto\"><\/div>\n<div dir=\"auto\" style=\"text-align: center\">\n<!-- iframe plugin v.6.0 wordpress.org\/plugins\/iframe\/ -->\n<iframe loading=\"lazy\" src=\"https:\/\/www.facebook.com\/plugins\/post.php?href=https%3A%2F%2Fwww.facebook.com%2Fpermalink.php%3Fstory_fbid%3Dpfbid02CqgrVo1FqJbsdgifm5h1vs2zZtYiS2BaVZuU6bAtsN8xZ1xgT4dk1pPPAvXE8BEZl%26id%3D100005819407906&#038;show_text=false&#038;width=500\" width=\"500\" height=\"497\" style=\"border:none;overflow:hidden\" scrolling=\"no\" frameborder=\"0\" allowfullscreen=\"true\" allow=\"autoplay; clipboard-write; encrypted-media; picture-in-picture; web-share\" 0=\"\/iframe\" class=\"iframe-class\"><\/iframe>\n<\/div>\n<p>Vamos siguir con esto. Qued\u00e1ramos en qu&#8217;una misteriosa lluz indico a un ermita\u00f1u onde taba la tumba del ap\u00f3stol Santiago all\u00e1 en Finis Terrae y como lleg\u00f3 tan importante noticia al rei Allfonso ll.<br \/>\nAm\u00e1s, na Catedral del Salvador hab\u00eda una ayalga estraordinaria; l&#8217;Arca Santa, una caxa coles m\u00e1s incre\u00edbles reliquies de la cristiand\u00e1, tray\u00edes dende Xerusal\u00e9n hasta Toledo y despintaes dempu\u00e9s a lo cimero del Monsacro, y dende ell\u00ed treslladose&#8217;l Rei Castu, asiti\u00e1ndoles na C\u00e1mara Santa.<br \/>\nNin el mesmu rei sab\u00eda lo qu&#8217;hab\u00eda nel so interior, pos nun s&#8217;atrev\u00eda a abrir. A pesar de la medrana qu&#8217;inspiraba, la so fama trespas\u00f3 les fronteres y yeren munchos los pelegrinos que llegaben a Uvi\u00e9u para contemplar l&#8217;Arca misteriosa.<br \/>\nHab\u00eden de pasar casi 200 a\u00f1os por que fuera abierta, y la resultancia foi tarrecible. Pero eso ye otra hestoria.<\/p>\n<p>&nbsp;<\/p>\n<div dir=\"auto\"><\/div>\n<div dir=\"auto\">\n<!-- iframe plugin v.6.0 wordpress.org\/plugins\/iframe\/ -->\n<iframe loading=\"lazy\" src=\"https:\/\/www.facebook.com\/plugins\/post.php?href=https%3A%2F%2Fwww.facebook.com%2Fpermalink.php%3Fstory_fbid%3Dpfbid0pbFo1CJSmi7LHiXoGxMe77Zua7unCkdiUgWgRjUjTgbbQAQ193T5BD9irdg7gXwl%26id%3D100005819407906&#038;show_text=false&#038;width=500\" width=\"500\" height=\"497\" style=\"border:none;overflow:hidden\" scrolling=\"no\" frameborder=\"0\" allowfullscreen=\"true\" allow=\"autoplay; clipboard-write; encrypted-media; picture-in-picture; web-share\" 0=\"\/iframe\" class=\"iframe-class\"><\/iframe>\n<\/div>\n<div dir=\"auto\"><\/div>\n<div dir=\"auto\">\n<div class=\"xdj266r x11i5rnm xat24cr x1mh8g0r x1vvkbs x126k92a\">\n<div dir=\"auto\">Obispos, cl\u00e9rigos y luces misteriosas.<\/div>\n<\/div>\n<div class=\"x11i5rnm xat24cr x1mh8g0r x1vvkbs xtlvy1s x126k92a\">\n<div dir=\"auto\">La leyenda de la Cruz de los \u00c1ngeles y la resplandeciente luz que emanaba no es el \u00fanico caso ocurrido durante el reinado del p\u00edo Rey Casto.<\/div>\n<div dir=\"auto\">En la di\u00f3cesis de Oviedo, creada por Alfonso ll, se refugian muchos obispos que llegan de otros lugares huyendo de los musulmanes. Con el religioso y casto rey, y la compa\u00f1\u00eda de los cl\u00e9rigos y obispos, comienzan a suceder cosas milagrosas, parecidas a lo acontecido con la Cruz de los \u00c1ngeles.<\/div>\n<div dir=\"auto\">Entre el a\u00f1o 800 al 820, unas extra\u00f1as luces nocturnas aparecen en el occidente del reino, cerca de Finis Terrae. Un santo ermita\u00f1o llamado Pelagio, que las observ\u00f3, llega a la conclusi\u00f3n de que estas luces indican el lugar donde est\u00e1 enterrado el ap\u00f3stol Santiago, hecho que comunica al obispo Teodomiro de Iria y este, a su vez, al rey Alfonso el Casto.<\/div>\n<div dir=\"auto\"><\/div>\n<\/div>\n<div dir=\"auto\">\n<!-- iframe plugin v.6.0 wordpress.org\/plugins\/iframe\/ -->\n<iframe loading=\"lazy\" src=\"https:\/\/www.facebook.com\/plugins\/post.php?href=https%3A%2F%2Fwww.facebook.com%2Fpermalink.php%3Fstory_fbid%3Dpfbid0wXowjLee2bKTsHW7YaUguM2to9o5D4GDyH5iFqN9UoiwGG1vba3tiKoDe46cxXqBl%26id%3D100005819407906&#038;show_text=false&#038;width=500\" width=\"500\" height=\"498\" style=\"border:none;overflow:hidden\" scrolling=\"no\" frameborder=\"0\" allowfullscreen=\"true\" allow=\"autoplay; clipboard-write; encrypted-media; picture-in-picture; web-share\" 0=\"\/iframe\" class=\"iframe-class\"><\/iframe>\n<\/div>\n<\/div>\n<div dir=\"auto\"><\/div>\n<div dir=\"auto\">\n<div class=\"\" dir=\"auto\">\n<div id=\":r4c3:\" class=\"x1iorvi4 x1pi30zi x1l90r2v x1swvt13\" data-ad-comet-preview=\"message\" data-ad-preview=\"message\">\n<div class=\"x78zum5 xdt5ytf xz62fqu x16ldp7u\">\n<div class=\"xu06os2 x1ok221b\">\n<div class=\"xdj266r x11i5rnm xat24cr x1mh8g0r x1vvkbs x126k92a\">\n<div dir=\"auto\">LA LEYENDA DE LA CRUZ DE LOS \u00c1NGELES<\/div>\n<div dir=\"auto\">La cr\u00f3nica del Silense, del siglo Xll, aparece la historia de la Cruz de los \u00c1ngeles. Una operaci\u00f3n de marketing pol\u00edtico-religiosa muy bien orquestada por el episcopado de Oviedo, en unos c\u00f3dices encargados por el obispo Pelayo, nos cuentan como y por quienes fue construida la cruz.<\/div>\n<div dir=\"auto\">Ni Andersen, Grimm o Perrault, fueron capaces de superarlo. Este relato del Silense, de autor o autores desconocidos, dejan en la miseria al flautista de Hamel\u00edn, al soldadito de plomo y al mism\u00edsimo Aladino y su l\u00e1mpara.<\/div>\n<\/div>\n<div class=\"x11i5rnm xat24cr x1mh8g0r x1vvkbs xtlvy1s x126k92a\">\n<div dir=\"auto\">\u201cUn d\u00eda, en el que el ya mencionado y p\u00edo Rey Alfonso II dispuso a mano de alguna cantidad de espl\u00e9ndido oro y rica pedrer\u00eda, pens\u00f3 hacer con ello una cruz para el altar del Se\u00f1or. En este pensamiento y despu\u00e9s de haber recibido el cuerpo y la sangre de Cristo, como ten\u00eda por costumbre, se dirigi\u00f3 al palacio para comer. Llevaba el oro en su mano cuando he ah\u00ed que se presentan dos \u00e1ngeles con apariencia de peregrinos y, haci\u00e9ndose pasar por art\u00edfices, se ofrecieron a laborar y a los que dio oro y piedras y una casa, para que sin estorbos humanos pudieran realizar la labor. La cosa que sigue es algo maravilloso, no visto desde los ap\u00f3stoles hasta nuestros d\u00edas. El rey, despu\u00e9s del breve lapso de la comida, recapacita y manda unos emisarios para que vigilen y pregunten qui\u00e9nes eran aquellos a los que entreg\u00f3 el oro. Y \u00e9stos, cerca de la casa donde laboraban los art\u00edfices, vieron que sal\u00edan de ella raudales de luz que m\u00e1s parec\u00eda emerger el sol que hecha por los hombres. Miraron los enviados por la ventana y vieron que los ang\u00e9licos maestros hab\u00edan desaparecido y que sola en medio estaba la cruz ya hecha, de la que emanaba la luz como la del sol. De ello se dedujo que fue aquello una obra divina y no humana. Al o\u00edr esto, el devot\u00edsimo rey fue con r\u00e1pido paso a entonar himnos y laudos a Dios por el beneficio que le hac\u00eda. Y con toda reverencia puso la cruz en el altar de San Salvador\u201d.<\/div>\n<div dir=\"auto\"><\/div>\n<\/div>\n<\/div>\n<\/div>\n<div dir=\"auto\">\n<!-- iframe plugin v.6.0 wordpress.org\/plugins\/iframe\/ -->\n<iframe loading=\"lazy\" src=\"https:\/\/www.facebook.com\/plugins\/post.php?href=https%3A%2F%2Fwww.facebook.com%2Fpermalink.php%3Fstory_fbid%3Dpfbid02pXf2BAFY9gHnzoQTppdbyNsFSv4SaKtmaFXy9TFwLVTCwA79MZEjWYH1Q6t7irw1l%26id%3D100005819407906&#038;show_text=false&#038;width=500\" width=\"500\" height=\"497\" style=\"border:none;overflow:hidden\" scrolling=\"no\" frameborder=\"0\" allowfullscreen=\"true\" allow=\"autoplay; clipboard-write; encrypted-media; picture-in-picture; web-share\" 0=\"\/iframe\" class=\"iframe-class\"><\/iframe>\n<\/div>\n<div dir=\"auto\"><\/div>\n<\/div>\n<div dir=\"auto\"><span class=\"x193iq5w xeuugli x13faqbe x1vvkbs x1xmvt09 x1lliihq x1s928wv xhkezso x1gmr53x x1cpjm7i x1fgarty x1943h6x xudqn12 x3x7a5m x1f6kntn xvq8zen xo1l8bm xzsf02u\" dir=\"auto\">Sobre las ruinas que los hermanos ibn Maugait dejaron tras sus ataques a Oviedo, Alfonso comienza a reconstruir de nuevo la ciudad. Una bas\u00edlica en el lugar en la que construy\u00f3 su padre, consagrada al Salvador y a los doce ap\u00f3stoles, y a su lado, el palacio real.<br \/>\nPoco a poco, Oviedo se va convirtiendo en una peque\u00f1a Toledo, heredera y continuadora de los valores est\u00e9ticos de los godos.<br \/>\nSe construyen las iglesias de San Tirso y de Santullano (esta fuera del recinto amurallado), al palacio real se adosa una capilla que hoy es la C\u00e1mara Santa. La iglesia de Santa Mar\u00eda, y el pante\u00f3n real. Palacios y casas en un peque\u00f1o recinto urbano rodeado por una muralla.<br \/>\nEn los documentos referidos a su reinado se menciona un \u00abacueductum\u00bb para traer el agua a la peque\u00f1a Oviedo.<br \/>\nEn los alrededores levant\u00f3 los templos de San Pedro de Nora, Santo Adriano de Tu\u00f1\u00f3n y el de Santa Mar\u00eda de Bedones, y en su propio palacio luce la Cruz de los \u00c1ngeles, que desde el a\u00f1o 808 es el escudo her\u00e1ldico de la ciudad.<br \/>\nAlfonso ll ocup\u00f3 el trono durante casi 50 a\u00f1os dejando todas estas maravillas. Lo que no dejo fue heredero al trono. La castidad puede ser una virtud, pero en estos casos crea un serio problema en la sucesi\u00f3n de la corona.<\/span><\/div>\n<\/div>\n<\/div>\n<div dir=\"auto\"><\/div>\n<div dir=\"auto\">\n<!-- iframe plugin v.6.0 wordpress.org\/plugins\/iframe\/ -->\n<iframe loading=\"lazy\" src=\"https:\/\/www.facebook.com\/plugins\/post.php?href=https%3A%2F%2Fwww.facebook.com%2Fpermalink.php%3Fstory_fbid%3Dpfbid02DyKizqEud41FCThaadEzueA7C1c7U5SUuusWEPWZBhe9upkjZL5XVUHLEAPT2zAPl%26id%3D100005819407906&#038;show_text=false&#038;width=500\" width=\"500\" height=\"498\" style=\"border:none;overflow:hidden\" scrolling=\"no\" frameborder=\"0\" allowfullscreen=\"true\" allow=\"autoplay; clipboard-write; encrypted-media; picture-in-picture; web-share\" 0=\"\/iframe\" class=\"iframe-class\"><\/iframe>\n<\/div>\n<div dir=\"auto\"><\/div>\n<div dir=\"auto\">\n<div class=\"\" dir=\"auto\">\n<div id=\":r4ma:\" class=\"x1iorvi4 x1pi30zi x1l90r2v x1swvt13\" data-ad-comet-preview=\"message\" data-ad-preview=\"message\">\n<div class=\"x78zum5 xdt5ytf xz62fqu x16ldp7u\">\n<div class=\"xu06os2 x1ok221b\">\n<div class=\"xdj266r x11i5rnm xat24cr x1mh8g0r x1vvkbs x126k92a\">\n<div dir=\"auto\">ALFONSO ll EL CASTO (1)<\/div>\n<div dir=\"auto\">Alfonso nace aproximadamente en el a\u00f1o 765, en Oviedo, como dice en su testamento del a\u00f1o 812. \u00aben este solar-Oviedo-en que nac\u00ed y que bautizado viv\u00ed\u00bb.<\/div>\n<\/div>\n<\/div>\n<\/div>\n<\/div>\n<\/div>\n<\/div>\n<div dir=\"auto\"><\/div>\n<div dir=\"auto\">\n<!-- iframe plugin v.6.0 wordpress.org\/plugins\/iframe\/ -->\n<iframe loading=\"lazy\" src=\"https:\/\/www.facebook.com\/plugins\/post.php?href=https%3A%2F%2Fwww.facebook.com%2Fpermalink.php%3Fstory_fbid%3Dpfbid0REqZApUSRCbX5w1NKAhhZdfGLjxpKx2pasUFmhBEfsVrZnnKjgZ6aHug8HDffzhLl%26id%3D100005819407906&#038;show_text=false&#038;width=500\" width=\"500\" height=\"497\" style=\"border:none;overflow:hidden\" scrolling=\"no\" frameborder=\"0\" allowfullscreen=\"true\" allow=\"autoplay; clipboard-write; encrypted-media; picture-in-picture; web-share\" 0=\"\/iframe\" class=\"iframe-class\"><\/iframe>\n<\/div>\n<div dir=\"auto\"><\/div>\n<div dir=\"auto\">\n<div class=\"xdj266r x11i5rnm xat24cr x1mh8g0r x1vvkbs x126k92a\">\n<div dir=\"auto\">Alfonso ll el Casto (2)<\/div>\n<\/div>\n<div class=\"x11i5rnm xat24cr x1mh8g0r x1vvkbs xtlvy1s x126k92a\">\n<div dir=\"auto\">La reina Adosinda quiso que el pr\u00edncipe Alfonso ocupara el trono el el a\u00f1o 783, pero tuvo que huir y a tierras alavesas, de donde proced\u00eda su madre, para escapar de las garras de Mauregato.<\/div>\n<div dir=\"auto\">En el a\u00f1o 791, Alfonso ocupa por fin el trono tras la abdicaci\u00f3n de Bermudo el Di\u00e1cono, que si bien como cl\u00e9rigo pod\u00eda pasar, como guerrero en el campo de batalla era un desastre. Despu\u00e9s de la tremenda derrota contra los \u00e1rabes en el Burbia, m\u00e1s o menos donde est\u00e1 hoy Villafranca del Bierzo, abdic\u00f3 en favor de Alfonso y se dedic\u00f3 a la oraci\u00f3n, que era lo suyo.<\/div>\n<div dir=\"auto\">Alfonso ll el Casto, as\u00ed pasar\u00eda a la historia, aunque las cr\u00f3nicas no nos dicen nada sobre su castidad, por lo que no sabemos si era casto por devoci\u00f3n o por obligaci\u00f3n, pero como rey y pol\u00edtico puso el list\u00f3n muy alto.<\/div>\n<div dir=\"auto\">Los primeros a\u00f1os de su reinado ha de enfrentarse con el fan\u00e1tico Hixam l empe\u00f1ado en destruir el reino de Asturias.<\/div>\n<div dir=\"auto\">Entre los a\u00f1os 794-795, Abd al-Malik al frente del ej\u00e9rcito musulm\u00e1n arrasa y destruye todo lo que Fruela l hab\u00eda construido en Oviedo.<\/div>\n<div dir=\"auto\">Alfonso ll al frente de sus tropas les espera en Lutos, en el puerto de la Mesa, donde aplasta a los invasores musulmanes.<\/div>\n<div dir=\"auto\">Al a\u00f1o siguiente, Abd al Karim, hermano del anterior, destruye lo poco que quedaba de Oviedo, pero el resultado de este segundo ataque es parecido el anterior. Alfonso contraataca en el a\u00f1o 798 saqueando Lisboa. Los moros, quiz\u00e1s por el mal clima de la regi\u00f3n, no vuelven a poner el pie en tierra asturiana.<\/div>\n<\/div>\n<\/div>\n<div dir=\"auto\"><\/div>\n<div dir=\"auto\">\n<!-- iframe plugin v.6.0 wordpress.org\/plugins\/iframe\/ -->\n<iframe loading=\"lazy\" src=\"https:\/\/www.facebook.com\/plugins\/post.php?href=https%3A%2F%2Fwww.facebook.com%2Fpermalink.php%3Fstory_fbid%3Dpfbid0t8o59j7DFK6DqhMdQgkgqXodPLJWyMxo4dpSKxZTmRLhHQM8Fa6aPsVccQGyxJqnl%26id%3D100005819407906&#038;show_text=false&#038;width=500\" width=\"500\" height=\"498\" style=\"border:none;overflow:hidden\" scrolling=\"no\" frameborder=\"0\" allowfullscreen=\"true\" allow=\"autoplay; clipboard-write; encrypted-media; picture-in-picture; web-share\" 0=\"\/iframe\" class=\"iframe-class\"><\/iframe>\n<\/div>\n<div dir=\"auto\"><\/div>\n<div dir=\"auto\">\n<div dir=\"auto\">Tras el asesinato de Fruela l, le suceden en el trono una serie de reyes de corta duraci\u00f3n en el trono, afortunadamente, y que no aportan nada destacable a la historia de Oviedo. Ni siquiera a la monarqu\u00eda en general.<\/div>\n<div dir=\"auto\">El descendiente de Fruela es un ni\u00f1o de corta edad, por lo tanto, no puede ocupar a\u00fan el trono, as\u00ed que es nombrado rey Aurelio (768-774), que traslada la corte, seg\u00fan las cr\u00f3nicas, a Langreo. Fallece de manera natural, cosa rara en esa convulsa \u00e9poca.<\/div>\n<div dir=\"auto\">Le sucede Silo, (774-783) que establece su corte en Pravia. Estaba casado con Adosinda, hija de Alfonso l, nieta de Pelayo y hermana del asesinado Fruela.<\/div>\n<div dir=\"auto\">Cabe destacar de su esposa Adosinda la educaci\u00f3n y preparaci\u00f3n de su sobrino Alfonso, heredero leg\u00edtimo de la corona, as\u00ed como la protecci\u00f3n contra los aspirantes al trono, ya que como ya hemos visto era gente peligrosa.<\/div>\n<div dir=\"auto\">Silo construye un templo en Pravia que a\u00fan est\u00e1 en pie. Santianes de Pravia y, aqu\u00ed viene lo importante, orden\u00f3 colocar en ella una l\u00e1pida en la que se pod\u00eda leer: \u00abSilo pr\u00ednceps fecit\u00bb, digo que se pod\u00eda leer, pero no que fuera f\u00e1cil.<\/div>\n<div dir=\"auto\">Era un laberinto de 285 letras que se puede leer de 47.700 formas. Una S en el centro y 4 tes, una en cada esquina.<\/div>\n<div dir=\"auto\">Un adelantado a su tiempo. Inventor de los laberintos, los rompecabezas y el cubo de Rubik.<\/div>\n<div dir=\"auto\">Tras su muerte le sucede Mauregato (783-788), del cual las cr\u00f3nicas no dicen nada bueno, ni siquiera malo del todo, sin pena ni gloria.<\/div>\n<div dir=\"auto\">Luego reinar\u00eda Bermudo l el Di\u00e1cono (788-791), cuyo m\u00e1ximo acierto fue abdicar y dejar paso al heredero de la corona: Alfonso ll el Casto. Este s\u00ed tiene que ver todo con Oviedo.<\/div>\n<\/div>\n<div dir=\"auto\"><\/div>\n<div dir=\"auto\">\n<!-- iframe plugin v.6.0 wordpress.org\/plugins\/iframe\/ -->\n<iframe loading=\"lazy\" src=\"https:\/\/www.facebook.com\/plugins\/post.php?href=https%3A%2F%2Fwww.facebook.com%2Fpermalink.php%3Fstory_fbid%3Dpfbid0BqNTYnsmWw2pxERVWUd7hH4WGbBQJAugi2hcmkbYaBpCDEH6tg1V8eCUkzNgRckDl%26id%3D100005819407906&#038;show_text=false&#038;width=500\" width=\"500\" height=\"498\" style=\"border:none;overflow:hidden\" scrolling=\"no\" frameborder=\"0\" allowfullscreen=\"true\" allow=\"autoplay; clipboard-write; encrypted-media; picture-in-picture; web-share\" 0=\"\/iframe\" class=\"iframe-class\"><\/iframe>\n<\/div>\n<div dir=\"auto\"><\/div>\n<div dir=\"auto\">\n<div class=\"x11i5rnm xat24cr x1mh8g0r x1vvkbs xtlvy1s x126k92a\">\n<div dir=\"auto\">Sigamos con la historia de esta ciudad de tan bellos y resbaladizos suelos.<\/div>\n<\/div>\n<div class=\"x11i5rnm xat24cr x1mh8g0r x1vvkbs xtlvy1s x126k92a\">\n<div dir=\"auto\">LA FUNDACI\u00d3N DE LA CIUDAD.<\/div>\n<div dir=\"auto\">Seg\u00fan cuenta la leyenda, que es eso, una leyenda: llegaron aqu\u00ed un par de presb\u00edteros; M\u00e1ximo y Fromestano y 25 monjes m\u00e1s, vaya usted a saber por qu\u00e9, ya que esto no era m\u00e1s que un monte de \u00e1rboles y maleza. Naturalmente, habr\u00edan levantado algunas modestas construcciones con lo que ten\u00edan a mano, madera y piedra, pero eso no es fundar una ciudad. La ciudad se funda cuando el rey Fruela l, nieto de Pelayo, se traslada a vivir aqu\u00ed.<\/div>\n<div dir=\"auto\">Entre el a\u00f1o 557 al 768 edifica un templo dedicado a el Salvador y un palacio para vivir tranquilo con su amada Munia, cansado de batallar por los montes contra \u00e1rabes, gallegos y vascones y lejos de las intrigas de la corte de Cangas, encabezadas por su hermano Vimarano<\/div>\n<div dir=\"auto\">No era tampoco Fruela un angelito precisamente; seg\u00fan cuentan las cr\u00f3nicas era \u00abde \u00e1speras costumbres\u00bb o sea; que ten\u00eda mala leche. Asesin\u00f3 a su hermano Vimarano y como el que a hierro mata: &#8230;Los seguidores de su hermano lo asesinaron a \u00e9l.<\/div>\n<div dir=\"auto\">De su idilio con la hermosa Munia nacer\u00e1 el que ser\u00eda con el tiempo Alfonso ll el Casto.<\/div>\n<\/div>\n<\/div>\n<div dir=\"auto\"><\/div>\n<div dir=\"auto\">\n<!-- iframe plugin v.6.0 wordpress.org\/plugins\/iframe\/ -->\n<iframe loading=\"lazy\" src=\"https:\/\/www.facebook.com\/plugins\/post.php?href=https%3A%2F%2Fwww.facebook.com%2Fpermalink.php%3Fstory_fbid%3Dpfbid02xF6BXVQBgVs7yR7EG4WYGQijMKzn56FRzZxXFa88GwK3GsDJbbaHGzwXUqFtaQfBl%26id%3D100005819407906&#038;show_text=false&#038;width=500\" width=\"500\" height=\"497\" style=\"border:none;overflow:hidden\" scrolling=\"no\" frameborder=\"0\" allowfullscreen=\"true\" allow=\"autoplay; clipboard-write; encrypted-media; picture-in-picture; web-share\" 0=\"\/iframe\" class=\"iframe-class\"><\/iframe>\n<\/div>\n<div dir=\"auto\"><\/div>\n<div dir=\"auto\"><\/div>\n<div dir=\"auto\">\n<div dir=\"auto\">\n<div class=\"x11i5rnm xat24cr x1mh8g0r x1vvkbs xtlvy1s x126k92a\">\n<div dir=\"auto\">Hoy vamos a repasar los diferentes estilos arquitect\u00f3nicos de la ciudad: Prerrom\u00e1nico, Rom\u00e1nico, G\u00f3tico, Ramirense&#8230;hasta llegar a la actualidad con el Calatravense o Gavinense tard\u00edo, pero esto ya es otra historia de la que ya hablaremos.<\/div>\n<div dir=\"auto\">As\u00ed que nos vamos a centrar en el Arte Ramirense.<\/div>\n<div dir=\"auto\">El rey Ramiro l hizo construir en el monte Naranco dos maravillosos monumentos: Santa Mar\u00eda del Naranco y San Miguel de Lillo.<\/div>\n<div dir=\"auto\">Santa Mar\u00eda del Naranco, de estilo prerrom\u00e1nico, se encuentra en la falda del Naranco, desde donde se pod\u00eda, contemplar la ciudad, solazarse y cazar. Tambi\u00e9n es posible que no fuera esa la intenci\u00f3n, la de contemplar, sino la de vigilar las rebeliones de la nobleza en Oviedo que hubo durante su reinado. Ramiro l no daba puntada sin hilo. Se le conoc\u00eda tambi\u00e9n como \u00abLa vara de la justicia\u00bb. Ten\u00eda un pronto un tanto duro y dif\u00edcil. A los nobles levantiscos los encerraba despu\u00e9s de sacarles los ojos. Tambi\u00e9n condenaba a la hoguera a los magos, brujos y hechiceros, y dejaba sin vista a los ladrones. Una joya; Santa Mar\u00eda del Naranco, no el rey.<\/div>\n<\/div>\n<\/div>\n<\/div>\n<div dir=\"auto\"><\/div>\n<div dir=\"auto\">\n<!-- iframe plugin v.6.0 wordpress.org\/plugins\/iframe\/ -->\n<iframe loading=\"lazy\" src=\"https:\/\/www.facebook.com\/plugins\/post.php?href=https%3A%2F%2Fwww.facebook.com%2Fpermalink.php%3Fstory_fbid%3Dpfbid0FB7JeKmxSf3A9RnXVi1VU4LPh6gvNcCXZbapC87T3zzsWxAC7pKYEb2wR6FnsNVVl%26id%3D100005819407906&#038;show_text=false&#038;width=500\" width=\"500\" height=\"497\" style=\"border:none;overflow:hidden\" scrolling=\"no\" frameborder=\"0\" allowfullscreen=\"true\" allow=\"autoplay; clipboard-write; encrypted-media; picture-in-picture; web-share\" 0=\"\/iframe\" class=\"iframe-class\"><\/iframe>\n<\/div>\n<div dir=\"auto\"><\/div>\n<div dir=\"auto\">\n<div class=\"\" dir=\"auto\">\n<div id=\":r56n:\" class=\"x1iorvi4 x1pi30zi x1l90r2v x1swvt13\" data-ad-comet-preview=\"message\" data-ad-preview=\"message\">\n<div class=\"x78zum5 xdt5ytf xz62fqu x16ldp7u\">\n<div class=\"xu06os2 x1ok221b\">\n<div class=\"xdj266r x11i5rnm xat24cr x1mh8g0r x1vvkbs x126k92a\">\n<div dir=\"auto\">EL CARBAY\u00d3N<\/div>\n<div dir=\"auto\">El Carbay\u00f3n era y es, el toten de la tribu ovetense y estaba en la calle de Ur\u00eda, en la esquina, donde hoy hay una placa en su recuerdo.<\/div>\n<div dir=\"auto\">Los ovetenses,conocidos antes como \u00abgatos de forno\u00bb por los hornos que abundaban en la ciudad, pasaron a llamarse \u00abCarbayones\u00bb. Aunque muchos habitantes de esta ciudad se identificaran m\u00e1s, al igual que ahora, con el alcornoque.<\/div>\n<div dir=\"auto\">En el oto\u00f1o de 1879 fue aprobado el derribo del \u00e1rbol por 14 votos contra 9. Fue tasada la madera en 175 pesetas y fue adjudicado en 192,50 pesetas.<\/div>\n<div dir=\"auto\">El 2 de octubre de 1879 comenzaron a darle hachazos hasta el d\u00eda 4 en el que consiguieron derribarlo.<\/div>\n<div dir=\"auto\"><\/div>\n<\/div>\n<\/div>\n<\/div>\n<\/div>\n<\/div>\n<div dir=\"auto\">\n<!-- iframe plugin v.6.0 wordpress.org\/plugins\/iframe\/ -->\n<iframe loading=\"lazy\" src=\"https:\/\/www.facebook.com\/plugins\/post.php?href=https%3A%2F%2Fwww.facebook.com%2Fpermalink.php%3Fstory_fbid%3Dpfbid0ZxNUjjW615kVWwPE9w5gnGX4i1As5q1gX14TUpaEeMgK36qHCduhu5vXDuq5vzJxl%26id%3D100005819407906&#038;show_text=false&#038;width=500\" width=\"500\" height=\"498\" style=\"border:none;overflow:hidden\" scrolling=\"no\" frameborder=\"0\" allowfullscreen=\"true\" allow=\"autoplay; clipboard-write; encrypted-media; picture-in-picture; web-share\" 0=\"\/iframe\" class=\"iframe-class\"><\/iframe>\n<\/div>\n<\/div>\n<div dir=\"auto\">\n<div class=\"\" dir=\"auto\">\n<div id=\":r57d:\" class=\"x1iorvi4 x1pi30zi x1l90r2v x1swvt13\" data-ad-comet-preview=\"message\" data-ad-preview=\"message\">\n<div class=\"x78zum5 xdt5ytf xz62fqu x16ldp7u\">\n<div class=\"xu06os2 x1ok221b\">\n<div class=\"xdj266r x11i5rnm xat24cr x1mh8g0r x1vvkbs x126k92a\">\n<div dir=\"auto\">OVIEDO. Cosas que pasaron en la capital.<\/div>\n<div dir=\"auto\">En el peque\u00f1o Oviedo del siglo Xlll, una ciudad comercial rodeada por una muralla, ocurri\u00f3 otra cosa terrible. Los panaderos poblaban el casco viejo de la ciudad donde coc\u00edan el pan. Y fue en un horno donde se inici\u00f3 el gran incendio que destruy\u00f3 el Oviedo medieval.<\/div>\n<\/div>\n<\/div>\n<\/div>\n<\/div>\n<\/div>\n<\/div>\n<div dir=\"auto\"><\/div>\n<div dir=\"auto\">\n<!-- iframe plugin v.6.0 wordpress.org\/plugins\/iframe\/ -->\n<iframe loading=\"lazy\" src=\"https:\/\/www.facebook.com\/plugins\/post.php?href=https%3A%2F%2Fwww.facebook.com%2Fpermalink.php%3Fstory_fbid%3Dpfbid0URqeCuMZEd7r6ZCpSN92GYGJYGRpHszgjJw4jc4YDUgNjLgf5wADMmb2upNWypndl%26id%3D100005819407906&#038;show_text=false&#038;width=500\" width=\"500\" height=\"497\" style=\"border:none;overflow:hidden\" scrolling=\"no\" frameborder=\"0\" allowfullscreen=\"true\" allow=\"autoplay; clipboard-write; encrypted-media; picture-in-picture; web-share\" 0=\"\/iframe\" class=\"iframe-class\"><\/iframe>\n<\/div>\n<div dir=\"auto\"><\/div>\n<div dir=\"auto\">\n<div class=\"\" dir=\"auto\">\n<div id=\":r57d:\" class=\"x1iorvi4 x1pi30zi x1l90r2v x1swvt13\" data-ad-comet-preview=\"message\" data-ad-preview=\"message\">\n<div class=\"x78zum5 xdt5ytf xz62fqu x16ldp7u\">\n<div dir=\"auto\">\n<div class=\"\" dir=\"auto\">\n<div id=\":r5ao:\" class=\"x1iorvi4 x1pi30zi x1l90r2v x1swvt13\" data-ad-comet-preview=\"message\" data-ad-preview=\"message\">\n<div class=\"x78zum5 xdt5ytf xz62fqu x16ldp7u\">\n<div class=\"xu06os2 x1ok221b\">\n<div class=\"xdj266r x11i5rnm xat24cr x1mh8g0r x1vvkbs x126k92a\">\n<div dir=\"auto\">OVIEDO. Cosas que pasaron en la capital. Que lo sepas.<\/div>\n<\/div>\n<div class=\"x11i5rnm xat24cr x1mh8g0r x1vvkbs xtlvy1s x126k92a\">\n<div dir=\"auto\">El 13 de diciembre de 1575, hubo en Oviedo una tormenta tremenda, con rayos y truenos toda la tarde. A las seis de la tarde m\u00e1s o menos un rayo destroz\u00f3 el remate y campanario de la Catedral, la cruz de bronce y las bolas grandes de la torre, quemando adem\u00e1s las vigas que sosten\u00edan las campanas.<\/div>\n<\/div>\n<\/div>\n<\/div>\n<\/div>\n<\/div>\n<\/div>\n<div dir=\"auto\"><\/div>\n<\/div>\n<\/div>\n<\/div>\n<\/div>\n","protected":false},"excerpt":{"rendered":"<p>Autor: Adolfo Garc\u00eda \/ &nbsp; El palaciu real d&#8217;Alfonso lll foi convert\u00edu nel hospital de San Juan por des\u00e9u d&#8217;Alfonso Vl, devotu de les reliquies del Salvador. L&#8217;hospital sofitose coles llimosnes y donaciones y la so principal norma yera la d&#8217;atender a los pelegrinos del Cam\u00edn de Santiago. Recib\u00edase-yos con una llavadura de pies, d\u00e1base-yos [&hellip;]<\/p>\n","protected":false},"author":117,"featured_media":0,"parent":21174,"menu_order":0,"comment_status":"closed","ping_status":"closed","template":"","meta":{"footnotes":""},"class_list":["post-21176","page","type-page","status-publish","hentry"],"_links":{"self":[{"href":"https:\/\/edublog.educastur.es\/ixuxu\/wp-json\/wp\/v2\/pages\/21176","targetHints":{"allow":["GET"]}}],"collection":[{"href":"https:\/\/edublog.educastur.es\/ixuxu\/wp-json\/wp\/v2\/pages"}],"about":[{"href":"https:\/\/edublog.educastur.es\/ixuxu\/wp-json\/wp\/v2\/types\/page"}],"author":[{"embeddable":true,"href":"https:\/\/edublog.educastur.es\/ixuxu\/wp-json\/wp\/v2\/users\/117"}],"replies":[{"embeddable":true,"href":"https:\/\/edublog.educastur.es\/ixuxu\/wp-json\/wp\/v2\/comments?post=21176"}],"version-history":[{"count":11,"href":"https:\/\/edublog.educastur.es\/ixuxu\/wp-json\/wp\/v2\/pages\/21176\/revisions"}],"predecessor-version":[{"id":21178,"href":"https:\/\/edublog.educastur.es\/ixuxu\/wp-json\/wp\/v2\/pages\/21176\/revisions\/21178"}],"up":[{"embeddable":true,"href":"https:\/\/edublog.educastur.es\/ixuxu\/wp-json\/wp\/v2\/pages\/21174"}],"wp:attachment":[{"href":"https:\/\/edublog.educastur.es\/ixuxu\/wp-json\/wp\/v2\/media?parent=21176"}],"curies":[{"name":"wp","href":"https:\/\/api.w.org\/{rel}","templated":true}]}}