{"id":217,"date":"2020-08-10T11:00:21","date_gmt":"2020-08-10T11:00:21","guid":{"rendered":"https:\/\/edublog.educastur.es\/ixuxu\/?page_id=217"},"modified":"2020-08-10T11:08:49","modified_gmt":"2020-08-10T11:08:49","slug":"poesia","status":"publish","type":"page","link":"https:\/\/edublog.educastur.es\/ixuxu\/poesia-2\/poesia\/","title":{"rendered":"Asturias Capital Mundial de la Poes\u00eda"},"content":{"rendered":"<p><img loading=\"lazy\" decoding=\"async\" class=\"alignnone \" src=\"https:\/\/imgbox.es\/images\/2020\/04\/04\/poesia202f363307a5783f.jpg\" width=\"448\" height=\"129\" \/><\/p>\n<ul>\n<li><strong><span style=\"font-size: 20px\"><em><a href=\"https:\/\/asturiascapitalmundialdelapoesia.com\/\" target=\"_blank\" rel=\"noopener noreferrer\">WEB OFICIAL<\/a><\/em><\/span><\/strong><\/li>\n<\/ul>\n<p><a href=\"https:\/\/asturiascapitalmundialdelapoesia.com\/\"><img loading=\"lazy\" decoding=\"async\" class=\"alignnone \" src=\"https:\/\/img.europapress.es\/fotoweb\/fotonoticia_20200221110041_640.jpg\" width=\"558\" height=\"279\" \/><\/a><\/p>\n<p>Como miembru del club <strong><em><a href=\"https:\/\/asturiascapitalmundialdelapoesia.com\/\" target=\"_blank\" rel=\"noopener noreferrer\">Asturies Capital Mundial de la poes\u00eda<\/a> <\/em><\/strong>aprovecho esta ventana al mundu pa promover\/esparder la poes\u00eda ell\u00ed onde llegue, al igual que faigo na mio clase de Llingua.<u><em> Espero quevos preste.<\/em><\/u><\/p>\n<p><a href=\"https:\/\/imgbox.es\/images\/2020\/03\/31\/carnet_poesiaa79a4792a194d0eb.jpg\" target=\"_blank\" rel=\"noopener noreferrer\"><img loading=\"lazy\" decoding=\"async\" src=\"https:\/\/imgbox.es\/images\/2020\/03\/31\/carnet_poesiaa79a4792a194d0eb.jpg\" width=\"304\" height=\"188\" \/><\/a><\/p>\n<p><a href=\"https:\/\/imgbox.es\/images\/2020\/03\/31\/carnet_poesiaa79a4792a194d0eb.jpg\" target=\"_blank\" rel=\"noopener noreferrer\"><em>Asturies, nel mio coraz\u00f3n;<br \/>\nla mio tierra nidia, alta, brava,<br \/>\nuniversal, humilde y verde.<br \/>\nAsturies, norte y cam\u00edn.<\/em><\/a><\/p>\n<p>&nbsp;<\/p>\n<hr \/>\n<h2><a title=\"Leer Un poema d\u2019aniversariu\" href=\"http:\/\/blog.educastur.es\/ixuxullingua\/2020\/06\/18\/un-poema-daniversariu\/\" rel=\"bookmark\">Un poema d\u2019aniversariu<\/a><\/h2>\n<p><small class=\"date\"> <span class=\"date_day\">18<\/span> <span class=\"date_month\">06<\/span> <span class=\"date_year\">2020<\/span> <\/small><\/p>\n<div class=\"entry\">\n<p><a href=\"https:\/\/www.facebook.com\/paul.sailor.18\/posts\/10223671104633574?__cft__[0]=AZX1zKR3VUjxcRTE06vzin455-gm6Os2wB9Bz4H3a-7gG-clEd3JieMLmwTmYHNmnEsWCAK5SmbKgYWFqxH08IjHt4kC7HLeBFyTAbNJgYgEJhp1szwc_weirEAHy1Suyc4&amp;__tn__=%2CO%2CP-R\">Autor:<em> Pablo Ant\u00f3n Mar\u00edn Estrada<\/em><br \/>\n<\/a><\/p>\n<p><strong><span style=\"color: #0000ff\"><em>SAN ANTOL\u00cdN DE BE\u00d3N, A\u00d1U 54<\/em><\/span><\/strong><\/p>\n<p><span style=\"color: #0000ff\"><em>En San Antol\u00edn de Be\u00f3n<\/em><\/span><\/p>\n<p><span style=\"color: #0000ff\"><em>el mar texe y destexe la vida,<\/em><\/span><\/p>\n<p><span style=\"color: #0000ff\"><em>l\u2019aire afueya los a\u00f1os <\/em><\/span><\/p>\n<p><span style=\"color: #0000ff\"><em>como les p\u00e1xines repet\u00edes<\/em><\/span><\/p>\n<p><span style=\"color: #0000ff\"><em>d\u2019un llibru, espelurcia les guedeyes<\/em><\/span><\/p>\n<p><span style=\"color: #0000ff\"><em>moyaes de los surfistes, apila<\/em><\/span><\/p>\n<p><span style=\"color: #0000ff\"><em>arena y refugaya ente los regodones,<\/em><\/span><\/p>\n<p><span style=\"color: #0000ff\"><em>pasa como el mesmu tiempu.<\/em><\/span><\/p>\n<p><span style=\"color: #0000ff\"><em>Equ\u00ed sentaba de nenu<\/em><\/span><\/p>\n<p><span style=\"color: #0000ff\"><em>a pensar c\u00f3mo ser\u00eda\u2019l mundu <\/em><\/span><\/p>\n<p><span style=\"color: #0000ff\"><em>nel a\u00f1u dos mil, c\u00f3mo ser\u00eda<\/em><\/span><\/p>\n<p><span style=\"color: #0000ff\"><em>yo cuando tuviere<\/em><\/span><\/p>\n<p><span style=\"color: #0000ff\"><em>el mesmu tiempu que mio padre.<\/em><\/span><\/p>\n<p><span style=\"color: #0000ff\"><em>La \u00faltima tarde alcord\u00f3se <\/em><\/span><\/p>\n<p><span style=\"color: #0000ff\"><em>d\u2019aquel branu equ\u00ed, una<\/em><\/span><\/p>\n<p><span style=\"color: #0000ff\"><em>an\u00e9cdota casual emburri\u00f3nos<\/em><\/span><\/p>\n<p><span style=\"color: #0000ff\"><em>a volver a rinos cola nueche<\/em><\/span><\/p>\n<p><span style=\"color: #0000ff\"><em>acusbiando na ventana.<\/em><\/span><\/p>\n<p><span style=\"color: #0000ff\"><em>Y remembr\u00e9 que la muerte<\/em><\/span><\/p>\n<p><span style=\"color: #0000ff\"><em>nun destercia l\u2019humor.<\/em><\/span><\/p>\n<p><span style=\"color: #0000ff\"><em>Deprend\u00edmoslo cuando llev\u00f3<\/em><\/span><\/p>\n<p><span style=\"color: #0000ff\"><em>a aquel paisanu mar alantre,<\/em><\/span><\/p>\n<p><span style=\"color: #0000ff\"><em>un turista andaluz que nel bar<\/em><\/span><\/p>\n<p><span style=\"color: #0000ff\"><em>de la playa nun callaba: <\/em><\/span><\/p>\n<p><span style=\"color: #0000ff\"><em>\u201cA m\u00ed lo que me guhta en el agua, <\/em><\/span><\/p>\n<p><span style=\"color: #0000ff\"><em>\u00e9 haserme el fiambre\u201d.<\/em><\/span><\/p>\n<p><span style=\"color: #0000ff\"><em>Pero a estes hores los humoristes<\/em><\/span><\/p>\n<p><span style=\"color: #0000ff\"><em>t\u00e1n echando un pigazu, <\/em><\/span><\/p>\n<p><span style=\"color: #0000ff\"><em>nada del dolor del mundu<\/em><\/span><\/p>\n<p><span style=\"color: #0000ff\"><em>llega hasta esta oriella,<\/em><\/span><\/p>\n<p><span style=\"color: #0000ff\"><em>les foles ruempen manses,<\/em><\/span><\/p>\n<p><span style=\"color: #0000ff\"><em>el gran dinosauriu reposa<\/em><\/span><\/p>\n<p><span style=\"color: #0000ff\"><em>la cabeza nel pedreru<\/em><\/span><\/p>\n<p><span style=\"color: #0000ff\"><em>de la Punta Pesta\u00f1a, un home<\/em><\/span><\/p>\n<p><span style=\"color: #0000ff\"><em>vuela en parapente, ella<\/em><\/span><\/p>\n<p><span style=\"color: #0000ff\"><em>ta grab\u00e1ndome col m\u00f3vil:<\/em><\/span><\/p>\n<p><span style=\"color: #0000ff\"><em>\u201cQuiero que veas <\/em><\/span><\/p>\n<p><span style=\"color: #0000ff\"><em>la cara de la felicid\u00e1\u201d.<\/em><\/span><\/p>\n<p><span style=\"color: #0000ff\"><em>V\u00e9ola agora, la sorrisa boba<\/em><\/span><\/p>\n<p><span style=\"color: #0000ff\"><em>del nenu que mira estupefactu<\/em><\/span><\/p>\n<p><span style=\"color: #0000ff\"><em>c\u00f3mo el mar texe y destexe <\/em><\/span><\/p>\n<p><span style=\"color: #0000ff\"><em>la vida, c\u00f3mo se pasa la vida<\/em><\/span><\/p>\n<p><span style=\"color: #0000ff\"><em>tan callando.<\/em><\/span><\/p>\n<hr \/>\n<h2><a title=\"Leer Un poema in\u00e9ditu\" href=\"http:\/\/blog.educastur.es\/ixuxullingua\/2020\/06\/18\/un-poema-ineditu\/\" rel=\"bookmark\">Un poema in\u00e9ditu<\/a><\/h2>\n<div class=\"entry\">\n<p><span style=\"color: #808080\"><em>\u2018El camino era incierto,<br \/>\n<\/em><\/span><span style=\"color: #808080\"><em>so\u00f1\u00e1bamos con bellos precipicios<br \/>\n<\/em><\/span><span style=\"color: #808080\"><em>donde arrojar lo que de amargo pudiera acompa\u00f1arnos\u2019.<\/em><\/span><\/p>\n<p><span style=\"color: #808080\"><em> Alberto Vega<\/em><\/span><\/p>\n<p>Autor: <a href=\"https:\/\/www.facebook.com\/paul.sailor.18?__cft__[0]=AZVKTQx_oakkRSKuAr3QrvN5JuqUlHjc-1_xwj5MHgILsFt9wS6bsSbIyRHLwoovRK5QhGidK_IpiTleDe3TDqmaIJgy65ORfLsou9fg3HurQrQiRhQiLJc06vwCVzfrJlw&amp;__tn__=-UC%2CP-R\" target=\"_blank\" rel=\"noopener noreferrer\">Pablo Ant\u00f3n Mar\u00edn Estrada<\/a><\/p>\n<p><span style=\"color: #0000ff\"><strong><em>CHANGING OF THE GUARDS<\/em><\/strong><\/span><\/p>\n<p><span style=\"color: #0000ff\"><em>Patti Smith canta <\/em><\/span><\/p>\n<p><span style=\"color: #0000ff\"><em>Changing of the Guards<\/em><\/span><\/p>\n<p><span style=\"color: #0000ff\"><em>nel anfiteatru romanu<\/em><\/span><\/p>\n<p><span style=\"color: #0000ff\"><em>de Cagliari: Sixteen years,<\/em><\/span><\/p>\n<p><span style=\"color: #0000ff\"><em>sixteen banners <\/em><\/span><\/p>\n<p><span style=\"color: #0000ff\"><em>united over the field.<\/em><\/span><\/p>\n<p><span style=\"color: #0000ff\"><em>La nueche de branu<\/em><\/span><\/p>\n<p><span style=\"color: #0000ff\"><em>ensucha los llabios <\/em><\/span><\/p>\n<p><span style=\"color: #0000ff\"><em>pero l\u2019aire trai arumes d\u2019olivera,<\/em><\/span><\/p>\n<p><span style=\"color: #0000ff\"><em>revuelve\u2019l pelo, llega<\/em><\/span><\/p>\n<p><span style=\"color: #0000ff\"><em>hasta la to ventana abierta<\/em><\/span><\/p>\n<p><span style=\"color: #0000ff\"><em>venti a\u00f1os despu\u00e9s nuna ciud\u00e1<\/em><\/span><\/p>\n<p><span style=\"color: #0000ff\"><em>distinta, nuna vida<\/em><\/span><\/p>\n<p><span style=\"color: #0000ff\"><em>na que tami\u00e9n tu yes otru.<\/em><\/span><\/p>\n<p><span style=\"color: #0000ff\"><em>Desperate men,<\/em><\/span><\/p>\n<p><span style=\"color: #0000ff\"><em>desperate women divided,<\/em><\/span><\/p>\n<p><span style=\"color: #0000ff\"><em>spreading their wings <\/em><\/span><\/p>\n<p><span style=\"color: #0000ff\"><em>\u2018neath the falling leaves.<\/em><\/span><\/p>\n<p><span style=\"color: #0000ff\"><em>La brisa escampla-y la guedeya<\/em><\/span><\/p>\n<p><span style=\"color: #0000ff\"><em>canoxa. Fortune calls. Mu\u00e9vese<\/em><\/span><\/p>\n<p><span style=\"color: #0000ff\"><em>\u00e9nte\u2019l micr\u00f3fonu<\/em><\/span><\/p>\n<p><span style=\"color: #0000ff\"><em>como una adolescente <\/em><\/span><\/p>\n<p><span style=\"color: #0000ff\"><em>She\u2019s smelling sweet<\/em><\/span><\/p>\n<p><span style=\"color: #0000ff\"><em>like the meadows where she was born.<\/em><\/span><\/p>\n<p><span style=\"color: #0000ff\"><em>El cam\u00edn pasaba <\/em><\/span><\/p>\n<p><span style=\"color: #0000ff\"><em>detr\u00e1s del turrux\u00f3n,<\/em><\/span><\/p>\n<p><span style=\"color: #0000ff\"><em>perd\u00edase ente los felechos y diba dar<\/em><\/span><\/p>\n<p><span style=\"color: #0000ff\"><em>a un prau onde medraba bravu<\/em><\/span><\/p>\n<p><span style=\"color: #0000ff\"><em>el tr\u00e9bole. Alcu\u00e9rdeste bien,<\/em><\/span><\/p>\n<p><span style=\"color: #0000ff\"><em>les tos memories yeren <\/em><\/span><\/p>\n<p><span style=\"color: #0000ff\"><em>les d\u2019ellos.<\/em><\/span><\/p>\n<p><span style=\"color: #0000ff\"><em>Dylan, Patti, llegaben per aquel caminucu,<\/em><\/span><\/p>\n<p><span style=\"color: #0000ff\"><em>aparec\u00eden cuando los otros<\/em><\/span><\/p>\n<p><span style=\"color: #0000ff\"><em>-Biriqui, Miguel\u00edn, Marimar-<\/em><\/span><\/p>\n<p><span style=\"color: #0000ff\"><em>ya marcharan <\/em><\/span><\/p>\n<p><span style=\"color: #0000ff\"><em>-y tu pid\u00edes-y a la lluna<\/em><\/span><\/p>\n<p><span style=\"color: #0000ff\"><em>que quedare un poco m\u00e1s ende<\/em><\/span><\/p>\n<p><span style=\"color: #0000ff\"><em>allumando ente los filachos de nubes<\/em><\/span><\/p>\n<p><span style=\"color: #0000ff\"><em>y que la nueche, el vino,<\/em><\/span><\/p>\n<p><span style=\"color: #0000ff\"><em>les manes d\u2019ella <\/em><\/span><\/p>\n<p><span style=\"color: #0000ff\"><em>avagaran como un r\u00edu ensin fin.<\/em><\/span><\/p>\n<p><span style=\"color: #0000ff\"><em>Llegaben con una guitarra<\/em><\/span><\/p>\n<p><span style=\"color: #0000ff\"><em>y flores de Ketama.<\/em><\/span><\/p>\n<p><span style=\"color: #0000ff\"><em>El cam\u00edn yera inciertu,<\/em><\/span><\/p>\n<p><span style=\"color: #0000ff\"><em>sua\u00f1\u00e1bamos con precipicios guapos<\/em><\/span><\/p>\n<p><span style=\"color: #0000ff\"><em>onde aventar tolo amargo que<\/em><\/span><\/p>\n<p><span style=\"color: #0000ff\"><em>llev\u00e1ramos de la mano. <\/em><\/span><\/p>\n<p><span style=\"color: #0000ff\"><em>Escribi\u00f3lo Alberto. \u00c9l tami\u00e9n<\/em><\/span><\/p>\n<p><span style=\"color: #0000ff\"><em>vien esta nueche <\/em><\/span><\/p>\n<p><span style=\"color: #0000ff\"><em>col arume d\u2019olivera, <\/em><\/span><\/p>\n<p><span style=\"color: #0000ff\"><em>agora que la vida,<\/em><\/span><\/p>\n<p><span style=\"color: #0000ff\"><em>los caminos qu\u2019andaste nella,<\/em><\/span><\/p>\n<p><span style=\"color: #0000ff\"><em>les vueltes que dar\u00e1,<\/em><\/span><\/p>\n<p><span style=\"color: #0000ff\"><em>nun pesen,<\/em><\/span><\/p>\n<p><span style=\"color: #0000ff\"><em>ll\u00e9valo too<\/em><\/span><\/p>\n<p><span style=\"color: #0000ff\"><em>esti aire raru que tira <\/em><\/span><\/p>\n<p><span style=\"color: #0000ff\"><em>\u2013pa naide-<\/em><\/span><\/p>\n<p><span style=\"color: #0000ff\"><em>nun cantar atop\u00e1u en youtube.<\/em><\/span><\/p>\n<hr \/>\n<p>&nbsp;<\/p>\n<\/div>\n<\/div>\n","protected":false},"excerpt":{"rendered":"<p>WEB OFICIAL Como miembru del club Asturies Capital Mundial de la poes\u00eda aprovecho esta ventana al mundu pa promover\/esparder la poes\u00eda ell\u00ed onde llegue, al igual que faigo na mio clase de Llingua. Espero quevos preste. Asturies, nel mio coraz\u00f3n; la mio tierra nidia, alta, brava, universal, humilde y verde. Asturies, norte y cam\u00edn. &nbsp; [&hellip;]<\/p>\n","protected":false},"author":117,"featured_media":0,"parent":221,"menu_order":0,"comment_status":"closed","ping_status":"closed","template":"","meta":{"footnotes":""},"class_list":["post-217","page","type-page","status-publish","hentry"],"_links":{"self":[{"href":"https:\/\/edublog.educastur.es\/ixuxu\/wp-json\/wp\/v2\/pages\/217","targetHints":{"allow":["GET"]}}],"collection":[{"href":"https:\/\/edublog.educastur.es\/ixuxu\/wp-json\/wp\/v2\/pages"}],"about":[{"href":"https:\/\/edublog.educastur.es\/ixuxu\/wp-json\/wp\/v2\/types\/page"}],"author":[{"embeddable":true,"href":"https:\/\/edublog.educastur.es\/ixuxu\/wp-json\/wp\/v2\/users\/117"}],"replies":[{"embeddable":true,"href":"https:\/\/edublog.educastur.es\/ixuxu\/wp-json\/wp\/v2\/comments?post=217"}],"version-history":[{"count":5,"href":"https:\/\/edublog.educastur.es\/ixuxu\/wp-json\/wp\/v2\/pages\/217\/revisions"}],"predecessor-version":[{"id":224,"href":"https:\/\/edublog.educastur.es\/ixuxu\/wp-json\/wp\/v2\/pages\/217\/revisions\/224"}],"up":[{"embeddable":true,"href":"https:\/\/edublog.educastur.es\/ixuxu\/wp-json\/wp\/v2\/pages\/221"}],"wp:attachment":[{"href":"https:\/\/edublog.educastur.es\/ixuxu\/wp-json\/wp\/v2\/media?parent=217"}],"curies":[{"name":"wp","href":"https:\/\/api.w.org\/{rel}","templated":true}]}}